{"id":2328,"date":"2020-12-12T02:25:11","date_gmt":"2020-12-12T02:25:11","guid":{"rendered":"https:\/\/www.feyalegria.org\/argentina\/?page_id=2328"},"modified":"2025-10-28T23:29:25","modified_gmt":"2025-10-28T23:29:25","slug":"noticias","status":"publish","type":"page","link":"https:\/\/www.feyalegria.org\/argentina\/noticias\/","title":{"rendered":"Noticias"},"content":{"rendered":"<div class=\"wpb-content-wrapper\" id=\"wpb-content-root\"><p>[vc_row content_placement=&#8221;top&#8221; disable_element=&#8221;yes&#8221;][vc_column offset=&#8221;vc_hidden-md vc_hidden-sm vc_hidden-xs&#8221;][vc_tta_tabs style=&#8221;modern&#8221; spacing=&#8221;2&#8243; gap=&#8221;3&#8243; active_section=&#8221;1&#8243;][vc_tta_section title=&#8221;Lo actual&#8221; tab_id=&#8221;1593979817584-8ca41d01-a3cc&#8221;][vc_row_inner css=&#8221;.vc_custom_1607823863880{margin-top: 40px !important;margin-right: 40px !important;margin-left: 40px !important;}&#8221;][vc_column_inner width=&#8221;2\/3&#8243;][vc_masonry_grid post_type=&#8221;post&#8221; max_items=&#8221;8&#8243; style=&#8221;load-more&#8221; items_per_page=&#8221;5&#8243; show_filter=&#8221;yes&#8221; item=&#8221;masonryGrid_SlideFromLeft&#8221; css=&#8221;.vc_custom_1608154654379{padding-right: 20px !important;padding-bottom: 20px !important;padding-left: 20px !important;}&#8221; btn_title=&#8221;Ver m\u00e1s&#8230;&#8221; btn_style=&#8221;outline-custom&#8221; btn_outline_custom_color=&#8221;#727176&#8243; btn_outline_custom_hover_background=&#8221;#aa0f16&#8243; btn_outline_custom_hover_text=&#8221;#ffffff&#8221; btn_size=&#8221;sm&#8221; btn_align=&#8221;center&#8221; grid_id=&#8221;vc_gid:1761693524071-d49dd2bf-055e-6&#8243; taxonomies=&#8221;183&#8243; filter_source=&#8221;category&#8221;][\/vc_column_inner][vc_column_inner width=&#8221;1\/3&#8243; css=&#8221;.vc_custom_1607822007232{background-color: #e3e3e3 !important;}&#8221;][vc_widget_sidebar sidebar_id=&#8221;nicdark_sidebar&#8221;][\/vc_column_inner][\/vc_row_inner][\/vc_tta_section][vc_tta_section title=&#8221;Participaci\u00f3n en Radio&#8221; tab_id=&#8221;1596256719265-1b930e3a-61b1&#8243;][vc_row_inner css=&#8221;.vc_custom_1607823835527{margin-top: 40px !important;margin-right: 40px !important;margin-left: 40px !important;}&#8221;][vc_column_inner width=&#8221;1\/4&#8243;][vc_single_image image=&#8221;2377&#8243; img_size=&#8221;full&#8221; alignment=&#8221;center&#8221;][\/vc_column_inner][vc_column_inner width=&#8221;3\/4&#8243; alignment=&#8221;center&#8221;][vc_empty_space][vc_column_text]<\/p>\n<h4 style=\"text-align: center;\"><span style=\"color: #3a3a3a;\">La inspiradora historia de Candela<\/span><\/h4>\n<p>[\/vc_column_text][vc_column_text]<\/p>\n<p align=\"justify\">Candela es una j\u00f3ven llena de sue\u00f1os, tiene 18 a\u00f1os y la pandemia no la detiene, acompa\u00f1ada de la Fe y la Aelegr\u00eda sigue adelante en su prop\u00f3sito de ser psicologa&#8230;<\/p>\n<p>[\/vc_column_text]<a href=\"https:\/\/www.radiosudamericana.com\/nota\/234538_tiene_par%C3%A1lisis_cerebral_sigui%C3%B3_estudiando_y_quiere_ser_nota.htm\" target=\"_blank\" title=\"Escuch\u00e1 Aqu\u00ed \"  data-id=\"mpc_button-596a95320ff2920\" class=\"mpc-button mpc-init mpc-transition mpc-typography--default \" ><div class=\"mpc-button__content mpc-effect-type--stay mpc-effect-side--right\"><span class=\"mpc-button__title mpc-transition\">Escuch\u00e1 aqu\u00ed<\/span><i class=\"mpc-button__icon mpc-transition  eti eti_headphones\"><\/i><\/div><div class=\"mpc-button__background mpc-transition mpc-effect-type--fade mpc-effect-side--in\"><\/div><\/a>[\/vc_column_inner][\/vc_row_inner][\/vc_tta_section][vc_tta_section title=&#8221;Televisi\u00f3n&#8221; tab_id=&#8221;1607824121649-b1934712-32eb&#8221;][vc_row_inner css=&#8221;.vc_custom_1607823835527{margin-top: 40px !important;margin-right: 40px !important;margin-left: 40px !important;}&#8221;][vc_column_inner width=&#8221;1\/4&#8243;][vc_single_image image=&#8221;2378&#8243; img_size=&#8221;full&#8221; alignment=&#8221;center&#8221;][\/vc_column_inner][vc_column_inner width=&#8221;3\/4&#8243; alignment=&#8221;center&#8221;][vc_empty_space][vc_column_text]<\/p>\n<h4 style=\"text-align: center;\"><span style=\"color: #3a3a3a;\">Entrevista: Profesor Oscar Ayala en Canal 5<\/span><\/h4>\n<p>[\/vc_column_text][vc_column_text]<\/p>\n<p align=\"justify\">El profe Ayala nos cuenta su experiencia de como en medio de la pandemia acompan\u00f3 y anim\u00f3 el proceso de estudio de Candela en las acciones de inclusi\u00f3n.<\/p>\n<p>[\/vc_column_text]<a href=\"https:\/\/www.radiosudamericana.com\/nota\/234538_tiene_par%C3%A1lisis_cerebral_sigui%C3%B3_estudiando_y_quiere_ser_nota.htm\" target=\"_blank\" title=\"Conecta Aqu\u00ed\"  data-id=\"mpc_button-546a95320ff2a12\" class=\"mpc-button mpc-init mpc-transition mpc-typography--default \" ><div class=\"mpc-button__content mpc-effect-type--stay mpc-effect-side--right\"><span class=\"mpc-button__title mpc-transition\">Conecta aqu\u00ed<\/span><i class=\"mpc-button__icon mpc-transition  eti eti_desktop\"><\/i><\/div><div class=\"mpc-button__background mpc-transition mpc-effect-type--fade mpc-effect-side--in\"><\/div><\/a>[\/vc_column_inner][\/vc_row_inner][\/vc_tta_section][vc_tta_section title=&#8221;Medios Gr\u00e1ficos&#8221; tab_id=&#8221;1594050094910-e3ef1762-e72a&#8221;][vc_row_inner content_placement=&#8221;top&#8221; css=&#8221;.vc_custom_1607829060506{margin-top: 40px !important;margin-right: 40px !important;margin-left: 40px !important;}&#8221;][vc_column_inner width=&#8221;1\/4&#8243; alignment=&#8221;center&#8221;][vc_empty_space][vc_column_text]<\/p>\n<h4 style=\"text-align: center;\"><span style=\"color: #3a3a3a;\">Norte de Corrientes<\/span><\/h4>\n<p>[\/vc_column_text][vc_single_image image=&#8221;2381&#8243; img_size=&#8221;full&#8221; alignment=&#8221;center&#8221; style=&#8221;vc_box_rounded&#8221; css=&#8221;.vc_custom_1616037177938{margin-top: -10px !important;}&#8221;][vc_column_text]<\/p>\n<p align=\"center\"><strong>26 de Julio de 2020<\/strong><\/p>\n<p>[\/vc_column_text]<a href=\"https:\/\/www.nortecorrientes.com\/161087-mi-sueno-es-estudiar-psicologia-para-ayudar-a-otras-personas-como-yo%C2%A0\" target=\"_blank\" title=\"Leer\"  data-id=\"mpc_button-576a95320ff2ada\" class=\"mpc-button mpc-init mpc-transition mpc-typography--default mpc-display--block \" ><div class=\"mpc-button__content mpc-effect-type--stay mpc-effect-side--right\"><span class=\"mpc-button__title mpc-transition\">Leer<\/span><i class=\"mpc-button__icon mpc-transition  mi mi-local_library\"><\/i><\/div><div class=\"mpc-button__background mpc-transition mpc-effect-type--fade mpc-effect-side--in\"><\/div><\/a>[\/vc_column_inner][vc_column_inner width=&#8221;1\/4&#8243; alignment=&#8221;center&#8221;][vc_empty_space][vc_column_text]<\/p>\n<h4 style=\"text-align: center;\"><span style=\"color: #3a3a3a;\">La Naci\u00f3n<\/span><\/h4>\n<p>[\/vc_column_text][vc_single_image image=&#8221;2383&#8243; img_size=&#8221;full&#8221; alignment=&#8221;center&#8221; style=&#8221;vc_box_rounded&#8221; css=&#8221;.vc_custom_1616037189882{margin-top: -10px !important;}&#8221;][vc_column_text]<\/p>\n<p align=\"center\"><strong>22 de Julio de 2020<\/strong><\/p>\n<p>[\/vc_column_text]<a href=\"https:\/\/www.lanacion.com.ar\/comunidad\/tiene-paralisis-cerebral-cuarentena-no-freno-sus-nid2401575\/\" target=\"_blank\" title=\"Leer\"  data-id=\"mpc_button-396a95320ff2bad\" class=\"mpc-button mpc-init mpc-transition mpc-typography--default mpc-display--block \" ><div class=\"mpc-button__content mpc-effect-type--stay mpc-effect-side--right\"><span class=\"mpc-button__title mpc-transition\">Leer<\/span><i class=\"mpc-button__icon mpc-transition  mi mi-local_library\"><\/i><\/div><div class=\"mpc-button__background mpc-transition mpc-effect-type--fade mpc-effect-side--in\"><\/div><\/a>[\/vc_column_inner][vc_column_inner width=&#8221;1\/4&#8243; alignment=&#8221;center&#8221;][vc_empty_space][vc_column_text]<\/p>\n<h4 style=\"text-align: center;\"><span style=\"color: #3a3a3a;\">La Naci\u00f3n<\/span><\/h4>\n<p>[\/vc_column_text][vc_single_image image=&#8221;2384&#8243; img_size=&#8221;full&#8221; alignment=&#8221;center&#8221; style=&#8221;vc_box_rounded&#8221; css=&#8221;.vc_custom_1616037202205{margin-top: -10px !important;}&#8221;][vc_column_text]<\/p>\n<p align=\"center\"><strong>29 de Mayo de 2020<\/strong><\/p>\n<p>[\/vc_column_text]<a href=\"https:\/\/www.lanacion.com.ar\/comunidad\/tiene-7-anos-vive-chaco-mando-audio-nid2370887\/\" target=\"_blank\" title=\"Leer\"  data-id=\"mpc_button-466a95320ff2c65\" class=\"mpc-button mpc-init mpc-transition mpc-typography--default mpc-display--block \" ><div class=\"mpc-button__content mpc-effect-type--stay mpc-effect-side--right\"><span class=\"mpc-button__title mpc-transition\">Leer<\/span><i class=\"mpc-button__icon mpc-transition  mi mi-local_library\"><\/i><\/div><div class=\"mpc-button__background mpc-transition mpc-effect-type--fade mpc-effect-side--in\"><\/div><\/a>[\/vc_column_inner][vc_column_inner width=&#8221;1\/4&#8243; alignment=&#8221;center&#8221;][vc_empty_space][vc_column_text]<\/p>\n<h4 style=\"text-align: center;\"><span style=\"color: #3a3a3a;\">Sembrar Valores<\/span><\/h4>\n<p>[\/vc_column_text][vc_single_image image=&#8221;2382&#8243; img_size=&#8221;full&#8221; alignment=&#8221;center&#8221; style=&#8221;vc_box_rounded&#8221; css=&#8221;.vc_custom_1616037240457{margin-top: -10px !important;}&#8221;][vc_column_text css=&#8221;.vc_custom_1607899966692{margin-top: -15px !important;}&#8221;]<\/p>\n<p align=\"center\"><strong>27 de Mayo de 2020<\/strong><\/p>\n<p>[\/vc_column_text]<a href=\"http:\/\/sembrarvalores.org.ar\/eunice-7-hace-sola-su-tarea\/\" target=\"_blank\" title=\"Leer\"  data-id=\"mpc_button-166a95320ff2d1e\" class=\"mpc-button mpc-init mpc-transition mpc-typography--default mpc-display--block \" ><div class=\"mpc-button__content mpc-effect-type--stay mpc-effect-side--right\"><span class=\"mpc-button__title mpc-transition\">Leer<\/span><i class=\"mpc-button__icon mpc-transition  mi mi-local_library\"><\/i><\/div><div class=\"mpc-button__background mpc-transition mpc-effect-type--fade mpc-effect-side--in\"><\/div><\/a>[\/vc_column_inner][\/vc_row_inner][\/vc_tta_section][\/vc_tta_tabs][\/vc_column][\/vc_row][vc_row content_placement=&#8221;top&#8221; disable_element=&#8221;yes&#8221;][vc_column offset=&#8221;vc_hidden-lg&#8221;][vc_tta_tabs style=&#8221;modern&#8221; spacing=&#8221;2&#8243; gap=&#8221;3&#8243; active_section=&#8221;1&#8243;][vc_tta_section title=&#8221;Lo actual&#8221; tab_id=&#8221;1619321303719-58e263df-667d&#8221;][vc_masonry_grid post_type=&#8221;post&#8221; max_items=&#8221;8&#8243; style=&#8221;load-more&#8221; items_per_page=&#8221;5&#8243; show_filter=&#8221;yes&#8221; item=&#8221;masonryGrid_SlideFromLeft&#8221; btn_title=&#8221;Ver m\u00e1s&#8230;&#8221; btn_style=&#8221;modern&#8221; btn_color=&#8221;default&#8221; btn_size=&#8221;xs&#8221; btn_align=&#8221;center&#8221; grid_id=&#8221;vc_gid:1761693524078-932ca9d0-db96-5&#8243; taxonomies=&#8221;183&#8243; filter_source=&#8221;category&#8221;][vc_widget_sidebar sidebar_id=&#8221;nicdark_sidebar&#8221;][\/vc_tta_section][vc_tta_section title=&#8221;Participaci\u00f3n en Radio&#8221; tab_id=&#8221;1619321304205-33328052-b6d7&#8243;][vc_single_image image=&#8221;2377&#8243; img_size=&#8221;full&#8221; alignment=&#8221;center&#8221;][vc_empty_space][vc_column_text]<\/p>\n<h4 style=\"text-align: center;\"><span style=\"color: #3a3a3a;\">La inspiradora historia de Candela<\/span><\/h4>\n<p>[\/vc_column_text][vc_column_text]<\/p>\n<p align=\"justify\">Candela es una j\u00f3ven llena de sue\u00f1os, tiene 18 a\u00f1os y la pandemia no la detiene, acompa\u00f1ada de la Fe y la Aelegr\u00eda sigue adelante en su prop\u00f3sito de ser psicologa&#8230;<\/p>\n<p>[\/vc_column_text][vc_row_inner][vc_column_inner width=&#8221;1\/3&#8243;][\/vc_column_inner][vc_column_inner width=&#8221;1\/3&#8243;]<a href=\"https:\/\/www.radiosudamericana.com\/nota\/234538_tiene_par%C3%A1lisis_cerebral_sigui%C3%B3_estudiando_y_quiere_ser_nota.htm\" target=\"_blank\" title=\"Escuch\u00e1 Aqu\u00ed \"  data-id=\"mpc_button-876a95320ff2dcb\" class=\"mpc-button mpc-init mpc-transition mpc-typography--default \" ><div class=\"mpc-button__content mpc-effect-type--stay mpc-effect-side--right\"><span class=\"mpc-button__title mpc-transition\">Escuch\u00e1 aqu\u00ed<\/span><i class=\"mpc-button__icon mpc-transition  eti eti_headphones\"><\/i><\/div><div class=\"mpc-button__background mpc-transition mpc-effect-type--fade mpc-effect-side--in\"><\/div><\/a>[\/vc_column_inner][vc_column_inner width=&#8221;1\/3&#8243;][\/vc_column_inner][\/vc_row_inner][\/vc_tta_section][vc_tta_section title=&#8221;Televisi\u00f3n&#8221; tab_id=&#8221;1619321304929-c249d362-d688&#8243;][vc_single_image image=&#8221;2378&#8243; img_size=&#8221;full&#8221; alignment=&#8221;center&#8221;][vc_empty_space][vc_column_text]<\/p>\n<h4 style=\"text-align: center;\"><span style=\"color: #3a3a3a;\">Entrevista: Profesor Oscar Ayala en Canal 5<\/span><\/h4>\n<p>[\/vc_column_text][vc_column_text]<\/p>\n<p align=\"justify\">El profe Ayala nos cuenta su experiencia de como en medio de la pandemia acompan\u00f3 y anim\u00f3 el proceso de estudio de Candela en las acciones de inclusi\u00f3n.<\/p>\n<p>[\/vc_column_text][vc_row_inner][vc_column_inner width=&#8221;1\/3&#8243;][\/vc_column_inner][vc_column_inner width=&#8221;1\/3&#8243;]<a href=\"https:\/\/www.radiosudamericana.com\/nota\/234538_tiene_par%C3%A1lisis_cerebral_sigui%C3%B3_estudiando_y_quiere_ser_nota.htm\" target=\"_blank\" title=\"Conecta Aqu\u00ed\"  data-id=\"mpc_button-556a95320ff2e73\" class=\"mpc-button mpc-init mpc-transition mpc-typography--default \" ><div class=\"mpc-button__content mpc-effect-type--stay mpc-effect-side--right\"><span class=\"mpc-button__title mpc-transition\">Conecta aqu\u00ed<\/span><i class=\"mpc-button__icon mpc-transition  eti eti_desktop\"><\/i><\/div><div class=\"mpc-button__background mpc-transition mpc-effect-type--fade mpc-effect-side--in\"><\/div><\/a>[\/vc_column_inner][vc_column_inner width=&#8221;1\/3&#8243;][\/vc_column_inner][\/vc_row_inner][\/vc_tta_section][vc_tta_section title=&#8221;Medios Gr\u00e1ficos&#8221; tab_id=&#8221;1619321305731-99c3ab6c-d60b&#8221;][vc_row_inner content_placement=&#8221;top&#8221;][vc_column_inner width=&#8221;1\/4&#8243; alignment=&#8221;center&#8221;][vc_empty_space][vc_column_text]<\/p>\n<h4 style=\"text-align: center;\"><span style=\"color: #3a3a3a;\">Norte de Corrientes<\/span><\/h4>\n<p>[\/vc_column_text][vc_single_image image=&#8221;2381&#8243; img_size=&#8221;full&#8221; alignment=&#8221;center&#8221; style=&#8221;vc_box_rounded&#8221; css=&#8221;.vc_custom_1616037177938{margin-top: -10px !important;}&#8221;][vc_column_text]<\/p>\n<p align=\"center\"><strong>26 de Julio de 2020<\/strong><\/p>\n<p>[\/vc_column_text]<a href=\"https:\/\/www.nortecorrientes.com\/161087-mi-sueno-es-estudiar-psicologia-para-ayudar-a-otras-personas-como-yo%C2%A0\" target=\"_blank\" title=\"Leer\"  data-id=\"mpc_button-196a95320ff2f2c\" class=\"mpc-button mpc-init mpc-transition mpc-typography--default mpc-display--block \" ><div class=\"mpc-button__content mpc-effect-type--stay mpc-effect-side--right\"><span class=\"mpc-button__title mpc-transition\">Leer<\/span><i class=\"mpc-button__icon mpc-transition  mi mi-local_library\"><\/i><\/div><div class=\"mpc-button__background mpc-transition mpc-effect-type--fade mpc-effect-side--in\"><\/div><\/a>[\/vc_column_inner][vc_column_inner width=&#8221;1\/4&#8243; alignment=&#8221;center&#8221;][vc_empty_space][vc_column_text]<\/p>\n<h4 style=\"text-align: center;\"><span style=\"color: #3a3a3a;\">La Naci\u00f3n<\/span><\/h4>\n<p>[\/vc_column_text][vc_single_image image=&#8221;2383&#8243; img_size=&#8221;full&#8221; alignment=&#8221;center&#8221; style=&#8221;vc_box_rounded&#8221; css=&#8221;.vc_custom_1616037189882{margin-top: -10px !important;}&#8221;][vc_column_text]<\/p>\n<p align=\"center\"><strong>22 de Julio de 2020<\/strong><\/p>\n<p>[\/vc_column_text]<a href=\"https:\/\/www.lanacion.com.ar\/comunidad\/tiene-paralisis-cerebral-cuarentena-no-freno-sus-nid2401575\/\" target=\"_blank\" title=\"Leer\"  data-id=\"mpc_button-596a95320ff2fe6\" class=\"mpc-button mpc-init mpc-transition mpc-typography--default mpc-display--block \" ><div class=\"mpc-button__content mpc-effect-type--stay mpc-effect-side--right\"><span class=\"mpc-button__title mpc-transition\">Leer<\/span><i class=\"mpc-button__icon mpc-transition  mi mi-local_library\"><\/i><\/div><div class=\"mpc-button__background mpc-transition mpc-effect-type--fade mpc-effect-side--in\"><\/div><\/a>[\/vc_column_inner][vc_column_inner width=&#8221;1\/4&#8243; alignment=&#8221;center&#8221;][vc_empty_space][vc_column_text]<\/p>\n<h4 style=\"text-align: center;\"><span style=\"color: #3a3a3a;\">La Naci\u00f3n<\/span><\/h4>\n<p>[\/vc_column_text][vc_single_image image=&#8221;2384&#8243; img_size=&#8221;full&#8221; alignment=&#8221;center&#8221; style=&#8221;vc_box_rounded&#8221; css=&#8221;.vc_custom_1616037202205{margin-top: -10px !important;}&#8221;][vc_column_text]<\/p>\n<p align=\"center\"><strong>29 de Mayo de 2020<\/strong><\/p>\n<p>[\/vc_column_text]<a href=\"https:\/\/www.lanacion.com.ar\/comunidad\/tiene-7-anos-vive-chaco-mando-audio-nid2370887\/\" target=\"_blank\" title=\"Leer\"  data-id=\"mpc_button-406a95320ff308c\" class=\"mpc-button mpc-init mpc-transition mpc-typography--default mpc-display--block \" ><div class=\"mpc-button__content mpc-effect-type--stay mpc-effect-side--right\"><span class=\"mpc-button__title mpc-transition\">Leer<\/span><i class=\"mpc-button__icon mpc-transition  mi mi-local_library\"><\/i><\/div><div class=\"mpc-button__background mpc-transition mpc-effect-type--fade mpc-effect-side--in\"><\/div><\/a>[\/vc_column_inner][vc_column_inner width=&#8221;1\/4&#8243; alignment=&#8221;center&#8221;][vc_empty_space][vc_column_text]<\/p>\n<h4 style=\"text-align: center;\"><span style=\"color: #3a3a3a;\">Sembrar Valores<\/span><\/h4>\n<p>[\/vc_column_text][vc_single_image image=&#8221;2382&#8243; img_size=&#8221;full&#8221; alignment=&#8221;center&#8221; style=&#8221;vc_box_rounded&#8221; css=&#8221;.vc_custom_1616037240457{margin-top: -10px !important;}&#8221;][vc_column_text css=&#8221;.vc_custom_1607899966692{margin-top: -15px !important;}&#8221;]<\/p>\n<p align=\"center\"><strong>27 de Mayo de 2020<\/strong><\/p>\n<p>[\/vc_column_text]<a href=\"http:\/\/sembrarvalores.org.ar\/eunice-7-hace-sola-su-tarea\/\" target=\"_blank\" title=\"Leer\"  data-id=\"mpc_button-536a95320ff3135\" class=\"mpc-button mpc-init mpc-transition mpc-typography--default mpc-display--block \" ><div class=\"mpc-button__content mpc-effect-type--stay mpc-effect-side--right\"><span class=\"mpc-button__title mpc-transition\">Leer<\/span><i class=\"mpc-button__icon mpc-transition  mi mi-local_library\"><\/i><\/div><div class=\"mpc-button__background mpc-transition mpc-effect-type--fade mpc-effect-side--in\"><\/div><\/a>[\/vc_column_inner][\/vc_row_inner][\/vc_tta_section][\/vc_tta_tabs][\/vc_column][\/vc_row][vc_row][vc_column][vc_column_text css=&#8221;&#8221;]<\/p>\n<h2>Noticias<\/h2>\n<p>[\/vc_column_text][\/vc_column][\/vc_row][vc_row][vc_column]<div id=\"mpc_grid_posts_386a9532100710d\" class=\"mpc-grid-posts mpc-init mpc-init mpc-transition mpc-overlay--fade mpc-item--fade mpc-layout--style_3  \"  data-grid-cols=\"4\"><div class=\"mpc-grid-sizer\"><\/div><div onclick=\"\" class=\"mpc-post\"><div class=\"mpc-post__wrapper\"><div class=\"mpc-post__thumbnail\" data-mpc_src=\"https:\/\/d3pugrm67vf9n7.cloudfront.net\/wp-content\/uploads\/sites\/22\/2026\/08\/24215059\/Boletin-1.png\" data-mpc_link=\"https:\/\/www.feyalegria.org\/argentina\/primer-encuentro-nacional-docente-de-fe-y-alegria-argentina\/\"><div class=\"mpc-post__overlay mpc-transition\"><div class=\"mpc-post--vertical-wrap\"><div class=\"mpc-post--vertical\" data-mpc_link=\"https:\/\/www.feyalegria.org\/argentina\/primer-encuentro-nacional-docente-de-fe-y-alegria-argentina\/\"><a href=\"https:\/\/d3pugrm67vf9n7.cloudfront.net\/wp-content\/uploads\/sites\/22\/2026\/08\/24215059\/Boletin-1.png\" title=\"1\u00b0 Encuentro Nacional Docente: celebramos 30 a\u00f1os de Fe y Alegr\u00eda en Argentina\" class=\"mpc-lightbox mpc-icon-anchor mpc-magnific-popup\"><\/a><a href=\"https:\/\/www.feyalegria.org\/argentina\/primer-encuentro-nacional-docente-de-fe-y-alegria-argentina\/\" title=\"Read more about 1\u00b0 Encuentro Nacional Docente: celebramos 30 a\u00f1os de Fe y Alegr\u00eda en Argentina\" class=\"mpc-icon-anchor\"><\/a><\/div><\/div><\/div><\/div><div class=\"mpc-post__content mpc-transition\"><span class=\"mpc-post__date mpc-date__wrapper mpc-typography--default\"><a href=\"https:\/\/www.feyalegria.org\/argentina\/2026\/08\/25\/\"><div class=\"mpc-date__days\">25<\/div><div class=\"mpc-date__month\">Ago<\/div><\/a><\/span><div class=\"mpc-wrapper\"><h3 class=\"mpc-post__heading mpc-transition mpc-typography--preset_5\"><a href=\"https:\/\/www.feyalegria.org\/argentina\/primer-encuentro-nacional-docente-de-fe-y-alegria-argentina\/\" title=\"1\u00b0 Encuentro Nacional Docente: celebramos 30 a\u00f1os de Fe y Alegr\u00eda en Argentina\">1\u00b0 Encuentro Nacional Docente: celebramos 30 a\u00f1os de Fe y Alegr\u00eda en Argentina<\/a><\/h3><\/div><div class=\"mpc-post__description\">Resistencia, Chaco, ser\u00e1 la sede de un encuentro hist\u00f3rico: el mismo lugar donde se encendi\u00f3 \u201cla chispa\u201d de nuestro movimiento de educaci\u00f3n popular, extendi\u00e9ndose hoy hasta localidades de toda la Argentina.<\/div><a href=\"https:\/\/www.feyalegria.org\/argentina\/primer-encuentro-nacional-docente-de-fe-y-alegria-argentina\/\" title=\"1\u00b0 Encuentro Nacional Docente: celebramos 30 a\u00f1os de Fe y Alegr\u00eda en Argentina\"  class=\"mpc-button mpc-init mpc-transition mpc-typography--preset_5 mpc-display--block \" ><div class=\"mpc-button__content mpc-effect-type--stay mpc-effect-side--right\"><span class=\"mpc-button__title mpc-transition\">Leer m\u00e1s<\/span><i class=\"mpc-button__icon mpc-transition \"><\/i><\/div><div class=\"mpc-button__background mpc-transition mpc-effect-type--fade mpc-effect-side--in\"><\/div><\/a><\/div><\/div><\/div><div onclick=\"\" class=\"mpc-post\"><div class=\"mpc-post__wrapper\"><div class=\"mpc-post__thumbnail\" data-mpc_src=\"https:\/\/d3pugrm67vf9n7.cloudfront.net\/wp-content\/uploads\/sites\/22\/2026\/08\/04235601\/Portadas-de-Arranca-con-fuerza-2025-8-1024x1024.png\" data-mpc_link=\"https:\/\/www.feyalegria.org\/argentina\/san-martin-podcast\/\"><div class=\"mpc-post__overlay mpc-transition\"><div class=\"mpc-post--vertical-wrap\"><div class=\"mpc-post--vertical\" data-mpc_link=\"https:\/\/www.feyalegria.org\/argentina\/san-martin-podcast\/\"><a href=\"https:\/\/d3pugrm67vf9n7.cloudfront.net\/wp-content\/uploads\/sites\/22\/2026\/08\/04235601\/Portadas-de-Arranca-con-fuerza-2025-8.png\" title=\"San Mart\u00edn: un podcast para charlar sobre nuestra identidad\" class=\"mpc-lightbox mpc-icon-anchor mpc-magnific-popup\"><\/a><a href=\"https:\/\/www.feyalegria.org\/argentina\/san-martin-podcast\/\" title=\"Read more about San Mart\u00edn: un podcast para charlar sobre nuestra identidad\" class=\"mpc-icon-anchor\"><\/a><\/div><\/div><\/div><\/div><div class=\"mpc-post__content mpc-transition\"><span class=\"mpc-post__date mpc-date__wrapper mpc-typography--default\"><a href=\"https:\/\/www.feyalegria.org\/argentina\/2026\/08\/04\/\"><div class=\"mpc-date__days\">04<\/div><div class=\"mpc-date__month\">Ago<\/div><\/a><\/span><div class=\"mpc-wrapper\"><h3 class=\"mpc-post__heading mpc-transition mpc-typography--preset_5\"><a href=\"https:\/\/www.feyalegria.org\/argentina\/san-martin-podcast\/\" title=\"San Mart\u00edn: un podcast para charlar sobre nuestra identidad\">San Mart\u00edn: un podcast para charlar sobre nuestra identidad<\/a><\/h3><\/div><div class=\"mpc-post__description\">\u00bfQui\u00e9n soy? \u00bfA qu\u00e9 lugar pertenezco? \u00bfQu\u00e9 es lo que me hace sentir en casa? En TEMAG - Fe y Alegr\u00eda, nuestro CENS de San Mart\u00edn, esas preguntas encontraron un espacio propio para ser dichas, escuchadas y pensadas en comunidad: un micr\u00f3fono, una mesa compartida entre estudiantes y docentes, y las ganas de pensar juntos qu\u00e9 hace a nuestra identidad.<\/div><a href=\"https:\/\/www.feyalegria.org\/argentina\/san-martin-podcast\/\" title=\"San Mart\u00edn: un podcast para charlar sobre nuestra identidad\"  class=\"mpc-button mpc-init mpc-transition mpc-typography--preset_5 mpc-display--block \" ><div class=\"mpc-button__content mpc-effect-type--stay mpc-effect-side--right\"><span class=\"mpc-button__title mpc-transition\">Leer m\u00e1s<\/span><i class=\"mpc-button__icon mpc-transition \"><\/i><\/div><div class=\"mpc-button__background mpc-transition mpc-effect-type--fade mpc-effect-side--in\"><\/div><\/a><\/div><\/div><\/div><div onclick=\"\" class=\"mpc-post\"><div class=\"mpc-post__wrapper\"><div class=\"mpc-post__thumbnail\" data-mpc_src=\"https:\/\/d3pugrm67vf9n7.cloudfront.net\/wp-content\/uploads\/sites\/22\/2026\/08\/03181934\/Formacion-continua-1024x1024.png\" data-mpc_link=\"https:\/\/www.feyalegria.org\/argentina\/fe-y-alegria-y-unir\/\"><div class=\"mpc-post__overlay mpc-transition\"><div class=\"mpc-post--vertical-wrap\"><div class=\"mpc-post--vertical\" data-mpc_link=\"https:\/\/www.feyalegria.org\/argentina\/fe-y-alegria-y-unir\/\"><a href=\"https:\/\/d3pugrm67vf9n7.cloudfront.net\/wp-content\/uploads\/sites\/22\/2026\/08\/03181934\/Formacion-continua.png\" title=\"Fe y Alegr\u00eda y UNIR: fortaleciendo la formaci\u00f3n del equipo\" class=\"mpc-lightbox mpc-icon-anchor mpc-magnific-popup\"><\/a><a href=\"https:\/\/www.feyalegria.org\/argentina\/fe-y-alegria-y-unir\/\" title=\"Read more about Fe y Alegr\u00eda y UNIR: fortaleciendo la formaci\u00f3n del equipo\" class=\"mpc-icon-anchor\"><\/a><\/div><\/div><\/div><\/div><div class=\"mpc-post__content mpc-transition\"><span class=\"mpc-post__date mpc-date__wrapper mpc-typography--default\"><a href=\"https:\/\/www.feyalegria.org\/argentina\/2026\/08\/03\/\"><div class=\"mpc-date__days\">03<\/div><div class=\"mpc-date__month\">Ago<\/div><\/a><\/span><div class=\"mpc-wrapper\"><h3 class=\"mpc-post__heading mpc-transition mpc-typography--preset_5\"><a href=\"https:\/\/www.feyalegria.org\/argentina\/fe-y-alegria-y-unir\/\" title=\"Fe y Alegr\u00eda y UNIR: fortaleciendo la formaci\u00f3n del equipo\">Fe y Alegr\u00eda y UNIR: fortaleciendo la formaci\u00f3n del equipo<\/a><\/h3><\/div><div class=\"mpc-post__description\">Doce referentes de Fe y Alegr\u00eda Argentina fortalecen su formaci\u00f3n gracias al convenio con UNIR. El convenio Federativo con la Universidad Internacional de La Rioja sigue impulsando el desarrollo profesional de nuestro equipos.<\/div><a href=\"https:\/\/www.feyalegria.org\/argentina\/fe-y-alegria-y-unir\/\" title=\"Fe y Alegr\u00eda y UNIR: fortaleciendo la formaci\u00f3n del equipo\"  class=\"mpc-button mpc-init mpc-transition mpc-typography--preset_5 mpc-display--block \" ><div class=\"mpc-button__content mpc-effect-type--stay mpc-effect-side--right\"><span class=\"mpc-button__title mpc-transition\">Leer m\u00e1s<\/span><i class=\"mpc-button__icon mpc-transition \"><\/i><\/div><div class=\"mpc-button__background mpc-transition mpc-effect-type--fade mpc-effect-side--in\"><\/div><\/a><\/div><\/div><\/div><div onclick=\"\" class=\"mpc-post\"><div class=\"mpc-post__wrapper\"><div class=\"mpc-post__thumbnail\" data-mpc_src=\"https:\/\/d3pugrm67vf9n7.cloudfront.net\/wp-content\/uploads\/sites\/22\/2026\/08\/03171145\/CPI-FeyAlegria-Quilmes-3-1024x576.png\" data-mpc_link=\"https:\/\/www.feyalegria.org\/argentina\/cpi-mariadelujan-quilmes\/\"><div class=\"mpc-post__overlay mpc-transition\"><div class=\"mpc-post--vertical-wrap\"><div class=\"mpc-post--vertical\" data-mpc_link=\"https:\/\/www.feyalegria.org\/argentina\/cpi-mariadelujan-quilmes\/\"><a href=\"https:\/\/d3pugrm67vf9n7.cloudfront.net\/wp-content\/uploads\/sites\/22\/2026\/08\/03171145\/CPI-FeyAlegria-Quilmes-3.png\" title=\"Entrevistas | Yanina Fern\u00e1ndez, CPI &#8220;Mar\u00eda de Luj\u00e1n&#8221; en Quilmes\" class=\"mpc-lightbox mpc-icon-anchor mpc-magnific-popup\"><\/a><a href=\"https:\/\/www.feyalegria.org\/argentina\/cpi-mariadelujan-quilmes\/\" title=\"Read more about Entrevistas | Yanina Fern\u00e1ndez, CPI &#8220;Mar\u00eda de Luj\u00e1n&#8221; en Quilmes\" class=\"mpc-icon-anchor\"><\/a><\/div><\/div><\/div><\/div><div class=\"mpc-post__content mpc-transition\"><span class=\"mpc-post__date mpc-date__wrapper mpc-typography--default\"><a href=\"https:\/\/www.feyalegria.org\/argentina\/2026\/08\/03\/\"><div class=\"mpc-date__days\">03<\/div><div class=\"mpc-date__month\">Ago<\/div><\/a><\/span><div class=\"mpc-wrapper\"><h3 class=\"mpc-post__heading mpc-transition mpc-typography--preset_5\"><a href=\"https:\/\/www.feyalegria.org\/argentina\/cpi-mariadelujan-quilmes\/\" title=\"Entrevistas | Yanina Fern\u00e1ndez, CPI &#8220;Mar\u00eda de Luj\u00e1n&#8221; en Quilmes\">Entrevistas | Yanina Fern\u00e1ndez, CPI &#8220;Mar\u00eda de Luj\u00e1n&#8221; en Quilmes<\/a><\/h3><\/div><div class=\"mpc-post__description\">Las primeras experiencias dejan huellas para toda la vida. En el Mes de las Infancias, Yanina Fern\u00e1ndez comparte c\u00f3mo el Centro de Primera Infancia Mar\u00eda de Luj\u00e1n acompa\u00f1a a ni\u00f1as, ni\u00f1os y familias desde el amor, la escucha y una educaci\u00f3n de calidad.<\/div><a href=\"https:\/\/www.feyalegria.org\/argentina\/cpi-mariadelujan-quilmes\/\" title=\"Entrevistas \"  class=\"mpc-button mpc-init mpc-transition mpc-typography--preset_5 mpc-display--block \" ><div class=\"mpc-button__content mpc-effect-type--stay mpc-effect-side--right\"><span class=\"mpc-button__title mpc-transition\">Leer m\u00e1s<\/span><i class=\"mpc-button__icon mpc-transition \"><\/i><\/div><div class=\"mpc-button__background mpc-transition mpc-effect-type--fade mpc-effect-side--in\"><\/div><\/a><\/div><\/div><\/div><div onclick=\"\" class=\"mpc-post\"><div class=\"mpc-post__wrapper\"><div class=\"mpc-post__thumbnail\" data-mpc_src=\"https:\/\/d3pugrm67vf9n7.cloudfront.net\/wp-content\/uploads\/sites\/22\/2026\/07\/30183635\/ChatGPT-Image-30-jul-2026-15_35_51-1024x819.png\" data-mpc_link=\"https:\/\/www.feyalegria.org\/argentina\/san-ignacio\/\"><div class=\"mpc-post__overlay mpc-transition\"><div class=\"mpc-post--vertical-wrap\"><div class=\"mpc-post--vertical\" data-mpc_link=\"https:\/\/www.feyalegria.org\/argentina\/san-ignacio\/\"><a href=\"https:\/\/d3pugrm67vf9n7.cloudfront.net\/wp-content\/uploads\/sites\/22\/2026\/07\/30183635\/ChatGPT-Image-30-jul-2026-15_35_51.png\" title=\"31 de Julio, San Ignacio de Loyola | Carta de Fernando Anderlic\" class=\"mpc-lightbox mpc-icon-anchor mpc-magnific-popup\"><\/a><a href=\"https:\/\/www.feyalegria.org\/argentina\/san-ignacio\/\" title=\"Read more about 31 de Julio, San Ignacio de Loyola | Carta de Fernando Anderlic\" class=\"mpc-icon-anchor\"><\/a><\/div><\/div><\/div><\/div><div class=\"mpc-post__content mpc-transition\"><span class=\"mpc-post__date mpc-date__wrapper mpc-typography--default\"><a href=\"https:\/\/www.feyalegria.org\/argentina\/2026\/07\/30\/\"><div class=\"mpc-date__days\">30<\/div><div class=\"mpc-date__month\">Jul<\/div><\/a><\/span><div class=\"mpc-wrapper\"><h3 class=\"mpc-post__heading mpc-transition mpc-typography--preset_5\"><a href=\"https:\/\/www.feyalegria.org\/argentina\/san-ignacio\/\" title=\"31 de Julio, San Ignacio de Loyola | Carta de Fernando Anderlic\">31 de Julio, San Ignacio de Loyola | Carta de Fernando Anderlic<\/a><\/h3><\/div><div class=\"mpc-post__description\">Fe y Alegr\u00eda se detiene y se toma un tiempo para mirar su identidad, que echa ra\u00edces, en Argentina, en la educaci\u00f3n popular y en la espiritualidad ignaciana.<\/div><a href=\"https:\/\/www.feyalegria.org\/argentina\/san-ignacio\/\" title=\"31 de Julio, San Ignacio de Loyola \"  class=\"mpc-button mpc-init mpc-transition mpc-typography--preset_5 mpc-display--block \" ><div class=\"mpc-button__content mpc-effect-type--stay mpc-effect-side--right\"><span class=\"mpc-button__title mpc-transition\">Leer m\u00e1s<\/span><i class=\"mpc-button__icon mpc-transition \"><\/i><\/div><div class=\"mpc-button__background mpc-transition mpc-effect-type--fade mpc-effect-side--in\"><\/div><\/a><\/div><\/div><\/div><div onclick=\"\" class=\"mpc-post\"><div class=\"mpc-post__wrapper\"><div class=\"mpc-post__thumbnail\" data-mpc_src=\"https:\/\/d3pugrm67vf9n7.cloudfront.net\/wp-content\/uploads\/sites\/22\/2026\/07\/17192932\/Foto-destacada.png\" data-mpc_link=\"https:\/\/www.feyalegria.org\/argentina\/fue-madre-joven-dejo-sus-estudios-y-anos-despues-volvio-para-convertirse-en-profesora\/\"><div class=\"mpc-post__overlay mpc-transition\"><div class=\"mpc-post--vertical-wrap\"><div class=\"mpc-post--vertical\" data-mpc_link=\"https:\/\/www.feyalegria.org\/argentina\/fue-madre-joven-dejo-sus-estudios-y-anos-despues-volvio-para-convertirse-en-profesora\/\"><a href=\"https:\/\/d3pugrm67vf9n7.cloudfront.net\/wp-content\/uploads\/sites\/22\/2026\/07\/17192932\/Foto-destacada.png\" title=\"Latidos que inspiran | Volvi\u00f3 a estudiar de grande y transform\u00f3 su vida\" class=\"mpc-lightbox mpc-icon-anchor mpc-magnific-popup\"><\/a><a href=\"https:\/\/www.feyalegria.org\/argentina\/fue-madre-joven-dejo-sus-estudios-y-anos-despues-volvio-para-convertirse-en-profesora\/\" title=\"Read more about Latidos que inspiran | Volvi\u00f3 a estudiar de grande y transform\u00f3 su vida\" class=\"mpc-icon-anchor\"><\/a><\/div><\/div><\/div><\/div><div class=\"mpc-post__content mpc-transition\"><span class=\"mpc-post__date mpc-date__wrapper mpc-typography--default\"><a href=\"https:\/\/www.feyalegria.org\/argentina\/2026\/07\/17\/\"><div class=\"mpc-date__days\">17<\/div><div class=\"mpc-date__month\">Jul<\/div><\/a><\/span><div class=\"mpc-wrapper\"><h3 class=\"mpc-post__heading mpc-transition mpc-typography--preset_5\"><a href=\"https:\/\/www.feyalegria.org\/argentina\/fue-madre-joven-dejo-sus-estudios-y-anos-despues-volvio-para-convertirse-en-profesora\/\" title=\"Latidos que inspiran | Volvi\u00f3 a estudiar de grande y transform\u00f3 su vida\">Latidos que inspiran | Volvi\u00f3 a estudiar de grande y transform\u00f3 su vida<\/a><\/h3><\/div><div class=\"mpc-post__description\">La historia de Virgina Merlo, en Fe y Alegr\u00eda San Mart\u00edn, inspira a sus estudiantes y colegas. Nacida en una familia numerosa y con mucha necesidad, a los 22 dej\u00f3 sus estudios para ser mam\u00e1.<\/div><a href=\"https:\/\/www.feyalegria.org\/argentina\/fue-madre-joven-dejo-sus-estudios-y-anos-despues-volvio-para-convertirse-en-profesora\/\" title=\"Latidos que inspiran \"  class=\"mpc-button mpc-init mpc-transition mpc-typography--preset_5 mpc-display--block \" ><div class=\"mpc-button__content mpc-effect-type--stay mpc-effect-side--right\"><span class=\"mpc-button__title mpc-transition\">Leer m\u00e1s<\/span><i class=\"mpc-button__icon mpc-transition \"><\/i><\/div><div class=\"mpc-button__background mpc-transition mpc-effect-type--fade mpc-effect-side--in\"><\/div><\/a><\/div><\/div><\/div><div onclick=\"\" class=\"mpc-post\"><div class=\"mpc-post__wrapper\"><div class=\"mpc-post__thumbnail\" data-mpc_src=\"https:\/\/d3pugrm67vf9n7.cloudfront.net\/wp-content\/uploads\/sites\/22\/2026\/06\/23001930\/Foto-destacada-1.png\" data-mpc_link=\"https:\/\/www.feyalegria.org\/argentina\/voces-que-inspiran-fernando-anderlic-en-nuestro-podcast\/\"><div class=\"mpc-post__overlay mpc-transition\"><div class=\"mpc-post--vertical-wrap\"><div class=\"mpc-post--vertical\" data-mpc_link=\"https:\/\/www.feyalegria.org\/argentina\/voces-que-inspiran-fernando-anderlic-en-nuestro-podcast\/\"><a href=\"https:\/\/d3pugrm67vf9n7.cloudfront.net\/wp-content\/uploads\/sites\/22\/2026\/06\/23001930\/Foto-destacada-1.png\" title=\"Voces que inspiran: Fernando Anderlic en nuestro podcast\" class=\"mpc-lightbox mpc-icon-anchor mpc-magnific-popup\"><\/a><a href=\"https:\/\/www.feyalegria.org\/argentina\/voces-que-inspiran-fernando-anderlic-en-nuestro-podcast\/\" title=\"Read more about Voces que inspiran: Fernando Anderlic en nuestro podcast\" class=\"mpc-icon-anchor\"><\/a><\/div><\/div><\/div><\/div><div class=\"mpc-post__content mpc-transition\"><span class=\"mpc-post__date mpc-date__wrapper mpc-typography--default\"><a href=\"https:\/\/www.feyalegria.org\/argentina\/2026\/06\/24\/\"><div class=\"mpc-date__days\">24<\/div><div class=\"mpc-date__month\">Jun<\/div><\/a><\/span><div class=\"mpc-wrapper\"><h3 class=\"mpc-post__heading mpc-transition mpc-typography--preset_5\"><a href=\"https:\/\/www.feyalegria.org\/argentina\/voces-que-inspiran-fernando-anderlic-en-nuestro-podcast\/\" title=\"Voces que inspiran: Fernando Anderlic en nuestro podcast\">Voces que inspiran: Fernando Anderlic en nuestro podcast<\/a><\/h3><\/div><div class=\"mpc-post__description\">\u00abEstamos convencidos de que la educaci\u00f3n es la herramienta m\u00e1s poderosa para romper con las cadenas de la pobreza\u00bb, asegura nuestro Director Nacional, quien repas\u00f3 su historia personal y los desaf\u00edos de Fe y Alegr\u00eda Argentina a casi 15 a\u00f1os de su llegada a la conducci\u00f3n.\r\n<\/div><a href=\"https:\/\/www.feyalegria.org\/argentina\/voces-que-inspiran-fernando-anderlic-en-nuestro-podcast\/\" title=\"Voces que inspiran: Fernando Anderlic en nuestro podcast\"  class=\"mpc-button mpc-init mpc-transition mpc-typography--preset_5 mpc-display--block \" ><div class=\"mpc-button__content mpc-effect-type--stay mpc-effect-side--right\"><span class=\"mpc-button__title mpc-transition\">Leer m\u00e1s<\/span><i class=\"mpc-button__icon mpc-transition \"><\/i><\/div><div class=\"mpc-button__background mpc-transition mpc-effect-type--fade mpc-effect-side--in\"><\/div><\/a><\/div><\/div><\/div><div onclick=\"\" class=\"mpc-post\"><div class=\"mpc-post__wrapper\"><div class=\"mpc-post__thumbnail\" data-mpc_src=\"https:\/\/d3pugrm67vf9n7.cloudfront.net\/wp-content\/uploads\/sites\/22\/2026\/06\/16183413\/WhatsApp-Image-2026-06-16-at-12.45.31-819x1024.jpeg\" data-mpc_link=\"https:\/\/www.feyalegria.org\/argentina\/golporlaeducacion\/\"><div class=\"mpc-post__overlay mpc-transition\"><div class=\"mpc-post--vertical-wrap\"><div class=\"mpc-post--vertical\" data-mpc_link=\"https:\/\/www.feyalegria.org\/argentina\/golporlaeducacion\/\"><a href=\"https:\/\/d3pugrm67vf9n7.cloudfront.net\/wp-content\/uploads\/sites\/22\/2026\/06\/16183413\/WhatsApp-Image-2026-06-16-at-12.45.31.jpeg\" title=\"Un gol por la educaci\u00f3n\" class=\"mpc-lightbox mpc-icon-anchor mpc-magnific-popup\"><\/a><a href=\"https:\/\/www.feyalegria.org\/argentina\/golporlaeducacion\/\" title=\"Read more about Un gol por la educaci\u00f3n\" class=\"mpc-icon-anchor\"><\/a><\/div><\/div><\/div><\/div><div class=\"mpc-post__content mpc-transition\"><span class=\"mpc-post__date mpc-date__wrapper mpc-typography--default\"><a href=\"https:\/\/www.feyalegria.org\/argentina\/2026\/06\/16\/\"><div class=\"mpc-date__days\">16<\/div><div class=\"mpc-date__month\">Jun<\/div><\/a><\/span><div class=\"mpc-wrapper\"><h3 class=\"mpc-post__heading mpc-transition mpc-typography--preset_5\"><a href=\"https:\/\/www.feyalegria.org\/argentina\/golporlaeducacion\/\" title=\"Un gol por la educaci\u00f3n\">Un gol por la educaci\u00f3n<\/a><\/h3><\/div><div class=\"mpc-post__description\">El Coordinador Internacional de Fe y Alegr\u00eda nos visit\u00f3 en nuestras oficinas y comparti\u00f3 su mirada sobre el futuro de la educaci\u00f3n en el mundo. \"La escuela no solo ense\u00f1a: protege, integra, dignifica y construye esperanza.\u201d\r\n<\/div><a href=\"https:\/\/www.feyalegria.org\/argentina\/golporlaeducacion\/\" title=\"Un gol por la educaci\u00f3n\"  class=\"mpc-button mpc-init mpc-transition mpc-typography--preset_5 mpc-display--block \" ><div class=\"mpc-button__content mpc-effect-type--stay mpc-effect-side--right\"><span class=\"mpc-button__title mpc-transition\">Leer m\u00e1s<\/span><i class=\"mpc-button__icon mpc-transition \"><\/i><\/div><div class=\"mpc-button__background mpc-transition mpc-effect-type--fade mpc-effect-side--in\"><\/div><\/a><\/div><\/div><\/div><div onclick=\"\" class=\"mpc-post\"><div class=\"mpc-post__wrapper\"><div class=\"mpc-post__thumbnail\" data-mpc_src=\"https:\/\/d3pugrm67vf9n7.cloudfront.net\/wp-content\/uploads\/sites\/22\/2026\/06\/02180343\/Captura-de-pantalla-2026-06-02-144113.png\" data-mpc_link=\"https:\/\/www.feyalegria.org\/argentina\/carta-por-nuestro-30-aniversario\/\"><div class=\"mpc-post__overlay mpc-transition\"><div class=\"mpc-post--vertical-wrap\"><div class=\"mpc-post--vertical\" data-mpc_link=\"https:\/\/www.feyalegria.org\/argentina\/carta-por-nuestro-30-aniversario\/\"><a href=\"https:\/\/d3pugrm67vf9n7.cloudfront.net\/wp-content\/uploads\/sites\/22\/2026\/06\/02180343\/Captura-de-pantalla-2026-06-02-144113.png\" title=\"Carta por nuestro 30\u00b0 Aniversario\" class=\"mpc-lightbox mpc-icon-anchor mpc-magnific-popup\"><\/a><a href=\"https:\/\/www.feyalegria.org\/argentina\/carta-por-nuestro-30-aniversario\/\" title=\"Read more about Carta por nuestro 30\u00b0 Aniversario\" class=\"mpc-icon-anchor\"><\/a><\/div><\/div><\/div><\/div><div class=\"mpc-post__content mpc-transition\"><span class=\"mpc-post__date mpc-date__wrapper mpc-typography--default\"><a href=\"https:\/\/www.feyalegria.org\/argentina\/2026\/06\/02\/\"><div class=\"mpc-date__days\">02<\/div><div class=\"mpc-date__month\">Jun<\/div><\/a><\/span><div class=\"mpc-wrapper\"><h3 class=\"mpc-post__heading mpc-transition mpc-typography--preset_5\"><a href=\"https:\/\/www.feyalegria.org\/argentina\/carta-por-nuestro-30-aniversario\/\" title=\"Carta por nuestro 30\u00b0 Aniversario\">Carta por nuestro 30\u00b0 Aniversario<\/a><\/h3><\/div><div class=\"mpc-post__description\">El 3 de junio de 1996, en el coraz\u00f3n de Resistencia, Chaco, comenz\u00f3 a arder la primera llama de Fe y Alegr\u00eda en nuestro pa\u00eds. Un aula abierta donde terminaba el asfalto, donde no goteaba el agua, donde la ciudad perd\u00eda su nombre.<\/div><a href=\"https:\/\/www.feyalegria.org\/argentina\/carta-por-nuestro-30-aniversario\/\" title=\"Carta por nuestro 30\u00b0 Aniversario\"  class=\"mpc-button mpc-init mpc-transition mpc-typography--preset_5 mpc-display--block \" ><div class=\"mpc-button__content mpc-effect-type--stay mpc-effect-side--right\"><span class=\"mpc-button__title mpc-transition\">Leer m\u00e1s<\/span><i class=\"mpc-button__icon mpc-transition \"><\/i><\/div><div class=\"mpc-button__background mpc-transition mpc-effect-type--fade mpc-effect-side--in\"><\/div><\/a><\/div><\/div><\/div><div onclick=\"\" class=\"mpc-post\"><div class=\"mpc-post__wrapper\"><div class=\"mpc-post__thumbnail\" data-mpc_src=\"https:\/\/d3pugrm67vf9n7.cloudfront.net\/wp-content\/uploads\/sites\/22\/2026\/06\/01230537\/Foto-destacada.png\" data-mpc_link=\"https:\/\/www.feyalegria.org\/argentina\/voces-que-inspiran-dani-villanueva-sj\/\"><div class=\"mpc-post__overlay mpc-transition\"><div class=\"mpc-post--vertical-wrap\"><div class=\"mpc-post--vertical\" data-mpc_link=\"https:\/\/www.feyalegria.org\/argentina\/voces-que-inspiran-dani-villanueva-sj\/\"><a href=\"https:\/\/d3pugrm67vf9n7.cloudfront.net\/wp-content\/uploads\/sites\/22\/2026\/06\/01230537\/Foto-destacada.png\" title=\"Voces que inspiran: Dani Villanueva SJ en nuestro podcast\" class=\"mpc-lightbox mpc-icon-anchor mpc-magnific-popup\"><\/a><a href=\"https:\/\/www.feyalegria.org\/argentina\/voces-que-inspiran-dani-villanueva-sj\/\" title=\"Read more about Voces que inspiran: Dani Villanueva SJ en nuestro podcast\" class=\"mpc-icon-anchor\"><\/a><\/div><\/div><\/div><\/div><div class=\"mpc-post__content mpc-transition\"><span class=\"mpc-post__date mpc-date__wrapper mpc-typography--default\"><a href=\"https:\/\/www.feyalegria.org\/argentina\/2026\/06\/02\/\"><div class=\"mpc-date__days\">02<\/div><div class=\"mpc-date__month\">Jun<\/div><\/a><\/span><div class=\"mpc-wrapper\"><h3 class=\"mpc-post__heading mpc-transition mpc-typography--preset_5\"><a href=\"https:\/\/www.feyalegria.org\/argentina\/voces-que-inspiran-dani-villanueva-sj\/\" title=\"Voces que inspiran: Dani Villanueva SJ en nuestro podcast\">Voces que inspiran: Dani Villanueva SJ en nuestro podcast<\/a><\/h3><\/div><div class=\"mpc-post__description\">El Coordinador Internacional de Fe y Alegr\u00eda nos visit\u00f3 en nuestras oficinas y comparti\u00f3 su mirada sobre el futuro de la educaci\u00f3n en el mundo. \"La escuela no solo ense\u00f1a: protege, integra, dignifica y construye esperanza.\u201d\r\n<\/div><a href=\"https:\/\/www.feyalegria.org\/argentina\/voces-que-inspiran-dani-villanueva-sj\/\" title=\"Voces que inspiran: Dani Villanueva SJ en nuestro podcast\"  class=\"mpc-button mpc-init mpc-transition mpc-typography--preset_5 mpc-display--block \" ><div class=\"mpc-button__content mpc-effect-type--stay mpc-effect-side--right\"><span class=\"mpc-button__title mpc-transition\">Leer m\u00e1s<\/span><i class=\"mpc-button__icon mpc-transition \"><\/i><\/div><div class=\"mpc-button__background mpc-transition mpc-effect-type--fade mpc-effect-side--in\"><\/div><\/a><\/div><\/div><\/div><div onclick=\"\" class=\"mpc-post\"><div class=\"mpc-post__wrapper\"><div class=\"mpc-post__thumbnail\" data-mpc_src=\"https:\/\/d3pugrm67vf9n7.cloudfront.net\/wp-content\/uploads\/sites\/22\/2026\/05\/15170329\/2-1-819x1024.png\" data-mpc_link=\"https:\/\/www.feyalegria.org\/argentina\/nuevo-turno-cens-sanmiguel\/\"><div class=\"mpc-post__overlay mpc-transition\"><div class=\"mpc-post--vertical-wrap\"><div class=\"mpc-post--vertical\" data-mpc_link=\"https:\/\/www.feyalegria.org\/argentina\/nuevo-turno-cens-sanmiguel\/\"><a href=\"https:\/\/d3pugrm67vf9n7.cloudfront.net\/wp-content\/uploads\/sites\/22\/2026\/05\/15170329\/2-1.png\" title=\"El CENS 451 de Fe y Alegr\u00eda en San Miguel abrir\u00e1 turno ma\u00f1ana\" class=\"mpc-lightbox mpc-icon-anchor mpc-magnific-popup\"><\/a><a href=\"https:\/\/www.feyalegria.org\/argentina\/nuevo-turno-cens-sanmiguel\/\" title=\"Read more about El CENS 451 de Fe y Alegr\u00eda en San Miguel abrir\u00e1 turno ma\u00f1ana\" class=\"mpc-icon-anchor\"><\/a><\/div><\/div><\/div><\/div><div class=\"mpc-post__content mpc-transition\"><span class=\"mpc-post__date mpc-date__wrapper mpc-typography--default\"><a href=\"https:\/\/www.feyalegria.org\/argentina\/2026\/05\/15\/\"><div class=\"mpc-date__days\">15<\/div><div class=\"mpc-date__month\">May<\/div><\/a><\/span><div class=\"mpc-wrapper\"><h3 class=\"mpc-post__heading mpc-transition mpc-typography--preset_5\"><a href=\"https:\/\/www.feyalegria.org\/argentina\/nuevo-turno-cens-sanmiguel\/\" title=\"El CENS 451 de Fe y Alegr\u00eda en San Miguel abrir\u00e1 turno ma\u00f1ana\">El CENS 451 de Fe y Alegr\u00eda en San Miguel abrir\u00e1 turno ma\u00f1ana<\/a><\/h3><\/div><div class=\"mpc-post__description\">Una noticia hist\u00f3rica para la educaci\u00f3n de j\u00f3venes y adultos en el distrito: el CENS 451 sumar\u00e1 el turno ma\u00f1ana, ampliando oportunidades para terminar la secundaria.\r\n<\/div><a href=\"https:\/\/www.feyalegria.org\/argentina\/nuevo-turno-cens-sanmiguel\/\" title=\"El CENS 451 de Fe y Alegr\u00eda en San Miguel abrir\u00e1 turno ma\u00f1ana\"  class=\"mpc-button mpc-init mpc-transition mpc-typography--preset_5 mpc-display--block \" ><div class=\"mpc-button__content mpc-effect-type--stay mpc-effect-side--right\"><span class=\"mpc-button__title mpc-transition\">Leer m\u00e1s<\/span><i class=\"mpc-button__icon mpc-transition \"><\/i><\/div><div class=\"mpc-button__background mpc-transition mpc-effect-type--fade mpc-effect-side--in\"><\/div><\/a><\/div><\/div><\/div><div onclick=\"\" class=\"mpc-post\"><div class=\"mpc-post__wrapper\"><div class=\"mpc-post__thumbnail\" data-mpc_src=\"https:\/\/d3pugrm67vf9n7.cloudfront.net\/wp-content\/uploads\/sites\/22\/2026\/05\/12190937\/WhatsApp-Image-2026-05-12-at-15.41.31-819x1024.jpeg\" data-mpc_link=\"https:\/\/www.feyalegria.org\/argentina\/noche-de-fe-y-alegria-30\/\"><div class=\"mpc-post__overlay mpc-transition\"><div class=\"mpc-post--vertical-wrap\"><div class=\"mpc-post--vertical\" data-mpc_link=\"https:\/\/www.feyalegria.org\/argentina\/noche-de-fe-y-alegria-30\/\"><a href=\"https:\/\/d3pugrm67vf9n7.cloudfront.net\/wp-content\/uploads\/sites\/22\/2026\/05\/12190937\/WhatsApp-Image-2026-05-12-at-15.41.31.jpeg\" title=\"Noche de Fe y Alegr\u00eda | 30 a\u00f1os\" class=\"mpc-lightbox mpc-icon-anchor mpc-magnific-popup\"><\/a><a href=\"https:\/\/www.feyalegria.org\/argentina\/noche-de-fe-y-alegria-30\/\" title=\"Read more about Noche de Fe y Alegr\u00eda | 30 a\u00f1os\" class=\"mpc-icon-anchor\"><\/a><\/div><\/div><\/div><\/div><div class=\"mpc-post__content mpc-transition\"><span class=\"mpc-post__date mpc-date__wrapper mpc-typography--default\"><a href=\"https:\/\/www.feyalegria.org\/argentina\/2026\/05\/12\/\"><div class=\"mpc-date__days\">12<\/div><div class=\"mpc-date__month\">May<\/div><\/a><\/span><div class=\"mpc-wrapper\"><h3 class=\"mpc-post__heading mpc-transition mpc-typography--preset_5\"><a href=\"https:\/\/www.feyalegria.org\/argentina\/noche-de-fe-y-alegria-30\/\" title=\"Noche de Fe y Alegr\u00eda | 30 a\u00f1os\">Noche de Fe y Alegr\u00eda | 30 a\u00f1os<\/a><\/h3><\/div><div class=\"mpc-post__description\">En la campa\u00f1a La Silla Roja 2026, Fe y Alegr\u00eda Argentina convoca a un Acuerdo por la Educaci\u00f3n para garantizar aprendizajes reales para todos los estudiantes. Ya son m\u00e1s de 30 ONGs que apoyan la campa\u00f1a.\r\n<\/div><a href=\"https:\/\/www.feyalegria.org\/argentina\/noche-de-fe-y-alegria-30\/\" title=\"Noche de Fe y Alegr\u00eda \"  class=\"mpc-button mpc-init mpc-transition mpc-typography--preset_5 mpc-display--block \" ><div class=\"mpc-button__content mpc-effect-type--stay mpc-effect-side--right\"><span class=\"mpc-button__title mpc-transition\">Leer m\u00e1s<\/span><i class=\"mpc-button__icon mpc-transition \"><\/i><\/div><div class=\"mpc-button__background mpc-transition mpc-effect-type--fade mpc-effect-side--in\"><\/div><\/a><\/div><\/div><\/div><\/div><script type=\"text\/javascript\">var _mpc_grid_posts_386a9532100710d_atts = {\"cols\":\"4\",\"gap\":\"20\",\"taxonomies\":\"421\",\"order\":\"DESC\",\"items_number\":\"12\",\"layout\":\"style_3\",\"thumb_height\":\"300\",\"title_overflow\":\"true\",\"title_font_preset\":\"preset_5\",\"title_font_size\":\"14\",\"title_font_line_height\":\"1.5\",\"title_font_transform\":\"none\",\"title_font_align\":\"left\",\"meta_layout\":\"date\",\"meta_font_preset\":\"preset_5\",\"meta_font_transform\":\"none\",\"meta_font_align\":\"left\",\"date_font_preset\":\"default\",\"date_font_color\":\"#AA0F16\",\"date_font_size\":\"20\",\"border_css\":\"border-width:1px;border-color:#0000003B;border-style:solid;border-radius:5px;\",\"padding_css\":\"padding:5px;\",\"mpc_button__preset\":\"default\",\"mpc_button__block\":\"true\",\"mpc_button__font_preset\":\"preset_5\",\"mpc_button__font_color\":\"#ffffff\",\"mpc_button__font_size\":\"16\",\"mpc_button__font_transform\":\"none\",\"mpc_button__font_align\":\"center\",\"mpc_button__title\":\"Leer m\\u00e1s\",\"mpc_button__icon_color\":\"#ffffff\",\"mpc_button__icon_size\":\"20\",\"mpc_button__icon_effect\":\"stay-right\",\"mpc_button__icon_gap\":\"5\",\"mpc_button__background_color\":\"#AA0F16\",\"mpc_button__border_css\":\"border-radius:15px;\",\"mpc_button__padding_divider\":\"true\",\"mpc_button__hover_icon_color\":\"#ffffff\",\"mpc_pagination__preset\":\"default\",\"mpc_pagination__padding_divider\":\"true\",\"mpc_pagination__pag_margin_divider\":\"true\"}, _mpc_grid_posts_386a9532100710d_query = {\"post_type\":\"post\",\"taxonomies\":\"421\",\"ids\":\"\",\"order\":\"DESC\",\"include_exclude_type\":\"include\",\"orderby\":\"date\",\"items_number\":\"12\",\"target\":\"mpc_grid_posts_386a9532100710d\",\"callback\":\"MPC_Grid_Posts\"};<\/script><div class=\"mpc-pagination mpc-init mpc-pagination--load-more mpc-pagination-preset--default mpc-align--center \" data-grid=\"mpc_grid_posts_386a9532100710d\" data-current=\"1\" data-pages=\"4\" data-type=\"load-more\" data-preset=\"default\"><a class=\"mpc-typography--default mpc-pagination__link mpc-transition\" href=\"#load-more\"><div class=\"mpc-pagination__content mpc-effect-type--stay mpc-effect-side--right\"><span class=\"mpc-pagination__title mpc-transition\">Ver m\u00e1s<\/span><i class=\"mpc-pagination__icon mpc-transition  mi mi-chevron_right\"><\/i><\/div><div class=\"mpc-pagination__background mpc-transition mpc-effect-type--fade mpc-effect-side--in\"><\/div><\/a><\/div>[\/vc_column][\/vc_row][vc_row disable_element=&#8221;yes&#8221;][vc_column]<div id=\"mpc_grid_posts_706a95321027fc1\" class=\"mpc-grid-posts mpc-init mpc-init mpc-transition mpc-overlay--fade mpc-item--fade mpc-layout--style_3  \"  data-grid-cols=\"4\"><div class=\"mpc-grid-sizer\"><\/div><div onclick=\"\" class=\"mpc-post\"><div class=\"mpc-post__wrapper\"><div class=\"mpc-post__thumbnail\" data-mpc_src=\"https:\/\/d3pugrm67vf9n7.cloudfront.net\/wp-content\/uploads\/sites\/22\/2026\/08\/24215059\/Boletin-1.png\" data-mpc_link=\"https:\/\/www.feyalegria.org\/argentina\/primer-encuentro-nacional-docente-de-fe-y-alegria-argentina\/\"><div class=\"mpc-post__overlay mpc-transition\"><div class=\"mpc-post--vertical-wrap\"><div class=\"mpc-post--vertical\" data-mpc_link=\"https:\/\/www.feyalegria.org\/argentina\/primer-encuentro-nacional-docente-de-fe-y-alegria-argentina\/\"><a href=\"https:\/\/d3pugrm67vf9n7.cloudfront.net\/wp-content\/uploads\/sites\/22\/2026\/08\/24215059\/Boletin-1.png\" title=\"1\u00b0 Encuentro Nacional Docente: celebramos 30 a\u00f1os de Fe y Alegr\u00eda en Argentina\" class=\"mpc-lightbox mpc-icon-anchor mpc-magnific-popup\"><\/a><a href=\"https:\/\/www.feyalegria.org\/argentina\/primer-encuentro-nacional-docente-de-fe-y-alegria-argentina\/\" title=\"Read more about 1\u00b0 Encuentro Nacional Docente: celebramos 30 a\u00f1os de Fe y Alegr\u00eda en Argentina\" class=\"mpc-icon-anchor\"><\/a><\/div><\/div><\/div><\/div><div class=\"mpc-post__content mpc-transition\"><span class=\"mpc-post__date mpc-date__wrapper\"><a href=\"https:\/\/www.feyalegria.org\/argentina\/2026\/08\/25\/\"><div class=\"mpc-date__days\">25<\/div><div class=\"mpc-date__month\">Ago<\/div><\/a><\/span><div class=\"mpc-wrapper\"><h3 class=\"mpc-post__heading mpc-transition mpc-typography--preset_5 mpc-text-overflow\"><a href=\"https:\/\/www.feyalegria.org\/argentina\/primer-encuentro-nacional-docente-de-fe-y-alegria-argentina\/\" title=\"1\u00b0 Encuentro Nacional Docente: celebramos 30 a\u00f1os de Fe y Alegr\u00eda en Argentina\">1\u00b0 Encuentro Nacional Docente: celebramos 30 a\u00f1os de Fe y Alegr\u00eda en Argentina<\/a><\/h3><div class=\"mpc-post__meta mpc-transition\"><span class=\"mpc-post__tax\">in <a href=\"https:\/\/www.feyalegria.org\/argentina\/category\/educacion\/\" rel=\"category tag\">Educaci\u00f3n<\/a>, <a href=\"https:\/\/www.feyalegria.org\/argentina\/category\/noticias-es\/\" rel=\"category tag\">Noticias<\/a><\/span><\/div><\/div><div class=\"mpc-post__description\">Resistencia, Chaco, ser\u00e1 la sede de un encuentro hist\u00f3rico: el mismo lugar donde se encendi\u00f3 \u201cla chispa\u201d de nuestro movimiento de educaci\u00f3n popular, extendi\u00e9ndose hoy hasta localidades de toda la Argentina.<\/div><a href=\"https:\/\/www.feyalegria.org\/argentina\/primer-encuentro-nacional-docente-de-fe-y-alegria-argentina\/\" title=\"1\u00b0 Encuentro Nacional Docente: celebramos 30 a\u00f1os de Fe y Alegr\u00eda en Argentina\"  class=\"mpc-button mpc-init mpc-transition mpc-display--block \" ><div class=\"mpc-button__content mpc-effect-type--stay mpc-effect-side--right\"><span class=\"mpc-button__title mpc-transition\">Read More<\/span><i class=\"mpc-button__icon mpc-transition \"><\/i><\/div><div class=\"mpc-button__background mpc-transition mpc-effect-type--fade mpc-effect-side--in\"><\/div><\/a><\/div><\/div><\/div><div onclick=\"\" class=\"mpc-post\"><div class=\"mpc-post__wrapper\"><div class=\"mpc-post__thumbnail\" data-mpc_src=\"https:\/\/d3pugrm67vf9n7.cloudfront.net\/wp-content\/uploads\/sites\/22\/2026\/08\/04235601\/Portadas-de-Arranca-con-fuerza-2025-8-1024x1024.png\" data-mpc_link=\"https:\/\/www.feyalegria.org\/argentina\/san-martin-podcast\/\"><div class=\"mpc-post__overlay mpc-transition\"><div class=\"mpc-post--vertical-wrap\"><div class=\"mpc-post--vertical\" data-mpc_link=\"https:\/\/www.feyalegria.org\/argentina\/san-martin-podcast\/\"><a href=\"https:\/\/d3pugrm67vf9n7.cloudfront.net\/wp-content\/uploads\/sites\/22\/2026\/08\/04235601\/Portadas-de-Arranca-con-fuerza-2025-8.png\" title=\"San Mart\u00edn: un podcast para charlar sobre nuestra identidad\" class=\"mpc-lightbox mpc-icon-anchor mpc-magnific-popup\"><\/a><a href=\"https:\/\/www.feyalegria.org\/argentina\/san-martin-podcast\/\" title=\"Read more about San Mart\u00edn: un podcast para charlar sobre nuestra identidad\" class=\"mpc-icon-anchor\"><\/a><\/div><\/div><\/div><\/div><div class=\"mpc-post__content mpc-transition\"><span class=\"mpc-post__date mpc-date__wrapper\"><a href=\"https:\/\/www.feyalegria.org\/argentina\/2026\/08\/04\/\"><div class=\"mpc-date__days\">04<\/div><div class=\"mpc-date__month\">Ago<\/div><\/a><\/span><div class=\"mpc-wrapper\"><h3 class=\"mpc-post__heading mpc-transition mpc-typography--preset_5 mpc-text-overflow\"><a href=\"https:\/\/www.feyalegria.org\/argentina\/san-martin-podcast\/\" title=\"San Mart\u00edn: un podcast para charlar sobre nuestra identidad\">San Mart\u00edn: un podcast para charlar sobre nuestra identidad<\/a><\/h3><div class=\"mpc-post__meta mpc-transition\"><span class=\"mpc-post__tax\">in <a href=\"https:\/\/www.feyalegria.org\/argentina\/category\/experiencias-desde-el-aula\/\" rel=\"category tag\">Experiencias desde el aula<\/a>, <a href=\"https:\/\/www.feyalegria.org\/argentina\/category\/noticias-es\/\" rel=\"category tag\">Noticias<\/a>, <a href=\"https:\/\/www.feyalegria.org\/argentina\/category\/sin-categoria\/\" rel=\"category tag\">Sin categor\u00eda<\/a><\/span><\/div><\/div><div class=\"mpc-post__description\">\u00bfQui\u00e9n soy? \u00bfA qu\u00e9 lugar pertenezco? \u00bfQu\u00e9 es lo que me hace sentir en casa? En TEMAG - Fe y Alegr\u00eda, nuestro CENS de San Mart\u00edn, esas preguntas encontraron un espacio propio para ser dichas, escuchadas y pensadas en comunidad: un micr\u00f3fono, una mesa compartida entre estudiantes y docentes, y las ganas de pensar juntos qu\u00e9 hace a nuestra identidad.<\/div><a href=\"https:\/\/www.feyalegria.org\/argentina\/san-martin-podcast\/\" title=\"San Mart\u00edn: un podcast para charlar sobre nuestra identidad\"  class=\"mpc-button mpc-init mpc-transition mpc-display--block \" ><div class=\"mpc-button__content mpc-effect-type--stay mpc-effect-side--right\"><span class=\"mpc-button__title mpc-transition\">Read More<\/span><i class=\"mpc-button__icon mpc-transition \"><\/i><\/div><div class=\"mpc-button__background mpc-transition mpc-effect-type--fade mpc-effect-side--in\"><\/div><\/a><\/div><\/div><\/div><div onclick=\"\" class=\"mpc-post\"><div class=\"mpc-post__wrapper\"><div class=\"mpc-post__thumbnail\" data-mpc_src=\"https:\/\/d3pugrm67vf9n7.cloudfront.net\/wp-content\/uploads\/sites\/22\/2026\/08\/03181934\/Formacion-continua-1024x1024.png\" data-mpc_link=\"https:\/\/www.feyalegria.org\/argentina\/fe-y-alegria-y-unir\/\"><div class=\"mpc-post__overlay mpc-transition\"><div class=\"mpc-post--vertical-wrap\"><div class=\"mpc-post--vertical\" data-mpc_link=\"https:\/\/www.feyalegria.org\/argentina\/fe-y-alegria-y-unir\/\"><a href=\"https:\/\/d3pugrm67vf9n7.cloudfront.net\/wp-content\/uploads\/sites\/22\/2026\/08\/03181934\/Formacion-continua.png\" title=\"Fe y Alegr\u00eda y UNIR: fortaleciendo la formaci\u00f3n del equipo\" class=\"mpc-lightbox mpc-icon-anchor mpc-magnific-popup\"><\/a><a href=\"https:\/\/www.feyalegria.org\/argentina\/fe-y-alegria-y-unir\/\" title=\"Read more about Fe y Alegr\u00eda y UNIR: fortaleciendo la formaci\u00f3n del equipo\" class=\"mpc-icon-anchor\"><\/a><\/div><\/div><\/div><\/div><div class=\"mpc-post__content mpc-transition\"><span class=\"mpc-post__date mpc-date__wrapper\"><a href=\"https:\/\/www.feyalegria.org\/argentina\/2026\/08\/03\/\"><div class=\"mpc-date__days\">03<\/div><div class=\"mpc-date__month\">Ago<\/div><\/a><\/span><div class=\"mpc-wrapper\"><h3 class=\"mpc-post__heading mpc-transition mpc-typography--preset_5 mpc-text-overflow\"><a href=\"https:\/\/www.feyalegria.org\/argentina\/fe-y-alegria-y-unir\/\" title=\"Fe y Alegr\u00eda y UNIR: fortaleciendo la formaci\u00f3n del equipo\">Fe y Alegr\u00eda y UNIR: fortaleciendo la formaci\u00f3n del equipo<\/a><\/h3><div class=\"mpc-post__meta mpc-transition\"><span class=\"mpc-post__tax\">in <a href=\"https:\/\/www.feyalegria.org\/argentina\/category\/educacion\/\" rel=\"category tag\">Educaci\u00f3n<\/a>, <a href=\"https:\/\/www.feyalegria.org\/argentina\/category\/noticias-es\/\" rel=\"category tag\">Noticias<\/a><\/span><\/div><\/div><div class=\"mpc-post__description\">Doce referentes de Fe y Alegr\u00eda Argentina fortalecen su formaci\u00f3n gracias al convenio con UNIR. El convenio Federativo con la Universidad Internacional de La Rioja sigue impulsando el desarrollo profesional de nuestro equipos.<\/div><a href=\"https:\/\/www.feyalegria.org\/argentina\/fe-y-alegria-y-unir\/\" title=\"Fe y Alegr\u00eda y UNIR: fortaleciendo la formaci\u00f3n del equipo\"  class=\"mpc-button mpc-init mpc-transition mpc-display--block \" ><div class=\"mpc-button__content mpc-effect-type--stay mpc-effect-side--right\"><span class=\"mpc-button__title mpc-transition\">Read More<\/span><i class=\"mpc-button__icon mpc-transition \"><\/i><\/div><div class=\"mpc-button__background mpc-transition mpc-effect-type--fade mpc-effect-side--in\"><\/div><\/a><\/div><\/div><\/div><div onclick=\"\" class=\"mpc-post\"><div class=\"mpc-post__wrapper\"><div class=\"mpc-post__thumbnail\" data-mpc_src=\"https:\/\/d3pugrm67vf9n7.cloudfront.net\/wp-content\/uploads\/sites\/22\/2026\/08\/03171145\/CPI-FeyAlegria-Quilmes-3-1024x576.png\" data-mpc_link=\"https:\/\/www.feyalegria.org\/argentina\/cpi-mariadelujan-quilmes\/\"><div class=\"mpc-post__overlay mpc-transition\"><div class=\"mpc-post--vertical-wrap\"><div class=\"mpc-post--vertical\" data-mpc_link=\"https:\/\/www.feyalegria.org\/argentina\/cpi-mariadelujan-quilmes\/\"><a href=\"https:\/\/d3pugrm67vf9n7.cloudfront.net\/wp-content\/uploads\/sites\/22\/2026\/08\/03171145\/CPI-FeyAlegria-Quilmes-3.png\" title=\"Entrevistas | Yanina Fern\u00e1ndez, CPI &#8220;Mar\u00eda de Luj\u00e1n&#8221; en Quilmes\" class=\"mpc-lightbox mpc-icon-anchor mpc-magnific-popup\"><\/a><a href=\"https:\/\/www.feyalegria.org\/argentina\/cpi-mariadelujan-quilmes\/\" title=\"Read more about Entrevistas | Yanina Fern\u00e1ndez, CPI &#8220;Mar\u00eda de Luj\u00e1n&#8221; en Quilmes\" class=\"mpc-icon-anchor\"><\/a><\/div><\/div><\/div><\/div><div class=\"mpc-post__content mpc-transition\"><span class=\"mpc-post__date mpc-date__wrapper\"><a href=\"https:\/\/www.feyalegria.org\/argentina\/2026\/08\/03\/\"><div class=\"mpc-date__days\">03<\/div><div class=\"mpc-date__month\">Ago<\/div><\/a><\/span><div class=\"mpc-wrapper\"><h3 class=\"mpc-post__heading mpc-transition mpc-typography--preset_5 mpc-text-overflow\"><a href=\"https:\/\/www.feyalegria.org\/argentina\/cpi-mariadelujan-quilmes\/\" title=\"Entrevistas | Yanina Fern\u00e1ndez, CPI &#8220;Mar\u00eda de Luj\u00e1n&#8221; en Quilmes\">Entrevistas | Yanina Fern\u00e1ndez, CPI &#8220;Mar\u00eda de Luj\u00e1n&#8221; en Quilmes<\/a><\/h3><div class=\"mpc-post__meta mpc-transition\"><span class=\"mpc-post__tax\">in <a href=\"https:\/\/www.feyalegria.org\/argentina\/category\/noticias-es\/\" rel=\"category tag\">Noticias<\/a>, <a href=\"https:\/\/www.feyalegria.org\/argentina\/category\/sin-categoria\/\" rel=\"category tag\">Sin categor\u00eda<\/a><\/span><\/div><\/div><div class=\"mpc-post__description\">Las primeras experiencias dejan huellas para toda la vida. En el Mes de las Infancias, Yanina Fern\u00e1ndez comparte c\u00f3mo el Centro de Primera Infancia Mar\u00eda de Luj\u00e1n acompa\u00f1a a ni\u00f1as, ni\u00f1os y familias desde el amor, la escucha y una educaci\u00f3n de calidad.<\/div><a href=\"https:\/\/www.feyalegria.org\/argentina\/cpi-mariadelujan-quilmes\/\" title=\"Entrevistas \"  class=\"mpc-button mpc-init mpc-transition mpc-display--block \" ><div class=\"mpc-button__content mpc-effect-type--stay mpc-effect-side--right\"><span class=\"mpc-button__title mpc-transition\">Read More<\/span><i class=\"mpc-button__icon mpc-transition \"><\/i><\/div><div class=\"mpc-button__background mpc-transition mpc-effect-type--fade mpc-effect-side--in\"><\/div><\/a><\/div><\/div><\/div><div onclick=\"\" class=\"mpc-post\"><div class=\"mpc-post__wrapper\"><div class=\"mpc-post__thumbnail\" data-mpc_src=\"https:\/\/d3pugrm67vf9n7.cloudfront.net\/wp-content\/uploads\/sites\/22\/2026\/07\/30183635\/ChatGPT-Image-30-jul-2026-15_35_51-1024x819.png\" data-mpc_link=\"https:\/\/www.feyalegria.org\/argentina\/san-ignacio\/\"><div class=\"mpc-post__overlay mpc-transition\"><div class=\"mpc-post--vertical-wrap\"><div class=\"mpc-post--vertical\" data-mpc_link=\"https:\/\/www.feyalegria.org\/argentina\/san-ignacio\/\"><a href=\"https:\/\/d3pugrm67vf9n7.cloudfront.net\/wp-content\/uploads\/sites\/22\/2026\/07\/30183635\/ChatGPT-Image-30-jul-2026-15_35_51.png\" title=\"31 de Julio, San Ignacio de Loyola | Carta de Fernando Anderlic\" class=\"mpc-lightbox mpc-icon-anchor mpc-magnific-popup\"><\/a><a href=\"https:\/\/www.feyalegria.org\/argentina\/san-ignacio\/\" title=\"Read more about 31 de Julio, San Ignacio de Loyola | Carta de Fernando Anderlic\" class=\"mpc-icon-anchor\"><\/a><\/div><\/div><\/div><\/div><div class=\"mpc-post__content mpc-transition\"><span class=\"mpc-post__date mpc-date__wrapper\"><a href=\"https:\/\/www.feyalegria.org\/argentina\/2026\/07\/30\/\"><div class=\"mpc-date__days\">30<\/div><div class=\"mpc-date__month\">Jul<\/div><\/a><\/span><div class=\"mpc-wrapper\"><h3 class=\"mpc-post__heading mpc-transition mpc-typography--preset_5 mpc-text-overflow\"><a href=\"https:\/\/www.feyalegria.org\/argentina\/san-ignacio\/\" title=\"31 de Julio, San Ignacio de Loyola | Carta de Fernando Anderlic\">31 de Julio, San Ignacio de Loyola | Carta de Fernando Anderlic<\/a><\/h3><div class=\"mpc-post__meta mpc-transition\"><span class=\"mpc-post__tax\">in <a href=\"https:\/\/www.feyalegria.org\/argentina\/category\/noticias-es\/\" rel=\"category tag\">Noticias<\/a>, <a href=\"https:\/\/www.feyalegria.org\/argentina\/category\/sin-categoria\/\" rel=\"category tag\">Sin categor\u00eda<\/a><\/span><\/div><\/div><div class=\"mpc-post__description\">Fe y Alegr\u00eda se detiene y se toma un tiempo para mirar su identidad, que echa ra\u00edces, en Argentina, en la educaci\u00f3n popular y en la espiritualidad ignaciana.<\/div><a href=\"https:\/\/www.feyalegria.org\/argentina\/san-ignacio\/\" title=\"31 de Julio, San Ignacio de Loyola \"  class=\"mpc-button mpc-init mpc-transition mpc-display--block \" ><div class=\"mpc-button__content mpc-effect-type--stay mpc-effect-side--right\"><span class=\"mpc-button__title mpc-transition\">Read More<\/span><i class=\"mpc-button__icon mpc-transition \"><\/i><\/div><div class=\"mpc-button__background mpc-transition mpc-effect-type--fade mpc-effect-side--in\"><\/div><\/a><\/div><\/div><\/div><div onclick=\"\" class=\"mpc-post\"><div class=\"mpc-post__wrapper\"><div class=\"mpc-post__thumbnail\" data-mpc_src=\"https:\/\/d3pugrm67vf9n7.cloudfront.net\/wp-content\/uploads\/sites\/22\/2026\/07\/17192932\/Foto-destacada.png\" data-mpc_link=\"https:\/\/www.feyalegria.org\/argentina\/fue-madre-joven-dejo-sus-estudios-y-anos-despues-volvio-para-convertirse-en-profesora\/\"><div class=\"mpc-post__overlay mpc-transition\"><div class=\"mpc-post--vertical-wrap\"><div class=\"mpc-post--vertical\" data-mpc_link=\"https:\/\/www.feyalegria.org\/argentina\/fue-madre-joven-dejo-sus-estudios-y-anos-despues-volvio-para-convertirse-en-profesora\/\"><a href=\"https:\/\/d3pugrm67vf9n7.cloudfront.net\/wp-content\/uploads\/sites\/22\/2026\/07\/17192932\/Foto-destacada.png\" title=\"Latidos que inspiran | Volvi\u00f3 a estudiar de grande y transform\u00f3 su vida\" class=\"mpc-lightbox mpc-icon-anchor mpc-magnific-popup\"><\/a><a href=\"https:\/\/www.feyalegria.org\/argentina\/fue-madre-joven-dejo-sus-estudios-y-anos-despues-volvio-para-convertirse-en-profesora\/\" title=\"Read more about Latidos que inspiran | Volvi\u00f3 a estudiar de grande y transform\u00f3 su vida\" class=\"mpc-icon-anchor\"><\/a><\/div><\/div><\/div><\/div><div class=\"mpc-post__content mpc-transition\"><span class=\"mpc-post__date mpc-date__wrapper\"><a href=\"https:\/\/www.feyalegria.org\/argentina\/2026\/07\/17\/\"><div class=\"mpc-date__days\">17<\/div><div class=\"mpc-date__month\">Jul<\/div><\/a><\/span><div class=\"mpc-wrapper\"><h3 class=\"mpc-post__heading mpc-transition mpc-typography--preset_5 mpc-text-overflow\"><a href=\"https:\/\/www.feyalegria.org\/argentina\/fue-madre-joven-dejo-sus-estudios-y-anos-despues-volvio-para-convertirse-en-profesora\/\" title=\"Latidos que inspiran | Volvi\u00f3 a estudiar de grande y transform\u00f3 su vida\">Latidos que inspiran | Volvi\u00f3 a estudiar de grande y transform\u00f3 su vida<\/a><\/h3><div class=\"mpc-post__meta mpc-transition\"><span class=\"mpc-post__tax\">in <a href=\"https:\/\/www.feyalegria.org\/argentina\/category\/latidos-que-inspiran\/\" rel=\"category tag\">Latidos que inspiran<\/a>, <a href=\"https:\/\/www.feyalegria.org\/argentina\/category\/noticias-es\/\" rel=\"category tag\">Noticias<\/a>, <a href=\"https:\/\/www.feyalegria.org\/argentina\/category\/sin-categoria\/\" rel=\"category tag\">Sin categor\u00eda<\/a><\/span><\/div><\/div><div class=\"mpc-post__description\">La historia de Virgina Merlo, en Fe y Alegr\u00eda San Mart\u00edn, inspira a sus estudiantes y colegas. Nacida en una familia numerosa y con mucha necesidad, a los 22 dej\u00f3 sus estudios para ser mam\u00e1.<\/div><a href=\"https:\/\/www.feyalegria.org\/argentina\/fue-madre-joven-dejo-sus-estudios-y-anos-despues-volvio-para-convertirse-en-profesora\/\" title=\"Latidos que inspiran \"  class=\"mpc-button mpc-init mpc-transition mpc-display--block \" ><div class=\"mpc-button__content mpc-effect-type--stay mpc-effect-side--right\"><span class=\"mpc-button__title mpc-transition\">Read More<\/span><i class=\"mpc-button__icon mpc-transition \"><\/i><\/div><div class=\"mpc-button__background mpc-transition mpc-effect-type--fade mpc-effect-side--in\"><\/div><\/a><\/div><\/div><\/div><\/div><script type=\"text\/javascript\">var _mpc_grid_posts_706a95321027fc1_atts = {\"cols\":\"4\",\"gap\":\"20\",\"order\":\"DESC\",\"layout\":\"style_3\",\"thumb_height\":\"300\",\"title_font_preset\":\"preset_5\",\"title_font_size\":\"14\",\"title_font_line_height\":\"1.5\",\"title_font_align\":\"left\",\"mpc_button__preset\":\"default\",\"mpc_button__block\":\"true\",\"mpc_button__font_color\":\"#ffffff\",\"mpc_button__font_size\":\"16\",\"mpc_button__font_transform\":\"none\",\"mpc_button__font_align\":\"center\",\"mpc_button__icon_color\":\"#ffffff\",\"mpc_button__icon_size\":\"20\",\"mpc_button__icon_effect\":\"stay-right\",\"mpc_button__icon_gap\":\"5\",\"mpc_button__background_color\":\"#aa0f16\",\"mpc_button__border_css\":\"border-radius:15px;\",\"mpc_button__padding_divider\":\"true\",\"mpc_button__hover_icon_color\":\"#ffffff\",\"mpc_pagination__preset\":\"default\",\"mpc_pagination__padding_divider\":\"true\",\"mpc_pagination__pag_margin_divider\":\"true\"}, _mpc_grid_posts_706a95321027fc1_query = {\"post_type\":\"post\",\"taxonomies\":\"\",\"ids\":\"\",\"order\":\"DESC\",\"include_exclude_type\":\"include\",\"orderby\":\"date\",\"items_number\":\"6\",\"target\":\"mpc_grid_posts_706a95321027fc1\",\"callback\":\"MPC_Grid_Posts\"};<\/script><div class=\"mpc-pagination mpc-init mpc-pagination--load-more mpc-pagination-preset--default mpc-align--center \" data-grid=\"mpc_grid_posts_706a95321027fc1\" data-current=\"1\" data-pages=\"9\" data-type=\"load-more\" data-preset=\"default\"><a class=\"mpc-typography--default mpc-pagination__link mpc-transition\" href=\"#load-more\"><div class=\"mpc-pagination__content mpc-effect-type--stay mpc-effect-side--right\"><span class=\"mpc-pagination__title mpc-transition\">Ver m\u00e1s<\/span><i class=\"mpc-pagination__icon mpc-transition  mi mi-chevron_right\"><\/i><\/div><div class=\"mpc-pagination__background mpc-transition mpc-effect-type--fade mpc-effect-side--in\"><\/div><\/a><\/div><div id=\"mpc_grid_posts_216a95321032cff\" class=\"mpc-grid-posts mpc-init mpc-init mpc-transition mpc-overlay--slide-down mpc-item--fade mpc-layout--style_3  \"  data-grid-cols=\"4\"><div class=\"mpc-grid-sizer\"><\/div><div onclick=\"\" class=\"mpc-post\"><div class=\"mpc-post__wrapper\"><div class=\"mpc-post__thumbnail mpc-post__thumbnail-full\" data-mpc_link=\"https:\/\/www.feyalegria.org\/argentina\/primer-encuentro-nacional-docente-de-fe-y-alegria-argentina\/\"><img decoding=\"async\" src=\"https:\/\/d3pugrm67vf9n7.cloudfront.net\/wp-content\/uploads\/sites\/22\/2026\/08\/24215059\/Boletin-1.png\" alt=\"\" \/><div class=\"mpc-post__overlay mpc-transition\"><div class=\"mpc-post--vertical-wrap\"><div class=\"mpc-post--vertical\" data-mpc_link=\"https:\/\/www.feyalegria.org\/argentina\/primer-encuentro-nacional-docente-de-fe-y-alegria-argentina\/\"><\/div><\/div><\/div><\/div><div class=\"mpc-post__content mpc-transition\"><div class=\"mpc-wrapper\"><h3 class=\"mpc-post__heading mpc-transition mpc-typography--preset_5\"><a href=\"https:\/\/www.feyalegria.org\/argentina\/primer-encuentro-nacional-docente-de-fe-y-alegria-argentina\/\" title=\"1\u00b0 Encuentro Nacional Docente: celebramos 30 a\u00f1os de Fe y Alegr\u00eda en Argentina\">1\u00b0 Encuentro Nacional Docente: celebramos 30 a\u00f1os de Fe y Alegr\u00eda en Argentina<\/a><\/h3><\/div><div class=\"mpc-post__description mpc-typography--default\">Resistencia, Chaco, ser\u00e1 la sede de un encuentro hist\u00f3rico: el mismo lugar donde se encendi\u00f3 \u201cla chispa\u201d de nuestro movimiento de educaci\u00f3n popular, extendi\u00e9ndose hoy hasta localidades de toda la Argentina.<\/div><a href=\"https:\/\/www.feyalegria.org\/argentina\/primer-encuentro-nacional-docente-de-fe-y-alegria-argentina\/\" title=\"1\u00b0 Encuentro Nacional Docente: celebramos 30 a\u00f1os de Fe y Alegr\u00eda en Argentina\"  class=\"mpc-button mpc-init mpc-transition mpc-display--block \" ><div class=\"mpc-button__content mpc-effect-type--none mpc-effect-side--none\"><span class=\"mpc-button__title mpc-transition\">Centros Educativos Zona Andes<\/span><\/div><div class=\"mpc-button__background mpc-transition mpc-effect-type--fade mpc-effect-side--in\"><\/div><\/a><\/div><\/div><\/div><div onclick=\"\" class=\"mpc-post\"><div class=\"mpc-post__wrapper\"><div class=\"mpc-post__thumbnail mpc-post__thumbnail-full\" data-mpc_link=\"https:\/\/www.feyalegria.org\/argentina\/san-martin-podcast\/\"><img decoding=\"async\" src=\"https:\/\/d3pugrm67vf9n7.cloudfront.net\/wp-content\/uploads\/sites\/22\/2026\/08\/04235601\/Portadas-de-Arranca-con-fuerza-2025-8-1024x1024.png\" alt=\"\" \/><div class=\"mpc-post__overlay mpc-transition\"><div class=\"mpc-post--vertical-wrap\"><div class=\"mpc-post--vertical\" data-mpc_link=\"https:\/\/www.feyalegria.org\/argentina\/san-martin-podcast\/\"><\/div><\/div><\/div><\/div><div class=\"mpc-post__content mpc-transition\"><div class=\"mpc-wrapper\"><h3 class=\"mpc-post__heading mpc-transition mpc-typography--preset_5\"><a href=\"https:\/\/www.feyalegria.org\/argentina\/san-martin-podcast\/\" title=\"San Mart\u00edn: un podcast para charlar sobre nuestra identidad\">San Mart\u00edn: un podcast para charlar sobre nuestra identidad<\/a><\/h3><\/div><div class=\"mpc-post__description mpc-typography--default\">\u00bfQui\u00e9n soy? \u00bfA qu\u00e9 lugar pertenezco? \u00bfQu\u00e9 es lo que me hace sentir en casa? En TEMAG - Fe y Alegr\u00eda, nuestro CENS de San Mart\u00edn, esas preguntas encontraron un espacio propio para ser dichas, escuchadas y pensadas en comunidad: un micr\u00f3fono, una mesa compartida entre estudiantes y docentes, y las ganas de pensar juntos qu\u00e9 hace a nuestra identidad.<\/div><a href=\"https:\/\/www.feyalegria.org\/argentina\/san-martin-podcast\/\" title=\"San Mart\u00edn: un podcast para charlar sobre nuestra identidad\"  class=\"mpc-button mpc-init mpc-transition mpc-display--block \" ><div class=\"mpc-button__content mpc-effect-type--none mpc-effect-side--none\"><span class=\"mpc-button__title mpc-transition\">Centros Educativos Zona Andes<\/span><\/div><div class=\"mpc-button__background mpc-transition mpc-effect-type--fade mpc-effect-side--in\"><\/div><\/a><\/div><\/div><\/div><div onclick=\"\" class=\"mpc-post\"><div class=\"mpc-post__wrapper\"><div class=\"mpc-post__thumbnail mpc-post__thumbnail-full\" data-mpc_link=\"https:\/\/www.feyalegria.org\/argentina\/fe-y-alegria-y-unir\/\"><img decoding=\"async\" src=\"https:\/\/d3pugrm67vf9n7.cloudfront.net\/wp-content\/uploads\/sites\/22\/2026\/08\/03181934\/Formacion-continua-1024x1024.png\" alt=\"\" \/><div class=\"mpc-post__overlay mpc-transition\"><div class=\"mpc-post--vertical-wrap\"><div class=\"mpc-post--vertical\" data-mpc_link=\"https:\/\/www.feyalegria.org\/argentina\/fe-y-alegria-y-unir\/\"><\/div><\/div><\/div><\/div><div class=\"mpc-post__content mpc-transition\"><div class=\"mpc-wrapper\"><h3 class=\"mpc-post__heading mpc-transition mpc-typography--preset_5\"><a href=\"https:\/\/www.feyalegria.org\/argentina\/fe-y-alegria-y-unir\/\" title=\"Fe y Alegr\u00eda y UNIR: fortaleciendo la formaci\u00f3n del equipo\">Fe y Alegr\u00eda y UNIR: fortaleciendo la formaci\u00f3n del equipo<\/a><\/h3><\/div><div class=\"mpc-post__description mpc-typography--default\">Doce referentes de Fe y Alegr\u00eda Argentina fortalecen su formaci\u00f3n gracias al convenio con UNIR. El convenio Federativo con la Universidad Internacional de La Rioja sigue impulsando el desarrollo profesional de nuestro equipos.<\/div><a href=\"https:\/\/www.feyalegria.org\/argentina\/fe-y-alegria-y-unir\/\" title=\"Fe y Alegr\u00eda y UNIR: fortaleciendo la formaci\u00f3n del equipo\"  class=\"mpc-button mpc-init mpc-transition mpc-display--block \" ><div class=\"mpc-button__content mpc-effect-type--none mpc-effect-side--none\"><span class=\"mpc-button__title mpc-transition\">Centros Educativos Zona Andes<\/span><\/div><div class=\"mpc-button__background mpc-transition mpc-effect-type--fade mpc-effect-side--in\"><\/div><\/a><\/div><\/div><\/div><div onclick=\"\" class=\"mpc-post\"><div class=\"mpc-post__wrapper\"><div class=\"mpc-post__thumbnail mpc-post__thumbnail-full\" data-mpc_link=\"https:\/\/www.feyalegria.org\/argentina\/cpi-mariadelujan-quilmes\/\"><img decoding=\"async\" src=\"https:\/\/d3pugrm67vf9n7.cloudfront.net\/wp-content\/uploads\/sites\/22\/2026\/08\/03171145\/CPI-FeyAlegria-Quilmes-3-1024x576.png\" alt=\"\" \/><div class=\"mpc-post__overlay mpc-transition\"><div class=\"mpc-post--vertical-wrap\"><div class=\"mpc-post--vertical\" data-mpc_link=\"https:\/\/www.feyalegria.org\/argentina\/cpi-mariadelujan-quilmes\/\"><\/div><\/div><\/div><\/div><div class=\"mpc-post__content mpc-transition\"><div class=\"mpc-wrapper\"><h3 class=\"mpc-post__heading mpc-transition mpc-typography--preset_5\"><a href=\"https:\/\/www.feyalegria.org\/argentina\/cpi-mariadelujan-quilmes\/\" title=\"Entrevistas | Yanina Fern\u00e1ndez, CPI &#8220;Mar\u00eda de Luj\u00e1n&#8221; en Quilmes\">Entrevistas | Yanina Fern\u00e1ndez, CPI &#8220;Mar\u00eda de Luj\u00e1n&#8221; en Quilmes<\/a><\/h3><\/div><div class=\"mpc-post__description mpc-typography--default\">Las primeras experiencias dejan huellas para toda la vida. En el Mes de las Infancias, Yanina Fern\u00e1ndez comparte c\u00f3mo el Centro de Primera Infancia Mar\u00eda de Luj\u00e1n acompa\u00f1a a ni\u00f1as, ni\u00f1os y familias desde el amor, la escucha y una educaci\u00f3n de calidad.<\/div><a href=\"https:\/\/www.feyalegria.org\/argentina\/cpi-mariadelujan-quilmes\/\" title=\"Entrevistas \"  class=\"mpc-button mpc-init mpc-transition mpc-display--block \" ><div class=\"mpc-button__content mpc-effect-type--none mpc-effect-side--none\"><span class=\"mpc-button__title mpc-transition\">Centros Educativos Zona Andes<\/span><\/div><div class=\"mpc-button__background mpc-transition mpc-effect-type--fade mpc-effect-side--in\"><\/div><\/a><\/div><\/div><\/div><div onclick=\"\" class=\"mpc-post\"><div class=\"mpc-post__wrapper\"><div class=\"mpc-post__thumbnail mpc-post__thumbnail-full\" data-mpc_link=\"https:\/\/www.feyalegria.org\/argentina\/san-ignacio\/\"><img decoding=\"async\" src=\"https:\/\/d3pugrm67vf9n7.cloudfront.net\/wp-content\/uploads\/sites\/22\/2026\/07\/30183635\/ChatGPT-Image-30-jul-2026-15_35_51-1024x819.png\" alt=\"\" \/><div class=\"mpc-post__overlay mpc-transition\"><div class=\"mpc-post--vertical-wrap\"><div class=\"mpc-post--vertical\" data-mpc_link=\"https:\/\/www.feyalegria.org\/argentina\/san-ignacio\/\"><\/div><\/div><\/div><\/div><div class=\"mpc-post__content mpc-transition\"><div class=\"mpc-wrapper\"><h3 class=\"mpc-post__heading mpc-transition mpc-typography--preset_5\"><a href=\"https:\/\/www.feyalegria.org\/argentina\/san-ignacio\/\" title=\"31 de Julio, San Ignacio de Loyola | Carta de Fernando Anderlic\">31 de Julio, San Ignacio de Loyola | Carta de Fernando Anderlic<\/a><\/h3><\/div><div class=\"mpc-post__description mpc-typography--default\">Fe y Alegr\u00eda se detiene y se toma un tiempo para mirar su identidad, que echa ra\u00edces, en Argentina, en la educaci\u00f3n popular y en la espiritualidad ignaciana.<\/div><a href=\"https:\/\/www.feyalegria.org\/argentina\/san-ignacio\/\" title=\"31 de Julio, San Ignacio de Loyola \"  class=\"mpc-button mpc-init mpc-transition mpc-display--block \" ><div class=\"mpc-button__content mpc-effect-type--none mpc-effect-side--none\"><span class=\"mpc-button__title mpc-transition\">Centros Educativos Zona Andes<\/span><\/div><div class=\"mpc-button__background mpc-transition mpc-effect-type--fade mpc-effect-side--in\"><\/div><\/a><\/div><\/div><\/div><div onclick=\"\" class=\"mpc-post\"><div class=\"mpc-post__wrapper\"><div class=\"mpc-post__thumbnail mpc-post__thumbnail-full\" data-mpc_link=\"https:\/\/www.feyalegria.org\/argentina\/fue-madre-joven-dejo-sus-estudios-y-anos-despues-volvio-para-convertirse-en-profesora\/\"><img decoding=\"async\" src=\"https:\/\/d3pugrm67vf9n7.cloudfront.net\/wp-content\/uploads\/sites\/22\/2026\/07\/17192932\/Foto-destacada.png\" alt=\"\" \/><div class=\"mpc-post__overlay mpc-transition\"><div class=\"mpc-post--vertical-wrap\"><div class=\"mpc-post--vertical\" data-mpc_link=\"https:\/\/www.feyalegria.org\/argentina\/fue-madre-joven-dejo-sus-estudios-y-anos-despues-volvio-para-convertirse-en-profesora\/\"><\/div><\/div><\/div><\/div><div class=\"mpc-post__content mpc-transition\"><div class=\"mpc-wrapper\"><h3 class=\"mpc-post__heading mpc-transition mpc-typography--preset_5\"><a href=\"https:\/\/www.feyalegria.org\/argentina\/fue-madre-joven-dejo-sus-estudios-y-anos-despues-volvio-para-convertirse-en-profesora\/\" title=\"Latidos que inspiran | Volvi\u00f3 a estudiar de grande y transform\u00f3 su vida\">Latidos que inspiran | Volvi\u00f3 a estudiar de grande y transform\u00f3 su vida<\/a><\/h3><\/div><div class=\"mpc-post__description mpc-typography--default\">La historia de Virgina Merlo, en Fe y Alegr\u00eda San Mart\u00edn, inspira a sus estudiantes y colegas. Nacida en una familia numerosa y con mucha necesidad, a los 22 dej\u00f3 sus estudios para ser mam\u00e1.<\/div><a href=\"https:\/\/www.feyalegria.org\/argentina\/fue-madre-joven-dejo-sus-estudios-y-anos-despues-volvio-para-convertirse-en-profesora\/\" title=\"Latidos que inspiran \"  class=\"mpc-button mpc-init mpc-transition mpc-display--block \" ><div class=\"mpc-button__content mpc-effect-type--none mpc-effect-side--none\"><span class=\"mpc-button__title mpc-transition\">Centros Educativos Zona Andes<\/span><\/div><div class=\"mpc-button__background mpc-transition mpc-effect-type--fade mpc-effect-side--in\"><\/div><\/a><\/div><\/div><\/div><\/div><script type=\"text\/javascript\">var _mpc_grid_posts_216a95321032cff_atts = {\"cols\":\"4\",\"gap\":\"20\",\"order\":\"DESC\",\"layout\":\"style_3\",\"tiles_size\":\"full\",\"title_overflow\":\"true\",\"title_font_preset\":\"preset_5\",\"title_font_color\":\"#cc0000\",\"title_font_size\":\"16\",\"title_font_line_height\":\"1.7\",\"title_font_transform\":\"uppercase\",\"title_font_align\":\"center\",\"meta_layout\":\"\",\"meta_font_preset\":\"default\",\"meta_font_color\":\"#333333\",\"meta_font_size\":\"14\",\"meta_font_line_height\":\"1.5\",\"meta_font_transform\":\"none\",\"meta_font_align\":\"center\",\"meta_link_color\":\"#777777\",\"meta_separator\":\"\",\"meta_tax_separator\":\"\",\"description_font_preset\":\"default\",\"background_color\":\"#f3f3f3\",\"border_css\":\"border-color:#f7f7f7;border-radius:5px;\",\"padding_divider\":\"true\",\"padding_css\":\"padding-top:17px;padding-bottom:17px;\",\"overlay_effect\":\"slide-down\",\"overlay_color\":\"\",\"lightbox_disable\":\"true\",\"readmore_disable\":\"true\",\"readmore_icon\":\"etl etl-attachment\",\"readmore_icon_color\":\"#555555\",\"readmore_icon_size\":\"48\",\"hover_readmore_color\":\"#333333\",\"mpc_button__block\":\"true\",\"mpc_button__font_color\":\"#ffffff\",\"mpc_button__font_size\":\"20\",\"mpc_button__title\":\"Centros Educativos Zona Andes\",\"mpc_button__background_color\":\"#cc0000\",\"mpc_button__border_css\":\"border-radius:4px;\",\"mpc_button__padding_divider\":\"true\",\"mpc_button__hover_font_color\":\"#ffffff\",\"mpc_button__hover_background_color\":\"#f3f3f3\",\"mpc_pagination__preset\":\"default\",\"mpc_pagination__padding_divider\":\"true\",\"mpc_pagination__pag_margin_divider\":\"true\"}, _mpc_grid_posts_216a95321032cff_query = {\"post_type\":\"post\",\"taxonomies\":\"\",\"ids\":\"\",\"order\":\"DESC\",\"include_exclude_type\":\"include\",\"orderby\":\"date\",\"items_number\":\"6\",\"target\":\"mpc_grid_posts_216a95321032cff\",\"callback\":\"MPC_Grid_Posts\"};<\/script><div class=\"mpc-pagination mpc-init mpc-pagination--load-more mpc-pagination-preset--default mpc-align--center \" data-grid=\"mpc_grid_posts_216a95321032cff\" data-current=\"1\" data-pages=\"9\" data-type=\"load-more\" data-preset=\"default\"><a class=\"mpc-typography--default mpc-pagination__link mpc-transition\" href=\"#load-more\"><div class=\"mpc-pagination__content mpc-effect-type--stay mpc-effect-side--right\"><span class=\"mpc-pagination__title mpc-transition\">Ver m\u00e1s<\/span><i class=\"mpc-pagination__icon mpc-transition  mi mi-chevron_right\"><\/i><\/div><div class=\"mpc-pagination__background mpc-transition mpc-effect-type--fade mpc-effect-side--in\"><\/div><\/a><\/div>[vc_basic_grid post_type=&#8221;post&#8221; max_items=&#8221;10&#8243; element_width=&#8221;3&#8243; css=&#8221;&#8221; grid_id=&#8221;vc_gid:1761693524087-d9907a2a-ae43-2&#8243;][\/vc_column][\/vc_row]<\/p>\n<\/div>","protected":false},"excerpt":{"rendered":"<p>[vc_row content_placement=&#8221;top&#8221; disable_element=&#8221;yes&#8221;][vc_column offset=&#8221;vc_hidden-md vc_hidden-sm vc_hidden-xs&#8221;][vc_tta_tabs style=&#8221;modern&#8221; spacing=&#8221;2&#8243; gap=&#8221;3&#8243; active_section=&#8221;1&#8243;][vc_tta_section title=&#8221;Lo actual&#8221; tab_id=&#8221;1593979817584-8ca41d01-a3cc&#8221;][vc_row_inner css=&#8221;.vc_custom_1607823863880{margin-top: 40px !important;margin-right: 40px !important;margin-left: 40px !important;}&#8221;][vc_column_inner width=&#8221;2\/3&#8243;][vc_masonry_grid post_type=&#8221;post&#8221; max_items=&#8221;8&#8243; style=&#8221;load-more&#8221; items_per_page=&#8221;5&#8243; show_filter=&#8221;yes&#8221; item=&#8221;masonryGrid_SlideFromLeft&#8221; css=&#8221;.vc_custom_1608154654379{padding-right: 20px !important;padding-bottom: 20px !important;padding-left: 20px !important;}&#8221; btn_title=&#8221;Ver m\u00e1s&#8230;&#8221; btn_style=&#8221;outline-custom&#8221; btn_outline_custom_color=&#8221;#727176&#8243; btn_outline_custom_hover_background=&#8221;#aa0f16&#8243; btn_outline_custom_hover_text=&#8221;#ffffff&#8221; btn_size=&#8221;sm&#8221; btn_align=&#8221;center&#8221; grid_id=&#8221;vc_gid:1761693524071-d49dd2bf-055e-6&#8243; taxonomies=&#8221;183&#8243; filter_source=&#8221;category&#8221;][\/vc_column_inner][vc_column_inner width=&#8221;1\/3&#8243; css=&#8221;.vc_custom_1607822007232{background-color: #e3e3e3 !important;}&#8221;][vc_widget_sidebar sidebar_id=&#8221;nicdark_sidebar&#8221;][\/vc_column_inner][\/vc_row_inner][\/vc_tta_section][vc_tta_section title=&#8221;Participaci\u00f3n en Radio&#8221; tab_id=&#8221;1596256719265-1b930e3a-61b1&#8243;][vc_row_inner css=&#8221;.vc_custom_1607823835527{margin-top:<\/p>\n","protected":false},"author":19,"featured_media":0,"parent":0,"menu_order":0,"comment_status":"closed","ping_status":"closed","template":"","meta":{"_acf_changed":false,"rs_blank_template":"","rs_page_bg_color":"","slide_template_v7":"","footnotes":""},"folder":[],"class_list":["post-2328","page","type-page","status-publish","hentry"],"acf":[],"yoast_head":"<!-- This site is optimized with the Yoast SEO plugin v28.3 - https:\/\/yoast.com\/product\/yoast-seo-wordpress\/ -->\n<title>Noticias - #SomosFeyAlegria en Argentina<\/title>\n<meta name=\"robots\" content=\"index, follow, max-snippet:-1, max-image-preview:large, max-video-preview:-1\" \/>\n<link rel=\"canonical\" href=\"https:\/\/www.feyalegria.org\/argentina\/noticias\/\" \/>\n<meta property=\"og:locale\" content=\"es_ES\" \/>\n<meta property=\"og:type\" content=\"article\" \/>\n<meta property=\"og:title\" content=\"Noticias - #SomosFeyAlegria en Argentina\" \/>\n<meta property=\"og:description\" content=\"[vc_row content_placement=&#8221;top&#8221; disable_element=&#8221;yes&#8221;][vc_column offset=&#8221;vc_hidden-md vc_hidden-sm vc_hidden-xs&#8221;][vc_tta_tabs style=&#8221;modern&#8221; spacing=&#8221;2&#8243; gap=&#8221;3&#8243; active_section=&#8221;1&#8243;][vc_tta_section title=&#8221;Lo actual&#8221; tab_id=&#8221;1593979817584-8ca41d01-a3cc&#8221;][vc_row_inner css=&#8221;.vc_custom_1607823863880{margin-top: 40px !important;margin-right: 40px !important;margin-left: 40px !important;}&#8221;][vc_column_inner width=&#8221;2\/3&#8243;][vc_masonry_grid post_type=&#8221;post&#8221; max_items=&#8221;8&#8243; style=&#8221;load-more&#8221; items_per_page=&#8221;5&#8243; show_filter=&#8221;yes&#8221; item=&#8221;masonryGrid_SlideFromLeft&#8221; css=&#8221;.vc_custom_1608154654379{padding-right: 20px !important;padding-bottom: 20px !important;padding-left: 20px !important;}&#8221; btn_title=&#8221;Ver m\u00e1s&#8230;&#8221; btn_style=&#8221;outline-custom&#8221; btn_outline_custom_color=&#8221;#727176&#8243; btn_outline_custom_hover_background=&#8221;#aa0f16&#8243; btn_outline_custom_hover_text=&#8221;#ffffff&#8221; btn_size=&#8221;sm&#8221; btn_align=&#8221;center&#8221; grid_id=&#8221;vc_gid:1761693524071-d49dd2bf-055e-6&#8243; taxonomies=&#8221;183&#8243; filter_source=&#8221;category&#8221;][\/vc_column_inner][vc_column_inner width=&#8221;1\/3&#8243; css=&#8221;.vc_custom_1607822007232{background-color: #e3e3e3 !important;}&#8221;][vc_widget_sidebar sidebar_id=&#8221;nicdark_sidebar&#8221;][\/vc_column_inner][\/vc_row_inner][\/vc_tta_section][vc_tta_section title=&#8221;Participaci\u00f3n en Radio&#8221; tab_id=&#8221;1596256719265-1b930e3a-61b1&#8243;][vc_row_inner css=&#8221;.vc_custom_1607823835527{margin-top:\" \/>\n<meta property=\"og:url\" content=\"https:\/\/www.feyalegria.org\/argentina\/noticias\/\" \/>\n<meta property=\"og:site_name\" content=\"#SomosFeyAlegria en Argentina\" \/>\n<meta property=\"article:modified_time\" content=\"2025-10-28T23:29:25+00:00\" \/>\n<meta name=\"twitter:card\" content=\"summary_large_image\" \/>\n<meta name=\"twitter:label1\" content=\"Tiempo de lectura\" \/>\n\t<meta name=\"twitter:data1\" content=\"7 minutos\" \/>\n<script type=\"application\/ld+json\" class=\"yoast-schema-graph\">{\"@context\":\"https:\\\/\\\/schema.org\",\"@graph\":[{\"@type\":\"WebPage\",\"@id\":\"https:\\\/\\\/www.feyalegria.org\\\/argentina\\\/noticias\\\/\",\"url\":\"https:\\\/\\\/www.feyalegria.org\\\/argentina\\\/noticias\\\/\",\"name\":\"Noticias - #SomosFeyAlegria en Argentina\",\"isPartOf\":{\"@id\":\"https:\\\/\\\/www.feyalegria.org\\\/argentina\\\/#website\"},\"datePublished\":\"2020-12-12T02:25:11+00:00\",\"dateModified\":\"2025-10-28T23:29:25+00:00\",\"breadcrumb\":{\"@id\":\"https:\\\/\\\/www.feyalegria.org\\\/argentina\\\/noticias\\\/#breadcrumb\"},\"inLanguage\":\"es-CO\",\"potentialAction\":[{\"@type\":\"ReadAction\",\"target\":[\"https:\\\/\\\/www.feyalegria.org\\\/argentina\\\/noticias\\\/\"]}]},{\"@type\":\"BreadcrumbList\",\"@id\":\"https:\\\/\\\/www.feyalegria.org\\\/argentina\\\/noticias\\\/#breadcrumb\",\"itemListElement\":[{\"@type\":\"ListItem\",\"position\":1,\"name\":\"Home\",\"item\":\"https:\\\/\\\/www.feyalegria.org\\\/argentina\\\/\"},{\"@type\":\"ListItem\",\"position\":2,\"name\":\"Noticias\"}]},{\"@type\":\"WebSite\",\"@id\":\"https:\\\/\\\/www.feyalegria.org\\\/argentina\\\/#website\",\"url\":\"https:\\\/\\\/www.feyalegria.org\\\/argentina\\\/\",\"name\":\"#SomosFeyAlegria en Argentina\",\"description\":\"\",\"potentialAction\":[{\"@type\":\"SearchAction\",\"target\":{\"@type\":\"EntryPoint\",\"urlTemplate\":\"https:\\\/\\\/www.feyalegria.org\\\/argentina\\\/?s={search_term_string}\"},\"query-input\":{\"@type\":\"PropertyValueSpecification\",\"valueRequired\":true,\"valueName\":\"search_term_string\"}}],\"inLanguage\":\"es-CO\"}]}<\/script>\n<!-- \/ Yoast SEO plugin. -->","yoast_head_json":{"title":"Noticias - #SomosFeyAlegria en Argentina","robots":{"index":"index","follow":"follow","max-snippet":"max-snippet:-1","max-image-preview":"max-image-preview:large","max-video-preview":"max-video-preview:-1"},"canonical":"https:\/\/www.feyalegria.org\/argentina\/noticias\/","og_locale":"es_ES","og_type":"article","og_title":"Noticias - #SomosFeyAlegria en Argentina","og_description":"[vc_row content_placement=&#8221;top&#8221; disable_element=&#8221;yes&#8221;][vc_column offset=&#8221;vc_hidden-md vc_hidden-sm vc_hidden-xs&#8221;][vc_tta_tabs style=&#8221;modern&#8221; spacing=&#8221;2&#8243; gap=&#8221;3&#8243; active_section=&#8221;1&#8243;][vc_tta_section title=&#8221;Lo actual&#8221; tab_id=&#8221;1593979817584-8ca41d01-a3cc&#8221;][vc_row_inner css=&#8221;.vc_custom_1607823863880{margin-top: 40px !important;margin-right: 40px !important;margin-left: 40px !important;}&#8221;][vc_column_inner width=&#8221;2\/3&#8243;][vc_masonry_grid post_type=&#8221;post&#8221; max_items=&#8221;8&#8243; style=&#8221;load-more&#8221; items_per_page=&#8221;5&#8243; show_filter=&#8221;yes&#8221; item=&#8221;masonryGrid_SlideFromLeft&#8221; css=&#8221;.vc_custom_1608154654379{padding-right: 20px !important;padding-bottom: 20px !important;padding-left: 20px !important;}&#8221; btn_title=&#8221;Ver m\u00e1s&#8230;&#8221; btn_style=&#8221;outline-custom&#8221; btn_outline_custom_color=&#8221;#727176&#8243; btn_outline_custom_hover_background=&#8221;#aa0f16&#8243; btn_outline_custom_hover_text=&#8221;#ffffff&#8221; btn_size=&#8221;sm&#8221; btn_align=&#8221;center&#8221; grid_id=&#8221;vc_gid:1761693524071-d49dd2bf-055e-6&#8243; taxonomies=&#8221;183&#8243; filter_source=&#8221;category&#8221;][\/vc_column_inner][vc_column_inner width=&#8221;1\/3&#8243; css=&#8221;.vc_custom_1607822007232{background-color: #e3e3e3 !important;}&#8221;][vc_widget_sidebar sidebar_id=&#8221;nicdark_sidebar&#8221;][\/vc_column_inner][\/vc_row_inner][\/vc_tta_section][vc_tta_section title=&#8221;Participaci\u00f3n en Radio&#8221; tab_id=&#8221;1596256719265-1b930e3a-61b1&#8243;][vc_row_inner css=&#8221;.vc_custom_1607823835527{margin-top:","og_url":"https:\/\/www.feyalegria.org\/argentina\/noticias\/","og_site_name":"#SomosFeyAlegria en Argentina","article_modified_time":"2025-10-28T23:29:25+00:00","twitter_card":"summary_large_image","twitter_misc":{"Tiempo de lectura":"7 minutos"},"schema":{"@context":"https:\/\/schema.org","@graph":[{"@type":"WebPage","@id":"https:\/\/www.feyalegria.org\/argentina\/noticias\/","url":"https:\/\/www.feyalegria.org\/argentina\/noticias\/","name":"Noticias - #SomosFeyAlegria en Argentina","isPartOf":{"@id":"https:\/\/www.feyalegria.org\/argentina\/#website"},"datePublished":"2020-12-12T02:25:11+00:00","dateModified":"2025-10-28T23:29:25+00:00","breadcrumb":{"@id":"https:\/\/www.feyalegria.org\/argentina\/noticias\/#breadcrumb"},"inLanguage":"es-CO","potentialAction":[{"@type":"ReadAction","target":["https:\/\/www.feyalegria.org\/argentina\/noticias\/"]}]},{"@type":"BreadcrumbList","@id":"https:\/\/www.feyalegria.org\/argentina\/noticias\/#breadcrumb","itemListElement":[{"@type":"ListItem","position":1,"name":"Home","item":"https:\/\/www.feyalegria.org\/argentina\/"},{"@type":"ListItem","position":2,"name":"Noticias"}]},{"@type":"WebSite","@id":"https:\/\/www.feyalegria.org\/argentina\/#website","url":"https:\/\/www.feyalegria.org\/argentina\/","name":"#SomosFeyAlegria en Argentina","description":"","potentialAction":[{"@type":"SearchAction","target":{"@type":"EntryPoint","urlTemplate":"https:\/\/www.feyalegria.org\/argentina\/?s={search_term_string}"},"query-input":{"@type":"PropertyValueSpecification","valueRequired":true,"valueName":"search_term_string"}}],"inLanguage":"es-CO"}]}},"_links":{"self":[{"href":"https:\/\/www.feyalegria.org\/argentina\/wp-json\/wp\/v2\/pages\/2328","targetHints":{"allow":["GET"]}}],"collection":[{"href":"https:\/\/www.feyalegria.org\/argentina\/wp-json\/wp\/v2\/pages"}],"about":[{"href":"https:\/\/www.feyalegria.org\/argentina\/wp-json\/wp\/v2\/types\/page"}],"author":[{"embeddable":true,"href":"https:\/\/www.feyalegria.org\/argentina\/wp-json\/wp\/v2\/users\/19"}],"replies":[{"embeddable":true,"href":"https:\/\/www.feyalegria.org\/argentina\/wp-json\/wp\/v2\/comments?post=2328"}],"version-history":[{"count":0,"href":"https:\/\/www.feyalegria.org\/argentina\/wp-json\/wp\/v2\/pages\/2328\/revisions"}],"wp:attachment":[{"href":"https:\/\/www.feyalegria.org\/argentina\/wp-json\/wp\/v2\/media?parent=2328"}],"wp:term":[{"taxonomy":"folder","embeddable":true,"href":"https:\/\/www.feyalegria.org\/argentina\/wp-json\/wp\/v2\/folder?post=2328"}],"curies":[{"name":"wp","href":"https:\/\/api.w.org\/{rel}","templated":true}]}}