 {"id":2761,"date":"2021-01-17T22:45:57","date_gmt":"2021-01-18T03:45:57","guid":{"rendered":"https:\/\/www.feyalegria.org\/bolivia\/?page_id=2761"},"modified":"2026-03-11T10:10:44","modified_gmt":"2026-03-11T15:10:44","slug":"nuestra-historia","status":"publish","type":"page","link":"https:\/\/www.feyalegria.org\/bolivia\/nuestra-historia\/","title":{"rendered":"Nuestra historia"},"content":{"rendered":"<div class=\"wpb-content-wrapper\"><p>[vc_row][vc_column][vc_images_carousel images=\u00bb10922,10923,10924,10925&#8243; css=\u00bb.vc_custom_1773241840607{margin-top: 40px !important;margin-right: 60px !important;margin-bottom: 40px !important;margin-left: 60px !important;border-top-width: 1px !important;border-right-width: 2px !important;border-bottom-width: 1px !important;border-left-width: 2px !important;padding-top: 20px !important;padding-right: 20px !important;padding-bottom: 20px !important;padding-left: 20px !important;}\u00bb][\/vc_column][\/vc_row][vc_row enable_first_overlay=\u00bbtrue\u00bb first_overlay_opacity=\u00bb15&#8243;][vc_column][vc_column_text]<\/p>\n<h2><span style=\"color: #aa0f16;\">Naci\u00f3 un movimiento<\/span><\/h2>\n<p>[\/vc_column_text]<div style=\"background-color:;height: 40px\" class=\"nicdark_section  \"><\/div>[vc_row_inner][vc_column_inner width=\u00bb2\/3&#8243;][accordion_father active=\u00bb0&#8243;][accordion_son gradientbg=\u00bb\u00bb title=\u00bbM\u00e1s all\u00e1 del asfalto\u00bb clr=\u00bb#aa0f16&#8243; bgclr=\u00bb#f3f3f3&#8243; borderclr=\u00bb#aa0f16&#8243;]<\/p>\n<p align=\"justify\"><span style=\"font-family: 'Fira Sans'; font-size: 12pt;\">El Movimiento de Educaci\u00f3n Popular Integral y Promoci\u00f3n Social Fe y Alegr\u00eda naci\u00f3 en Caracas, Venezuela, en el a\u00f1o 1955 para unir esfuerzos en la creaci\u00f3n de servicios educativos en zonas deprimidas.<\/span><\/p>\n<p align=\"justify\"><span style=\"font-family: 'Fira Sans'; font-size: 12pt;\">La visi\u00f3n audaz del fundador \u2013el Padre jesuita Jos\u00e9 Mar\u00eda V\u00e9laz\u2013 y la colaboraci\u00f3n de numerosas personas y organizaciones lograron cristalizar una obra de rica historia y proyecci\u00f3n al futuro.<\/span><\/p>\n<p align=\"justify\"><span style=\"font-family: 'Fira Sans'; font-size: 12pt;\">El 5 de marzo de 1955 se abrieron las puertas de la primera escuela de Fe y Alegr\u00eda en una barriada marginal del oeste de Caracas.<\/span>[\/accordion_son][accordion_son gradientbg=\u00bb\u00bb title=\u00bbUn Movimiento de Voluntarios\u00bb clr=\u00bb#aa0f16&#8243; bgclr=\u00bb#f3f3f3&#8243; borderclr=\u00bb#aa0f16&#8243;]<\/p>\n<p align=\"justify\"><span style=\"font-family: 'Fira Sans'; font-size: 12pt;\">Gracias al apoyo voluntario de muchas personas, esta visi\u00f3n se consolid\u00f3 sin pensar en el alcance internacional que tendr\u00eda a\u00f1os despu\u00e9s.<\/span><\/p>\n<p align=\"justify\"><span style=\"font-family: 'Fira Sans'; font-size: 12pt;\">El P. V\u00e9laz tuvo el apoyo de estudiantes de la Universidad Andr\u00e9s Bello y uno de los impulsores del Movimiento fue el obrero Abraham Reyes. Junto a su esposa, Patricia, ofreci\u00f3 el hogar donde criaba a 13 hijos para el establecimiento de la primera escuela de Fe y Alegr\u00eda.<\/span><\/p>\n<p align=\"justify\"><span style=\"font-family: 'Fira Sans'; font-size: 12pt;\">El inicio de Fe y Alegr\u00eda se apoya en muchas personas que creyeron en el P. V\u00e9laz y la Educaci\u00f3n Popular, hoy nuestra instituci\u00f3n se mantiene fortalecida gracias al apoyo de voluntarios que tienen fe en nuestro prop\u00f3sito.<\/span><\/p>\n<p>[\/accordion_son][accordion_son gradientbg=\u00bb\u00bb title=\u00bbEl coraz\u00f3n que nos impulsa\u00bb clr=\u00bb#aa0f16&#8243; bgclr=\u00bb#f3f3f3&#8243; borderclr=\u00bb#aa0f16&#8243;]<\/p>\n<p align=\"justify\"><span style=\"font-family: 'Fira Sans'; font-size: 12pt;\">En 1985 se estableci\u00f3 Fe y Alegr\u00eda en Espa\u00f1a como una plataforma de apoyo a los pa\u00edses latinoamericanos y de difusi\u00f3n del trabajo del Movimiento en Europa.<\/span><\/p>\n<p align=\"justify\"><span style=\"font-family: 'Fira Sans'; font-size: 12pt;\">Desde 1999 se redefine su misi\u00f3n para asumir nuevos retos en el campo de la cooperaci\u00f3n al desarrollo, con el nombre de Fundaci\u00f3n Entreculturas &#8211; Fe y Alegr\u00eda.<\/span><\/p>\n<p align=\"justify\"><span style=\"font-family: 'Fira Sans'; font-size: 12pt;\">El Movimiento se extendi\u00f3 luego a Italia y otros pa\u00edses de \u00c1frica y Asia bajo el mismo prop\u00f3sito expresado en nuestro logotipo: un coraz\u00f3n con dos ni\u00f1os y una ni\u00f1a en su interior representando la diversidad, el respeto, la inclusi\u00f3n y la participaci\u00f3n.<\/span><\/p>\n<p align=\"justify\"><img loading=\"lazy\" decoding=\"async\" class=\"wp-image-6276 aligncenter\" src=\"https:\/\/d3pugrm67vf9n7.cloudfront.net\/wp-content\/uploads\/sites\/28\/2023\/02\/09094814\/logo_oficial_albert_sin_banco-3-300x267.png\" alt=\"\" width=\"220\" height=\"196\" srcset=\"https:\/\/d3pugrm67vf9n7.cloudfront.net\/wp-content\/uploads\/sites\/28\/2023\/02\/09094814\/logo_oficial_albert_sin_banco-3-300x267.png 300w, https:\/\/d3pugrm67vf9n7.cloudfront.net\/wp-content\/uploads\/sites\/28\/2023\/02\/09094814\/logo_oficial_albert_sin_banco-3-768x683.png 768w, https:\/\/d3pugrm67vf9n7.cloudfront.net\/wp-content\/uploads\/sites\/28\/2023\/02\/09094814\/logo_oficial_albert_sin_banco-3.png 800w\" sizes=\"auto, (max-width: 220px) 100vw, 220px\" \/><\/p>\n<p>[\/accordion_son][\/accordion_father][\/vc_column_inner][vc_column_inner width=\u00bb1\/3&#8243;][vc_single_image image=\u00bb6372&#8243; img_size=\u00bblarge\u00bb alignment=\u00bbcenter\u00bb][\/vc_column_inner][\/vc_row_inner]<div style=\"background-color:;height: 20px\" class=\"nicdark_section  \"><\/div>[vc_separator][vc_column_text]<\/p>\n<h2><span style=\"color: #aa3716;\">Fe y Alegr\u00eda en Bolivia<\/span><\/h2>\n<p>[\/vc_column_text][vc_row_inner][vc_column_inner width=\u00bb3\/4&#8243;][accordion_father active=\u00bb0&#8243;][accordion_son gradientbg=\u00bb\u00bb clr=\u00bb#aa0f16&#8243; bgclr=\u00bb#f3f3f3&#8243; title=\u00bbNacimos el a\u00f1o 1966&#8243;]<\/p>\n<p align=\"justify\"><span style=\"font-size: 12pt; font-family: 'Fira Sans';\">Fe y Alegr\u00eda tambi\u00e9n lleg\u00f3 a Bolivia.<\/span><\/p>\n<p align=\"justify\"><span style=\"font-size: 12pt; font-family: 'Fira Sans';\">El P. Jos\u00e9 Vidal SJ, p\u00e1rroco de La Merced en Santa Cruz y el P. Victor Blajot SJ, Provincial de la Compa\u00f1\u00eda de Jes\u00fas conversaban en un encuentro en la ciudad de Santa Cruz. \u00a0El P. Vidal sent\u00eda la necesidad de una escuela en la zona, en esta conversaci\u00f3n le dijo al P. Blajot \u00abs\u00e9 que existe una instituci\u00f3n que se llama Fe y Alegr\u00eda y que tiene escuelas. \u00bfNo podr\u00edas ver si vendr\u00edan aqu\u00ed para que construyamos alguna escuela?\u00bb.<\/span><\/p>\n<p align=\"justify\"><span style=\"font-size: 12pt; font-family: 'Fira Sans';\">Al a\u00f1o siguiente, en 1966, gracias al apoyo de la Compa\u00f1\u00eda de Jes\u00fas y el profesor Humberto Portocarrero se comenz\u00f3 a impulsar la idea en la ciudad de La Paz y al mismo tiempo, se crearon las primeras escuelas de Fe y Alegr\u00eda en Cochabamba y Santa Cruz.<\/span><\/p>\n<p align=\"justify\"><span style=\"font-size: 12pt; font-family: 'Fira Sans';\">La propuesta se concret\u00f3 con siete escuelas y 2500 alumnos en La Paz, Santa Cruz, Potos\u00ed, Oruro, Cochabamba y Sucre dando espacio a Fe y Alegr\u00eda Bolivia.<\/span><\/p>\n<p>[\/accordion_son][accordion_son gradientbg=\u00bb\u00bb clr=\u00bb#aa0f16&#8243; bgclr=\u00bb#f3f3f3&#8243; title=\u00bbApoyo de la comunidad\u00bb]<\/p>\n<p align=\"justify\"><span style=\"font-family: 'Fira Sans'; font-size: 12pt;\">Al igual que en Venezuela, fueron los vecinos quienes prestaron sus casas para permitir el funcionamiento de la primera escuela\u201d Copacabana\u201d en la zona de La Portada de La Paz.<\/span><\/p>\n<p align=\"justify\"><span style=\"font-family: 'Fira Sans'; font-size: 12pt;\">El acto solidario de Abraham y Patricia Reyes se replic\u00f3 con Octavio Amarro, un trabajador fabril y padre de ocho hijos. Un vecino de la zona quien junt\u00f3 a toda su familia en un peque\u00f1o espacio de su casa para ceder cinco dependencias como aulas para que se inicie la escuela.<\/span>[\/accordion_son][\/accordion_father][\/vc_column_inner][vc_column_inner width=\u00bb1\/4&#8243;][vc_single_image image=\u00bb10903&#8243; img_size=\u00bblarge\u00bb alignment=\u00bbcenter\u00bb css=\u00bb\u00bb][\/vc_column_inner][\/vc_row_inner][vc_row_inner][vc_column_inner][accordion_father active=\u00bb0&#8243;][accordion_son gradientbg=\u00bb\u00bb title=\u00bbNuestro recorrido\u00bb clr=\u00bb#aa0f16&#8243; bgclr=\u00bb#f3f3f3&#8243; borderclr=\u00bb#aa0f16&#8243;]<\/p>\n<p align=\"justify\"><span style=\"font-family: 'Fira Sans'; font-size: 12pt;\">Nuestra instituci\u00f3n lleva m\u00e1s de 50 a\u00f1os trabajando en Bolivia por la educaci\u00f3n popular de calidad.<\/span><\/p>\n<p align=\"justify\"><span style=\"font-family: 'Fira Sans'; font-size: 12pt;\">Ha pasado por 5 fases importantes.<\/span>[\/accordion_son][\/accordion_father][vc_single_image image=\u00bb6385&#8243; img_size=\u00bbfull\u00bb alignment=\u00bbcenter\u00bb][\/vc_column_inner][\/vc_row_inner]<div style=\"background-color:;height: 20px\" class=\"nicdark_section  \"><\/div>[vc_row_inner][vc_column_inner width=\u00bb1\/4&#8243;][vc_single_image image=\u00bb6366&#8243; img_size=\u00bbfull\u00bb alignment=\u00bbcenter\u00bb][\/vc_column_inner][vc_column_inner width=\u00bb3\/4&#8243;][accordion_father active=\u00bb0&#8243;][accordion_son gradientbg=\u00bb\u00bb title=\u00bbTrabajo constante\u00bb clr=\u00bb#aa0f16&#8243; bgclr=\u00bb#f3f3f3&#8243; borderclr=\u00bb#aa0f16&#8243;]<\/p>\n<p align=\"justify\"><span style=\"font-family: 'Fira Sans'; font-size: 12pt;\">Fe y Alegr\u00eda trabaja en Bolivia, desde su fundaci\u00f3n en 1966, bajo un Convenio con el Ministerio de Educaci\u00f3n. En \u00e9ste se acuerda que el personal docente y administrativo de las escuelas de Fe y Alegr\u00eda debe ser financiado y cubierto por el Estado Boliviano.<\/span><\/p>\n<p align=\"justify\"><span style=\"font-family: 'Fira Sans'; font-size: 12pt;\">Esto lleva a Fe y Alegr\u00eda a ser incluida, junto a otras instituciones religiosas, en una lista de Escuelas de Convenio, distintas a los colegios particulares o fiscales.<\/span>[\/accordion_son][accordion_son gradientbg=\u00bb\u00bb title=\u00bbUn largo camino\u00bb clr=\u00bb#aa0f16&#8243; bgclr=\u00bb#f3f3f3&#8243; borderclr=\u00bb#aa0f16&#8243;]<\/p>\n<p align=\"justify\"><span style=\"font-family: 'Fira Sans'; font-size: 12pt;\">Nuestra instituci\u00f3n ha visto pasar personas, ocasiones e historias.<\/span><\/p>\n<p align=\"justify\"><span style=\"font-family: 'Fira Sans'; font-size: 12pt;\">A trav\u00e9s de los a\u00f1os existen hechos memorables que marcaron nuestra identidad y recorrer en Bolivia:<\/span><\/p>\n<div>\n<ul>\n<li>\n<p align=\"justify\"><span style=\"font-family: 'Fira Sans'; font-size: 12pt;\"><strong>1972<\/strong>, se crea el Programa de Mejoramiento Docente con el financiamiento del \u00e1rea de educaci\u00f3n de la Conferencia Episcopal.<\/span><\/p>\n<\/li>\n<li>\n<p align=\"justify\"><span style=\"font-family: 'Fira Sans'; font-size: 12pt;\"><strong>1975,<\/strong> se crea el IRFA (Instituto Radiof\u00f3nico Fe y Alegr\u00eda) procurando impulsar la educaci\u00f3n por radio a adultos.<\/span><\/p>\n<\/li>\n<li>\n<p align=\"justify\"><span style=\"font-family: 'Fira Sans'; font-size: 12pt;\"><strong>1984,<\/strong> el Instituto de Audiolog\u00eda San Juan de Dios de Potos\u00ed abre sus puertas dando paso a la Educaci\u00f3n Especial con procesos educativos adaptados para ni\u00f1os, ni\u00f1as y j\u00f3venes con discapacidad.<\/span><\/p>\n<\/li>\n<li>\n<p align=\"justify\"><span style=\"font-family: 'Fira Sans'; font-size: 12pt;\"><strong>1986,<\/strong> se construye la \u00abCasa de la Juventud\u00bb, un espacio de formaci\u00f3n en la filosof\u00eda de Fe y Alegr\u00eda. Tambi\u00e9n, inicia el innovador modelo educativo de las Casas del Saber o \u201cYachay Wasis\u201d.<\/span><\/p>\n<\/li>\n<li>\n<p align=\"justify\"><span style=\"font-family: 'Fira Sans'; font-size: 12pt;\"><strong>1986, <\/strong>firma del Convenio Marco de Cooperaci\u00f3n Interinstitucional entre el Estado Boliviano y la Iglesia Cat\u00f3lica, \u00e9sta representada por la Conferencia Episcopal Boliviana determinando el aporte de la Iglesia a la educaci\u00f3n, salud y protecci\u00f3n social en las \u00e1reas m\u00e1s excluidas del pa\u00eds.<\/span><\/p>\n<\/li>\n<\/ul>\n<\/div>\n<p>[\/accordion_son][\/accordion_father][\/vc_column_inner][\/vc_row_inner]<div style=\"background-color:;height: 20px\" class=\"nicdark_section  \"><\/div>[vc_separator][vc_column_text]<\/p>\n<h2><span style=\"color: #aa3716;\">Una instituci\u00f3n con trayectoria<\/span><\/h2>\n<p>[\/vc_column_text][vc_row_inner][vc_column_inner width=\u00bb1\/4&#8243;][vc_single_image image=\u00bb6337&#8243; img_size=\u00bbfull\u00bb alignment=\u00bbcenter\u00bb][\/vc_column_inner][vc_column_inner width=\u00bb3\/4&#8243;][accordion_father active=\u00bb0&#8243;][accordion_son gradientbg=\u00bb\u00bb title=\u00bbUn Movimiento que contagia\u00bb clr=\u00bb#aa0f16&#8243; bgclr=\u00bb#f3f3f3&#8243; borderclr=\u00bb#aa0f16&#8243;]<\/p>\n<p align=\"justify\"><span style=\"font-family: 'Fira Sans'; font-size: 12pt;\">En la b\u00fasqueda de respuestas a las urgencias de alumnos y comunidades, la propuesta de Fe y Alegr\u00eda se ha concretado en diversas iniciativas en los distintos pa\u00edses. <\/span><\/p>\n<p align=\"justify\"><span style=\"font-family: 'Fira Sans'; font-size: 12pt;\">Adem\u00e1s de la educaci\u00f3n escolarizada en preescolar, b\u00e1sica y media, se ha abierto espacio a otras formas de acci\u00f3n para la promoci\u00f3n humana como: <\/span><\/p>\n<ul>\n<li>\n<p align=\"justify\"><span style=\"font-family: 'Fira Sans'; font-size: 12pt;\">Emisoras de radio<\/span><\/p>\n<\/li>\n<li>\n<p align=\"justify\"><span style=\"font-family: 'Fira Sans'; font-size: 12pt;\">Programas de educaci\u00f3n de adultos<\/span><\/p>\n<\/li>\n<li>\n<p align=\"justify\"><span style=\"font-family: 'Fira Sans'; font-size: 12pt;\">Capacitaci\u00f3n laboral y reinserci\u00f3n escolar<\/span><\/p>\n<\/li>\n<li>\n<p align=\"justify\"><span style=\"font-family: 'Fira Sans'; font-size: 12pt;\">Formaci\u00f3n profesional media y superior-universitaria<\/span><\/p>\n<\/li>\n<li>\n<p align=\"justify\"><span style=\"font-family: 'Fira Sans'; font-size: 12pt;\">Fomento de cooperativas y microempresas<\/span><\/p>\n<\/li>\n<li>\n<p align=\"justify\"><span style=\"font-family: 'Fira Sans'; font-size: 12pt;\">Proyectos de desarrollo comunitario, salud y cultura ind\u00edgena<\/span><\/p>\n<\/li>\n<li>\n<p align=\"justify\"><span style=\"font-family: 'Fira Sans'; font-size: 12pt;\">Formaci\u00f3n de educadores<\/span><\/p>\n<\/li>\n<li>\n<p align=\"justify\"><span style=\"font-family: 'Fira Sans'; font-size: 12pt;\">Edici\u00f3n de materiales educativos<\/span><\/p>\n<\/li>\n<\/ul>\n<p align=\"justify\"><span style=\"font-family: 'Fira Sans'; font-size: 12pt;\">En todas estas \u00e1reas se act\u00faa desde y con las comunidades, buscando complementar y apoyar la acci\u00f3n de otros entes p\u00fablicos y privados. <\/span>[\/accordion_son][accordion_son gradientbg=\u00bb\u00bb title=\u00bbFe y Alegr\u00eda, aqu\u00ed y ahora\u00bb clr=\u00bb#aa0f16&#8243; bgclr=\u00bb#f3f3f3&#8243; borderclr=\u00bb#aa0f16&#8243;]<\/p>\n<p align=\"justify\"><span style=\"font-family: 'Fira Sans'; font-size: 12pt;\">Fe y Alegr\u00eda en Bolivia cuenta con 400 Centros y Unidades Educativas que incluyen Centros de Educaci\u00f3n Especial, Centros de Educaci\u00f3n Alternativa, Institutos T\u00e9cnico Superior, Casas del Saber, Centros de Educaci\u00f3n Permanente y Centros de J\u00f3venes y Adultos.<\/span><\/p>\n<p align=\"justify\"><span style=\"font-family: 'Fira Sans'; font-size: 12pt;\">Somos un Movimiento de Educaci\u00f3n Popular Integral y Promoci\u00f3n Social cuya acci\u00f3n se dirige a sectores empobrecidos y excluidos para potenciar su desarrollo personal y participaci\u00f3n social.<\/span><\/p>\n<p>[\/accordion_son][\/accordion_father][\/vc_column_inner][\/vc_row_inner][\/vc_column][vc_column][\/vc_column][\/vc_row][vc_row][vc_column][vc_column_text]<\/p>\n<p>[\/vc_column_text][\/vc_column][\/vc_row][vc_row][vc_column][\/vc_column][\/vc_row]<\/p>\n<\/div>","protected":false},"excerpt":{"rendered":"<p>[vc_row][vc_column][vc_images_carousel images=\u00bb10922,10923,10924,10925&#8243; css=\u00bb.vc_custom_1773241840607{margin-top: 40px !important;margin-right: 60px !important;margin-bottom: 40px !important;margin-left: 60px !important;border-top-width: 1px !important;border-right-width: 2px !important;border-bottom-width: 1px !important;border-left-width: 2px !important;padding-top: 20px !important;padding-right: 20px !important;padding-bottom: 20px !important;padding-left: 20px !important;}\u00bb][\/vc_column][\/vc_row][vc_row enable_first_overlay=\u00bbtrue\u00bb first_overlay_opacity=\u00bb15&#8243;][vc_column][vc_column_text] Naci\u00f3 un movimiento [\/vc_column_text][vc_row_inner][vc_column_inner width=\u00bb2\/3&#8243;][accordion_father active=\u00bb0&#8243;][accordion_son gradientbg=\u00bb\u00bb title=\u00bbM\u00e1s all\u00e1 del asfalto\u00bb clr=\u00bb#aa0f16&#8243; bgclr=\u00bb#f3f3f3&#8243; borderclr=\u00bb#aa0f16&#8243;] El Movimiento de Educaci\u00f3n Popular Integral y Promoci\u00f3n Social Fe y Alegr\u00eda<\/p>\n","protected":false},"author":73,"featured_media":0,"parent":0,"menu_order":0,"comment_status":"closed","ping_status":"closed","template":"","meta":{"_acf_changed":false,"footnotes":""},"folder":[],"class_list":["post-2761","page","type-page","status-publish","hentry"],"acf":[],"yoast_head":"<!-- This site is optimized with the Yoast SEO plugin v27.4 - https:\/\/yoast.com\/product\/yoast-seo-wordpress\/ -->\n<title>Nuestra historia - #SomosFeyAlegria en Bolivia<\/title>\n<meta name=\"robots\" content=\"index, follow, max-snippet:-1, max-image-preview:large, max-video-preview:-1\" \/>\n<link rel=\"canonical\" href=\"https:\/\/www.feyalegria.org\/bolivia\/nuestra-historia\/\" \/>\n<meta property=\"og:locale\" content=\"es_ES\" \/>\n<meta property=\"og:type\" content=\"article\" \/>\n<meta property=\"og:title\" content=\"Nuestra historia - #SomosFeyAlegria en Bolivia\" \/>\n<meta property=\"og:description\" content=\"[vc_row][vc_column][vc_images_carousel images=\u00bb10922,10923,10924,10925&#8243; css=\u00bb.vc_custom_1773241840607{margin-top: 40px !important;margin-right: 60px !important;margin-bottom: 40px !important;margin-left: 60px !important;border-top-width: 1px !important;border-right-width: 2px !important;border-bottom-width: 1px !important;border-left-width: 2px !important;padding-top: 20px !important;padding-right: 20px !important;padding-bottom: 20px !important;padding-left: 20px !important;}\u00bb][\/vc_column][\/vc_row][vc_row enable_first_overlay=\u00bbtrue\u00bb first_overlay_opacity=\u00bb15&#8243;][vc_column][vc_column_text] Naci\u00f3 un movimiento [\/vc_column_text][vc_row_inner][vc_column_inner width=\u00bb2\/3&#8243;][accordion_father active=\u00bb0&#8243;][accordion_son gradientbg=\u00bb\u00bb title=\u00bbM\u00e1s all\u00e1 del asfalto\u00bb clr=\u00bb#aa0f16&#8243; bgclr=\u00bb#f3f3f3&#8243; borderclr=\u00bb#aa0f16&#8243;] El Movimiento de Educaci\u00f3n Popular Integral y Promoci\u00f3n Social Fe y Alegr\u00eda\" \/>\n<meta property=\"og:url\" content=\"https:\/\/www.feyalegria.org\/bolivia\/nuestra-historia\/\" \/>\n<meta property=\"og:site_name\" content=\"#SomosFeyAlegria en Bolivia\" \/>\n<meta property=\"article:modified_time\" content=\"2026-03-11T15:10:44+00:00\" \/>\n<meta property=\"og:image\" content=\"https:\/\/www.feyalegria.org\/bolivia\/wp-content\/uploads\/sites\/28\/2023\/02\/logo_oficial_albert_sin_banco-3-300x267.png\" \/>\n<meta name=\"twitter:card\" content=\"summary_large_image\" \/>\n<meta name=\"twitter:label1\" content=\"Tiempo de lectura\" \/>\n\t<meta name=\"twitter:data1\" content=\"8 minutos\" \/>\n<script type=\"application\/ld+json\" class=\"yoast-schema-graph\">{\"@context\":\"https:\\\/\\\/schema.org\",\"@graph\":[{\"@type\":\"WebPage\",\"@id\":\"https:\\\/\\\/www.feyalegria.org\\\/bolivia\\\/nuestra-historia\\\/\",\"url\":\"https:\\\/\\\/www.feyalegria.org\\\/bolivia\\\/nuestra-historia\\\/\",\"name\":\"Nuestra historia - #SomosFeyAlegria en Bolivia\",\"isPartOf\":{\"@id\":\"https:\\\/\\\/www.feyalegria.org\\\/bolivia\\\/#website\"},\"primaryImageOfPage\":{\"@id\":\"https:\\\/\\\/www.feyalegria.org\\\/bolivia\\\/nuestra-historia\\\/#primaryimage\"},\"image\":{\"@id\":\"https:\\\/\\\/www.feyalegria.org\\\/bolivia\\\/nuestra-historia\\\/#primaryimage\"},\"thumbnailUrl\":\"https:\\\/\\\/www.feyalegria.org\\\/bolivia\\\/wp-content\\\/uploads\\\/sites\\\/28\\\/2023\\\/02\\\/logo_oficial_albert_sin_banco-3-300x267.png\",\"datePublished\":\"2021-01-18T03:45:57+00:00\",\"dateModified\":\"2026-03-11T15:10:44+00:00\",\"breadcrumb\":{\"@id\":\"https:\\\/\\\/www.feyalegria.org\\\/bolivia\\\/nuestra-historia\\\/#breadcrumb\"},\"inLanguage\":\"es\",\"potentialAction\":[{\"@type\":\"ReadAction\",\"target\":[\"https:\\\/\\\/www.feyalegria.org\\\/bolivia\\\/nuestra-historia\\\/\"]}]},{\"@type\":\"ImageObject\",\"inLanguage\":\"es\",\"@id\":\"https:\\\/\\\/www.feyalegria.org\\\/bolivia\\\/nuestra-historia\\\/#primaryimage\",\"url\":\"https:\\\/\\\/d3pugrm67vf9n7.cloudfront.net\\\/wp-content\\\/uploads\\\/sites\\\/28\\\/2023\\\/02\\\/09094814\\\/logo_oficial_albert_sin_banco-3.png\",\"contentUrl\":\"https:\\\/\\\/d3pugrm67vf9n7.cloudfront.net\\\/wp-content\\\/uploads\\\/sites\\\/28\\\/2023\\\/02\\\/09094814\\\/logo_oficial_albert_sin_banco-3.png\",\"width\":800,\"height\":711},{\"@type\":\"BreadcrumbList\",\"@id\":\"https:\\\/\\\/www.feyalegria.org\\\/bolivia\\\/nuestra-historia\\\/#breadcrumb\",\"itemListElement\":[{\"@type\":\"ListItem\",\"position\":1,\"name\":\"Home\",\"item\":\"https:\\\/\\\/www.feyalegria.org\\\/bolivia\\\/\"},{\"@type\":\"ListItem\",\"position\":2,\"name\":\"Nuestra historia\"}]},{\"@type\":\"WebSite\",\"@id\":\"https:\\\/\\\/www.feyalegria.org\\\/bolivia\\\/#website\",\"url\":\"https:\\\/\\\/www.feyalegria.org\\\/bolivia\\\/\",\"name\":\"#SomosFeyAlegria en Bolivia\",\"description\":\"Movimiento de Educaci\u00f3n Popular y Promoci\u00f3n Social\",\"potentialAction\":[{\"@type\":\"SearchAction\",\"target\":{\"@type\":\"EntryPoint\",\"urlTemplate\":\"https:\\\/\\\/www.feyalegria.org\\\/bolivia\\\/?s={search_term_string}\"},\"query-input\":{\"@type\":\"PropertyValueSpecification\",\"valueRequired\":true,\"valueName\":\"search_term_string\"}}],\"inLanguage\":\"es\"}]}<\/script>\n<!-- \/ Yoast SEO plugin. -->","yoast_head_json":{"title":"Nuestra historia - #SomosFeyAlegria en Bolivia","robots":{"index":"index","follow":"follow","max-snippet":"max-snippet:-1","max-image-preview":"max-image-preview:large","max-video-preview":"max-video-preview:-1"},"canonical":"https:\/\/www.feyalegria.org\/bolivia\/nuestra-historia\/","og_locale":"es_ES","og_type":"article","og_title":"Nuestra historia - #SomosFeyAlegria en Bolivia","og_description":"[vc_row][vc_column][vc_images_carousel images=\u00bb10922,10923,10924,10925&#8243; css=\u00bb.vc_custom_1773241840607{margin-top: 40px !important;margin-right: 60px !important;margin-bottom: 40px !important;margin-left: 60px !important;border-top-width: 1px !important;border-right-width: 2px !important;border-bottom-width: 1px !important;border-left-width: 2px !important;padding-top: 20px !important;padding-right: 20px !important;padding-bottom: 20px !important;padding-left: 20px !important;}\u00bb][\/vc_column][\/vc_row][vc_row enable_first_overlay=\u00bbtrue\u00bb first_overlay_opacity=\u00bb15&#8243;][vc_column][vc_column_text] Naci\u00f3 un movimiento [\/vc_column_text][vc_row_inner][vc_column_inner width=\u00bb2\/3&#8243;][accordion_father active=\u00bb0&#8243;][accordion_son gradientbg=\u00bb\u00bb title=\u00bbM\u00e1s all\u00e1 del asfalto\u00bb clr=\u00bb#aa0f16&#8243; bgclr=\u00bb#f3f3f3&#8243; borderclr=\u00bb#aa0f16&#8243;] El Movimiento de Educaci\u00f3n Popular Integral y Promoci\u00f3n Social Fe y Alegr\u00eda","og_url":"https:\/\/www.feyalegria.org\/bolivia\/nuestra-historia\/","og_site_name":"#SomosFeyAlegria en Bolivia","article_modified_time":"2026-03-11T15:10:44+00:00","og_image":[{"url":"https:\/\/www.feyalegria.org\/bolivia\/wp-content\/uploads\/sites\/28\/2023\/02\/logo_oficial_albert_sin_banco-3-300x267.png","type":"","width":"","height":""}],"twitter_card":"summary_large_image","twitter_misc":{"Tiempo de lectura":"8 minutos"},"schema":{"@context":"https:\/\/schema.org","@graph":[{"@type":"WebPage","@id":"https:\/\/www.feyalegria.org\/bolivia\/nuestra-historia\/","url":"https:\/\/www.feyalegria.org\/bolivia\/nuestra-historia\/","name":"Nuestra historia - #SomosFeyAlegria en Bolivia","isPartOf":{"@id":"https:\/\/www.feyalegria.org\/bolivia\/#website"},"primaryImageOfPage":{"@id":"https:\/\/www.feyalegria.org\/bolivia\/nuestra-historia\/#primaryimage"},"image":{"@id":"https:\/\/www.feyalegria.org\/bolivia\/nuestra-historia\/#primaryimage"},"thumbnailUrl":"https:\/\/www.feyalegria.org\/bolivia\/wp-content\/uploads\/sites\/28\/2023\/02\/logo_oficial_albert_sin_banco-3-300x267.png","datePublished":"2021-01-18T03:45:57+00:00","dateModified":"2026-03-11T15:10:44+00:00","breadcrumb":{"@id":"https:\/\/www.feyalegria.org\/bolivia\/nuestra-historia\/#breadcrumb"},"inLanguage":"es","potentialAction":[{"@type":"ReadAction","target":["https:\/\/www.feyalegria.org\/bolivia\/nuestra-historia\/"]}]},{"@type":"ImageObject","inLanguage":"es","@id":"https:\/\/www.feyalegria.org\/bolivia\/nuestra-historia\/#primaryimage","url":"https:\/\/d3pugrm67vf9n7.cloudfront.net\/wp-content\/uploads\/sites\/28\/2023\/02\/09094814\/logo_oficial_albert_sin_banco-3.png","contentUrl":"https:\/\/d3pugrm67vf9n7.cloudfront.net\/wp-content\/uploads\/sites\/28\/2023\/02\/09094814\/logo_oficial_albert_sin_banco-3.png","width":800,"height":711},{"@type":"BreadcrumbList","@id":"https:\/\/www.feyalegria.org\/bolivia\/nuestra-historia\/#breadcrumb","itemListElement":[{"@type":"ListItem","position":1,"name":"Home","item":"https:\/\/www.feyalegria.org\/bolivia\/"},{"@type":"ListItem","position":2,"name":"Nuestra historia"}]},{"@type":"WebSite","@id":"https:\/\/www.feyalegria.org\/bolivia\/#website","url":"https:\/\/www.feyalegria.org\/bolivia\/","name":"#SomosFeyAlegria en Bolivia","description":"Movimiento de Educaci\u00f3n Popular y Promoci\u00f3n Social","potentialAction":[{"@type":"SearchAction","target":{"@type":"EntryPoint","urlTemplate":"https:\/\/www.feyalegria.org\/bolivia\/?s={search_term_string}"},"query-input":{"@type":"PropertyValueSpecification","valueRequired":true,"valueName":"search_term_string"}}],"inLanguage":"es"}]}},"_links":{"self":[{"href":"https:\/\/www.feyalegria.org\/bolivia\/wp-json\/wp\/v2\/pages\/2761","targetHints":{"allow":["GET"]}}],"collection":[{"href":"https:\/\/www.feyalegria.org\/bolivia\/wp-json\/wp\/v2\/pages"}],"about":[{"href":"https:\/\/www.feyalegria.org\/bolivia\/wp-json\/wp\/v2\/types\/page"}],"author":[{"embeddable":true,"href":"https:\/\/www.feyalegria.org\/bolivia\/wp-json\/wp\/v2\/users\/73"}],"replies":[{"embeddable":true,"href":"https:\/\/www.feyalegria.org\/bolivia\/wp-json\/wp\/v2\/comments?post=2761"}],"version-history":[{"count":7,"href":"https:\/\/www.feyalegria.org\/bolivia\/wp-json\/wp\/v2\/pages\/2761\/revisions"}],"predecessor-version":[{"id":10904,"href":"https:\/\/www.feyalegria.org\/bolivia\/wp-json\/wp\/v2\/pages\/2761\/revisions\/10904"}],"wp:attachment":[{"href":"https:\/\/www.feyalegria.org\/bolivia\/wp-json\/wp\/v2\/media?parent=2761"}],"wp:term":[{"taxonomy":"folder","embeddable":true,"href":"https:\/\/www.feyalegria.org\/bolivia\/wp-json\/wp\/v2\/folder?post=2761"}],"curies":[{"name":"wp","href":"https:\/\/api.w.org\/{rel}","templated":true}]}}