 {"id":1748,"date":"2020-08-27T02:22:20","date_gmt":"2020-08-27T02:22:20","guid":{"rendered":"https:\/\/www.feyalegria.org\/brasil\/?page_id=1748"},"modified":"2023-06-30T14:11:30","modified_gmt":"2023-06-30T17:11:30","slug":"onde-estamos","status":"publish","type":"page","link":"https:\/\/www.feyalegria.org\/brasil\/onde-estamos\/","title":{"rendered":"Onde Estamos"},"content":{"rendered":"<div class=\"wpb-content-wrapper\"><p>[vc_row css=&#8221;.vc_custom_1610132498699{padding-top: 30px !important;}&#8221;][vc_column width=&#8221;5\/6&#8243;][vc_column_text]<\/p>\n<h1>Onde Estamos<\/h1>\n<p>[\/vc_column_text][\/vc_column][vc_column width=&#8221;1\/6&#8243; offset=&#8221;vc_hidden-sm vc_hidden-xs&#8221; css=&#8221;.vc_custom_1688145076475{margin-top: -80px !important;}&#8221;][vc_single_image image=&#8221;2274&#8243; img_size=&#8221;150&#8243; alignment=&#8221;right&#8221; style=&#8221;vc_box_circle_2&#8243;][\/vc_column][\/vc_row][vc_row][vc_column offset=&#8221;vc_hidden-md vc_hidden-sm vc_hidden-xs&#8221;]<div id=\"mpc_interactive_image-5369f2676174f69\" class=\"mpc-interactive_image mpc-init \"><img loading=\"lazy\" decoding=\"async\" src=\"https:\/\/d3pugrm67vf9n7.cloudfront.net\/wp-content\/uploads\/sites\/23\/2021\/07\/21203616\/oie_transparent-8.png\" width=\"1241\" height=\"922\" alt=\"Image\" class=\"mpc-interactive_image__image\" \/><div class=\"mpc-interactive_image-wrap\"><a href=\"https:\/\/www.feyalegria.org\/brasil\/manaus\/\" target=\"_blank\" title=\"Amazonas\"  id=\"mpc_hotspot-10869f26761758b0\" class=\"mpc-hotspot mpc-init mpc-transition mpc-tooltip-wrap \"  data-position='[\"37.647\",\"26.923\"]'><i class=\"mpc-hotspot__icon mpc-transition  mpc-init mpc-icon-type--image mpc-animation mpc-tooltip-target\" data-animation-in=\"transition.expandIn||300||0||100\"><img loading=\"lazy\" decoding=\"async\" width=\"30\" height=\"30\" src=\"https:\/\/d3pugrm67vf9n7.cloudfront.net\/wp-content\/uploads\/sites\/23\/2022\/03\/07121201\/logoFyA-30-x-30.png\" class=\"attachment-thumbnail\" alt=\"\" title=\"logoFyA-30-x-30\" \/><\/i><div id=\"mpc_tooltip-3869f26761758fd\" class=\"mpc-tooltip mpc-init mpc-typography--default mpc-position--right mpc-effect--slide mpc-can-hover mpc-trigger--hover \"><p style=\"text-align: center\"><strong><span style=\"color: #cc0000\">Manaus\/AM<\/span><\/strong><\/p>\n<p style=\"text-align: center\">Centro Social de Educa\u00e7\u00e3o e Cultura Grande Vitoria<\/p><div class=\"mpc-arrow\"><\/div><\/div><\/a><a href=\"https:\/\/www.feyalegria.org\/brasil\/ilheus\/\" target=\"_blank\" title=\"Bahia\"  id=\"mpc_hotspot-34069f2676175e3c\" class=\"mpc-hotspot mpc-init mpc-transition mpc-tooltip-wrap \"  data-position='[\"74.118\",\"45.701\"]'><i class=\"mpc-hotspot__icon mpc-transition  mpc-init mpc-icon-type--image mpc-animation mpc-tooltip-target\" data-animation-in=\"transition.expandIn||300||0||100\"><img loading=\"lazy\" decoding=\"async\" width=\"30\" height=\"30\" src=\"https:\/\/d3pugrm67vf9n7.cloudfront.net\/wp-content\/uploads\/sites\/23\/2022\/03\/07121201\/logoFyA-30-x-30.png\" class=\"attachment-thumbnail\" alt=\"\" title=\"logoFyA-30-x-30\" \/><\/i><div id=\"mpc_tooltip-4569f2676175e79\" class=\"mpc-tooltip mpc-init mpc-typography--default mpc-position--right mpc-effect--slide mpc-can-hover mpc-trigger--hover \"><p style=\"text-align: center\"><strong><span style=\"color: #cc0000\">Ilh\u00e9us\/BA<\/span><\/strong><\/p>\n<p style=\"text-align: center\">Centro Social Nossa Senhora <\/br>da Vit\u00f3ria<\/p><div class=\"mpc-arrow\"><\/div><\/div><\/a><a href=\"https:\/\/www.fealegria.org.br\/efaj\/\" target=\"_blank\" title=\"Bahia\"  id=\"mpc_hotspot-77069f2676176390\" class=\"mpc-hotspot mpc-init mpc-transition mpc-tooltip-wrap \"  data-position='[\"70.198\",\"42.667\"]'><i class=\"mpc-hotspot__icon mpc-transition  mpc-init mpc-icon-type--image mpc-animation mpc-tooltip-target\" data-animation-in=\"transition.expandIn||300||0||100\"><img loading=\"lazy\" decoding=\"async\" width=\"30\" height=\"30\" src=\"https:\/\/d3pugrm67vf9n7.cloudfront.net\/wp-content\/uploads\/sites\/23\/2022\/03\/07121201\/logoFyA-30-x-30.png\" class=\"attachment-thumbnail\" alt=\"\" title=\"logoFyA-30-x-30\" \/><\/i><div id=\"mpc_tooltip-6469f26761763cd\" class=\"mpc-tooltip mpc-init mpc-typography--default mpc-position--right mpc-effect--slide mpc-can-hover mpc-trigger--hover \"><p style=\"text-align: center\"><strong><span style=\"color: #cc0000\">Quixabeira\/BA<\/span><\/strong><\/p>\n<p style=\"text-align: center\">Escola Fam\u00edlia Agr\u00edcola <\/br>de Jaboticaba<\/p><div class=\"mpc-arrow\"><\/div><\/div><\/a><a href=\"https:\/\/www.feyalegria.org\/brasil\/vazantes\/%20\" target=\"_blank\" title=\"Cear\u00e1\"  id=\"mpc_hotspot-81169f26761768e3\" class=\"mpc-hotspot mpc-init mpc-transition mpc-tooltip-wrap \"  data-position='[\"72.941\",\"26.018\"]'><i class=\"mpc-hotspot__icon mpc-transition  mpc-init mpc-icon-type--image mpc-animation mpc-tooltip-target\" data-animation-in=\"transition.expandIn||300||0||100\"><img loading=\"lazy\" decoding=\"async\" width=\"30\" height=\"30\" src=\"https:\/\/d3pugrm67vf9n7.cloudfront.net\/wp-content\/uploads\/sites\/23\/2022\/03\/07121201\/logoFyA-30-x-30.png\" class=\"attachment-thumbnail\" alt=\"\" title=\"logoFyA-30-x-30\" \/><\/i><div id=\"mpc_tooltip-9369f2676176920\" class=\"mpc-tooltip mpc-init mpc-typography--default mpc-position--right mpc-effect--slide mpc-can-hover mpc-trigger--hover \"><p style=\"text-align: center\"><strong><span style=\"color: #cc0000\">Aracoiaba\/CE<\/span><\/strong><\/p>\n<p style=\"text-align: center\">Centro de Desenvolvimento Comunit\u00e1rio Vazantes<\/p>\n<div class=\"mpc-arrow\"><\/div><\/div><\/a><div id=\"mpc_hotspot-10969f2676176df1\" class=\"mpc-hotspot mpc-init mpc-transition mpc-tooltip-wrap \"  data-position='[\"72.101\",\"60.181\"]'><i class=\"mpc-hotspot__icon mpc-transition  mpc-init mpc-icon-type--image mpc-animation mpc-tooltip-target\" data-animation-in=\"transition.expandIn||300||0||100\"><img loading=\"lazy\" decoding=\"async\" width=\"30\" height=\"30\" src=\"https:\/\/d3pugrm67vf9n7.cloudfront.net\/wp-content\/uploads\/sites\/23\/2022\/03\/07121201\/logoFyA-30-x-30.png\" class=\"attachment-thumbnail\" alt=\"\" title=\"logoFyA-30-x-30\" \/><\/i><div id=\"mpc_tooltip-3869f2676176e3b\" class=\"mpc-tooltip mpc-init mpc-typography--default mpc-position--right mpc-effect--slide mpc-can-hover mpc-trigger--hover \"><p style=\"text-align: center\"><strong><span style=\"color: #cc0000\">Cariacica\/ES<\/span><\/strong><\/p>\n<ul style=\"margin: 0;\">\n \t<li style=\"margin-bottom: 5px;\">\n\t\t<p style=\"text-align: left;line-height: 1em;\">\n\t\t\t<a style=\"font-family: 'Raleway' !important;font-size: 16px !important;\" href=\"https:\/\/www.feyalegria.org\/brasil\/cariacica\/\" target=\"_blank\">Centro Social de Educa\u00e7\u00e3o e Cultura Casa Legal<\/a>\n\t\t<\/p>\n\t<\/li>\n<\/ul>\n<p style=\"text-align: center\"><strong><span style=\"color: #cc0000\">Laranja da Terra\/ES<\/span><\/strong><\/p>\n<ul style=\"margin: 0;\">\n \t<li style=\"margin-bottom: 5px;\">\n\t\t<p style=\"text-align: left;line-height: 1em;\">\n\t\t\t<a style=\"font-family: 'Raleway' !important;font-size: 16px !important;\" href=\"https:\/\/www.feyalegria.org\/brasil\/laranjadaterra\/ \" target=\"_blank\">Centro de Educa\u00e7\u00e3o T\u00e9cnica e Ambiental F\u00e9 e Alegria<\/a>\n\t\t<\/p>\n\t<\/li>\n<\/ul>\n<p style=\"text-align: center\"><strong><span style=\"color: #cc0000\">Vit\u00f3ria\/ES<\/span><\/strong><\/p>\n<ul style=\"margin: 0;\">\n \t<li style=\"margin-bottom: 5px;\">\n\t\t<p style=\"text-align: left;line-height: 1em;\">\n\t\t\t<a style=\"font-family: 'Raleway' !important;font-size: 16px !important;\" href=\"https:\/\/www.feyalegria.org\/brasil\/vitoria\/ \" target=\"_blank\">Programa de Acolhimento Institucional Viva a Vida<\/a>\n\t\t<\/p>\n\t<\/li>\n<\/ul><div class=\"mpc-arrow\"><\/div><\/div><\/div><div id=\"mpc_hotspot-75869f2676177307\" class=\"mpc-hotspot mpc-init mpc-transition mpc-tooltip-wrap \"  data-position='[\"45.714\",\"52.262\"]'><i class=\"mpc-hotspot__icon mpc-transition  mpc-init mpc-icon-type--image mpc-animation mpc-tooltip-target\" data-animation-in=\"transition.expandIn||300||0||100\"><img loading=\"lazy\" decoding=\"async\" width=\"30\" height=\"30\" src=\"https:\/\/d3pugrm67vf9n7.cloudfront.net\/wp-content\/uploads\/sites\/23\/2022\/03\/07121201\/logoFyA-30-x-30.png\" class=\"attachment-thumbnail\" alt=\"\" title=\"logoFyA-30-x-30\" \/><\/i><div id=\"mpc_tooltip-3169f2676177348\" class=\"mpc-tooltip mpc-init mpc-typography--default mpc-position--right mpc-effect--slide mpc-can-hover mpc-trigger--hover \"><p style=\"text-align: center\"><strong><span style=\"color: #cc0000\">Cuiab\u00e1\/MT<\/span><\/strong><\/p>\n<ul style=\"margin: 0;\">\n \t<li>\n\t\t<p style=\"text-align: left;\">\n\t\t\t<a style=\"font-family: 'Raleway' !important;font-size: 16px !important;\" href=\"https:\/\/www.feyalegria.org\/brasil\/ceirosamutran\/\" target=\"_blank\">Rosa Mutran Maluf<\/a>\n\t\t<\/p>\n\t<\/li>\n \t<li>\n\t\t<p style=\"text-align: left;\">\n\t\t\t<a style=\"font-family: 'Raleway' !important;font-size: 16px !important;\" href=\"https:\/\/www.feyalegria.org\/brasil\/ceitencate\/\" target=\"_blank\">Pe. Jos\u00e9 Ten Cate<\/a>\n\t\t<\/p>\n\t<\/li>\n<\/ul><div class=\"mpc-arrow\"><\/div><\/div><\/div><a href=\"https:\/\/www.feyalegria.org\/brasil\/montesclaros\/\" target=\"_blank\" title=\"Minas Gerais\"  id=\"mpc_hotspot-1569f2676177844\" class=\"mpc-hotspot mpc-init mpc-transition mpc-tooltip-wrap \"  data-position='[\"66.218\",\"55.656\"]'><i class=\"mpc-hotspot__icon mpc-transition  mpc-init mpc-icon-type--image mpc-animation mpc-tooltip-target\" data-animation-in=\"transition.expandIn||300||0||100\"><img loading=\"lazy\" decoding=\"async\" width=\"30\" height=\"30\" src=\"https:\/\/d3pugrm67vf9n7.cloudfront.net\/wp-content\/uploads\/sites\/23\/2022\/03\/07121201\/logoFyA-30-x-30.png\" class=\"attachment-thumbnail\" alt=\"\" title=\"logoFyA-30-x-30\" \/><\/i><div id=\"mpc_tooltip-4969f2676177880\" class=\"mpc-tooltip mpc-init mpc-typography--default mpc-position--right mpc-effect--slide mpc-can-hover mpc-trigger--hover \"><p style=\"text-align: center\"><strong><span style=\"color: #cc0000\">Montes Claros\/MG<\/span><\/strong><\/p>\n<p style=\"text-align: center\">Centro Social de Educa\u00e7\u00e3o e Cultura S\u00e3o Luiz Gonzaga<\/p><div class=\"mpc-arrow\"><\/div><\/div><\/a><div id=\"mpc_hotspot-10069f2676177d3e\" class=\"mpc-hotspot mpc-init mpc-transition mpc-tooltip-wrap \"  data-position='[\"65.042\",\"63.801\"]'><i class=\"mpc-hotspot__icon mpc-transition  mpc-init mpc-icon-type--image mpc-animation mpc-tooltip-target\" data-animation-in=\"transition.expandIn||300||0||100\"><img loading=\"lazy\" decoding=\"async\" width=\"30\" height=\"30\" src=\"https:\/\/d3pugrm67vf9n7.cloudfront.net\/wp-content\/uploads\/sites\/23\/2022\/03\/07121201\/logoFyA-30-x-30.png\" class=\"attachment-thumbnail\" alt=\"\" title=\"logoFyA-30-x-30\" \/><\/i><div id=\"mpc_tooltip-3069f2676177d7e\" class=\"mpc-tooltip mpc-init mpc-typography--default mpc-position--right mpc-effect--slide mpc-can-hover mpc-trigger--hover \"><p style=\"text-align: center\"><strong><span style=\"color: #cc0000\">Santa Luzia\/MG<\/span><\/strong><\/p>\n<ul style=\"margin: 0;\">\n \t<li style=\"margin-bottom: 5px;\">\n\t\t<p style=\"text-align: left;line-height: 1em;\">\n\t\t\t<a style=\"font-family: 'Raleway' !important;font-size: 16px !important;\" href=\"https:\/\/www.feyalegria.org\/brasil\/santaluzia\/\" target=\"_blank\">Centro Social e Cultural<\/a>\n\t\t<\/p>\n\t<\/li>\n \t<li style=\"margin-bottom: 5px;\">\n\t\t<p style=\"text-align: left;line-height: 1em;\">\n\t\t\t<a style=\"font-family: 'Raleway' !important;font-size: 16px !important;\" href=\"https:\/\/www.feyalegria.org\/brasil\/ceipalmital\/\" target=\"_blank\">Centro Educacional Infantil Palmital<\/a>\n\t\t<\/p>\n\t<\/li>\n<\/ul><div class=\"mpc-arrow\"><\/div><\/div><\/div><a href=\"https:\/\/www.feyalegria.org\/brasil\/joaopessoa\/\" target=\"_blank\" title=\"Para\u00edba\"  id=\"mpc_hotspot-42269f2676178264\" class=\"mpc-hotspot mpc-init mpc-transition mpc-tooltip-wrap \"  data-position='[\"76.471\",\"33.937\"]'><i class=\"mpc-hotspot__icon mpc-transition  mpc-init mpc-icon-type--image mpc-animation mpc-tooltip-target\" data-animation-in=\"transition.expandIn||300||0||100\"><img loading=\"lazy\" decoding=\"async\" width=\"30\" height=\"30\" src=\"https:\/\/d3pugrm67vf9n7.cloudfront.net\/wp-content\/uploads\/sites\/23\/2022\/03\/07121201\/logoFyA-30-x-30.png\" class=\"attachment-thumbnail\" alt=\"\" title=\"logoFyA-30-x-30\" \/><\/i><div id=\"mpc_tooltip-1669f26761782a0\" class=\"mpc-tooltip mpc-init mpc-typography--default mpc-position--right mpc-effect--slide mpc-can-hover mpc-trigger--hover \"><p style=\"text-align: center\"><strong><span style=\"color: #cc0000\">Jo\u00e3o Pessoa\/PB<\/span><\/strong><\/p>\n<p style=\"text-align: center\">Centro de Cultura e Promo\u00e7\u00e3o Social F\u00e9 e Alegria Para\u00edba<\/p><div class=\"mpc-arrow\"><\/div><\/div><\/a><a href=\"https:\/\/www.feyalegria.org\/brasil\/recife\/\" target=\"_blank\" title=\"Pernambuco\"  id=\"mpc_hotspot-3569f2676178779\" class=\"mpc-hotspot mpc-init mpc-transition mpc-tooltip-wrap \"  data-position='[\"76.303\",\"37.330\"]'><i class=\"mpc-hotspot__icon mpc-transition  mpc-init mpc-icon-type--image mpc-animation mpc-tooltip-target\" data-animation-in=\"transition.expandIn||300||0||100\"><img loading=\"lazy\" decoding=\"async\" width=\"30\" height=\"30\" src=\"https:\/\/d3pugrm67vf9n7.cloudfront.net\/wp-content\/uploads\/sites\/23\/2022\/03\/07121201\/logoFyA-30-x-30.png\" class=\"attachment-thumbnail\" alt=\"\" title=\"logoFyA-30-x-30\" \/><\/i><div id=\"mpc_tooltip-2769f26761787b4\" class=\"mpc-tooltip mpc-init mpc-typography--default mpc-position--right mpc-effect--slide mpc-can-hover mpc-trigger--hover \"><p style=\"text-align: center\"><strong><span style=\"color: #cc0000\">Recife\/PE<\/span><\/strong><\/p>\n<p style=\"text-align: center\">F\u00e9 e Alegria Pernambuco<\/p><div class=\"mpc-arrow\"><\/div><\/div><\/a><a href=\"https:\/\/www.feyalegria.org\/brasil\/farrapos\" target=\"_blank\" title=\"Rio Grande do Sul\"  id=\"mpc_hotspot-69869f2676178c85\" class=\"mpc-hotspot mpc-init mpc-transition mpc-tooltip-wrap \"  data-position='[\"53.098\",\"89.388\"]'><i class=\"mpc-hotspot__icon mpc-transition  mpc-init mpc-icon-type--image mpc-animation mpc-tooltip-target\" data-animation-in=\"transition.expandIn||300||0||100\"><img loading=\"lazy\" decoding=\"async\" width=\"30\" height=\"30\" src=\"https:\/\/d3pugrm67vf9n7.cloudfront.net\/wp-content\/uploads\/sites\/23\/2022\/03\/07121201\/logoFyA-30-x-30.png\" class=\"attachment-thumbnail\" alt=\"\" title=\"logoFyA-30-x-30\" \/><\/i><div id=\"mpc_tooltip-1669f2676178cbf\" class=\"mpc-tooltip mpc-init mpc-typography--default mpc-position--right mpc-effect--slide mpc-can-hover mpc-trigger--hover \"><p style=\"text-align: center\"><strong><span style=\"color: #cc0000\">Porto Alegre\/RS<\/span><\/strong><\/p>\n<p style=\"text-align: center\">Centro Social de Educa\u00e7\u00e3o e Cultura Farrapos<\/p><div class=\"mpc-arrow\"><\/div><\/div><\/a><a href=\"https:\/\/www.feyalegria.org\/brasil\/natal\/%20\" target=\"_blank\" title=\"Rio Grande do Norte\"  id=\"mpc_hotspot-75469f2676179199\" class=\"mpc-hotspot mpc-init mpc-transition mpc-tooltip-wrap \"  data-position='[\"75.798\",\"29.638\"]'><i class=\"mpc-hotspot__icon mpc-transition  mpc-init mpc-icon-type--image mpc-animation mpc-tooltip-target\" data-animation-in=\"transition.expandIn||300||0||100\"><img loading=\"lazy\" decoding=\"async\" width=\"30\" height=\"30\" src=\"https:\/\/d3pugrm67vf9n7.cloudfront.net\/wp-content\/uploads\/sites\/23\/2022\/03\/07121201\/logoFyA-30-x-30.png\" class=\"attachment-thumbnail\" alt=\"\" title=\"logoFyA-30-x-30\" \/><\/i><div id=\"mpc_tooltip-4569f26761791d4\" class=\"mpc-tooltip mpc-init mpc-typography--default mpc-position--right mpc-effect--slide mpc-can-hover mpc-trigger--hover \"><p style=\"text-align: center\"><strong><span style=\"color: #cc0000\">Natal\/RN<\/span><\/strong><\/p>\n<p style=\"text-align: center\">Centro de Desenvolvimento Comunit\u00e1rio Boa Esperan\u00e7a<\/p><div class=\"mpc-arrow\"><\/div><\/div><\/a><div id=\"mpc_hotspot-75669f2676179687\" class=\"mpc-hotspot mpc-init mpc-transition mpc-tooltip-wrap \"  data-position='[\"36.639\",\"11.991\"]'><i class=\"mpc-hotspot__icon mpc-transition  mpc-init mpc-icon-type--image mpc-animation mpc-tooltip-target\" data-animation-in=\"transition.expandIn||300||0||100\"><img loading=\"lazy\" decoding=\"async\" width=\"30\" height=\"30\" src=\"https:\/\/d3pugrm67vf9n7.cloudfront.net\/wp-content\/uploads\/sites\/23\/2022\/03\/07121201\/logoFyA-30-x-30.png\" class=\"attachment-thumbnail\" alt=\"\" title=\"logoFyA-30-x-30\" \/><\/i><div id=\"mpc_tooltip-9269f26761796ce\" class=\"mpc-tooltip mpc-init mpc-typography--default mpc-position--right mpc-effect--slide mpc-can-hover mpc-trigger--hover \"><p style=\"text-align: center\"><strong><span style=\"color: #cc0000\">Boa Vista\/RR<\/span><\/strong><\/p>\n<ul style=\"margin: 0;\">\n \t<li style=\"margin-bottom: 5px;\">\n\t\t<p style=\"text-align: left;line-height: 1em;\">\n\t\t\t<a style=\"font-family: 'Raleway' !important;font-size: 16px !important;\" href=\"https:\/\/www.fealegria.org.br\/centroliberdade\/\" target=\"_blank\">Centro Social Liberdade<\/a>\n\t\t<\/p>\n\t<\/li>\n \t<li style=\"margin-bottom: 5px;\">\n\t\t<p style=\"text-align: left;line-height: 1em;\">\n\t\t\t<a style=\"font-family: 'Raleway' !important;font-size: 16px !important;\" href=\"https:\/\/www.fealegria.org.br\/centrosaofranciscoxavier\/\" target=\"_blank\">Centro Social S\u00e3o Francisco Xavier<\/a>\n\t\t<\/p>\n\t<\/li>\n<li style=\"margin-bottom: 5px;\">\n\t\t<p style=\"text-align: left;line-height: 1em;\">\n\t\t\t<a style=\"font-family: 'Raleway' !important;font-size: 16px !important;\" href=\"https:\/\/www.fealegria.org.br\/escritorioempreendedorismo\/\" target=\"_blank\">Escrit\u00f3rio de Empreendedorismo<\/a>\n\t\t<\/p>\n\t<\/li>\n<li style=\"margin-bottom: 5px;\">\n\t\t<p style=\"text-align: left;line-height: 1em;\">\n\t\t\t<a style=\"font-family: 'Raleway' !important;font-size: 16px !important;\" href=\"https:\/\/www.fealegria.org.br\/casapevelaz\/\" target=\"_blank\">Casa de Passagem Pe. Jos\u00e9 Maria V\u00e9laz<\/a>\n\t\t<\/p>\n\t<\/li>\n<\/ul>\n<div class=\"mpc-arrow\"><\/div><\/div><\/div><a href=\"https:\/\/feyalegria.org\/brasil\/ceilaranjeiras\" target=\"_blank\" title=\"Santa Catarina\"  id=\"mpc_hotspot-25669f2676179bb1\" class=\"mpc-hotspot mpc-init mpc-transition mpc-tooltip-wrap \"  data-position='[\"58.487\",\"77.828\"]'><i class=\"mpc-hotspot__icon mpc-transition  mpc-init mpc-icon-type--image mpc-animation mpc-tooltip-target\" data-animation-in=\"transition.expandIn||300||0||100\"><img loading=\"lazy\" decoding=\"async\" width=\"30\" height=\"30\" src=\"https:\/\/d3pugrm67vf9n7.cloudfront.net\/wp-content\/uploads\/sites\/23\/2022\/03\/07121201\/logoFyA-30-x-30.png\" class=\"attachment-thumbnail\" alt=\"\" title=\"logoFyA-30-x-30\" \/><\/i><div id=\"mpc_tooltip-5569f2676179bec\" class=\"mpc-tooltip mpc-init mpc-typography--default mpc-position--right mpc-effect--slide mpc-can-hover mpc-trigger--hover \"><p style=\"text-align: center\"><strong><span style=\"color: #cc0000\">Palho\u00e7a\/SC<\/span><\/strong><\/p>\n<p style=\"text-align: center\">Centro Social de Educa\u00e7\u00e3o e Cultura Jardim Laranjeiras<\/p><div class=\"mpc-arrow\"><\/div><\/div><\/a><div id=\"mpc_hotspot-88969f267617a09f\" class=\"mpc-hotspot mpc-init mpc-transition mpc-tooltip-wrap \"  data-position='[\"60.336\",\"71.946\"]'><i class=\"mpc-hotspot__icon mpc-transition  mpc-init mpc-icon-type--image mpc-animation mpc-tooltip-target\" data-animation-in=\"transition.expandIn||300||0||100\"><img loading=\"lazy\" decoding=\"async\" width=\"30\" height=\"30\" src=\"https:\/\/d3pugrm67vf9n7.cloudfront.net\/wp-content\/uploads\/sites\/23\/2022\/03\/07121201\/logoFyA-30-x-30.png\" class=\"attachment-thumbnail\" alt=\"\" title=\"logoFyA-30-x-30\" \/><\/i><div id=\"mpc_tooltip-5569f267617a0e5\" class=\"mpc-tooltip mpc-init mpc-typography--default mpc-position--right mpc-effect--slide mpc-can-hover mpc-trigger--hover \"><p style=\"text-align: center\"><strong><span style=\"color: #cc0000\">S\u00e3o Paulo\/SP<\/span><\/strong><\/p>\n<ul style=\"margin: 0;\">\n \t<li style=\"margin-bottom: 5px;\">\n\t\t<p style=\"text-align: left;line-height: 1em;\">\n\t\t\t<a style=\"font-family: 'Raleway' !important;font-size: 16px !important;\" href=\"https:\/\/www.feyalegria.org\/brasil\/casadomluciano\/\" target=\"_blank\">Casa de Acolhida Dom Luciano Mendes de Almeida<\/a>\n\t\t<\/p>\n\t<\/li>\n \t<li style=\"margin-bottom: 5px;\">\n\t\t<p style=\"text-align: left;line-height: 1em;\">\n\t\t\t<a style=\"font-family: 'Raleway' !important;font-size: 16px !important;\" href=\"https:\/\/www.feyalegria.org\/brasil\/ceitaipas\/\" target=\"_blank\">Centro Educacional Infantil Taipas<\/a>\n\t\t<\/p>\n\t<\/li>\n \t<li style=\"margin-bottom: 5px;\">\n\t\t<p style=\"text-align: left;line-height: 1em;\">\n\t\t\t<a style=\"font-family: 'Raleway' !important;font-size: 16px !important;\" href=\"https:\/\/www.feyalegria.org\/brasil\/grajau\/\" target=\"_blank\">Centro Social de Educa\u00e7\u00e3o e Cultura Graja\u00fa<\/a>\n\t\t<\/p>\n\t<\/li>\t\n<\/ul><div class=\"mpc-arrow\"><\/div><\/div><\/div><a href=\"https:\/\/www.feyalegria.org\/brasil\/tocantinia\/\" target=\"_blank\" title=\"Tocantins\"  id=\"mpc_hotspot-43269f267617a5b3\" class=\"mpc-hotspot mpc-init mpc-transition mpc-tooltip-wrap \"  data-position='[\"58.151\",\"39.140\"]'><i class=\"mpc-hotspot__icon mpc-transition  mpc-init mpc-icon-type--image mpc-animation mpc-tooltip-target\" data-animation-in=\"transition.expandIn||300||0||100\"><img loading=\"lazy\" decoding=\"async\" width=\"30\" height=\"30\" src=\"https:\/\/d3pugrm67vf9n7.cloudfront.net\/wp-content\/uploads\/sites\/23\/2022\/03\/07121201\/logoFyA-30-x-30.png\" class=\"attachment-thumbnail\" alt=\"\" title=\"logoFyA-30-x-30\" \/><\/i><div id=\"mpc_tooltip-1069f267617a5ee\" class=\"mpc-tooltip mpc-init mpc-typography--default mpc-position--right mpc-effect--slide mpc-can-hover mpc-trigger--hover \"><p style=\"text-align: center\"><strong><span style=\"color: #cc0000\">Tocant\u00ednia\/TO<\/span><\/strong><\/p>\n<p style=\"text-align: center\">F\u00e9 e Alegria Frei Antonio<\/p>\n<div class=\"mpc-arrow\"><\/div><\/div><\/a><\/div><\/div>[\/vc_column][\/vc_row][vc_row][vc_column offset=&#8221;vc_hidden-lg&#8221;]<div id=\"mpc_interactive_image-6769f267617a8ae\" class=\"mpc-interactive_image mpc-init \"><img loading=\"lazy\" decoding=\"async\" src=\"https:\/\/d3pugrm67vf9n7.cloudfront.net\/wp-content\/uploads\/sites\/23\/2021\/07\/21203616\/oie_transparent-8.png\" width=\"1241\" height=\"922\" alt=\"Image\" class=\"mpc-interactive_image__image\" \/><div class=\"mpc-interactive_image-wrap\"><div id=\"mpc_hotspot-59769f267617a97a\" class=\"mpc-hotspot mpc-init mpc-transition mpc-tooltip-wrap \"  data-position='[\"38.427\",\"24.789\"]'><i class=\"mpc-hotspot__icon mpc-transition  el el-map-marker mpc-init mpc-icon-type--icon mpc-animation mpc-tooltip-target\" data-animation-in=\"transition.expandIn||300||0||100\"><\/i><div id=\"mpc_tooltip-7569f267617a9b2\" class=\"mpc-tooltip mpc-init mpc-typography--default mpc-position--right mpc-effect--slide mpc-can-hover mpc-trigger--hover \"><p style=\"text-align: center\"><strong><span style=\"color: #cc0000\">Manaus\/AM<\/span><\/strong><\/p>\n<p style=\"text-align: center\">Centro Social de Educa\u00e7\u00e3o e Cultura Grande Vitoria<\/p><div class=\"mpc-arrow\"><\/div><\/div><\/div><div id=\"mpc_hotspot-42769f267617aa39\" class=\"mpc-hotspot mpc-init mpc-transition mpc-tooltip-wrap \"  data-position='[\"74.263\",\"45.126\"]'><i class=\"mpc-hotspot__icon mpc-transition  el el-map-marker mpc-init mpc-icon-type--icon mpc-animation mpc-tooltip-target\" data-animation-in=\"transition.expandIn||300||0||100\"><\/i><div id=\"mpc_tooltip-669f267617aa7d\" class=\"mpc-tooltip mpc-init mpc-typography--default mpc-position--right mpc-effect--slide mpc-can-hover mpc-trigger--hover \"><p style=\"text-align: center\"><strong><span style=\"color: #cc0000\">Ilh\u00e9us\/BA<\/span><\/strong><\/p>\n<p style=\"text-align: center\">Centro Social Nossa Senhora <\/br>da Vit\u00f3ria<\/p><div class=\"mpc-arrow\"><\/div><\/div><\/div><div id=\"mpc_hotspot-79369f267617ab07\" class=\"mpc-hotspot mpc-init mpc-transition mpc-tooltip-wrap \"  data-position='[\"70.693\",\"43.200\"]'><i class=\"mpc-hotspot__icon mpc-transition  el el-map-marker mpc-init mpc-icon-type--icon mpc-animation mpc-tooltip-target\" data-animation-in=\"transition.expandIn||300||0||100\"><\/i><div id=\"mpc_tooltip-669f267617ab3c\" class=\"mpc-tooltip mpc-init mpc-typography--default mpc-position--right mpc-effect--slide mpc-can-hover mpc-trigger--hover \"><p style=\"text-align: center\"><strong><span style=\"color: #cc0000\">Quixabeira\/BA<\/span><\/strong><\/p>\n<p style=\"text-align: center\">Escola Fam\u00edlia Agr\u00edcola <\/br>de Jaboticaba<\/p><div class=\"mpc-arrow\"><\/div><\/div><\/div><div id=\"mpc_hotspot-46169f267617abb8\" class=\"mpc-hotspot mpc-init mpc-transition mpc-tooltip-wrap \"  data-position='[\"72.565\",\"25.872\"]'><i class=\"mpc-hotspot__icon mpc-transition  el el-map-marker mpc-init mpc-icon-type--icon mpc-animation mpc-tooltip-target\" data-animation-in=\"transition.expandIn||300||0||100\"><\/i><div id=\"mpc_tooltip-3069f267617abeb\" class=\"mpc-tooltip mpc-init mpc-typography--default mpc-position--right mpc-effect--slide mpc-can-hover mpc-trigger--hover \"><p style=\"text-align: center\"><strong><span style=\"color: #cc0000\">Aracoiaba\/CE<\/span><\/strong><\/p>\n<p style=\"text-align: center\">Centro de Desenvolvimento Comunit\u00e1rio Vazantes<\/p>\n<div class=\"mpc-arrow\"><\/div><\/div><\/div><div id=\"mpc_hotspot-58469f267617ac6a\" class=\"mpc-hotspot mpc-init mpc-transition mpc-tooltip-wrap \"  data-position='[\"72.297\",\"59.807\"]'><i class=\"mpc-hotspot__icon mpc-transition  el el-map-marker mpc-init mpc-icon-type--icon mpc-animation mpc-tooltip-target\" data-animation-in=\"transition.expandIn||300||0||100\"><\/i><div id=\"mpc_tooltip-10069f267617aca4\" class=\"mpc-tooltip mpc-init mpc-typography--default mpc-position--right mpc-effect--slide mpc-can-hover mpc-trigger--hover \"><p style=\"text-align: center\"><strong><span style=\"color: #cc0000\">Cariacica\/ES<\/span><\/strong><\/p>\n<ul>\n  <li>Centro Social de Educa\u00e7\u00e3o e Cultura Casa Legal<\/li>\n<\/ul>\n<p style=\"text-align: center\"><strong><span style=\"color: #cc0000\">Laranja da Terra\/ES<\/span><\/strong><\/p>\n<ul>\n  <li>Centro de Educa\u00e7\u00e3o T\u00e9cnica e Ambiental F\u00e9 e Alegria<\/li>\n<\/ul>\n<p style=\"text-align: center\"><strong><span style=\"color: #cc0000\">Vit\u00f3ria\/ES<\/span><\/strong><\/p>\n<ul>\n<li>Programa de Acolhimento Institucional Viva a Vida<\/li>\n<li>Vit\u00f3ria (Rep\u00fablica - Feminina)<\/li>\n<li>Vit\u00f3ria (Rep\u00fablica - Masculina)<\/li>\n<li>Vit\u00f3ria<\/li>\n<li>Vit\u00f3ria (I)<\/li>\n<li>Vit\u00f3ria (III)<\/li>\n<li>Vit\u00f3ria (IV)<\/li>\n<\/ul><div class=\"mpc-arrow\"><\/div><\/div><\/div><div id=\"mpc_hotspot-7669f267617ad19\" class=\"mpc-hotspot mpc-init mpc-transition mpc-tooltip-wrap \"  data-position='[\"46.381\",\"51.865\"]'><i class=\"mpc-hotspot__icon mpc-transition  el el-map-marker mpc-init mpc-icon-type--icon mpc-animation mpc-tooltip-target\" data-animation-in=\"transition.expandIn||300||0||100\"><\/i><div id=\"mpc_tooltip-4569f267617ad4c\" class=\"mpc-tooltip mpc-init mpc-typography--default mpc-position--right mpc-effect--slide mpc-can-hover mpc-trigger--hover \"><p style=\"text-align: center\"><strong><span style=\"color: #cc0000\">Cuiab\u00e1\/MT<\/span><\/strong><\/p>\n<ul>\n  <li>Rosa Mutran Maluf<\/li>\n  <li>Pe. Jos\u00e9 Ten Cate<\/li>\n<\/ul><div class=\"mpc-arrow\"><\/div><\/div><\/div><div id=\"mpc_hotspot-21269f267617adc1\" class=\"mpc-hotspot mpc-init mpc-transition mpc-tooltip-wrap \"  data-position='[\"65.594\",\"54.874\"]'><i class=\"mpc-hotspot__icon mpc-transition  el el-map-marker mpc-init mpc-icon-type--icon mpc-animation mpc-tooltip-target\" data-animation-in=\"transition.expandIn||300||0||100\"><\/i><div id=\"mpc_tooltip-1769f267617adf5\" class=\"mpc-tooltip mpc-init mpc-typography--default mpc-position--right mpc-effect--slide mpc-can-hover mpc-trigger--hover \"><p style=\"text-align: center\"><strong><span style=\"color: #cc0000\">Santa Luzia\/MG<\/span><\/strong><\/p>\n<ul>\n  <li>Centro Social e Cultural<\/li>\n  <li>Centro Educacional Infantil Palmital<\/li>\n  <li>Centro Social de Educa\u00e7\u00e3o e Cultura S\u00e3o Luiz Gonzaga<\/li>\n<\/ul><div class=\"mpc-arrow\"><\/div><\/div><\/div><div id=\"mpc_hotspot-98769f267617ae78\" class=\"mpc-hotspot mpc-init mpc-transition mpc-tooltip-wrap \"  data-position='[\"76.676\",\"33.815\"]'><i class=\"mpc-hotspot__icon mpc-transition  el el-map-marker mpc-init mpc-icon-type--icon mpc-animation mpc-tooltip-target\" data-animation-in=\"transition.expandIn||300||0||100\"><\/i><div id=\"mpc_tooltip-6369f267617aeac\" class=\"mpc-tooltip mpc-init mpc-typography--default mpc-position--right mpc-effect--slide mpc-can-hover mpc-trigger--hover \"><p style=\"text-align: center\"><strong><span style=\"color: #cc0000\">Jo\u00e3o Pessoa\/PB<\/span><\/strong><\/p>\n<p style=\"text-align: center\">Centro de Cultura e Promo\u00e7\u00e3o Social F\u00e9 e Alegria Para\u00edba<\/p><div class=\"mpc-arrow\"><\/div><\/div><\/div><div id=\"mpc_hotspot-18269f267617af22\" class=\"mpc-hotspot mpc-init mpc-transition mpc-tooltip-wrap \"  data-position='[\"76.676\",\"37.184\"]'><i class=\"mpc-hotspot__icon mpc-transition  el el-map-marker mpc-init mpc-icon-type--icon mpc-animation mpc-tooltip-target\" data-animation-in=\"transition.expandIn||300||0||100\"><\/i><div id=\"mpc_tooltip-2669f267617af55\" class=\"mpc-tooltip mpc-init mpc-position--right mpc-effect--slide mpc-can-hover mpc-trigger--hover \"><p style=\"text-align: center\"><strong><span style=\"color: #cc0000\">Recife\/PE<\/span><\/strong><\/p>\n<p style=\"text-align: center\">F\u00e9 e Alegria Pernambuco<\/p><div class=\"mpc-arrow\"><\/div><\/div><\/div><div id=\"mpc_hotspot-53469f267617afcd\" class=\"mpc-hotspot mpc-init mpc-transition mpc-tooltip-wrap \"  data-position='[\"53.098\",\"89.388\"]'><i class=\"mpc-hotspot__icon mpc-transition  el el-map-marker mpc-init mpc-icon-type--icon mpc-animation mpc-tooltip-target\" data-animation-in=\"transition.expandIn||300||0||100\"><\/i><div id=\"mpc_tooltip-5369f267617afff\" class=\"mpc-tooltip mpc-init mpc-typography--default mpc-position--right mpc-effect--slide mpc-can-hover mpc-trigger--hover \"><p style=\"text-align: center\"><strong><span style=\"color: #cc0000\">Porto Alegre\/RS<\/span><\/strong><\/p>\n<p style=\"text-align: center\">Centro Social de Educa\u00e7\u00e3o e Cultura Farrapos<\/p><div class=\"mpc-arrow\"><\/div><\/div><\/div><div id=\"mpc_hotspot-76269f267617b06e\" class=\"mpc-hotspot mpc-init mpc-transition mpc-tooltip-wrap \"  data-position='[\"75.782\",\"29.723\"]'><i class=\"mpc-hotspot__icon mpc-transition  el el-map-marker mpc-init mpc-icon-type--icon mpc-animation mpc-tooltip-target\" data-animation-in=\"transition.expandIn||300||0||100\"><\/i><div id=\"mpc_tooltip-3869f267617b0a0\" class=\"mpc-tooltip mpc-init mpc-typography--default mpc-position--right mpc-effect--slide mpc-can-hover mpc-trigger--hover \"><p style=\"text-align: center\"><strong><span style=\"color: #cc0000\">Natal\/RN<\/span><\/strong><\/p>\n<p style=\"text-align: center\">Centro de Desenvolvimento Comunit\u00e1rio Boa Esperan\u00e7a<\/p><div class=\"mpc-arrow\"><\/div><\/div><\/div><div id=\"mpc_hotspot-1769f267617b118\" class=\"mpc-hotspot mpc-init mpc-transition mpc-tooltip-wrap \"  data-position='[\"36.014\",\"12.154\"]'><i class=\"mpc-hotspot__icon mpc-transition  el el-map-marker mpc-init mpc-icon-type--icon mpc-animation mpc-tooltip-target\" data-animation-in=\"transition.expandIn||300||0||100\"><\/i><div id=\"mpc_tooltip-8469f267617b154\" class=\"mpc-tooltip mpc-init mpc-typography--default mpc-position--right mpc-effect--slide mpc-can-hover mpc-trigger--hover \"><p style=\"text-align: center\"><strong><span style=\"color: #cc0000\">Boa Vista\/RR<\/span><\/strong><\/p>\n<ul style=\"margin: 0;\">\n \t<li style=\"margin-bottom: 5px;\">\n\t\t<p style=\"text-align: left;line-height: 1em;\">\n\t\t\t<a style=\"font-family: 'Raleway' !important;font-size: 16px !important;\" >Centro Social Liberdade<\/a>\n\t\t<\/p>\n\t<\/li>\n \t<li style=\"margin-bottom: 5px;\">\n\t\t<p style=\"text-align: left;line-height: 1em;\">\n\t\t\t<a style=\"font-family: 'Raleway' !important;font-size: 16px !important;\" >Centro Social S\u00e3o Francisco Xavier<\/a>\n\t\t<\/p>\n\t<\/li>\n<li style=\"margin-bottom: 5px;\">\n\t\t<p style=\"text-align: left;line-height: 1em;\">\n\t\t\t<a style=\"font-family: 'Raleway' !important;font-size: 16px !important;\" >Escrit\u00f3rio de Empreendedorismo<\/a>\n\t\t<\/p>\n\t<\/li>\n<li style=\"margin-bottom: 5px;\">\n\t\t<p style=\"text-align: left;line-height: 1em;\">\n\t\t\t<a style=\"font-family: 'Raleway' !important;font-size: 16px !important;\" >Casa de Passagem Pe. Jos\u00e9 Maria V\u00e9laz<\/a>\n\t\t<\/p>\n\t<\/li>\n<\/ul>\n<div class=\"mpc-arrow\"><\/div><\/div><\/div><div id=\"mpc_hotspot-53369f267617b1c0\" class=\"mpc-hotspot mpc-init mpc-transition mpc-tooltip-wrap \"  data-position='[\"58.088\",\"77.978\"]'><i class=\"mpc-hotspot__icon mpc-transition  el el-map-marker mpc-init mpc-icon-type--icon mpc-animation mpc-tooltip-target\" data-animation-in=\"transition.expandIn||300||0||100\"><\/i><div id=\"mpc_tooltip-7169f267617b1f2\" class=\"mpc-tooltip mpc-init mpc-typography--default mpc-position--right mpc-effect--slide mpc-can-hover mpc-trigger--hover \"><p style=\"text-align: center\"><strong><span style=\"color: #cc0000\">Palho\u00e7a\/SC<\/span><\/strong><\/p>\n<p style=\"text-align: center\">Centro Social de Educa\u00e7\u00e3o e Cultura Jardim Laranjeiras<\/p><div class=\"mpc-arrow\"><\/div><\/div><\/div><div id=\"mpc_hotspot-53769f267617b26d\" class=\"mpc-hotspot mpc-init mpc-transition mpc-tooltip-wrap \"  data-position='[\"60.322\",\"71.480\"]'><i class=\"mpc-hotspot__icon mpc-transition  el el-map-marker mpc-init mpc-icon-type--icon mpc-animation mpc-tooltip-target\" data-animation-in=\"transition.expandIn||300||0||100\"><\/i><div id=\"mpc_tooltip-8269f267617b2a2\" class=\"mpc-tooltip mpc-init mpc-typography--default mpc-position--right mpc-effect--slide mpc-can-hover mpc-trigger--hover \"><p style=\"text-align: center\"><strong><span style=\"color: #cc0000\">S\u00e3o Paulo\/SP<\/span><\/strong><\/p>\n<ul>\n  <li>Centro Educacional Infantil Taipas<\/li>\n  <li>Casa de Acolhida Dom Luciano Mendes de Almeida<\/li>\n  <li>Centro Social de Educa\u00e7\u00e3o e Cultura Graja\u00fa<\/li>\n<\/ul>\n<div class=\"mpc-arrow\"><\/div><\/div><\/div><div id=\"mpc_hotspot-94269f267617b310\" class=\"mpc-hotspot mpc-init mpc-transition mpc-tooltip-wrap \"  data-position='[\"58.177\",\"39.110\"]'><i class=\"mpc-hotspot__icon mpc-transition  el el-map-marker mpc-init mpc-icon-type--icon mpc-animation mpc-tooltip-target\" data-animation-in=\"transition.expandIn||300||0||100\"><\/i><div id=\"mpc_tooltip-469f267617b342\" class=\"mpc-tooltip mpc-init mpc-typography--default mpc-position--right mpc-effect--slide mpc-can-hover mpc-trigger--hover \"><p style=\"text-align: center\"><strong><span style=\"color: #cc0000\">Tocant\u00ednia\/TO<\/span><\/strong><\/p>\n<p style=\"text-align: center\">F\u00e9 e Alegria Frei Antonio<\/p>\n<div class=\"mpc-arrow\"><\/div><\/div><\/div><\/div><\/div>[\/vc_column][\/vc_row][vc_row][vc_column offset=&#8221;vc_hidden-lg&#8221;][vc_tta_accordion active_section=&#8221;&#8221; collapsible_all=&#8221;true&#8221;][vc_tta_section title=&#8221;Amazonas&#8221; tab_id=&#8221;1616248306566-ef2a7375-6314&#8243;]<div style=\"background-color:;height: 10px\" class=\"nicdark_section  \"><\/div>[vc_column_text css=&#8221;.vc_custom_1635532021878{background-color: #aa0f16 !important;border-radius: 10px !important;}&#8221;]<\/p>\n<div style=\"padding: 5px 0\">\n<h4 style=\"text-align: center\"><span style=\"color: #ffffff\">Manaus\/AM<\/span><\/h4>\n<ul>\n<li style=\"line-height: 1em\"><a style=\"color: #ffffff\" href=\"https:\/\/www.feyalegria.org\/brasil\/manaus\/\" target=\"_blank\" rel=\"noopener noreferrer\">Centro Social de Educa\u00e7\u00e3o e Cultura Grande Vit\u00f3ria<\/a><\/li>\n<\/ul>\n<\/div>\n<p>[\/vc_column_text][\/vc_tta_section][vc_tta_section title=&#8221;Bahia&#8221; tab_id=&#8221;1616248306717-0ac67c53-4548&#8243;]<div style=\"background-color:;height: 10px\" class=\"nicdark_section  \"><\/div>[vc_column_text css=&#8221;.vc_custom_1660746408495{background-color: #aa0f16 !important;border-radius: 10px !important;}&#8221;]<\/p>\n<div style=\"padding: 5px 0\">\n<h4 style=\"text-align: center\"><span style=\"color: #ffffff\">Ilh\u00e9us\/BA<\/span><\/h4>\n<ul>\n<li style=\"line-height: 1em\"><a style=\"color: #ffffff\" href=\"https:\/\/www.feyalegria.org\/brasil\/ilheus\/\" target=\"_blank\" rel=\"noopener noreferrer\">Centro Social Nossa Senhora da Vit\u00f3ria<\/a><\/li>\n<\/ul>\n<h4 style=\"text-align: center\"><span style=\"color: #ffffff\">Quixabeira\/BA<\/span><\/h4>\n<ul>\n<li><a style=\"color: #ffffff\" href=\"https:\/\/www.fealegria.org.br\/efaj\/\" target=\"_blank\" rel=\"noopener noreferrer\">Escola Fam\u00edlia Agr\u00edcola de Jaboticaba<\/a><\/li>\n<\/ul>\n<\/div>\n<p>[\/vc_column_text][\/vc_tta_section][vc_tta_section title=&#8221;Cear\u00e1&#8221; tab_id=&#8221;1616248306857-ecf24254-53ae&#8221;]<div style=\"background-color:;height: 10px\" class=\"nicdark_section  \"><\/div>[vc_column_text css=&#8221;.vc_custom_1635532099162{background-color: #aa0f16 !important;border-radius: 10px !important;}&#8221;]<\/p>\n<div style=\"padding: 5px 0\">\n<h4 style=\"text-align: center\"><span style=\"color: #ffffff\">Cear\u00e1\/CE<\/span><\/h4>\n<ul>\n<li style=\"line-height: 1em\"><a style=\"color: #ffffff\" href=\"https:\/\/www.feyalegria.org\/brasil\/vazantes\/\" target=\"_blank\" rel=\"noopener noreferrer\">Centro de Desenvolvimento Comunit\u00e1rio Vazantes<\/a><\/li>\n<\/ul>\n<\/div>\n<p>[\/vc_column_text][\/vc_tta_section][vc_tta_section title=&#8221;Esp\u00edrito Santo&#8221; tab_id=&#8221;1616248307000-65ec6a42-a513&#8243;]<div style=\"background-color:;height: 10px\" class=\"nicdark_section  \"><\/div>[vc_column_text css=&#8221;.vc_custom_1635532123829{background-color: #aa0f16 !important;border-radius: 10px !important;}&#8221;]<\/p>\n<div style=\"padding: 5px 0\">\n<h4 style=\"text-align: center\"><span style=\"color: #ffffff\">Cariacica\/ES<\/span><\/h4>\n<ul>\n<li style=\"line-height: 1em\"><a style=\"color: #ffffff\" href=\"https:\/\/www.feyalegria.org\/brasil\/cariacica\/\" target=\"_blank\" rel=\"noopener noreferrer\">Centro Social de Educa\u00e7\u00e3o e Cultura Casa Legal<\/a><\/li>\n<\/ul>\n<\/div>\n<div style=\"padding: 5px 0\">\n<h4 style=\"text-align: center\"><span style=\"color: #ffffff\">Laranja da Terra\/ES<\/span><\/h4>\n<ul>\n<li style=\"line-height: 1em\"><a style=\"color: #ffffff\" href=\"https:\/\/www.feyalegria.org\/brasil\/laranjadaterra\/\" target=\"_blank\" rel=\"noopener noreferrer\">Centro de Educa\u00e7\u00e3o T\u00e9cnica e Ambiental F\u00e9 e Alegria<\/a><\/li>\n<\/ul>\n<\/div>\n<div style=\"padding: 5px 0\">\n<h4 style=\"text-align: center\"><span style=\"color: #ffffff\">Vit\u00f3ria\/ES<\/span><\/h4>\n<ul>\n<li style=\"line-height: 1em\"><a style=\"color: #ffffff\" href=\"https:\/\/www.feyalegria.org\/brasil\/vitoria\/\" target=\"_blank\" rel=\"noopener noreferrer\">Programa de Acolhimento Institucional Viva a Vida<\/a><\/li>\n<\/ul>\n<\/div>\n<p>[\/vc_column_text][\/vc_tta_section][vc_tta_section title=&#8221;Mato Grosso&#8221; tab_id=&#8221;1616248307143-80ab91d3-8b79&#8243;]<div style=\"background-color:;height: 10px\" class=\"nicdark_section  \"><\/div>[vc_column_text css=&#8221;.vc_custom_1635532149483{background-color: #aa0f16 !important;border-radius: 10px !important;}&#8221;]<\/p>\n<div style=\"padding: 5px 0\">\n<h4 style=\"text-align: center\"><span style=\"color: #ffffff\">Cuiab\u00e1\/MT<\/span><\/h4>\n<ul>\n<li style=\"line-height: 1em\"><a style=\"color: #ffffff\" href=\"https:\/\/www.feyalegria.org\/brasil\/ceirosamutran\/\" target=\"_blank\" rel=\"noopener noreferrer\">Centro Educacional Infantil Rosa Mutran Maluf<\/a><\/li>\n<li style=\"line-height: 1em\"><a style=\"color: #ffffff\" href=\"https:\/\/www.feyalegria.org\/brasil\/ceitencate\/\" target=\"_blank\" rel=\"noopener noreferrer\">Centro Educacional Infantil Pe. Jos\u00e9 Ten Cate<\/a><\/li>\n<\/ul>\n<\/div>\n<p>[\/vc_column_text][\/vc_tta_section][vc_tta_section title=&#8221;Para\u00edba&#8221; tab_id=&#8221;1616248357133-9087912f-83a6&#8243;]<div style=\"background-color:;height: 10px\" class=\"nicdark_section  \"><\/div>[vc_column_text css=&#8221;.vc_custom_1635532176970{background-color: #aa0f16 !important;border-radius: 10px !important;}&#8221;]<\/p>\n<div style=\"padding: 5px 0\">\n<h4 style=\"text-align: center\"><span style=\"color: #ffffff\">Jo\u00e3o Pessoa\/PB<\/span><\/h4>\n<ul>\n<li style=\"line-height: 1em\"><a style=\"color: #ffffff\" href=\"https:\/\/www.feyalegria.org\/brasil\/joaopessoa\/\" target=\"_blank\" rel=\"noopener noreferrer\">Centro de Cultura e Promo\u00e7\u00e3o Social F\u00e9 e Alegria Para\u00edba<\/a><\/li>\n<\/ul>\n<\/div>\n<p>[\/vc_column_text][\/vc_tta_section][vc_tta_section title=&#8221;Minas Gerais&#8221; tab_id=&#8221;1616248418672-3e28e229-9a32&#8243;]<div style=\"background-color:;height: 10px\" class=\"nicdark_section  \"><\/div>[vc_column_text css=&#8221;.vc_custom_1635532199840{background-color: #aa0f16 !important;border-radius: 10px !important;}&#8221;]<\/p>\n<div style=\"padding: 5px 0\">\n<h4 style=\"text-align: center\"><span style=\"color: #ffffff\">Montes Claros\/MG<\/span><\/h4>\n<ul>\n<li style=\"line-height: 1em\"><a style=\"color: #ffffff\" href=\"https:\/\/www.feyalegria.org\/brasil\/montesclaros\/\" target=\"_blank\" rel=\"noopener noreferrer\">Centro Social de Educa\u00e7\u00e3o e Cultura S\u00e3o Luiz Gonzaga<\/a><\/li>\n<\/ul>\n<\/div>\n<div style=\"padding: 5px 0\">\n<h4 style=\"text-align: center\"><span style=\"color: #ffffff\">Santa Luzia\/MG<\/span><\/h4>\n<ul>\n<li style=\"line-height: 1em\"><a style=\"color: #ffffff\" href=\"https:\/\/www.feyalegria.org\/brasil\/santaluzia\/\" target=\"_blank\" rel=\"noopener noreferrer\">Centro Social e Cultural<\/a><\/li>\n<li style=\"line-height: 1em\"><a style=\"color: #ffffff\" href=\"https:\/\/www.feyalegria.org\/brasil\/ceipalmital\/\" target=\"_blank\" rel=\"noopener noreferrer\">Centro Educacional Infantil Palmital<\/a><\/li>\n<\/ul>\n<\/div>\n<p>[\/vc_column_text][\/vc_tta_section][vc_tta_section title=&#8221;Pernambuco&#8221; tab_id=&#8221;1616248492089-158f2710-39c2&#8243;]<div style=\"background-color:;height: 10px\" class=\"nicdark_section  \"><\/div>[vc_column_text css=&#8221;.vc_custom_1635532223900{background-color: #aa0f16 !important;border-radius: 10px !important;}&#8221;]<\/p>\n<div style=\"padding: 5px 0\">\n<h4 style=\"text-align: center\"><span style=\"color: #ffffff\">Recife\/PE<\/span><\/h4>\n<ul>\n<li style=\"line-height: 1em\"><a style=\"color: #ffffff\" href=\"https:\/\/www.feyalegria.org\/brasil\/fe-e-alegria-pernambuco\/\" target=\"_blank\" rel=\"noopener noreferrer\">F\u00e9 e Alegria Pernambuco<\/a><\/li>\n<\/ul>\n<\/div>\n<p>[\/vc_column_text][\/vc_tta_section][vc_tta_section title=&#8221;Rio Grande do Sul&#8221; tab_id=&#8221;1616248605907-487a2786-1cb2&#8243;]<div style=\"background-color:;height: 10px\" class=\"nicdark_section  \"><\/div>[vc_column_text css=&#8221;.vc_custom_1635532239127{background-color: #aa0f16 !important;border-radius: 10px !important;}&#8221;]<\/p>\n<div style=\"padding: 5px 0\">\n<h4 style=\"text-align: center\"><span style=\"color: #ffffff\">Porto Alegre\/RS<\/span><\/h4>\n<ul>\n<li style=\"line-height: 1em\"><a style=\"color: #ffffff\" href=\"https:\/\/www.feyalegria.org\/brasil\/farrapos\/\" target=\"_blank\" rel=\"noopener noreferrer\">Centro Social de Educa\u00e7\u00e3o e Cultura Farrapos<\/a><\/li>\n<\/ul>\n<\/div>\n<p>[\/vc_column_text][\/vc_tta_section][vc_tta_section title=&#8221;Rio Grande do Norte&#8221; tab_id=&#8221;1616248652994-b8a04955-82df&#8221;]<div style=\"background-color:;height: 10px\" class=\"nicdark_section  \"><\/div>[vc_column_text css=&#8221;.vc_custom_1635532255157{background-color: #aa0f16 !important;border-radius: 10px !important;}&#8221;]<\/p>\n<div style=\"padding: 5px 0\">\n<h4 style=\"text-align: center\"><span style=\"color: #ffffff\">Natal\/RN<\/span><\/h4>\n<ul>\n<li style=\"line-height: 1em\"><a style=\"color: #ffffff\" href=\"https:\/\/www.feyalegria.org\/brasil\/natal\/\" target=\"_blank\" rel=\"noopener noreferrer\">Centro de Desenvolvimento Comunit\u00e1rio Boa Esperan\u00e7a<\/a><\/li>\n<\/ul>\n<\/div>\n<p>[\/vc_column_text][\/vc_tta_section][vc_tta_section title=&#8221;Roraima&#8221; tab_id=&#8221;1616248714629-9bbb9b5a-22f2&#8243;]<div style=\"background-color:;height: 10px\" class=\"nicdark_section  \"><\/div>[vc_column_text css=&#8221;.vc_custom_1660748043907{background-color: #aa0f16 !important;border-radius: 10px !important;}&#8221;]<\/p>\n<div style=\"padding: 5px 0\">\n<p style=\"text-align: center\"><span style=\"color: #ffffff\"><strong>Boa Vista\/RR<\/strong><\/span><\/p>\n<ul style=\"margin: 0\">\n<li style=\"margin-bottom: 5px\">\n<p style=\"text-align: left;line-height: 1em\"><span style=\"color: #ffffff\"><a style=\"font-family: Raleway !important;font-size: 16px !important;color: #ffffff\" href=\"https:\/\/www.fealegria.org.br\/centroliberdade\/\" target=\"_blank\" rel=\"noopener noreferrer\">Centro Social Liberdade<\/a><\/span><\/p>\n<\/li>\n<li style=\"margin-bottom: 5px\">\n<p style=\"text-align: left;line-height: 1em\"><span style=\"color: #ffffff\"><a style=\"font-family: Raleway !important;font-size: 16px !important;color: #ffffff\" href=\"https:\/\/www.fealegria.org.br\/centrosaofranciscoxavier\/\" target=\"_blank\" rel=\"noopener noreferrer\">Centro Social S\u00e3o Francisco Xavier<\/a><\/span><\/p>\n<\/li>\n<li style=\"margin-bottom: 5px\">\n<p style=\"text-align: left;line-height: 1em\"><span style=\"color: #ffffff\"><a style=\"font-family: Raleway !important;font-size: 16px !important;color: #ffffff\" href=\"https:\/\/www.fealegria.org.br\/escritorioempreendedorismo\/\" target=\"_blank\" rel=\"noopener noreferrer\">Escrit\u00f3rio de Empreendedorismo<\/a><\/span><\/p>\n<\/li>\n<li style=\"margin-bottom: 5px\">\n<p style=\"text-align: left;line-height: 1em\"><span style=\"color: #ffffff\"><a style=\"font-family: Raleway !important;font-size: 16px !important;color: #ffffff\" href=\"https:\/\/www.fealegria.org.br\/casapevelaz\/\" target=\"_blank\" rel=\"noopener noreferrer\">Casa de Passagem Pe. Jos\u00e9 Maria V\u00e9laz<\/a><\/span><\/p>\n<\/li>\n<\/ul>\n<\/div>\n<p>[\/vc_column_text][\/vc_tta_section][vc_tta_section title=&#8221;Santa Catarina&#8221; tab_id=&#8221;1616248750735-2bca1f8f-57f5&#8243;]<div style=\"background-color:;height: 10px\" class=\"nicdark_section  \"><\/div>[vc_column_text css=&#8221;.vc_custom_1635532286261{background-color: #aa0f16 !important;border-radius: 10px !important;}&#8221;]<\/p>\n<div style=\"padding: 5px 0\">\n<h4 style=\"text-align: center\"><span style=\"color: #ffffff\">Palho\u00e7a\/SC<\/span><\/h4>\n<ul>\n<li style=\"line-height: 1em\"><a style=\"color: #ffffff\" href=\"https:\/\/feyalegria.org\/brasil\/ceilaranjeiras\/\" target=\"_blank\" rel=\"noopener noreferrer\">Centro Social de Educa\u00e7\u00e3o e Cultura Jardim Laranjeiras<\/a><\/li>\n<\/ul>\n<\/div>\n<p>[\/vc_column_text][\/vc_tta_section][vc_tta_section title=&#8221;S\u00e3o Paulo&#8221; tab_id=&#8221;1616248786006-20a1d0df-3e8f&#8221;]<div style=\"background-color:;height: 10px\" class=\"nicdark_section  \"><\/div>[vc_column_text css=&#8221;.vc_custom_1636478769006{background-color: #aa0f16 !important;border-radius: 10px !important;}&#8221;]<\/p>\n<div style=\"padding: 5px 0\">\n<h4 style=\"text-align: center\"><span style=\"color: #ffffff\">S\u00e3o Paulo\/SP<\/span><\/h4>\n<ul>\n<li style=\"line-height: 1em\"><a style=\"color: #ffffff\" href=\"https:\/\/www.feyalegria.org\/brasil\/casadomluciano\/\" target=\"_blank\" rel=\"noopener noreferrer\">Casa de Acolhida Dom Luciano Mendes de Almeida<\/a><\/li>\n<li style=\"line-height: 1em\"><a style=\"color: #ffffff\" href=\"https:\/\/www.feyalegria.org\/brasil\/ceitaipas\/\" target=\"_blank\" rel=\"noopener noreferrer\">Centro Educacional Infantil Taipas<\/a><\/li>\n<li style=\"line-height: 1em\"><a style=\"color: #ffffff\" href=\"https:\/\/www.feyalegria.org\/brasil\/grajau\/\" target=\"_blank\" rel=\"noopener noreferrer\">Centro Social de Educa\u00e7\u00e3o e Cultura Graja\u00fa<\/a><\/li>\n<\/ul>\n<\/div>\n<p>[\/vc_column_text][\/vc_tta_section][vc_tta_section title=&#8221;Tocantins&#8221; tab_id=&#8221;1616248832482-64481c6b-f7f8&#8243;]<div style=\"background-color:;height: 10px\" class=\"nicdark_section  \"><\/div>[vc_column_text css=&#8221;.vc_custom_1635532347783{background-color: #aa0f16 !important;border-radius: 10px !important;}&#8221;]<\/p>\n<div style=\"padding: 5px 0\">\n<h4 style=\"text-align: center\"><span style=\"color: #ffffff\">Tocant\u00ednia\/TO<\/span><\/h4>\n<ul>\n<li style=\"line-height: 1em\"><a style=\"color: #ffffff\" href=\"https:\/\/www.feyalegria.org\/brasil\/tocantinia\/\" target=\"_blank\" rel=\"noopener noreferrer\">F\u00e9 e Alegria Frei Antonio<\/a><\/li>\n<\/ul>\n<\/div>\n<p>[\/vc_column_text][\/vc_tta_section][\/vc_tta_accordion][\/vc_column][\/vc_row][vc_row][vc_column][vc_empty_space height=&#8221;50px&#8221;][\/vc_column][\/vc_row][vc_row][vc_column width=&#8221;1\/3&#8243; offset=&#8221;vc_hidden-md vc_hidden-sm vc_hidden-xs&#8221;][vc_tta_accordion active_section=&#8221;&#8221; collapsible_all=&#8221;true&#8221;][vc_tta_section title=&#8221;Amazonas&#8221; tab_id=&#8221;1615465250294-f52452fe-27c5&#8243;]<div style=\"background-color:;height: 10px\" class=\"nicdark_section  \"><\/div>[vc_column_text css=&#8221;.vc_custom_1635528960848{background-color: #aa0f16 !important;border-radius: 10px !important;}&#8221;]<\/p>\n<div style=\"padding: 5px 0\">\n<h4 style=\"text-align: center\"><span style=\"color: #ffffff\">Manaus\/AM<\/span><\/h4>\n<ul>\n<li style=\"line-height: 1em\"><a style=\"color: #ffffff\" href=\"https:\/\/www.feyalegria.org\/brasil\/manaus\/\" target=\"_blank\" rel=\"noopener noreferrer\">Centro Social de Educa\u00e7\u00e3o e Cultura Grande Vit\u00f3ria<\/a><\/li>\n<\/ul>\n<\/div>\n<p>[\/vc_column_text][\/vc_tta_section][vc_tta_section title=&#8221;Bahia&#8221; tab_id=&#8221;1615465250344-bf446bba-362d&#8221;]<div style=\"background-color:;height: 10px\" class=\"nicdark_section  \"><\/div>[vc_column_text css=&#8221;.vc_custom_1660746535483{background-color: #aa0f16 !important;border-radius: 10px !important;}&#8221;]<\/p>\n<div style=\"padding: 5px 0\">\n<h4 style=\"text-align: center\"><span style=\"color: #ffffff\">Ilh\u00e9us\/BA<\/span><\/h4>\n<ul>\n<li style=\"line-height: 1em\"><a style=\"color: #ffffff\" href=\"https:\/\/www.feyalegria.org\/brasil\/ilheus\/\" target=\"_blank\" rel=\"noopener noreferrer\">Centro Social Nossa Senhora da Vit\u00f3ria<\/a><\/li>\n<\/ul>\n<div style=\"padding: 5px 0\">\n<h4 style=\"text-align: center\"><span style=\"color: #ffffff\">Quixabeira\/BA<\/span><\/h4>\n<ul>\n<li style=\"line-height: 1em\"><a style=\"color: #ffffff\" href=\"https:\/\/www.fealegria.org.br\/efaj\/\" target=\"_blank\" rel=\"noopener noreferrer\">Escola Fam\u00edlia Agr\u00edcola de Jaboticaba<\/a><\/li>\n<\/ul>\n<\/div>\n<\/div>\n<p>[\/vc_column_text][\/vc_tta_section][vc_tta_section title=&#8221;Cear\u00e1&#8221; tab_id=&#8221;1615465250398-1fc8cc3d-8735&#8243;]<div style=\"background-color:;height: 10px\" class=\"nicdark_section  \"><\/div>[vc_column_text css=&#8221;.vc_custom_1635528997669{background-color: #aa0f16 !important;border-radius: 10px !important;}&#8221;]<\/p>\n<div style=\"padding: 5px 0\">\n<h4 style=\"text-align: center\"><span style=\"color: #ffffff\">Cear\u00e1\/CE<\/span><\/h4>\n<ul>\n<li style=\"line-height: 1em\"><a style=\"color: #ffffff\" href=\"https:\/\/www.feyalegria.org\/brasil\/vazantes\/\" target=\"_blank\" rel=\"noopener noreferrer\">Centro de Desenvolvimento Comunit\u00e1rio Vazantes<\/a><\/li>\n<\/ul>\n<\/div>\n<p>[\/vc_column_text][\/vc_tta_section][vc_tta_section title=&#8221;Esp\u00edrito Santo&#8221; tab_id=&#8221;1615465250459-40950b89-187d&#8221;]<div style=\"background-color:;height: 10px\" class=\"nicdark_section  \"><\/div>[vc_column_text css=&#8221;.vc_custom_1635528535053{padding-right: 5px !important;background-color: #aa0f16 !important;border-radius: 10px !important;}&#8221;]<\/p>\n<div style=\"padding: 5px 0\">\n<h4 style=\"text-align: center\"><span style=\"color: #ffffff\">Cariacica\/ES<\/span><\/h4>\n<ul>\n<li style=\"line-height: 1em\"><a style=\"color: #ffffff\" href=\"https:\/\/www.feyalegria.org\/brasil\/cariacica\/\" target=\"_blank\" rel=\"noopener noreferrer\">Centro Social de Educa\u00e7\u00e3o e Cultura Casa Legal<\/a><\/li>\n<\/ul>\n<\/div>\n<div style=\"padding: 5px 0\">\n<h4 style=\"text-align: center\"><span style=\"color: #ffffff\">Laranja da Terra\/ES<\/span><\/h4>\n<ul>\n<li style=\"line-height: 1em\"><a style=\"color: #ffffff\" href=\"https:\/\/www.feyalegria.org\/brasil\/laranjadaterra\/\" target=\"_blank\" rel=\"noopener noreferrer\">Centro de Educa\u00e7\u00e3o T\u00e9cnica e Ambiental F\u00e9 e Alegria<\/a><\/li>\n<\/ul>\n<\/div>\n<div style=\"padding: 5px 0\">\n<h4 style=\"text-align: center\"><span style=\"color: #ffffff\">Vit\u00f3ria\/ES<\/span><\/h4>\n<ul>\n<li style=\"line-height: 1em\"><a style=\"color: #ffffff\" href=\"https:\/\/www.feyalegria.org\/brasil\/vitoria\/\" target=\"_blank\" rel=\"noopener noreferrer\">Programa de Acolhimento Institucional Viva a Vida<\/a><\/li>\n<\/ul>\n<\/div>\n<p>[\/vc_column_text][\/vc_tta_section][vc_tta_section title=&#8221;Mato Grosso&#8221; tab_id=&#8221;1615465865143-4c1e7711-f84d&#8221;]<div style=\"background-color:;height: 10px\" class=\"nicdark_section  \"><\/div>[vc_column_text css=&#8221;.vc_custom_1635528737937{background-color: #aa0f16 !important;border-radius: 10px !important;}&#8221;]<\/p>\n<div style=\"padding: 5px 0\">\n<h4 style=\"text-align: center\"><span style=\"color: #ffffff\">Cuiab\u00e1\/MT<\/span><\/h4>\n<ul>\n<li style=\"line-height: 1em\"><a style=\"color: #ffffff\" href=\"https:\/\/www.feyalegria.org\/brasil\/ceirosamutran\/\" target=\"_blank\" rel=\"noopener noreferrer\">Centro Educacional Infantil Rosa Mutran Maluf<\/a><\/li>\n<li style=\"line-height: 1em\"><a style=\"color: #ffffff\" href=\"https:\/\/www.feyalegria.org\/brasil\/ceitencate\/\" target=\"_blank\" rel=\"noopener noreferrer\">Centro Educacional Infantil Pe. Jos\u00e9 Ten Cate<\/a><\/li>\n<\/ul>\n<\/div>\n<p>[\/vc_column_text][\/vc_tta_section][\/vc_tta_accordion][\/vc_column][vc_column width=&#8221;1\/3&#8243; offset=&#8221;vc_hidden-md vc_hidden-sm vc_hidden-xs&#8221;][vc_tta_accordion style=&#8221;flat&#8221; active_section=&#8221;&#8221; collapsible_all=&#8221;true&#8221;][vc_tta_section title=&#8221;Minas Gerais&#8221; tab_id=&#8221;1615465914737-9a19dc93-7be5&#8243;]<div style=\"background-color:;height: 10px\" class=\"nicdark_section  \"><\/div>[vc_column_text css=&#8221;.vc_custom_1635529363690{background-color: #aa0f16 !important;border-radius: 10px !important;}&#8221;]<\/p>\n<div style=\"padding: 5px 0\">\n<h4 style=\"text-align: center\"><span style=\"color: #ffffff\">Montes Claros\/MG<\/span><\/h4>\n<ul>\n<li style=\"line-height: 1em\"><a style=\"color: #ffffff\" href=\"https:\/\/www.feyalegria.org\/brasil\/montesclaros\/\" target=\"_blank\" rel=\"noopener noreferrer\">Centro Social de Educa\u00e7\u00e3o e Cultura S\u00e3o Luiz Gonzaga<\/a><\/li>\n<\/ul>\n<\/div>\n<div style=\"padding: 5px 0\">\n<h4 style=\"text-align: center\"><span style=\"color: #ffffff\">Santa Luzia\/MG<\/span><\/h4>\n<ul>\n<li style=\"line-height: 1em\"><a style=\"color: #ffffff\" href=\"https:\/\/www.feyalegria.org\/brasil\/santaluzia\/\" target=\"_blank\" rel=\"noopener noreferrer\">Centro Social e Cultural<\/a><\/li>\n<li style=\"line-height: 1em\"><a style=\"color: #ffffff\" href=\"https:\/\/www.feyalegria.org\/brasil\/ceipalmital\/\" target=\"_blank\" rel=\"noopener noreferrer\">Centro Educacional Infantil Palmital<\/a><\/li>\n<\/ul>\n<\/div>\n<p>[\/vc_column_text][\/vc_tta_section][vc_tta_section title=&#8221;Para\u00edba&#8221; tab_id=&#8221;1615465914888-821d31aa-858f&#8221;]<div style=\"background-color:;height: 10px\" class=\"nicdark_section  \"><\/div>[vc_column_text css=&#8221;.vc_custom_1635529447288{background-color: #aa0f16 !important;border-radius: 10px !important;}&#8221;]<\/p>\n<div style=\"padding: 5px 0\">\n<h4 style=\"text-align: center\"><span style=\"color: #ffffff\">Jo\u00e3o Pessoa\/PB<\/span><\/h4>\n<ul>\n<li style=\"line-height: 1em\"><a style=\"color: #ffffff\" href=\"https:\/\/www.feyalegria.org\/brasil\/joaopessoa\/\" target=\"_blank\" rel=\"noopener noreferrer\">Centro de Cultura e Promo\u00e7\u00e3o Social F\u00e9 e Alegria Para\u00edba<\/a><\/li>\n<\/ul>\n<\/div>\n<p>[\/vc_column_text][\/vc_tta_section][vc_tta_section title=&#8221;Pernambuco&#8221; tab_id=&#8221;1615465915045-cf887502-e523&#8243;]<div style=\"background-color:;height: 10px\" class=\"nicdark_section  \"><\/div>[vc_column_text css=&#8221;.vc_custom_1635530946945{background-color: #aa0f16 !important;border-radius: 10px !important;}&#8221;]<\/p>\n<div style=\"padding: 5px 0\">\n<h4 style=\"text-align: center\"><span style=\"color: #ffffff\">Recife\/PE<\/span><\/h4>\n<ul>\n<li style=\"line-height: 1em\"><a style=\"color: #ffffff\" href=\"https:\/\/www.feyalegria.org\/brasil\/recife\/\" target=\"_blank\" rel=\"noopener noreferrer\">F\u00e9 e Alegria Pernambuco<\/a><\/li>\n<\/ul>\n<\/div>\n<p>[\/vc_column_text][\/vc_tta_section][vc_tta_section title=&#8221;Rio Grande do Sul&#8221; tab_id=&#8221;1615465915197-37138d72-b7bc&#8221;]<div style=\"background-color:;height: 10px\" class=\"nicdark_section  \"><\/div>[vc_column_text css=&#8221;.vc_custom_1635529841247{background-color: #aa0f16 !important;border-radius: 10px !important;}&#8221;]<\/p>\n<div style=\"padding: 5px 0\">\n<h4 style=\"text-align: center\"><span style=\"color: #ffffff\">Porto Alegre\/RS<\/span><\/h4>\n<ul>\n<li style=\"line-height: 1em\"><a style=\"color: #ffffff\" href=\"https:\/\/www.feyalegria.org\/brasil\/farrapos\/\" target=\"_blank\" rel=\"noopener noreferrer\">Centro Social de Educa\u00e7\u00e3o e Cultura Farrapos<\/a><\/li>\n<\/ul>\n<\/div>\n<p>[\/vc_column_text][\/vc_tta_section][vc_tta_section title=&#8221;Rio Grande do Norte&#8221; tab_id=&#8221;1615465915428-3d831f2a-f11d&#8221;]<div style=\"background-color:;height: 10px\" class=\"nicdark_section  \"><\/div>[vc_column_text css=&#8221;.vc_custom_1635530653794{background-color: #aa0f16 !important;border-radius: 10px !important;}&#8221;]<\/p>\n<div style=\"padding: 5px 0\">\n<h4 style=\"text-align: center\"><span style=\"color: #ffffff\">Natal\/RN<\/span><\/h4>\n<ul>\n<li style=\"line-height: 1em\"><a style=\"color: #ffffff\" href=\"https:\/\/www.feyalegria.org\/brasil\/natal\/\" target=\"_blank\" rel=\"noopener noreferrer\">Centro de Desenvolvimento Comunit\u00e1rio Boa Esperan\u00e7a<\/a><\/li>\n<\/ul>\n<\/div>\n<p>[\/vc_column_text][\/vc_tta_section][\/vc_tta_accordion][\/vc_column][vc_column width=&#8221;1\/3&#8243; offset=&#8221;vc_hidden-md vc_hidden-sm vc_hidden-xs&#8221;][vc_tta_accordion active_section=&#8221;&#8221; collapsible_all=&#8221;true&#8221;][vc_tta_section title=&#8221;Roraima&#8221; tab_id=&#8221;1615465922234-10e45734-457e&#8221;]<div style=\"background-color:;height: 10px\" class=\"nicdark_section  \"><\/div>[vc_column_text css=&#8221;.vc_custom_1660748232208{background-color: #aa0f16 !important;border-radius: 10px !important;}&#8221;]<\/p>\n<div style=\"padding: 5px 0\">\n<p style=\"text-align: center\"><span style=\"color: #ffffff\"><strong>Boa Vista\/RR<\/strong><\/span><\/p>\n<ul style=\"margin: 0\">\n<li style=\"margin-bottom: 5px\">\n<p style=\"text-align: left;line-height: 1em\"><span style=\"color: #ffffff\"><a style=\"font-family: Raleway !important;font-size: 16px !important;color: #ffffff\" href=\"https:\/\/www.fealegria.org.br\/centroliberdade\/\" target=\"_blank\" rel=\"noopener noreferrer\">Centro Social Liberdade<\/a><\/span><\/p>\n<\/li>\n<li style=\"margin-bottom: 5px\">\n<p style=\"text-align: left;line-height: 1em\"><span style=\"color: #ffffff\"><a style=\"font-family: Raleway !important;font-size: 16px !important;color: #ffffff\" href=\"https:\/\/www.fealegria.org.br\/centrosaofranciscoxavier\/\" target=\"_blank\" rel=\"noopener noreferrer\">Centro Social S\u00e3o Francisco Xavier<\/a><\/span><\/p>\n<\/li>\n<li style=\"margin-bottom: 5px\">\n<p style=\"text-align: left;line-height: 1em\"><span style=\"color: #ffffff\"><a style=\"font-family: Raleway !important;font-size: 16px !important;color: #ffffff\" href=\"https:\/\/www.fealegria.org.br\/escritorioempreendedorismo\/\" target=\"_blank\" rel=\"noopener noreferrer\">Escrit\u00f3rio de Empreendedorismo<\/a><\/span><\/p>\n<\/li>\n<li style=\"margin-bottom: 5px\">\n<p style=\"text-align: left;line-height: 1em\"><span style=\"color: #ffffff\"><a style=\"font-family: Raleway !important;font-size: 16px !important;color: #ffffff\" href=\"https:\/\/www.fealegria.org.br\/casapevelaz\/\" target=\"_blank\" rel=\"noopener noreferrer\">Casa de Passagem Pe. Jos\u00e9 Maria V\u00e9laz<\/a><\/span><\/p>\n<\/li>\n<\/ul>\n<\/div>\n<p>[\/vc_column_text][\/vc_tta_section][vc_tta_section title=&#8221;Santa Catarina&#8221; tab_id=&#8221;1615465922406-341592c7-1701&#8243;]<div style=\"background-color:;height: 10px\" class=\"nicdark_section  \"><\/div>[vc_column_text css=&#8221;.vc_custom_1635531153488{background-color: #aa0f16 !important;border-radius: 10px !important;}&#8221;]<\/p>\n<div style=\"padding: 5px 0\">\n<h4 style=\"text-align: center\"><span style=\"color: #ffffff\">Palho\u00e7a\/SC<\/span><\/h4>\n<ul>\n<li style=\"line-height: 1em\"><a style=\"color: #ffffff\" href=\"https:\/\/feyalegria.org\/brasil\/ceilaranjeiras\/\" target=\"_blank\" rel=\"noopener noreferrer\">Centro Social de Educa\u00e7\u00e3o e Cultura Jardim Laranjeiras<\/a><\/li>\n<\/ul>\n<\/div>\n<p>[\/vc_column_text][\/vc_tta_section][vc_tta_section title=&#8221;S\u00e3o Paulo&#8221; tab_id=&#8221;1615465922563-ae9b520a-f0eb&#8221;]<div style=\"background-color:;height: 10px\" class=\"nicdark_section  \"><\/div>[vc_column_text css=&#8221;.vc_custom_1636478802683{background-color: #aa0f16 !important;border-radius: 10px !important;}&#8221;]<\/p>\n<div style=\"padding: 5px 0\">\n<h4 style=\"text-align: center\"><span style=\"color: #ffffff\">S\u00e3o Paulo\/SP<\/span><\/h4>\n<ul>\n<li style=\"line-height: 1em\"><a style=\"color: #ffffff\" href=\"https:\/\/www.feyalegria.org\/brasil\/casadomluciano\/\" target=\"_blank\" rel=\"noopener noreferrer\">Casa de Acolhida Dom Luciano Mendes de Almeida<\/a><\/li>\n<li style=\"line-height: 1em\"><a style=\"color: #ffffff\" href=\"https:\/\/www.feyalegria.org\/brasil\/ceitaipas\/\" target=\"_blank\" rel=\"noopener noreferrer\">Centro Educacional Infantil Taipas<\/a><\/li>\n<li style=\"line-height: 1em\"><a style=\"color: #ffffff\" href=\"https:\/\/www.feyalegria.org\/brasil\/grajau\/\" target=\"_blank\" rel=\"noopener noreferrer\">Centro Social de Educa\u00e7\u00e3o e Cultura Graja\u00fa<\/a><\/li>\n<\/ul>\n<\/div>\n<p>[\/vc_column_text][\/vc_tta_section][vc_tta_section title=&#8221;Tocantins&#8221; tab_id=&#8221;1615465922738-9443f69e-3e52&#8243;]<div style=\"background-color:;height: 10px\" class=\"nicdark_section  \"><\/div>[vc_column_text css=&#8221;.vc_custom_1635530709923{background-color: #aa0f16 !important;border-radius: 10px !important;}&#8221;]<\/p>\n<div style=\"padding: 5px 0\">\n<h4 style=\"text-align: center\"><span style=\"color: #ffffff\">Tocant\u00ednia\/TO<\/span><\/h4>\n<ul>\n<li style=\"line-height: 1em\"><a style=\"color: #ffffff\" href=\"https:\/\/www.feyalegria.org\/brasil\/tocantinia\/\" target=\"_blank\" rel=\"noopener noreferrer\">F\u00e9 e Alegria Frei Antonio<\/a><\/li>\n<\/ul>\n<\/div>\n<p>[\/vc_column_text][\/vc_tta_section][\/vc_tta_accordion][\/vc_column][\/vc_row][vc_row][vc_column][vc_empty_space height=&#8221;50px&#8221;][\/vc_column][\/vc_row][vc_row][vc_column][vc_column_text]<\/p>\n<p>[\/vc_column_text][\/vc_column][\/vc_row]<\/p>\n<\/div>","protected":false},"excerpt":{"rendered":"<p>[vc_row css=&#8221;.vc_custom_1610132498699{padding-top: 30px !important;}&#8221;][vc_column width=&#8221;5\/6&#8243;][vc_column_text] Onde Estamos [\/vc_column_text][\/vc_column][vc_column width=&#8221;1\/6&#8243; offset=&#8221;vc_hidden-sm vc_hidden-xs&#8221; css=&#8221;.vc_custom_1688145076475{margin-top: -80px !important;}&#8221;][vc_single_image image=&#8221;2274&#8243; img_size=&#8221;150&#8243; alignment=&#8221;right&#8221; style=&#8221;vc_box_circle_2&#8243;][\/vc_column][\/vc_row][vc_row][vc_column offset=&#8221;vc_hidden-md vc_hidden-sm vc_hidden-xs&#8221;][\/vc_column][\/vc_row][vc_row][vc_column offset=&#8221;vc_hidden-lg&#8221;][\/vc_column][\/vc_row][vc_row][vc_column offset=&#8221;vc_hidden-lg&#8221;][vc_tta_accordion active_section=&#8221;&#8221; collapsible_all=&#8221;true&#8221;][vc_tta_section title=&#8221;Amazonas&#8221; tab_id=&#8221;1616248306566-ef2a7375-6314&#8243;][vc_column_text css=&#8221;.vc_custom_1635532021878{background-color: #aa0f16 !important;border-radius: 10px !important;}&#8221;] Manaus\/AM Centro Social de Educa\u00e7\u00e3o e Cultura Grande Vit\u00f3ria [\/vc_column_text][\/vc_tta_section][vc_tta_section title=&#8221;Bahia&#8221; tab_id=&#8221;1616248306717-0ac67c53-4548&#8243;][vc_column_text css=&#8221;.vc_custom_1660746408495{background-color: #aa0f16 !important;border-radius: 10px !important;}&#8221;] Ilh\u00e9us\/BA Centro Social Nossa Senhora da<\/p>\n","protected":false},"author":19,"featured_media":0,"parent":0,"menu_order":0,"comment_status":"closed","ping_status":"closed","template":"","meta":{"_acf_changed":false,"footnotes":""},"folder":[],"class_list":["post-1748","page","type-page","status-publish","hentry"],"acf":[],"yoast_head":"<!-- This site is optimized with the Yoast SEO plugin v27.5 - https:\/\/yoast.com\/product\/yoast-seo-wordpress\/ -->\n<title>Onde Estamos - #SomosF\u00e9eAlegria en Brasil<\/title>\n<meta name=\"robots\" content=\"index, follow, max-snippet:-1, max-image-preview:large, max-video-preview:-1\" \/>\n<link rel=\"canonical\" href=\"https:\/\/www.feyalegria.org\/brasil\/onde-estamos\/\" \/>\n<meta property=\"og:locale\" content=\"es_ES\" \/>\n<meta property=\"og:type\" content=\"article\" \/>\n<meta property=\"og:title\" content=\"Onde Estamos - #SomosF\u00e9eAlegria en Brasil\" \/>\n<meta property=\"og:description\" content=\"[vc_row css=&#8221;.vc_custom_1610132498699{padding-top: 30px !important;}&#8221;][vc_column width=&#8221;5\/6&#8243;][vc_column_text] Onde Estamos [\/vc_column_text][\/vc_column][vc_column width=&#8221;1\/6&#8243; offset=&#8221;vc_hidden-sm vc_hidden-xs&#8221; css=&#8221;.vc_custom_1688145076475{margin-top: -80px !important;}&#8221;][vc_single_image image=&#8221;2274&#8243; img_size=&#8221;150&#8243; alignment=&#8221;right&#8221; style=&#8221;vc_box_circle_2&#8243;][\/vc_column][\/vc_row][vc_row][vc_column offset=&#8221;vc_hidden-md vc_hidden-sm vc_hidden-xs&#8221;][\/vc_column][\/vc_row][vc_row][vc_column offset=&#8221;vc_hidden-lg&#8221;][\/vc_column][\/vc_row][vc_row][vc_column offset=&#8221;vc_hidden-lg&#8221;][vc_tta_accordion active_section=&#8221;&#8221; collapsible_all=&#8221;true&#8221;][vc_tta_section title=&#8221;Amazonas&#8221; tab_id=&#8221;1616248306566-ef2a7375-6314&#8243;][vc_column_text css=&#8221;.vc_custom_1635532021878{background-color: #aa0f16 !important;border-radius: 10px !important;}&#8221;] Manaus\/AM Centro Social de Educa\u00e7\u00e3o e Cultura Grande Vit\u00f3ria [\/vc_column_text][\/vc_tta_section][vc_tta_section title=&#8221;Bahia&#8221; tab_id=&#8221;1616248306717-0ac67c53-4548&#8243;][vc_column_text css=&#8221;.vc_custom_1660746408495{background-color: #aa0f16 !important;border-radius: 10px !important;}&#8221;] Ilh\u00e9us\/BA Centro Social Nossa Senhora da\" \/>\n<meta property=\"og:url\" content=\"https:\/\/www.feyalegria.org\/brasil\/onde-estamos\/\" \/>\n<meta property=\"og:site_name\" content=\"#SomosF\u00e9eAlegria en Brasil\" \/>\n<meta property=\"article:modified_time\" content=\"2023-06-30T17:11:30+00:00\" \/>\n<meta name=\"twitter:card\" content=\"summary_large_image\" \/>\n<meta name=\"twitter:label1\" content=\"Tiempo de lectura\" \/>\n\t<meta name=\"twitter:data1\" content=\"35 minutos\" \/>\n<script type=\"application\/ld+json\" class=\"yoast-schema-graph\">{\"@context\":\"https:\\\/\\\/schema.org\",\"@graph\":[{\"@type\":\"WebPage\",\"@id\":\"https:\\\/\\\/www.feyalegria.org\\\/brasil\\\/onde-estamos\\\/\",\"url\":\"https:\\\/\\\/www.feyalegria.org\\\/brasil\\\/onde-estamos\\\/\",\"name\":\"Onde Estamos - #SomosF\u00e9eAlegria en Brasil\",\"isPartOf\":{\"@id\":\"https:\\\/\\\/www.feyalegria.org\\\/brasil\\\/#website\"},\"datePublished\":\"2020-08-27T02:22:20+00:00\",\"dateModified\":\"2023-06-30T17:11:30+00:00\",\"inLanguage\":\"es-CO\",\"potentialAction\":[{\"@type\":\"ReadAction\",\"target\":[\"https:\\\/\\\/www.feyalegria.org\\\/brasil\\\/onde-estamos\\\/\"]}]},{\"@type\":\"WebSite\",\"@id\":\"https:\\\/\\\/www.feyalegria.org\\\/brasil\\\/#website\",\"url\":\"https:\\\/\\\/www.feyalegria.org\\\/brasil\\\/\",\"name\":\"#SomosF\u00e9eAlegria en Brasil\",\"description\":\"\",\"potentialAction\":[{\"@type\":\"SearchAction\",\"target\":{\"@type\":\"EntryPoint\",\"urlTemplate\":\"https:\\\/\\\/www.feyalegria.org\\\/brasil\\\/?s={search_term_string}\"},\"query-input\":{\"@type\":\"PropertyValueSpecification\",\"valueRequired\":true,\"valueName\":\"search_term_string\"}}],\"inLanguage\":\"es-CO\"}]}<\/script>\n<!-- \/ Yoast SEO plugin. -->","yoast_head_json":{"title":"Onde Estamos - #SomosF\u00e9eAlegria en Brasil","robots":{"index":"index","follow":"follow","max-snippet":"max-snippet:-1","max-image-preview":"max-image-preview:large","max-video-preview":"max-video-preview:-1"},"canonical":"https:\/\/www.feyalegria.org\/brasil\/onde-estamos\/","og_locale":"es_ES","og_type":"article","og_title":"Onde Estamos - #SomosF\u00e9eAlegria en Brasil","og_description":"[vc_row css=&#8221;.vc_custom_1610132498699{padding-top: 30px !important;}&#8221;][vc_column width=&#8221;5\/6&#8243;][vc_column_text] Onde Estamos [\/vc_column_text][\/vc_column][vc_column width=&#8221;1\/6&#8243; offset=&#8221;vc_hidden-sm vc_hidden-xs&#8221; css=&#8221;.vc_custom_1688145076475{margin-top: -80px !important;}&#8221;][vc_single_image image=&#8221;2274&#8243; img_size=&#8221;150&#8243; alignment=&#8221;right&#8221; style=&#8221;vc_box_circle_2&#8243;][\/vc_column][\/vc_row][vc_row][vc_column offset=&#8221;vc_hidden-md vc_hidden-sm vc_hidden-xs&#8221;][\/vc_column][\/vc_row][vc_row][vc_column offset=&#8221;vc_hidden-lg&#8221;][\/vc_column][\/vc_row][vc_row][vc_column offset=&#8221;vc_hidden-lg&#8221;][vc_tta_accordion active_section=&#8221;&#8221; collapsible_all=&#8221;true&#8221;][vc_tta_section title=&#8221;Amazonas&#8221; tab_id=&#8221;1616248306566-ef2a7375-6314&#8243;][vc_column_text css=&#8221;.vc_custom_1635532021878{background-color: #aa0f16 !important;border-radius: 10px !important;}&#8221;] Manaus\/AM Centro Social de Educa\u00e7\u00e3o e Cultura Grande Vit\u00f3ria [\/vc_column_text][\/vc_tta_section][vc_tta_section title=&#8221;Bahia&#8221; tab_id=&#8221;1616248306717-0ac67c53-4548&#8243;][vc_column_text css=&#8221;.vc_custom_1660746408495{background-color: #aa0f16 !important;border-radius: 10px !important;}&#8221;] Ilh\u00e9us\/BA Centro Social Nossa Senhora da","og_url":"https:\/\/www.feyalegria.org\/brasil\/onde-estamos\/","og_site_name":"#SomosF\u00e9eAlegria en Brasil","article_modified_time":"2023-06-30T17:11:30+00:00","twitter_card":"summary_large_image","twitter_misc":{"Tiempo de lectura":"35 minutos"},"schema":{"@context":"https:\/\/schema.org","@graph":[{"@type":"WebPage","@id":"https:\/\/www.feyalegria.org\/brasil\/onde-estamos\/","url":"https:\/\/www.feyalegria.org\/brasil\/onde-estamos\/","name":"Onde Estamos - #SomosF\u00e9eAlegria en Brasil","isPartOf":{"@id":"https:\/\/www.feyalegria.org\/brasil\/#website"},"datePublished":"2020-08-27T02:22:20+00:00","dateModified":"2023-06-30T17:11:30+00:00","inLanguage":"es-CO","potentialAction":[{"@type":"ReadAction","target":["https:\/\/www.feyalegria.org\/brasil\/onde-estamos\/"]}]},{"@type":"WebSite","@id":"https:\/\/www.feyalegria.org\/brasil\/#website","url":"https:\/\/www.feyalegria.org\/brasil\/","name":"#SomosF\u00e9eAlegria en Brasil","description":"","potentialAction":[{"@type":"SearchAction","target":{"@type":"EntryPoint","urlTemplate":"https:\/\/www.feyalegria.org\/brasil\/?s={search_term_string}"},"query-input":{"@type":"PropertyValueSpecification","valueRequired":true,"valueName":"search_term_string"}}],"inLanguage":"es-CO"}]}},"_links":{"self":[{"href":"https:\/\/www.feyalegria.org\/brasil\/wp-json\/wp\/v2\/pages\/1748","targetHints":{"allow":["GET"]}}],"collection":[{"href":"https:\/\/www.feyalegria.org\/brasil\/wp-json\/wp\/v2\/pages"}],"about":[{"href":"https:\/\/www.feyalegria.org\/brasil\/wp-json\/wp\/v2\/types\/page"}],"author":[{"embeddable":true,"href":"https:\/\/www.feyalegria.org\/brasil\/wp-json\/wp\/v2\/users\/19"}],"replies":[{"embeddable":true,"href":"https:\/\/www.feyalegria.org\/brasil\/wp-json\/wp\/v2\/comments?post=1748"}],"version-history":[{"count":0,"href":"https:\/\/www.feyalegria.org\/brasil\/wp-json\/wp\/v2\/pages\/1748\/revisions"}],"wp:attachment":[{"href":"https:\/\/www.feyalegria.org\/brasil\/wp-json\/wp\/v2\/media?parent=1748"}],"wp:term":[{"taxonomy":"folder","embeddable":true,"href":"https:\/\/www.feyalegria.org\/brasil\/wp-json\/wp\/v2\/folder?post=1748"}],"curies":[{"name":"wp","href":"https:\/\/api.w.org\/{rel}","templated":true}]}}