 {"id":24685,"date":"2021-10-04T20:07:00","date_gmt":"2021-10-04T23:07:00","guid":{"rendered":"https:\/\/www.feyalegria.org\/brasil\/?page_id=24685"},"modified":"2022-09-08T20:52:02","modified_gmt":"2022-09-08T23:52:02","slug":"ceitencate","status":"publish","type":"page","link":"https:\/\/www.feyalegria.org\/brasil\/ceitencate\/","title":{"rendered":"Centro de Educa\u00e7\u00e3o Infantil Pe. Jos\u00e9 Ten Cate"},"content":{"rendered":"<div class=\"wpb-content-wrapper\"><p>[vc_row css=&#8221;.vc_custom_1610136019840{padding-top: 30px !important;}&#8221;][vc_column width=&#8221;5\/6&#8243;][vc_column_text]<\/p>\n<h1>Centro de Educa\u00e7\u00e3o Infantil Pe. Jos\u00e9 Ten Cate<\/h1>\n<p>[\/vc_column_text][\/vc_column][vc_column width=&#8221;1\/6&#8243; css=&#8221;.vc_custom_1616259062307{margin-top: -80px !important;}&#8221; offset=&#8221;vc_hidden-md vc_hidden-sm vc_hidden-xs&#8221;][vc_single_image image=&#8221;2283&#8243; img_size=&#8221;150&#8243; alignment=&#8221;right&#8221; style=&#8221;vc_box_circle_2&#8243;][\/vc_column][\/vc_row][vc_row][vc_column width=&#8221;1\/3&#8243;][vc_single_image image=&#8221;25082&#8243; img_size=&#8221;300&#215;300&#8243; alignment=&#8221;center&#8221; style=&#8221;vc_box_circle_2&#8243;][\/vc_column][vc_column width=&#8221;2\/3&#8243;][vc_column_text]<\/p>\n<h3>Hist\u00f3ria<\/h3>\n<p>[\/vc_column_text][vc_empty_space height=&#8221;10px&#8221;][vc_column_text]Em 2002, o Centro de Educa\u00e7\u00e3o Infantil Pe. Jos\u00e9 Ten Cate iniciou suas atividades em Cuiab\u00e1, capital mato-grossense, com o nome de Associa\u00e7\u00e3o Beneficente de Educa\u00e7\u00e3o Popular Integral F\u00e9 e Alegria (ABSEPI). A constru\u00e7\u00e3o da unidade surgiu por meio da doa\u00e7\u00e3o de um terreno, subs\u00eddio realizado pela Igreja da comunidade do Novo Para\u00edso, que atualmente engloba a Igreja Cat\u00f3lica Imaculada Concei\u00e7\u00e3o e o centro de atendimento de sa\u00fade alternativa Bio Sa\u00fade, al\u00e9m do CEI Pe. Ten Cate F\u00e9 e Alegria.<\/p>\n<p>&nbsp;<\/p>\n<p>A regi\u00e3o do CEI ainda apresenta uma popula\u00e7\u00e3o, em sua maioria, n\u00e3o atendida pelos \u00f3rg\u00e3os p\u00fablicos, como \u00e9 o caso de muitas crian\u00e7as fora do ensino formal, propriedades irregulares e moradias constru\u00eddas em \u00e1rea de risco. O bairro Novo Para\u00edso tamb\u00e9m apresenta precariedade nos servi\u00e7os essenciais, como falta de \u00e1gua constante, ilumina\u00e7\u00e3o improvisada e problemas de saneamento b\u00e1sico. Diante dessas dificuldades, a Funda\u00e7\u00e3o F\u00e9 e Alegria destaca-se como um apoio para a comunidade, para as fam\u00edlias e para os moradores do entorno.<\/p>\n<p>&nbsp;<\/p>\n<p>Em 2019, foi estabelecida uma parceria com a Funda\u00e7\u00e3o ABRINQ, uma organiza\u00e7\u00e3o sem fins lucrativos cujo objetivo \u00e9 mobilizar a sociedade para a defesa dos direitos e da cidadania de crian\u00e7as e adolescentes. A partir dessa articula\u00e7\u00e3o, foram implementados o projeto <em>Semeando o Saber<\/em> e o <em>Programa Nossas Crian\u00e7as<\/em>, que proporcionaram diversas melhorias na unidade, como amplia\u00e7\u00e3o de vagas, qualifica\u00e7\u00e3o do trabalho pedag\u00f3gico, alimenta\u00e7\u00e3o de qualidade, revitaliza\u00e7\u00f5es de alguns espa\u00e7os, aquisi\u00e7\u00f5es de brinquedos, acompanhamento t\u00e9cnico mensal, forma\u00e7\u00f5es para os profissionais, entre outros.[\/vc_column_text][vc_empty_space height=&#8221;20px&#8221;][\/vc_column][\/vc_row][vc_row][vc_column css=&#8221;.vc_custom_1615128571603{background-color: #aa0f16 !important;border-radius: 20px !important;}&#8221;][vc_empty_space][vc_column_text css=&#8221;.vc_custom_1636571237008{background-color: #aa0f16 !important;}&#8221;]<\/p>\n<h3 style=\"text-align: center\"><span style=\"color: #ffffff\"><strong>Atendimento<\/strong><\/span><\/h3>\n<p>[\/vc_column_text][vc_empty_space][vc_column_text css=&#8221;.vc_custom_1662681371189{background-color: #aa0f16 !important;}&#8221;]<\/p>\n<h3 style=\"text-align: center\"><span style=\"color: #ffffff\">116 crian\u00e7as, com idades entre 1 ano e 9 meses e 5 anos e 11 meses <\/span><\/h3>\n<p>[\/vc_column_text][vc_empty_space][\/vc_column][\/vc_row][vc_row][vc_column][vc_empty_space height=&#8221;60px&#8221;][vc_column_text]<\/p>\n<h3><strong>Projetos desenvolvidos<\/strong><\/h3>\n<p>[\/vc_column_text][vc_empty_space height=&#8221;10px&#8221;][vc_column_text]<\/p>\n<h4><span style=\"color: #727176\"><strong>Educa\u00e7\u00e3o Infantil: 116<\/strong><\/span><\/h4>\n<p>&nbsp;<\/p>\n<p>Considerada a primeira etapa da educa\u00e7\u00e3o b\u00e1sica, a Educa\u00e7\u00e3o Infantil atende crian\u00e7as de 0 a 5 anos e 11 meses. Sua finalidade \u00e9 o desenvolvimento integral da crian\u00e7a em seus aspectos f\u00edsico, psicol\u00f3gico, intelectual e social, complementando a a\u00e7\u00e3o da fam\u00edlia e da comunidade (Lei de Diretrizes e Bases da Educa\u00e7\u00e3o Nacional\/1996).[\/vc_column_text][\/vc_column][\/vc_row][vc_row][vc_column][vc_empty_space][vc_column_text]<\/p>\n<h3><strong>Galeria<\/strong><\/h3>\n<p>[\/vc_column_text][vc_empty_space height=&#8221;10px&#8221;][\/vc_column][\/vc_row][vc_row][vc_column width=&#8221;1\/3&#8243;][vc_images_carousel images=&#8221;24783&#8243; img_size=&#8221;medium&#8221; speed=&#8221;4000&#8243; autoplay=&#8221;yes&#8221; hide_pagination_control=&#8221;yes&#8221; hide_prev_next_buttons=&#8221;yes&#8221; wrap=&#8221;yes&#8221; css_animation=&#8221;fadeIn&#8221;][\/vc_column][vc_column width=&#8221;1\/3&#8243;][vc_images_carousel images=&#8221;24785,24786&#8243; img_size=&#8221;medium&#8221; speed=&#8221;4000&#8243; autoplay=&#8221;yes&#8221; hide_pagination_control=&#8221;yes&#8221; hide_prev_next_buttons=&#8221;yes&#8221; wrap=&#8221;yes&#8221; css_animation=&#8221;fadeIn&#8221;][\/vc_column][vc_column width=&#8221;1\/3&#8243;][vc_images_carousel images=&#8221;25081&#8243; img_size=&#8221;medium&#8221; speed=&#8221;4000&#8243; autoplay=&#8221;yes&#8221; hide_pagination_control=&#8221;yes&#8221; hide_prev_next_buttons=&#8221;yes&#8221; wrap=&#8221;yes&#8221; css_animation=&#8221;fadeIn&#8221;][\/vc_column][\/vc_row][vc_row css=&#8221;.vc_custom_1600382950718{margin-top: -25px !important;}&#8221;][vc_column offset=&#8221;vc_hidden-md vc_hidden-sm vc_hidden-xs&#8221;][vc_empty_space][vc_column_text]<\/p>\n<h3><strong>Contato<\/strong><\/h3>\n<p>[\/vc_column_text][vc_column_text css=&#8221;.vc_custom_1662681325569{padding-top: 20px !important;padding-bottom: 20px !important;background-color: #e4e4e4 !important;border-radius: 20px !important;}&#8221;]<\/p>\n<p style=\"padding-left: 40px\">Rua Cl\u00f3vis Pompeu de Barros, S\/N<\/p>\n<p style=\"padding-left: 40px\">Bairro Novo Para\u00edso II | Cuiab\u00e1\/MT<\/p>\n<p style=\"padding-left: 40px\">CEP: 78000-001<\/p>\n<p style=\"padding-left: 40px\">+55 65 99629 6371<\/p>\n<p style=\"padding-left: 40px\"><span style=\"color: #000080\"><a style=\"color: #000080\" href=\"mailto:contato.tencate@fealegria.org.br\">contato.tencate@fealegria.org.br<\/a><\/span><\/p>\n<p>[\/vc_column_text][\/vc_column][\/vc_row][vc_row css=&#8221;.vc_custom_1600382950718{margin-top: -25px !important;}&#8221;][vc_column offset=&#8221;vc_hidden-lg&#8221;][vc_empty_space][vc_column_text]<\/p>\n<h3><strong>Contato<\/strong><\/h3>\n<p>[\/vc_column_text][vc_column_text css=&#8221;.vc_custom_1637195959187{padding-top: 20px !important;padding-bottom: 20px !important;background-color: #e4e4e4 !important;border-radius: 20px !important;}&#8221;]<\/p>\n<p style=\"padding-left: 40px\">Rua Cl\u00f3vis Pompeu de Barros, S\/N<\/p>\n<p style=\"padding-left: 40px\">Bairro Novo Para\u00edso II | Cuiab\u00e1\/MT<\/p>\n<p style=\"padding-left: 40px\">CEP: 78000-001<\/p>\n<p style=\"padding-left: 40px\">+55 65 99629 6371<\/p>\n<p style=\"padding-left: 40px\"><span style=\"color: #0000ff\"><a style=\"color: #0000ff\" href=\"mailto:ceijose@fealegria.org.br\">ceijose@fealegria.org.br<\/a><\/span><\/p>\n<p>[\/vc_column_text][\/vc_column][\/vc_row][vc_row][vc_column][vc_empty_space height=&#8221;50px&#8221;][\/vc_column][\/vc_row]<\/p>\n<\/div>","protected":false},"excerpt":{"rendered":"<p>[vc_row css=&#8221;.vc_custom_1610136019840{padding-top: 30px !important;}&#8221;][vc_column width=&#8221;5\/6&#8243;][vc_column_text] Centro de Educa\u00e7\u00e3o Infantil Pe. Jos\u00e9 Ten Cate [\/vc_column_text][\/vc_column][vc_column width=&#8221;1\/6&#8243; css=&#8221;.vc_custom_1616259062307{margin-top: -80px !important;}&#8221; offset=&#8221;vc_hidden-md vc_hidden-sm vc_hidden-xs&#8221;][vc_single_image image=&#8221;2283&#8243; img_size=&#8221;150&#8243; alignment=&#8221;right&#8221; style=&#8221;vc_box_circle_2&#8243;][\/vc_column][\/vc_row][vc_row][vc_column width=&#8221;1\/3&#8243;][vc_single_image image=&#8221;25082&#8243; img_size=&#8221;300&#215;300&#8243; alignment=&#8221;center&#8221; style=&#8221;vc_box_circle_2&#8243;][\/vc_column][vc_column width=&#8221;2\/3&#8243;][vc_column_text] Hist\u00f3ria [\/vc_column_text][vc_empty_space height=&#8221;10px&#8221;][vc_column_text]Em 2002, o Centro de Educa\u00e7\u00e3o Infantil Pe. Jos\u00e9 Ten Cate iniciou suas atividades em Cuiab\u00e1, capital mato-grossense, com o nome de<\/p>\n","protected":false},"author":2,"featured_media":0,"parent":0,"menu_order":0,"comment_status":"closed","ping_status":"closed","template":"","meta":{"_acf_changed":false,"footnotes":""},"folder":[],"class_list":["post-24685","page","type-page","status-publish","hentry"],"acf":[],"yoast_head":"<!-- This site is optimized with the Yoast SEO plugin v27.5 - https:\/\/yoast.com\/product\/yoast-seo-wordpress\/ -->\n<title>Centro de Educa\u00e7\u00e3o Infantil Pe. Jos\u00e9 Ten Cate - #SomosF\u00e9eAlegria en Brasil<\/title>\n<meta name=\"robots\" content=\"index, follow, max-snippet:-1, max-image-preview:large, max-video-preview:-1\" \/>\n<link rel=\"canonical\" href=\"https:\/\/www.feyalegria.org\/brasil\/ceitencate\/\" \/>\n<meta property=\"og:locale\" content=\"es_ES\" \/>\n<meta property=\"og:type\" content=\"article\" \/>\n<meta property=\"og:title\" content=\"Centro de Educa\u00e7\u00e3o Infantil Pe. Jos\u00e9 Ten Cate - #SomosF\u00e9eAlegria en Brasil\" \/>\n<meta property=\"og:description\" content=\"[vc_row css=&#8221;.vc_custom_1610136019840{padding-top: 30px !important;}&#8221;][vc_column width=&#8221;5\/6&#8243;][vc_column_text] Centro de Educa\u00e7\u00e3o Infantil Pe. Jos\u00e9 Ten Cate [\/vc_column_text][\/vc_column][vc_column width=&#8221;1\/6&#8243; css=&#8221;.vc_custom_1616259062307{margin-top: -80px !important;}&#8221; offset=&#8221;vc_hidden-md vc_hidden-sm vc_hidden-xs&#8221;][vc_single_image image=&#8221;2283&#8243; img_size=&#8221;150&#8243; alignment=&#8221;right&#8221; style=&#8221;vc_box_circle_2&#8243;][\/vc_column][\/vc_row][vc_row][vc_column width=&#8221;1\/3&#8243;][vc_single_image image=&#8221;25082&#8243; img_size=&#8221;300&#215;300&#8243; alignment=&#8221;center&#8221; style=&#8221;vc_box_circle_2&#8243;][\/vc_column][vc_column width=&#8221;2\/3&#8243;][vc_column_text] Hist\u00f3ria [\/vc_column_text][vc_empty_space height=&#8221;10px&#8221;][vc_column_text]Em 2002, o Centro de Educa\u00e7\u00e3o Infantil Pe. Jos\u00e9 Ten Cate iniciou suas atividades em Cuiab\u00e1, capital mato-grossense, com o nome de\" \/>\n<meta property=\"og:url\" content=\"https:\/\/www.feyalegria.org\/brasil\/ceitencate\/\" \/>\n<meta property=\"og:site_name\" content=\"#SomosF\u00e9eAlegria en Brasil\" \/>\n<meta property=\"article:modified_time\" content=\"2022-09-08T23:52:02+00:00\" \/>\n<meta name=\"twitter:card\" content=\"summary_large_image\" \/>\n<meta name=\"twitter:label1\" content=\"Tiempo de lectura\" \/>\n\t<meta name=\"twitter:data1\" content=\"4 minutos\" \/>\n<script type=\"application\/ld+json\" class=\"yoast-schema-graph\">{\"@context\":\"https:\\\/\\\/schema.org\",\"@graph\":[{\"@type\":\"WebPage\",\"@id\":\"https:\\\/\\\/www.feyalegria.org\\\/brasil\\\/ceitencate\\\/\",\"url\":\"https:\\\/\\\/www.feyalegria.org\\\/brasil\\\/ceitencate\\\/\",\"name\":\"Centro de Educa\u00e7\u00e3o Infantil Pe. Jos\u00e9 Ten Cate - #SomosF\u00e9eAlegria en Brasil\",\"isPartOf\":{\"@id\":\"https:\\\/\\\/www.feyalegria.org\\\/brasil\\\/#website\"},\"datePublished\":\"2021-10-04T23:07:00+00:00\",\"dateModified\":\"2022-09-08T23:52:02+00:00\",\"inLanguage\":\"es-CO\",\"potentialAction\":[{\"@type\":\"ReadAction\",\"target\":[\"https:\\\/\\\/www.feyalegria.org\\\/brasil\\\/ceitencate\\\/\"]}]},{\"@type\":\"WebSite\",\"@id\":\"https:\\\/\\\/www.feyalegria.org\\\/brasil\\\/#website\",\"url\":\"https:\\\/\\\/www.feyalegria.org\\\/brasil\\\/\",\"name\":\"#SomosF\u00e9eAlegria en Brasil\",\"description\":\"\",\"potentialAction\":[{\"@type\":\"SearchAction\",\"target\":{\"@type\":\"EntryPoint\",\"urlTemplate\":\"https:\\\/\\\/www.feyalegria.org\\\/brasil\\\/?s={search_term_string}\"},\"query-input\":{\"@type\":\"PropertyValueSpecification\",\"valueRequired\":true,\"valueName\":\"search_term_string\"}}],\"inLanguage\":\"es-CO\"}]}<\/script>\n<!-- \/ Yoast SEO plugin. -->","yoast_head_json":{"title":"Centro de Educa\u00e7\u00e3o Infantil Pe. Jos\u00e9 Ten Cate - #SomosF\u00e9eAlegria en Brasil","robots":{"index":"index","follow":"follow","max-snippet":"max-snippet:-1","max-image-preview":"max-image-preview:large","max-video-preview":"max-video-preview:-1"},"canonical":"https:\/\/www.feyalegria.org\/brasil\/ceitencate\/","og_locale":"es_ES","og_type":"article","og_title":"Centro de Educa\u00e7\u00e3o Infantil Pe. Jos\u00e9 Ten Cate - #SomosF\u00e9eAlegria en Brasil","og_description":"[vc_row css=&#8221;.vc_custom_1610136019840{padding-top: 30px !important;}&#8221;][vc_column width=&#8221;5\/6&#8243;][vc_column_text] Centro de Educa\u00e7\u00e3o Infantil Pe. Jos\u00e9 Ten Cate [\/vc_column_text][\/vc_column][vc_column width=&#8221;1\/6&#8243; css=&#8221;.vc_custom_1616259062307{margin-top: -80px !important;}&#8221; offset=&#8221;vc_hidden-md vc_hidden-sm vc_hidden-xs&#8221;][vc_single_image image=&#8221;2283&#8243; img_size=&#8221;150&#8243; alignment=&#8221;right&#8221; style=&#8221;vc_box_circle_2&#8243;][\/vc_column][\/vc_row][vc_row][vc_column width=&#8221;1\/3&#8243;][vc_single_image image=&#8221;25082&#8243; img_size=&#8221;300&#215;300&#8243; alignment=&#8221;center&#8221; style=&#8221;vc_box_circle_2&#8243;][\/vc_column][vc_column width=&#8221;2\/3&#8243;][vc_column_text] Hist\u00f3ria [\/vc_column_text][vc_empty_space height=&#8221;10px&#8221;][vc_column_text]Em 2002, o Centro de Educa\u00e7\u00e3o Infantil Pe. Jos\u00e9 Ten Cate iniciou suas atividades em Cuiab\u00e1, capital mato-grossense, com o nome de","og_url":"https:\/\/www.feyalegria.org\/brasil\/ceitencate\/","og_site_name":"#SomosF\u00e9eAlegria en Brasil","article_modified_time":"2022-09-08T23:52:02+00:00","twitter_card":"summary_large_image","twitter_misc":{"Tiempo de lectura":"4 minutos"},"schema":{"@context":"https:\/\/schema.org","@graph":[{"@type":"WebPage","@id":"https:\/\/www.feyalegria.org\/brasil\/ceitencate\/","url":"https:\/\/www.feyalegria.org\/brasil\/ceitencate\/","name":"Centro de Educa\u00e7\u00e3o Infantil Pe. Jos\u00e9 Ten Cate - #SomosF\u00e9eAlegria en Brasil","isPartOf":{"@id":"https:\/\/www.feyalegria.org\/brasil\/#website"},"datePublished":"2021-10-04T23:07:00+00:00","dateModified":"2022-09-08T23:52:02+00:00","inLanguage":"es-CO","potentialAction":[{"@type":"ReadAction","target":["https:\/\/www.feyalegria.org\/brasil\/ceitencate\/"]}]},{"@type":"WebSite","@id":"https:\/\/www.feyalegria.org\/brasil\/#website","url":"https:\/\/www.feyalegria.org\/brasil\/","name":"#SomosF\u00e9eAlegria en Brasil","description":"","potentialAction":[{"@type":"SearchAction","target":{"@type":"EntryPoint","urlTemplate":"https:\/\/www.feyalegria.org\/brasil\/?s={search_term_string}"},"query-input":{"@type":"PropertyValueSpecification","valueRequired":true,"valueName":"search_term_string"}}],"inLanguage":"es-CO"}]}},"_links":{"self":[{"href":"https:\/\/www.feyalegria.org\/brasil\/wp-json\/wp\/v2\/pages\/24685","targetHints":{"allow":["GET"]}}],"collection":[{"href":"https:\/\/www.feyalegria.org\/brasil\/wp-json\/wp\/v2\/pages"}],"about":[{"href":"https:\/\/www.feyalegria.org\/brasil\/wp-json\/wp\/v2\/types\/page"}],"author":[{"embeddable":true,"href":"https:\/\/www.feyalegria.org\/brasil\/wp-json\/wp\/v2\/users\/2"}],"replies":[{"embeddable":true,"href":"https:\/\/www.feyalegria.org\/brasil\/wp-json\/wp\/v2\/comments?post=24685"}],"version-history":[{"count":0,"href":"https:\/\/www.feyalegria.org\/brasil\/wp-json\/wp\/v2\/pages\/24685\/revisions"}],"wp:attachment":[{"href":"https:\/\/www.feyalegria.org\/brasil\/wp-json\/wp\/v2\/media?parent=24685"}],"wp:term":[{"taxonomy":"folder","embeddable":true,"href":"https:\/\/www.feyalegria.org\/brasil\/wp-json\/wp\/v2\/folder?post=24685"}],"curies":[{"name":"wp","href":"https:\/\/api.w.org\/{rel}","templated":true}]}}