 {"id":24944,"date":"2021-10-20T18:44:48","date_gmt":"2021-10-20T21:44:48","guid":{"rendered":"https:\/\/www.feyalegria.org\/brasil\/?page_id=24944"},"modified":"2022-09-08T20:45:07","modified_gmt":"2022-09-08T23:45:07","slug":"vazantes","status":"publish","type":"page","link":"https:\/\/www.feyalegria.org\/brasil\/vazantes\/","title":{"rendered":"Centro de Desenvolvimento Comunit\u00e1rio Vazantes"},"content":{"rendered":"<div class=\"wpb-content-wrapper\"><p>[vc_row css=&#8221;.vc_custom_1610136019840{padding-top: 30px !important;}&#8221;][vc_column width=&#8221;5\/6&#8243;][vc_column_text]<\/p>\n<h1>Centro de Desenvolvimento Comunit\u00e1rio Vazantes<\/h1>\n<p>[\/vc_column_text][\/vc_column][vc_column width=&#8221;1\/6&#8243; css=&#8221;.vc_custom_1616259017023{margin-top: -80px !important;}&#8221; offset=&#8221;vc_hidden-md vc_hidden-sm vc_hidden-xs&#8221;][vc_single_image image=&#8221;2283&#8243; img_size=&#8221;150&#8243; alignment=&#8221;right&#8221; style=&#8221;vc_box_circle_2&#8243;][\/vc_column][\/vc_row][vc_row][vc_column width=&#8221;1\/3&#8243;][vc_single_image image=&#8221;25044&#8243; img_size=&#8221;300&#215;300&#8243; alignment=&#8221;center&#8221; style=&#8221;vc_box_circle_2&#8243;][\/vc_column][vc_column width=&#8221;2\/3&#8243;][vc_column_text]<\/p>\n<h3>Hist\u00f3ria<\/h3>\n<p>[\/vc_column_text][vc_empty_space height=&#8221;10px&#8221;][vc_column_text]A Funda\u00e7\u00e3o F\u00e9 e Alegria est\u00e1 presente em Aracoiaba, munic\u00edpio localizado no estado do Cear\u00e1, oficialmente desde 2007. No entanto, pode-se dizer que o Centro de Desenvolvimento Comunit\u00e1rio Vazantes \u2013 o CEDEC \u2013 foi fruto do Movimento \u201cVazantes Vive\u201d, uma constru\u00e7\u00e3o coletiva anterior ao per\u00edodo de formaliza\u00e7\u00e3o jur\u00eddica que uniu a comunidade da regi\u00e3o em prol do bem comum. Nesse terreno f\u00e9rtil, foi plantada a semente de F\u00e9 e Alegria, contando com a vis\u00e3o de um filho da terra, o jesu\u00edta Pe. Pedro Rubens, e com a experi\u00eancia de Raimunda Cad\u00f3, ex-Coordenadora Executiva de F\u00e9 e Alegria Natal (RN).<\/p>\n<p>&nbsp;<\/p>\n<p>A pr\u00f3pria comunidade se mobilizou na cess\u00e3o de um espa\u00e7o, o que ajudou a atrair diversas fontes de apoio e incentivos financeiros, tanto nacionais quanto internacionais. Nos servi\u00e7os ofertados, os destaques s\u00e3o: a instala\u00e7\u00e3o de uma biblioteca comunit\u00e1ria e de uma brinquedoteca, a forma\u00e7\u00e3o de um grupo de flautas e de outro grupo focado em dan\u00e7as regionais, al\u00e9m de aulas de viol\u00e3o e teatro.<\/p>\n<p>&nbsp;<\/p>\n<p>No per\u00edodo entre 2007 e 2008, gra\u00e7as a uma jun\u00e7\u00e3o de esfor\u00e7os e de parceiros, o projeto do Centro de Desenvolvimento foi aprovado por tr\u00eas institui\u00e7\u00f5es alem\u00e3s de promo\u00e7\u00e3o social. Depois desse investimento, a equipe F\u00e9 e Alegria Vazantes mobilizou benef\u00edcios com institui\u00e7\u00f5es nacionais, tanto p\u00fablicas quanto particulares e filantr\u00f3picas, executou projetos nos espa\u00e7os constru\u00eddos e deu in\u00edcio \u00e0 constru\u00e7\u00e3o do CEDEC Vazantes. Por meio da Associa\u00e7\u00e3o N\u00f3brega de Educa\u00e7\u00e3o e Assist\u00eancia Social (ANEAS), foi obtido o apoio necess\u00e1rio para desenvolver os projetos.<\/p>\n<p>&nbsp;<\/p>\n<p>A Galeria Vazantes, inaugurada em 2014, \u00e9 um polo de cultura e economia solid\u00e1ria que re\u00fane as iniciativas de diversas atividades associativas e empreendedoras para fortalecer o com\u00e9rcio local e capacitar grupos na gest\u00e3o para o mundo do trabalho solid\u00e1rio. As instala\u00e7\u00f5es disponibilizam 10 boxes para empreendimentos, uma pra\u00e7a de alimenta\u00e7\u00e3o e um espa\u00e7o para eventos.<\/p>\n<p>&nbsp;<\/p>\n<p>Ao longo desses anos de trabalho, F\u00e9 e Alegria Vazantes atua em conjunto com institui\u00e7\u00f5es escolares (Municipal e Estadual), desenvolvendo a\u00e7\u00f5es de mobiliza\u00e7\u00e3o e incid\u00eancia pol\u00edtica, como denominado <em>Galeria Vazantes<\/em>, e a parceria com a Universidade Cat\u00f3lica de Pernambuco (UNICAP) para os cursos de extens\u00e3o <em>Educa\u00e7\u00e3o para o S\u00e9culo 21<\/em>.[\/vc_column_text][vc_empty_space height=&#8221;20px&#8221;][\/vc_column][\/vc_row][vc_row][vc_column css=&#8221;.vc_custom_1615134240789{background-color: #aa0f16 !important;border-radius: 20px !important;}&#8221;][vc_empty_space][vc_column_text]<\/p>\n<h3 style=\"text-align: center\"><span style=\"color: #ffffff\"><strong>Atendimento<\/strong><\/span><\/h3>\n<p>[\/vc_column_text][vc_empty_space][vc_column_text]<\/p>\n<h3 style=\"text-align: center\"><span style=\"color: #ffffff\">357 crian\u00e7as e adolescentes, com idades entre 6 e 18 anos, e adultos<\/span><\/h3>\n<p>[\/vc_column_text][vc_empty_space][\/vc_column][\/vc_row][vc_row css=&#8221;.vc_custom_1600382950718{margin-top: -25px !important;}&#8221;][vc_column][vc_empty_space height=&#8221;60px&#8221;][vc_column_text]<\/p>\n<h3><strong>Projetos desenvolvidos<\/strong><\/h3>\n<p>[\/vc_column_text][vc_column_text]<\/p>\n<h4><span style=\"color: #727176\"><strong>Servi\u00e7o de Conviv\u00eancia e Fortalecimento de V\u00ednculos: 145<\/strong><\/span><\/h4>\n<p>&nbsp;<\/p>\n<h4><span style=\"color: #808080\">Forma\u00e7\u00e3o para o Trabalho &#8211; Meios de Vida: 47<\/span><\/h4>\n<p>&nbsp;<\/p>\n<h4><span style=\"color: #808080\">Meninas e Meninos Livres: 165<\/span><\/h4>\n<p>[\/vc_column_text][vc_column_text]O Servi\u00e7o de Conviv\u00eancia e Fortalecimento de V\u00ednculos atua na preven\u00e7\u00e3o de situa\u00e7\u00f5es de risco social, na perman\u00eancia do indiv\u00edduo no sistema educacional e no fortalecimento das rela\u00e7\u00f5es familiares, sociais e comunit\u00e1rias. Por meio do trabalho promovido, o atendido passa a se entender como sujeito de direitos e se torna o protagonista de sua pr\u00f3pria hist\u00f3ria, despertando sua compreens\u00e3o cr\u00edtica da realidade social e do mundo moderno e sua capacidade de transformar os ambientes em que atua.<\/p>\n<p>&nbsp;<\/p>\n<p><span class=\"TextRun SCXW158902906 BCX0\" lang=\"PT\" xml:lang=\"PT\" data-contrast=\"auto\"><span class=\"NormalTextRun SCXW158902906 BCX0\" data-ccp-parastyle=\"___TextoCorrido\" data-ccp-parastyle-defn=\"{&quot;ObjectId&quot;:&quot;9820310b-4d87-4a1c-bac4-e10fc84031bf|9&quot;,&quot;ClassId&quot;:1073872969,&quot;Properties&quot;:[134233614,&quot;true&quot;,134234082,&quot;true&quot;,201340122,&quot;2&quot;,201341983,&quot;0&quot;,201342447,&quot;5&quot;,201342448,&quot;1&quot;,268442635,&quot;24&quot;,335559739,&quot;0&quot;,335559740,&quot;240&quot;,469769226,&quot;Trebuchet MS,Calibri&quot;,469775450,&quot;___TextoCorrido&quot;,469777841,&quot;Trebuchet MS&quot;,469777842,&quot;&quot;,469777843,&quot;Calibri&quot;,469777844,&quot;Trebuchet MS&quot;,469778129,&quot;TextoCorrido&quot;]}\">O projeto Meios de Vida visa contribuir para a inser\u00e7\u00e3o social e laboral de jovens e adultos em situa\u00e7\u00e3o de vulnerabilidade, por meio de programas de qualifica\u00e7\u00e3o profissional voltados com foco no empreendedorismo social e gera\u00e7\u00e3o de renda, com especial aten\u00e7\u00e3o a mulheres em situa\u00e7\u00e3o de risco social.<\/span><\/span><\/p>\n<p>&nbsp;<\/p>\n<p>Por fim, o Projeto Meninas e Meninos Livres \u00e9 uma das a\u00e7\u00f5es realizadas em conjunto com escolas p\u00fablicas regionais para promover o pensamento cr\u00edtico e a equidade de g\u00eanero, bem como proporcionar um espa\u00e7o de escuta e forma\u00e7\u00e3o para jovens e adolescentes. Al\u00e9m disso, a iniciativa introduz debates referentes \u00e0 igualdade de g\u00eanero e reflete sobre os mais diversos tipos de viol\u00eancia contra a mulher, com o prop\u00f3sito de conscientizar e despertar mudan\u00e7as mobilizadoras na sociedade.[\/vc_column_text][\/vc_column][\/vc_row][vc_row css=&#8221;.vc_custom_1600382950718{margin-top: -25px !important;}&#8221;][vc_column][vc_empty_space][vc_column_text]<\/p>\n<h3><strong>Galeria<\/strong><\/h3>\n<p>[\/vc_column_text][\/vc_column][\/vc_row][vc_row][vc_column width=&#8221;1\/3&#8243;][vc_images_carousel images=&#8221;25005,25006,25007,25008,25009,25010,25011,25012,25013,25014,25015,25016&#8243; img_size=&#8221;medium&#8221; speed=&#8221;4000&#8243; autoplay=&#8221;yes&#8221; hide_pagination_control=&#8221;yes&#8221; hide_prev_next_buttons=&#8221;yes&#8221; wrap=&#8221;yes&#8221; css_animation=&#8221;fadeIn&#8221;][\/vc_column][vc_column width=&#8221;1\/3&#8243;][vc_images_carousel images=&#8221;25019,25020,25021,25022,25023,25024,25025,25026,25027,25028,25029,25030,25031,25018&#8243; img_size=&#8221;medium&#8221; speed=&#8221;4000&#8243; autoplay=&#8221;yes&#8221; hide_pagination_control=&#8221;yes&#8221; hide_prev_next_buttons=&#8221;yes&#8221; wrap=&#8221;yes&#8221; css_animation=&#8221;fadeIn&#8221;][\/vc_column][vc_column width=&#8221;1\/3&#8243;][vc_images_carousel images=&#8221;25032,25033,25034,25035,25036,25037,25038,25039,25040,25041,25042,25043&#8243; img_size=&#8221;medium&#8221; speed=&#8221;4000&#8243; autoplay=&#8221;yes&#8221; hide_pagination_control=&#8221;yes&#8221; hide_prev_next_buttons=&#8221;yes&#8221; wrap=&#8221;yes&#8221; css_animation=&#8221;fadeIn&#8221;][\/vc_column][\/vc_row][vc_row css=&#8221;.vc_custom_1600382950718{margin-top: -25px !important;}&#8221;][vc_column offset=&#8221;vc_hidden-md vc_hidden-sm vc_hidden-xs&#8221;][vc_empty_space][vc_column_text]<\/p>\n<h3><strong>Contato<\/strong><\/h3>\n<p>[\/vc_column_text][vc_column_text css=&#8221;.vc_custom_1662680948812{padding-top: 20px !important;padding-bottom: 20px !important;background-color: #e4e4e4 !important;border-radius: 20px !important;}&#8221;]<\/p>\n<p style=\"padding-left: 40px\">Rua do Com\u00e9rcio, S\/N<\/p>\n<p style=\"padding-left: 40px\">Vazantes | Aracoiaba\/CE<\/p>\n<p style=\"padding-left: 40px\">CEP: 62750-000<\/p>\n<p style=\"padding-left: 40px\">+55 85 3337-4078<\/p>\n<p style=\"padding-left: 40px\"><span style=\"color: #000080\"><a style=\"color: #000080\" href=\"mailto:contato.vazantes@fealegria.org.br\">contato.vazantes@fealegria.org.br<\/a><\/span><\/p>\n<p>[\/vc_column_text][\/vc_column][\/vc_row][vc_row css=&#8221;.vc_custom_1600382950718{margin-top: -25px !important;}&#8221;][vc_column offset=&#8221;vc_hidden-lg&#8221;][vc_empty_space][vc_column_text]<\/p>\n<h3><strong>Contato<\/strong><\/h3>\n<p>[\/vc_column_text][vc_column_text css=&#8221;.vc_custom_1637195675109{padding-top: 20px !important;padding-bottom: 20px !important;background-color: #e4e4e4 !important;border-radius: 20px !important;}&#8221;]<\/p>\n<p style=\"padding-left: 40px\">Rua do Com\u00e9rcio, S\/N<\/p>\n<p style=\"padding-left: 40px\">Vazantes | Aracoiaba\/CE<\/p>\n<p style=\"padding-left: 40px\">CEP: 62750-000<\/p>\n<p style=\"padding-left: 40px\">+55 85 3337-4078<\/p>\n<p>[\/vc_column_text][\/vc_column][\/vc_row][vc_row][vc_column][vc_empty_space height=&#8221;50px&#8221;][\/vc_column][\/vc_row][vc_row][vc_column][\/vc_column][\/vc_row]<\/p>\n<\/div>","protected":false},"excerpt":{"rendered":"<p>[vc_row css=&#8221;.vc_custom_1610136019840{padding-top: 30px !important;}&#8221;][vc_column width=&#8221;5\/6&#8243;][vc_column_text] Centro de Desenvolvimento Comunit\u00e1rio Vazantes [\/vc_column_text][\/vc_column][vc_column width=&#8221;1\/6&#8243; css=&#8221;.vc_custom_1616259017023{margin-top: -80px !important;}&#8221; offset=&#8221;vc_hidden-md vc_hidden-sm vc_hidden-xs&#8221;][vc_single_image image=&#8221;2283&#8243; img_size=&#8221;150&#8243; alignment=&#8221;right&#8221; style=&#8221;vc_box_circle_2&#8243;][\/vc_column][\/vc_row][vc_row][vc_column width=&#8221;1\/3&#8243;][vc_single_image image=&#8221;25044&#8243; img_size=&#8221;300&#215;300&#8243; alignment=&#8221;center&#8221; style=&#8221;vc_box_circle_2&#8243;][\/vc_column][vc_column width=&#8221;2\/3&#8243;][vc_column_text] Hist\u00f3ria [\/vc_column_text][vc_empty_space height=&#8221;10px&#8221;][vc_column_text]A Funda\u00e7\u00e3o F\u00e9 e Alegria est\u00e1 presente em Aracoiaba, munic\u00edpio localizado no estado do Cear\u00e1, oficialmente desde 2007. No entanto, pode-se dizer que o Centro<\/p>\n","protected":false},"author":2,"featured_media":0,"parent":0,"menu_order":0,"comment_status":"closed","ping_status":"closed","template":"","meta":{"_acf_changed":false,"footnotes":""},"folder":[],"class_list":["post-24944","page","type-page","status-publish","hentry"],"acf":[],"yoast_head":"<!-- This site is optimized with the Yoast SEO plugin v27.4 - https:\/\/yoast.com\/product\/yoast-seo-wordpress\/ -->\n<title>Centro de Desenvolvimento Comunit\u00e1rio Vazantes - #SomosF\u00e9eAlegria en Brasil<\/title>\n<meta name=\"robots\" content=\"index, follow, max-snippet:-1, max-image-preview:large, max-video-preview:-1\" \/>\n<link rel=\"canonical\" href=\"https:\/\/www.feyalegria.org\/brasil\/vazantes\/\" \/>\n<meta property=\"og:locale\" content=\"es_ES\" \/>\n<meta property=\"og:type\" content=\"article\" \/>\n<meta property=\"og:title\" content=\"Centro de Desenvolvimento Comunit\u00e1rio Vazantes - #SomosF\u00e9eAlegria en Brasil\" \/>\n<meta property=\"og:description\" content=\"[vc_row css=&#8221;.vc_custom_1610136019840{padding-top: 30px !important;}&#8221;][vc_column width=&#8221;5\/6&#8243;][vc_column_text] Centro de Desenvolvimento Comunit\u00e1rio Vazantes [\/vc_column_text][\/vc_column][vc_column width=&#8221;1\/6&#8243; css=&#8221;.vc_custom_1616259017023{margin-top: -80px !important;}&#8221; offset=&#8221;vc_hidden-md vc_hidden-sm vc_hidden-xs&#8221;][vc_single_image image=&#8221;2283&#8243; img_size=&#8221;150&#8243; alignment=&#8221;right&#8221; style=&#8221;vc_box_circle_2&#8243;][\/vc_column][\/vc_row][vc_row][vc_column width=&#8221;1\/3&#8243;][vc_single_image image=&#8221;25044&#8243; img_size=&#8221;300&#215;300&#8243; alignment=&#8221;center&#8221; style=&#8221;vc_box_circle_2&#8243;][\/vc_column][vc_column width=&#8221;2\/3&#8243;][vc_column_text] Hist\u00f3ria [\/vc_column_text][vc_empty_space height=&#8221;10px&#8221;][vc_column_text]A Funda\u00e7\u00e3o F\u00e9 e Alegria est\u00e1 presente em Aracoiaba, munic\u00edpio localizado no estado do Cear\u00e1, oficialmente desde 2007. No entanto, pode-se dizer que o Centro\" \/>\n<meta property=\"og:url\" content=\"https:\/\/www.feyalegria.org\/brasil\/vazantes\/\" \/>\n<meta property=\"og:site_name\" content=\"#SomosF\u00e9eAlegria en Brasil\" \/>\n<meta property=\"article:modified_time\" content=\"2022-09-08T23:45:07+00:00\" \/>\n<meta name=\"twitter:card\" content=\"summary_large_image\" \/>\n<meta name=\"twitter:label1\" content=\"Tiempo de lectura\" \/>\n\t<meta name=\"twitter:data1\" content=\"6 minutos\" \/>\n<script type=\"application\/ld+json\" class=\"yoast-schema-graph\">{\"@context\":\"https:\\\/\\\/schema.org\",\"@graph\":[{\"@type\":\"WebPage\",\"@id\":\"https:\\\/\\\/www.feyalegria.org\\\/brasil\\\/vazantes\\\/\",\"url\":\"https:\\\/\\\/www.feyalegria.org\\\/brasil\\\/vazantes\\\/\",\"name\":\"Centro de Desenvolvimento Comunit\u00e1rio Vazantes - #SomosF\u00e9eAlegria en Brasil\",\"isPartOf\":{\"@id\":\"https:\\\/\\\/www.feyalegria.org\\\/brasil\\\/#website\"},\"datePublished\":\"2021-10-20T21:44:48+00:00\",\"dateModified\":\"2022-09-08T23:45:07+00:00\",\"inLanguage\":\"es-CO\",\"potentialAction\":[{\"@type\":\"ReadAction\",\"target\":[\"https:\\\/\\\/www.feyalegria.org\\\/brasil\\\/vazantes\\\/\"]}]},{\"@type\":\"WebSite\",\"@id\":\"https:\\\/\\\/www.feyalegria.org\\\/brasil\\\/#website\",\"url\":\"https:\\\/\\\/www.feyalegria.org\\\/brasil\\\/\",\"name\":\"#SomosF\u00e9eAlegria en Brasil\",\"description\":\"\",\"potentialAction\":[{\"@type\":\"SearchAction\",\"target\":{\"@type\":\"EntryPoint\",\"urlTemplate\":\"https:\\\/\\\/www.feyalegria.org\\\/brasil\\\/?s={search_term_string}\"},\"query-input\":{\"@type\":\"PropertyValueSpecification\",\"valueRequired\":true,\"valueName\":\"search_term_string\"}}],\"inLanguage\":\"es-CO\"}]}<\/script>\n<!-- \/ Yoast SEO plugin. -->","yoast_head_json":{"title":"Centro de Desenvolvimento Comunit\u00e1rio Vazantes - #SomosF\u00e9eAlegria en Brasil","robots":{"index":"index","follow":"follow","max-snippet":"max-snippet:-1","max-image-preview":"max-image-preview:large","max-video-preview":"max-video-preview:-1"},"canonical":"https:\/\/www.feyalegria.org\/brasil\/vazantes\/","og_locale":"es_ES","og_type":"article","og_title":"Centro de Desenvolvimento Comunit\u00e1rio Vazantes - #SomosF\u00e9eAlegria en Brasil","og_description":"[vc_row css=&#8221;.vc_custom_1610136019840{padding-top: 30px !important;}&#8221;][vc_column width=&#8221;5\/6&#8243;][vc_column_text] Centro de Desenvolvimento Comunit\u00e1rio Vazantes [\/vc_column_text][\/vc_column][vc_column width=&#8221;1\/6&#8243; css=&#8221;.vc_custom_1616259017023{margin-top: -80px !important;}&#8221; offset=&#8221;vc_hidden-md vc_hidden-sm vc_hidden-xs&#8221;][vc_single_image image=&#8221;2283&#8243; img_size=&#8221;150&#8243; alignment=&#8221;right&#8221; style=&#8221;vc_box_circle_2&#8243;][\/vc_column][\/vc_row][vc_row][vc_column width=&#8221;1\/3&#8243;][vc_single_image image=&#8221;25044&#8243; img_size=&#8221;300&#215;300&#8243; alignment=&#8221;center&#8221; style=&#8221;vc_box_circle_2&#8243;][\/vc_column][vc_column width=&#8221;2\/3&#8243;][vc_column_text] Hist\u00f3ria [\/vc_column_text][vc_empty_space height=&#8221;10px&#8221;][vc_column_text]A Funda\u00e7\u00e3o F\u00e9 e Alegria est\u00e1 presente em Aracoiaba, munic\u00edpio localizado no estado do Cear\u00e1, oficialmente desde 2007. No entanto, pode-se dizer que o Centro","og_url":"https:\/\/www.feyalegria.org\/brasil\/vazantes\/","og_site_name":"#SomosF\u00e9eAlegria en Brasil","article_modified_time":"2022-09-08T23:45:07+00:00","twitter_card":"summary_large_image","twitter_misc":{"Tiempo de lectura":"6 minutos"},"schema":{"@context":"https:\/\/schema.org","@graph":[{"@type":"WebPage","@id":"https:\/\/www.feyalegria.org\/brasil\/vazantes\/","url":"https:\/\/www.feyalegria.org\/brasil\/vazantes\/","name":"Centro de Desenvolvimento Comunit\u00e1rio Vazantes - #SomosF\u00e9eAlegria en Brasil","isPartOf":{"@id":"https:\/\/www.feyalegria.org\/brasil\/#website"},"datePublished":"2021-10-20T21:44:48+00:00","dateModified":"2022-09-08T23:45:07+00:00","inLanguage":"es-CO","potentialAction":[{"@type":"ReadAction","target":["https:\/\/www.feyalegria.org\/brasil\/vazantes\/"]}]},{"@type":"WebSite","@id":"https:\/\/www.feyalegria.org\/brasil\/#website","url":"https:\/\/www.feyalegria.org\/brasil\/","name":"#SomosF\u00e9eAlegria en Brasil","description":"","potentialAction":[{"@type":"SearchAction","target":{"@type":"EntryPoint","urlTemplate":"https:\/\/www.feyalegria.org\/brasil\/?s={search_term_string}"},"query-input":{"@type":"PropertyValueSpecification","valueRequired":true,"valueName":"search_term_string"}}],"inLanguage":"es-CO"}]}},"_links":{"self":[{"href":"https:\/\/www.feyalegria.org\/brasil\/wp-json\/wp\/v2\/pages\/24944","targetHints":{"allow":["GET"]}}],"collection":[{"href":"https:\/\/www.feyalegria.org\/brasil\/wp-json\/wp\/v2\/pages"}],"about":[{"href":"https:\/\/www.feyalegria.org\/brasil\/wp-json\/wp\/v2\/types\/page"}],"author":[{"embeddable":true,"href":"https:\/\/www.feyalegria.org\/brasil\/wp-json\/wp\/v2\/users\/2"}],"replies":[{"embeddable":true,"href":"https:\/\/www.feyalegria.org\/brasil\/wp-json\/wp\/v2\/comments?post=24944"}],"version-history":[{"count":0,"href":"https:\/\/www.feyalegria.org\/brasil\/wp-json\/wp\/v2\/pages\/24944\/revisions"}],"wp:attachment":[{"href":"https:\/\/www.feyalegria.org\/brasil\/wp-json\/wp\/v2\/media?parent=24944"}],"wp:term":[{"taxonomy":"folder","embeddable":true,"href":"https:\/\/www.feyalegria.org\/brasil\/wp-json\/wp\/v2\/folder?post=24944"}],"curies":[{"name":"wp","href":"https:\/\/api.w.org\/{rel}","templated":true}]}}