 {"id":24967,"date":"2021-10-21T22:06:05","date_gmt":"2021-10-22T01:06:05","guid":{"rendered":"https:\/\/www.feyalegria.org\/brasil\/?page_id=24967"},"modified":"2022-09-08T20:55:55","modified_gmt":"2022-09-08T23:55:55","slug":"laranjadaterra","status":"publish","type":"page","link":"https:\/\/www.feyalegria.org\/brasil\/laranjadaterra\/","title":{"rendered":"Centro de Educa\u00e7\u00e3o T\u00e9cnica e Ambiental F\u00e9 e Alegria"},"content":{"rendered":"<div class=\"wpb-content-wrapper\"><p>[vc_row css=&#8221;.vc_custom_1610136019840{padding-top: 30px !important;}&#8221;][vc_column width=&#8221;5\/6&#8243;][vc_column_text]<\/p>\n<h1>Centro de Educa\u00e7\u00e3o T\u00e9cnica e Ambiental F\u00e9 e Alegria<\/h1>\n<p>[\/vc_column_text][\/vc_column][vc_column width=&#8221;1\/6&#8243; css=&#8221;.vc_custom_1616259062307{margin-top: -80px !important;}&#8221; offset=&#8221;vc_hidden-md vc_hidden-sm vc_hidden-xs&#8221;][vc_single_image image=&#8221;2283&#8243; img_size=&#8221;150&#8243; alignment=&#8221;right&#8221; style=&#8221;vc_box_circle_2&#8243;][\/vc_column][\/vc_row][vc_row][vc_column width=&#8221;1\/3&#8243;][vc_single_image image=&#8221;25090&#8243; img_size=&#8221;300&#215;300&#8243; alignment=&#8221;center&#8221; style=&#8221;vc_box_circle_2&#8243;][\/vc_column][vc_column width=&#8221;2\/3&#8243;][vc_column_text]<\/p>\n<h3>Hist\u00f3ria<\/h3>\n<p>[\/vc_column_text][vc_empty_space height=&#8221;10px&#8221;][vc_column_text]Presente no munic\u00edpio de Laranja da Terra (ES) desde 2005, o Centro de Educa\u00e7\u00e3o T\u00e9cnica e Ambiental F\u00e9 e Alegria (CETAFA) atua em um cen\u00e1rio desafiador na \u00e1rea ambiental, enfrentando crises h\u00eddricas constantes. O desmatamento irregular e a devasta\u00e7\u00e3o das florestas na regi\u00e3o impactam diretamente a vaz\u00e3o de \u00e1gua nas nascentes, nos c\u00f3rregos e no Rio Guandu, reduzindo drasticamente o volume dispon\u00edvel para o consumo dos animais e para a irriga\u00e7\u00e3o de cultivos, especialmente nos per\u00edodos de estiagem.<\/p>\n<p>&nbsp;<\/p>\n<p>Considerando esse contexto, a equipe de F\u00e9 e Alegria tem investido na capacita\u00e7\u00e3o dos agricultores familiares da regi\u00e3o por meio da oferta de cursos, palestras e dias de campo, abordando conceitos e pr\u00e1ticas da agroecologia e da produ\u00e7\u00e3o sustent\u00e1vel. Al\u00e9m disso, tamb\u00e9m proporcionou forma\u00e7\u00e3o t\u00e9cnica de n\u00edvel m\u00e9dio para dois grupos de jovens estudantes. Em todas essas iniciativas, a equipe buscou difundir o conceito de que, com tecnologias mais assertivas, \u00e9 poss\u00edvel melhorar a produtividade nas \u00e1reas com maior aptid\u00e3o agr\u00edcola ou pecu\u00e1ria, permitindo que nas \u00e1reas mais \u00edngremes ocorra a recupera\u00e7\u00e3o da cobertura florestal.<\/p>\n<p>&nbsp;<\/p>\n<p>Atualmente, o trabalho mais intenso \u00e9 desenvolvido na \u00e1rea de educa\u00e7\u00e3o ambiental no contato com crian\u00e7as, adolescentes e jovens \u2013 educandos do ensino b\u00e1sico das escolas p\u00fablicas. Por meio de visitas \u00e0s \u00e1reas de conserva\u00e7\u00e3o e recupera\u00e7\u00e3o da Mata Atl\u00e2ntica existentes na \u00e1rea do CETAFA, os estudantes s\u00e3o informados sobre o papel das florestas no ciclo hidrol\u00f3gico e v\u00e3o se conscientizando sobre a import\u00e2ncia de sua preserva\u00e7\u00e3o. Nessa perspectiva, outra a\u00e7\u00e3o importante desenvolvida \u00e9 o projeto <em>Nossas Matas<\/em>, que, com din\u00e2micas que envolvem o contato direto com a natureza, busca despertar o amor das crian\u00e7as pelas \u00e1rvores e por todas as formas de vida presentes nesses ecossistemas.<\/p>\n<p>&nbsp;<\/p>\n<p>Para complementar o trabalho realizado com os estudantes, a equipe de F\u00e9 e Alegria investe tamb\u00e9m na produ\u00e7\u00e3o de material educativo, como folders e jogos, al\u00e9m de mensagens de \u00e1udio para a veicula\u00e7\u00e3o na emissora de r\u00e1dio local. Desse modo, a comunidade tamb\u00e9m \u00e9 estimulada a se responsabilizar pelos cuidados com a casa comum.[\/vc_column_text][vc_empty_space height=&#8221;20px&#8221;][\/vc_column][\/vc_row][vc_row][vc_column css=&#8221;.vc_custom_1615128571603{background-color: #aa0f16 !important;border-radius: 20px !important;}&#8221;][vc_empty_space][vc_column_text css=&#8221;.vc_custom_1636577748804{background-color: #aa0f16 !important;}&#8221;]<\/p>\n<h3 style=\"text-align: center\"><span style=\"color: #ffffff\"><strong>Atendimento<\/strong><\/span><\/h3>\n<p>[\/vc_column_text][vc_empty_space][vc_column_text css=&#8221;.vc_custom_1662681624478{background-color: #aa0f16 !important;}&#8221;]<\/p>\n<h3 style=\"padding-left: 40px;text-align: center\"><span style=\"color: #ffffff\">Crian\u00e7as e adolescentes, com idades entre 5 e 18 anos<\/span><\/h3>\n<p>[\/vc_column_text][vc_empty_space][\/vc_column][\/vc_row][vc_row][vc_column][vc_empty_space height=&#8221;60px&#8221;][vc_column_text]<\/p>\n<h3><strong>Projetos desenvolvidos<\/strong><\/h3>\n<p>[\/vc_column_text][vc_empty_space height=&#8221;10px&#8221;][vc_column_text]<\/p>\n<h4><span style=\"color: #727176\"><strong>Educa\u00e7\u00e3o Ambiental<\/strong><\/span><\/h4>\n<p>&nbsp;<\/p>\n<p>A educa\u00e7\u00e3o com foco no meio ambiente \u00e9 o caminho mais eficaz para a preserva\u00e7\u00e3o do ecossistema e para a garantia de um equil\u00edbrio entre a sociedade e o uso consciente dos recursos naturais dispon\u00edveis. Com essa premissa, a Funda\u00e7\u00e3o F\u00e9 e Alegria desenvolve projetos relacionados \u00e0 Educa\u00e7\u00e3o Ambiental, como visitas monitoradas em zonas de preserva\u00e7\u00e3o ou degrada\u00e7\u00e3o ambiental, a\u00e7\u00f5es de intera\u00e7\u00e3o com a natureza e din\u00e2micas socioeducativas.<\/p>\n<p>&nbsp;<\/p>\n<p>Localizado em Laranja da Terra, cidade a 179 km da capital capixaba, o Centro de Educa\u00e7\u00e3o T\u00e9cnica e Ambiental F\u00e9 e Alegria tem como principal caracter\u00edstica a sustentabilidade econ\u00f4mica e ambiental, visto que as atividades oferecidas s\u00e3o financiadas, basicamente, com os resultados da produ\u00e7\u00e3o agropecu\u00e1ria desenvolvida na propriedade rural onde o Centro est\u00e1 instalado.[\/vc_column_text][\/vc_column][\/vc_row][vc_row][vc_column][vc_empty_space][vc_column_text]<\/p>\n<h3><strong>Galeria<\/strong><\/h3>\n<p>[\/vc_column_text][vc_empty_space height=&#8221;10px&#8221;][\/vc_column][\/vc_row][vc_row][vc_column width=&#8221;1\/3&#8243;][vc_images_carousel images=&#8221;25084,25085&#8243; img_size=&#8221;medium&#8221; speed=&#8221;4000&#8243; autoplay=&#8221;yes&#8221; hide_pagination_control=&#8221;yes&#8221; hide_prev_next_buttons=&#8221;yes&#8221; wrap=&#8221;yes&#8221; css_animation=&#8221;fadeIn&#8221;][\/vc_column][vc_column width=&#8221;1\/3&#8243;][vc_images_carousel images=&#8221;25088,25087&#8243; img_size=&#8221;medium&#8221; speed=&#8221;4000&#8243; autoplay=&#8221;yes&#8221; hide_pagination_control=&#8221;yes&#8221; hide_prev_next_buttons=&#8221;yes&#8221; wrap=&#8221;yes&#8221; css_animation=&#8221;fadeIn&#8221;][\/vc_column][vc_column width=&#8221;1\/3&#8243;][vc_images_carousel images=&#8221;25089&#8243; img_size=&#8221;medium&#8221; speed=&#8221;4000&#8243; autoplay=&#8221;yes&#8221; hide_pagination_control=&#8221;yes&#8221; hide_prev_next_buttons=&#8221;yes&#8221; wrap=&#8221;yes&#8221; css_animation=&#8221;fadeIn&#8221;][\/vc_column][\/vc_row][vc_row css=&#8221;.vc_custom_1600382950718{margin-top: -25px !important;}&#8221;][vc_column offset=&#8221;vc_hidden-md vc_hidden-sm vc_hidden-xs&#8221;][vc_empty_space][vc_column_text]<\/p>\n<h3><strong>Contato<\/strong><\/h3>\n<p>[\/vc_column_text][vc_column_text css=&#8221;.vc_custom_1662681595047{padding-top: 20px !important;padding-bottom: 20px !important;background-color: #e4e4e4 !important;border-radius: 20px !important;}&#8221;]<\/p>\n<p style=\"padding-left: 40px\">Estrada Laranjinha, s\/n<\/p>\n<p style=\"padding-left: 40px\">Distrito Sede | Laranja da Terra\/ES<\/p>\n<p style=\"padding-left: 40px\">CEP: 29615-000<\/p>\n<p style=\"padding-left: 40px\">+55 27 3025-2398<\/p>\n<p style=\"padding-left: 40px\"><span style=\"color: #000080\"><a style=\"color: #000080\" href=\"mailto:contato.laranja@fealegria.org.br\">contato.laranja@fealegria.org.br<\/a><\/span><\/p>\n<p>[\/vc_column_text][\/vc_column][\/vc_row][vc_row css=&#8221;.vc_custom_1600382950718{margin-top: -25px !important;}&#8221;][vc_column offset=&#8221;vc_hidden-lg&#8221;][vc_empty_space][vc_column_text]<\/p>\n<h3><strong>Contato<\/strong><\/h3>\n<p>[\/vc_column_text][vc_column_text css=&#8221;.vc_custom_1637195815894{padding-top: 20px !important;padding-bottom: 20px !important;background-color: #e4e4e4 !important;border-radius: 20px !important;}&#8221;]<\/p>\n<p style=\"padding-left: 40px\">Estrada Laranjinha, s\/n<\/p>\n<p style=\"padding-left: 40px\">Distrito Sede | Laranja da Terra\/ES<\/p>\n<p style=\"padding-left: 40px\">CEP: 29615-000<\/p>\n<p style=\"padding-left: 40px\">+55 27 3025-2398<\/p>\n<p style=\"padding-left: 40px\"><span style=\"color: #0000ff\"><a style=\"color: #0000ff\" href=\"mailto:contato.es@fealegria.org.br\">contato.es@fealegria.org.br\u00a0<\/a><\/span><\/p>\n<p>[\/vc_column_text][\/vc_column][\/vc_row][vc_row][vc_column][vc_empty_space height=&#8221;50px&#8221;][\/vc_column][\/vc_row]<\/p>\n<\/div>","protected":false},"excerpt":{"rendered":"<p>[vc_row css=&#8221;.vc_custom_1610136019840{padding-top: 30px !important;}&#8221;][vc_column width=&#8221;5\/6&#8243;][vc_column_text] Centro de Educa\u00e7\u00e3o T\u00e9cnica e Ambiental F\u00e9 e Alegria [\/vc_column_text][\/vc_column][vc_column width=&#8221;1\/6&#8243; css=&#8221;.vc_custom_1616259062307{margin-top: -80px !important;}&#8221; offset=&#8221;vc_hidden-md vc_hidden-sm vc_hidden-xs&#8221;][vc_single_image image=&#8221;2283&#8243; img_size=&#8221;150&#8243; alignment=&#8221;right&#8221; style=&#8221;vc_box_circle_2&#8243;][\/vc_column][\/vc_row][vc_row][vc_column width=&#8221;1\/3&#8243;][vc_single_image image=&#8221;25090&#8243; img_size=&#8221;300&#215;300&#8243; alignment=&#8221;center&#8221; style=&#8221;vc_box_circle_2&#8243;][\/vc_column][vc_column width=&#8221;2\/3&#8243;][vc_column_text] Hist\u00f3ria [\/vc_column_text][vc_empty_space height=&#8221;10px&#8221;][vc_column_text]Presente no munic\u00edpio de Laranja da Terra (ES) desde 2005, o Centro de Educa\u00e7\u00e3o T\u00e9cnica e Ambiental F\u00e9 e Alegria (CETAFA)<\/p>\n","protected":false},"author":2,"featured_media":24672,"parent":0,"menu_order":0,"comment_status":"closed","ping_status":"closed","template":"","meta":{"_acf_changed":false,"footnotes":""},"folder":[],"class_list":["post-24967","page","type-page","status-publish","has-post-thumbnail","hentry"],"acf":[],"yoast_head":"<!-- This site is optimized with the Yoast SEO plugin v27.4 - https:\/\/yoast.com\/product\/yoast-seo-wordpress\/ -->\n<title>Centro de Educa\u00e7\u00e3o T\u00e9cnica e Ambiental F\u00e9 e Alegria - #SomosF\u00e9eAlegria en Brasil<\/title>\n<meta name=\"robots\" content=\"index, follow, max-snippet:-1, max-image-preview:large, max-video-preview:-1\" \/>\n<link rel=\"canonical\" href=\"https:\/\/www.feyalegria.org\/brasil\/laranjadaterra\/\" \/>\n<meta property=\"og:locale\" content=\"es_ES\" \/>\n<meta property=\"og:type\" content=\"article\" \/>\n<meta property=\"og:title\" content=\"Centro de Educa\u00e7\u00e3o T\u00e9cnica e Ambiental F\u00e9 e Alegria - #SomosF\u00e9eAlegria en Brasil\" \/>\n<meta property=\"og:description\" content=\"[vc_row css=&#8221;.vc_custom_1610136019840{padding-top: 30px !important;}&#8221;][vc_column width=&#8221;5\/6&#8243;][vc_column_text] Centro de Educa\u00e7\u00e3o T\u00e9cnica e Ambiental F\u00e9 e Alegria [\/vc_column_text][\/vc_column][vc_column width=&#8221;1\/6&#8243; css=&#8221;.vc_custom_1616259062307{margin-top: -80px !important;}&#8221; offset=&#8221;vc_hidden-md vc_hidden-sm vc_hidden-xs&#8221;][vc_single_image image=&#8221;2283&#8243; img_size=&#8221;150&#8243; alignment=&#8221;right&#8221; style=&#8221;vc_box_circle_2&#8243;][\/vc_column][\/vc_row][vc_row][vc_column width=&#8221;1\/3&#8243;][vc_single_image image=&#8221;25090&#8243; img_size=&#8221;300&#215;300&#8243; alignment=&#8221;center&#8221; style=&#8221;vc_box_circle_2&#8243;][\/vc_column][vc_column width=&#8221;2\/3&#8243;][vc_column_text] Hist\u00f3ria [\/vc_column_text][vc_empty_space height=&#8221;10px&#8221;][vc_column_text]Presente no munic\u00edpio de Laranja da Terra (ES) desde 2005, o Centro de Educa\u00e7\u00e3o T\u00e9cnica e Ambiental F\u00e9 e Alegria (CETAFA)\" \/>\n<meta property=\"og:url\" content=\"https:\/\/www.feyalegria.org\/brasil\/laranjadaterra\/\" \/>\n<meta property=\"og:site_name\" content=\"#SomosF\u00e9eAlegria en Brasil\" \/>\n<meta property=\"article:modified_time\" content=\"2022-09-08T23:55:55+00:00\" \/>\n<meta property=\"og:image\" content=\"https:\/\/d3pugrm67vf9n7.cloudfront.net\/wp-content\/uploads\/sites\/23\/2021\/10\/04190036\/Centro-Social-Liberdade-3.jpg\" \/>\n\t<meta property=\"og:image:width\" content=\"1280\" \/>\n\t<meta property=\"og:image:height\" content=\"960\" \/>\n\t<meta property=\"og:image:type\" content=\"image\/jpeg\" \/>\n<meta name=\"twitter:card\" content=\"summary_large_image\" \/>\n<meta name=\"twitter:label1\" content=\"Tiempo de lectura\" \/>\n\t<meta name=\"twitter:data1\" content=\"5 minutos\" \/>\n<script type=\"application\/ld+json\" class=\"yoast-schema-graph\">{\"@context\":\"https:\\\/\\\/schema.org\",\"@graph\":[{\"@type\":\"WebPage\",\"@id\":\"https:\\\/\\\/www.feyalegria.org\\\/brasil\\\/laranjadaterra\\\/\",\"url\":\"https:\\\/\\\/www.feyalegria.org\\\/brasil\\\/laranjadaterra\\\/\",\"name\":\"Centro de Educa\u00e7\u00e3o T\u00e9cnica e Ambiental F\u00e9 e Alegria - #SomosF\u00e9eAlegria en Brasil\",\"isPartOf\":{\"@id\":\"https:\\\/\\\/www.feyalegria.org\\\/brasil\\\/#website\"},\"primaryImageOfPage\":{\"@id\":\"https:\\\/\\\/www.feyalegria.org\\\/brasil\\\/laranjadaterra\\\/#primaryimage\"},\"image\":{\"@id\":\"https:\\\/\\\/www.feyalegria.org\\\/brasil\\\/laranjadaterra\\\/#primaryimage\"},\"thumbnailUrl\":\"https:\\\/\\\/d3pugrm67vf9n7.cloudfront.net\\\/wp-content\\\/uploads\\\/sites\\\/23\\\/2021\\\/10\\\/04190036\\\/Centro-Social-Liberdade-3.jpg\",\"datePublished\":\"2021-10-22T01:06:05+00:00\",\"dateModified\":\"2022-09-08T23:55:55+00:00\",\"inLanguage\":\"es-CO\",\"potentialAction\":[{\"@type\":\"ReadAction\",\"target\":[\"https:\\\/\\\/www.feyalegria.org\\\/brasil\\\/laranjadaterra\\\/\"]}]},{\"@type\":\"ImageObject\",\"inLanguage\":\"es-CO\",\"@id\":\"https:\\\/\\\/www.feyalegria.org\\\/brasil\\\/laranjadaterra\\\/#primaryimage\",\"url\":\"https:\\\/\\\/d3pugrm67vf9n7.cloudfront.net\\\/wp-content\\\/uploads\\\/sites\\\/23\\\/2021\\\/10\\\/04190036\\\/Centro-Social-Liberdade-3.jpg\",\"contentUrl\":\"https:\\\/\\\/d3pugrm67vf9n7.cloudfront.net\\\/wp-content\\\/uploads\\\/sites\\\/23\\\/2021\\\/10\\\/04190036\\\/Centro-Social-Liberdade-3.jpg\",\"width\":1280,\"height\":960},{\"@type\":\"WebSite\",\"@id\":\"https:\\\/\\\/www.feyalegria.org\\\/brasil\\\/#website\",\"url\":\"https:\\\/\\\/www.feyalegria.org\\\/brasil\\\/\",\"name\":\"#SomosF\u00e9eAlegria en Brasil\",\"description\":\"\",\"potentialAction\":[{\"@type\":\"SearchAction\",\"target\":{\"@type\":\"EntryPoint\",\"urlTemplate\":\"https:\\\/\\\/www.feyalegria.org\\\/brasil\\\/?s={search_term_string}\"},\"query-input\":{\"@type\":\"PropertyValueSpecification\",\"valueRequired\":true,\"valueName\":\"search_term_string\"}}],\"inLanguage\":\"es-CO\"}]}<\/script>\n<!-- \/ Yoast SEO plugin. -->","yoast_head_json":{"title":"Centro de Educa\u00e7\u00e3o T\u00e9cnica e Ambiental F\u00e9 e Alegria - #SomosF\u00e9eAlegria en Brasil","robots":{"index":"index","follow":"follow","max-snippet":"max-snippet:-1","max-image-preview":"max-image-preview:large","max-video-preview":"max-video-preview:-1"},"canonical":"https:\/\/www.feyalegria.org\/brasil\/laranjadaterra\/","og_locale":"es_ES","og_type":"article","og_title":"Centro de Educa\u00e7\u00e3o T\u00e9cnica e Ambiental F\u00e9 e Alegria - #SomosF\u00e9eAlegria en Brasil","og_description":"[vc_row css=&#8221;.vc_custom_1610136019840{padding-top: 30px !important;}&#8221;][vc_column width=&#8221;5\/6&#8243;][vc_column_text] Centro de Educa\u00e7\u00e3o T\u00e9cnica e Ambiental F\u00e9 e Alegria [\/vc_column_text][\/vc_column][vc_column width=&#8221;1\/6&#8243; css=&#8221;.vc_custom_1616259062307{margin-top: -80px !important;}&#8221; offset=&#8221;vc_hidden-md vc_hidden-sm vc_hidden-xs&#8221;][vc_single_image image=&#8221;2283&#8243; img_size=&#8221;150&#8243; alignment=&#8221;right&#8221; style=&#8221;vc_box_circle_2&#8243;][\/vc_column][\/vc_row][vc_row][vc_column width=&#8221;1\/3&#8243;][vc_single_image image=&#8221;25090&#8243; img_size=&#8221;300&#215;300&#8243; alignment=&#8221;center&#8221; style=&#8221;vc_box_circle_2&#8243;][\/vc_column][vc_column width=&#8221;2\/3&#8243;][vc_column_text] Hist\u00f3ria [\/vc_column_text][vc_empty_space height=&#8221;10px&#8221;][vc_column_text]Presente no munic\u00edpio de Laranja da Terra (ES) desde 2005, o Centro de Educa\u00e7\u00e3o T\u00e9cnica e Ambiental F\u00e9 e Alegria (CETAFA)","og_url":"https:\/\/www.feyalegria.org\/brasil\/laranjadaterra\/","og_site_name":"#SomosF\u00e9eAlegria en Brasil","article_modified_time":"2022-09-08T23:55:55+00:00","og_image":[{"width":1280,"height":960,"url":"https:\/\/d3pugrm67vf9n7.cloudfront.net\/wp-content\/uploads\/sites\/23\/2021\/10\/04190036\/Centro-Social-Liberdade-3.jpg","type":"image\/jpeg"}],"twitter_card":"summary_large_image","twitter_misc":{"Tiempo de lectura":"5 minutos"},"schema":{"@context":"https:\/\/schema.org","@graph":[{"@type":"WebPage","@id":"https:\/\/www.feyalegria.org\/brasil\/laranjadaterra\/","url":"https:\/\/www.feyalegria.org\/brasil\/laranjadaterra\/","name":"Centro de Educa\u00e7\u00e3o T\u00e9cnica e Ambiental F\u00e9 e Alegria - #SomosF\u00e9eAlegria en Brasil","isPartOf":{"@id":"https:\/\/www.feyalegria.org\/brasil\/#website"},"primaryImageOfPage":{"@id":"https:\/\/www.feyalegria.org\/brasil\/laranjadaterra\/#primaryimage"},"image":{"@id":"https:\/\/www.feyalegria.org\/brasil\/laranjadaterra\/#primaryimage"},"thumbnailUrl":"https:\/\/d3pugrm67vf9n7.cloudfront.net\/wp-content\/uploads\/sites\/23\/2021\/10\/04190036\/Centro-Social-Liberdade-3.jpg","datePublished":"2021-10-22T01:06:05+00:00","dateModified":"2022-09-08T23:55:55+00:00","inLanguage":"es-CO","potentialAction":[{"@type":"ReadAction","target":["https:\/\/www.feyalegria.org\/brasil\/laranjadaterra\/"]}]},{"@type":"ImageObject","inLanguage":"es-CO","@id":"https:\/\/www.feyalegria.org\/brasil\/laranjadaterra\/#primaryimage","url":"https:\/\/d3pugrm67vf9n7.cloudfront.net\/wp-content\/uploads\/sites\/23\/2021\/10\/04190036\/Centro-Social-Liberdade-3.jpg","contentUrl":"https:\/\/d3pugrm67vf9n7.cloudfront.net\/wp-content\/uploads\/sites\/23\/2021\/10\/04190036\/Centro-Social-Liberdade-3.jpg","width":1280,"height":960},{"@type":"WebSite","@id":"https:\/\/www.feyalegria.org\/brasil\/#website","url":"https:\/\/www.feyalegria.org\/brasil\/","name":"#SomosF\u00e9eAlegria en Brasil","description":"","potentialAction":[{"@type":"SearchAction","target":{"@type":"EntryPoint","urlTemplate":"https:\/\/www.feyalegria.org\/brasil\/?s={search_term_string}"},"query-input":{"@type":"PropertyValueSpecification","valueRequired":true,"valueName":"search_term_string"}}],"inLanguage":"es-CO"}]}},"_links":{"self":[{"href":"https:\/\/www.feyalegria.org\/brasil\/wp-json\/wp\/v2\/pages\/24967","targetHints":{"allow":["GET"]}}],"collection":[{"href":"https:\/\/www.feyalegria.org\/brasil\/wp-json\/wp\/v2\/pages"}],"about":[{"href":"https:\/\/www.feyalegria.org\/brasil\/wp-json\/wp\/v2\/types\/page"}],"author":[{"embeddable":true,"href":"https:\/\/www.feyalegria.org\/brasil\/wp-json\/wp\/v2\/users\/2"}],"replies":[{"embeddable":true,"href":"https:\/\/www.feyalegria.org\/brasil\/wp-json\/wp\/v2\/comments?post=24967"}],"version-history":[{"count":0,"href":"https:\/\/www.feyalegria.org\/brasil\/wp-json\/wp\/v2\/pages\/24967\/revisions"}],"wp:featuredmedia":[{"embeddable":true,"href":"https:\/\/www.feyalegria.org\/brasil\/wp-json\/wp\/v2\/media\/24672"}],"wp:attachment":[{"href":"https:\/\/www.feyalegria.org\/brasil\/wp-json\/wp\/v2\/media?parent=24967"}],"wp:term":[{"taxonomy":"folder","embeddable":true,"href":"https:\/\/www.feyalegria.org\/brasil\/wp-json\/wp\/v2\/folder?post=24967"}],"curies":[{"name":"wp","href":"https:\/\/api.w.org\/{rel}","templated":true}]}}