 {"id":24981,"date":"2021-10-21T22:41:38","date_gmt":"2021-10-22T01:41:38","guid":{"rendered":"https:\/\/www.feyalegria.org\/brasil\/?page_id=24981"},"modified":"2022-09-08T20:41:04","modified_gmt":"2022-09-08T23:41:04","slug":"natal","status":"publish","type":"page","link":"https:\/\/www.feyalegria.org\/brasil\/natal\/","title":{"rendered":"Centro de Desenvolvimento Comunit\u00e1rio Boa Esperan\u00e7a"},"content":{"rendered":"<div class=\"wpb-content-wrapper\"><p>[vc_row css=&#8221;.vc_custom_1610136019840{padding-top: 30px !important;}&#8221;][vc_column width=&#8221;5\/6&#8243;][vc_column_text]<\/p>\n<h1>Centro de Desenvolvimento Comunit\u00e1rio Boa Esperan\u00e7a<\/h1>\n<p>[\/vc_column_text][\/vc_column][vc_column width=&#8221;1\/6&#8243; css=&#8221;.vc_custom_1616259062307{margin-top: -80px !important;}&#8221; offset=&#8221;vc_hidden-md vc_hidden-sm vc_hidden-xs&#8221;][vc_single_image image=&#8221;2283&#8243; img_size=&#8221;150&#8243; alignment=&#8221;right&#8221; style=&#8221;vc_box_circle_2&#8243;][\/vc_column][\/vc_row][vc_row][vc_column width=&#8221;1\/3&#8243;][vc_single_image image=&#8221;25109&#8243; img_size=&#8221;300&#215;300&#8243; alignment=&#8221;center&#8221; style=&#8221;vc_box_circle_2&#8243;][\/vc_column][vc_column width=&#8221;2\/3&#8243;][vc_column_text]<\/p>\n<h3>Hist\u00f3ria<\/h3>\n<p>[\/vc_column_text][vc_empty_space height=&#8221;10px&#8221;][vc_column_text]<\/p>\n<p style=\"text-align: justify\">O Centro de Desenvolvimento Comunit\u00e1rio Boa Esperan\u00e7a, unidade de F\u00e9 e Alegria em Natal (RN), foi inaugurada na regi\u00e3o no ano de 1995 com atendimentos alinhados \u00e0 metodologia de Educa\u00e7\u00e3o Popular.<\/p>\n<p>&nbsp;<\/p>\n<p style=\"text-align: justify\">Em seu primeiro ano de hist\u00f3ria, a unidade intermediava o projeto \u201cMulheres Guardadoras\u201d, uma a\u00e7\u00e3o comunit\u00e1ria na qual mulheres da regi\u00e3o, de forma volunt\u00e1ria, acolhiam e cuidavam de crian\u00e7as cujas m\u00e3es trabalhavam fora, durante o per\u00edodo do expediente.<\/p>\n<p>&nbsp;<\/p>\n<p style=\"text-align: justify\">Dois anos depois, em 1997, a equipe do Centro desenvolveu o \u201cEncontro com Alegria\u201d, programa transmitido em uma r\u00e1dio comercial que divulgava informa\u00e7\u00f5es sobre desenvolvimento infantil. No mesmo ano, foram implantados cursos de capacita\u00e7\u00e3o para profissionais da \u00e1rea pedag\u00f3gica que atendiam crian\u00e7as de 4 a 6 anos, visando aprimorar a qualidade da educa\u00e7\u00e3o no territ\u00f3rio.<\/p>\n<p>&nbsp;<\/p>\n<p style=\"text-align: justify\">Para seguir com as iniciativas, viu-se a necessidade de ampliar a oferta de materiais did\u00e1ticos e, no ano 2000, foi constru\u00edda a Biblioteca de Boa Esperan\u00e7a, com a colabora\u00e7\u00e3o da comunidade e de volunt\u00e1rios. Este servi\u00e7o \u00e9 de grande import\u00e2ncia para a regi\u00e3o, visto que a Biblioteca Comunit\u00e1ria \u00e9 um local agrad\u00e1vel, com climatiza\u00e7\u00e3o e acesso \u00e0 internet para estudo e pesquisa. O servi\u00e7o \u00e9 ofertado desde 2002 para atendidos e n\u00e3o-atendidos e, para utiliz\u00e1-lo, basta realizar um cadastro.<\/p>\n<p>&nbsp;<\/p>\n<p style=\"text-align: justify\">Atualmente denominado Centro de Desenvolvimento Comunit\u00e1rio Boa Esperan\u00e7a, localizado no bairro Lagoa Azul na Zona Norte de Natal (RN), a unidade desenvolve atendimentos relacionados \u00e0 Biblioteca Comunit\u00e1ria e ao Servi\u00e7o de Conviv\u00eancia e Fortalecimento de V\u00ednculos, voltado para crian\u00e7as, adolescentes e jovens na comunidade de Boa Esperan\u00e7a.<\/p>\n<p>[\/vc_column_text][vc_empty_space height=&#8221;20px&#8221;][\/vc_column][\/vc_row][vc_row][vc_column css=&#8221;.vc_custom_1615128571603{background-color: #aa0f16 !important;border-radius: 20px !important;}&#8221;][vc_empty_space][vc_column_text css=&#8221;.vc_custom_1636579111603{background-color: #aa0f16 !important;}&#8221;]<\/p>\n<h3 style=\"text-align: center\"><span style=\"color: #ffffff\"><strong>Atendimento<\/strong><\/span><\/h3>\n<p>[\/vc_column_text][vc_empty_space][vc_column_text css=&#8221;.vc_custom_1634866608010{background-color: #aa0f16 !important;}&#8221;]<\/p>\n<h3 style=\"text-align: center\"><span style=\"color: #ffffff\">176 crian\u00e7as e adolescentes, com idades entre 6 e 17 anos e 11 meses<\/span><\/h3>\n<p>[\/vc_column_text][vc_empty_space][\/vc_column][\/vc_row][vc_row][vc_column][vc_empty_space height=&#8221;60px&#8221;][vc_column_text]<\/p>\n<h3><strong>Projetos desenvolvidos<\/strong><\/h3>\n<p>[\/vc_column_text][vc_empty_space height=&#8221;10px&#8221;][vc_column_text]<\/p>\n<h4><span style=\"color: #727176\"><strong>Servi\u00e7o de Conviv\u00eancia e Fortalecimento de V\u00ednculos: 126<\/strong><\/span><\/h4>\n<p>&nbsp;<\/p>\n<h4><span style=\"color: #727176\"><strong>Meninas e Meninos Livres: 49<\/strong><\/span><\/h4>\n<p>[\/vc_column_text][vc_column_text]O Servi\u00e7o de Conviv\u00eancia e Fortalecimento de V\u00ednculos atua na preven\u00e7\u00e3o de situa\u00e7\u00f5es de risco social, a perman\u00eancia do indiv\u00edduo no sistema educacional e o fortalecimento das rela\u00e7\u00f5es familiares, sociais e comunit\u00e1rias. Por meio do trabalho promovido, o atendido passa a se entender como sujeito de direitos e protagonista de sua hist\u00f3ria, despertando sua compreens\u00e3o cr\u00edtica da realidade social e do mundo moderno e se tornando capaz de transformar os ambientes em que atua.<\/p>\n<p>&nbsp;<\/p>\n<p>J\u00e1 o projeto Meninas e Meninos Livres visa colaborar para a equidade de g\u00eanero por meio da promo\u00e7\u00e3o de mudan\u00e7as culturais e institucionais, combatendo e refletindo sobre os mais diversos tipos de viol\u00eancia contra a mulher. \u00c9 realizado em parceria com as escolas p\u00fablicas regionais.<\/p>\n<p>&nbsp;<\/p>\n<p>A unidade atua nos per\u00edodos de contraturno escolar e atende crian\u00e7as e adolescentes inscritos no Servi\u00e7os de Conviv\u00eancia e fortalecimento de V\u00ednculos. Como proposta pedag\u00f3gica, o Centro promove atividades esportivas, socioculturais e lazer, voltadas para atividades musicais (flauta, percuss\u00e3o, viol\u00e3o e metais), esportivas (karat\u00ea, capoeira, futsal e dan\u00e7a), tecnol\u00f3gicas (inform\u00e1tica, audiovisual e multim\u00eddia), pr\u00e1tica de jogos educativos, al\u00e9m do acesso \u00e0 Biblioteca e do incentivo \u00e0 leitura.<\/p>\n<p>&nbsp;<\/p>\n<p>O ponto norteador das a\u00e7\u00f5es promovidas \u00e9 fortalecer a Cultura de Paz e o sentimento de pertencimento social. Nesse sentido, os servi\u00e7os ofertados estimulam a conviv\u00eancia familiar saud\u00e1vel e a amplia\u00e7\u00e3o do conhecimento e do senso cr\u00edtico, contribuindo para uma sociedade democr\u00e1tica, justa e solid\u00e1ria.<\/p>\n<p>&nbsp;<\/p>\n<p><strong>Biblioteca Comunit\u00e1ria F\u00e9, Alegria e Esperan\u00e7a<\/strong><\/p>\n<p>Localizada no Centro de Desenvolvimento Comunit\u00e1rio Boa Esperan\u00e7a, atualmente, a Biblioteca Comunit\u00e1ria possui 1.292 inscritos e oferece um grande acervo de livros liter\u00e1rios, did\u00e1ticos, obras de refer\u00eancias (dicion\u00e1rios e enciclop\u00e9dias), obras de autores locais, entre outros. Al\u00e9m da variedade de op\u00e7\u00f5es, o espa\u00e7o disponibiliza um profissional especializado para apoiar estudos e pesquisas e realizar os servi\u00e7os de circula\u00e7\u00e3o, como empr\u00e9stimo domiciliar, devolu\u00e7\u00e3o, renova\u00e7\u00e3o e reserva, garantindo que a comunidade tenha acesso \u00e0 informa\u00e7\u00e3o de qualidade.<\/p>\n<p>&nbsp;<\/p>\n<p>Vale destacar que a Biblioteca e o Centro de Desenvolvimento Comunit\u00e1rio (CEDEC) contam com o apoio da organiza\u00e7\u00e3o espanhola Manos Unidas, possibilitando a amplia\u00e7\u00e3o do atendimento \u00e0 comunidade e o acompanhamento social de fam\u00edlias em situa\u00e7\u00e3o de vulnerabilidade e risco.[\/vc_column_text][\/vc_column][\/vc_row][vc_row][vc_column][vc_empty_space][vc_column_text]<\/p>\n<h3><strong>Galeria<\/strong><\/h3>\n<p>[\/vc_column_text][vc_empty_space height=&#8221;10px&#8221;][\/vc_column][\/vc_row][vc_row][vc_column width=&#8221;1\/3&#8243;][vc_images_carousel images=&#8221;25095,25096,25097,25098&#8243; img_size=&#8221;medium&#8221; speed=&#8221;4000&#8243; autoplay=&#8221;yes&#8221; hide_pagination_control=&#8221;yes&#8221; hide_prev_next_buttons=&#8221;yes&#8221; wrap=&#8221;yes&#8221; css_animation=&#8221;fadeIn&#8221;][\/vc_column][vc_column width=&#8221;1\/3&#8243;][vc_images_carousel images=&#8221;25100,25101,25102,25099&#8243; img_size=&#8221;medium&#8221; speed=&#8221;4000&#8243; autoplay=&#8221;yes&#8221; hide_pagination_control=&#8221;yes&#8221; hide_prev_next_buttons=&#8221;yes&#8221; wrap=&#8221;yes&#8221; css_animation=&#8221;fadeIn&#8221;][\/vc_column][vc_column width=&#8221;1\/3&#8243;][vc_images_carousel images=&#8221;25104,25105,25106,25107,25108,25103&#8243; img_size=&#8221;medium&#8221; speed=&#8221;4000&#8243; autoplay=&#8221;yes&#8221; hide_pagination_control=&#8221;yes&#8221; hide_prev_next_buttons=&#8221;yes&#8221; wrap=&#8221;yes&#8221; css_animation=&#8221;fadeIn&#8221;][\/vc_column][\/vc_row][vc_row css=&#8221;.vc_custom_1600382950718{margin-top: -25px !important;}&#8221;][vc_column offset=&#8221;vc_hidden-md vc_hidden-sm vc_hidden-xs&#8221;][vc_empty_space][vc_column_text]<\/p>\n<h3><strong>Contato<\/strong><\/h3>\n<p>[\/vc_column_text][vc_column_text css=&#8221;.vc_custom_1634866885493{padding-top: 20px !important;padding-bottom: 20px !important;background-color: #e4e4e4 !important;border-radius: 20px !important;}&#8221;]<\/p>\n<p style=\"padding-left: 40px\">Rua Tijuana, n\u00famero 472, &#8211; Loteamento Boa Esperan\u00e7a<\/p>\n<p style=\"padding-left: 40px\">Bairro Lagoa Azul\u00a0| Natal\/RN<\/p>\n<p style=\"padding-left: 40px\">CEP: 59139 350<\/p>\n<p style=\"padding-left: 40px\">+55 84 3205-5522<\/p>\n<p style=\"padding-left: 40px\">+55 84 9 8604-6836<\/p>\n<p style=\"padding-left: 40px\"><span style=\"color: #0000ff\">\u00a0<a style=\"color: #0000ff\" href=\"mailto:contato.rn@felegria.org.br\">contato.rn@felegria.org.br<\/a><\/span><\/p>\n<p>[\/vc_column_text][\/vc_column][\/vc_row][vc_row css=&#8221;.vc_custom_1600382950718{margin-top: -25px !important;}&#8221;][vc_column offset=&#8221;vc_hidden-lg&#8221;][vc_empty_space][vc_column_text]<\/p>\n<h3><strong>Contato<\/strong><\/h3>\n<p>[\/vc_column_text][vc_column_text css=&#8221;.vc_custom_1637196716048{padding-top: 20px !important;padding-bottom: 20px !important;background-color: #e4e4e4 !important;border-radius: 20px !important;}&#8221;]<\/p>\n<p style=\"padding-left: 40px\">Rua Tijuana, n\u00famero 472, &#8211; Loteamento Boa Esperan\u00e7a<\/p>\n<p style=\"padding-left: 40px\">Bairro Lagoa Azul\u00a0| Natal\/RN<\/p>\n<p style=\"padding-left: 40px\">CEP: 59139 350<\/p>\n<p style=\"padding-left: 40px\">+55 84 3205-5522<\/p>\n<p style=\"padding-left: 40px\">+55 84 9 8604-6836<\/p>\n<p style=\"padding-left: 40px\"><span style=\"color: #0000ff\">\u00a0<a style=\"color: #0000ff\" href=\"mailto:contato.rn@felegria.org.br\">contato.rn@felegria.org.br<\/a><\/span><\/p>\n<p>[\/vc_column_text][\/vc_column][\/vc_row][vc_row][vc_column][vc_empty_space height=&#8221;50px&#8221;][\/vc_column][\/vc_row]<\/p>\n<\/div>","protected":false},"excerpt":{"rendered":"<p>[vc_row css=&#8221;.vc_custom_1610136019840{padding-top: 30px !important;}&#8221;][vc_column width=&#8221;5\/6&#8243;][vc_column_text] Centro de Desenvolvimento Comunit\u00e1rio Boa Esperan\u00e7a [\/vc_column_text][\/vc_column][vc_column width=&#8221;1\/6&#8243; css=&#8221;.vc_custom_1616259062307{margin-top: -80px !important;}&#8221; offset=&#8221;vc_hidden-md vc_hidden-sm vc_hidden-xs&#8221;][vc_single_image image=&#8221;2283&#8243; img_size=&#8221;150&#8243; alignment=&#8221;right&#8221; style=&#8221;vc_box_circle_2&#8243;][\/vc_column][\/vc_row][vc_row][vc_column width=&#8221;1\/3&#8243;][vc_single_image image=&#8221;25109&#8243; img_size=&#8221;300&#215;300&#8243; alignment=&#8221;center&#8221; style=&#8221;vc_box_circle_2&#8243;][\/vc_column][vc_column width=&#8221;2\/3&#8243;][vc_column_text] Hist\u00f3ria [\/vc_column_text][vc_empty_space height=&#8221;10px&#8221;][vc_column_text] O Centro de Desenvolvimento Comunit\u00e1rio Boa Esperan\u00e7a, unidade de F\u00e9 e Alegria em Natal (RN), foi inaugurada na regi\u00e3o no ano de 1995<\/p>\n","protected":false},"author":2,"featured_media":0,"parent":0,"menu_order":0,"comment_status":"closed","ping_status":"closed","template":"","meta":{"_acf_changed":false,"footnotes":""},"folder":[],"class_list":["post-24981","page","type-page","status-publish","hentry"],"acf":[],"yoast_head":"<!-- This site is optimized with the Yoast SEO plugin v27.5 - https:\/\/yoast.com\/product\/yoast-seo-wordpress\/ -->\n<title>Centro de Desenvolvimento Comunit\u00e1rio Boa Esperan\u00e7a - #SomosF\u00e9eAlegria en Brasil<\/title>\n<meta name=\"robots\" content=\"index, follow, max-snippet:-1, max-image-preview:large, max-video-preview:-1\" \/>\n<link rel=\"canonical\" href=\"https:\/\/www.feyalegria.org\/brasil\/natal\/\" \/>\n<meta property=\"og:locale\" content=\"es_ES\" \/>\n<meta property=\"og:type\" content=\"article\" \/>\n<meta property=\"og:title\" content=\"Centro de Desenvolvimento Comunit\u00e1rio Boa Esperan\u00e7a - #SomosF\u00e9eAlegria en Brasil\" \/>\n<meta property=\"og:description\" content=\"[vc_row css=&#8221;.vc_custom_1610136019840{padding-top: 30px !important;}&#8221;][vc_column width=&#8221;5\/6&#8243;][vc_column_text] Centro de Desenvolvimento Comunit\u00e1rio Boa Esperan\u00e7a [\/vc_column_text][\/vc_column][vc_column width=&#8221;1\/6&#8243; css=&#8221;.vc_custom_1616259062307{margin-top: -80px !important;}&#8221; offset=&#8221;vc_hidden-md vc_hidden-sm vc_hidden-xs&#8221;][vc_single_image image=&#8221;2283&#8243; img_size=&#8221;150&#8243; alignment=&#8221;right&#8221; style=&#8221;vc_box_circle_2&#8243;][\/vc_column][\/vc_row][vc_row][vc_column width=&#8221;1\/3&#8243;][vc_single_image image=&#8221;25109&#8243; img_size=&#8221;300&#215;300&#8243; alignment=&#8221;center&#8221; style=&#8221;vc_box_circle_2&#8243;][\/vc_column][vc_column width=&#8221;2\/3&#8243;][vc_column_text] Hist\u00f3ria [\/vc_column_text][vc_empty_space height=&#8221;10px&#8221;][vc_column_text] O Centro de Desenvolvimento Comunit\u00e1rio Boa Esperan\u00e7a, unidade de F\u00e9 e Alegria em Natal (RN), foi inaugurada na regi\u00e3o no ano de 1995\" \/>\n<meta property=\"og:url\" content=\"https:\/\/www.feyalegria.org\/brasil\/natal\/\" \/>\n<meta property=\"og:site_name\" content=\"#SomosF\u00e9eAlegria en Brasil\" \/>\n<meta property=\"article:modified_time\" content=\"2022-09-08T23:41:04+00:00\" \/>\n<meta name=\"twitter:card\" content=\"summary_large_image\" \/>\n<meta name=\"twitter:label1\" content=\"Tiempo de lectura\" \/>\n\t<meta name=\"twitter:data1\" content=\"6 minutos\" \/>\n<script type=\"application\/ld+json\" class=\"yoast-schema-graph\">{\"@context\":\"https:\\\/\\\/schema.org\",\"@graph\":[{\"@type\":\"WebPage\",\"@id\":\"https:\\\/\\\/www.feyalegria.org\\\/brasil\\\/natal\\\/\",\"url\":\"https:\\\/\\\/www.feyalegria.org\\\/brasil\\\/natal\\\/\",\"name\":\"Centro de Desenvolvimento Comunit\u00e1rio Boa Esperan\u00e7a - #SomosF\u00e9eAlegria en Brasil\",\"isPartOf\":{\"@id\":\"https:\\\/\\\/www.feyalegria.org\\\/brasil\\\/#website\"},\"datePublished\":\"2021-10-22T01:41:38+00:00\",\"dateModified\":\"2022-09-08T23:41:04+00:00\",\"inLanguage\":\"es-CO\",\"potentialAction\":[{\"@type\":\"ReadAction\",\"target\":[\"https:\\\/\\\/www.feyalegria.org\\\/brasil\\\/natal\\\/\"]}]},{\"@type\":\"WebSite\",\"@id\":\"https:\\\/\\\/www.feyalegria.org\\\/brasil\\\/#website\",\"url\":\"https:\\\/\\\/www.feyalegria.org\\\/brasil\\\/\",\"name\":\"#SomosF\u00e9eAlegria en Brasil\",\"description\":\"\",\"potentialAction\":[{\"@type\":\"SearchAction\",\"target\":{\"@type\":\"EntryPoint\",\"urlTemplate\":\"https:\\\/\\\/www.feyalegria.org\\\/brasil\\\/?s={search_term_string}\"},\"query-input\":{\"@type\":\"PropertyValueSpecification\",\"valueRequired\":true,\"valueName\":\"search_term_string\"}}],\"inLanguage\":\"es-CO\"}]}<\/script>\n<!-- \/ Yoast SEO plugin. -->","yoast_head_json":{"title":"Centro de Desenvolvimento Comunit\u00e1rio Boa Esperan\u00e7a - #SomosF\u00e9eAlegria en Brasil","robots":{"index":"index","follow":"follow","max-snippet":"max-snippet:-1","max-image-preview":"max-image-preview:large","max-video-preview":"max-video-preview:-1"},"canonical":"https:\/\/www.feyalegria.org\/brasil\/natal\/","og_locale":"es_ES","og_type":"article","og_title":"Centro de Desenvolvimento Comunit\u00e1rio Boa Esperan\u00e7a - #SomosF\u00e9eAlegria en Brasil","og_description":"[vc_row css=&#8221;.vc_custom_1610136019840{padding-top: 30px !important;}&#8221;][vc_column width=&#8221;5\/6&#8243;][vc_column_text] Centro de Desenvolvimento Comunit\u00e1rio Boa Esperan\u00e7a [\/vc_column_text][\/vc_column][vc_column width=&#8221;1\/6&#8243; css=&#8221;.vc_custom_1616259062307{margin-top: -80px !important;}&#8221; offset=&#8221;vc_hidden-md vc_hidden-sm vc_hidden-xs&#8221;][vc_single_image image=&#8221;2283&#8243; img_size=&#8221;150&#8243; alignment=&#8221;right&#8221; style=&#8221;vc_box_circle_2&#8243;][\/vc_column][\/vc_row][vc_row][vc_column width=&#8221;1\/3&#8243;][vc_single_image image=&#8221;25109&#8243; img_size=&#8221;300&#215;300&#8243; alignment=&#8221;center&#8221; style=&#8221;vc_box_circle_2&#8243;][\/vc_column][vc_column width=&#8221;2\/3&#8243;][vc_column_text] Hist\u00f3ria [\/vc_column_text][vc_empty_space height=&#8221;10px&#8221;][vc_column_text] O Centro de Desenvolvimento Comunit\u00e1rio Boa Esperan\u00e7a, unidade de F\u00e9 e Alegria em Natal (RN), foi inaugurada na regi\u00e3o no ano de 1995","og_url":"https:\/\/www.feyalegria.org\/brasil\/natal\/","og_site_name":"#SomosF\u00e9eAlegria en Brasil","article_modified_time":"2022-09-08T23:41:04+00:00","twitter_card":"summary_large_image","twitter_misc":{"Tiempo de lectura":"6 minutos"},"schema":{"@context":"https:\/\/schema.org","@graph":[{"@type":"WebPage","@id":"https:\/\/www.feyalegria.org\/brasil\/natal\/","url":"https:\/\/www.feyalegria.org\/brasil\/natal\/","name":"Centro de Desenvolvimento Comunit\u00e1rio Boa Esperan\u00e7a - #SomosF\u00e9eAlegria en Brasil","isPartOf":{"@id":"https:\/\/www.feyalegria.org\/brasil\/#website"},"datePublished":"2021-10-22T01:41:38+00:00","dateModified":"2022-09-08T23:41:04+00:00","inLanguage":"es-CO","potentialAction":[{"@type":"ReadAction","target":["https:\/\/www.feyalegria.org\/brasil\/natal\/"]}]},{"@type":"WebSite","@id":"https:\/\/www.feyalegria.org\/brasil\/#website","url":"https:\/\/www.feyalegria.org\/brasil\/","name":"#SomosF\u00e9eAlegria en Brasil","description":"","potentialAction":[{"@type":"SearchAction","target":{"@type":"EntryPoint","urlTemplate":"https:\/\/www.feyalegria.org\/brasil\/?s={search_term_string}"},"query-input":{"@type":"PropertyValueSpecification","valueRequired":true,"valueName":"search_term_string"}}],"inLanguage":"es-CO"}]}},"_links":{"self":[{"href":"https:\/\/www.feyalegria.org\/brasil\/wp-json\/wp\/v2\/pages\/24981","targetHints":{"allow":["GET"]}}],"collection":[{"href":"https:\/\/www.feyalegria.org\/brasil\/wp-json\/wp\/v2\/pages"}],"about":[{"href":"https:\/\/www.feyalegria.org\/brasil\/wp-json\/wp\/v2\/types\/page"}],"author":[{"embeddable":true,"href":"https:\/\/www.feyalegria.org\/brasil\/wp-json\/wp\/v2\/users\/2"}],"replies":[{"embeddable":true,"href":"https:\/\/www.feyalegria.org\/brasil\/wp-json\/wp\/v2\/comments?post=24981"}],"version-history":[{"count":0,"href":"https:\/\/www.feyalegria.org\/brasil\/wp-json\/wp\/v2\/pages\/24981\/revisions"}],"wp:attachment":[{"href":"https:\/\/www.feyalegria.org\/brasil\/wp-json\/wp\/v2\/media?parent=24981"}],"wp:term":[{"taxonomy":"folder","embeddable":true,"href":"https:\/\/www.feyalegria.org\/brasil\/wp-json\/wp\/v2\/folder?post=24981"}],"curies":[{"name":"wp","href":"https:\/\/api.w.org\/{rel}","templated":true}]}}