 {"id":24992,"date":"2021-10-22T11:43:12","date_gmt":"2021-10-22T14:43:12","guid":{"rendered":"https:\/\/www.feyalegria.org\/brasil\/?page_id=24992"},"modified":"2022-09-08T21:36:32","modified_gmt":"2022-09-09T00:36:32","slug":"santaluzia","status":"publish","type":"page","link":"https:\/\/www.feyalegria.org\/brasil\/santaluzia\/","title":{"rendered":"Centro Social Palmital"},"content":{"rendered":"<div class=\"wpb-content-wrapper\"><p>[vc_row css=&#8221;.vc_custom_1610136019840{padding-top: 30px !important;}&#8221;][vc_column width=&#8221;5\/6&#8243;][vc_column_text]<\/p>\n<h1>Centro Social Palmital<\/h1>\n<p>[\/vc_column_text][\/vc_column][vc_column width=&#8221;1\/6&#8243; css=&#8221;.vc_custom_1616259062307{margin-top: -80px !important;}&#8221; offset=&#8221;vc_hidden-md vc_hidden-sm vc_hidden-xs&#8221;][vc_single_image image=&#8221;2283&#8243; img_size=&#8221;150&#8243; alignment=&#8221;right&#8221; style=&#8221;vc_box_circle_2&#8243;][\/vc_column][\/vc_row][vc_row][vc_column width=&#8221;1\/3&#8243;][vc_single_image image=&#8221;25189&#8243; img_size=&#8221;300&#215;300&#8243; alignment=&#8221;center&#8221; style=&#8221;vc_box_circle_2&#8243;][\/vc_column][vc_column width=&#8221;2\/3&#8243;][vc_column_text]<\/p>\n<h3>Hist\u00f3ria<\/h3>\n<p>[\/vc_column_text][vc_empty_space height=&#8221;10px&#8221;][vc_column_text]No ano de 2004, a Funda\u00e7\u00e3o F\u00e9 e Alegria chegou ao munic\u00edpio de Santa Luzia (MG), regi\u00e3o metropolitana de Belo Horizonte, e viabilizou sua atua\u00e7\u00e3o por meio de articula\u00e7\u00f5es com lideran\u00e7as, organiza\u00e7\u00f5es e comunidade local. Dois anos depois, em setembro de 2006, as atividades do Centro foram iniciadas no Conjunto Palmital e bairros do entorno, regi\u00e3o de vulnerabilidade social, para atender crian\u00e7as e, posteriormente, adolescentes.<\/p>\n<p>&nbsp;<\/p>\n<p>Localizado no bairro Palmital B, o espa\u00e7o da unidade de F\u00e9 e Alegria em Santa Luzia era cedido pela Par\u00f3quia Sant\u00edssima Trindade na Comunidade Nossa Senhora da Penha. Com o passar do tempo, o Centro Social foi reorganizado para melhor atender \u00e0s demandas da comunidade.<\/p>\n<p>&nbsp;<\/p>\n<p>Em 2018, ap\u00f3s mobiliza\u00e7\u00e3o de duas volunt\u00e1rias adolescentes de F\u00e9 e Alegria, foi estreitado o di\u00e1logo entre e a Funda\u00e7\u00e3o F\u00e9 e Alegria e o Instituto Irm\u00e3s Escol\u00e1pias do Brasil, que cedeu uma nova estrutura para a unidade de Santa Luzia. Assim, o Centro foi transferido para outro bairro no munic\u00edpio, no Setor 7 do Palmital A, onde est\u00e1 localizado at\u00e9 hoje, para oferecer atendimentos \u00e0 comunidade local, crian\u00e7as, adolescentes e suas fam\u00edlias.<\/p>\n<p>&nbsp;<\/p>\n<p>Em 2019, as Irm\u00e3s Escol\u00e1pias cederam tamb\u00e9m o espa\u00e7o da antiga Creche Tia Lita, localizada nos entornos do Centro Social, \u00e0 Funda\u00e7\u00e3o F\u00e9 e Alegria. O Centro de Educa\u00e7\u00e3o Infantil ofertado possui capacidade para 209 crian\u00e7as e oferece Educa\u00e7\u00e3o Infantil e, atualmente, F\u00e9 e Alegria conta com duas unidades no munic\u00edpio de Santa Luzia.<\/p>\n<p>&nbsp;<\/p>\n<p>A regi\u00e3o, embora tenha um hist\u00f3rico de altos \u00edndices de viol\u00eancia e diversas dificuldades, j\u00e1 conquistou diversas melhorias gra\u00e7as ao empenho da comunidade.[\/vc_column_text][vc_empty_space height=&#8221;20px&#8221;][\/vc_column][\/vc_row][vc_row][vc_column css=&#8221;.vc_custom_1615128571603{background-color: #aa0f16 !important;border-radius: 20px !important;}&#8221;][vc_empty_space][vc_column_text css=&#8221;.vc_custom_1636579758591{background-color: #aa0f16 !important;}&#8221;]<\/p>\n<h3 style=\"text-align: center\"><span style=\"color: #ffffff\"><strong>Atendimento<\/strong><\/span><\/h3>\n<p>[\/vc_column_text][vc_empty_space][vc_column_text css=&#8221;.vc_custom_1662684058891{background-color: #aa0f16 !important;}&#8221;]<\/p>\n<h3 style=\"text-align: center\"><span style=\"color: #ffffff\">125 crian\u00e7as e adolescentes, com idades entre 6 e 17 anos<\/span><\/h3>\n<p>[\/vc_column_text][vc_empty_space][\/vc_column][\/vc_row][vc_row][vc_column][vc_empty_space height=&#8221;60px&#8221;][vc_column_text]<\/p>\n<h3><strong>Projetos desenvolvidos<\/strong><\/h3>\n<p>[\/vc_column_text][vc_empty_space height=&#8221;10px&#8221;][vc_column_text]<\/p>\n<h4><span style=\"color: #727176\"><strong>Servi\u00e7o de Conviv\u00eancia e Fortalecimento de V\u00ednculos: 125<\/strong><\/span><\/h4>\n<p>&nbsp;<\/p>\n<h4><span style=\"color: #727176\"><strong>Meninas e Meninos Livres: 125<\/strong><\/span><\/h4>\n<p>[\/vc_column_text][vc_column_text]O Servi\u00e7o de Conviv\u00eancia e Fortalecimento de V\u00ednculos atua na preven\u00e7\u00e3o de situa\u00e7\u00f5es de risco social, na perman\u00eancia do indiv\u00edduo no sistema educacional e no fortalecimento das rela\u00e7\u00f5es familiares, sociais e comunit\u00e1rias. Por meio do trabalho promovido, o atendido passa a se entender como sujeito de direitos e se torna o protagonista de sua pr\u00f3pria hist\u00f3ria, despertando sua compreens\u00e3o cr\u00edtica da realidade social e do mundo moderno e sua capacidade de transformar os ambientes em que atua.<\/p>\n<p>&nbsp;<\/p>\n<p>Por fim, o Projeto Meninas e Meninos Livres \u00e9 uma das a\u00e7\u00f5es realizadas em conjunto com escolas p\u00fablicas regionais para promover o pensamento cr\u00edtico e a equidade de g\u00eanero, bem como proporcionar um espa\u00e7o de escuta e forma\u00e7\u00e3o para jovens e adolescentes. Al\u00e9m disso, a iniciativa introduz debates referentes \u00e0 igualdade de g\u00eanero e reflete sobre os mais diversos tipos de viol\u00eancia contra a mulher, com o prop\u00f3sito de conscientizar e despertar mudan\u00e7as mobilizadoras na sociedade.[\/vc_column_text][\/vc_column][\/vc_row][vc_row][vc_column][vc_empty_space][vc_column_text]<\/p>\n<h3><strong>Galeria<\/strong><\/h3>\n<p>[\/vc_column_text][vc_empty_space height=&#8221;10px&#8221;][\/vc_column][\/vc_row][vc_row][vc_column width=&#8221;1\/3&#8243;][vc_images_carousel images=&#8221;25178,25179,25177&#8243; img_size=&#8221;medium&#8221; speed=&#8221;4000&#8243; autoplay=&#8221;yes&#8221; hide_pagination_control=&#8221;yes&#8221; hide_prev_next_buttons=&#8221;yes&#8221; wrap=&#8221;yes&#8221; css_animation=&#8221;fadeIn&#8221;][\/vc_column][vc_column width=&#8221;1\/3&#8243;][vc_images_carousel images=&#8221;25181,25182,25183,25180&#8243; img_size=&#8221;medium&#8221; speed=&#8221;4000&#8243; autoplay=&#8221;yes&#8221; hide_pagination_control=&#8221;yes&#8221; hide_prev_next_buttons=&#8221;yes&#8221; wrap=&#8221;yes&#8221; css_animation=&#8221;fadeIn&#8221;][\/vc_column][vc_column width=&#8221;1\/3&#8243;][vc_images_carousel images=&#8221;25185,25186,25187,25184&#8243; img_size=&#8221;medium&#8221; speed=&#8221;4000&#8243; autoplay=&#8221;yes&#8221; hide_pagination_control=&#8221;yes&#8221; hide_prev_next_buttons=&#8221;yes&#8221; wrap=&#8221;yes&#8221; css_animation=&#8221;fadeIn&#8221;][\/vc_column][\/vc_row][vc_row css=&#8221;.vc_custom_1600382950718{margin-top: -25px !important;}&#8221;][vc_column offset=&#8221;vc_hidden-md vc_hidden-sm vc_hidden-xs&#8221;][vc_empty_space][vc_column_text]<\/p>\n<h3><strong>Contato<\/strong><\/h3>\n<p>[\/vc_column_text][vc_column_text css=&#8221;.vc_custom_1662684016318{padding-top: 20px !important;padding-bottom: 20px !important;background-color: #e4e4e4 !important;border-radius: 20px !important;}&#8221;]<\/p>\n<p style=\"padding-left: 40px\">Rua Jo\u00e3o Higino Rodrigues, 162<\/p>\n<p style=\"padding-left: 40px\">Palmital | Santa Luzia\/MG<\/p>\n<p style=\"padding-left: 40px\">CEP: 33140-720<\/p>\n<p style=\"padding-left: 40px\">+55 31 3636 2120<\/p>\n<p style=\"padding-left: 40px\">+55 31 97212-7705<\/p>\n<p style=\"padding-left: 40px\"><span style=\"color: #000080\"><a style=\"color: #000080\" href=\"mailto:contato.palmital@fealegria.org.br\">contato.palmital@fealegria.org.br<\/a><\/span><\/p>\n<p>[\/vc_column_text][\/vc_column][\/vc_row][vc_row css=&#8221;.vc_custom_1600382950718{margin-top: -25px !important;}&#8221;][vc_column offset=&#8221;vc_hidden-lg&#8221;][vc_empty_space][vc_column_text]<\/p>\n<h3><strong>Contato<\/strong><\/h3>\n<p>[\/vc_column_text][vc_column_text css=&#8221;.vc_custom_1637196131161{padding-top: 20px !important;padding-bottom: 20px !important;background-color: #e4e4e4 !important;border-radius: 20px !important;}&#8221;]<\/p>\n<p style=\"padding-left: 40px\">Rua Jo\u00e3o Higino Rodrigues, 162<\/p>\n<p style=\"padding-left: 40px\">Palmital | Santa Luzia\/MG<\/p>\n<p style=\"padding-left: 40px\">CEP: 33140-720<\/p>\n<p style=\"padding-left: 40px\">+55 31 3636 2120<\/p>\n<p style=\"padding-left: 40px\"><a href=\"mailto:contato.mg@fealegria.org.br\">contato.mg@fealegria.org.br<\/a><\/p>\n<p>[\/vc_column_text][\/vc_column][\/vc_row][vc_row][vc_column][vc_empty_space height=&#8221;50px&#8221;][\/vc_column][\/vc_row]<\/p>\n<\/div>","protected":false},"excerpt":{"rendered":"<p>[vc_row css=&#8221;.vc_custom_1610136019840{padding-top: 30px !important;}&#8221;][vc_column width=&#8221;5\/6&#8243;][vc_column_text] Centro Social Palmital [\/vc_column_text][\/vc_column][vc_column width=&#8221;1\/6&#8243; css=&#8221;.vc_custom_1616259062307{margin-top: -80px !important;}&#8221; offset=&#8221;vc_hidden-md vc_hidden-sm vc_hidden-xs&#8221;][vc_single_image image=&#8221;2283&#8243; img_size=&#8221;150&#8243; alignment=&#8221;right&#8221; style=&#8221;vc_box_circle_2&#8243;][\/vc_column][\/vc_row][vc_row][vc_column width=&#8221;1\/3&#8243;][vc_single_image image=&#8221;25189&#8243; img_size=&#8221;300&#215;300&#8243; alignment=&#8221;center&#8221; style=&#8221;vc_box_circle_2&#8243;][\/vc_column][vc_column width=&#8221;2\/3&#8243;][vc_column_text] Hist\u00f3ria [\/vc_column_text][vc_empty_space height=&#8221;10px&#8221;][vc_column_text]No ano de 2004, a Funda\u00e7\u00e3o F\u00e9 e Alegria chegou ao munic\u00edpio de Santa Luzia (MG), regi\u00e3o metropolitana de Belo Horizonte, e viabilizou sua atua\u00e7\u00e3o por meio<\/p>\n","protected":false},"author":2,"featured_media":0,"parent":0,"menu_order":0,"comment_status":"closed","ping_status":"closed","template":"","meta":{"_acf_changed":false,"footnotes":""},"folder":[],"class_list":["post-24992","page","type-page","status-publish","hentry"],"acf":[],"yoast_head":"<!-- This site is optimized with the Yoast SEO plugin v27.5 - https:\/\/yoast.com\/product\/yoast-seo-wordpress\/ -->\n<title>Centro Social Palmital - #SomosF\u00e9eAlegria en Brasil<\/title>\n<meta name=\"robots\" content=\"index, follow, max-snippet:-1, max-image-preview:large, max-video-preview:-1\" \/>\n<link rel=\"canonical\" href=\"https:\/\/www.feyalegria.org\/brasil\/santaluzia\/\" \/>\n<meta property=\"og:locale\" content=\"es_ES\" \/>\n<meta property=\"og:type\" content=\"article\" \/>\n<meta property=\"og:title\" content=\"Centro Social Palmital - #SomosF\u00e9eAlegria en Brasil\" \/>\n<meta property=\"og:description\" content=\"[vc_row css=&#8221;.vc_custom_1610136019840{padding-top: 30px !important;}&#8221;][vc_column width=&#8221;5\/6&#8243;][vc_column_text] Centro Social Palmital [\/vc_column_text][\/vc_column][vc_column width=&#8221;1\/6&#8243; css=&#8221;.vc_custom_1616259062307{margin-top: -80px !important;}&#8221; offset=&#8221;vc_hidden-md vc_hidden-sm vc_hidden-xs&#8221;][vc_single_image image=&#8221;2283&#8243; img_size=&#8221;150&#8243; alignment=&#8221;right&#8221; style=&#8221;vc_box_circle_2&#8243;][\/vc_column][\/vc_row][vc_row][vc_column width=&#8221;1\/3&#8243;][vc_single_image image=&#8221;25189&#8243; img_size=&#8221;300&#215;300&#8243; alignment=&#8221;center&#8221; style=&#8221;vc_box_circle_2&#8243;][\/vc_column][vc_column width=&#8221;2\/3&#8243;][vc_column_text] Hist\u00f3ria [\/vc_column_text][vc_empty_space height=&#8221;10px&#8221;][vc_column_text]No ano de 2004, a Funda\u00e7\u00e3o F\u00e9 e Alegria chegou ao munic\u00edpio de Santa Luzia (MG), regi\u00e3o metropolitana de Belo Horizonte, e viabilizou sua atua\u00e7\u00e3o por meio\" \/>\n<meta property=\"og:url\" content=\"https:\/\/www.feyalegria.org\/brasil\/santaluzia\/\" \/>\n<meta property=\"og:site_name\" content=\"#SomosF\u00e9eAlegria en Brasil\" \/>\n<meta property=\"article:modified_time\" content=\"2022-09-09T00:36:32+00:00\" \/>\n<meta name=\"twitter:card\" content=\"summary_large_image\" \/>\n<meta name=\"twitter:label1\" content=\"Tiempo de lectura\" \/>\n\t<meta name=\"twitter:data1\" content=\"5 minutos\" \/>\n<script type=\"application\/ld+json\" class=\"yoast-schema-graph\">{\"@context\":\"https:\\\/\\\/schema.org\",\"@graph\":[{\"@type\":\"WebPage\",\"@id\":\"https:\\\/\\\/www.feyalegria.org\\\/brasil\\\/santaluzia\\\/\",\"url\":\"https:\\\/\\\/www.feyalegria.org\\\/brasil\\\/santaluzia\\\/\",\"name\":\"Centro Social Palmital - #SomosF\u00e9eAlegria en Brasil\",\"isPartOf\":{\"@id\":\"https:\\\/\\\/www.feyalegria.org\\\/brasil\\\/#website\"},\"datePublished\":\"2021-10-22T14:43:12+00:00\",\"dateModified\":\"2022-09-09T00:36:32+00:00\",\"inLanguage\":\"es-CO\",\"potentialAction\":[{\"@type\":\"ReadAction\",\"target\":[\"https:\\\/\\\/www.feyalegria.org\\\/brasil\\\/santaluzia\\\/\"]}]},{\"@type\":\"WebSite\",\"@id\":\"https:\\\/\\\/www.feyalegria.org\\\/brasil\\\/#website\",\"url\":\"https:\\\/\\\/www.feyalegria.org\\\/brasil\\\/\",\"name\":\"#SomosF\u00e9eAlegria en Brasil\",\"description\":\"\",\"potentialAction\":[{\"@type\":\"SearchAction\",\"target\":{\"@type\":\"EntryPoint\",\"urlTemplate\":\"https:\\\/\\\/www.feyalegria.org\\\/brasil\\\/?s={search_term_string}\"},\"query-input\":{\"@type\":\"PropertyValueSpecification\",\"valueRequired\":true,\"valueName\":\"search_term_string\"}}],\"inLanguage\":\"es-CO\"}]}<\/script>\n<!-- \/ Yoast SEO plugin. -->","yoast_head_json":{"title":"Centro Social Palmital - #SomosF\u00e9eAlegria en Brasil","robots":{"index":"index","follow":"follow","max-snippet":"max-snippet:-1","max-image-preview":"max-image-preview:large","max-video-preview":"max-video-preview:-1"},"canonical":"https:\/\/www.feyalegria.org\/brasil\/santaluzia\/","og_locale":"es_ES","og_type":"article","og_title":"Centro Social Palmital - #SomosF\u00e9eAlegria en Brasil","og_description":"[vc_row css=&#8221;.vc_custom_1610136019840{padding-top: 30px !important;}&#8221;][vc_column width=&#8221;5\/6&#8243;][vc_column_text] Centro Social Palmital [\/vc_column_text][\/vc_column][vc_column width=&#8221;1\/6&#8243; css=&#8221;.vc_custom_1616259062307{margin-top: -80px !important;}&#8221; offset=&#8221;vc_hidden-md vc_hidden-sm vc_hidden-xs&#8221;][vc_single_image image=&#8221;2283&#8243; img_size=&#8221;150&#8243; alignment=&#8221;right&#8221; style=&#8221;vc_box_circle_2&#8243;][\/vc_column][\/vc_row][vc_row][vc_column width=&#8221;1\/3&#8243;][vc_single_image image=&#8221;25189&#8243; img_size=&#8221;300&#215;300&#8243; alignment=&#8221;center&#8221; style=&#8221;vc_box_circle_2&#8243;][\/vc_column][vc_column width=&#8221;2\/3&#8243;][vc_column_text] Hist\u00f3ria [\/vc_column_text][vc_empty_space height=&#8221;10px&#8221;][vc_column_text]No ano de 2004, a Funda\u00e7\u00e3o F\u00e9 e Alegria chegou ao munic\u00edpio de Santa Luzia (MG), regi\u00e3o metropolitana de Belo Horizonte, e viabilizou sua atua\u00e7\u00e3o por meio","og_url":"https:\/\/www.feyalegria.org\/brasil\/santaluzia\/","og_site_name":"#SomosF\u00e9eAlegria en Brasil","article_modified_time":"2022-09-09T00:36:32+00:00","twitter_card":"summary_large_image","twitter_misc":{"Tiempo de lectura":"5 minutos"},"schema":{"@context":"https:\/\/schema.org","@graph":[{"@type":"WebPage","@id":"https:\/\/www.feyalegria.org\/brasil\/santaluzia\/","url":"https:\/\/www.feyalegria.org\/brasil\/santaluzia\/","name":"Centro Social Palmital - #SomosF\u00e9eAlegria en Brasil","isPartOf":{"@id":"https:\/\/www.feyalegria.org\/brasil\/#website"},"datePublished":"2021-10-22T14:43:12+00:00","dateModified":"2022-09-09T00:36:32+00:00","inLanguage":"es-CO","potentialAction":[{"@type":"ReadAction","target":["https:\/\/www.feyalegria.org\/brasil\/santaluzia\/"]}]},{"@type":"WebSite","@id":"https:\/\/www.feyalegria.org\/brasil\/#website","url":"https:\/\/www.feyalegria.org\/brasil\/","name":"#SomosF\u00e9eAlegria en Brasil","description":"","potentialAction":[{"@type":"SearchAction","target":{"@type":"EntryPoint","urlTemplate":"https:\/\/www.feyalegria.org\/brasil\/?s={search_term_string}"},"query-input":{"@type":"PropertyValueSpecification","valueRequired":true,"valueName":"search_term_string"}}],"inLanguage":"es-CO"}]}},"_links":{"self":[{"href":"https:\/\/www.feyalegria.org\/brasil\/wp-json\/wp\/v2\/pages\/24992","targetHints":{"allow":["GET"]}}],"collection":[{"href":"https:\/\/www.feyalegria.org\/brasil\/wp-json\/wp\/v2\/pages"}],"about":[{"href":"https:\/\/www.feyalegria.org\/brasil\/wp-json\/wp\/v2\/types\/page"}],"author":[{"embeddable":true,"href":"https:\/\/www.feyalegria.org\/brasil\/wp-json\/wp\/v2\/users\/2"}],"replies":[{"embeddable":true,"href":"https:\/\/www.feyalegria.org\/brasil\/wp-json\/wp\/v2\/comments?post=24992"}],"version-history":[{"count":0,"href":"https:\/\/www.feyalegria.org\/brasil\/wp-json\/wp\/v2\/pages\/24992\/revisions"}],"wp:attachment":[{"href":"https:\/\/www.feyalegria.org\/brasil\/wp-json\/wp\/v2\/media?parent=24992"}],"wp:term":[{"taxonomy":"folder","embeddable":true,"href":"https:\/\/www.feyalegria.org\/brasil\/wp-json\/wp\/v2\/folder?post=24992"}],"curies":[{"name":"wp","href":"https:\/\/api.w.org\/{rel}","templated":true}]}}