 {"id":24999,"date":"2021-10-22T19:04:57","date_gmt":"2021-10-22T22:04:57","guid":{"rendered":"https:\/\/www.feyalegria.org\/brasil\/?page_id=24999"},"modified":"2022-09-08T21:46:33","modified_gmt":"2022-09-09T00:46:33","slug":"vitoria","status":"publish","type":"page","link":"https:\/\/www.feyalegria.org\/brasil\/vitoria\/","title":{"rendered":"Programa de Acolhimento Institucional Viva a Vida"},"content":{"rendered":"<div class=\"wpb-content-wrapper\"><p>[vc_row css=&#8221;.vc_custom_1610136019840{padding-top: 30px !important;}&#8221;][vc_column width=&#8221;5\/6&#8243;][vc_column_text]<\/p>\n<h1>Programa de Acolhimento Institucional Viva a Vida<\/h1>\n<p>[\/vc_column_text][\/vc_column][vc_column width=&#8221;1\/6&#8243; css=&#8221;.vc_custom_1616259062307{margin-top: -80px !important;}&#8221; offset=&#8221;vc_hidden-md vc_hidden-sm vc_hidden-xs&#8221;][vc_single_image image=&#8221;2283&#8243; img_size=&#8221;150&#8243; alignment=&#8221;right&#8221; style=&#8221;vc_box_circle_2&#8243;][\/vc_column][\/vc_row][vc_row][vc_column width=&#8221;1\/3&#8243;][vc_single_image image=&#8221;25208&#8243; img_size=&#8221;300&#215;300&#8243; alignment=&#8221;center&#8221; style=&#8221;vc_box_circle_2&#8243;][\/vc_column][vc_column width=&#8221;2\/3&#8243;][vc_column_text]<\/p>\n<h3>Hist\u00f3ria<\/h3>\n<p>[\/vc_column_text][vc_empty_space height=&#8221;10px&#8221;][vc_column_text]Ao assumir o desafio de desenvolver servi\u00e7os de acolhimento institucional na cidade de Vit\u00f3ria (ES), a partir de 2002, a equipe local de F\u00e9 e Alegria buscou atender a uma solicita\u00e7\u00e3o dos membros do Conselho Municipal dos Direitos da Crian\u00e7a e do Adolescente, uma vez que a cidade n\u00e3o contava com abrigos para atender ao p\u00fablico masculino, o que gerava um grupo expressivo de meninos que fazia das ruas o seu lugar de viv\u00eancia.<\/p>\n<p>&nbsp;<\/p>\n<p>No decorrer de 20 anos de exist\u00eancia, o Programa de Acolhimento Institucional Viva a Vida experimentou v\u00e1rios formatos, buscando adaptar-se aos contextos observados. Se no in\u00edcio o p\u00fablico predominante era de meninos maiores, com experi\u00eancia de viv\u00eancias nas ruas, hoje a grande maioria dos atendimentos \u00e9 voltado a crian\u00e7as de ambos os sexos.<\/p>\n<p>&nbsp;<\/p>\n<p>Quando iniciou seu trabalho, a equipe de F\u00e9 e Alegria ainda n\u00e3o dispunha das orienta\u00e7\u00f5es t\u00e9cnicas da \u00e1rea de assist\u00eancia social, mas essa quest\u00e3o foi se estruturando, gradativamente, nos anos seguintes. Assim, a partir da sensibilidade e do estudo constante do tema, a equipe desenvolveu boas pr\u00e1ticas, que v\u00e3o muito al\u00e9m da regulamenta\u00e7\u00e3o para a oferta de servi\u00e7os p\u00fablicos dessa natureza. Algumas delas foram sistematizadas e divulgadas em uma publica\u00e7\u00e3o lan\u00e7ada no ano de 2018, com o t\u00edtulo de <em>O acolhimento institucional e a garantia de direitos: conceitos e pr\u00e1ticas no Programa Viva a Vida<\/em>.<\/p>\n<p>&nbsp;<\/p>\n<p>O programa Viva a Vida \u00e9 integrado por quatro servi\u00e7os de acolhimento institucional, sendo dois deles para adolescentes, e os demais dedicados ao acolhimento de crian\u00e7as pequenas, com at\u00e9 6 anos de idade, que representam a grande maioria dos atendimentos realizados nos \u00faltimos anos.\u00a0 Al\u00e9m disso, conta com duas rep\u00fablicas, nas quais os jovens com idade superior a 18 anos, egressos dos servi\u00e7os de acolhimento, podem dar continuidade aos seus processos de autonomia pessoal e econ\u00f4mica.<\/p>\n<p>&nbsp;<\/p>\n<p>O acolhimento institucional promovido pelo programa constitui uma medida de prote\u00e7\u00e3o especial, caracterizada pela excepcionalidade e pelo afastamento provis\u00f3rio do conv\u00edvio familiar, possibilitando a preserva\u00e7\u00e3o e o fortalecimento dos v\u00ednculos familiares e comunit\u00e1rios, al\u00e9m da garantia de direitos, respeito \u00e0 diversidade, atendimento personalizado e respeito \u00e0 autonomia da crian\u00e7a e do adolescente.[\/vc_column_text][vc_empty_space height=&#8221;20px&#8221;][\/vc_column][\/vc_row][vc_row][vc_column css=&#8221;.vc_custom_1615128571603{background-color: #aa0f16 !important;border-radius: 20px !important;}&#8221;][vc_empty_space][vc_column_text css=&#8221;.vc_custom_1636582257275{background-color: #aa0f16 !important;}&#8221;]<\/p>\n<h3 style=\"text-align: center\"><span style=\"color: #ffffff\"><strong>Atendimento<\/strong><\/span><\/h3>\n<p>[\/vc_column_text][vc_empty_space][vc_column_text css=&#8221;.vc_custom_1662684661374{background-color: #aa0f16 !important;}&#8221;]<\/p>\n<h3 style=\"text-align: center\"><span style=\"color: #ffffff\">65 crian\u00e7as e adolescentes, com idades de 0 a 18 anos<\/span><\/h3>\n<p>[\/vc_column_text][vc_empty_space][\/vc_column][\/vc_row][vc_row][vc_column][vc_empty_space height=&#8221;60px&#8221;][vc_column_text]<\/p>\n<h3><strong>Projetos desenvolvidos<\/strong><\/h3>\n<p>[\/vc_column_text][vc_empty_space height=&#8221;10px&#8221;][vc_column_text]<\/p>\n<h4><span style=\"color: #727176\"><strong>Acolhimento institucional: 65<\/strong><\/span><\/h4>\n<p>[\/vc_column_text][vc_column_text]Os servi\u00e7os de acolhimento institucional s\u00e3o voltados para crian\u00e7as e adolescentes sob medida de prote\u00e7\u00e3o, v\u00edtimas de abandono, neglig\u00eancia ou viol\u00eancia. Durante o per\u00edodo de acolhimento, os atendidos recebem os cuidados com sa\u00fade, educa\u00e7\u00e3o e tudo o que for necess\u00e1rio para possibilitar o seu desenvolvimento integral. Enquanto isso, as equipes t\u00e9cnicas do programa realizam o acompanhamento sistem\u00e1tico para viabilizar o retorno da crian\u00e7a ou do adolescente ao conv\u00edvio com sua fam\u00edlia de origem (nuclear ou extensa) ou substituta (ado\u00e7\u00e3o).<\/p>\n<p>&nbsp;<\/p>\n<p>O Programa de Acolhimento Institucional Viva a Vida \u00e9 realizado em parceria com Secretaria Municipal de Assist\u00eancia Social de Vit\u00f3ria e conta com o apoio da Prov\u00edncia Pavoniana no Brasil.[\/vc_column_text][\/vc_column][\/vc_row][vc_row][vc_column][vc_empty_space][vc_column_text]<\/p>\n<h3><strong>Galeria<\/strong><\/h3>\n<p>[\/vc_column_text][vc_empty_space height=&#8221;10px&#8221;][\/vc_column][\/vc_row][vc_row][vc_column width=&#8221;1\/3&#8243;][vc_images_carousel images=&#8221;25212&#8243; img_size=&#8221;medium&#8221; speed=&#8221;4000&#8243; autoplay=&#8221;yes&#8221; hide_pagination_control=&#8221;yes&#8221; hide_prev_next_buttons=&#8221;yes&#8221; wrap=&#8221;yes&#8221; css_animation=&#8221;fadeIn&#8221;][\/vc_column][vc_column width=&#8221;1\/3&#8243;][vc_images_carousel images=&#8221;25213,25214&#8243; img_size=&#8221;medium&#8221; speed=&#8221;4000&#8243; autoplay=&#8221;yes&#8221; hide_pagination_control=&#8221;yes&#8221; hide_prev_next_buttons=&#8221;yes&#8221; wrap=&#8221;yes&#8221; css_animation=&#8221;fadeIn&#8221;][\/vc_column][vc_column width=&#8221;1\/3&#8243;][vc_images_carousel images=&#8221;25215,25216&#8243; img_size=&#8221;medium&#8221; speed=&#8221;4000&#8243; autoplay=&#8221;yes&#8221; hide_pagination_control=&#8221;yes&#8221; hide_prev_next_buttons=&#8221;yes&#8221; wrap=&#8221;yes&#8221; css_animation=&#8221;fadeIn&#8221;][\/vc_column][\/vc_row][vc_row css=&#8221;.vc_custom_1600382950718{margin-top: -25px !important;}&#8221;][vc_column offset=&#8221;vc_hidden-md vc_hidden-sm vc_hidden-xs&#8221;][vc_empty_space][vc_column_text]<\/p>\n<h3><strong>Contato<\/strong><\/h3>\n<p>[\/vc_column_text][vc_column_text css=&#8221;.vc_custom_1662684630148{padding-top: 20px !important;padding-bottom: 20px !important;background-color: #e4e4e4 !important;border-radius: 20px !important;}&#8221;]<\/p>\n<p style=\"padding-left: 40px\">Rodovia Serafim Derenzi, 57<\/p>\n<p style=\"padding-left: 40px\">Bairro Santo Ant\u00f4nio | Vit\u00f3ria\/ES<\/p>\n<p style=\"padding-left: 40px\">CEP: 29026-473<\/p>\n<p style=\"padding-left: 40px\">+55 27 3025-2398<\/p>\n<p style=\"padding-left: 40px\"><span style=\"color: #000080\"><a style=\"color: #000080\" href=\"mailto:contato.vitoria@fealegria.org.br\">contato.vitoria@fealegria.org.br<\/a><\/span><\/p>\n<p>[\/vc_column_text][\/vc_column][\/vc_row][vc_row css=&#8221;.vc_custom_1600382950718{margin-top: -25px !important;}&#8221;][vc_column offset=&#8221;vc_hidden-lg&#8221;][vc_empty_space][vc_column_text]<\/p>\n<h3><strong>Contato<\/strong><\/h3>\n<p>[\/vc_column_text][vc_column_text css=&#8221;.vc_custom_1637069016679{padding-top: 20px !important;padding-bottom: 20px !important;background-color: #e4e4e4 !important;border-radius: 20px !important;}&#8221;]<\/p>\n<p style=\"padding-left: 40px\">Rodovia Serafim Derenzi, 57<\/p>\n<p style=\"padding-left: 40px\">Bairro Santo Ant\u00f4nio | Vit\u00f3ria\/ES<\/p>\n<p style=\"padding-left: 40px\">CEP: 29026-473<\/p>\n<p style=\"padding-left: 40px\">+55 27 3025-2398<\/p>\n<p style=\"padding-left: 40px\"><span style=\"color: #0000ff\"><a style=\"color: #0000ff\" href=\"mailto:contato.es@fealegria.org.br\">contato.es@fealegria.org.br\u00a0<\/a><\/span><\/p>\n<p>[\/vc_column_text][\/vc_column][\/vc_row][vc_row][vc_column][vc_empty_space height=&#8221;50px&#8221;][\/vc_column][\/vc_row]<\/p>\n<\/div>","protected":false},"excerpt":{"rendered":"<p>[vc_row css=&#8221;.vc_custom_1610136019840{padding-top: 30px !important;}&#8221;][vc_column width=&#8221;5\/6&#8243;][vc_column_text] Programa de Acolhimento Institucional Viva a Vida [\/vc_column_text][\/vc_column][vc_column width=&#8221;1\/6&#8243; css=&#8221;.vc_custom_1616259062307{margin-top: -80px !important;}&#8221; offset=&#8221;vc_hidden-md vc_hidden-sm vc_hidden-xs&#8221;][vc_single_image image=&#8221;2283&#8243; img_size=&#8221;150&#8243; alignment=&#8221;right&#8221; style=&#8221;vc_box_circle_2&#8243;][\/vc_column][\/vc_row][vc_row][vc_column width=&#8221;1\/3&#8243;][vc_single_image image=&#8221;25208&#8243; img_size=&#8221;300&#215;300&#8243; alignment=&#8221;center&#8221; style=&#8221;vc_box_circle_2&#8243;][\/vc_column][vc_column width=&#8221;2\/3&#8243;][vc_column_text] Hist\u00f3ria [\/vc_column_text][vc_empty_space height=&#8221;10px&#8221;][vc_column_text]Ao assumir o desafio de desenvolver servi\u00e7os de acolhimento institucional na cidade de Vit\u00f3ria (ES), a partir de 2002, a equipe local de<\/p>\n","protected":false},"author":2,"featured_media":0,"parent":0,"menu_order":0,"comment_status":"closed","ping_status":"closed","template":"","meta":{"_acf_changed":false,"footnotes":""},"folder":[],"class_list":["post-24999","page","type-page","status-publish","hentry"],"acf":[],"yoast_head":"<!-- This site is optimized with the Yoast SEO plugin v27.5 - https:\/\/yoast.com\/product\/yoast-seo-wordpress\/ -->\n<title>Programa de Acolhimento Institucional Viva a Vida - #SomosF\u00e9eAlegria en Brasil<\/title>\n<meta name=\"robots\" content=\"index, follow, max-snippet:-1, max-image-preview:large, max-video-preview:-1\" \/>\n<link rel=\"canonical\" href=\"https:\/\/www.feyalegria.org\/brasil\/vitoria\/\" \/>\n<meta property=\"og:locale\" content=\"es_ES\" \/>\n<meta property=\"og:type\" content=\"article\" \/>\n<meta property=\"og:title\" content=\"Programa de Acolhimento Institucional Viva a Vida - #SomosF\u00e9eAlegria en Brasil\" \/>\n<meta property=\"og:description\" content=\"[vc_row css=&#8221;.vc_custom_1610136019840{padding-top: 30px !important;}&#8221;][vc_column width=&#8221;5\/6&#8243;][vc_column_text] Programa de Acolhimento Institucional Viva a Vida [\/vc_column_text][\/vc_column][vc_column width=&#8221;1\/6&#8243; css=&#8221;.vc_custom_1616259062307{margin-top: -80px !important;}&#8221; offset=&#8221;vc_hidden-md vc_hidden-sm vc_hidden-xs&#8221;][vc_single_image image=&#8221;2283&#8243; img_size=&#8221;150&#8243; alignment=&#8221;right&#8221; style=&#8221;vc_box_circle_2&#8243;][\/vc_column][\/vc_row][vc_row][vc_column width=&#8221;1\/3&#8243;][vc_single_image image=&#8221;25208&#8243; img_size=&#8221;300&#215;300&#8243; alignment=&#8221;center&#8221; style=&#8221;vc_box_circle_2&#8243;][\/vc_column][vc_column width=&#8221;2\/3&#8243;][vc_column_text] Hist\u00f3ria [\/vc_column_text][vc_empty_space height=&#8221;10px&#8221;][vc_column_text]Ao assumir o desafio de desenvolver servi\u00e7os de acolhimento institucional na cidade de Vit\u00f3ria (ES), a partir de 2002, a equipe local de\" \/>\n<meta property=\"og:url\" content=\"https:\/\/www.feyalegria.org\/brasil\/vitoria\/\" \/>\n<meta property=\"og:site_name\" content=\"#SomosF\u00e9eAlegria en Brasil\" \/>\n<meta property=\"article:modified_time\" content=\"2022-09-09T00:46:33+00:00\" \/>\n<meta name=\"twitter:card\" content=\"summary_large_image\" \/>\n<meta name=\"twitter:label1\" content=\"Tiempo de lectura\" \/>\n\t<meta name=\"twitter:data1\" content=\"5 minutos\" \/>\n<script type=\"application\/ld+json\" class=\"yoast-schema-graph\">{\"@context\":\"https:\\\/\\\/schema.org\",\"@graph\":[{\"@type\":\"WebPage\",\"@id\":\"https:\\\/\\\/www.feyalegria.org\\\/brasil\\\/vitoria\\\/\",\"url\":\"https:\\\/\\\/www.feyalegria.org\\\/brasil\\\/vitoria\\\/\",\"name\":\"Programa de Acolhimento Institucional Viva a Vida - #SomosF\u00e9eAlegria en Brasil\",\"isPartOf\":{\"@id\":\"https:\\\/\\\/www.feyalegria.org\\\/brasil\\\/#website\"},\"datePublished\":\"2021-10-22T22:04:57+00:00\",\"dateModified\":\"2022-09-09T00:46:33+00:00\",\"inLanguage\":\"es-CO\",\"potentialAction\":[{\"@type\":\"ReadAction\",\"target\":[\"https:\\\/\\\/www.feyalegria.org\\\/brasil\\\/vitoria\\\/\"]}]},{\"@type\":\"WebSite\",\"@id\":\"https:\\\/\\\/www.feyalegria.org\\\/brasil\\\/#website\",\"url\":\"https:\\\/\\\/www.feyalegria.org\\\/brasil\\\/\",\"name\":\"#SomosF\u00e9eAlegria en Brasil\",\"description\":\"\",\"potentialAction\":[{\"@type\":\"SearchAction\",\"target\":{\"@type\":\"EntryPoint\",\"urlTemplate\":\"https:\\\/\\\/www.feyalegria.org\\\/brasil\\\/?s={search_term_string}\"},\"query-input\":{\"@type\":\"PropertyValueSpecification\",\"valueRequired\":true,\"valueName\":\"search_term_string\"}}],\"inLanguage\":\"es-CO\"}]}<\/script>\n<!-- \/ Yoast SEO plugin. -->","yoast_head_json":{"title":"Programa de Acolhimento Institucional Viva a Vida - #SomosF\u00e9eAlegria en Brasil","robots":{"index":"index","follow":"follow","max-snippet":"max-snippet:-1","max-image-preview":"max-image-preview:large","max-video-preview":"max-video-preview:-1"},"canonical":"https:\/\/www.feyalegria.org\/brasil\/vitoria\/","og_locale":"es_ES","og_type":"article","og_title":"Programa de Acolhimento Institucional Viva a Vida - #SomosF\u00e9eAlegria en Brasil","og_description":"[vc_row css=&#8221;.vc_custom_1610136019840{padding-top: 30px !important;}&#8221;][vc_column width=&#8221;5\/6&#8243;][vc_column_text] Programa de Acolhimento Institucional Viva a Vida [\/vc_column_text][\/vc_column][vc_column width=&#8221;1\/6&#8243; css=&#8221;.vc_custom_1616259062307{margin-top: -80px !important;}&#8221; offset=&#8221;vc_hidden-md vc_hidden-sm vc_hidden-xs&#8221;][vc_single_image image=&#8221;2283&#8243; img_size=&#8221;150&#8243; alignment=&#8221;right&#8221; style=&#8221;vc_box_circle_2&#8243;][\/vc_column][\/vc_row][vc_row][vc_column width=&#8221;1\/3&#8243;][vc_single_image image=&#8221;25208&#8243; img_size=&#8221;300&#215;300&#8243; alignment=&#8221;center&#8221; style=&#8221;vc_box_circle_2&#8243;][\/vc_column][vc_column width=&#8221;2\/3&#8243;][vc_column_text] Hist\u00f3ria [\/vc_column_text][vc_empty_space height=&#8221;10px&#8221;][vc_column_text]Ao assumir o desafio de desenvolver servi\u00e7os de acolhimento institucional na cidade de Vit\u00f3ria (ES), a partir de 2002, a equipe local de","og_url":"https:\/\/www.feyalegria.org\/brasil\/vitoria\/","og_site_name":"#SomosF\u00e9eAlegria en Brasil","article_modified_time":"2022-09-09T00:46:33+00:00","twitter_card":"summary_large_image","twitter_misc":{"Tiempo de lectura":"5 minutos"},"schema":{"@context":"https:\/\/schema.org","@graph":[{"@type":"WebPage","@id":"https:\/\/www.feyalegria.org\/brasil\/vitoria\/","url":"https:\/\/www.feyalegria.org\/brasil\/vitoria\/","name":"Programa de Acolhimento Institucional Viva a Vida - #SomosF\u00e9eAlegria en Brasil","isPartOf":{"@id":"https:\/\/www.feyalegria.org\/brasil\/#website"},"datePublished":"2021-10-22T22:04:57+00:00","dateModified":"2022-09-09T00:46:33+00:00","inLanguage":"es-CO","potentialAction":[{"@type":"ReadAction","target":["https:\/\/www.feyalegria.org\/brasil\/vitoria\/"]}]},{"@type":"WebSite","@id":"https:\/\/www.feyalegria.org\/brasil\/#website","url":"https:\/\/www.feyalegria.org\/brasil\/","name":"#SomosF\u00e9eAlegria en Brasil","description":"","potentialAction":[{"@type":"SearchAction","target":{"@type":"EntryPoint","urlTemplate":"https:\/\/www.feyalegria.org\/brasil\/?s={search_term_string}"},"query-input":{"@type":"PropertyValueSpecification","valueRequired":true,"valueName":"search_term_string"}}],"inLanguage":"es-CO"}]}},"_links":{"self":[{"href":"https:\/\/www.feyalegria.org\/brasil\/wp-json\/wp\/v2\/pages\/24999","targetHints":{"allow":["GET"]}}],"collection":[{"href":"https:\/\/www.feyalegria.org\/brasil\/wp-json\/wp\/v2\/pages"}],"about":[{"href":"https:\/\/www.feyalegria.org\/brasil\/wp-json\/wp\/v2\/types\/page"}],"author":[{"embeddable":true,"href":"https:\/\/www.feyalegria.org\/brasil\/wp-json\/wp\/v2\/users\/2"}],"replies":[{"embeddable":true,"href":"https:\/\/www.feyalegria.org\/brasil\/wp-json\/wp\/v2\/comments?post=24999"}],"version-history":[{"count":0,"href":"https:\/\/www.feyalegria.org\/brasil\/wp-json\/wp\/v2\/pages\/24999\/revisions"}],"wp:attachment":[{"href":"https:\/\/www.feyalegria.org\/brasil\/wp-json\/wp\/v2\/media?parent=24999"}],"wp:term":[{"taxonomy":"folder","embeddable":true,"href":"https:\/\/www.feyalegria.org\/brasil\/wp-json\/wp\/v2\/folder?post=24999"}],"curies":[{"name":"wp","href":"https:\/\/api.w.org\/{rel}","templated":true}]}}