 {"id":25002,"date":"2021-10-22T19:33:24","date_gmt":"2021-10-22T22:33:24","guid":{"rendered":"https:\/\/www.feyalegria.org\/brasil\/?page_id=25002"},"modified":"2022-09-08T21:44:40","modified_gmt":"2022-09-09T00:44:40","slug":"tocantinia","status":"publish","type":"page","link":"https:\/\/www.feyalegria.org\/brasil\/tocantinia\/","title":{"rendered":"F\u00e9 e Alegria Frei Antonio"},"content":{"rendered":"<div class=\"wpb-content-wrapper\"><p>[vc_row css=&#8221;.vc_custom_1610136019840{padding-top: 30px !important;}&#8221;][vc_column width=&#8221;5\/6&#8243;][vc_column_text]<\/p>\n<h1>F\u00e9 e Alegria Frei Antonio<\/h1>\n<p>[\/vc_column_text][\/vc_column][vc_column width=&#8221;1\/6&#8243; css=&#8221;.vc_custom_1616259062307{margin-top: -80px !important;}&#8221; offset=&#8221;vc_hidden-md vc_hidden-sm vc_hidden-xs&#8221;][vc_single_image image=&#8221;2283&#8243; img_size=&#8221;150&#8243; alignment=&#8221;right&#8221; style=&#8221;vc_box_circle_2&#8243;][\/vc_column][\/vc_row][vc_row][vc_column width=&#8221;1\/3&#8243;][vc_single_image image=&#8221;25194&#8243; img_size=&#8221;300&#215;300&#8243; alignment=&#8221;center&#8221; style=&#8221;vc_box_circle_2&#8243;][\/vc_column][vc_column width=&#8221;2\/3&#8243;][vc_column_text]<\/p>\n<h3>Hist\u00f3ria<\/h3>\n<p>[\/vc_column_text][vc_empty_space height=&#8221;10px&#8221;][vc_column_text]Tocant\u00ednia\u00a0\u00e9 um munic\u00edpio\u00a0tocantinense\u00a0situado a cerca de 80 km da capital,\u00a0Palmas, onde\u00a0metade da popula\u00e7\u00e3o pertence \u00e0 etnia ind\u00edgena Xerente.\u00a0Foi o primeiro local no Pa\u00eds a tornar oficial o idioma\u00a0<em>Akw\u00e9\u00a0Xerente<\/em>\u00a0\u2013 al\u00e9m, \u00e9 claro, da l\u00edngua portuguesa \u2013 e, de acordo com informa\u00e7\u00f5es da Prefeitura Municipal, as reservas ind\u00edgenas da regi\u00e3o\u00a0abrangem\u00a0uma \u00e1rea de aproximadamente 180 mil hectares, nas quais vivem a comunidade Xerente.<\/p>\n<p>&nbsp;<\/p>\n<p>Localizado no munic\u00edpio desde 1957, o Col\u00e9gio Frei Ant\u00f4nio\u00a0apresentava s\u00e9rias dificuldades de manuten\u00e7\u00e3o no ano de 2001. Nessa ocasi\u00e3o, o arcebispo de Palmas, Dom Alberto Taveira,\u00a0apresentou a institui\u00e7\u00e3o para a Diretoria de F\u00e9 e Alegria em articula\u00e7\u00e3o com o p\u00e1roco local da \u00e9poca, Pe. Luiz Grilo, e decidiram manter viva a mem\u00f3ria dos fundadores da escola e de F\u00e9 e Alegria, Pe. Pereira Piagem e Pe. Jos\u00e9 Mar\u00eda V\u00e9laz, <em>SJ<\/em>, que tinham um sonho em comum: transformar uma comunidade a partir da educa\u00e7\u00e3o e da promo\u00e7\u00e3o social.<\/p>\n<p>&nbsp;<\/p>\n<p>Em fevereiro de 2002, foi assinado, oficialmente, o Termo de Conv\u00eanio entre a Secretaria Estadual de Educa\u00e7\u00e3o, a Associa\u00e7\u00e3o Comunit\u00e1ria do Col\u00e9gio Frei Ant\u00f4nio e a Funda\u00e7\u00e3o F\u00e9 e Alegria do Brasil. A partir dessa parceria, a escola passou a se chamar Centro Educacional F\u00e9 e Alegria Frei Ant\u00f4nio, mudou sua apar\u00eancia\u00a0e, principalmente,\u00a0sua filosofia. Depois de in\u00fameras forma\u00e7\u00f5es de educadores populares e r\u00e1pidas reformas no pr\u00e9dio antigo, iniciou-se a constru\u00e7\u00e3o de\u00a0novas instala\u00e7\u00f5es.\u00a0O novo espa\u00e7o\u00a0foi inaugurado em 2004 e oferecia Ensino Fundamental II, Ensino M\u00e9dio e Educa\u00e7\u00e3o de Jovens e Adultos (EJA).<\/p>\n<p>&nbsp;<\/p>\n<p>F\u00e9 e Alegria p\u00f4s em pr\u00e1tica a integra\u00e7\u00e3o de ind\u00edgenas e n\u00e3o ind\u00edgenas, fortalecendo os\u00a0v\u00ednculos. A pr\u00f3pria estrutura do pr\u00e9dio homenageou a comunidade ind\u00edgena, o que facilitou boas rela\u00e7\u00f5es com lideran\u00e7as\u00a0Xerentes. Essa propor\u00e7\u00e3o, inclusive, est\u00e1 refletida no corpo estudantil do Centro Educacional F\u00e9 e Alegria Frei Ant\u00f4nio.[\/vc_column_text][vc_empty_space height=&#8221;20px&#8221;][\/vc_column][\/vc_row][vc_row][vc_column css=&#8221;.vc_custom_1615128571603{background-color: #aa0f16 !important;border-radius: 20px !important;}&#8221;][vc_empty_space][vc_column_text css=&#8221;.vc_custom_1636580207217{background-color: #aa0f16 !important;}&#8221;]<\/p>\n<h3 style=\"text-align: center\"><span style=\"color: #ffffff\"><strong>Atendimento<\/strong><\/span><\/h3>\n<p>[\/vc_column_text][vc_empty_space][vc_column_text css=&#8221;.vc_custom_1662684549496{background-color: #aa0f16 !important;}&#8221;]<\/p>\n<h3 style=\"text-align: center\"><span style=\"color: #ffffff\">339 crian\u00e7as e adolescentes, entre 10 e 17 anos<\/span><\/h3>\n<p>[\/vc_column_text][vc_empty_space][\/vc_column][\/vc_row][vc_row][vc_column][vc_empty_space height=&#8221;60px&#8221;][vc_column_text]<\/p>\n<h3><strong>Projetos desenvolvidos<\/strong><\/h3>\n<p>[\/vc_column_text][vc_empty_space height=&#8221;10px&#8221;][vc_column_text]<\/p>\n<h4><span style=\"color: #727176\"><strong>Parcerias com Secretaria de Educa\u00e7\u00e3o: 339<\/strong><\/span><\/h4>\n<p>&nbsp;<\/p>\n<h4><span style=\"color: #727176\"><strong>Meninas e Meninos Livres: 151<\/strong><\/span><\/h4>\n<p>[\/vc_column_text][vc_column_text]As parcerias com as Secretarias de Educa\u00e7\u00e3o locais promovem projetos educacionais com atividades complementares, oferecidos no contraturno escolar, para garantir o acesso ao ensino de qualidade \u2013 direito fundamental previsto na Constitui\u00e7\u00e3o.<\/p>\n<p>&nbsp;<\/p>\n<p>O Projeto Meninas e Meninos Livres \u00e9 uma das a\u00e7\u00f5es realizadas em conjunto com escolas p\u00fablicas regionais, cujo objetivo \u00e9 promover o pensamento cr\u00edtico e a equidade de g\u00eanero e fornecer um espa\u00e7o de escuta e forma\u00e7\u00e3o para jovens e adolescentes. Al\u00e9m disso, a iniciativa introduz debates referentes \u00e0 igualdade de g\u00eanero e reflete sobre os mais diversos tipos de viol\u00eancia contra a mulher, com o prop\u00f3sito de conscientizar e despertar mudan\u00e7as na sociedade local.<\/p>\n<p>[\/vc_column_text][\/vc_column][\/vc_row][vc_row][vc_column][vc_empty_space][vc_column_text]<\/p>\n<h3><strong>Galeria<\/strong><\/h3>\n<p>[\/vc_column_text][vc_empty_space height=&#8221;10px&#8221;][\/vc_column][\/vc_row][vc_row][vc_column width=&#8221;1\/3&#8243;][vc_images_carousel images=&#8221;25196,25197,25198,25199&#8243; img_size=&#8221;medium&#8221; speed=&#8221;4000&#8243; autoplay=&#8221;yes&#8221; hide_pagination_control=&#8221;yes&#8221; hide_prev_next_buttons=&#8221;yes&#8221; wrap=&#8221;yes&#8221; css_animation=&#8221;fadeIn&#8221;][\/vc_column][vc_column width=&#8221;1\/3&#8243;][vc_images_carousel images=&#8221;25200,25201,25202,25203&#8243; img_size=&#8221;medium&#8221; speed=&#8221;4000&#8243; autoplay=&#8221;yes&#8221; hide_pagination_control=&#8221;yes&#8221; hide_prev_next_buttons=&#8221;yes&#8221; wrap=&#8221;yes&#8221; css_animation=&#8221;fadeIn&#8221;][\/vc_column][vc_column width=&#8221;1\/3&#8243;][vc_images_carousel images=&#8221;25204,25205,25206&#8243; img_size=&#8221;medium&#8221; speed=&#8221;4000&#8243; autoplay=&#8221;yes&#8221; hide_pagination_control=&#8221;yes&#8221; hide_prev_next_buttons=&#8221;yes&#8221; wrap=&#8221;yes&#8221; css_animation=&#8221;fadeIn&#8221;][\/vc_column][\/vc_row][vc_row css=&#8221;.vc_custom_1600382950718{margin-top: -25px !important;}&#8221;][vc_column offset=&#8221;vc_hidden-md vc_hidden-sm vc_hidden-xs&#8221;][vc_empty_space][vc_column_text]<\/p>\n<h3><strong>Contato<\/strong><\/h3>\n<p>[\/vc_column_text][vc_column_text css=&#8221;.vc_custom_1662684524038{padding-top: 20px !important;padding-bottom: 20px !important;background-color: #e4e4e4 !important;border-radius: 20px !important;}&#8221;]<\/p>\n<p style=\"padding-left: 40px\">Rua Teodomiro Carneiro, 50<\/p>\n<p style=\"padding-left: 40px\">Centro |\u00a0Tocant\u00ednia\/TO<\/p>\n<p style=\"padding-left: 40px\">CEP: 77640-000<\/p>\n<p style=\"padding-left: 40px\">+55 63 3367 1322<\/p>\n<p style=\"padding-left: 40px\"><span style=\"color: #000080\"><a style=\"color: #000080\" href=\"mailto:contato.tocantinia@fealegria.org.br\">contato.tocantinia@fealegria.org.br<\/a><\/span><\/p>\n<p>[\/vc_column_text][\/vc_column][\/vc_row][vc_row css=&#8221;.vc_custom_1600382950718{margin-top: -25px !important;}&#8221;][vc_column offset=&#8221;vc_hidden-lg&#8221;][vc_empty_space][vc_column_text]<\/p>\n<h3><strong>Contato<\/strong><\/h3>\n<p>[\/vc_column_text][vc_column_text css=&#8221;.vc_custom_1637197683732{padding-top: 20px !important;padding-bottom: 20px !important;background-color: #e4e4e4 !important;border-radius: 20px !important;}&#8221;]<\/p>\n<p style=\"padding-left: 40px\">Rua Teodomiro Carneiro, 50<\/p>\n<p style=\"padding-left: 40px\">Centro |\u00a0Tocant\u00ednia\/TO<\/p>\n<p style=\"padding-left: 40px\">CEP: 77640-000<\/p>\n<p style=\"padding-left: 40px\">+55 63 3367 1322<\/p>\n<p>[\/vc_column_text][\/vc_column][\/vc_row][vc_row][vc_column][vc_empty_space height=&#8221;50px&#8221;][\/vc_column][\/vc_row]<\/p>\n<\/div>","protected":false},"excerpt":{"rendered":"<p>[vc_row css=&#8221;.vc_custom_1610136019840{padding-top: 30px !important;}&#8221;][vc_column width=&#8221;5\/6&#8243;][vc_column_text] F\u00e9 e Alegria Frei Antonio [\/vc_column_text][\/vc_column][vc_column width=&#8221;1\/6&#8243; css=&#8221;.vc_custom_1616259062307{margin-top: -80px !important;}&#8221; offset=&#8221;vc_hidden-md vc_hidden-sm vc_hidden-xs&#8221;][vc_single_image image=&#8221;2283&#8243; img_size=&#8221;150&#8243; alignment=&#8221;right&#8221; style=&#8221;vc_box_circle_2&#8243;][\/vc_column][\/vc_row][vc_row][vc_column width=&#8221;1\/3&#8243;][vc_single_image image=&#8221;25194&#8243; img_size=&#8221;300&#215;300&#8243; alignment=&#8221;center&#8221; style=&#8221;vc_box_circle_2&#8243;][\/vc_column][vc_column width=&#8221;2\/3&#8243;][vc_column_text] Hist\u00f3ria [\/vc_column_text][vc_empty_space height=&#8221;10px&#8221;][vc_column_text]Tocant\u00ednia\u00a0\u00e9 um munic\u00edpio\u00a0tocantinense\u00a0situado a cerca de 80 km da capital,\u00a0Palmas, onde\u00a0metade da popula\u00e7\u00e3o pertence \u00e0 etnia ind\u00edgena Xerente.\u00a0Foi o primeiro local no Pa\u00eds a tornar<\/p>\n","protected":false},"author":2,"featured_media":0,"parent":0,"menu_order":0,"comment_status":"closed","ping_status":"closed","template":"","meta":{"_acf_changed":false,"footnotes":""},"folder":[],"class_list":["post-25002","page","type-page","status-publish","hentry"],"acf":[],"yoast_head":"<!-- This site is optimized with the Yoast SEO plugin v27.5 - https:\/\/yoast.com\/product\/yoast-seo-wordpress\/ -->\n<title>F\u00e9 e Alegria Frei Antonio - #SomosF\u00e9eAlegria en Brasil<\/title>\n<meta name=\"robots\" content=\"index, follow, max-snippet:-1, max-image-preview:large, max-video-preview:-1\" \/>\n<link rel=\"canonical\" href=\"https:\/\/www.feyalegria.org\/brasil\/tocantinia\/\" \/>\n<meta property=\"og:locale\" content=\"es_ES\" \/>\n<meta property=\"og:type\" content=\"article\" \/>\n<meta property=\"og:title\" content=\"F\u00e9 e Alegria Frei Antonio - #SomosF\u00e9eAlegria en Brasil\" \/>\n<meta property=\"og:description\" content=\"[vc_row css=&#8221;.vc_custom_1610136019840{padding-top: 30px !important;}&#8221;][vc_column width=&#8221;5\/6&#8243;][vc_column_text] F\u00e9 e Alegria Frei Antonio [\/vc_column_text][\/vc_column][vc_column width=&#8221;1\/6&#8243; css=&#8221;.vc_custom_1616259062307{margin-top: -80px !important;}&#8221; offset=&#8221;vc_hidden-md vc_hidden-sm vc_hidden-xs&#8221;][vc_single_image image=&#8221;2283&#8243; img_size=&#8221;150&#8243; alignment=&#8221;right&#8221; style=&#8221;vc_box_circle_2&#8243;][\/vc_column][\/vc_row][vc_row][vc_column width=&#8221;1\/3&#8243;][vc_single_image image=&#8221;25194&#8243; img_size=&#8221;300&#215;300&#8243; alignment=&#8221;center&#8221; style=&#8221;vc_box_circle_2&#8243;][\/vc_column][vc_column width=&#8221;2\/3&#8243;][vc_column_text] Hist\u00f3ria [\/vc_column_text][vc_empty_space height=&#8221;10px&#8221;][vc_column_text]Tocant\u00ednia\u00a0\u00e9 um munic\u00edpio\u00a0tocantinense\u00a0situado a cerca de 80 km da capital,\u00a0Palmas, onde\u00a0metade da popula\u00e7\u00e3o pertence \u00e0 etnia ind\u00edgena Xerente.\u00a0Foi o primeiro local no Pa\u00eds a tornar\" \/>\n<meta property=\"og:url\" content=\"https:\/\/www.feyalegria.org\/brasil\/tocantinia\/\" \/>\n<meta property=\"og:site_name\" content=\"#SomosF\u00e9eAlegria en Brasil\" \/>\n<meta property=\"article:modified_time\" content=\"2022-09-09T00:44:40+00:00\" \/>\n<meta name=\"twitter:card\" content=\"summary_large_image\" \/>\n<meta name=\"twitter:label1\" content=\"Tiempo de lectura\" \/>\n\t<meta name=\"twitter:data1\" content=\"5 minutos\" \/>\n<script type=\"application\/ld+json\" class=\"yoast-schema-graph\">{\"@context\":\"https:\\\/\\\/schema.org\",\"@graph\":[{\"@type\":\"WebPage\",\"@id\":\"https:\\\/\\\/www.feyalegria.org\\\/brasil\\\/tocantinia\\\/\",\"url\":\"https:\\\/\\\/www.feyalegria.org\\\/brasil\\\/tocantinia\\\/\",\"name\":\"F\u00e9 e Alegria Frei Antonio - #SomosF\u00e9eAlegria en Brasil\",\"isPartOf\":{\"@id\":\"https:\\\/\\\/www.feyalegria.org\\\/brasil\\\/#website\"},\"datePublished\":\"2021-10-22T22:33:24+00:00\",\"dateModified\":\"2022-09-09T00:44:40+00:00\",\"inLanguage\":\"es-CO\",\"potentialAction\":[{\"@type\":\"ReadAction\",\"target\":[\"https:\\\/\\\/www.feyalegria.org\\\/brasil\\\/tocantinia\\\/\"]}]},{\"@type\":\"WebSite\",\"@id\":\"https:\\\/\\\/www.feyalegria.org\\\/brasil\\\/#website\",\"url\":\"https:\\\/\\\/www.feyalegria.org\\\/brasil\\\/\",\"name\":\"#SomosF\u00e9eAlegria en Brasil\",\"description\":\"\",\"potentialAction\":[{\"@type\":\"SearchAction\",\"target\":{\"@type\":\"EntryPoint\",\"urlTemplate\":\"https:\\\/\\\/www.feyalegria.org\\\/brasil\\\/?s={search_term_string}\"},\"query-input\":{\"@type\":\"PropertyValueSpecification\",\"valueRequired\":true,\"valueName\":\"search_term_string\"}}],\"inLanguage\":\"es-CO\"}]}<\/script>\n<!-- \/ Yoast SEO plugin. -->","yoast_head_json":{"title":"F\u00e9 e Alegria Frei Antonio - #SomosF\u00e9eAlegria en Brasil","robots":{"index":"index","follow":"follow","max-snippet":"max-snippet:-1","max-image-preview":"max-image-preview:large","max-video-preview":"max-video-preview:-1"},"canonical":"https:\/\/www.feyalegria.org\/brasil\/tocantinia\/","og_locale":"es_ES","og_type":"article","og_title":"F\u00e9 e Alegria Frei Antonio - #SomosF\u00e9eAlegria en Brasil","og_description":"[vc_row css=&#8221;.vc_custom_1610136019840{padding-top: 30px !important;}&#8221;][vc_column width=&#8221;5\/6&#8243;][vc_column_text] F\u00e9 e Alegria Frei Antonio [\/vc_column_text][\/vc_column][vc_column width=&#8221;1\/6&#8243; css=&#8221;.vc_custom_1616259062307{margin-top: -80px !important;}&#8221; offset=&#8221;vc_hidden-md vc_hidden-sm vc_hidden-xs&#8221;][vc_single_image image=&#8221;2283&#8243; img_size=&#8221;150&#8243; alignment=&#8221;right&#8221; style=&#8221;vc_box_circle_2&#8243;][\/vc_column][\/vc_row][vc_row][vc_column width=&#8221;1\/3&#8243;][vc_single_image image=&#8221;25194&#8243; img_size=&#8221;300&#215;300&#8243; alignment=&#8221;center&#8221; style=&#8221;vc_box_circle_2&#8243;][\/vc_column][vc_column width=&#8221;2\/3&#8243;][vc_column_text] Hist\u00f3ria [\/vc_column_text][vc_empty_space height=&#8221;10px&#8221;][vc_column_text]Tocant\u00ednia\u00a0\u00e9 um munic\u00edpio\u00a0tocantinense\u00a0situado a cerca de 80 km da capital,\u00a0Palmas, onde\u00a0metade da popula\u00e7\u00e3o pertence \u00e0 etnia ind\u00edgena Xerente.\u00a0Foi o primeiro local no Pa\u00eds a tornar","og_url":"https:\/\/www.feyalegria.org\/brasil\/tocantinia\/","og_site_name":"#SomosF\u00e9eAlegria en Brasil","article_modified_time":"2022-09-09T00:44:40+00:00","twitter_card":"summary_large_image","twitter_misc":{"Tiempo de lectura":"5 minutos"},"schema":{"@context":"https:\/\/schema.org","@graph":[{"@type":"WebPage","@id":"https:\/\/www.feyalegria.org\/brasil\/tocantinia\/","url":"https:\/\/www.feyalegria.org\/brasil\/tocantinia\/","name":"F\u00e9 e Alegria Frei Antonio - #SomosF\u00e9eAlegria en Brasil","isPartOf":{"@id":"https:\/\/www.feyalegria.org\/brasil\/#website"},"datePublished":"2021-10-22T22:33:24+00:00","dateModified":"2022-09-09T00:44:40+00:00","inLanguage":"es-CO","potentialAction":[{"@type":"ReadAction","target":["https:\/\/www.feyalegria.org\/brasil\/tocantinia\/"]}]},{"@type":"WebSite","@id":"https:\/\/www.feyalegria.org\/brasil\/#website","url":"https:\/\/www.feyalegria.org\/brasil\/","name":"#SomosF\u00e9eAlegria en Brasil","description":"","potentialAction":[{"@type":"SearchAction","target":{"@type":"EntryPoint","urlTemplate":"https:\/\/www.feyalegria.org\/brasil\/?s={search_term_string}"},"query-input":{"@type":"PropertyValueSpecification","valueRequired":true,"valueName":"search_term_string"}}],"inLanguage":"es-CO"}]}},"_links":{"self":[{"href":"https:\/\/www.feyalegria.org\/brasil\/wp-json\/wp\/v2\/pages\/25002","targetHints":{"allow":["GET"]}}],"collection":[{"href":"https:\/\/www.feyalegria.org\/brasil\/wp-json\/wp\/v2\/pages"}],"about":[{"href":"https:\/\/www.feyalegria.org\/brasil\/wp-json\/wp\/v2\/types\/page"}],"author":[{"embeddable":true,"href":"https:\/\/www.feyalegria.org\/brasil\/wp-json\/wp\/v2\/users\/2"}],"replies":[{"embeddable":true,"href":"https:\/\/www.feyalegria.org\/brasil\/wp-json\/wp\/v2\/comments?post=25002"}],"version-history":[{"count":0,"href":"https:\/\/www.feyalegria.org\/brasil\/wp-json\/wp\/v2\/pages\/25002\/revisions"}],"wp:attachment":[{"href":"https:\/\/www.feyalegria.org\/brasil\/wp-json\/wp\/v2\/media?parent=25002"}],"wp:term":[{"taxonomy":"folder","embeddable":true,"href":"https:\/\/www.feyalegria.org\/brasil\/wp-json\/wp\/v2\/folder?post=25002"}],"curies":[{"name":"wp","href":"https:\/\/api.w.org\/{rel}","templated":true}]}}