 {"id":25234,"date":"2021-10-27T20:11:51","date_gmt":"2021-10-27T23:11:51","guid":{"rendered":"https:\/\/www.feyalegria.org\/brasil\/?page_id=25234"},"modified":"2026-04-06T15:59:14","modified_gmt":"2026-04-06T18:59:14","slug":"ceipalmital","status":"publish","type":"page","link":"https:\/\/www.feyalegria.org\/brasil\/ceipalmital\/","title":{"rendered":"Centro de Educa\u00e7\u00e3o Infantil Palmital"},"content":{"rendered":"<div class=\"wpb-content-wrapper\"><p>[vc_row css=&#8221;.vc_custom_1610136019840{padding-top: 30px !important;}&#8221;][vc_column width=&#8221;5\/6&#8243;][vc_column_text]<\/p>\n<h1>Centro de Educa\u00e7\u00e3o Infantil Palmital<\/h1>\n<p>[\/vc_column_text][\/vc_column][vc_column width=&#8221;1\/6&#8243; css=&#8221;.vc_custom_1616259062307{margin-top: -80px !important;}&#8221; offset=&#8221;vc_hidden-md vc_hidden-sm vc_hidden-xs&#8221;][vc_single_image image=&#8221;2283&#8243; img_size=&#8221;150&#8243; alignment=&#8221;right&#8221; style=&#8221;vc_box_circle_2&#8243;][\/vc_column][\/vc_row][vc_row][vc_column width=&#8221;1\/3&#8243;][vc_single_image image=&#8221;25363&#8243; img_size=&#8221;300&#215;300&#8243; alignment=&#8221;center&#8221; style=&#8221;vc_box_circle_2&#8243;][\/vc_column][vc_column width=&#8221;2\/3&#8243;][vc_column_text]<\/p>\n<h3>Hist\u00f3ria<\/h3>\n<p>[\/vc_column_text][vc_empty_space height=&#8221;10px&#8221;][vc_column_text]No in\u00edcio de 2006, o projeto Caf\u00e9, que atendia crian\u00e7as e adolescentes, o projeto Novo Mil\u00eanio, que oferecia refor\u00e7o escolar a crian\u00e7as, e a Creche Comunit\u00e1ria eram servi\u00e7os essenciais para a popula\u00e7\u00e3o em situa\u00e7\u00e3o vulner\u00e1vel em Santa Luzia (MG). At\u00e9 ent\u00e3o, os projetos estavam localizados em espa\u00e7os doados, com atividades realizadas por volunt\u00e1rios e com poucos recursos econ\u00f4micos \u00e0 disposi\u00e7\u00e3o. Diante dessa situa\u00e7\u00e3o, a Funda\u00e7\u00e3o F\u00e9 e Alegria assumiu as tr\u00eas institui\u00e7\u00f5es em locais cedidos pela par\u00f3quia Sant\u00edssima Trindade, pela igreja Nossa Senhora da Penha e pela pr\u00f3pria Creche comunit\u00e1ria, dando in\u00edcio ao Centro de Educa\u00e7\u00e3o Infantil Nova Conquista e ao Centro de Social de Educa\u00e7\u00e3o e Cultura Nova Conquista.<\/p>\n<p>&nbsp;<\/p>\n<p>O p\u00fablico atendido pelas unidades de F\u00e9 e Alegria em Santa Luzia s\u00e3o fam\u00edlias que apresentam situa\u00e7\u00f5es de grande risco social, baixa renda e conv\u00edvio com ambientes de marginaliza\u00e7\u00e3o. O munic\u00edpio, por sua vez, apresenta diversos problemas urbanos, como saneamento b\u00e1sico prec\u00e1rio, al\u00e9m de precariedade no acesso a sistemas de sa\u00fade, educa\u00e7\u00e3o, seguran\u00e7a p\u00fablica, cultura e lazer.<\/p>\n<p>&nbsp;<\/p>\n<p>Em 2019, as irm\u00e3s Madre Paula, propriet\u00e1rias da Creche Tia Lita, localizada no bairro setor 7 do Palmital A, cederam o pr\u00e9dio para a Funda\u00e7\u00e3o F\u00e9 e Alegria triplicando a capacidade de crian\u00e7as atendidas e, assim, a unidade passou a ser chamada de Centro de Educa\u00e7\u00e3o Infantil Palmital.[\/vc_column_text][vc_empty_space height=&#8221;20px&#8221;][\/vc_column][\/vc_row][vc_row][vc_column css=&#8221;.vc_custom_1615128571603{background-color: #aa0f16 !important;border-radius: 20px !important;}&#8221;][vc_empty_space][vc_column_text css=&#8221;.vc_custom_1636581271788{background-color: #aa0f16 !important;}&#8221;]<\/p>\n<h3 style=\"text-align: center;\"><span style=\"color: #ffffff;\"><strong>Atendimento<\/strong><\/span><\/h3>\n<p>[\/vc_column_text][vc_empty_space][vc_column_text css=&#8221;.vc_custom_1662681237727{background-color: #aa0f16 !important;}&#8221;]<\/p>\n<h3 style=\"text-align: center;\"><span style=\"color: #ffffff;\">201 crian\u00e7as, com idades entre 1 e 5 anos e 11 meses<\/span><\/h3>\n<p>[\/vc_column_text][vc_empty_space][\/vc_column][\/vc_row][vc_row][vc_column][vc_empty_space height=&#8221;60px&#8221;][vc_column_text]<\/p>\n<h3><strong>Projetos desenvolvidos<\/strong><\/h3>\n<p>[\/vc_column_text][vc_empty_space height=&#8221;10px&#8221;][vc_column_text]<\/p>\n<h4><span style=\"color: #727176;\"><strong>Educa\u00e7\u00e3o Infantil: 201<\/strong><\/span><\/h4>\n<p>[\/vc_column_text][vc_column_text css=&#8221;&#8221;]Considerada a primeira etapa da educa\u00e7\u00e3o b\u00e1sica, a Educa\u00e7\u00e3o Infantil atende crian\u00e7as de 0 a 5 anos e 11 meses. Sua finalidade \u00e9 o desenvolvimento integral da crian\u00e7a em seus aspectos f\u00edsico, psicol\u00f3gico, intelectual e social, complementando a a\u00e7\u00e3o da fam\u00edlia e da comunidade (Lei de Diretrizes e Bases da Educa\u00e7\u00e3o Nacional\/1996).[\/vc_column_text][\/vc_column][\/vc_row][vc_row][vc_column][vc_empty_space][vc_column_text]<\/p>\n<h3><strong>Galeria<\/strong><\/h3>\n<p>[\/vc_column_text][vc_empty_space height=&#8221;10px&#8221;][\/vc_column][\/vc_row][vc_row][vc_column width=&#8221;1\/3&#8243;][vc_images_carousel images=&#8221;25333,25334,25335,25336,25332,25337,25338,25339,25340,25341&#8243; img_size=&#8221;medium&#8221; speed=&#8221;4000&#8243; autoplay=&#8221;yes&#8221; hide_pagination_control=&#8221;yes&#8221; hide_prev_next_buttons=&#8221;yes&#8221; wrap=&#8221;yes&#8221; css_animation=&#8221;fadeIn&#8221;][\/vc_column][vc_column width=&#8221;1\/3&#8243;][vc_images_carousel images=&#8221;25344,25345,25346,25347,25348,25349,25350,25351,25352,25343&#8243; img_size=&#8221;medium&#8221; speed=&#8221;4000&#8243; autoplay=&#8221;yes&#8221; hide_pagination_control=&#8221;yes&#8221; hide_prev_next_buttons=&#8221;yes&#8221; wrap=&#8221;yes&#8221; css_animation=&#8221;fadeIn&#8221;][\/vc_column][vc_column width=&#8221;1\/3&#8243;][vc_images_carousel images=&#8221;25353,25354,25355,25356,25357,25358,25359,25360,25361&#8243; img_size=&#8221;medium&#8221; speed=&#8221;4000&#8243; autoplay=&#8221;yes&#8221; hide_pagination_control=&#8221;yes&#8221; hide_prev_next_buttons=&#8221;yes&#8221; wrap=&#8221;yes&#8221; css_animation=&#8221;fadeIn&#8221;][\/vc_column][\/vc_row][vc_row css=&#8221;.vc_custom_1600382950718{margin-top: -25px !important;}&#8221;][vc_column offset=&#8221;vc_hidden-md vc_hidden-sm vc_hidden-xs&#8221;][vc_empty_space][vc_column_text]<\/p>\n<h3><strong>Contato<\/strong><\/h3>\n<p>[\/vc_column_text][vc_column_text css=&#8221;.vc_custom_1775501987030{padding-top: 20px !important;padding-bottom: 20px !important;background-color: #e4e4e4 !important;border-radius: 20px !important;}&#8221;]<\/p>\n<p style=\"padding-left: 40px;\">Rua Teodomiro Alvarenga Climeres, 191<\/p>\n<p style=\"padding-left: 40px;\">Bairro Palmital A | Santa Luzia\/MG<\/p>\n<p style=\"padding-left: 40px;\">CEP: 33140-700<\/p>\n<p style=\"padding-left: 40px;\">+55 <span data-teams=\"true\">31 9 9562-5576<\/span><\/p>\n<p style=\"padding-left: 40px;\"><span data-teams=\"true\"><a id=\"menurh4n\" class=\"fui-Link ___1q1shib f2hkw1w f3rmtva f1ewtqcl fyind8e f1k6fduh f1w7gpdv fk6fouc fjoy568 figsok6 f1s184ao f1mk8lai fnbmjn9 f1o700av f13mvf36 f1cmlufx f9n3di6 f1ids18y f1tx3yz7 f1deo86v f1eh06m1 f1iescvh fhgqx19 f1olyrje f1p93eir f1nev41a f1h8hb77 f1lqvz6u f10aw75t fsle3fq f17ae5zn\" title=\"mailto:feealegriamaternal@gmail.com\" href=\"mailto:feealegriamaternal@gmail.com\" target=\"_blank\" rel=\"noreferrer noopener\" aria-label=\"Link feealegriamaternal@gmail.com\">feealegriamaternal@gmail.com<\/a><\/span><\/p>\n<p>[\/vc_column_text][\/vc_column][\/vc_row][vc_row css=&#8221;.vc_custom_1600382950718{margin-top: -25px !important;}&#8221;][vc_column offset=&#8221;vc_hidden-lg&#8221;][vc_empty_space][vc_column_text]<\/p>\n<h3><strong>Contato<\/strong><\/h3>\n<p>[\/vc_column_text][vc_column_text css=&#8221;.vc_custom_1637196425550{padding-top: 20px !important;padding-bottom: 20px !important;background-color: #e4e4e4 !important;border-radius: 20px !important;}&#8221;]<\/p>\n<p style=\"padding-left: 40px;\">Rua Teodomiro Alvarenga Climeres, 191<\/p>\n<p style=\"padding-left: 40px;\">Bairro Palmital A | Santa Luzia\/MG<\/p>\n<p style=\"padding-left: 40px;\">CEP: 33140-700<\/p>\n<p style=\"padding-left: 40px;\"><span style=\"color: #0000ff;\"><a style=\"color: #0000ff;\" href=\"mailto:contato.mg@fealegria.org.br\">contato.mg@fealegria.org.br<\/a><\/span><\/p>\n<p style=\"padding-left: 40px;\">+55 65 99600 8416<\/p>\n<p>[\/vc_column_text][\/vc_column][\/vc_row][vc_row][vc_column][vc_empty_space height=&#8221;50px&#8221;][\/vc_column][\/vc_row]<\/p>\n<\/div>","protected":false},"excerpt":{"rendered":"<p>[vc_row css=&#8221;.vc_custom_1610136019840{padding-top: 30px !important;}&#8221;][vc_column width=&#8221;5\/6&#8243;][vc_column_text] Centro de Educa\u00e7\u00e3o Infantil Palmital [\/vc_column_text][\/vc_column][vc_column width=&#8221;1\/6&#8243; css=&#8221;.vc_custom_1616259062307{margin-top: -80px !important;}&#8221; offset=&#8221;vc_hidden-md vc_hidden-sm vc_hidden-xs&#8221;][vc_single_image image=&#8221;2283&#8243; img_size=&#8221;150&#8243; alignment=&#8221;right&#8221; style=&#8221;vc_box_circle_2&#8243;][\/vc_column][\/vc_row][vc_row][vc_column width=&#8221;1\/3&#8243;][vc_single_image image=&#8221;25363&#8243; img_size=&#8221;300&#215;300&#8243; alignment=&#8221;center&#8221; style=&#8221;vc_box_circle_2&#8243;][\/vc_column][vc_column width=&#8221;2\/3&#8243;][vc_column_text] Hist\u00f3ria [\/vc_column_text][vc_empty_space height=&#8221;10px&#8221;][vc_column_text]No in\u00edcio de 2006, o projeto Caf\u00e9, que atendia crian\u00e7as e adolescentes, o projeto Novo Mil\u00eanio, que oferecia refor\u00e7o escolar a crian\u00e7as, e a Creche<\/p>\n","protected":false},"author":2,"featured_media":0,"parent":0,"menu_order":0,"comment_status":"closed","ping_status":"closed","template":"","meta":{"_acf_changed":false,"footnotes":""},"folder":[],"class_list":["post-25234","page","type-page","status-publish","hentry"],"acf":[],"yoast_head":"<!-- This site is optimized with the Yoast SEO plugin v27.5 - https:\/\/yoast.com\/product\/yoast-seo-wordpress\/ -->\n<title>Centro de Educa\u00e7\u00e3o Infantil Palmital - #SomosF\u00e9eAlegria en Brasil<\/title>\n<meta name=\"robots\" content=\"index, follow, max-snippet:-1, max-image-preview:large, max-video-preview:-1\" \/>\n<link rel=\"canonical\" href=\"https:\/\/www.feyalegria.org\/brasil\/ceipalmital\/\" \/>\n<meta property=\"og:locale\" content=\"es_ES\" \/>\n<meta property=\"og:type\" content=\"article\" \/>\n<meta property=\"og:title\" content=\"Centro de Educa\u00e7\u00e3o Infantil Palmital - #SomosF\u00e9eAlegria en Brasil\" \/>\n<meta property=\"og:description\" content=\"[vc_row css=&#8221;.vc_custom_1610136019840{padding-top: 30px !important;}&#8221;][vc_column width=&#8221;5\/6&#8243;][vc_column_text] Centro de Educa\u00e7\u00e3o Infantil Palmital [\/vc_column_text][\/vc_column][vc_column width=&#8221;1\/6&#8243; css=&#8221;.vc_custom_1616259062307{margin-top: -80px !important;}&#8221; offset=&#8221;vc_hidden-md vc_hidden-sm vc_hidden-xs&#8221;][vc_single_image image=&#8221;2283&#8243; img_size=&#8221;150&#8243; alignment=&#8221;right&#8221; style=&#8221;vc_box_circle_2&#8243;][\/vc_column][\/vc_row][vc_row][vc_column width=&#8221;1\/3&#8243;][vc_single_image image=&#8221;25363&#8243; img_size=&#8221;300&#215;300&#8243; alignment=&#8221;center&#8221; style=&#8221;vc_box_circle_2&#8243;][\/vc_column][vc_column width=&#8221;2\/3&#8243;][vc_column_text] Hist\u00f3ria [\/vc_column_text][vc_empty_space height=&#8221;10px&#8221;][vc_column_text]No in\u00edcio de 2006, o projeto Caf\u00e9, que atendia crian\u00e7as e adolescentes, o projeto Novo Mil\u00eanio, que oferecia refor\u00e7o escolar a crian\u00e7as, e a Creche\" \/>\n<meta property=\"og:url\" content=\"https:\/\/www.feyalegria.org\/brasil\/ceipalmital\/\" \/>\n<meta property=\"og:site_name\" content=\"#SomosF\u00e9eAlegria en Brasil\" \/>\n<meta property=\"article:modified_time\" content=\"2026-04-06T18:59:14+00:00\" \/>\n<meta name=\"twitter:card\" content=\"summary_large_image\" \/>\n<meta name=\"twitter:label1\" content=\"Tiempo de lectura\" \/>\n\t<meta name=\"twitter:data1\" content=\"9 minutos\" \/>\n<script type=\"application\/ld+json\" class=\"yoast-schema-graph\">{\"@context\":\"https:\\\/\\\/schema.org\",\"@graph\":[{\"@type\":\"WebPage\",\"@id\":\"https:\\\/\\\/www.feyalegria.org\\\/brasil\\\/ceipalmital\\\/\",\"url\":\"https:\\\/\\\/www.feyalegria.org\\\/brasil\\\/ceipalmital\\\/\",\"name\":\"Centro de Educa\u00e7\u00e3o Infantil Palmital - #SomosF\u00e9eAlegria en Brasil\",\"isPartOf\":{\"@id\":\"https:\\\/\\\/www.feyalegria.org\\\/brasil\\\/#website\"},\"datePublished\":\"2021-10-27T23:11:51+00:00\",\"dateModified\":\"2026-04-06T18:59:14+00:00\",\"inLanguage\":\"es-CO\",\"potentialAction\":[{\"@type\":\"ReadAction\",\"target\":[\"https:\\\/\\\/www.feyalegria.org\\\/brasil\\\/ceipalmital\\\/\"]}]},{\"@type\":\"WebSite\",\"@id\":\"https:\\\/\\\/www.feyalegria.org\\\/brasil\\\/#website\",\"url\":\"https:\\\/\\\/www.feyalegria.org\\\/brasil\\\/\",\"name\":\"#SomosF\u00e9eAlegria en Brasil\",\"description\":\"\",\"potentialAction\":[{\"@type\":\"SearchAction\",\"target\":{\"@type\":\"EntryPoint\",\"urlTemplate\":\"https:\\\/\\\/www.feyalegria.org\\\/brasil\\\/?s={search_term_string}\"},\"query-input\":{\"@type\":\"PropertyValueSpecification\",\"valueRequired\":true,\"valueName\":\"search_term_string\"}}],\"inLanguage\":\"es-CO\"}]}<\/script>\n<!-- \/ Yoast SEO plugin. -->","yoast_head_json":{"title":"Centro de Educa\u00e7\u00e3o Infantil Palmital - #SomosF\u00e9eAlegria en Brasil","robots":{"index":"index","follow":"follow","max-snippet":"max-snippet:-1","max-image-preview":"max-image-preview:large","max-video-preview":"max-video-preview:-1"},"canonical":"https:\/\/www.feyalegria.org\/brasil\/ceipalmital\/","og_locale":"es_ES","og_type":"article","og_title":"Centro de Educa\u00e7\u00e3o Infantil Palmital - #SomosF\u00e9eAlegria en Brasil","og_description":"[vc_row css=&#8221;.vc_custom_1610136019840{padding-top: 30px !important;}&#8221;][vc_column width=&#8221;5\/6&#8243;][vc_column_text] Centro de Educa\u00e7\u00e3o Infantil Palmital [\/vc_column_text][\/vc_column][vc_column width=&#8221;1\/6&#8243; css=&#8221;.vc_custom_1616259062307{margin-top: -80px !important;}&#8221; offset=&#8221;vc_hidden-md vc_hidden-sm vc_hidden-xs&#8221;][vc_single_image image=&#8221;2283&#8243; img_size=&#8221;150&#8243; alignment=&#8221;right&#8221; style=&#8221;vc_box_circle_2&#8243;][\/vc_column][\/vc_row][vc_row][vc_column width=&#8221;1\/3&#8243;][vc_single_image image=&#8221;25363&#8243; img_size=&#8221;300&#215;300&#8243; alignment=&#8221;center&#8221; style=&#8221;vc_box_circle_2&#8243;][\/vc_column][vc_column width=&#8221;2\/3&#8243;][vc_column_text] Hist\u00f3ria [\/vc_column_text][vc_empty_space height=&#8221;10px&#8221;][vc_column_text]No in\u00edcio de 2006, o projeto Caf\u00e9, que atendia crian\u00e7as e adolescentes, o projeto Novo Mil\u00eanio, que oferecia refor\u00e7o escolar a crian\u00e7as, e a Creche","og_url":"https:\/\/www.feyalegria.org\/brasil\/ceipalmital\/","og_site_name":"#SomosF\u00e9eAlegria en Brasil","article_modified_time":"2026-04-06T18:59:14+00:00","twitter_card":"summary_large_image","twitter_misc":{"Tiempo de lectura":"9 minutos"},"schema":{"@context":"https:\/\/schema.org","@graph":[{"@type":"WebPage","@id":"https:\/\/www.feyalegria.org\/brasil\/ceipalmital\/","url":"https:\/\/www.feyalegria.org\/brasil\/ceipalmital\/","name":"Centro de Educa\u00e7\u00e3o Infantil Palmital - #SomosF\u00e9eAlegria en Brasil","isPartOf":{"@id":"https:\/\/www.feyalegria.org\/brasil\/#website"},"datePublished":"2021-10-27T23:11:51+00:00","dateModified":"2026-04-06T18:59:14+00:00","inLanguage":"es-CO","potentialAction":[{"@type":"ReadAction","target":["https:\/\/www.feyalegria.org\/brasil\/ceipalmital\/"]}]},{"@type":"WebSite","@id":"https:\/\/www.feyalegria.org\/brasil\/#website","url":"https:\/\/www.feyalegria.org\/brasil\/","name":"#SomosF\u00e9eAlegria en Brasil","description":"","potentialAction":[{"@type":"SearchAction","target":{"@type":"EntryPoint","urlTemplate":"https:\/\/www.feyalegria.org\/brasil\/?s={search_term_string}"},"query-input":{"@type":"PropertyValueSpecification","valueRequired":true,"valueName":"search_term_string"}}],"inLanguage":"es-CO"}]}},"_links":{"self":[{"href":"https:\/\/www.feyalegria.org\/brasil\/wp-json\/wp\/v2\/pages\/25234","targetHints":{"allow":["GET"]}}],"collection":[{"href":"https:\/\/www.feyalegria.org\/brasil\/wp-json\/wp\/v2\/pages"}],"about":[{"href":"https:\/\/www.feyalegria.org\/brasil\/wp-json\/wp\/v2\/types\/page"}],"author":[{"embeddable":true,"href":"https:\/\/www.feyalegria.org\/brasil\/wp-json\/wp\/v2\/users\/2"}],"replies":[{"embeddable":true,"href":"https:\/\/www.feyalegria.org\/brasil\/wp-json\/wp\/v2\/comments?post=25234"}],"version-history":[{"count":1,"href":"https:\/\/www.feyalegria.org\/brasil\/wp-json\/wp\/v2\/pages\/25234\/revisions"}],"predecessor-version":[{"id":29981,"href":"https:\/\/www.feyalegria.org\/brasil\/wp-json\/wp\/v2\/pages\/25234\/revisions\/29981"}],"wp:attachment":[{"href":"https:\/\/www.feyalegria.org\/brasil\/wp-json\/wp\/v2\/media?parent=25234"}],"wp:term":[{"taxonomy":"folder","embeddable":true,"href":"https:\/\/www.feyalegria.org\/brasil\/wp-json\/wp\/v2\/folder?post=25234"}],"curies":[{"name":"wp","href":"https:\/\/api.w.org\/{rel}","templated":true}]}}