 {"id":26259,"date":"2022-07-11T23:55:08","date_gmt":"2022-07-12T02:55:08","guid":{"rendered":"https:\/\/www.feyalegria.org\/brasil\/?page_id=26259"},"modified":"2022-08-15T12:19:34","modified_gmt":"2022-08-15T15:19:34","slug":"efaj","status":"publish","type":"page","link":"https:\/\/www.feyalegria.org\/brasil\/efaj\/","title":{"rendered":"Escola Fam\u00edlia Agr\u00edcola de Jaboticaba"},"content":{"rendered":"<div class=\"wpb-content-wrapper\"><p>[vc_row css=&#8221;.vc_custom_1610136019840{padding-top: 30px !important;}&#8221;][vc_column width=&#8221;5\/6&#8243;][vc_column_text]<\/p>\n<h1>Escola Fam\u00edlia Agr\u00edcola de Jaboticaba<\/h1>\n<p>[\/vc_column_text][\/vc_column][vc_column width=&#8221;1\/6&#8243; css=&#8221;.vc_custom_1616259062307{margin-top: -80px !important;}&#8221; offset=&#8221;vc_hidden-md vc_hidden-sm vc_hidden-xs&#8221;][vc_single_image image=&#8221;2283&#8243; img_size=&#8221;150&#8243; alignment=&#8221;right&#8221; style=&#8221;vc_box_circle_2&#8243;][\/vc_column][\/vc_row][vc_row][vc_column width=&#8221;1\/3&#8243;][vc_single_image image=&#8221;26351&#8243; img_size=&#8221;300&#215;300&#8243; alignment=&#8221;center&#8221; style=&#8221;vc_box_circle_2&#8243;][\/vc_column][vc_column width=&#8221;2\/3&#8243;][vc_column_text]<\/p>\n<h3>Hist\u00f3ria<\/h3>\n<p>[\/vc_column_text][vc_empty_space height=&#8221;10px&#8221;][vc_column_text]A Escola Fam\u00edlia Agr\u00edcola de Jaboticaba (EFAJ), institui\u00e7\u00e3o de Educa\u00e7\u00e3o do Campo, foi fundada em 1993 pela Associa\u00e7\u00e3o de Pequenos Produtores de Jaboticaba (APPJ) em parceria com o padre jesu\u00edta Xavier Nichele, <em>SJ<\/em>, e interm\u00e9dio da Companhia de Jesus. Localizada em Quixabeira (BA), a 290 km de Salvador, a EFAJ nasceu com a premissa de formar jovens, filhos de pequenos produtores da Agricultura Familiar, de v\u00e1rios munic\u00edpios da regi\u00e3o.<\/p>\n<p>&nbsp;<\/p>\n<p>Em 2022, a Escola Fam\u00edlia Agr\u00edcola de Jaboticaba foi oficialmente integrada \u00e0 Funda\u00e7\u00e3o F\u00e9 e Alegria do Brasil. Com a vincula\u00e7\u00e3o, F\u00e9 e Alegria inicia uma trajet\u00f3ria de forma\u00e7\u00e3o integral por meio dessa metodologia para expandir seu portf\u00f3lio na \u00e1rea da Educa\u00e7\u00e3o. Desse modo, a Funda\u00e7\u00e3o segue com sua premissa de trazer mais autonomia aos educandos, valorizando seus saberes e trajet\u00f3rias de vida e possibilitando o desenvolvimento integral dos atendidos.[\/vc_column_text][vc_empty_space height=&#8221;20px&#8221;][\/vc_column][\/vc_row][vc_row][vc_column css=&#8221;.vc_custom_1615128571603{background-color: #aa0f16 !important;border-radius: 20px !important;}&#8221;][vc_empty_space][vc_column_text css=&#8221;.vc_custom_1636571592873{background-color: #aa0f16 !important;}&#8221;]<\/p>\n<h3 style=\"text-align: center\"><span style=\"color: #ffffff\"><strong>Atendimento<\/strong><\/span><\/h3>\n<p>[\/vc_column_text][vc_empty_space][vc_column_text css=&#8221;.vc_custom_1660576935412{background-color: #aa0f16 !important;}&#8221;]<\/p>\n<h6 style=\"text-align: center\"><span style=\"font-size: 14pt;color: #ffffff\">235 adolescentes das turmas dos 8\u00ba e 9\u00ba anos do Ensino Fundamental e dos 1\u00ba a 4\u00ba anos do Ensino M\u00e9dio.<\/span><\/h6>\n<p>[\/vc_column_text][vc_empty_space][\/vc_column][\/vc_row][vc_row][vc_column][vc_empty_space height=&#8221;60px&#8221;][vc_column_text]<\/p>\n<h3 style=\"padding-left: 40px\"><strong>Projetos desenvolvidos<\/strong><\/h3>\n<p>[\/vc_column_text][vc_empty_space height=&#8221;10px&#8221;][vc_column_text]<\/p>\n<h4 style=\"padding-left: 40px\"><span style=\"color: #727176\"><strong>Educa\u00e7\u00e3o Profissional T\u00e9cnica de N\u00edvel M\u00e9dio Integrada ao Ensino M\u00e9dio: 62<\/strong><\/span><\/h4>\n<h4><\/h4>\n<p>&nbsp;<\/p>\n<h4 style=\"padding-left: 40px\"><span style=\"color: #727176\"><strong>Ensino Fundamental: 172<\/strong><\/span><\/h4>\n<p>&nbsp;<\/p>\n<p style=\"padding-left: 40px\">A institui\u00e7\u00e3o atua com a Pedagogia da Altern\u00e2ncia, uma metodologia de ensino que chegou ao Brasil em 1969 como uma miss\u00e3o jesu\u00edta. A proposta de ensino intercala um per\u00edodo na escola e outro no meio sociofamiliar e comunit\u00e1rio para contribuir com uma educa\u00e7\u00e3o mais contextualizada \u00e0 realidade dos estudantes, o que resulta na diminui\u00e7\u00e3o da evas\u00e3o escolar.<\/p>\n<p>&nbsp;<\/p>\n<p style=\"padding-left: 40px\">Escola oferece Ensino Fundamental para as turmas dos 8\u00ba e 9\u00ba anos e, para as turmas do 1\u00ba ao 4\u00ba ano do Ensino M\u00e9dio, \u00e9 ofertado o Curso de Educa\u00e7\u00e3o Profissional T\u00e9cnica de N\u00edvel M\u00e9dio em Agropecu\u00e1ria Integrada.<\/p>\n<p>[\/vc_column_text][\/vc_column][\/vc_row][vc_row][vc_column][vc_empty_space][vc_column_text]<\/p>\n<h3><strong>Galeria<\/strong><\/h3>\n<p>[\/vc_column_text][vc_empty_space height=&#8221;10px&#8221;][\/vc_column][\/vc_row][vc_row][vc_column width=&#8221;1\/3&#8243;][vc_images_carousel images=&#8221;26338,26339,26340,26341&#8243; img_size=&#8221;medium&#8221; speed=&#8221;4000&#8243; autoplay=&#8221;yes&#8221; hide_pagination_control=&#8221;yes&#8221; hide_prev_next_buttons=&#8221;yes&#8221; wrap=&#8221;yes&#8221; css_animation=&#8221;fadeIn&#8221;][\/vc_column][vc_column width=&#8221;1\/3&#8243;][vc_images_carousel images=&#8221;26343,26344,26345,26346&#8243; img_size=&#8221;medium&#8221; speed=&#8221;4000&#8243; autoplay=&#8221;yes&#8221; hide_pagination_control=&#8221;yes&#8221; hide_prev_next_buttons=&#8221;yes&#8221; wrap=&#8221;yes&#8221; css_animation=&#8221;fadeIn&#8221;][\/vc_column][vc_column width=&#8221;1\/3&#8243;][vc_images_carousel images=&#8221;26347,26348,26349,26350&#8243; img_size=&#8221;medium&#8221; speed=&#8221;4000&#8243; autoplay=&#8221;yes&#8221; hide_pagination_control=&#8221;yes&#8221; hide_prev_next_buttons=&#8221;yes&#8221; wrap=&#8221;yes&#8221; css_animation=&#8221;fadeIn&#8221;][\/vc_column][\/vc_row][vc_row css=&#8221;.vc_custom_1600382950718{margin-top: -25px !important;}&#8221;][vc_column offset=&#8221;vc_hidden-md vc_hidden-sm vc_hidden-xs&#8221;][vc_empty_space][vc_column_text]<\/p>\n<h3><strong>Contato<\/strong><\/h3>\n<p>[\/vc_column_text][vc_column_text css=&#8221;.vc_custom_1656706699929{padding-top: 20px !important;padding-bottom: 20px !important;background-color: #e4e4e4 !important;border-radius: 20px !important;}&#8221;]<\/p>\n<p style=\"padding-left: 40px\">Fazenda Jaboticaba<\/p>\n<p style=\"padding-left: 40px\">Rua Ir\u00eanio Delfino de Lima, S\/N<\/p>\n<p style=\"padding-left: 40px\">Quixabeira\/BA<\/p>\n<p style=\"padding-left: 40px\">CEP: 44713-000<\/p>\n<p style=\"padding-left: 40px\">+55 71 3115-1401<\/p>\n<p>[\/vc_column_text][\/vc_column][\/vc_row][vc_row css=&#8221;.vc_custom_1600382950718{margin-top: -25px !important;}&#8221;][vc_column offset=&#8221;vc_hidden-lg&#8221;][vc_empty_space][vc_column_text]<\/p>\n<h3><strong>Contato<\/strong><\/h3>\n<p>[\/vc_column_text][vc_column_text css=&#8221;.vc_custom_1637196303918{padding-top: 20px !important;padding-bottom: 20px !important;background-color: #e4e4e4 !important;border-radius: 20px !important;}&#8221;]<\/p>\n<p style=\"padding-left: 40px\">Rua Visc. de Ouro Preto, 505<\/p>\n<p style=\"padding-left: 40px\">Mandacaru | Jo\u00e3o Pessoa\/PB<\/p>\n<p style=\"padding-left: 40px\">CEP: 58027-641<\/p>\n<p style=\"padding-left: 40px\">+55 83 98654 5956<\/p>\n<p>[\/vc_column_text][\/vc_column][\/vc_row][vc_row][vc_column][vc_empty_space height=&#8221;50px&#8221;][\/vc_column][\/vc_row]<\/p>\n<\/div>","protected":false},"excerpt":{"rendered":"<p>[vc_row css=&#8221;.vc_custom_1610136019840{padding-top: 30px !important;}&#8221;][vc_column width=&#8221;5\/6&#8243;][vc_column_text] Escola Fam\u00edlia Agr\u00edcola de Jaboticaba [\/vc_column_text][\/vc_column][vc_column width=&#8221;1\/6&#8243; css=&#8221;.vc_custom_1616259062307{margin-top: -80px !important;}&#8221; offset=&#8221;vc_hidden-md vc_hidden-sm vc_hidden-xs&#8221;][vc_single_image image=&#8221;2283&#8243; img_size=&#8221;150&#8243; alignment=&#8221;right&#8221; style=&#8221;vc_box_circle_2&#8243;][\/vc_column][\/vc_row][vc_row][vc_column width=&#8221;1\/3&#8243;][vc_single_image image=&#8221;26351&#8243; img_size=&#8221;300&#215;300&#8243; alignment=&#8221;center&#8221; style=&#8221;vc_box_circle_2&#8243;][\/vc_column][vc_column width=&#8221;2\/3&#8243;][vc_column_text] Hist\u00f3ria [\/vc_column_text][vc_empty_space height=&#8221;10px&#8221;][vc_column_text]A Escola Fam\u00edlia Agr\u00edcola de Jaboticaba (EFAJ), institui\u00e7\u00e3o de Educa\u00e7\u00e3o do Campo, foi fundada em 1993 pela Associa\u00e7\u00e3o de Pequenos Produtores de Jaboticaba (APPJ) em<\/p>\n","protected":false},"author":2,"featured_media":0,"parent":0,"menu_order":0,"comment_status":"closed","ping_status":"closed","template":"","meta":{"_acf_changed":false,"footnotes":""},"folder":[],"class_list":["post-26259","page","type-page","status-publish","hentry"],"acf":[],"yoast_head":"<!-- This site is optimized with the Yoast SEO plugin v27.5 - https:\/\/yoast.com\/product\/yoast-seo-wordpress\/ -->\n<title>Escola Fam\u00edlia Agr\u00edcola de Jaboticaba - #SomosF\u00e9eAlegria en Brasil<\/title>\n<meta name=\"robots\" content=\"index, follow, max-snippet:-1, max-image-preview:large, max-video-preview:-1\" \/>\n<link rel=\"canonical\" href=\"https:\/\/www.feyalegria.org\/brasil\/efaj\/\" \/>\n<meta property=\"og:locale\" content=\"es_ES\" \/>\n<meta property=\"og:type\" content=\"article\" \/>\n<meta property=\"og:title\" content=\"Escola Fam\u00edlia Agr\u00edcola de Jaboticaba - #SomosF\u00e9eAlegria en Brasil\" \/>\n<meta property=\"og:description\" content=\"[vc_row css=&#8221;.vc_custom_1610136019840{padding-top: 30px !important;}&#8221;][vc_column width=&#8221;5\/6&#8243;][vc_column_text] Escola Fam\u00edlia Agr\u00edcola de Jaboticaba [\/vc_column_text][\/vc_column][vc_column width=&#8221;1\/6&#8243; css=&#8221;.vc_custom_1616259062307{margin-top: -80px !important;}&#8221; offset=&#8221;vc_hidden-md vc_hidden-sm vc_hidden-xs&#8221;][vc_single_image image=&#8221;2283&#8243; img_size=&#8221;150&#8243; alignment=&#8221;right&#8221; style=&#8221;vc_box_circle_2&#8243;][\/vc_column][\/vc_row][vc_row][vc_column width=&#8221;1\/3&#8243;][vc_single_image image=&#8221;26351&#8243; img_size=&#8221;300&#215;300&#8243; alignment=&#8221;center&#8221; style=&#8221;vc_box_circle_2&#8243;][\/vc_column][vc_column width=&#8221;2\/3&#8243;][vc_column_text] Hist\u00f3ria [\/vc_column_text][vc_empty_space height=&#8221;10px&#8221;][vc_column_text]A Escola Fam\u00edlia Agr\u00edcola de Jaboticaba (EFAJ), institui\u00e7\u00e3o de Educa\u00e7\u00e3o do Campo, foi fundada em 1993 pela Associa\u00e7\u00e3o de Pequenos Produtores de Jaboticaba (APPJ) em\" \/>\n<meta property=\"og:url\" content=\"https:\/\/www.feyalegria.org\/brasil\/efaj\/\" \/>\n<meta property=\"og:site_name\" content=\"#SomosF\u00e9eAlegria en Brasil\" \/>\n<meta property=\"article:modified_time\" content=\"2022-08-15T15:19:34+00:00\" \/>\n<meta name=\"twitter:card\" content=\"summary_large_image\" \/>\n<meta name=\"twitter:label1\" content=\"Tiempo de lectura\" \/>\n\t<meta name=\"twitter:data1\" content=\"4 minutos\" \/>\n<script type=\"application\/ld+json\" class=\"yoast-schema-graph\">{\"@context\":\"https:\\\/\\\/schema.org\",\"@graph\":[{\"@type\":\"WebPage\",\"@id\":\"https:\\\/\\\/www.feyalegria.org\\\/brasil\\\/efaj\\\/\",\"url\":\"https:\\\/\\\/www.feyalegria.org\\\/brasil\\\/efaj\\\/\",\"name\":\"Escola Fam\u00edlia Agr\u00edcola de Jaboticaba - #SomosF\u00e9eAlegria en Brasil\",\"isPartOf\":{\"@id\":\"https:\\\/\\\/www.feyalegria.org\\\/brasil\\\/#website\"},\"datePublished\":\"2022-07-12T02:55:08+00:00\",\"dateModified\":\"2022-08-15T15:19:34+00:00\",\"inLanguage\":\"es-CO\",\"potentialAction\":[{\"@type\":\"ReadAction\",\"target\":[\"https:\\\/\\\/www.feyalegria.org\\\/brasil\\\/efaj\\\/\"]}]},{\"@type\":\"WebSite\",\"@id\":\"https:\\\/\\\/www.feyalegria.org\\\/brasil\\\/#website\",\"url\":\"https:\\\/\\\/www.feyalegria.org\\\/brasil\\\/\",\"name\":\"#SomosF\u00e9eAlegria en Brasil\",\"description\":\"\",\"potentialAction\":[{\"@type\":\"SearchAction\",\"target\":{\"@type\":\"EntryPoint\",\"urlTemplate\":\"https:\\\/\\\/www.feyalegria.org\\\/brasil\\\/?s={search_term_string}\"},\"query-input\":{\"@type\":\"PropertyValueSpecification\",\"valueRequired\":true,\"valueName\":\"search_term_string\"}}],\"inLanguage\":\"es-CO\"}]}<\/script>\n<!-- \/ Yoast SEO plugin. -->","yoast_head_json":{"title":"Escola Fam\u00edlia Agr\u00edcola de Jaboticaba - #SomosF\u00e9eAlegria en Brasil","robots":{"index":"index","follow":"follow","max-snippet":"max-snippet:-1","max-image-preview":"max-image-preview:large","max-video-preview":"max-video-preview:-1"},"canonical":"https:\/\/www.feyalegria.org\/brasil\/efaj\/","og_locale":"es_ES","og_type":"article","og_title":"Escola Fam\u00edlia Agr\u00edcola de Jaboticaba - #SomosF\u00e9eAlegria en Brasil","og_description":"[vc_row css=&#8221;.vc_custom_1610136019840{padding-top: 30px !important;}&#8221;][vc_column width=&#8221;5\/6&#8243;][vc_column_text] Escola Fam\u00edlia Agr\u00edcola de Jaboticaba [\/vc_column_text][\/vc_column][vc_column width=&#8221;1\/6&#8243; css=&#8221;.vc_custom_1616259062307{margin-top: -80px !important;}&#8221; offset=&#8221;vc_hidden-md vc_hidden-sm vc_hidden-xs&#8221;][vc_single_image image=&#8221;2283&#8243; img_size=&#8221;150&#8243; alignment=&#8221;right&#8221; style=&#8221;vc_box_circle_2&#8243;][\/vc_column][\/vc_row][vc_row][vc_column width=&#8221;1\/3&#8243;][vc_single_image image=&#8221;26351&#8243; img_size=&#8221;300&#215;300&#8243; alignment=&#8221;center&#8221; style=&#8221;vc_box_circle_2&#8243;][\/vc_column][vc_column width=&#8221;2\/3&#8243;][vc_column_text] Hist\u00f3ria [\/vc_column_text][vc_empty_space height=&#8221;10px&#8221;][vc_column_text]A Escola Fam\u00edlia Agr\u00edcola de Jaboticaba (EFAJ), institui\u00e7\u00e3o de Educa\u00e7\u00e3o do Campo, foi fundada em 1993 pela Associa\u00e7\u00e3o de Pequenos Produtores de Jaboticaba (APPJ) em","og_url":"https:\/\/www.feyalegria.org\/brasil\/efaj\/","og_site_name":"#SomosF\u00e9eAlegria en Brasil","article_modified_time":"2022-08-15T15:19:34+00:00","twitter_card":"summary_large_image","twitter_misc":{"Tiempo de lectura":"4 minutos"},"schema":{"@context":"https:\/\/schema.org","@graph":[{"@type":"WebPage","@id":"https:\/\/www.feyalegria.org\/brasil\/efaj\/","url":"https:\/\/www.feyalegria.org\/brasil\/efaj\/","name":"Escola Fam\u00edlia Agr\u00edcola de Jaboticaba - #SomosF\u00e9eAlegria en Brasil","isPartOf":{"@id":"https:\/\/www.feyalegria.org\/brasil\/#website"},"datePublished":"2022-07-12T02:55:08+00:00","dateModified":"2022-08-15T15:19:34+00:00","inLanguage":"es-CO","potentialAction":[{"@type":"ReadAction","target":["https:\/\/www.feyalegria.org\/brasil\/efaj\/"]}]},{"@type":"WebSite","@id":"https:\/\/www.feyalegria.org\/brasil\/#website","url":"https:\/\/www.feyalegria.org\/brasil\/","name":"#SomosF\u00e9eAlegria en Brasil","description":"","potentialAction":[{"@type":"SearchAction","target":{"@type":"EntryPoint","urlTemplate":"https:\/\/www.feyalegria.org\/brasil\/?s={search_term_string}"},"query-input":{"@type":"PropertyValueSpecification","valueRequired":true,"valueName":"search_term_string"}}],"inLanguage":"es-CO"}]}},"_links":{"self":[{"href":"https:\/\/www.feyalegria.org\/brasil\/wp-json\/wp\/v2\/pages\/26259","targetHints":{"allow":["GET"]}}],"collection":[{"href":"https:\/\/www.feyalegria.org\/brasil\/wp-json\/wp\/v2\/pages"}],"about":[{"href":"https:\/\/www.feyalegria.org\/brasil\/wp-json\/wp\/v2\/types\/page"}],"author":[{"embeddable":true,"href":"https:\/\/www.feyalegria.org\/brasil\/wp-json\/wp\/v2\/users\/2"}],"replies":[{"embeddable":true,"href":"https:\/\/www.feyalegria.org\/brasil\/wp-json\/wp\/v2\/comments?post=26259"}],"version-history":[{"count":0,"href":"https:\/\/www.feyalegria.org\/brasil\/wp-json\/wp\/v2\/pages\/26259\/revisions"}],"wp:attachment":[{"href":"https:\/\/www.feyalegria.org\/brasil\/wp-json\/wp\/v2\/media?parent=26259"}],"wp:term":[{"taxonomy":"folder","embeddable":true,"href":"https:\/\/www.feyalegria.org\/brasil\/wp-json\/wp\/v2\/folder?post=26259"}],"curies":[{"name":"wp","href":"https:\/\/api.w.org\/{rel}","templated":true}]}}