 {"id":619,"date":"2020-07-21T16:30:09","date_gmt":"2020-07-21T16:30:09","guid":{"rendered":"https:\/\/www.feyalegria.org\/brasil\/?page_id=619"},"modified":"2021-11-09T17:52:03","modified_gmt":"2021-11-09T20:52:03","slug":"o-que-fazemos","status":"publish","type":"page","link":"https:\/\/www.feyalegria.org\/brasil\/o-que-fazemos\/","title":{"rendered":"O que Fazemos"},"content":{"rendered":"<div class=\"wpb-content-wrapper\"><p>[vc_row css=&#8221;.vc_custom_1610136019840{padding-top: 30px !important;}&#8221;][vc_column width=&#8221;5\/6&#8243;][vc_column_text]<\/p>\n<h1 style=\"text-align: left\">O que Fazemos<\/h1>\n<p>[\/vc_column_text][\/vc_column][vc_column width=&#8221;1\/6&#8243; css=&#8221;.vc_custom_1615844963314{margin-top: -80px !important;}&#8221; offset=&#8221;vc_hidden-sm vc_hidden-xs&#8221;][vc_single_image image=&#8221;2283&#8243; img_size=&#8221;150&#8243; alignment=&#8221;right&#8221; style=&#8221;vc_box_circle_2&#8243;][\/vc_column][\/vc_row][vc_row][vc_column][vc_tta_tabs active_section=&#8221;1&#8243; css=&#8221;.vc_custom_1635537729677{background-color: #ffffff !important;}&#8221;][vc_tta_section title=&#8221;Assist\u00eancia Social&#8221; tab_id=&#8221;1633715241110-3776b0e0-ee7c&#8221;][vc_row_inner css=&#8221;.vc_custom_1635538452309{background-color: #ffffff !important;}&#8221;][vc_column_inner][vc_column_text]<\/p>\n<h1 style=\"text-align: center;color: #aa0f16\"><strong>Prote\u00e7\u00e3o Social B\u00e1sica<\/strong><\/h1>\n<p>[\/vc_column_text][vc_separator color=&#8221;custom&#8221; accent_color=&#8221;#aa0f16&#8243;][vc_column_text]<\/p>\n<h3 style=\"text-align: center;color: #aa0f16\"><strong>Servi\u00e7o de Conviv\u00eancia e Fortalecimento de V\u00ednculos (SCFV)<\/strong><\/h3>\n<p>[\/vc_column_text][\/vc_column_inner][\/vc_row_inner][vc_row_inner css=&#8221;.vc_custom_1635538070424{background-color: #ffffff !important;}&#8221;][vc_column_inner width=&#8221;1\/2&#8243;][vc_single_image image=&#8221;25403&#8243; img_size=&#8221;large&#8221; alignment=&#8221;center&#8221; style=&#8221;vc_box_circle_2&#8243;][\/vc_column_inner][vc_column_inner width=&#8221;1\/2&#8243;][vc_column_text]O SCFV tem como objetivo prevenir situa\u00e7\u00f5es de risco pessoal e social por meio de a\u00e7\u00f5es que desenvolvam o sentimento de pertencimento e identidade, al\u00e9m de estimular a socializa\u00e7\u00e3o e contribuir para a inser\u00e7\u00e3o, reinser\u00e7\u00e3o e perman\u00eancia no sistema educacional. Destina-se \u00e0 popula\u00e7\u00e3o em situa\u00e7\u00e3o de vulnerabilidade social decorrente de fatores como pobreza, falta de acesso aos servi\u00e7os p\u00fablicos e fragiliza\u00e7\u00e3o de v\u00ednculos afetivos e comunit\u00e1rios.<\/p>\n<p>&nbsp;<\/p>\n<p>Analisando a realidade de cada territ\u00f3rio do Brasil, h\u00e1 uma enorme demanda para esse tipo de servi\u00e7o de Assist\u00eancia Social. Os atendimentos s\u00e3o realizados em grupos divididos por faixa et\u00e1ria e envolvem atividades art\u00edsticas, culturais, esportivas, entre outras, e possuem car\u00e1ter preventivo e proativo, pautado na defesa e afirma\u00e7\u00e3o de direitos e no desenvolvimento de capacidades e potencialidades dos usu\u00e1rios. O objetivo principal \u00e9 despertar no indiv\u00edduo a capacidade de realiza\u00e7\u00e3o pessoal e social, estimulando o protagonismo e a autonomia e fortalecendo suas rela\u00e7\u00f5es no \u00e2mbito familiar e comunit\u00e1rio.<\/p>\n<p>&nbsp;<\/p>\n<p>No caso da Funda\u00e7\u00e3o F\u00e9 e Alegria, o servi\u00e7o \u00e9 ofertado a crian\u00e7as e adolescentes entre 6 e 18 anos, com foco em sua prote\u00e7\u00e3o e desenvolvimento, assegurando espa\u00e7os de refer\u00eancia para o conv\u00edvio grupal, comunit\u00e1rio e social e complementando de rela\u00e7\u00f5es de afetividade, solidariedade e respeito m\u00fatuo.<\/p>\n<p>[\/vc_column_text][\/vc_column_inner][\/vc_row_inner][vc_row_inner css=&#8221;.vc_custom_1635538452309{background-color: #ffffff !important;}&#8221;][vc_column_inner][vc_column_text]<\/p>\n<h3 style=\"text-align: center;color: #aa0f16\">Projeto Meninas e Meninos Livres<\/h3>\n<p>[\/vc_column_text][\/vc_column_inner][\/vc_row_inner][vc_row_inner css=&#8221;.vc_custom_1635538070424{background-color: #ffffff !important;}&#8221;][vc_column_inner width=&#8221;1\/2&#8243;][vc_column_text]Realizado em parceria com as escolas p\u00fablicas regionais, o Projeto Meninas e Meninos Livres \u00e9 uma das a\u00e7\u00f5es realizadas em conjunto com escolas p\u00fablicas regionais para promover o pensamento cr\u00edtico e a equidade de g\u00eanero, bem como proporcionar um espa\u00e7o de escuta e forma\u00e7\u00e3o para jovens e adolescentes. Al\u00e9m disso, a iniciativa introduz debates referentes \u00e0 igualdade de g\u00eanero e reflete sobre os mais diversos tipos de viol\u00eancia contra a mulher, com o prop\u00f3sito de conscientizar e despertar mudan\u00e7as mobilizadoras na sociedade.<\/p>\n<p>&nbsp;<\/p>\n<p>Entre as atividades realizadas para o p\u00fablico assistido est\u00e3o din\u00e2micas de leitura, apresenta\u00e7\u00e3o de v\u00eddeos, filmes e rodas de conversas tem\u00e1ticas.[\/vc_column_text][\/vc_column_inner][vc_column_inner width=&#8221;1\/2&#8243;][vc_single_image image=&#8221;25404&#8243; img_size=&#8221;large&#8221; alignment=&#8221;center&#8221; style=&#8221;vc_box_circle_2&#8243;][\/vc_column_inner][\/vc_row_inner][vc_row_inner css=&#8221;.vc_custom_1635538452309{background-color: #ffffff !important;}&#8221;][vc_column_inner][vc_column_text]<\/p>\n<h3 style=\"text-align: center;color: #aa0f16\">Socioaprendizagem<\/h3>\n<p>[\/vc_column_text][\/vc_column_inner][\/vc_row_inner][vc_row_inner css=&#8221;.vc_custom_1635538070424{background-color: #ffffff !important;}&#8221;][vc_column_inner width=&#8221;1\/2&#8243;][vc_single_image image=&#8221;25405&#8243; img_size=&#8221;large&#8221; alignment=&#8221;center&#8221; style=&#8221;vc_box_circle_2&#8243;][\/vc_column_inner][vc_column_inner width=&#8221;1\/2&#8243;][vc_column_text]A forma\u00e7\u00e3o para o trabalho \u00e9 uma estrat\u00e9gia alinhada aos programas de Assist\u00eancia Social que busca promover a inser\u00e7\u00e3o profissional dos atendidos, preparando-os para os desafios presentes no mercado de trabalho (resolu\u00e7\u00e3o 33). O objetivo \u00e9 a qualifica\u00e7\u00e3o e a potencializa\u00e7\u00e3o das capacidades dos atendidos de forma a construir sua autonomia e apresentar os meios de produ\u00e7\u00e3o para a gera\u00e7\u00e3o de trabalho e renda.<\/p>\n<p>&nbsp;<\/p>\n<p>O Programa de Socioaprendizagem \u00e9 desenvolvido de acordo com a Lei da Aprendizagem Profissional, n\u00ba 10.097\/2000, e tem como objetivo incluir no mercado de trabalho jovens e adolescentes, com idades entre 14 e 24 anos, oportunizando forma\u00e7\u00e3o humana, t\u00e9cnica e profissional de qualidade, por meio de um contrato de trabalho na modalidade Aprendiz com empresas parceiras.<\/p>\n<p>&nbsp;<\/p>\n<p>F\u00e9 e Alegria \u00e9 uma institui\u00e7\u00e3o formadora reconhecida pelo Minist\u00e9rio do Trabalho e desenvolve atividades pr\u00e1ticas profissionais vinculadas ao CBO (C\u00f3digo Brasileiro de Ocupa\u00e7\u00e3o) com forma\u00e7\u00e3o nas seguintes \u00e1reas: t\u00e9cnicas administrativas, t\u00e9cnicas banc\u00e1rias, atendimento e com\u00e9rcio, varejo, log\u00edstica e conserva\u00e7\u00e3o e limpeza.<\/p>\n<p>&nbsp;<\/p>\n<p>O Programa realiza algumas atividades como forma\u00e7\u00e3o te\u00f3rica profissional e humana, desenvolvimento de trabalho social com os aprendizes e suas fam\u00edlias, parcerias com empresas de diversos ramos da economia e visitas t\u00e9cnicas \u00e0s empresas. As atividades reconhecem as potencialidades dos aprendizes, disponibilizando elementos e subs\u00eddios para a constru\u00e7\u00e3o de seu projeto de vida e o exerc\u00edcio de sua autonomia, preparando-os para o mercado de trabalho e para a vida.<\/p>\n<p>[\/vc_column_text][\/vc_column_inner][\/vc_row_inner][vc_row_inner css=&#8221;.vc_custom_1635538452309{background-color: #ffffff !important;}&#8221;][vc_column_inner][vc_column_text]<\/p>\n<h3 style=\"text-align: center;color: #aa0f16\">Projetos Meios de Vida<\/h3>\n<p>[\/vc_column_text][\/vc_column_inner][\/vc_row_inner][vc_row_inner css=&#8221;.vc_custom_1635538070424{background-color: #ffffff !important;}&#8221;][vc_column_inner width=&#8221;1\/2&#8243;][vc_column_text]O projeto Meios de Vida visa contribuir para a inser\u00e7\u00e3o social e laboral de jovens e adultos em situa\u00e7\u00e3o de vulnerabilidade, por meio de programas de qualifica\u00e7\u00e3o profissional voltados com foco no empreendedorismo social e gera\u00e7\u00e3o de renda, com especial aten\u00e7\u00e3o a mulheres em situa\u00e7\u00e3o de risco social.<\/p>\n<p>&nbsp;<\/p>\n<p>O objetivo do projeto \u00e9 proporcionar mais independ\u00eancia financeira aos atendidos, desenvolvendo um trabalho que potencialize e valorize seus projetos pessoais e profissionais, e que promova a transforma\u00e7\u00e3o da comunidade por meio da inova\u00e7\u00e3o e do empreendedorismo.[\/vc_column_text][\/vc_column_inner][vc_column_inner width=&#8221;1\/2&#8243;][vc_single_image image=&#8221;25406&#8243; img_size=&#8221;large&#8221; alignment=&#8221;center&#8221; style=&#8221;vc_box_circle_2&#8243;][\/vc_column_inner][\/vc_row_inner][vc_row_inner css=&#8221;.vc_custom_1635538452309{background-color: #ffffff !important;}&#8221;][vc_column_inner][vc_column_text]<\/p>\n<h1 style=\"text-align: center;color: #aa0f16\">Prote\u00e7\u00e3o Social de M\u00e9dia Complexidade<\/h1>\n<p>[\/vc_column_text][vc_separator color=&#8221;custom&#8221; accent_color=&#8221;#aa0f16&#8243;][vc_column_text]<\/p>\n<h3 style=\"text-align: center;color: #aa0f16\">Abordagem Social<\/h3>\n<p>[\/vc_column_text][\/vc_column_inner][\/vc_row_inner][vc_row_inner css=&#8221;.vc_custom_1635538070424{background-color: #ffffff !important;}&#8221;][vc_column_inner width=&#8221;1\/2&#8243;][vc_single_image image=&#8221;25407&#8243; img_size=&#8221;large&#8221; alignment=&#8221;center&#8221; style=&#8221;vc_box_circle_2&#8243;][\/vc_column_inner][vc_column_inner width=&#8221;1\/2&#8243;][vc_column_text]O servi\u00e7o de Abordagem Social \u00e9 voltado ao atendimento de pessoas em situa\u00e7\u00e3o de rua, com o objetivo de apoiar os assistidos no encaminhamento \u00e0 rede de servi\u00e7os e benef\u00edcios socioassistenciais, como albergues, servi\u00e7os de sa\u00fade em casos de doen\u00e7as, conquista do aux\u00edlio-moradia, obten\u00e7\u00e3o de documentos de identifica\u00e7\u00e3o, elabora\u00e7\u00e3o de curr\u00edculos para inser\u00e7\u00e3o no mercado de trabalho, al\u00e9m de acompanhar os casos mais complexos.<\/p>\n<p>&nbsp;<\/p>\n<p>A Funda\u00e7\u00e3o F\u00e9 e Alegria oferece o servi\u00e7o de Abordagem Social &#8211; ou A\u00e7\u00e3o Rua, como \u00e9 conhecido, no bairro de Farrapos, em Porto Alegre (RS), por meio de uma parceria com a Prefeitura Local.[\/vc_column_text][\/vc_column_inner][\/vc_row_inner][vc_row_inner css=&#8221;.vc_custom_1635538452309{background-color: #ffffff !important;}&#8221;][vc_column_inner][vc_column_text]<\/p>\n<h1 style=\"text-align: center;color: #aa0f16\">Prote\u00e7\u00e3o Social de Alta Complexidade<\/h1>\n<p>[\/vc_column_text][vc_separator color=&#8221;custom&#8221; accent_color=&#8221;#aa0f16&#8243;][vc_column_text]<\/p>\n<h3 style=\"text-align: center;color: #aa0f16\">Acolhimento Institucional<\/h3>\n<p>[\/vc_column_text][\/vc_column_inner][\/vc_row_inner][vc_row_inner css=&#8221;.vc_custom_1635538070424{background-color: #ffffff !important;}&#8221;][vc_column_inner width=&#8221;1\/2&#8243;][vc_single_image image=&#8221;25408&#8243; img_size=&#8221;large&#8221; alignment=&#8221;center&#8221; style=&#8221;vc_box_circle_2&#8243;][\/vc_column_inner][vc_column_inner width=&#8221;1\/2&#8243;][vc_column_text]O Acolhimento Institucional, anteriormente denominado abrigamento em entidade, \u00e9 uma das medidas de prote\u00e7\u00e3o previstas no Estatuto da Crian\u00e7a e do Adolescente, aplicada por determina\u00e7\u00e3o judicial, em decorr\u00eancia de viola\u00e7\u00e3o de direitos (v\u00edtimas de abandono, neglig\u00eancia ou viol\u00eancia), ou quando a fam\u00edlia de origem se encontra impossibilitada de cumprir suas fun\u00e7\u00f5es de cuidado e prote\u00e7\u00e3o. Trata-se de uma medida excepcional, aplicada apenas nas situa\u00e7\u00f5es de grave risco para prevenir o agravamento de situa\u00e7\u00f5es de neglig\u00eancia, viol\u00eancia e ruptura de v\u00ednculos.<\/p>\n<p>&nbsp;<\/p>\n<p>Durante o per\u00edodo de acolhimento, as crian\u00e7as e adolescentes recebem os cuidados com sa\u00fade, educa\u00e7\u00e3o e demais ferramentas para possibilitar o seu desenvolvimento integral, incluindo uma alimenta\u00e7\u00e3o adequada e acesso a atividades de esporte, cultura e lazer. Paralelamente, as equipes t\u00e9cnicas de cada servi\u00e7o realizam o acompanhamento sistem\u00e1tico a fim de viabilizar seu retorno ao conv\u00edvio com sua fam\u00edlia de origem (nuclear ou extensa) ou substituta (ado\u00e7\u00e3o) com a maior brevidade poss\u00edvel.<\/p>\n<p>&nbsp;<\/p>\n<p>Uma das alternativas ao acolhimento em institui\u00e7\u00f5es, tamb\u00e9m desenvolvida por F\u00e9 e Alegria, \u00e9 o Acolhimento Familiar, servi\u00e7o que possibilita a fam\u00edlias cadastradas \u2013 e acompanhadas por uma equipe t\u00e9cnica \u2013 de acolher, em suas resid\u00eancias, crian\u00e7as e adolescentes afastadas do conv\u00edvio familiar quando sua fam\u00edlia de origem se encontra impossibilitada de cumprir suas fun\u00e7\u00f5es de cuidado e prote\u00e7\u00e3o. A medida tempor\u00e1ria oferece ao atendido um lugar de afeto, cuidado e prote\u00e7\u00e3o pelo per\u00edodo necess\u00e1rio, enquanto \u00e9 viabilizado seu retorno ao conv\u00edvio com a fam\u00edlia de origem ou encaminhamento para ado\u00e7\u00e3o<\/p>\n<p>&nbsp;<\/p>\n<p>Para os adolescentes que alcan\u00e7am a maioridade, estando sob medida de acolhimento institucional, \u00e9 disponibilizado ainda o Servi\u00e7o de Acolhimento em Rep\u00fablica, que oferece apoio e moradia a jovens de 18 a 21 anos. Tal atividade tem como objetivo a autonomia gradual de seus residentes, incentivando a independ\u00eancia e a tomada de decis\u00e3o, inclusive para o funcionamento da unidade de maneira conjunta.[\/vc_column_text][\/vc_column_inner][\/vc_row_inner][vc_row_inner css=&#8221;.vc_custom_1635538452309{background-color: #ffffff !important;}&#8221;][vc_column_inner][vc_column_text]<\/p>\n<h1 style=\"text-align: center;color: #aa0f16\">Defesa e Garantia de Direitos<\/h1>\n<p>[\/vc_column_text][vc_separator color=&#8221;custom&#8221; accent_color=&#8221;#aa0f16&#8243;][vc_column_text]<\/p>\n<h3 style=\"text-align: center;color: #aa0f16\">Atua\u00e7\u00e3o com migrantes venezuelanos<\/h3>\n<p>[\/vc_column_text][\/vc_column_inner][\/vc_row_inner][vc_row_inner css=&#8221;.vc_custom_1635538070424{background-color: #ffffff !important;}&#8221;][vc_column_inner width=&#8221;1\/2&#8243;][vc_single_image image=&#8221;25409&#8243; img_size=&#8221;large&#8221; alignment=&#8221;center&#8221; style=&#8221;vc_box_circle_2&#8243;][\/vc_column_inner][vc_column_inner width=&#8221;1\/2&#8243;][vc_column_text]A Venezuela vive uma crise social, pol\u00edtica e econ\u00f4mica e, por esse motivo, o Brasil tornou-se um dos principais destinos daqueles que decidiram deixar o seu pa\u00eds de origem: estima-se que cerca de 260 mil venezuelanos vivem atualmente na na\u00e7\u00e3o brasileira, segundo dados do ACNUR (Alto Comissariado das Na\u00e7\u00f5es Unidas para Refugiados).<\/p>\n<p>&nbsp;<\/p>\n<p>Outro obst\u00e1culo enfrentado pelos migrantes \u00e9 que, mesmo com n\u00edveis de educa\u00e7\u00e3o similares, s\u00e3o 64% menos propensos a serem empregados em compara\u00e7\u00e3o aos seus anfitri\u00f5es brasileiros, e suas crian\u00e7as t\u00eam 53% menor probabilidade de estudar em ensino regular, de acordo com pesquisas do ACNUR.<\/p>\n<p>&nbsp;<\/p>\n<p>Percebendo a necessidade de prestar apoio a essa popula\u00e7\u00e3o vulner\u00e1vel, a Funda\u00e7\u00e3o F\u00e9 e Alegria, at\u00e9 ent\u00e3o uma refer\u00eancia internacional focada em educa\u00e7\u00e3o popular, passou a somar for\u00e7as para apoiar a causa migrantes e refugiados e atuar na ajuda humanit\u00e1ria. Atualmente, a institui\u00e7\u00e3o oferece casas de acolhimento para migrantes venezuelanos, al\u00e9m de forma\u00e7\u00f5es profissionais e aulas de portugu\u00eas, contribuindo para independ\u00eancia econ\u00f4mica das fam\u00edlias e auxiliando na adapta\u00e7\u00e3o do novo pa\u00eds.[\/vc_column_text][\/vc_column_inner][\/vc_row_inner][\/vc_tta_section][vc_tta_section title=&#8221;Educa\u00e7\u00e3o&#8221; tab_id=&#8221;1633715241110-a64eaf72-23c0&#8243;][vc_row_inner css=&#8221;.vc_custom_1635543222983{background-color: #ffffff !important;}&#8221;][vc_column_inner][vc_column_text]<\/p>\n<h3 style=\"text-align: center;color: #aa0f16\"><strong>Parcerias &#8211; Projetos Educacionais (atividades complementares)<\/strong><\/h3>\n<p>[\/vc_column_text][\/vc_column_inner][\/vc_row_inner][vc_row_inner css=&#8221;.vc_custom_1635543239064{background-color: #ffffff !important;}&#8221;][vc_column_inner width=&#8221;1\/2&#8243;][vc_single_image image=&#8221;25410&#8243; img_size=&#8221;large&#8221; alignment=&#8221;center&#8221; style=&#8221;vc_box_circle_2&#8243;][\/vc_column_inner][vc_column_inner width=&#8221;1\/2&#8243;][vc_column_text]Projetos educacionais com atividades complementares, oferecidos no contraturno escolar, para garantir o acesso ao ensino de qualidade, direito fundamental previsto na Constitui\u00e7\u00e3o.<\/p>\n<p>&nbsp;<\/p>\n<p>Tais parcerias ampliam os servi\u00e7os ofertados aos atendidos e fortalecem os v\u00ednculos comunit\u00e1rios entre a escola e a comunidade em que est\u00e1 inserida.[\/vc_column_text][\/vc_column_inner][\/vc_row_inner][vc_row_inner css=&#8221;.vc_custom_1635543256231{background-color: #ffffff !important;}&#8221;][vc_column_inner][vc_column_text]<\/p>\n<h3 style=\"text-align: center;color: #aa0f16\">Educa\u00e7\u00e3o Infantil<\/h3>\n<p>[\/vc_column_text][\/vc_column_inner][\/vc_row_inner][vc_row_inner css=&#8221;.vc_custom_1635543267344{background-color: #ffffff !important;}&#8221;][vc_column_inner width=&#8221;1\/2&#8243;][vc_single_image image=&#8221;25411&#8243; img_size=&#8221;large&#8221; alignment=&#8221;center&#8221; style=&#8221;vc_box_circle_2&#8243;][\/vc_column_inner][vc_column_inner width=&#8221;1\/2&#8243;][vc_column_text]A Educa\u00e7\u00e3o Infantil est\u00e1 al\u00e9m dos cuidados b\u00e1sicos com higiene e alimenta\u00e7\u00e3o: \u00e9 a base para desenvolvimento da aprendizagem e forma\u00e7\u00e3o de cidad\u00e3os de forma integral.\u00a0 Segundo o Plano Nacional de Educa\u00e7\u00e3o e do Estatuto da Crian\u00e7a e do Adolescente (ECA), \u00e9 dever do Estado e direito da crian\u00e7a o acesso \u00e0 educa\u00e7\u00e3o infantil.\u00a0 As novas descobertas sobre as fases do crescimento infantil evidenciam a import\u00e2ncia da Educa\u00e7\u00e3o Infantil.<\/p>\n<p>&nbsp;<\/p>\n<p>Considerada a primeira etapa da educa\u00e7\u00e3o b\u00e1sica, sua finalidade \u00e9 contribuir para o crescimento integral da crian\u00e7a at\u00e9 6 anos de idade em seus aspectos f\u00edsico, psicol\u00f3gico, intelectual e social, completando a a\u00e7\u00e3o da fam\u00edlia e da comunidade (LDB\/1996). A intensifica\u00e7\u00e3o da urbaniza\u00e7\u00e3o, o avan\u00e7o na legisla\u00e7\u00e3o, a participa\u00e7\u00e3o da mulher no mercado de trabalho e as mudan\u00e7as estruturais das fam\u00edlias s\u00e3o outros fatores que contribuem para a amplia\u00e7\u00e3o dos servi\u00e7os educacionais para essa faixa et\u00e1ria.<\/p>\n<p>&nbsp;<\/p>\n<p>As escolas de Educa\u00e7\u00e3o Infantil, antes pensadas como espa\u00e7o apenas de cuidados, onde as crian\u00e7as \u201cpassavam o tempo\u201d na aus\u00eancia dos pais, agora s\u00e3o vistas como um local de aprendizagens essenciais que compreendem comportamentos, habilidades, e conhecimentos, al\u00e9m de diversos campos de experi\u00eancias (Base Nacional Comum Curricular, 2017). Outro destaque \u00e9 que essas institui\u00e7\u00f5es de educa\u00e7\u00e3o infantil tamb\u00e9m se estabeleceram como local de garantia de direitos e prote\u00e7\u00e3o da crian\u00e7a.[\/vc_column_text][\/vc_column_inner][\/vc_row_inner][\/vc_tta_section][\/vc_tta_tabs][vc_empty_space height=&#8221;64px&#8221;][\/vc_column][\/vc_row]<\/p>\n<\/div>","protected":false},"excerpt":{"rendered":"<p>[vc_row css=&#8221;.vc_custom_1610136019840{padding-top: 30px !important;}&#8221;][vc_column width=&#8221;5\/6&#8243;][vc_column_text] O que Fazemos [\/vc_column_text][\/vc_column][vc_column width=&#8221;1\/6&#8243; css=&#8221;.vc_custom_1615844963314{margin-top: -80px !important;}&#8221; offset=&#8221;vc_hidden-sm vc_hidden-xs&#8221;][vc_single_image image=&#8221;2283&#8243; img_size=&#8221;150&#8243; alignment=&#8221;right&#8221; style=&#8221;vc_box_circle_2&#8243;][\/vc_column][\/vc_row][vc_row][vc_column][vc_tta_tabs active_section=&#8221;1&#8243; css=&#8221;.vc_custom_1635537729677{background-color: #ffffff !important;}&#8221;][vc_tta_section title=&#8221;Assist\u00eancia Social&#8221; tab_id=&#8221;1633715241110-3776b0e0-ee7c&#8221;][vc_row_inner css=&#8221;.vc_custom_1635538452309{background-color: #ffffff !important;}&#8221;][vc_column_inner][vc_column_text] Prote\u00e7\u00e3o Social B\u00e1sica [\/vc_column_text][vc_separator color=&#8221;custom&#8221; accent_color=&#8221;#aa0f16&#8243;][vc_column_text] Servi\u00e7o de Conviv\u00eancia e Fortalecimento de V\u00ednculos (SCFV) [\/vc_column_text][\/vc_column_inner][\/vc_row_inner][vc_row_inner css=&#8221;.vc_custom_1635538070424{background-color: #ffffff !important;}&#8221;][vc_column_inner width=&#8221;1\/2&#8243;][vc_single_image image=&#8221;25403&#8243; img_size=&#8221;large&#8221; alignment=&#8221;center&#8221; style=&#8221;vc_box_circle_2&#8243;][\/vc_column_inner][vc_column_inner width=&#8221;1\/2&#8243;][vc_column_text]O SCFV tem<\/p>\n","protected":false},"author":19,"featured_media":0,"parent":0,"menu_order":0,"comment_status":"closed","ping_status":"closed","template":"","meta":{"_acf_changed":false,"footnotes":""},"folder":[],"class_list":["post-619","page","type-page","status-publish","hentry"],"acf":[],"yoast_head":"<!-- This site is optimized with the Yoast SEO plugin v27.4 - https:\/\/yoast.com\/product\/yoast-seo-wordpress\/ -->\n<title>O que Fazemos - #SomosF\u00e9eAlegria en Brasil<\/title>\n<meta name=\"robots\" content=\"index, follow, max-snippet:-1, max-image-preview:large, max-video-preview:-1\" \/>\n<link rel=\"canonical\" href=\"https:\/\/www.feyalegria.org\/brasil\/o-que-fazemos\/\" \/>\n<meta property=\"og:locale\" content=\"es_ES\" \/>\n<meta property=\"og:type\" content=\"article\" \/>\n<meta property=\"og:title\" content=\"O que Fazemos - #SomosF\u00e9eAlegria en Brasil\" \/>\n<meta property=\"og:description\" content=\"[vc_row css=&#8221;.vc_custom_1610136019840{padding-top: 30px !important;}&#8221;][vc_column width=&#8221;5\/6&#8243;][vc_column_text] O que Fazemos [\/vc_column_text][\/vc_column][vc_column width=&#8221;1\/6&#8243; css=&#8221;.vc_custom_1615844963314{margin-top: -80px !important;}&#8221; offset=&#8221;vc_hidden-sm vc_hidden-xs&#8221;][vc_single_image image=&#8221;2283&#8243; img_size=&#8221;150&#8243; alignment=&#8221;right&#8221; style=&#8221;vc_box_circle_2&#8243;][\/vc_column][\/vc_row][vc_row][vc_column][vc_tta_tabs active_section=&#8221;1&#8243; css=&#8221;.vc_custom_1635537729677{background-color: #ffffff !important;}&#8221;][vc_tta_section title=&#8221;Assist\u00eancia Social&#8221; tab_id=&#8221;1633715241110-3776b0e0-ee7c&#8221;][vc_row_inner css=&#8221;.vc_custom_1635538452309{background-color: #ffffff !important;}&#8221;][vc_column_inner][vc_column_text] Prote\u00e7\u00e3o Social B\u00e1sica [\/vc_column_text][vc_separator color=&#8221;custom&#8221; accent_color=&#8221;#aa0f16&#8243;][vc_column_text] Servi\u00e7o de Conviv\u00eancia e Fortalecimento de V\u00ednculos (SCFV) [\/vc_column_text][\/vc_column_inner][\/vc_row_inner][vc_row_inner css=&#8221;.vc_custom_1635538070424{background-color: #ffffff !important;}&#8221;][vc_column_inner width=&#8221;1\/2&#8243;][vc_single_image image=&#8221;25403&#8243; img_size=&#8221;large&#8221; alignment=&#8221;center&#8221; style=&#8221;vc_box_circle_2&#8243;][\/vc_column_inner][vc_column_inner width=&#8221;1\/2&#8243;][vc_column_text]O SCFV tem\" \/>\n<meta property=\"og:url\" content=\"https:\/\/www.feyalegria.org\/brasil\/o-que-fazemos\/\" \/>\n<meta property=\"og:site_name\" content=\"#SomosF\u00e9eAlegria en Brasil\" \/>\n<meta property=\"article:modified_time\" content=\"2021-11-09T20:52:03+00:00\" \/>\n<meta name=\"twitter:card\" content=\"summary_large_image\" \/>\n<meta name=\"twitter:label1\" content=\"Tiempo de lectura\" \/>\n\t<meta name=\"twitter:data1\" content=\"13 minutos\" \/>\n<script type=\"application\/ld+json\" class=\"yoast-schema-graph\">{\"@context\":\"https:\\\/\\\/schema.org\",\"@graph\":[{\"@type\":\"WebPage\",\"@id\":\"https:\\\/\\\/www.feyalegria.org\\\/brasil\\\/o-que-fazemos\\\/\",\"url\":\"https:\\\/\\\/www.feyalegria.org\\\/brasil\\\/o-que-fazemos\\\/\",\"name\":\"O que Fazemos - #SomosF\u00e9eAlegria en Brasil\",\"isPartOf\":{\"@id\":\"https:\\\/\\\/www.feyalegria.org\\\/brasil\\\/#website\"},\"datePublished\":\"2020-07-21T16:30:09+00:00\",\"dateModified\":\"2021-11-09T20:52:03+00:00\",\"inLanguage\":\"es-CO\",\"potentialAction\":[{\"@type\":\"ReadAction\",\"target\":[\"https:\\\/\\\/www.feyalegria.org\\\/brasil\\\/o-que-fazemos\\\/\"]}]},{\"@type\":\"WebSite\",\"@id\":\"https:\\\/\\\/www.feyalegria.org\\\/brasil\\\/#website\",\"url\":\"https:\\\/\\\/www.feyalegria.org\\\/brasil\\\/\",\"name\":\"#SomosF\u00e9eAlegria en Brasil\",\"description\":\"\",\"potentialAction\":[{\"@type\":\"SearchAction\",\"target\":{\"@type\":\"EntryPoint\",\"urlTemplate\":\"https:\\\/\\\/www.feyalegria.org\\\/brasil\\\/?s={search_term_string}\"},\"query-input\":{\"@type\":\"PropertyValueSpecification\",\"valueRequired\":true,\"valueName\":\"search_term_string\"}}],\"inLanguage\":\"es-CO\"}]}<\/script>\n<!-- \/ Yoast SEO plugin. -->","yoast_head_json":{"title":"O que Fazemos - #SomosF\u00e9eAlegria en Brasil","robots":{"index":"index","follow":"follow","max-snippet":"max-snippet:-1","max-image-preview":"max-image-preview:large","max-video-preview":"max-video-preview:-1"},"canonical":"https:\/\/www.feyalegria.org\/brasil\/o-que-fazemos\/","og_locale":"es_ES","og_type":"article","og_title":"O que Fazemos - #SomosF\u00e9eAlegria en Brasil","og_description":"[vc_row css=&#8221;.vc_custom_1610136019840{padding-top: 30px !important;}&#8221;][vc_column width=&#8221;5\/6&#8243;][vc_column_text] O que Fazemos [\/vc_column_text][\/vc_column][vc_column width=&#8221;1\/6&#8243; css=&#8221;.vc_custom_1615844963314{margin-top: -80px !important;}&#8221; offset=&#8221;vc_hidden-sm vc_hidden-xs&#8221;][vc_single_image image=&#8221;2283&#8243; img_size=&#8221;150&#8243; alignment=&#8221;right&#8221; style=&#8221;vc_box_circle_2&#8243;][\/vc_column][\/vc_row][vc_row][vc_column][vc_tta_tabs active_section=&#8221;1&#8243; css=&#8221;.vc_custom_1635537729677{background-color: #ffffff !important;}&#8221;][vc_tta_section title=&#8221;Assist\u00eancia Social&#8221; tab_id=&#8221;1633715241110-3776b0e0-ee7c&#8221;][vc_row_inner css=&#8221;.vc_custom_1635538452309{background-color: #ffffff !important;}&#8221;][vc_column_inner][vc_column_text] Prote\u00e7\u00e3o Social B\u00e1sica [\/vc_column_text][vc_separator color=&#8221;custom&#8221; accent_color=&#8221;#aa0f16&#8243;][vc_column_text] Servi\u00e7o de Conviv\u00eancia e Fortalecimento de V\u00ednculos (SCFV) [\/vc_column_text][\/vc_column_inner][\/vc_row_inner][vc_row_inner css=&#8221;.vc_custom_1635538070424{background-color: #ffffff !important;}&#8221;][vc_column_inner width=&#8221;1\/2&#8243;][vc_single_image image=&#8221;25403&#8243; img_size=&#8221;large&#8221; alignment=&#8221;center&#8221; style=&#8221;vc_box_circle_2&#8243;][\/vc_column_inner][vc_column_inner width=&#8221;1\/2&#8243;][vc_column_text]O SCFV tem","og_url":"https:\/\/www.feyalegria.org\/brasil\/o-que-fazemos\/","og_site_name":"#SomosF\u00e9eAlegria en Brasil","article_modified_time":"2021-11-09T20:52:03+00:00","twitter_card":"summary_large_image","twitter_misc":{"Tiempo de lectura":"13 minutos"},"schema":{"@context":"https:\/\/schema.org","@graph":[{"@type":"WebPage","@id":"https:\/\/www.feyalegria.org\/brasil\/o-que-fazemos\/","url":"https:\/\/www.feyalegria.org\/brasil\/o-que-fazemos\/","name":"O que Fazemos - #SomosF\u00e9eAlegria en Brasil","isPartOf":{"@id":"https:\/\/www.feyalegria.org\/brasil\/#website"},"datePublished":"2020-07-21T16:30:09+00:00","dateModified":"2021-11-09T20:52:03+00:00","inLanguage":"es-CO","potentialAction":[{"@type":"ReadAction","target":["https:\/\/www.feyalegria.org\/brasil\/o-que-fazemos\/"]}]},{"@type":"WebSite","@id":"https:\/\/www.feyalegria.org\/brasil\/#website","url":"https:\/\/www.feyalegria.org\/brasil\/","name":"#SomosF\u00e9eAlegria en Brasil","description":"","potentialAction":[{"@type":"SearchAction","target":{"@type":"EntryPoint","urlTemplate":"https:\/\/www.feyalegria.org\/brasil\/?s={search_term_string}"},"query-input":{"@type":"PropertyValueSpecification","valueRequired":true,"valueName":"search_term_string"}}],"inLanguage":"es-CO"}]}},"_links":{"self":[{"href":"https:\/\/www.feyalegria.org\/brasil\/wp-json\/wp\/v2\/pages\/619","targetHints":{"allow":["GET"]}}],"collection":[{"href":"https:\/\/www.feyalegria.org\/brasil\/wp-json\/wp\/v2\/pages"}],"about":[{"href":"https:\/\/www.feyalegria.org\/brasil\/wp-json\/wp\/v2\/types\/page"}],"author":[{"embeddable":true,"href":"https:\/\/www.feyalegria.org\/brasil\/wp-json\/wp\/v2\/users\/19"}],"replies":[{"embeddable":true,"href":"https:\/\/www.feyalegria.org\/brasil\/wp-json\/wp\/v2\/comments?post=619"}],"version-history":[{"count":0,"href":"https:\/\/www.feyalegria.org\/brasil\/wp-json\/wp\/v2\/pages\/619\/revisions"}],"wp:attachment":[{"href":"https:\/\/www.feyalegria.org\/brasil\/wp-json\/wp\/v2\/media?parent=619"}],"wp:term":[{"taxonomy":"folder","embeddable":true,"href":"https:\/\/www.feyalegria.org\/brasil\/wp-json\/wp\/v2\/folder?post=619"}],"curies":[{"name":"wp","href":"https:\/\/api.w.org\/{rel}","templated":true}]}}