 {"id":2280,"date":"2020-12-10T18:41:07","date_gmt":"2020-12-10T23:41:07","guid":{"rendered":"https:\/\/www.feyalegria.org\/colombia\/?page_id=2280"},"modified":"2023-01-30T10:34:12","modified_gmt":"2023-01-30T15:34:12","slug":"mapa-presencia-fe-y-alegria","status":"publish","type":"page","link":"https:\/\/www.feyalegria.org\/colombia\/mapa-presencia-fe-y-alegria\/","title":{"rendered":"Mapa Presencia Fe y Alegr\u00eda"},"content":{"rendered":"<div class=\"wpb-content-wrapper\"><p>[vc_row][vc_column]\n\t\t\t\t<p class=\"rs-p-wp-fix\"><\/p>\n\t\t\t\t<sr7-module data-alias=\"banner-oriente-1\" data-id=\"18\" id=\"SR7_18_1\" data-version=\"6.7.54\">\n\t\t\t\t\t<sr7-adjuster><\/sr7-adjuster>\n\t\t\t\t\t<sr7-content>\n\t\t\t\t\t\t<sr7-slide id=\"SR7_18_1-39\" data-key=\"39\">\n\t\t\t\t\t\t\t<sr7-bg id=\"SR7_18_1-39-slidebg\" class=\"sr7-layer\"><noscript><img decoding=\"async\" src=\"https:\/\/d3pugrm67vf9n7.cloudfront.net\/wp-content\/uploads\/sites\/12\/2020\/11\/25195402\/BANNER-NACIONAL-1240X500.jpg\" alt=\"\" title=\"\"><\/noscript><\/sr7-bg>\n\t\t\t\t\t\t\t<h2 id=\"SR7_18_1-39-0\" class=\"sr7-layer\">Presencia <br \/>\nFe y Alegr\u00eda<br \/>\n<\/h2>\n\t\t\t\t\t\t\t<h1 id=\"SR7_18_1-39-1\" class=\"sr7-layer\">Mapa <\/h1>\n\t\t\t\t\t\t<\/sr7-slide>\n\t\t\t\t\t\t<sr7-slide id=\"SR7_18_1-60\" data-key=\"60\">\n\t\t\t\t\t\t<\/sr7-slide>\n\t\t\t\t\t<\/sr7-content>\n\t\t\t\t<\/sr7-module>\n\t\t\t\t<script>\n\t\t\t\t\twindow.SR7 ??={};SR7.PMH ??={}; SR7.PMH[\"SR7_18_1\"] = {cn:100,state:false,fn: function() { if (window._tpt!==undefined && window._tpt.prepareModuleHeight !== undefined) {  _tpt.prepareModuleHeight({id:\"SR7_18_1\",el:[500],type:'standard',shdw:'0',gh:[500],gw:[1024],vpt:['-200px'],size:{fullWidth:true, fullHeight:false},mh:'0',onh:0,onw:0,bg:{color:'transparent'},plType:'0',plColor:'#cc0000'});   SR7.PMH[\"SR7_18_1\"].state=true;} else if(SR7.PMH[\"SR7_18_1\"].cn-->0)\tsetTimeout( SR7.PMH[\"SR7_18_1\"].fn,19);}};SR7.PMH[\"SR7_18_1\" ].fn();\n\t\t\t\t<\/script>\n[\/vc_column][\/vc_row][vc_row][vc_column]<div style=\"background-color:;height: 50px\" class=\"nicdark_section  \"><\/div>[\/vc_column][\/vc_row][vc_row][vc_column width=\u00bb1\/6&#8243; url=\u00bburl:https%3A%2F%2Fwww.feyalegria.org%2Fcolombia%2Foficina-nacional%2F|title:Oficina%20Nacional\u00bb enable_sticky=\u00bbtrue\u00bb sticky_offset=\u00bb0&#8243; alignment=\u00bbcenter\u00bb]<div data-id=\"mpc_button-4769ee5bb59fbeb\" class=\"mpc-button mpc-init mpc-transition mpc-typography--default mpc-display--block \" ><div class=\"mpc-button__content mpc-effect-type--none mpc-effect-side--none\"><span class=\"mpc-button__title mpc-transition\">Oficina Nacional<\/span><\/div><div class=\"mpc-button__background mpc-transition mpc-effect-type--fade mpc-effect-side--in\"><\/div><\/div>[\/vc_column][vc_column width=\u00bb1\/6&#8243; url=\u00bburl:https%3A%2F%2Fwww.feyalegria.org%2Fcolombia%2Fregional-caribe%2F|title:Regional%20Caribe\u00bb enable_sticky=\u00bbtrue\u00bb sticky_offset=\u00bb0&#8243; alignment=\u00bbcenter\u00bb]<div data-id=\"mpc_button-6769ee5bb59fd07\" class=\"mpc-button mpc-init mpc-transition mpc-typography--default mpc-display--block \" ><div class=\"mpc-button__content mpc-effect-type--none mpc-effect-side--none\"><span class=\"mpc-button__title mpc-transition\">Regional Caribe<\/span><\/div><div class=\"mpc-button__background mpc-transition mpc-effect-type--fade mpc-effect-side--in\"><\/div><\/div>[\/vc_column][vc_column width=\u00bb1\/6&#8243; url=\u00bburl:https%3A%2F%2Fwww.feyalegria.org%2Fcolombia%2Fregional-antioquia%2F|title:Regional%20Antioquia\u00bb enable_sticky=\u00bbtrue\u00bb sticky_offset=\u00bb0&#8243; alignment=\u00bbcenter\u00bb]<div data-id=\"mpc_button-7969ee5bb59fddb\" class=\"mpc-button mpc-init mpc-transition mpc-typography--default mpc-display--block \" ><div class=\"mpc-button__content mpc-effect-type--none mpc-effect-side--none\"><span class=\"mpc-button__title mpc-transition\">Regional Antioquia Eje Cafetero<\/span><\/div><div class=\"mpc-button__background mpc-transition mpc-effect-type--fade mpc-effect-side--in\"><\/div><\/div>[\/vc_column][vc_column width=\u00bb1\/6&#8243; url=\u00bburl:https%3A%2F%2Fwww.feyalegria.org%2Fcolombia%2Fregional-bogota-tolima%2F|title:Regional%20Bogot%C3%A1%20Tolima\u00bb enable_sticky=\u00bbtrue\u00bb sticky_offset=\u00bb0&#8243; alignment=\u00bbcenter\u00bb]<div data-id=\"mpc_button-3169ee5bb59fea6\" class=\"mpc-button mpc-init mpc-transition mpc-typography--default mpc-display--block \" ><div class=\"mpc-button__content mpc-effect-type--none mpc-effect-side--none\"><span class=\"mpc-button__title mpc-transition\">Regional Bogot\u00e1 Tolima<\/span><\/div><div class=\"mpc-button__background mpc-transition mpc-effect-type--fade mpc-effect-side--in\"><\/div><\/div>[\/vc_column][vc_column width=\u00bb1\/6&#8243; url=\u00bburl:https%3A%2F%2Fwww.feyalegria.org%2Fcolombia%2Fregional-pacifico%2F|title:Regional%20Pac%C3%ADfico\u00bb enable_sticky=\u00bbtrue\u00bb sticky_offset=\u00bb0&#8243; alignment=\u00bbcenter\u00bb]<div data-id=\"mpc_button-5269ee5bb59ff6e\" class=\"mpc-button mpc-init mpc-transition mpc-typography--default mpc-display--block \" ><div class=\"mpc-button__content mpc-effect-type--none mpc-effect-side--none\"><span class=\"mpc-button__title mpc-transition\">Regional Pac\u00edfico<\/span><\/div><div class=\"mpc-button__background mpc-transition mpc-effect-type--fade mpc-effect-side--in\"><\/div><\/div>[\/vc_column][vc_column width=\u00bb1\/6&#8243; url=\u00bburl:https%3A%2F%2Fwww.feyalegria.org%2Fcolombia%2Fregional-oriente%2F|title:Regional%20Oriente\u00bb]<div data-id=\"mpc_button-7169ee5bb5a0053\" class=\"mpc-button mpc-init mpc-transition mpc-typography--default mpc-display--block \" ><div class=\"mpc-button__content mpc-effect-type--none mpc-effect-side--none\"><span class=\"mpc-button__title mpc-transition\">Regional Oriente<\/span><\/div><div class=\"mpc-button__background mpc-transition mpc-effect-type--fade mpc-effect-side--in\"><\/div><\/div>[\/vc_column][\/vc_row][vc_row][vc_column][vc_separator][\/vc_column][\/vc_row][vc_row full_width=\u00bbstretch_row\u00bb css=\u00bb.vc_custom_1660320733756{margin-top: -60px !important;margin-right: -60px !important;margin-bottom: -60px !important;margin-left: -60px !important;}\u00bb][vc_column]<div style=\"background-color:;height: 100px\" class=\"nicdark_section  \"><\/div>[vc_column_text]<\/p>\n<h2 style=\"text-align: center\">D\u00f3nde estamos<\/h2>\n<p>[\/vc_column_text][vc_column_text css=\u00bb.vc_custom_1660321429235{margin-bottom: -40px !important;}\u00bb]<\/p>\n<p style=\"text-align: center\">Haciendo clic sobre cada \u00edcono de localizaci\u00f3n, podr\u00e1s ver que tipo de iniciativa hacemos en cada territorio.<\/p>\n<p>[\/vc_column_text]<div id=\"mpc_interactive_image-1469ee5bb5ace44\" class=\"mpc-interactive_image mpc-init \"><img loading=\"lazy\" decoding=\"async\" src=\"https:\/\/d3pugrm67vf9n7.cloudfront.net\/wp-content\/uploads\/sites\/12\/2020\/12\/15150809\/MAPA-SIN-NOMBRE-e1608063200978.png\" width=\"2480\" height=\"2253\" alt=\"Image\" class=\"mpc-interactive_image__image\" \/><div class=\"mpc-interactive_image-wrap\"><div id=\"mpc_hotspot-19469ee5bb5ad06a\" class=\"mpc-hotspot mpc-init mpc-transition mpc-tooltip-wrap \"  data-position='[\"46.227\",\"18.246\"]'><i class=\"mpc-hotspot__icon mpc-transition  el el-map-marker mpc-init mpc-icon-type--icon mpc-tooltip-target\"><\/i><div id=\"mpc_tooltip-3969ee5bb5ad0c4\" class=\"mpc-tooltip mpc-init mpc-typography--default mpc-position--right mpc-can-hover mpc-trigger--hover \"><h5 style=\"text-align: center\"><strong><span style=\"color: #aa0f16\">Magdalena<\/span><\/strong><\/h5>\n<p style=\"text-align: center\"><strong><span style=\"color: #aa0f16\">Santa Marta<\/span><\/strong><\/p>\n<div class=\"toolTipMapa\">\n<table width=\"100%\" border=\"0\" align=\"center\" cellpadding=\"4\" cellspacing=\"4\">\n  <tbody>\n    <tr>\n      <td valign=\"middle\"><img decoding=\"async\" src=\"https:\/\/d3pugrm67vf9n7.cloudfront.net\/wp-content\/uploads\/sites\/12\/2020\/07\/22095227\/logoFyA-30-x-30.png\" alt=\"\"\/><\/td>\n      <td valign=\"middle\">&nbsp;Servicios Fe y Alegr\u00eda<\/td>\n    <\/tr>\n <tr>\n      <td valign=\"middle\"><img decoding=\"async\" src=\"https:\/\/d3pugrm67vf9n7.cloudfront.net\/wp-content\/uploads\/sites\/12\/2020\/12\/10123653\/6-e1607625214543.png\" alt=\"\"\/> <\/td>\n      <td valign=\"middle\"> Accenture, FIFyA y Entreculturas \/\/ Empleabilidad<\/td>\n    <\/tr>\n<tr>\n      <td valign=\"middle\"><img decoding=\"async\" src=\"https:\/\/d3pugrm67vf9n7.cloudfront.net\/wp-content\/uploads\/sites\/12\/2020\/12\/10123651\/7-e1607625234401.png\" alt=\"\"\/> <\/td>\n      <td valign=\"middle\"> Compa\u00f1\u00eda de Jes\u00fas \/\/ Regionalizaci\u00f3n<\/td>\n    <\/tr>\n<tr>\n      <td valign=\"middle\"><img decoding=\"async\" src=\"https:\/\/d3pugrm67vf9n7.cloudfront.net\/wp-content\/uploads\/sites\/12\/2020\/12\/10123648\/8-e1607625252841.png\" alt=\"\"\/> <\/td>\n      <td valign=\"middle\"> Innovaci\u00f3n para el aprendizaje y la transformaci\u00f3n social<\/td>\n    <\/tr>\n<tr>\n      <td valign=\"middle\"><img decoding=\"async\" src=\"https:\/\/d3pugrm67vf9n7.cloudfront.net\/wp-content\/uploads\/sites\/12\/2020\/12\/10123644\/010-e1607625290977.png\" alt=\"\"\/> <\/td>\n      <td valign=\"middle\"> IBM, FIFyA y Entreculturas \/\/ P-TECH<\/td>\n    <\/tr>\n  <\/tbody>\n<\/table>\n<\/div><div class=\"mpc-arrow\"><\/div><\/div><\/div><div id=\"mpc_hotspot-99169ee5bb5ad1ca\" class=\"mpc-hotspot mpc-init mpc-transition mpc-tooltip-wrap \"  data-position='[\"41.552\",\"24.094\"]'><i class=\"mpc-hotspot__icon mpc-transition  mi mi-location_on mpc-init mpc-icon-type--icon mpc-tooltip-target\"><\/i><div id=\"mpc_tooltip-2569ee5bb5ad211\" class=\"mpc-tooltip mpc-init mpc-typography--default mpc-position--left mpc-can-hover mpc-trigger--hover \"><h5 style=\"text-align: center\"><strong><span style=\"color: #aa0f16\">Bol\u00edvar<\/span><\/strong><\/h5>\n<p style=\"text-align: center\"><strong><span style=\"color: #aa0f16\">Cartagena<\/span><\/strong><\/p>\n<div class=\"toolTipMapa\">\n<table width=\"100%\" border=\"0\" align=\"center\" cellpadding=\"4\" cellspacing=\"4\">\n  <tbody>\n    <tr>\n      <td valign=\"middle\"><img decoding=\"async\" src=\"https:\/\/d3pugrm67vf9n7.cloudfront.net\/wp-content\/uploads\/sites\/12\/2020\/07\/22095227\/logoFyA-30-x-30.png\" alt=\"\"\/><\/td>\n      <td valign=\"middle\">&nbsp;Servicios Fe y Alegr\u00eda<\/td>\n    <\/tr>\n  <tr>\n      <td valign=\"middle\"><img decoding=\"async\" src=\"https:\/\/d3pugrm67vf9n7.cloudfront.net\/wp-content\/uploads\/sites\/12\/2020\/12\/10123653\/6-e1607625214543.png\" alt=\"\"\/> <\/td>\n      <td valign=\"middle\"> Accenture, FIFyA y Entreculturas \/\/ Empleabilidad<\/td>\n    <\/tr>\n<tr>\n      <td valign=\"middle\"><img decoding=\"async\" src=\"https:\/\/d3pugrm67vf9n7.cloudfront.net\/wp-content\/uploads\/sites\/12\/2020\/12\/10123651\/7-e1607625234401.png\" alt=\"\"\/> <\/td>\n      <td valign=\"middle\"> Compa\u00f1\u00eda de Jes\u00fas \/\/ Regionalizaci\u00f3n<\/td>\n    <\/tr>\n<tr>\n      <td valign=\"middle\"><img decoding=\"async\" src=\"https:\/\/d3pugrm67vf9n7.cloudfront.net\/wp-content\/uploads\/sites\/12\/2020\/12\/10123648\/8-e1607625252841.png\" alt=\"\"\/> <\/td>\n      <td valign=\"middle\"> Innovaci\u00f3n para el aprendizaje y la transformaci\u00f3n social<\/td>\n       <\/tr>\n<tr>\n      <td valign=\"middle\"><img decoding=\"async\" src=\"https:\/\/d3pugrm67vf9n7.cloudfront.net\/wp-content\/uploads\/sites\/12\/2020\/12\/10123657\/5.png\" alt=\"\"\/> <\/td>\n      <td valign=\"middle\"> Comunidad de Valencia y Entreculturas \/\/ ParticipAcci\u00f3n Caribe<\/td>\n    <\/tr>\n  <\/tbody>\n<\/table>\n<\/div><div class=\"mpc-arrow\"><\/div><\/div><\/div><div id=\"mpc_hotspot-65969ee5bb5ad2c5\" class=\"mpc-hotspot mpc-init mpc-transition mpc-tooltip-wrap \"  data-position='[\"41.087\",\"22.617\"]'><i class=\"mpc-hotspot__icon mpc-transition  mi mi-location_on mpc-init mpc-icon-type--icon mpc-tooltip-target\"><\/i><div id=\"mpc_tooltip-8069ee5bb5ad2ff\" class=\"mpc-tooltip mpc-init mpc-typography--default mpc-position--left mpc-can-hover mpc-trigger--hover \"><h5 style=\"text-align: center\"><strong><span style=\"color: #aa0f16\">Bol\u00edvar<\/span><\/strong><\/h5>\n<p style=\"text-align: center\"><strong><span style=\"color: #aa0f16\">Leticia, Recreo, Lomas de Matunilla, Puerto Badel, Bayunca, Santa Rosa y Villanueva<\/span><\/strong><\/p>\n<div class=\"toolTipMapa\">\n<table width=\"100%\" border=\"0\" align=\"center\" cellpadding=\"4\" cellspacing=\"4\">\n  <tbody>\n    <tr>\n      <td valign=\"middle\"><img decoding=\"async\" src=\"https:\/\/d3pugrm67vf9n7.cloudfront.net\/wp-content\/uploads\/sites\/12\/2020\/12\/10123657\/5.png\" alt=\"\"\/> <\/td>\n      <td valign=\"middle\"> Comunidad de Valencia y Entreculturas \/\/ ParticipAcci\u00f3n Caribe<\/td>\n    <\/tr>\n  <\/tbody>\n<\/table>\n<\/div><div class=\"mpc-arrow\"><\/div><\/div><\/div><div id=\"mpc_hotspot-21369ee5bb5ad3c9\" class=\"mpc-hotspot mpc-init mpc-transition mpc-tooltip-wrap \"  data-position='[\"39.532\",\"24.094\"]'><i class=\"mpc-hotspot__icon mpc-transition  mi mi-location_on mpc-init mpc-icon-type--icon mpc-tooltip-target\"><\/i><div id=\"mpc_tooltip-7669ee5bb5ad406\" class=\"mpc-tooltip mpc-init mpc-typography--default mpc-position--left mpc-can-hover mpc-trigger--hover \"><h5 style=\"text-align: center\"><strong><span style=\"color: #aa0f16\">Bol\u00edvar<\/span><\/strong><\/h5>\n<p style=\"text-align: center\"><strong><span style=\"color: #aa0f16\">Bar\u00fa<\/span><\/strong><\/p>\n<div class=\"toolTipMapa\">\n<table width=\"100%\" border=\"0\" align=\"center\" cellpadding=\"4\" cellspacing=\"4\">\n  <tbody>\n    <tr>\n      <td valign=\"middle\"><img decoding=\"async\" src=\"https:\/\/d3pugrm67vf9n7.cloudfront.net\/wp-content\/uploads\/sites\/12\/2020\/07\/22095227\/logoFyA-30-x-30.png\" alt=\"\"\/><\/td>\n      <td valign=\"middle\">&nbsp;Servicios Fe y Alegr\u00eda<\/td>\n    <\/tr>\n<tr>\n      <td valign=\"middle\"><img decoding=\"async\" src=\"https:\/\/d3pugrm67vf9n7.cloudfront.net\/wp-content\/uploads\/sites\/12\/2020\/12\/10123653\/6-e1607625214543.png\" alt=\"\"\/> <\/td>\n      <td valign=\"middle\"> Accenture, FIFyA y Entreculturas \/\/ Empleabilidad<\/td>\n    <\/tr>\n   <\/tbody>\n<\/table>\n<\/div><div class=\"mpc-arrow\"><\/div><\/div><\/div><div id=\"mpc_hotspot-4269ee5bb5ad4b6\" class=\"mpc-hotspot mpc-init mpc-transition mpc-tooltip-wrap \"  data-position='[\"39.664\",\"39.002\"]'><i class=\"mpc-hotspot__icon mpc-transition  mi mi-location_on mpc-init mpc-icon-type--icon mpc-tooltip-target\"><\/i><div id=\"mpc_tooltip-1169ee5bb5ad4f4\" class=\"mpc-tooltip mpc-init mpc-typography--default mpc-position--left mpc-can-hover mpc-trigger--hover \"><h5 style=\"text-align: center\"><strong><span style=\"color: #aa0f16\">Antioquia<\/span><\/strong><\/h5>\n<p style=\"text-align: center\"><strong><span style=\"color: #aa0f16\">Medell\u00edn<\/span><\/strong><\/p>\n<div class=\"toolTipMapa\">\n<table width=\"100%\" border=\"0\" align=\"center\" cellpadding=\"4\" cellspacing=\"4\">\n  <tbody>\n    <tr>\n      <td valign=\"middle\"><img decoding=\"async\" src=\"https:\/\/d3pugrm67vf9n7.cloudfront.net\/wp-content\/uploads\/sites\/12\/2020\/07\/22095227\/logoFyA-30-x-30.png\" alt=\"\"\/><\/td>\n      <td valign=\"middle\">&nbsp;Servicios Fe y Alegr\u00eda<\/td>\n    <\/tr>\n <tr>\n      <td valign=\"middle\"><img decoding=\"async\" src=\"https:\/\/d3pugrm67vf9n7.cloudfront.net\/wp-content\/uploads\/sites\/12\/2020\/12\/10123653\/6-e1607625214543.png\" alt=\"\"\/> <\/td>\n      <td valign=\"middle\"> Accenture, FIFyA y Entreculturas \/\/ Empleabilidad<\/td>\n    <\/tr>\n<tr>\n      <td valign=\"middle\"><img decoding=\"async\" src=\"https:\/\/d3pugrm67vf9n7.cloudfront.net\/wp-content\/uploads\/sites\/12\/2020\/12\/10123651\/7-e1607625234401.png\" alt=\"\"\/> <\/td>\n      <td valign=\"middle\"> Compa\u00f1\u00eda de Jes\u00fas \/\/ Regionalizaci\u00f3n<\/td>\n    <\/tr>\n  <\/tbody>\n<\/table>\n<\/div><div class=\"mpc-arrow\"><\/div><\/div><\/div><div id=\"mpc_hotspot-12669ee5bb5ad59b\" class=\"mpc-hotspot mpc-init mpc-transition mpc-tooltip-wrap \"  data-position='[\"42.083\",\"38.830\"]'><i class=\"mpc-hotspot__icon mpc-transition  mi mi-location_on mpc-init mpc-icon-type--icon mpc-tooltip-target\"><\/i><div id=\"mpc_tooltip-1969ee5bb5ad5d6\" class=\"mpc-tooltip mpc-init mpc-typography--default mpc-position--left mpc-can-hover mpc-trigger--hover \"><h5 style=\"text-align: center\"><strong><span style=\"color: #aa0f16\">Antioquia<\/span><\/strong><\/h5>\n<p style=\"text-align: center\"><strong><span style=\"color: #aa0f16\">Bello<\/span><\/strong><\/p>\n<div class=\"toolTipMapa\">\n<table width=\"100%\" border=\"0\" align=\"center\" cellpadding=\"4\" cellspacing=\"4\">\n  <tbody>\n    <tr>\n      <td valign=\"middle\"><img decoding=\"async\" src=\"https:\/\/d3pugrm67vf9n7.cloudfront.net\/wp-content\/uploads\/sites\/12\/2020\/07\/22095227\/logoFyA-30-x-30.png\" alt=\"\"\/><\/td>\n      <td valign=\"middle\">&nbsp;Servicios Fe y Alegr\u00eda<\/td>\n    <\/tr>\n     \n<tr>\n      <td valign=\"middle\"><img decoding=\"async\" src=\"https:\/\/d3pugrm67vf9n7.cloudfront.net\/wp-content\/uploads\/sites\/12\/2020\/12\/10123653\/6-e1607625214543.png\" alt=\"\"\/> <\/td>\n      <td valign=\"middle\"> Accenture, FIFyA y Entreculturas \/\/ Empleabilidad<\/td>\n    <\/tr>\n  <\/tbody>\n<\/table>\n<\/div><div class=\"mpc-arrow\"><\/div><\/div><\/div><div id=\"mpc_hotspot-86169ee5bb5ad678\" class=\"mpc-hotspot mpc-init mpc-transition mpc-tooltip-wrap \"  data-position='[\"35.494\",\"42.924\"]'><i class=\"mpc-hotspot__icon mpc-transition  mi mi-location_on mpc-init mpc-icon-type--icon mpc-tooltip-target\"><\/i><div id=\"mpc_tooltip-769ee5bb5ad6b1\" class=\"mpc-tooltip mpc-init mpc-typography--default mpc-position--left mpc-can-hover mpc-trigger--hover \"><h5 style=\"text-align: center\"><strong><span style=\"color: #aa0f16\">Choc\u00f3<\/span><\/strong><\/h5>\n<p style=\"text-align: center\"><strong><span style=\"color: #aa0f16\">Medio Atrato (Bebaram\u00e1 y Bet\u00e9)<\/span><\/strong><\/p>\n<div class=\"toolTipMapa\">\n<table width=\"100%\" border=\"0\" align=\"center\" cellpadding=\"4\" cellspacing=\"4\">\n  <tbody>\n     <tr>\n      <td valign=\"middle\"><img decoding=\"async\" src=\"https:\/\/d3pugrm67vf9n7.cloudfront.net\/wp-content\/uploads\/sites\/12\/2020\/12\/10123705\/2.png\" alt=\"\"\/><\/td>\n      <td valign=\"middle\">&nbsp;Educapaz \/\/ Programa Nacional de Educaci\u00f3n para la Paz<\/td>\n    <\/tr>\n    <\/tbody>\n<\/table>\n<\/div><div class=\"mpc-arrow\"><\/div><\/div><\/div><div id=\"mpc_hotspot-23669ee5bb5ad764\" class=\"mpc-hotspot mpc-init mpc-transition mpc-tooltip-wrap \"  data-position='[\"36.451\",\"44.795\"]'><i class=\"mpc-hotspot__icon mpc-transition  mi mi-location_on mpc-init mpc-icon-type--icon mpc-tooltip-target\"><\/i><div id=\"mpc_tooltip-4869ee5bb5ad79f\" class=\"mpc-tooltip mpc-init mpc-typography--default mpc-position--left mpc-can-hover mpc-trigger--hover \"><h5 style=\"text-align: center\"><strong><span style=\"color: #aa0f16\">Choc\u00f3<\/span><\/strong><\/h5>\n<p style=\"text-align: center\"><strong><span style=\"color: #aa0f16\">Quibd\u00f3<\/span><\/strong><\/p>\n<div class=\"toolTipMapa\">\n<table width=\"100%\" border=\"0\" align=\"center\" cellpadding=\"4\" cellspacing=\"4\">\n  <tbody>\n  <tr>\n      <td valign=\"middle\"><img decoding=\"async\" src=\"https:\/\/d3pugrm67vf9n7.cloudfront.net\/wp-content\/uploads\/sites\/12\/2020\/12\/10123705\/2.png\" alt=\"\"\/><\/td>\n      <td valign=\"middle\">&nbsp;Educapaz \/\/ Programa Nacional de Educaci\u00f3n para la Paz<\/td>\n    <\/tr>\n    <\/tbody>\n<\/table>\n<\/div><div class=\"mpc-arrow\"><\/div><\/div><\/div><div id=\"mpc_hotspot-88869ee5bb5ad854\" class=\"mpc-hotspot mpc-init mpc-transition mpc-tooltip-wrap \"  data-position='[\"33.277\",\"53.050\"]'><i class=\"mpc-hotspot__icon mpc-transition  mi mi-location_on mpc-init mpc-icon-type--icon mpc-tooltip-target\"><\/i><div id=\"mpc_tooltip-9269ee5bb5ad89b\" class=\"mpc-tooltip mpc-init mpc-typography--default mpc-position--left mpc-can-hover mpc-trigger--hover \"><h5 style=\"text-align: center\"><strong><span style=\"color: #aa0f16\">Valle del Cauca<\/span><\/strong><\/h5>\n<p style=\"text-align: center\"><strong><span style=\"color: #aa0f16\">Buenaventura<\/span><\/strong><\/p>\n<div class=\"toolTipMapa\">\n<table width=\"100%\" border=\"0\" align=\"center\" cellpadding=\"4\" cellspacing=\"4\">\n  <tbody>\n    <tr>\n      <td valign=\"middle\"><img decoding=\"async\" src=\"https:\/\/d3pugrm67vf9n7.cloudfront.net\/wp-content\/uploads\/sites\/12\/2020\/07\/22095227\/logoFyA-30-x-30.png\" alt=\"\"\/><\/td>\n      <td valign=\"middle\">&nbsp;Servicios Fe y Alegr\u00eda<\/td>\n    <\/tr>\n  <tr>\n      <td valign=\"middle\"><img decoding=\"async\" src=\"https:\/\/d3pugrm67vf9n7.cloudfront.net\/wp-content\/uploads\/sites\/12\/2020\/12\/10123653\/6-e1607625214543.png\" alt=\"\"\/> <\/td>\n      <td valign=\"middle\"> Accenture, FIFyA y Entreculturas \/\/ Empleabilidad<\/td>\n    <\/tr>\n    <tr>\n      <td valign=\"middle\"><img decoding=\"async\" src=\"https:\/\/d3pugrm67vf9n7.cloudfront.net\/wp-content\/uploads\/sites\/12\/2020\/12\/10123701\/3-e1607625154829.png\" alt=\"\"\/> <\/td>\n      <td valign=\"middle\">Fundaci\u00f3n Sociedad Portuaria de Buenaventura \/\/ Centro Educativo Bah\u00eda Buenaventura<\/td>\n    <\/tr>\n\t<tr>\n      <td valign=\"middle\"><img decoding=\"async\" src=\"https:\/\/d3pugrm67vf9n7.cloudfront.net\/wp-content\/uploads\/sites\/12\/2020\/12\/10123651\/7-e1607625234401.png\" alt=\"\"\/> <\/td>\n      <td valign=\"middle\"> Compa\u00f1\u00eda de Jes\u00fas \/\/ Regionalizaci\u00f3n<\/td>\n    <\/tr>\n<tr>\n      <td valign=\"middle\"><img decoding=\"async\" src=\"https:\/\/d3pugrm67vf9n7.cloudfront.net\/wp-content\/uploads\/sites\/12\/2020\/12\/10123648\/8-e1607625252841.png\" alt=\"\"\/> <\/td>\n      <td valign=\"middle\"> Innovaci\u00f3n para el aprendizaje y la transformaci\u00f3n social<\/td>\n    <\/tr>\n<tr>\n      <td valign=\"middle\"><img decoding=\"async\" src=\"https:\/\/d3pugrm67vf9n7.cloudfront.net\/wp-content\/uploads\/sites\/12\/2020\/12\/10123644\/010-e1607625290977.png\" alt=\"\"\/> <\/td>\n      <td valign=\"middle\"> IBM, FIFyA y Entreculturas \/\/ P-TECH<\/td>\n    <\/tr>\n  <\/tbody>\n<\/table>\n<\/div><div class=\"mpc-arrow\"><\/div><\/div><\/div><div id=\"mpc_hotspot-31869ee5bb5ad940\" class=\"mpc-hotspot mpc-init mpc-transition mpc-tooltip-wrap \"  data-position='[\"35.798\",\"54.344\"]'><i class=\"mpc-hotspot__icon mpc-transition  mi mi-location_on mpc-init mpc-icon-type--icon mpc-tooltip-target\"><\/i><div id=\"mpc_tooltip-1669ee5bb5ad980\" class=\"mpc-tooltip mpc-init mpc-typography--default mpc-position--left mpc-can-hover mpc-trigger--hover \"><h5 style=\"text-align: center\"><strong><span style=\"color: #aa0f16\">Valle del Cauca<\/span><\/strong><\/h5>\n<p style=\"text-align: center\"><strong><span style=\"color: #aa0f16\">Cali<\/span><\/strong><\/p>\n<div class=\"toolTipMapa\">\n<table width=\"100%\" border=\"0\" align=\"center\" cellpadding=\"4\" cellspacing=\"4\">\n  <tbody>\n    <tr>\n      <td valign=\"middle\"><img decoding=\"async\" src=\"https:\/\/d3pugrm67vf9n7.cloudfront.net\/wp-content\/uploads\/sites\/12\/2020\/07\/22095227\/logoFyA-30-x-30.png\" alt=\"\"\/><\/td>\n      <td valign=\"middle\">&nbsp;Servicios Fe y Alegr\u00eda<\/td>\n    <\/tr>\n    <tr>\n      <td valign=\"middle\"><img decoding=\"async\" src=\"https:\/\/d3pugrm67vf9n7.cloudfront.net\/wp-content\/uploads\/sites\/12\/2020\/12\/10123653\/6-e1607625214543.png\" alt=\"\"\/> <\/td>\n      <td valign=\"middle\"> Accenture, FIFyA y Entreculturas \/\/ Empleabilidad<\/td>\n    <\/tr>\n<tr>\n      <td valign=\"middle\"><img decoding=\"async\" src=\"https:\/\/d3pugrm67vf9n7.cloudfront.net\/wp-content\/uploads\/sites\/12\/2020\/12\/17004617\/icono-mapa-educapaz.png\" alt=\"\"\/><\/td>\n      <td valign=\"middle\">Educapaz \/\/ Programa Nacional de Educaci\u00f3n para la Paz<\/td>\n    <\/tr>\n    <tr>\n       <td valign=\"middle\"><img decoding=\"async\" src=\"https:\/\/d3pugrm67vf9n7.cloudfront.net\/wp-content\/uploads\/sites\/12\/2020\/12\/10123651\/7-e1607625234401.png\" alt=\"\"\/> <\/td>\n      <td valign=\"middle\"> Compa\u00f1\u00eda de Jes\u00fas \/\/ Regionalizaci\u00f3n<\/td>\n    <\/tr>\n  <\/tbody>\n<\/table>\n<\/div><div class=\"mpc-arrow\"><\/div><\/div><\/div><div id=\"mpc_hotspot-3069ee5bb5ada16\" class=\"mpc-hotspot mpc-init mpc-transition mpc-tooltip-wrap \"  data-position='[\"33.109\",\"57.486\"]'><i class=\"mpc-hotspot__icon mpc-transition  mi mi-location_on mpc-init mpc-icon-type--icon mpc-tooltip-target\"><\/i><div id=\"mpc_tooltip-5369ee5bb5ada4d\" class=\"mpc-tooltip mpc-init mpc-typography--default mpc-position--left mpc-can-hover mpc-trigger--hover \"><h5 style=\"text-align: center\"><strong><span style=\"color: #aa0f16\">Cauca<\/span><\/strong><\/h5>\n<p style=\"text-align: center\"><strong><span style=\"color: #aa0f16\">L\u00f3pez de Micay<\/span><\/strong><\/p>\n<div class=\"toolTipMapa\">\n<table width=\"100%\" border=\"0\" align=\"center\" cellpadding=\"4\" cellspacing=\"4\">\n  <tbody>\n    <tr>\n      <td valign=\"middle\"><img decoding=\"async\" src=\"https:\/\/d3pugrm67vf9n7.cloudfront.net\/wp-content\/uploads\/sites\/12\/2020\/12\/17004617\/icono-mapa-educapaz.png\" alt=\"\"\/><\/td>\n      <td valign=\"middle\">Educapaz \/\/ Programa Nacional de Educaci\u00f3n para la Paz<\/td>\n    <\/tr>\n  <\/tbody>\n<\/table>\n<\/div><div class=\"mpc-arrow\"><\/div><\/div><\/div><div id=\"mpc_hotspot-78069ee5bb5adaee\" class=\"mpc-hotspot mpc-init mpc-transition mpc-tooltip-wrap \"  data-position='[\"31.261\",\"58.041\"]'><i class=\"mpc-hotspot__icon mpc-transition  mi mi-location_on mpc-init mpc-icon-type--icon mpc-tooltip-target\"><\/i><div id=\"mpc_tooltip-8869ee5bb5adb27\" class=\"mpc-tooltip mpc-init mpc-typography--default mpc-position--left mpc-can-hover mpc-trigger--hover \"><h5 style=\"text-align: center\"><strong><span style=\"color: #aa0f16\">Cauca<\/span><\/strong><\/h5>\n<p style=\"text-align: center\"><strong><span style=\"color: #aa0f16\">Timbiqu\u00ed<\/span><\/strong><\/p>\n<div class=\"toolTipMapa\">\n<table width=\"100%\" border=\"0\" align=\"center\" cellpadding=\"4\" cellspacing=\"4\">\n  <tbody>\n  <tr>\n      <td valign=\"middle\"><img decoding=\"async\" src=\"https:\/\/d3pugrm67vf9n7.cloudfront.net\/wp-content\/uploads\/sites\/12\/2020\/12\/17004617\/icono-mapa-educapaz.png\" alt=\"\"\/><\/td>\n      <td valign=\"middle\">Educapaz \/\/ Programa Nacional de Educaci\u00f3n para la Paz<\/td>\n    <\/tr>\n  <\/tbody>\n<\/table>\n<\/div><div class=\"mpc-arrow\"><\/div><\/div><\/div><div id=\"mpc_hotspot-91469ee5bb5adbbc\" class=\"mpc-hotspot mpc-init mpc-transition mpc-tooltip-wrap \"  data-position='[\"31.092\",\"60.074\"]'><i class=\"mpc-hotspot__icon mpc-transition  mi mi-location_on mpc-init mpc-icon-type--icon mpc-tooltip-target\"><\/i><div id=\"mpc_tooltip-1169ee5bb5adbfe\" class=\"mpc-tooltip mpc-init mpc-typography--default mpc-position--left mpc-can-hover mpc-trigger--hover \"><h5 style=\"text-align: center\"><strong><span style=\"color: #aa0f16\">Cauca<\/span><\/strong><\/h5>\n<p style=\"text-align: center\"><strong><span style=\"color: #aa0f16\">Guapi<\/span><\/strong><\/p>\n<div class=\"toolTipMapa\">\n<table width=\"100%\" border=\"0\" align=\"center\" cellpadding=\"4\" cellspacing=\"4\">\n  <tbody>\n   <tr>\n      <td valign=\"middle\"><img decoding=\"async\" src=\"https:\/\/d3pugrm67vf9n7.cloudfront.net\/wp-content\/uploads\/sites\/12\/2020\/12\/17004617\/icono-mapa-educapaz.png\" alt=\"\"\/><\/td>\n      <td valign=\"middle\">Educapaz \/\/ Programa Nacional de Educaci\u00f3n para la Paz<\/td>\n    <\/tr>\n  <\/tbody>\n<\/table>\n<\/div><div class=\"mpc-arrow\"><\/div><\/div><\/div><div id=\"mpc_hotspot-87569ee5bb5adc92\" class=\"mpc-hotspot mpc-init mpc-transition mpc-tooltip-wrap \"  data-position='[\"36.670\",\"57.077\"]'><i class=\"mpc-hotspot__icon mpc-transition  mi mi-location_on mpc-init mpc-icon-type--icon mpc-tooltip-target\"><\/i><div id=\"mpc_tooltip-469ee5bb5adcca\" class=\"mpc-tooltip mpc-init mpc-typography--default mpc-position--left mpc-can-hover mpc-trigger--hover \"><h5 style=\"text-align: center\"><strong><span style=\"color: #aa0f16\">Cauca<\/span><\/strong><\/h5>\n<p style=\"text-align: center\"><strong><span style=\"color: #aa0f16\">Guachen\u00e9<\/span><\/strong><\/p>\n<div class=\"toolTipMapa\">\n<table width=\"100%\" border=\"0\" align=\"center\" cellpadding=\"4\" cellspacing=\"4\">\n  <tbody>\n    <tr>\n      <td valign=\"middle\"><img decoding=\"async\" src=\"https:\/\/d3pugrm67vf9n7.cloudfront.net\/wp-content\/uploads\/sites\/12\/2020\/07\/22095227\/logoFyA-30-x-30.png\" alt=\"\"\/><\/td>\n      <td valign=\"middle\">&nbsp;Servicios Fe y Alegr\u00eda<\/td>\n    <\/tr>\n    <\/tbody>\n<\/table>\n<\/div><div class=\"mpc-arrow\"><\/div><\/div><\/div><div id=\"mpc_hotspot-59869ee5bb5add5b\" class=\"mpc-hotspot mpc-init mpc-transition mpc-tooltip-wrap \"  data-position='[\"39.639\",\"47.836\"]'><i class=\"mpc-hotspot__icon mpc-transition  mi mi-location_on mpc-init mpc-icon-type--icon mpc-tooltip-target\"><\/i><div id=\"mpc_tooltip-469ee5bb5add94\" class=\"mpc-tooltip mpc-init mpc-typography--default mpc-position--top mpc-can-hover mpc-trigger--hover \"><h5 style=\"text-align: center\"><strong><span style=\"color: #aa0f16\">Caldas<\/span><\/strong><\/h5>\n<p style=\"text-align: center\"><strong><span style=\"color: #aa0f16\">Manizales<\/span><\/strong><\/p>\n<div class=\"toolTipMapa\">\n<table width=\"100%\" border=\"0\" align=\"center\" cellpadding=\"4\" cellspacing=\"4\">\n  <tbody>\n    <tr>\n      <td valign=\"middle\"><img decoding=\"async\" src=\"https:\/\/d3pugrm67vf9n7.cloudfront.net\/wp-content\/uploads\/sites\/12\/2020\/07\/22095227\/logoFyA-30-x-30.png\" alt=\"\"\/><\/td>\n      <td valign=\"middle\">&nbsp;Servicios Fe y Alegr\u00eda<\/td>\n    <\/tr>\n  <tr>\n      <td valign=\"middle\"><img decoding=\"async\" src=\"https:\/\/d3pugrm67vf9n7.cloudfront.net\/wp-content\/uploads\/sites\/12\/2020\/12\/10123651\/7-e1607625234401.png\" alt=\"\"\/> <\/td>\n      <td valign=\"middle\"> Compa\u00f1\u00eda de Jes\u00fas \/\/ Regionalizaci\u00f3n<\/td>\n    <\/tr>\n  <\/tbody>\n<\/table>\n<\/div><div class=\"mpc-arrow\"><\/div><\/div><\/div><div id=\"mpc_hotspot-67669ee5bb5ade2e\" class=\"mpc-hotspot mpc-init mpc-transition mpc-tooltip-wrap \"  data-position='[\"39.745\",\"49.942\"]'><i class=\"mpc-hotspot__icon mpc-transition  mi mi-location_on mpc-init mpc-icon-type--icon mpc-tooltip-target\"><\/i><div id=\"mpc_tooltip-3769ee5bb5ade70\" class=\"mpc-tooltip mpc-init mpc-typography--default mpc-position--bottom mpc-can-hover mpc-trigger--hover \"><h5 style=\"text-align: center\"><strong><span style=\"color: #aa0f16\">Risaralda<\/span><\/strong><\/h5>\n<p style=\"text-align: center\"><strong><span style=\"color: #aa0f16\">Pereira<\/span><\/strong><\/p>\n<div class=\"toolTipMapa\">\n<table width=\"100%\" border=\"0\" align=\"center\" cellpadding=\"4\" cellspacing=\"4\">\n  <tbody>\n    <tr>\n      <td valign=\"middle\"><img decoding=\"async\" src=\"https:\/\/d3pugrm67vf9n7.cloudfront.net\/wp-content\/uploads\/sites\/12\/2020\/07\/22095227\/logoFyA-30-x-30.png\" alt=\"\"\/><\/td>\n      <td valign=\"middle\">&nbsp;Servicios Fe y Alegr\u00eda<\/td>\n    <\/tr>\n   <tr>\n      <td valign=\"middle\"><img decoding=\"async\" src=\"https:\/\/d3pugrm67vf9n7.cloudfront.net\/wp-content\/uploads\/sites\/12\/2020\/12\/10123653\/6-e1607625214543.png\" alt=\"\"\/> <\/td>\n      <td valign=\"middle\"> Accenture, FIFyA y Entreculturas\/\/ Empleabilidad<\/td>\n    <\/tr>\n<tr>\n      <td valign=\"middle\"><img decoding=\"async\" src=\"https:\/\/d3pugrm67vf9n7.cloudfront.net\/wp-content\/uploads\/sites\/12\/2020\/12\/10123651\/7-e1607625234401.png\" alt=\"\"\/> <\/td>\n      <td valign=\"middle\"> Compa\u00f1\u00eda de Jes\u00fas \/\/ Regionalizaci\u00f3n<\/td>\n    <\/tr>\n<tr>\n      <td valign=\"middle\"><img decoding=\"async\" src=\"https:\/\/d3pugrm67vf9n7.cloudfront.net\/wp-content\/uploads\/sites\/12\/2020\/12\/10123648\/8-e1607625252841.png\" alt=\"\"\/> <\/td>\n      <td valign=\"middle\"> Innovaci\u00f3n para el aprendizaje y la transformaci\u00f3n social<\/td>\n    <\/tr>\n<tr>\n      <td valign=\"middle\"><img decoding=\"async\" src=\"https:\/\/d3pugrm67vf9n7.cloudfront.net\/wp-content\/uploads\/sites\/12\/2020\/12\/10123644\/010-e1607625290977.png\" alt=\"\"\/> <\/td>\n      <td valign=\"middle\"> IBM, FIFyA y Entrculturas \/\/ P-TECH<\/td>\n    <\/tr>\n  <\/tbody>\n<\/table>\n<\/div><div class=\"mpc-arrow\"><\/div><\/div><\/div><div id=\"mpc_hotspot-9769ee5bb5adf0a\" class=\"mpc-hotspot mpc-init mpc-transition mpc-tooltip-wrap \"  data-position='[\"39.532\",\"53.333\"]'><i class=\"mpc-hotspot__icon mpc-transition  mi mi-location_on mpc-init mpc-icon-type--icon mpc-tooltip-target\"><\/i><div id=\"mpc_tooltip-669ee5bb5adf44\" class=\"mpc-tooltip mpc-init mpc-typography--default mpc-position--top mpc-can-hover mpc-trigger--hover \"><h5 style=\"text-align: center\"><strong><span style=\"color: #aa0f16\">Tolima<\/span><\/strong><\/h5>\n<p style=\"text-align: center\"><strong><span style=\"color: #aa0f16\">Chaparral<\/span><\/strong><\/p>\n<div class=\"toolTipMapa\">\n<table width=\"100%\" border=\"0\" align=\"center\" cellpadding=\"4\" cellspacing=\"4\">\n  <tbody>\n    <tr>\n      <td valign=\"middle\"><img decoding=\"async\" src=\"https:\/\/d3pugrm67vf9n7.cloudfront.net\/wp-content\/uploads\/sites\/12\/2020\/07\/22095227\/logoFyA-30-x-30.png\" alt=\"\"\/><\/td>\n      <td valign=\"middle\">&nbsp;Servicios Fe y Alegr\u00eda<\/td>\n    <\/tr>\n  <tr>\n      <td valign=\"middle\"><img decoding=\"async\" src=\"https:\/\/d3pugrm67vf9n7.cloudfront.net\/wp-content\/uploads\/sites\/12\/2020\/12\/17004617\/icono-mapa-educapaz.png\" alt=\"\"\/><\/td>\n      <td valign=\"middle\">Educapaz \/\/ Programa Nacional de Educaci\u00f3n para la Paz<\/td>\n    <\/tr>\n  <\/tbody>\n<\/table>\n<\/div><div class=\"mpc-arrow\"><\/div><\/div><\/div><div id=\"mpc_hotspot-88669ee5bb5adfd0\" class=\"mpc-hotspot mpc-init mpc-transition mpc-tooltip-wrap \"  data-position='[\"38.682\",\"55.322\"]'><i class=\"mpc-hotspot__icon mpc-transition  mi mi-location_on mpc-init mpc-icon-type--icon mpc-tooltip-target\"><\/i><div id=\"mpc_tooltip-1069ee5bb5ae00a\" class=\"mpc-tooltip mpc-init mpc-typography--default mpc-position--top mpc-can-hover mpc-trigger--hover \"><h5 style=\"text-align: center\"><strong><span style=\"color: #aa0f16\">Tolima<\/span><\/strong><\/h5>\n<p style=\"text-align: center\"><strong><span style=\"color: #aa0f16\">Rioblanco<\/span><\/strong><\/p>\n<div class=\"toolTipMapa\">\n<table width=\"100%\" border=\"0\" align=\"center\" cellpadding=\"4\" cellspacing=\"4\">\n  <tbody>\n    <tr>\n      <td valign=\"middle\"><img decoding=\"async\" src=\"https:\/\/d3pugrm67vf9n7.cloudfront.net\/wp-content\/uploads\/sites\/12\/2020\/07\/22095227\/logoFyA-30-x-30.png\" alt=\"\"\/><\/td>\n      <td valign=\"middle\">&nbsp;Servicios Fe y Alegr\u00eda<\/td>\n    <\/tr>\n  \n<tr>\n      <td valign=\"middle\"><img decoding=\"async\" src=\"https:\/\/d3pugrm67vf9n7.cloudfront.net\/wp-content\/uploads\/sites\/12\/2020\/12\/17004617\/icono-mapa-educapaz.png\" alt=\"\"\/><\/td>\n      <td valign=\"middle\">Educapaz \/\/ Programa Nacional de Educaci\u00f3n para la Paz<\/td>\n    <\/tr>\n   <\/tbody>\n<\/table>\n<\/div><div class=\"mpc-arrow\"><\/div><\/div><\/div><div id=\"mpc_hotspot-28169ee5bb5ae092\" class=\"mpc-hotspot mpc-init mpc-transition mpc-tooltip-wrap \"  data-position='[\"40.170\",\"55.322\"]'><i class=\"mpc-hotspot__icon mpc-transition  mi mi-location_on mpc-init mpc-icon-type--icon mpc-tooltip-target\"><\/i><div id=\"mpc_tooltip-7369ee5bb5ae0cd\" class=\"mpc-tooltip mpc-init mpc-typography--default mpc-position--top mpc-can-hover mpc-trigger--hover \"><h5 style=\"text-align: center\"><strong><span style=\"color: #aa0f16\">Tolima<\/span><\/strong><\/h5>\n<p style=\"text-align: center\"><strong><span style=\"color: #aa0f16\">Ataco<\/span><\/strong><\/p>\n<div class=\"toolTipMapa\">\n<table width=\"100%\" border=\"0\" align=\"center\" cellpadding=\"4\" cellspacing=\"4\">\n  <tbody>\n    <tr>\n      <td valign=\"middle\"><img decoding=\"async\" src=\"https:\/\/d3pugrm67vf9n7.cloudfront.net\/wp-content\/uploads\/sites\/12\/2020\/07\/22095227\/logoFyA-30-x-30.png\" alt=\"\"\/><\/td>\n      <td valign=\"middle\">&nbsp;Servicios Fe y Alegr\u00eda<\/td>\n    <\/tr>\n  \n<tr>\n      <td valign=\"middle\"><img decoding=\"async\" src=\"https:\/\/d3pugrm67vf9n7.cloudfront.net\/wp-content\/uploads\/sites\/12\/2020\/12\/17004617\/icono-mapa-educapaz.png\" alt=\"\"\/><\/td>\n      <td valign=\"middle\">Educapaz \/\/ Programa Nacional de Educaci\u00f3n para la Paz<\/td>\n    <\/tr>\n  <\/tbody>\n<\/table>\n<\/div><div class=\"mpc-arrow\"><\/div><\/div><\/div><div id=\"mpc_hotspot-88969ee5bb5ae153\" class=\"mpc-hotspot mpc-init mpc-transition mpc-tooltip-wrap \"  data-position='[\"39.001\",\"56.842\"]'><i class=\"mpc-hotspot__icon mpc-transition  mi mi-location_on mpc-init mpc-icon-type--icon mpc-tooltip-target\"><\/i><div id=\"mpc_tooltip-7569ee5bb5ae18d\" class=\"mpc-tooltip mpc-init mpc-typography--default mpc-position--top mpc-can-hover mpc-trigger--hover \"><h5 style=\"text-align: center\"><strong><span style=\"color: #aa0f16\">Tolima<\/span><\/strong><\/h5>\n<p style=\"text-align: center\"><strong><span style=\"color: #aa0f16\">Planadas<\/span><\/strong><\/p>\n<div class=\"toolTipMapa\">\n<table width=\"100%\" border=\"0\" align=\"center\" cellpadding=\"4\" cellspacing=\"4\">\n  <tbody>\n    <tr>\n      <td valign=\"middle\"><img decoding=\"async\" src=\"https:\/\/d3pugrm67vf9n7.cloudfront.net\/wp-content\/uploads\/sites\/12\/2020\/07\/22095227\/logoFyA-30-x-30.png\" alt=\"\"\/><\/td>\n      <td valign=\"middle\">&nbsp;Servicios Fe y Alegr\u00eda<\/td>\n    <\/tr>\n  \n<tr>\n      <td valign=\"middle\"><img decoding=\"async\" src=\"https:\/\/d3pugrm67vf9n7.cloudfront.net\/wp-content\/uploads\/sites\/12\/2020\/12\/17004617\/icono-mapa-educapaz.png\" alt=\"\"\/><\/td>\n      <td valign=\"middle\">Educapaz \/\/ Programa Nacional de Educaci\u00f3n para la Paz<\/td>\n    <\/tr>\n  <\/tbody>\n<\/table>\n<\/div><div class=\"mpc-arrow\"><\/div><\/div><\/div><div id=\"mpc_hotspot-23669ee5bb5ae219\" class=\"mpc-hotspot mpc-init mpc-transition mpc-tooltip-wrap \"  data-position='[\"41.126\",\"49.942\"]'><i class=\"mpc-hotspot__icon mpc-transition  mi mi-location_on mpc-init mpc-icon-type--icon mpc-tooltip-target\"><\/i><div id=\"mpc_tooltip-5869ee5bb5ae25b\" class=\"mpc-tooltip mpc-init mpc-typography--default mpc-position--top mpc-can-hover mpc-trigger--hover \"><h5 style=\"text-align: center\"><strong><span style=\"color: #aa0f16\">Tolima<\/span><\/strong><\/h5>\n<p style=\"text-align: center\"><strong><span style=\"color: #aa0f16\">Ibagu\u00e9<\/span><\/strong><\/p>\n<div class=\"toolTipMapa\">\n<table width=\"100%\" border=\"0\" align=\"center\" cellpadding=\"4\" cellspacing=\"4\">\n  <tbody>\n    <tr>\n      <td valign=\"middle\"><img decoding=\"async\" src=\"https:\/\/d3pugrm67vf9n7.cloudfront.net\/wp-content\/uploads\/sites\/12\/2020\/07\/22095227\/logoFyA-30-x-30.png\" alt=\"\"\/><\/td>\n      <td valign=\"middle\">&nbsp;Servicios Fe y Alegr\u00eda<\/td>\n    <\/tr>\n  \n<tr>\n      <td valign=\"middle\"><img decoding=\"async\" src=\"https:\/\/d3pugrm67vf9n7.cloudfront.net\/wp-content\/uploads\/sites\/12\/2020\/12\/17004617\/icono-mapa-educapaz.png\" alt=\"\"\/><\/td>\n      <td valign=\"middle\">Educapaz \/\/ Programa Nacional de Educaci\u00f3n para la Paz<\/td>\n    <\/tr>\n  <tr>\n      <td valign=\"middle\"><img decoding=\"async\" src=\"https:\/\/d3pugrm67vf9n7.cloudfront.net\/wp-content\/uploads\/sites\/12\/2020\/12\/10123653\/6-e1607625214543.png\" alt=\"\"\/> <\/td>\n      <td valign=\"middle\"> Accenture y FIFyA \/\/ Empleabilidad<\/td>\n    <\/tr>\n<tr>\n      <td valign=\"middle\"><img decoding=\"async\" src=\"https:\/\/d3pugrm67vf9n7.cloudfront.net\/wp-content\/uploads\/sites\/12\/2020\/12\/10123648\/8-e1607625252841.png\" alt=\"\"\/> <\/td>\n      <td valign=\"middle\">Innovaci\u00f3n educativa para el aprendizaje y la transformaci\u00f3n social<\/td>\n    <\/tr>\n<tr>\n      <td valign=\"middle\"><img decoding=\"async\" src=\"https:\/\/d3pugrm67vf9n7.cloudfront.net\/wp-content\/uploads\/sites\/12\/2020\/12\/10123644\/010-e1607625290977.png\" alt=\"\"\/> <\/td>\n      <td valign=\"middle\"> IBM y FIFyA\/\/ P-TECH<\/td>\n    <\/tr>\n  <\/tbody>\n<\/table>\n<\/div><div class=\"mpc-arrow\"><\/div><\/div><\/div><div id=\"mpc_hotspot-54369ee5bb5ae2fa\" class=\"mpc-hotspot mpc-init mpc-transition mpc-tooltip-wrap \"  data-position='[\"45.058\",\"48.538\"]'><i class=\"mpc-hotspot__icon mpc-transition  mi mi-location_on mpc-init mpc-icon-type--icon mpc-tooltip-target\"><\/i><div id=\"mpc_tooltip-6969ee5bb5ae33e\" class=\"mpc-tooltip mpc-init mpc-typography--default mpc-position--right mpc-can-hover mpc-trigger--hover \"><h5 style=\"text-align: center\"><strong><span style=\"color: #aa0f16\">Bogot\u00e1 D.C.<\/span><\/strong><\/h5>\n<div class=\"toolTipMapa\">\n<table width=\"100%\" border=\"0\" align=\"center\" cellpadding=\"4\" cellspacing=\"4\">\n  <tbody>\n    <tr>\n      <td valign=\"middle\"><img decoding=\"async\" src=\"https:\/\/d3pugrm67vf9n7.cloudfront.net\/wp-content\/uploads\/sites\/12\/2020\/07\/22095227\/logoFyA-30-x-30.png\" alt=\"\"\/><\/td>\n      <td valign=\"middle\">&nbsp;Servicios Fe y Alegr\u00eda<\/td>\n    <\/tr>\n   <tr>\n      <td valign=\"middle\"><img decoding=\"async\" src=\"https:\/\/d3pugrm67vf9n7.cloudfront.net\/wp-content\/uploads\/sites\/12\/2020\/12\/17004617\/icono-mapa-educapaz.png\" alt=\"\"\/><\/td>\n      <td valign=\"middle\">&nbsp;Educapaz \/\/ Programa Nacional de Educaci\u00f3n para la Paz<\/td>\n    <\/tr>\n    \t<tr>\n      <td valign=\"middle\"><img decoding=\"async\" src=\"https:\/\/d3pugrm67vf9n7.cloudfront.net\/wp-content\/uploads\/sites\/12\/2020\/12\/10123653\/6-e1607625214543.png\" alt=\"\"\/> <\/td>\n      <td valign=\"middle\"> Accenture, FIFyA y Entreculturas \/\/ Empleabilidad<\/td>\n    <\/tr>\n<tr>\n      <td valign=\"middle\"><img decoding=\"async\" src=\"https:\/\/d3pugrm67vf9n7.cloudfront.net\/wp-content\/uploads\/sites\/12\/2020\/12\/10123651\/7-e1607625234401.png\" alt=\"\"\/> <\/td>\n      <td valign=\"middle\"> Compa\u00f1\u00eda de Jes\u00fas \/\/ Regionalizaci\u00f3n<\/td>\n    <\/tr>\n<tr>\n      <td valign=\"middle\"><img decoding=\"async\" src=\"https:\/\/d3pugrm67vf9n7.cloudfront.net\/wp-content\/uploads\/sites\/12\/2020\/12\/10123648\/8-e1607625252841.png\" alt=\"\"\/> <\/td>\n      <td valign=\"middle\"> Innovaci\u00f3n para el aprendizaje y la transformaci\u00f3n social<\/td>\n    <\/tr>\n<tr>\n      <td valign=\"middle\"><img decoding=\"async\" src=\"https:\/\/d3pugrm67vf9n7.cloudfront.net\/wp-content\/uploads\/sites\/12\/2020\/12\/10123644\/010-e1607625290977.png\" alt=\"\"\/> <\/td>\n      <td valign=\"middle\">IBM, FIFyA y Entreculturas \/\/ P-TECH<\/td>\n    <\/tr>\n  <\/tbody>\n<\/table>\n<\/div><div class=\"mpc-arrow\"><\/div><\/div><\/div><div id=\"mpc_hotspot-89769ee5bb5ae3c2\" class=\"mpc-hotspot mpc-init mpc-transition mpc-tooltip-wrap \"  data-position='[\"44.527\",\"51.111\"]'><i class=\"mpc-hotspot__icon mpc-transition  mi mi-location_on mpc-init mpc-icon-type--icon mpc-tooltip-target\"><\/i><div id=\"mpc_tooltip-4169ee5bb5ae3fe\" class=\"mpc-tooltip mpc-init mpc-typography--default mpc-position--bottom mpc-can-hover mpc-trigger--hover \"><h5 style=\"text-align: center\"><strong><span style=\"color: #aa0f16\">Cundinamarca<\/span><\/strong><\/h5>\n<p style=\"text-align: center\"><strong><span style=\"color: #aa0f16\">Soacha<\/span><\/strong><\/p>\n<div class=\"toolTipMapa\">\n<table width=\"100%\" border=\"0\" align=\"center\" cellpadding=\"4\" cellspacing=\"4\">\n  <tbody>\n    <tr>\n      <td valign=\"middle\"><img decoding=\"async\" src=\"https:\/\/d3pugrm67vf9n7.cloudfront.net\/wp-content\/uploads\/sites\/12\/2020\/07\/22095227\/logoFyA-30-x-30.png\" alt=\"\"\/><\/td>\n      <td valign=\"middle\">&nbsp;Servicios Fe y Alegr\u00eda<\/td>\n    <\/tr>\n  <tr>\n      <td valign=\"middle\"><img decoding=\"async\" src=\"https:\/\/d3pugrm67vf9n7.cloudfront.net\/wp-content\/uploads\/sites\/12\/2020\/12\/10123653\/6-e1607625214543.png\" alt=\"\"\/> <\/td>\n      <td valign=\"middle\"> Accenture, FIFyA y entreculturas \/\/ Empleabilidad<\/td>\n    <\/tr>\n<tr>\n      <td valign=\"middle\"><img decoding=\"async\" src=\"https:\/\/d3pugrm67vf9n7.cloudfront.net\/wp-content\/uploads\/sites\/12\/2020\/12\/10123648\/8-e1607625252841.png\" alt=\"\"\/> <\/td>\n      <td valign=\"middle\"> Innovaci\u00f3n para el aprendizaje y la transformaci\u00f3n social<\/td>\n    <\/tr>\n  <\/tbody>\n<\/table>\n<\/div><div class=\"mpc-arrow\"><\/div><\/div><\/div><div id=\"mpc_hotspot-31669ee5bb5ae476\" class=\"mpc-hotspot mpc-init mpc-transition mpc-tooltip-wrap \"  data-position='[\"46.546\",\"50.058\"]'><i class=\"mpc-hotspot__icon mpc-transition  mi mi-location_on mpc-init mpc-icon-type--icon mpc-tooltip-target\"><\/i><div id=\"mpc_tooltip-5169ee5bb5ae4ad\" class=\"mpc-tooltip mpc-init mpc-typography--default mpc-position--top mpc-can-hover mpc-trigger--hover \"><h5 style=\"text-align: center\"><strong><span style=\"color: #aa0f16\">Cundinamarca<\/span><\/strong><\/h5>\n<p style=\"text-align: center\"><strong><span style=\"color: #aa0f16\">La Calera<\/span><\/strong><\/p>\n<div class=\"toolTipMapa\">\n<table width=\"100%\" border=\"0\" align=\"center\" cellpadding=\"4\" cellspacing=\"4\">\n  <tbody>\n   <tr>\n      <td valign=\"middle\"><img decoding=\"async\" src=\"https:\/\/d3pugrm67vf9n7.cloudfront.net\/wp-content\/uploads\/sites\/12\/2020\/12\/17004617\/icono-mapa-educapaz.png\" alt=\"\"\/><\/td>\n      <td valign=\"middle\">&nbsp;Educapaz \/\/ Programa Nacional de Educaci\u00f3n para la Paz<\/td>\n    <\/tr>\n <\/tbody>\n<\/table>\n<\/div><div class=\"mpc-arrow\"><\/div><\/div><\/div><div id=\"mpc_hotspot-53269ee5bb5ae527\" class=\"mpc-hotspot mpc-init mpc-transition mpc-tooltip-wrap \"  data-position='[\"44.633\",\"57.310\"]'><i class=\"mpc-hotspot__icon mpc-transition  mi mi-location_on mpc-init mpc-icon-type--icon mpc-tooltip-target\"><\/i><div id=\"mpc_tooltip-9669ee5bb5ae561\" class=\"mpc-tooltip mpc-init mpc-typography--default mpc-position--right mpc-can-hover mpc-trigger--hover \"><h5 style=\"text-align: center\"><strong><span style=\"color: #aa0f16\">Meta<\/span><\/strong><\/h5>\n<p style=\"text-align: center\"><strong><span style=\"color: #aa0f16\">Uribe<\/span><\/strong><\/p>\n<div class=\"toolTipMapa\">\n<table width=\"100%\" border=\"0\" align=\"center\" cellpadding=\"4\" cellspacing=\"4\">\n  <tbody>\n    <tr>\n      <td valign=\"middle\"><img decoding=\"async\" src=\"https:\/\/d3pugrm67vf9n7.cloudfront.net\/wp-content\/uploads\/sites\/12\/2020\/07\/22095227\/logoFyA-30-x-30.png\" alt=\"\"\/><\/td>\n      <td valign=\"middle\">Servicios Fe y Alegr\u00eda<\/td>\n    <\/tr>\n  <tr>\n      <td valign=\"middle\"><img decoding=\"async\" src=\"https:\/\/d3pugrm67vf9n7.cloudfront.net\/wp-content\/uploads\/sites\/12\/2020\/12\/17111203\/icono-mapa-diocesis.png\" alt=\"\"\/> <\/td>\n      <td valign=\"middle\"> Di\u00f3cesis de Granada \/\/ Educaci\u00f3n Rural<\/td>\n    <\/tr>\n <\/tbody>\n<\/table>\n<\/div><div class=\"mpc-arrow\"><\/div><\/div><\/div><div id=\"mpc_hotspot-66869ee5bb5ae5d8\" class=\"mpc-hotspot mpc-init mpc-transition mpc-tooltip-wrap \"  data-position='[\"55.048\",\"56.608\"]'><i class=\"mpc-hotspot__icon mpc-transition  mi mi-location_on mpc-init mpc-icon-type--icon mpc-tooltip-target\"><\/i><div id=\"mpc_tooltip-4869ee5bb5ae612\" class=\"mpc-tooltip mpc-init mpc-typography--default mpc-position--right mpc-can-hover mpc-trigger--hover \"><h5 style=\"text-align: center\"><strong><span style=\"color: #aa0f16\">Meta<\/span><\/strong><\/h5>\n<p style=\"text-align: center\"><strong><span style=\"color: #aa0f16\">Mapirip\u00e1n<\/span><\/strong><\/p>\n<div class=\"toolTipMapa\">\n<table width=\"100%\" border=\"0\" align=\"center\" cellpadding=\"4\" cellspacing=\"4\">\n  <tbody>\n    <tr>\n      <td valign=\"middle\"><img decoding=\"async\" src=\"https:\/\/d3pugrm67vf9n7.cloudfront.net\/wp-content\/uploads\/sites\/12\/2020\/07\/22095227\/logoFyA-30-x-30.png\" alt=\"\"\/><\/td>\n      <td valign=\"middle\">Servicios Fe y Alegr\u00eda<\/td>\n    <\/tr>\n  <tr>\n      <td valign=\"middle\"><img decoding=\"async\" src=\"https:\/\/d3pugrm67vf9n7.cloudfront.net\/wp-content\/uploads\/sites\/12\/2020\/12\/17111203\/icono-mapa-diocesis.png\" alt=\"\"\/> <\/td>\n      <td valign=\"middle\"> Di\u00f3cesis de Granada \/\/ Educaci\u00f3n Rural<\/td>\n    <\/tr>\n <\/tbody>\n<\/table>\n<\/div><div class=\"mpc-arrow\"><\/div><\/div><\/div><div id=\"mpc_hotspot-85669ee5bb5ae688\" class=\"mpc-hotspot mpc-init mpc-transition mpc-tooltip-wrap \"  data-position='[\"51.860\",\"57.778\"]'><i class=\"mpc-hotspot__icon mpc-transition  mi mi-location_on mpc-init mpc-icon-type--icon mpc-tooltip-target\"><\/i><div id=\"mpc_tooltip-969ee5bb5ae6d0\" class=\"mpc-tooltip mpc-init mpc-typography--default mpc-position--right mpc-can-hover mpc-trigger--hover \"><h5 style=\"text-align: center\"><strong><span style=\"color: #aa0f16\">Meta<\/span><\/strong><\/h5>\n<p style=\"text-align: center\"><strong><span style=\"color: #aa0f16\">Puerto Concordia<\/span><\/strong><\/p>\n<div class=\"toolTipMapa\">\n<table width=\"100%\" border=\"0\" align=\"center\" cellpadding=\"4\" cellspacing=\"4\">\n  <tbody>\n    <tr>\n      <td valign=\"middle\"><img decoding=\"async\" src=\"https:\/\/d3pugrm67vf9n7.cloudfront.net\/wp-content\/uploads\/sites\/12\/2020\/07\/22095227\/logoFyA-30-x-30.png\" alt=\"\"\/><\/td>\n      <td valign=\"middle\">Servicios Fe y Alegr\u00eda<\/td>\n    <\/tr>\n  <tr>\n      <td valign=\"middle\"><img decoding=\"async\" src=\"https:\/\/d3pugrm67vf9n7.cloudfront.net\/wp-content\/uploads\/sites\/12\/2020\/12\/17111203\/icono-mapa-diocesis.png\" alt=\"\"\/> <\/td>\n      <td valign=\"middle\"> Di\u00f3cesis de Granada \/\/ Educaci\u00f3n Rural<\/td>\n    <\/tr>\n <\/tbody>\n<\/table>\n<\/div><div class=\"mpc-arrow\"><\/div><\/div><\/div><div id=\"mpc_hotspot-95969ee5bb5ae748\" class=\"mpc-hotspot mpc-init mpc-transition mpc-tooltip-wrap \"  data-position='[\"50.266\",\"58.129\"]'><i class=\"mpc-hotspot__icon mpc-transition  mi mi-location_on mpc-init mpc-icon-type--icon mpc-tooltip-target\"><\/i><div id=\"mpc_tooltip-1769ee5bb5ae782\" class=\"mpc-tooltip mpc-init mpc-typography--default mpc-position--right mpc-can-hover mpc-trigger--hover \"><h5 style=\"text-align: center\"><strong><span style=\"color: #aa0f16\">Meta<\/span><\/strong><\/h5>\n<p style=\"text-align: center\"><strong><span style=\"color: #aa0f16\">Puerto Rico<\/span><\/strong><\/p>\n<div class=\"toolTipMapa\">\n<table width=\"100%\" border=\"0\" align=\"center\" cellpadding=\"4\" cellspacing=\"4\">\n  <tbody>\n    <tr>\n      <td valign=\"middle\"><img decoding=\"async\" src=\"https:\/\/d3pugrm67vf9n7.cloudfront.net\/wp-content\/uploads\/sites\/12\/2020\/07\/22095227\/logoFyA-30-x-30.png\" alt=\"\"\/><\/td>\n      <td valign=\"middle\">Servicios Fe y Alegr\u00eda<\/td>\n    <\/tr>\n  <tr>\n      <td valign=\"middle\"><img decoding=\"async\" src=\"https:\/\/d3pugrm67vf9n7.cloudfront.net\/wp-content\/uploads\/sites\/12\/2020\/12\/17111203\/icono-mapa-diocesis.png\" alt=\"\"\/> <\/td>\n      <td valign=\"middle\"> Di\u00f3cesis de Granada \/\/ Educaci\u00f3n Rural<\/td>\n    <\/tr>\n <\/tbody>\n<\/table>\n<\/div><div class=\"mpc-arrow\"><\/div><\/div><\/div><div id=\"mpc_hotspot-53969ee5bb5ae7f7\" class=\"mpc-hotspot mpc-init mpc-transition mpc-tooltip-wrap \"  data-position='[\"47.609\",\"57.661\"]'><i class=\"mpc-hotspot__icon mpc-transition  mi mi-location_on mpc-init mpc-icon-type--icon mpc-tooltip-target\"><\/i><div id=\"mpc_tooltip-4269ee5bb5ae830\" class=\"mpc-tooltip mpc-init mpc-typography--default mpc-position--right mpc-can-hover mpc-trigger--hover \"><h5 style=\"text-align: center\"><strong><span style=\"color: #aa0f16\">Meta<\/span><\/strong><\/h5>\n<p style=\"text-align: center\"><strong><span style=\"color: #aa0f16\">Vistahermosa<\/span><\/strong><\/p>\n<div class=\"toolTipMapa\">\n<table width=\"100%\" border=\"0\" align=\"center\" cellpadding=\"4\" cellspacing=\"4\">\n  <tbody>\n    <tr>\n      <td valign=\"middle\"><img decoding=\"async\" src=\"https:\/\/d3pugrm67vf9n7.cloudfront.net\/wp-content\/uploads\/sites\/12\/2020\/07\/22095227\/logoFyA-30-x-30.png\" alt=\"\"\/><\/td>\n      <td valign=\"middle\">Servicios Fe y Alegr\u00eda<\/td>\n    <\/tr>\n  <tr>\n      <td valign=\"middle\"><img decoding=\"async\" src=\"https:\/\/d3pugrm67vf9n7.cloudfront.net\/wp-content\/uploads\/sites\/12\/2020\/12\/17111203\/icono-mapa-diocesis.png\" alt=\"\"\/> <\/td>\n      <td valign=\"middle\"> Di\u00f3cesis de Granada \/\/ Educaci\u00f3n Rural<\/td>\n    <\/tr>\n <\/tbody>\n<\/table>\n<\/div><div class=\"mpc-arrow\"><\/div><\/div><\/div><div id=\"mpc_hotspot-63769ee5bb5ae8a0\" class=\"mpc-hotspot mpc-init mpc-transition mpc-tooltip-wrap \"  data-position='[\"45.696\",\"56.374\"]'><i class=\"mpc-hotspot__icon mpc-transition  mi mi-location_on mpc-init mpc-icon-type--icon mpc-tooltip-target\"><\/i><div id=\"mpc_tooltip-4469ee5bb5ae8d9\" class=\"mpc-tooltip mpc-init mpc-typography--default mpc-position--right mpc-can-hover mpc-trigger--hover \"><h5 style=\"text-align: center\"><strong><span style=\"color: #aa0f16\">Meta<\/span><\/strong><\/h5>\n<p style=\"text-align: center\"><strong><span style=\"color: #aa0f16\">Mesetas<\/span><\/strong><\/p>\n<div class=\"toolTipMapa\">\n<table width=\"100%\" border=\"0\" align=\"center\" cellpadding=\"4\" cellspacing=\"4\">\n  <tbody>\n    <tr>\n      <td valign=\"middle\"><img decoding=\"async\" src=\"https:\/\/d3pugrm67vf9n7.cloudfront.net\/wp-content\/uploads\/sites\/12\/2020\/07\/22095227\/logoFyA-30-x-30.png\" alt=\"\"\/><\/td>\n      <td valign=\"middle\">Servicios Fe y Alegr\u00eda<\/td>\n    <\/tr>\n  <tr>\n      <td valign=\"middle\"><img decoding=\"async\" src=\"https:\/\/d3pugrm67vf9n7.cloudfront.net\/wp-content\/uploads\/sites\/12\/2020\/12\/17111203\/icono-mapa-diocesis.png\" alt=\"\"\/> <\/td>\n      <td valign=\"middle\"> Di\u00f3cesis de Granada \/\/ Educaci\u00f3n Rural<\/td>\n    <\/tr>\n <\/tbody>\n<\/table>\n<\/div><div class=\"mpc-arrow\"><\/div><\/div><\/div><div id=\"mpc_hotspot-68169ee5bb5ae948\" class=\"mpc-hotspot mpc-init mpc-transition mpc-tooltip-wrap \"  data-position='[\"46.121\",\"61.287\"]'><i class=\"mpc-hotspot__icon mpc-transition  mi mi-location_on mpc-init mpc-icon-type--icon mpc-tooltip-target\"><\/i><div id=\"mpc_tooltip-6069ee5bb5ae981\" class=\"mpc-tooltip mpc-init mpc-typography--default mpc-position--right mpc-can-hover mpc-trigger--hover \"><h5 style=\"text-align: center\"><strong><span style=\"color: #aa0f16\">Meta<\/span><\/strong><\/h5>\n<p style=\"text-align: center\"><strong><span style=\"color: #aa0f16\">La Macarena<\/span><\/strong><\/p>\n<div class=\"toolTipMapa\">\n<table width=\"100%\" border=\"0\" align=\"center\" cellpadding=\"4\" cellspacing=\"4\">\n  <tbody>\n    <tr>\n      <td valign=\"middle\"><img decoding=\"async\" src=\"https:\/\/d3pugrm67vf9n7.cloudfront.net\/wp-content\/uploads\/sites\/12\/2020\/07\/22095227\/logoFyA-30-x-30.png\" alt=\"\"\/><\/td>\n      <td valign=\"middle\">Servicios Fe y Alegr\u00eda<\/td>\n    <\/tr>\n  <tr>\n      <td valign=\"middle\"><img decoding=\"async\" src=\"https:\/\/d3pugrm67vf9n7.cloudfront.net\/wp-content\/uploads\/sites\/12\/2020\/12\/17111203\/icono-mapa-diocesis.png\" alt=\"\"\/> <\/td>\n      <td valign=\"middle\"> Di\u00f3cesis de Granada \/\/ Educaci\u00f3n Rural<\/td>\n    <\/tr>\n <\/tbody>\n<\/table>\n<\/div><div class=\"mpc-arrow\"><\/div><\/div><\/div><div id=\"mpc_hotspot-9969ee5bb5ae9ec\" class=\"mpc-hotspot mpc-init mpc-transition mpc-tooltip-wrap \"  data-position='[\"56.536\",\"52.749\"]'><i class=\"mpc-hotspot__icon mpc-transition  mi mi-location_on mpc-init mpc-icon-type--icon mpc-tooltip-target\"><\/i><div id=\"mpc_tooltip-5969ee5bb5aea26\" class=\"mpc-tooltip mpc-init mpc-typography--default mpc-position--right mpc-can-hover mpc-trigger--hover \"><h5 style=\"text-align: center\"><strong><span style=\"color: #aa0f16\">Meta<\/span><\/strong><\/h5>\n<p style=\"text-align: center\"><strong><span style=\"color: #aa0f16\">Puerto Gait\u00e1n<\/span><\/strong><\/p>\n<div class=\"toolTipMapa\">\n<table width=\"100%\" border=\"0\" align=\"center\" cellpadding=\"4\" cellspacing=\"4\">\n  <tbody>\n    <tr>\n      <td valign=\"middle\"><img decoding=\"async\" src=\"https:\/\/d3pugrm67vf9n7.cloudfront.net\/wp-content\/uploads\/sites\/12\/2020\/07\/22095227\/logoFyA-30-x-30.png\" alt=\"\"\/><\/td>\n      <td valign=\"middle\">Servicios Fe y Alegr\u00eda<\/td>\n    <\/tr>\n  <tr>\n      <td valign=\"middle\"><img decoding=\"async\" src=\"https:\/\/d3pugrm67vf9n7.cloudfront.net\/wp-content\/uploads\/sites\/12\/2020\/12\/17111203\/icono-mapa-diocesis.png\" alt=\"\"\/> <\/td>\n      <td valign=\"middle\"> Di\u00f3cesis de Granada \/\/ Educaci\u00f3n Rural<\/td>\n    <\/tr>\n <\/tbody>\n<\/table>\n<\/div><div class=\"mpc-arrow\"><\/div><\/div><\/div><div id=\"mpc_hotspot-48669ee5bb5aeaaa\" class=\"mpc-hotspot mpc-init mpc-transition mpc-tooltip-wrap \"  data-position='[\"50.584\",\"37.895\"]'><i class=\"mpc-hotspot__icon mpc-transition  mi mi-location_on mpc-init mpc-icon-type--icon mpc-tooltip-target\"><\/i><div id=\"mpc_tooltip-8169ee5bb5aeaec\" class=\"mpc-tooltip mpc-init mpc-typography--default mpc-position--right mpc-can-hover mpc-trigger--hover \"><h5 style=\"text-align: center\"><strong><span style=\"color: #aa0f16\">Santander<\/span><\/strong><\/h5>\n<p style=\"text-align: center\"><strong><span style=\"color: #aa0f16\">Bucaramanga<\/span><\/strong><\/p>\n<div class=\"toolTipMapa\">\n<table width=\"100%\" border=\"0\" align=\"center\" cellpadding=\"4\" cellspacing=\"4\">\n  <tbody>\n    <tr>\n      <td valign=\"middle\"><img decoding=\"async\" src=\"https:\/\/d3pugrm67vf9n7.cloudfront.net\/wp-content\/uploads\/sites\/12\/2020\/07\/22095227\/logoFyA-30-x-30.png\" alt=\"\"\/><\/td>\n      <td valign=\"middle\">&nbsp;Servicios Fe y Alegr\u00eda<\/td>\n    <\/tr>\n    <tr>\n      <td valign=\"middle\"><img decoding=\"async\" src=\"https:\/\/d3pugrm67vf9n7.cloudfront.net\/wp-content\/uploads\/sites\/12\/2020\/12\/10123653\/6-e1607625214543.png\" alt=\"\"\/> <\/td>\n      <td valign=\"middle\"> Accenture, FIFyA y Entreculturas \/\/ Empleabilidad<\/td>\n    <\/tr>\n<tr>\n      <td valign=\"middle\"><img decoding=\"async\" src=\"https:\/\/d3pugrm67vf9n7.cloudfront.net\/wp-content\/uploads\/sites\/12\/2020\/12\/10123651\/7-e1607625234401.png\" alt=\"\"\/> <\/td>\n      <td valign=\"middle\"> Compa\u00f1\u00eda de Jes\u00fas \/\/ Regionalizaci\u00f3n<\/td>\n    <\/tr>\n<tr>\n      <td valign=\"middle\"><img decoding=\"async\" src=\"https:\/\/d3pugrm67vf9n7.cloudfront.net\/wp-content\/uploads\/sites\/12\/2020\/12\/10123648\/8-e1607625252841.png\" alt=\"\"\/> <\/td>\n      <td valign=\"middle\"> Innovaci\u00f3n para el aprendizaje y la transformaci\u00f3n social<\/td>\n    <\/tr>\n<tr>\n      <td valign=\"middle\"><img decoding=\"async\" src=\"https:\/\/d3pugrm67vf9n7.cloudfront.net\/wp-content\/uploads\/sites\/12\/2020\/12\/10123644\/010-e1607625290977.png\" alt=\"\"\/> <\/td>\n      <td valign=\"middle\">IBM, FIFyA y Entreculturas \/\/ P-TECH<\/td>\n    <\/tr>\n  <\/tbody>\n<\/table>\n<\/div><div class=\"mpc-arrow\"><\/div><\/div><\/div><div id=\"mpc_hotspot-769ee5bb5aeb5f\" class=\"mpc-hotspot mpc-init mpc-transition mpc-tooltip-wrap \"  data-position='[\"47.821\",\"38.596\"]'><i class=\"mpc-hotspot__icon mpc-transition  mi mi-location_on mpc-init mpc-icon-type--icon mpc-tooltip-target\"><\/i><div id=\"mpc_tooltip-6469ee5bb5aebac\" class=\"mpc-tooltip mpc-init mpc-typography--default mpc-position--right mpc-can-hover mpc-trigger--hover \"><h5 style=\"text-align: center\"><strong><span style=\"color: #aa0f16\">Santander<\/span><\/strong><\/h5>\n<p style=\"text-align: center\"><strong><span style=\"color: #aa0f16\">Barrancabermeja<\/span><\/strong><\/p>\n<div class=\"toolTipMapa\">\n<table width=\"100%\" border=\"0\" align=\"center\" cellpadding=\"4\" cellspacing=\"4\">\n  <tbody>\n    <tr>\n      <td valign=\"middle\"><img decoding=\"async\" src=\"https:\/\/d3pugrm67vf9n7.cloudfront.net\/wp-content\/uploads\/sites\/12\/2020\/07\/22095227\/logoFyA-30-x-30.png\" alt=\"\"\/><\/td>\n      <td valign=\"middle\">&nbsp;Servicios Fe y Alegr\u00eda<\/td>\n    <\/tr>\n    <tr>\n      <td valign=\"middle\"><img decoding=\"async\" src=\"https:\/\/d3pugrm67vf9n7.cloudfront.net\/wp-content\/uploads\/sites\/12\/2020\/12\/10123648\/8-e1607625252841.png\" alt=\"\"\/> <\/td>\n      <td valign=\"middle\"> Innovaci\u00f3n para el aprendizaje y la transformaci\u00f3n social<\/td>\n    <\/tr>\n<tr>\n      <td valign=\"middle\"><img decoding=\"async\" src=\"https:\/\/d3pugrm67vf9n7.cloudfront.net\/wp-content\/uploads\/sites\/12\/2020\/12\/10123651\/7-e1607625234401.png\" alt=\"\"\/> <\/td>\n      <td valign=\"middle\"> Compa\u00f1\u00eda de Jes\u00fas \/\/ Regionalizaci\u00f3n<\/td>\n    <\/tr>\n<tr>\n      <td valign=\"middle\"><img decoding=\"async\" src=\"https:\/\/d3pugrm67vf9n7.cloudfront.net\/wp-content\/uploads\/sites\/12\/2020\/12\/10123644\/010-e1607625290977.png\" alt=\"\"\/> <\/td>\n      <td valign=\"middle\">IBM, FIFyA y Entreculturas \/\/ P-TECH<\/td>\n    <\/tr>\n<tr>\n      <td valign=\"middle\"><img decoding=\"async\" src=\"https:\/\/d3pugrm67vf9n7.cloudfront.net\/wp-content\/uploads\/sites\/12\/2020\/12\/10123708\/1.png\" alt=\"\"\/> <\/td>\n      <td valign=\"middle\">Cajasan \/\/ Deporvida<\/td>\n    <\/tr>\n  <\/tbody>\n<\/table>\n<\/div><div class=\"mpc-arrow\"><\/div><\/div><\/div><div id=\"mpc_hotspot-5669ee5bb5aec19\" class=\"mpc-hotspot mpc-init mpc-transition mpc-tooltip-wrap \"  data-position='[\"48.990\",\"38.713\"]'><i class=\"mpc-hotspot__icon mpc-transition  mi mi-location_on mpc-init mpc-icon-type--icon mpc-tooltip-target\"><\/i><div id=\"mpc_tooltip-6869ee5bb5aec57\" class=\"mpc-tooltip mpc-init mpc-typography--default mpc-position--right mpc-can-hover mpc-trigger--hover \"><h5 style=\"text-align: center\"><strong><span style=\"color: #aa0f16\">Santander<\/span><\/strong><\/h5>\n<p style=\"text-align: center\"><strong><span style=\"color: #aa0f16\">Gir\u00f3n<\/span><\/strong><\/p>\n<div class=\"toolTipMapa\">\n<table width=\"100%\" border=\"0\" align=\"center\" cellpadding=\"4\" cellspacing=\"4\">\n  <tbody>\n    <tr>\n      <td valign=\"middle\"><img decoding=\"async\" src=\"https:\/\/d3pugrm67vf9n7.cloudfront.net\/wp-content\/uploads\/sites\/12\/2020\/07\/22095227\/logoFyA-30-x-30.png\" alt=\"\"\/><\/td>\n      <td valign=\"middle\">&nbsp;Servicios Fe y Alegr\u00eda<\/td>\n    <\/tr>\n    <tr>\n      <td valign=\"middle\"><img decoding=\"async\" src=\"https:\/\/d3pugrm67vf9n7.cloudfront.net\/wp-content\/uploads\/sites\/12\/2020\/12\/10123653\/6-e1607625214543.png\" alt=\"\"\/> <\/td>\n      <td valign=\"middle\"> Accenture, FIFyA y Entreculturas \/\/ Empleabilidad<\/td>\n    <\/tr>\n<tr>\n      <td valign=\"middle\"><img decoding=\"async\" src=\"https:\/\/d3pugrm67vf9n7.cloudfront.net\/wp-content\/uploads\/sites\/12\/2020\/12\/10123648\/8-e1607625252841.png\" alt=\"\"\/> <\/td>\n      <td valign=\"middle\"> Innovaci\u00f3n para el aprendizaje y la transformaci\u00f3n social<\/td>\n    <\/tr>\n<tr>\n      <td valign=\"middle\"><img decoding=\"async\" src=\"https:\/\/d3pugrm67vf9n7.cloudfront.net\/wp-content\/uploads\/sites\/12\/2020\/12\/10123708\/1.png\" alt=\"\"\/> <\/td>\n      <td valign=\"middle\">Cajasan \/\/ Deporvida<\/td>\n    <\/tr>\n  <\/tbody>\n<\/table>\n<\/div><div class=\"mpc-arrow\"><\/div><\/div><\/div><div id=\"mpc_hotspot-70269ee5bb5aecb6\" class=\"mpc-hotspot mpc-init mpc-transition mpc-tooltip-wrap \"  data-position='[\"50.372\",\"30.409\"]'><i class=\"mpc-hotspot__icon mpc-transition  mi mi-location_on mpc-init mpc-icon-type--icon mpc-tooltip-target\"><\/i><div id=\"mpc_tooltip-6769ee5bb5aeced\" class=\"mpc-tooltip mpc-init mpc-typography--default mpc-position--right mpc-can-hover mpc-trigger--hover \"><h5 style=\"text-align: center\"><strong><span style=\"color: #aa0f16\">Norte de Santander<\/span><\/strong><\/h5>\n<p style=\"text-align: center\"><strong><span style=\"color: #aa0f16\">El Tarra<\/span><\/strong><\/p>\n<div class=\"toolTipMapa\"\n<table width=\"100%\" border=\"0\" align=\"center\" cellpadding=\"4\" cellspacing=\"4\">\n  <tbody>\n    <tr>\n      <td valign=\"middle\"><img decoding=\"async\" src=\"https:\/\/d3pugrm67vf9n7.cloudfront.net\/wp-content\/uploads\/sites\/12\/2020\/07\/22095227\/logoFyA-30-x-30.png\" alt=\"\"\/><\/td>\n      <td valign=\"middle\">&nbsp;Servicios Fe y Alegr\u00eda<\/td>\n    <\/tr>\n  <\/tbody>\n<\/table>\n<\/div><div class=\"mpc-arrow\"><\/div><\/div><\/div><div id=\"mpc_hotspot-99669ee5bb5aed53\" class=\"mpc-hotspot mpc-init mpc-transition mpc-tooltip-wrap \"  data-position='[\"51.435\",\"31.813\"]'><i class=\"mpc-hotspot__icon mpc-transition  mi mi-location_on mpc-init mpc-icon-type--icon mpc-tooltip-target\"><\/i><div id=\"mpc_tooltip-9469ee5bb5aed91\" class=\"mpc-tooltip mpc-init mpc-typography--default mpc-position--right mpc-can-hover mpc-trigger--hover \"><h5 style=\"text-align: center\"><strong><span style=\"color: #aa0f16\">Norte de Santander<\/span><\/strong><\/h5>\n<p style=\"text-align: center\"><strong><span style=\"color: #aa0f16\">C\u00facuta<\/span><\/strong><\/p>\n<div class=\"toolTipMapa\">\n<table width=\"100%\" border=\"0\" align=\"center\" cellpadding=\"4\" cellspacing=\"4\">\n  <tbody>\n    <tr>\n      <td valign=\"middle\"><img decoding=\"async\" src=\"https:\/\/d3pugrm67vf9n7.cloudfront.net\/wp-content\/uploads\/sites\/12\/2020\/07\/22095227\/logoFyA-30-x-30.png\" alt=\"\"\/><\/td>\n      <td valign=\"middle\">&nbsp;Servicios Fe y Alegr\u00eda<\/td>\n    <\/tr>\n  <tr>\n      <td valign=\"middle\"><img decoding=\"async\" src=\"https:\/\/d3pugrm67vf9n7.cloudfront.net\/wp-content\/uploads\/sites\/12\/2020\/12\/10123653\/6-e1607625214543.png\" alt=\"\"\/> <\/td>\n      <td valign=\"middle\"> Accenture, FIFyA y Entreculturas \/\/ Empleabilidad<\/td>\n    <\/tr>\n<tr>\n      <td valign=\"middle\"><img decoding=\"async\" src=\"https:\/\/d3pugrm67vf9n7.cloudfront.net\/wp-content\/uploads\/sites\/12\/2020\/12\/10123648\/8-e1607625252841.png\" alt=\"\"\/> <\/td>\n      <td valign=\"middle\"> Innovaci\u00f3n para el aprendizaje y la transformaci\u00f3n social<\/td>\n    <\/tr>\n<tr>\n      <td valign=\"middle\"><img decoding=\"async\" src=\"https:\/\/d3pugrm67vf9n7.cloudfront.net\/wp-content\/uploads\/sites\/12\/2020\/12\/10123644\/010-e1607625290977.png\" alt=\"\"\/> <\/td>\n      <td valign=\"middle\"> IBM, FIFyA y Entreculturas  \/\/ P-TECH<\/td>\n    <\/tr>\n  <\/tbody>\n<\/table>\n<\/div><div class=\"mpc-arrow\"><\/div><\/div><\/div><div id=\"mpc_hotspot-14069ee5bb5aedeb\" class=\"mpc-hotspot mpc-init mpc-transition mpc-tooltip-wrap \"  data-position='[\"53.135\",\"33.801\"]'><i class=\"mpc-hotspot__icon mpc-transition  mi mi-location_on mpc-init mpc-icon-type--icon mpc-tooltip-target\"><\/i><div id=\"mpc_tooltip-569ee5bb5aee22\" class=\"mpc-tooltip mpc-init mpc-typography--default mpc-position--right mpc-can-hover mpc-trigger--hover \"><h5 style=\"text-align: center\"><strong><span style=\"color: #aa0f16\">Norte de Santander<\/span><\/strong><\/h5>\n<p style=\"text-align: center\"><strong><span style=\"color: #aa0f16\">Los Patios<\/span><\/strong><\/p>\n<div class=\"toolTipMapa\">\n<table width=\"100%\" border=\"0\" align=\"center\" cellpadding=\"4\" cellspacing=\"4\">\n  <tbody>\n    <tr>\n      <td valign=\"middle\"><img decoding=\"async\" src=\"https:\/\/d3pugrm67vf9n7.cloudfront.net\/wp-content\/uploads\/sites\/12\/2020\/07\/22095227\/logoFyA-30-x-30.png\" alt=\"\"\/><\/td>\n      <td valign=\"middle\">&nbsp;Servicios Fe y Alegr\u00eda<\/td>\n    <\/tr>\n  <\/tbody>\n<\/table>\n<\/div><div class=\"mpc-arrow\"><\/div><\/div><\/div><\/div><\/div>[vc_row_inner][vc_column_inner width=\u00bb1\/4&#8243;][\/vc_column_inner][vc_column_inner width=\u00bb1\/2&#8243; alignment=\u00bbcenter\u00bb]<a href=\"https:\/\/d3pugrm67vf9n7.cloudfront.net\/wp-content\/uploads\/sites\/12\/2023\/01\/27162802\/MAPA-PRESENCIA-FyACol-2022.pdf\" target=\"_blank\" title=\"Mapa_Dscargable_Presencia_FyACol_2022\"  data-id=\"mpc_button-9869ee5bb5aef27\" class=\"mpc-button mpc-init mpc-transition mpc-typography--default \" ><div class=\"mpc-button__content mpc-effect-type--none mpc-effect-side--none\"><span class=\"mpc-button__title mpc-transition\">Ver Detalles<\/span><\/div><div class=\"mpc-button__background mpc-transition mpc-effect-type--fade mpc-effect-side--in\"><\/div><\/a>[\/vc_column_inner][vc_column_inner width=\u00bb1\/4&#8243;][\/vc_column_inner][\/vc_row_inner]<div style=\"background-color:;height: 100px\" class=\"nicdark_section  \"><\/div>[\/vc_column][\/vc_row]<\/p>\n<\/div>","protected":false},"excerpt":{"rendered":"<p>[vc_row][vc_column][\/vc_column][\/vc_row][vc_row][vc_column][\/vc_column][\/vc_row][vc_row][vc_column width=\u00bb1\/6&#8243; url=\u00bburl:https%3A%2F%2Fwww.feyalegria.org%2Fcolombia%2Foficina-nacional%2F|title:Oficina%20Nacional\u00bb enable_sticky=\u00bbtrue\u00bb sticky_offset=\u00bb0&#8243; alignment=\u00bbcenter\u00bb][\/vc_column][vc_column width=\u00bb1\/6&#8243; url=\u00bburl:https%3A%2F%2Fwww.feyalegria.org%2Fcolombia%2Fregional-caribe%2F|title:Regional%20Caribe\u00bb enable_sticky=\u00bbtrue\u00bb sticky_offset=\u00bb0&#8243; alignment=\u00bbcenter\u00bb][\/vc_column][vc_column width=\u00bb1\/6&#8243; url=\u00bburl:https%3A%2F%2Fwww.feyalegria.org%2Fcolombia%2Fregional-antioquia%2F|title:Regional%20Antioquia\u00bb enable_sticky=\u00bbtrue\u00bb sticky_offset=\u00bb0&#8243; alignment=\u00bbcenter\u00bb][\/vc_column][vc_column width=\u00bb1\/6&#8243; url=\u00bburl:https%3A%2F%2Fwww.feyalegria.org%2Fcolombia%2Fregional-bogota-tolima%2F|title:Regional%20Bogot%C3%A1%20Tolima\u00bb enable_sticky=\u00bbtrue\u00bb sticky_offset=\u00bb0&#8243; alignment=\u00bbcenter\u00bb][\/vc_column][vc_column width=\u00bb1\/6&#8243; url=\u00bburl:https%3A%2F%2Fwww.feyalegria.org%2Fcolombia%2Fregional-pacifico%2F|title:Regional%20Pac%C3%ADfico\u00bb enable_sticky=\u00bbtrue\u00bb sticky_offset=\u00bb0&#8243; alignment=\u00bbcenter\u00bb][\/vc_column][vc_column width=\u00bb1\/6&#8243; url=\u00bburl:https%3A%2F%2Fwww.feyalegria.org%2Fcolombia%2Fregional-oriente%2F|title:Regional%20Oriente\u00bb][\/vc_column][\/vc_row][vc_row][vc_column][vc_separator][\/vc_column][\/vc_row][vc_row full_width=\u00bbstretch_row\u00bb css=\u00bb.vc_custom_1660320733756{margin-top: -60px !important;margin-right: -60px !important;margin-bottom: -60px !important;margin-left: -60px !important;}\u00bb][vc_column][vc_column_text] D\u00f3nde estamos [\/vc_column_text][vc_column_text css=\u00bb.vc_custom_1660321429235{margin-bottom: -40px !important;}\u00bb] Haciendo clic sobre cada \u00edcono de localizaci\u00f3n, podr\u00e1s ver que tipo<\/p>\n","protected":false},"author":19,"featured_media":0,"parent":0,"menu_order":0,"comment_status":"closed","ping_status":"closed","template":"","meta":{"_acf_changed":false,"footnotes":""},"folder":[],"class_list":["post-2280","page","type-page","status-publish","hentry"],"acf":[],"yoast_head":"<!-- This site is optimized with the Yoast SEO plugin v27.4 - https:\/\/yoast.com\/product\/yoast-seo-wordpress\/ -->\n<title>Mapa Presencia Fe y Alegr\u00eda - #SomosFeyAlegria en Colombia<\/title>\n<meta name=\"robots\" content=\"index, follow, max-snippet:-1, max-image-preview:large, max-video-preview:-1\" \/>\n<link rel=\"canonical\" href=\"https:\/\/www.feyalegria.org\/colombia\/mapa-presencia-fe-y-alegria\/\" \/>\n<meta property=\"og:locale\" content=\"es_ES\" \/>\n<meta property=\"og:type\" content=\"article\" \/>\n<meta property=\"og:title\" content=\"Mapa Presencia Fe y Alegr\u00eda - #SomosFeyAlegria en Colombia\" \/>\n<meta property=\"og:description\" content=\"[vc_row][vc_column][\/vc_column][\/vc_row][vc_row][vc_column][\/vc_column][\/vc_row][vc_row][vc_column width=\u00bb1\/6&#8243; url=\u00bburl:https%3A%2F%2Fwww.feyalegria.org%2Fcolombia%2Foficina-nacional%2F|title:Oficina%20Nacional\u00bb enable_sticky=\u00bbtrue\u00bb sticky_offset=\u00bb0&#8243; alignment=\u00bbcenter\u00bb][\/vc_column][vc_column width=\u00bb1\/6&#8243; url=\u00bburl:https%3A%2F%2Fwww.feyalegria.org%2Fcolombia%2Fregional-caribe%2F|title:Regional%20Caribe\u00bb enable_sticky=\u00bbtrue\u00bb sticky_offset=\u00bb0&#8243; alignment=\u00bbcenter\u00bb][\/vc_column][vc_column width=\u00bb1\/6&#8243; url=\u00bburl:https%3A%2F%2Fwww.feyalegria.org%2Fcolombia%2Fregional-antioquia%2F|title:Regional%20Antioquia\u00bb enable_sticky=\u00bbtrue\u00bb sticky_offset=\u00bb0&#8243; alignment=\u00bbcenter\u00bb][\/vc_column][vc_column width=\u00bb1\/6&#8243; url=\u00bburl:https%3A%2F%2Fwww.feyalegria.org%2Fcolombia%2Fregional-bogota-tolima%2F|title:Regional%20Bogot%C3%A1%20Tolima\u00bb enable_sticky=\u00bbtrue\u00bb sticky_offset=\u00bb0&#8243; alignment=\u00bbcenter\u00bb][\/vc_column][vc_column width=\u00bb1\/6&#8243; url=\u00bburl:https%3A%2F%2Fwww.feyalegria.org%2Fcolombia%2Fregional-pacifico%2F|title:Regional%20Pac%C3%ADfico\u00bb enable_sticky=\u00bbtrue\u00bb sticky_offset=\u00bb0&#8243; alignment=\u00bbcenter\u00bb][\/vc_column][vc_column width=\u00bb1\/6&#8243; url=\u00bburl:https%3A%2F%2Fwww.feyalegria.org%2Fcolombia%2Fregional-oriente%2F|title:Regional%20Oriente\u00bb][\/vc_column][\/vc_row][vc_row][vc_column][vc_separator][\/vc_column][\/vc_row][vc_row full_width=\u00bbstretch_row\u00bb css=\u00bb.vc_custom_1660320733756{margin-top: -60px !important;margin-right: -60px !important;margin-bottom: -60px !important;margin-left: -60px !important;}\u00bb][vc_column][vc_column_text] D\u00f3nde estamos [\/vc_column_text][vc_column_text css=\u00bb.vc_custom_1660321429235{margin-bottom: -40px !important;}\u00bb] Haciendo clic sobre cada \u00edcono de localizaci\u00f3n, podr\u00e1s ver que tipo\" \/>\n<meta property=\"og:url\" content=\"https:\/\/www.feyalegria.org\/colombia\/mapa-presencia-fe-y-alegria\/\" \/>\n<meta property=\"og:site_name\" content=\"#SomosFeyAlegria en Colombia\" \/>\n<meta property=\"article:modified_time\" content=\"2023-01-30T15:34:12+00:00\" \/>\n<meta name=\"twitter:card\" content=\"summary_large_image\" \/>\n<meta name=\"twitter:label1\" content=\"Tiempo de lectura\" \/>\n\t<meta name=\"twitter:data1\" content=\"44 minutos\" \/>\n<script type=\"application\/ld+json\" class=\"yoast-schema-graph\">{\"@context\":\"https:\\\/\\\/schema.org\",\"@graph\":[{\"@type\":\"WebPage\",\"@id\":\"https:\\\/\\\/www.feyalegria.org\\\/colombia\\\/mapa-presencia-fe-y-alegria\\\/\",\"url\":\"https:\\\/\\\/www.feyalegria.org\\\/colombia\\\/mapa-presencia-fe-y-alegria\\\/\",\"name\":\"Mapa Presencia Fe y Alegr\u00eda - #SomosFeyAlegria en Colombia\",\"isPartOf\":{\"@id\":\"https:\\\/\\\/www.feyalegria.org\\\/colombia\\\/#website\"},\"datePublished\":\"2020-12-10T23:41:07+00:00\",\"dateModified\":\"2023-01-30T15:34:12+00:00\",\"breadcrumb\":{\"@id\":\"https:\\\/\\\/www.feyalegria.org\\\/colombia\\\/mapa-presencia-fe-y-alegria\\\/#breadcrumb\"},\"inLanguage\":\"es\",\"potentialAction\":[{\"@type\":\"ReadAction\",\"target\":[\"https:\\\/\\\/www.feyalegria.org\\\/colombia\\\/mapa-presencia-fe-y-alegria\\\/\"]}]},{\"@type\":\"BreadcrumbList\",\"@id\":\"https:\\\/\\\/www.feyalegria.org\\\/colombia\\\/mapa-presencia-fe-y-alegria\\\/#breadcrumb\",\"itemListElement\":[{\"@type\":\"ListItem\",\"position\":1,\"name\":\"Home\",\"item\":\"https:\\\/\\\/www.feyalegria.org\\\/colombia\\\/\"},{\"@type\":\"ListItem\",\"position\":2,\"name\":\"Mapa Presencia Fe y Alegr\u00eda\"}]},{\"@type\":\"WebSite\",\"@id\":\"https:\\\/\\\/www.feyalegria.org\\\/colombia\\\/#website\",\"url\":\"https:\\\/\\\/www.feyalegria.org\\\/colombia\\\/\",\"name\":\"#SomosFeyAlegria en Colombia\",\"description\":\"Movimiento de Educaci\u00f3n Popular y Promoci\u00f3n Social\",\"potentialAction\":[{\"@type\":\"SearchAction\",\"target\":{\"@type\":\"EntryPoint\",\"urlTemplate\":\"https:\\\/\\\/www.feyalegria.org\\\/colombia\\\/?s={search_term_string}\"},\"query-input\":{\"@type\":\"PropertyValueSpecification\",\"valueRequired\":true,\"valueName\":\"search_term_string\"}}],\"inLanguage\":\"es\"}]}<\/script>\n<!-- \/ Yoast SEO plugin. -->","yoast_head_json":{"title":"Mapa Presencia Fe y Alegr\u00eda - #SomosFeyAlegria en Colombia","robots":{"index":"index","follow":"follow","max-snippet":"max-snippet:-1","max-image-preview":"max-image-preview:large","max-video-preview":"max-video-preview:-1"},"canonical":"https:\/\/www.feyalegria.org\/colombia\/mapa-presencia-fe-y-alegria\/","og_locale":"es_ES","og_type":"article","og_title":"Mapa Presencia Fe y Alegr\u00eda - #SomosFeyAlegria en Colombia","og_description":"[vc_row][vc_column][\/vc_column][\/vc_row][vc_row][vc_column][\/vc_column][\/vc_row][vc_row][vc_column width=\u00bb1\/6&#8243; url=\u00bburl:https%3A%2F%2Fwww.feyalegria.org%2Fcolombia%2Foficina-nacional%2F|title:Oficina%20Nacional\u00bb enable_sticky=\u00bbtrue\u00bb sticky_offset=\u00bb0&#8243; alignment=\u00bbcenter\u00bb][\/vc_column][vc_column width=\u00bb1\/6&#8243; url=\u00bburl:https%3A%2F%2Fwww.feyalegria.org%2Fcolombia%2Fregional-caribe%2F|title:Regional%20Caribe\u00bb enable_sticky=\u00bbtrue\u00bb sticky_offset=\u00bb0&#8243; alignment=\u00bbcenter\u00bb][\/vc_column][vc_column width=\u00bb1\/6&#8243; url=\u00bburl:https%3A%2F%2Fwww.feyalegria.org%2Fcolombia%2Fregional-antioquia%2F|title:Regional%20Antioquia\u00bb enable_sticky=\u00bbtrue\u00bb sticky_offset=\u00bb0&#8243; alignment=\u00bbcenter\u00bb][\/vc_column][vc_column width=\u00bb1\/6&#8243; url=\u00bburl:https%3A%2F%2Fwww.feyalegria.org%2Fcolombia%2Fregional-bogota-tolima%2F|title:Regional%20Bogot%C3%A1%20Tolima\u00bb enable_sticky=\u00bbtrue\u00bb sticky_offset=\u00bb0&#8243; alignment=\u00bbcenter\u00bb][\/vc_column][vc_column width=\u00bb1\/6&#8243; url=\u00bburl:https%3A%2F%2Fwww.feyalegria.org%2Fcolombia%2Fregional-pacifico%2F|title:Regional%20Pac%C3%ADfico\u00bb enable_sticky=\u00bbtrue\u00bb sticky_offset=\u00bb0&#8243; alignment=\u00bbcenter\u00bb][\/vc_column][vc_column width=\u00bb1\/6&#8243; url=\u00bburl:https%3A%2F%2Fwww.feyalegria.org%2Fcolombia%2Fregional-oriente%2F|title:Regional%20Oriente\u00bb][\/vc_column][\/vc_row][vc_row][vc_column][vc_separator][\/vc_column][\/vc_row][vc_row full_width=\u00bbstretch_row\u00bb css=\u00bb.vc_custom_1660320733756{margin-top: -60px !important;margin-right: -60px !important;margin-bottom: -60px !important;margin-left: -60px !important;}\u00bb][vc_column][vc_column_text] D\u00f3nde estamos [\/vc_column_text][vc_column_text css=\u00bb.vc_custom_1660321429235{margin-bottom: -40px !important;}\u00bb] Haciendo clic sobre cada \u00edcono de localizaci\u00f3n, podr\u00e1s ver que tipo","og_url":"https:\/\/www.feyalegria.org\/colombia\/mapa-presencia-fe-y-alegria\/","og_site_name":"#SomosFeyAlegria en Colombia","article_modified_time":"2023-01-30T15:34:12+00:00","twitter_card":"summary_large_image","twitter_misc":{"Tiempo de lectura":"44 minutos"},"schema":{"@context":"https:\/\/schema.org","@graph":[{"@type":"WebPage","@id":"https:\/\/www.feyalegria.org\/colombia\/mapa-presencia-fe-y-alegria\/","url":"https:\/\/www.feyalegria.org\/colombia\/mapa-presencia-fe-y-alegria\/","name":"Mapa Presencia Fe y Alegr\u00eda - #SomosFeyAlegria en Colombia","isPartOf":{"@id":"https:\/\/www.feyalegria.org\/colombia\/#website"},"datePublished":"2020-12-10T23:41:07+00:00","dateModified":"2023-01-30T15:34:12+00:00","breadcrumb":{"@id":"https:\/\/www.feyalegria.org\/colombia\/mapa-presencia-fe-y-alegria\/#breadcrumb"},"inLanguage":"es","potentialAction":[{"@type":"ReadAction","target":["https:\/\/www.feyalegria.org\/colombia\/mapa-presencia-fe-y-alegria\/"]}]},{"@type":"BreadcrumbList","@id":"https:\/\/www.feyalegria.org\/colombia\/mapa-presencia-fe-y-alegria\/#breadcrumb","itemListElement":[{"@type":"ListItem","position":1,"name":"Home","item":"https:\/\/www.feyalegria.org\/colombia\/"},{"@type":"ListItem","position":2,"name":"Mapa Presencia Fe y Alegr\u00eda"}]},{"@type":"WebSite","@id":"https:\/\/www.feyalegria.org\/colombia\/#website","url":"https:\/\/www.feyalegria.org\/colombia\/","name":"#SomosFeyAlegria en Colombia","description":"Movimiento de Educaci\u00f3n Popular y Promoci\u00f3n Social","potentialAction":[{"@type":"SearchAction","target":{"@type":"EntryPoint","urlTemplate":"https:\/\/www.feyalegria.org\/colombia\/?s={search_term_string}"},"query-input":{"@type":"PropertyValueSpecification","valueRequired":true,"valueName":"search_term_string"}}],"inLanguage":"es"}]}},"_links":{"self":[{"href":"https:\/\/www.feyalegria.org\/colombia\/wp-json\/wp\/v2\/pages\/2280","targetHints":{"allow":["GET"]}}],"collection":[{"href":"https:\/\/www.feyalegria.org\/colombia\/wp-json\/wp\/v2\/pages"}],"about":[{"href":"https:\/\/www.feyalegria.org\/colombia\/wp-json\/wp\/v2\/types\/page"}],"author":[{"embeddable":true,"href":"https:\/\/www.feyalegria.org\/colombia\/wp-json\/wp\/v2\/users\/19"}],"replies":[{"embeddable":true,"href":"https:\/\/www.feyalegria.org\/colombia\/wp-json\/wp\/v2\/comments?post=2280"}],"version-history":[{"count":0,"href":"https:\/\/www.feyalegria.org\/colombia\/wp-json\/wp\/v2\/pages\/2280\/revisions"}],"wp:attachment":[{"href":"https:\/\/www.feyalegria.org\/colombia\/wp-json\/wp\/v2\/media?parent=2280"}],"wp:term":[{"taxonomy":"folder","embeddable":true,"href":"https:\/\/www.feyalegria.org\/colombia\/wp-json\/wp\/v2\/folder?post=2280"}],"curies":[{"name":"wp","href":"https:\/\/api.w.org\/{rel}","templated":true}]}}