 {"id":1880,"date":"2020-09-23T14:42:31","date_gmt":"2020-09-23T19:42:31","guid":{"rendered":"https:\/\/www.feyalegria.org\/guatemala\/?page_id=1880"},"modified":"2020-09-23T14:42:31","modified_gmt":"2020-09-23T19:42:31","slug":"que-es-fe-y-alegria","status":"publish","type":"page","link":"https:\/\/www.feyalegria.org\/guatemala\/que-es-fe-y-alegria\/","title":{"rendered":"Qu\u00e9 es Fe y Alegr\u00eda"},"content":{"rendered":"<div class=\"wpb-content-wrapper\"><p>[vc_row content_placement=\u00bbtop\u00bb][vc_column][vc_column_text]<\/p>\n<p style=\"text-align:center\"><strong class=\"tt_map\">Qu\u00e9 es Fe y Alegr\u00eda en Guatemala<\/strong><\/p>\n<p>[\/vc_column_text][vc_separator color=\u00bbcustom\u00bb style=\u00bbshadow\u00bb border_width=\u00bb4&#8243; accent_color=\u00bb#0473aa\u00bb][vc_column_text]<\/p>\n<p align=\"justify\">  Somos un Movimiento Internacional de Educaci\u00f3n Popular Integral y Promoci\u00f3n Social, dirigido a sectores empobrecidos y excluidos de la sociedad, para potenciar su desarrollo personal y participaci\u00f3n social. Ofrecemos educaci\u00f3n p\u00fablica, gratuita y de calidad a ni\u00f1os, ni\u00f1as y j\u00f3venes de \u00e1reas urbano-marginales y rurales, contribuyendo al desarrollo social y humano de las comunidades m\u00e1s necesitadas, sirviendo a la educaci\u00f3n nacional gracias a los fondos p\u00fablicos del Estado y a los aportes de la cooperaci\u00f3n internacional y nacional. Formamos hombres y mujeres nuevos, conscientes de sus potencialidades y de la realidad que los rodea, abiertos a la trascendencia, agentes de cambio y protagonistas de su propio desarrollo.<\/p>\n<p>[\/vc_column_text]<div style=\"background-color:;height: 30px\" class=\"nicdark_section  \"><\/div>[\/vc_column][\/vc_row][vc_row content_placement=\u00bbtop\u00bb][vc_column width=\u00bb2\/3&#8243; css=\u00bb.vc_custom_1589950287433{margin-top: 10px !important;margin-bottom: 10px !important;padding-top: 7px !important;padding-right: 40px !important;}\u00bb][vc_column_text el_class=\u00bbnd_options_text_align_center_responsive\u00bb]<\/p>\n<p style=\"text-align:justifyr\"><strong class=\"tt_map\">Movimiento<\/strong><\/p>\n<p>&nbsp;<\/p>\n<p style=\"text-align: justify\">Integrado por personas en continuo crecimiento.<br \/>\nMantiene una din\u00e1mica de b\u00fasqueda permanente de respuestas a necesidades humanas.<\/p>\n<p>[\/vc_column_text][vc_empty_space height=\u00bb80&#8243;][\/vc_column][vc_column width=\u00bb1\/3&#8243;][vc_single_image image=\u00bb754&#8243; img_size=\u00bblarge\u00bb alignment=\u00bbcenter\u00bb css=\u00bb.vc_custom_1596205420548{padding-right: 40px !important;padding-left: 20px !important;}\u00bb][\/vc_column][\/vc_row][vc_row][vc_column width=\u00bb1\/3&#8243;][vc_single_image image=\u00bb753&#8243; img_size=\u00bbfull\u00bb alignment=\u00bbcenter\u00bb css=\u00bb.vc_custom_1596205389026{padding-right: 20px !important;padding-left: 20px !important;}\u00bb][\/vc_column][vc_column width=\u00bb2\/3&#8243;][vc_column_text el_class=\u00bbnd_options_text_align_center_responsive\u00bb]<\/p>\n<p style=\"text-align: justify\"><strong class=\"tt_map\">Educaci\u00f3n<\/strong><\/p>\n<p>&nbsp;<\/p>\n<p style=\"text-align: justify\">Promueve el desarrollo de potencialidades de hombres y mujeres.<\/p>\n<p>Impulsa la adquisici\u00f3n de conocimientos, habilidades, destrezas y valores.<\/p>\n<p>[\/vc_column_text][vc_empty_space height=\u00bb80&#8243;][\/vc_column][\/vc_row][vc_row content_placement=\u00bbtop\u00bb][vc_column width=\u00bb2\/3&#8243; css=\u00bb.vc_custom_1589950287433{margin-top: 10px !important;margin-bottom: 10px !important;padding-top: 7px !important;padding-right: 40px !important;}\u00bb][vc_column_text el_class=\u00bbnd_options_text_align_center_responsive\u00bb]<\/p>\n<p style=\"text-align:justifyr\"><strong class=\"tt_map\">Popular<br \/>\n<\/strong><\/p>\n<p>&nbsp;<\/p>\n<p style=\"text-align: justify\">Inserta en medios populares y marginados.<br \/>\nAsume que la educaci\u00f3n debe transformar la realidad..<\/p>\n<p>[\/vc_column_text][vc_empty_space height=\u00bb80&#8243;][\/vc_column][vc_column width=\u00bb1\/3&#8243;][vc_single_image image=\u00bb754&#8243; img_size=\u00bblarge\u00bb alignment=\u00bbcenter\u00bb css=\u00bb.vc_custom_1596205420548{padding-right: 40px !important;padding-left: 20px !important;}\u00bb][\/vc_column][\/vc_row][vc_row][vc_column width=\u00bb1\/3&#8243;][vc_single_image image=\u00bb753&#8243; img_size=\u00bbfull\u00bb alignment=\u00bbcenter\u00bb css=\u00bb.vc_custom_1596205389026{padding-right: 20px !important;padding-left: 20px !important;}\u00bb][\/vc_column][vc_column width=\u00bb2\/3&#8243;][vc_column_text el_class=\u00bbnd_options_text_align_center_responsive\u00bb]<\/p>\n<p style=\"text-align: justify\"><strong class=\"tt_map\">Integral<\/strong><\/p>\n<p>&nbsp;<\/p>\n<p style=\"text-align: justify\"><strong>Porque entiende que la educaci\u00f3n:<\/strong><br \/>Abarca todas las dimensiones de la persona.<br \/>Tiene diversas modalidades educativas.<br \/>Integra ciencia \u2013 t\u00e9cnica \u2013 trabajo.<br \/>Debe desarrollar actitudes y valores.<br \/>Es un espacio que integra los contextos familiar y comunitario.<br \/>Es un proceso orientado a formar \u201cen y para la vida\u201d y \u201cen y para el trabajo productivo\u201d.<\/p>\n<p><strong>Porque entiende a la persona:<\/strong><br \/>En la multiplicidad de sus relaciones.<br \/>En la diversidad de las etapas de su crecimiento evolutivo desde una visi\u00f3n global.<\/p>\n<p>[\/vc_column_text][vc_empty_space height=\u00bb80&#8243;][\/vc_column][\/vc_row][vc_row content_placement=\u00bbtop\u00bb][vc_column width=\u00bb2\/3&#8243; css=\u00bb.vc_custom_1589950287433{margin-top: 10px !important;margin-bottom: 10px !important;padding-top: 7px !important;padding-right: 40px !important;}\u00bb][vc_column_text el_class=\u00bbnd_options_text_align_center_responsive\u00bb]<\/p>\n<p style=\"text-align:justifyr\"><strong class=\"tt_map\">Promoci\u00f3n Social<br \/><\/strong><\/p>\n<p>&nbsp;<\/p>\n<p style=\"text-align: justify\"><strong>Porque pretende:<\/strong><br \/>Desde los sectores excluidos, superar las injusticias y contribuir en la b\u00fasqueda de satisfacer sus necesidades.<br \/>Incidir en el desarrollo econ\u00f3mico, social, pol\u00edtico, cultural y religioso.<br \/>La construcci\u00f3n de una sociedad justa, fraterna, democr\u00e1tica y participativa.<br \/>Que las personas y las comunidades sean protagonistas de su desarrollo.<\/p>\n<p>[\/vc_column_text][vc_empty_space height=\u00bb80&#8243;][\/vc_column][vc_column width=\u00bb1\/3&#8243;][vc_single_image image=\u00bb754&#8243; img_size=\u00bblarge\u00bb alignment=\u00bbcenter\u00bb css=\u00bb.vc_custom_1596205420548{padding-right: 40px !important;padding-left: 20px !important;}\u00bb][\/vc_column][\/vc_row][vc_row disable_element=\u00bbyes\u00bb][vc_column][vc_separator color=\u00bbcustom\u00bb style=\u00bbshadow\u00bb border_width=\u00bb4&#8243; accent_color=\u00bb#0473aa\u00bb][vc_column_text]<\/p>\n<p style=\"text-align:center\"><strong class=\"tt_map\">Transformamos Vidas<\/strong><\/p>\n<p>[\/vc_column_text]<div style=\"background-color:;height: 10px\" class=\"nicdark_section  \"><\/div>[vc_video link=\u00bbhttps:\/\/youtu.be\/6-U0S2vmjok\u00bb el_width=\u00bb70&#8243; align=\u00bbcenter\u00bb]<div style=\"background-color:;height: 10px\" class=\"nicdark_section  \"><\/div>[\/vc_column][\/vc_row][vc_row][vc_column][vc_separator color=\u00bbcustom\u00bb style=\u00bbshadow\u00bb border_width=\u00bb4&#8243; accent_color=\u00bb#0473aa\u00bb]<div style=\"background-color:;height: 30px\" class=\"nicdark_section  \"><\/div>[\/vc_column][\/vc_row][vc_row disable_element=\u00bbyes\u00bb][vc_column][vc_column_text]<\/p>\n<p style=\"text-align:center\"><strong class=\"tt_map\">Donde termina el asfalto&#8230; comienza nuestra historia<\/strong><\/p>\n<p>[\/vc_column_text][vc_creativelink style=\u00bbcl-effect-2&#8243; align=\u00bbcenter\u00bb text=\u00bbClick Aqu\u00ed\u00bb url=\u00bburl:https%3A%2F%2Fwww.feyalegria.org%2Fperu%2Fnuestra-historia%2F|title:Nuestra%20Historia..|target:%20_blank|\u00bb clr=\u00bb#ffffff\u00bb bgclr=\u00bb#cc3535&#8243; hoverclr=\u00bb#ffffff\u00bb hoverbg=\u00bb#cc0000&#8243; weight=\u00bb200&#8243;]<div style=\"background-color:;height: 20px\" class=\"nicdark_section  \"><\/div>[vc_separator color=\u00bbcustom\u00bb style=\u00bbshadow\u00bb border_width=\u00bb4&#8243; accent_color=\u00bb#0473aa\u00bb][\/vc_column][\/vc_row]<\/p>\n<\/div>","protected":false},"excerpt":{"rendered":"<p>[vc_row content_placement=\u00bbtop\u00bb][vc_column][vc_column_text] Qu\u00e9 es Fe y Alegr\u00eda en Guatemala [\/vc_column_text][vc_separator color=\u00bbcustom\u00bb style=\u00bbshadow\u00bb border_width=\u00bb4&#8243; accent_color=\u00bb#0473aa\u00bb][vc_column_text] Somos un Movimiento Internacional de Educaci\u00f3n Popular Integral y Promoci\u00f3n Social, dirigido a sectores empobrecidos y excluidos de la sociedad, para potenciar su desarrollo personal y participaci\u00f3n social. Ofrecemos educaci\u00f3n p\u00fablica, gratuita y de calidad a ni\u00f1os, ni\u00f1as y j\u00f3venes de<\/p>\n","protected":false},"author":17,"featured_media":0,"parent":0,"menu_order":0,"comment_status":"closed","ping_status":"closed","template":"","meta":{"_acf_changed":false,"footnotes":""},"folder":[],"class_list":["post-1880","page","type-page","status-publish","hentry"],"acf":[],"yoast_head":"<!-- This site is optimized with the Yoast SEO plugin v27.5 - https:\/\/yoast.com\/product\/yoast-seo-wordpress\/ -->\n<title>Qu\u00e9 es Fe y Alegr\u00eda - #SomosFeyAlegr\u00eda en Guatemala<\/title>\n<meta name=\"robots\" content=\"index, follow, max-snippet:-1, max-image-preview:large, max-video-preview:-1\" \/>\n<link rel=\"canonical\" href=\"https:\/\/www.feyalegria.org\/guatemala\/que-es-fe-y-alegria\/\" \/>\n<meta property=\"og:locale\" content=\"es_ES\" \/>\n<meta property=\"og:type\" content=\"article\" \/>\n<meta property=\"og:title\" content=\"Qu\u00e9 es Fe y Alegr\u00eda - #SomosFeyAlegr\u00eda en Guatemala\" \/>\n<meta property=\"og:description\" content=\"[vc_row content_placement=\u00bbtop\u00bb][vc_column][vc_column_text] Qu\u00e9 es Fe y Alegr\u00eda en Guatemala [\/vc_column_text][vc_separator color=\u00bbcustom\u00bb style=\u00bbshadow\u00bb border_width=\u00bb4&#8243; accent_color=\u00bb#0473aa\u00bb][vc_column_text] Somos un Movimiento Internacional de Educaci\u00f3n Popular Integral y Promoci\u00f3n Social, dirigido a sectores empobrecidos y excluidos de la sociedad, para potenciar su desarrollo personal y participaci\u00f3n social. Ofrecemos educaci\u00f3n p\u00fablica, gratuita y de calidad a ni\u00f1os, ni\u00f1as y j\u00f3venes de\" \/>\n<meta property=\"og:url\" content=\"https:\/\/www.feyalegria.org\/guatemala\/que-es-fe-y-alegria\/\" \/>\n<meta property=\"og:site_name\" content=\"#SomosFeyAlegr\u00eda en Guatemala\" \/>\n<meta name=\"twitter:card\" content=\"summary_large_image\" \/>\n<meta name=\"twitter:label1\" content=\"Tiempo de lectura\" \/>\n\t<meta name=\"twitter:data1\" content=\"4 minutos\" \/>\n<script type=\"application\/ld+json\" class=\"yoast-schema-graph\">{\"@context\":\"https:\\\/\\\/schema.org\",\"@graph\":[{\"@type\":\"WebPage\",\"@id\":\"https:\\\/\\\/www.feyalegria.org\\\/guatemala\\\/que-es-fe-y-alegria\\\/\",\"url\":\"https:\\\/\\\/www.feyalegria.org\\\/guatemala\\\/que-es-fe-y-alegria\\\/\",\"name\":\"Qu\u00e9 es Fe y Alegr\u00eda - #SomosFeyAlegr\u00eda en Guatemala\",\"isPartOf\":{\"@id\":\"https:\\\/\\\/www.feyalegria.org\\\/guatemala\\\/#website\"},\"datePublished\":\"2020-09-23T19:42:31+00:00\",\"breadcrumb\":{\"@id\":\"https:\\\/\\\/www.feyalegria.org\\\/guatemala\\\/que-es-fe-y-alegria\\\/#breadcrumb\"},\"inLanguage\":\"es\",\"potentialAction\":[{\"@type\":\"ReadAction\",\"target\":[\"https:\\\/\\\/www.feyalegria.org\\\/guatemala\\\/que-es-fe-y-alegria\\\/\"]}]},{\"@type\":\"BreadcrumbList\",\"@id\":\"https:\\\/\\\/www.feyalegria.org\\\/guatemala\\\/que-es-fe-y-alegria\\\/#breadcrumb\",\"itemListElement\":[{\"@type\":\"ListItem\",\"position\":1,\"name\":\"Home\",\"item\":\"https:\\\/\\\/www.feyalegria.org\\\/guatemala\\\/\"},{\"@type\":\"ListItem\",\"position\":2,\"name\":\"Qu\u00e9 es Fe y Alegr\u00eda\"}]},{\"@type\":\"WebSite\",\"@id\":\"https:\\\/\\\/www.feyalegria.org\\\/guatemala\\\/#website\",\"url\":\"https:\\\/\\\/www.feyalegria.org\\\/guatemala\\\/\",\"name\":\"#SomosFeyAlegr\u00eda en Guatemala\",\"description\":\"Movimiento de Educaci\u00f3n Popular y Promoci\u00f3n Social\",\"potentialAction\":[{\"@type\":\"SearchAction\",\"target\":{\"@type\":\"EntryPoint\",\"urlTemplate\":\"https:\\\/\\\/www.feyalegria.org\\\/guatemala\\\/?s={search_term_string}\"},\"query-input\":{\"@type\":\"PropertyValueSpecification\",\"valueRequired\":true,\"valueName\":\"search_term_string\"}}],\"inLanguage\":\"es\"}]}<\/script>\n<!-- \/ Yoast SEO plugin. -->","yoast_head_json":{"title":"Qu\u00e9 es Fe y Alegr\u00eda - #SomosFeyAlegr\u00eda en Guatemala","robots":{"index":"index","follow":"follow","max-snippet":"max-snippet:-1","max-image-preview":"max-image-preview:large","max-video-preview":"max-video-preview:-1"},"canonical":"https:\/\/www.feyalegria.org\/guatemala\/que-es-fe-y-alegria\/","og_locale":"es_ES","og_type":"article","og_title":"Qu\u00e9 es Fe y Alegr\u00eda - #SomosFeyAlegr\u00eda en Guatemala","og_description":"[vc_row content_placement=\u00bbtop\u00bb][vc_column][vc_column_text] Qu\u00e9 es Fe y Alegr\u00eda en Guatemala [\/vc_column_text][vc_separator color=\u00bbcustom\u00bb style=\u00bbshadow\u00bb border_width=\u00bb4&#8243; accent_color=\u00bb#0473aa\u00bb][vc_column_text] Somos un Movimiento Internacional de Educaci\u00f3n Popular Integral y Promoci\u00f3n Social, dirigido a sectores empobrecidos y excluidos de la sociedad, para potenciar su desarrollo personal y participaci\u00f3n social. Ofrecemos educaci\u00f3n p\u00fablica, gratuita y de calidad a ni\u00f1os, ni\u00f1as y j\u00f3venes de","og_url":"https:\/\/www.feyalegria.org\/guatemala\/que-es-fe-y-alegria\/","og_site_name":"#SomosFeyAlegr\u00eda en Guatemala","twitter_card":"summary_large_image","twitter_misc":{"Tiempo de lectura":"4 minutos"},"schema":{"@context":"https:\/\/schema.org","@graph":[{"@type":"WebPage","@id":"https:\/\/www.feyalegria.org\/guatemala\/que-es-fe-y-alegria\/","url":"https:\/\/www.feyalegria.org\/guatemala\/que-es-fe-y-alegria\/","name":"Qu\u00e9 es Fe y Alegr\u00eda - #SomosFeyAlegr\u00eda en Guatemala","isPartOf":{"@id":"https:\/\/www.feyalegria.org\/guatemala\/#website"},"datePublished":"2020-09-23T19:42:31+00:00","breadcrumb":{"@id":"https:\/\/www.feyalegria.org\/guatemala\/que-es-fe-y-alegria\/#breadcrumb"},"inLanguage":"es","potentialAction":[{"@type":"ReadAction","target":["https:\/\/www.feyalegria.org\/guatemala\/que-es-fe-y-alegria\/"]}]},{"@type":"BreadcrumbList","@id":"https:\/\/www.feyalegria.org\/guatemala\/que-es-fe-y-alegria\/#breadcrumb","itemListElement":[{"@type":"ListItem","position":1,"name":"Home","item":"https:\/\/www.feyalegria.org\/guatemala\/"},{"@type":"ListItem","position":2,"name":"Qu\u00e9 es Fe y Alegr\u00eda"}]},{"@type":"WebSite","@id":"https:\/\/www.feyalegria.org\/guatemala\/#website","url":"https:\/\/www.feyalegria.org\/guatemala\/","name":"#SomosFeyAlegr\u00eda en Guatemala","description":"Movimiento de Educaci\u00f3n Popular y Promoci\u00f3n Social","potentialAction":[{"@type":"SearchAction","target":{"@type":"EntryPoint","urlTemplate":"https:\/\/www.feyalegria.org\/guatemala\/?s={search_term_string}"},"query-input":{"@type":"PropertyValueSpecification","valueRequired":true,"valueName":"search_term_string"}}],"inLanguage":"es"}]}},"_links":{"self":[{"href":"https:\/\/www.feyalegria.org\/guatemala\/wp-json\/wp\/v2\/pages\/1880","targetHints":{"allow":["GET"]}}],"collection":[{"href":"https:\/\/www.feyalegria.org\/guatemala\/wp-json\/wp\/v2\/pages"}],"about":[{"href":"https:\/\/www.feyalegria.org\/guatemala\/wp-json\/wp\/v2\/types\/page"}],"author":[{"embeddable":true,"href":"https:\/\/www.feyalegria.org\/guatemala\/wp-json\/wp\/v2\/users\/17"}],"replies":[{"embeddable":true,"href":"https:\/\/www.feyalegria.org\/guatemala\/wp-json\/wp\/v2\/comments?post=1880"}],"version-history":[{"count":0,"href":"https:\/\/www.feyalegria.org\/guatemala\/wp-json\/wp\/v2\/pages\/1880\/revisions"}],"wp:attachment":[{"href":"https:\/\/www.feyalegria.org\/guatemala\/wp-json\/wp\/v2\/media?parent=1880"}],"wp:term":[{"taxonomy":"folder","embeddable":true,"href":"https:\/\/www.feyalegria.org\/guatemala\/wp-json\/wp\/v2\/folder?post=1880"}],"curies":[{"name":"wp","href":"https:\/\/api.w.org\/{rel}","templated":true}]}}