 {"id":633,"date":"2020-07-09T21:48:32","date_gmt":"2020-07-10T02:48:32","guid":{"rendered":"https:\/\/www.feyalegria.org\/guatemala\/?page_id=633"},"modified":"2022-06-14T15:16:39","modified_gmt":"2022-06-14T20:16:39","slug":"noticias","status":"publish","type":"page","link":"https:\/\/www.feyalegria.org\/guatemala\/noticias\/","title":{"rendered":"Noticias"},"content":{"rendered":"<div class=\"wpb-content-wrapper\"><p>[vc_row][vc_column css=\u00bb.vc_custom_1616608411369{margin-bottom: 30px !important;}\u00bb]<div id=\"mpc_grid_posts_1069f1c9a4150cb\" class=\"mpc-grid-posts mpc-init mpc-init mpc-transition mpc-overlay--fade mpc-item--fade mpc-layout--style_3  \"  data-grid-cols=\"4\"><div class=\"mpc-grid-sizer\"><\/div><div onclick=\"\" class=\"mpc-post\"><div class=\"mpc-post__wrapper\"><div class=\"mpc-post__thumbnail\" data-mpc_src=\"https:\/\/d3pugrm67vf9n7.cloudfront.net\/wp-content\/uploads\/sites\/17\/2026\/04\/13112559\/BANNER-NOTICIAS-359-copia-5-2048x946-1-1024x473.jpg\" data-mpc_link=\"https:\/\/www.feyalegria.org\/guatemala\/50a-educando-con-el-corazon\/\"><div class=\"mpc-post__overlay mpc-transition\"><div class=\"mpc-post--vertical-wrap\"><div class=\"mpc-post--vertical\" data-mpc_link=\"https:\/\/www.feyalegria.org\/guatemala\/50a-educando-con-el-corazon\/\"><\/div><\/div><\/div><\/div><div class=\"mpc-post__content mpc-transition\"><span class=\"mpc-post__date mpc-date__wrapper\"><a href=\"https:\/\/www.feyalegria.org\/guatemala\/2026\/03\/24\/\"><div class=\"mpc-date__days\">24<\/div><div class=\"mpc-date__month\">Mar<\/div><\/a><\/span><div class=\"mpc-wrapper\"><h3 class=\"mpc-post__heading mpc-transition mpc-typography--preset_0\"><a href=\"https:\/\/www.feyalegria.org\/guatemala\/50a-educando-con-el-corazon\/\" title=\"50 A\u00f1os Educando con El Coraz\u00f3n\">50 A\u00f1os Educando con El Coraz\u00f3n<\/a><\/h3><\/div><div class=\"mpc-post__description mpc-typography--preset_2\"><div style=>Celebramos en abril nuestros 50 a\u00f1os de trabajo ininterrumpido en Guatemala, educando siempre con el coraz\u00f3n.<\/div><\/div><a href=\"https:\/\/www.feyalegria.org\/guatemala\/50a-educando-con-el-corazon\/\" title=\"50 A\u00f1os Educando con El Coraz\u00f3n\"  class=\"mpc-button mpc-init mpc-transition mpc-typography--preset_3 mpc-display--block \" ><div class=\"mpc-button__content mpc-effect-type--none mpc-effect-side--none\"><span class=\"mpc-button__title mpc-transition\">Leer m\u00e1s<\/span><\/div><div class=\"mpc-button__background mpc-transition mpc-effect-type--fade mpc-effect-side--in\"><\/div><\/a><\/div><\/div><\/div><div onclick=\"\" class=\"mpc-post\"><div class=\"mpc-post__wrapper\"><div class=\"mpc-post__thumbnail\" data-mpc_src=\"https:\/\/d3pugrm67vf9n7.cloudfront.net\/wp-content\/uploads\/sites\/17\/2026\/04\/13110647\/DSC_0049-scaled-540x320-1.jpg\" data-mpc_link=\"https:\/\/www.feyalegria.org\/guatemala\/asamblea-xli-de-la-federacion\/\"><div class=\"mpc-post__overlay mpc-transition\"><div class=\"mpc-post--vertical-wrap\"><div class=\"mpc-post--vertical\" data-mpc_link=\"https:\/\/www.feyalegria.org\/guatemala\/asamblea-xli-de-la-federacion\/\"><\/div><\/div><\/div><\/div><div class=\"mpc-post__content mpc-transition\"><span class=\"mpc-post__date mpc-date__wrapper\"><a href=\"https:\/\/www.feyalegria.org\/guatemala\/2026\/03\/21\/\"><div class=\"mpc-date__days\">21<\/div><div class=\"mpc-date__month\">Mar<\/div><\/a><\/span><div class=\"mpc-wrapper\"><h3 class=\"mpc-post__heading mpc-transition mpc-typography--preset_0\"><a href=\"https:\/\/www.feyalegria.org\/guatemala\/asamblea-xli-de-la-federacion\/\" title=\"Asamblea XLI de la Federaci\u00f3n Internacional en Guatemala\">Asamblea XLI de la Federaci\u00f3n Internacional en Guatemala<\/a><\/h3><\/div><div class=\"mpc-post__description mpc-typography--preset_2\"><div style=>En Antigua, Guatemala, se celebr\u00f3 la 41\u00aa Asamblea Federativa de Fe y Alegr\u00eda, el m\u00e1ximo \u00f3rgano de gobierno de este Movimiento internacional de educaci\u00f3n popular y promoci\u00f3n social, presente en 23 pa\u00edses.<\/div><\/div><a href=\"https:\/\/www.feyalegria.org\/guatemala\/asamblea-xli-de-la-federacion\/\" title=\"Asamblea XLI de la Federaci\u00f3n Internacional en Guatemala\"  class=\"mpc-button mpc-init mpc-transition mpc-typography--preset_3 mpc-display--block \" ><div class=\"mpc-button__content mpc-effect-type--none mpc-effect-side--none\"><span class=\"mpc-button__title mpc-transition\">Leer m\u00e1s<\/span><\/div><div class=\"mpc-button__background mpc-transition mpc-effect-type--fade mpc-effect-side--in\"><\/div><\/a><\/div><\/div><\/div><div onclick=\"\" class=\"mpc-post\"><div class=\"mpc-post__wrapper\"><div class=\"mpc-post__thumbnail\" data-mpc_src=\"https:\/\/d3pugrm67vf9n7.cloudfront.net\/wp-content\/uploads\/sites\/17\/2026\/04\/13114340\/DSC_0823-1-scaled-520x320-1.jpg\" data-mpc_link=\"https:\/\/www.feyalegria.org\/guatemala\/dialogo-educacion-transformacion-social\/\"><div class=\"mpc-post__overlay mpc-transition\"><div class=\"mpc-post--vertical-wrap\"><div class=\"mpc-post--vertical\" data-mpc_link=\"https:\/\/www.feyalegria.org\/guatemala\/dialogo-educacion-transformacion-social\/\"><\/div><\/div><\/div><\/div><div class=\"mpc-post__content mpc-transition\"><span class=\"mpc-post__date mpc-date__wrapper\"><a href=\"https:\/\/www.feyalegria.org\/guatemala\/2026\/03\/19\/\"><div class=\"mpc-date__days\">19<\/div><div class=\"mpc-date__month\">Mar<\/div><\/a><\/span><div class=\"mpc-wrapper\"><h3 class=\"mpc-post__heading mpc-transition mpc-typography--preset_0\"><a href=\"https:\/\/www.feyalegria.org\/guatemala\/dialogo-educacion-transformacion-social\/\" title=\"Guatemala acoge un di\u00e1logo sobre educaci\u00f3n y transformaci\u00f3n social\">Guatemala acoge un di\u00e1logo sobre educaci\u00f3n y transformaci\u00f3n social<\/a><\/h3><\/div><div class=\"mpc-post__description mpc-typography--preset_2\"><div style=>En Guatemala se celebr\u00f3 el evento \u201cAporte de Fe y Alegr\u00eda en la transformaci\u00f3n social\u201d, un espacio de encuentro y reflexi\u00f3n realizado en el marco de los 50 a\u00f1os de Fe y Alegr\u00eda Guatemala y de la 41 Asamblea Federativa del Movimiento<\/div><\/div><a href=\"https:\/\/www.feyalegria.org\/guatemala\/dialogo-educacion-transformacion-social\/\" title=\"Guatemala acoge un di\u00e1logo sobre educaci\u00f3n y transformaci\u00f3n social\"  class=\"mpc-button mpc-init mpc-transition mpc-typography--preset_3 mpc-display--block \" ><div class=\"mpc-button__content mpc-effect-type--none mpc-effect-side--none\"><span class=\"mpc-button__title mpc-transition\">Leer m\u00e1s<\/span><\/div><div class=\"mpc-button__background mpc-transition mpc-effect-type--fade mpc-effect-side--in\"><\/div><\/a><\/div><\/div><\/div><div onclick=\"\" class=\"mpc-post\"><div class=\"mpc-post__wrapper\"><div class=\"mpc-post__thumbnail\" data-mpc_src=\"https:\/\/d3pugrm67vf9n7.cloudfront.net\/wp-content\/uploads\/sites\/17\/2026\/04\/13153155\/BANNER-NOTICIAS-359-copia-3-2048x946-1-1024x473.jpg\" data-mpc_link=\"https:\/\/www.feyalegria.org\/guatemala\/alotenago-viva-inclusion-educativa\/\"><div class=\"mpc-post__overlay mpc-transition\"><div class=\"mpc-post--vertical-wrap\"><div class=\"mpc-post--vertical\" data-mpc_link=\"https:\/\/www.feyalegria.org\/guatemala\/alotenago-viva-inclusion-educativa\/\"><\/div><\/div><\/div><\/div><div class=\"mpc-post__content mpc-transition\"><span class=\"mpc-post__date mpc-date__wrapper\"><a href=\"https:\/\/www.feyalegria.org\/guatemala\/2026\/03\/19\/\"><div class=\"mpc-date__days\">19<\/div><div class=\"mpc-date__month\">Mar<\/div><\/a><\/span><div class=\"mpc-wrapper\"><h3 class=\"mpc-post__heading mpc-transition mpc-typography--preset_0\"><a href=\"https:\/\/www.feyalegria.org\/guatemala\/alotenago-viva-inclusion-educativa\/\" title=\"Alotenango, una experiencia viva de inclusi\u00f3n educativa\">Alotenango, una experiencia viva de inclusi\u00f3n educativa<\/a><\/h3><\/div><div class=\"mpc-post__description mpc-typography--preset_2\"><div style=>La XLI Asamblea de la Federaci\u00f3n conoci\u00f3 nuestro Centro Educativo No. 56 de San Juan Alotenango<\/div><\/div><a href=\"https:\/\/www.feyalegria.org\/guatemala\/alotenago-viva-inclusion-educativa\/\" title=\"Alotenango, una experiencia viva de inclusi\u00f3n educativa\"  class=\"mpc-button mpc-init mpc-transition mpc-typography--preset_3 mpc-display--block \" ><div class=\"mpc-button__content mpc-effect-type--none mpc-effect-side--none\"><span class=\"mpc-button__title mpc-transition\">Leer m\u00e1s<\/span><\/div><div class=\"mpc-button__background mpc-transition mpc-effect-type--fade mpc-effect-side--in\"><\/div><\/a><\/div><\/div><\/div><div onclick=\"\" class=\"mpc-post\"><div class=\"mpc-post__wrapper\"><div class=\"mpc-post__thumbnail\" data-mpc_src=\"https:\/\/d3pugrm67vf9n7.cloudfront.net\/wp-content\/uploads\/sites\/17\/2026\/02\/10165023\/KitSTEM-16-1024x683.jpg\" data-mpc_link=\"https:\/\/www.feyalegria.org\/guatemala\/kits-stem-palencia-uspantan-karin-herrera\/\"><div class=\"mpc-post__overlay mpc-transition\"><div class=\"mpc-post--vertical-wrap\"><div class=\"mpc-post--vertical\" data-mpc_link=\"https:\/\/www.feyalegria.org\/guatemala\/kits-stem-palencia-uspantan-karin-herrera\/\"><\/div><\/div><\/div><\/div><div class=\"mpc-post__content mpc-transition\"><span class=\"mpc-post__date mpc-date__wrapper\"><a href=\"https:\/\/www.feyalegria.org\/guatemala\/2026\/02\/11\/\"><div class=\"mpc-date__days\">11<\/div><div class=\"mpc-date__month\">Feb<\/div><\/a><\/span><div class=\"mpc-wrapper\"><h3 class=\"mpc-post__heading mpc-transition mpc-typography--preset_0\"><a href=\"https:\/\/www.feyalegria.org\/guatemala\/kits-stem-palencia-uspantan-karin-herrera\/\" title=\"Vicepresidenta Karin Herrera junto al SENACYT impulsan las Ciencias en Centros de Fe y Alegr\u00eda\">Vicepresidenta Karin Herrera junto al SENACYT impulsan las Ciencias en Centros de Fe y Alegr\u00eda<\/a><\/h3><\/div><div class=\"mpc-post__description mpc-typography--preset_2\"><div style=>Vicepresidenta de Guatemala Karin Herrera presenta los Kits STEM Despertar en centros educativos de Fe y Alegr\u00eda<\/div><\/div><a href=\"https:\/\/www.feyalegria.org\/guatemala\/kits-stem-palencia-uspantan-karin-herrera\/\" title=\"Vicepresidenta Karin Herrera junto al SENACYT impulsan las Ciencias en Centros de Fe y Alegr\u00eda\"  class=\"mpc-button mpc-init mpc-transition mpc-typography--preset_3 mpc-display--block \" ><div class=\"mpc-button__content mpc-effect-type--none mpc-effect-side--none\"><span class=\"mpc-button__title mpc-transition\">Leer m\u00e1s<\/span><\/div><div class=\"mpc-button__background mpc-transition mpc-effect-type--fade mpc-effect-side--in\"><\/div><\/a><\/div><\/div><\/div><div onclick=\"\" class=\"mpc-post\"><div class=\"mpc-post__wrapper\"><div class=\"mpc-post__thumbnail\" data-mpc_src=\"https:\/\/d3pugrm67vf9n7.cloudfront.net\/wp-content\/uploads\/sites\/17\/2025\/12\/03114233\/JND_NOV2025-67-1024x682.jpg\" data-mpc_link=\"https:\/\/www.feyalegria.org\/guatemala\/jornada-nacional-de-directivos-2025\/\"><div class=\"mpc-post__overlay mpc-transition\"><div class=\"mpc-post--vertical-wrap\"><div class=\"mpc-post--vertical\" data-mpc_link=\"https:\/\/www.feyalegria.org\/guatemala\/jornada-nacional-de-directivos-2025\/\"><\/div><\/div><\/div><\/div><div class=\"mpc-post__content mpc-transition\"><span class=\"mpc-post__date mpc-date__wrapper\"><a href=\"https:\/\/www.feyalegria.org\/guatemala\/2025\/11\/21\/\"><div class=\"mpc-date__days\">21<\/div><div class=\"mpc-date__month\">Nov<\/div><\/a><\/span><div class=\"mpc-wrapper\"><h3 class=\"mpc-post__heading mpc-transition mpc-typography--preset_0\"><a href=\"https:\/\/www.feyalegria.org\/guatemala\/jornada-nacional-de-directivos-2025\/\" title=\"Jornada Nacional de Directivos 2025\">Jornada Nacional de Directivos 2025<\/a><\/h3><\/div><div class=\"mpc-post__description mpc-typography--preset_2\"><div style=>Jornada Nacional de Directivos 2025. Cuatro d\u00edas de liderazgo, reflexi\u00f3n y construcci\u00f3n colectiva que mejoran el trabajo integrado<\/div><\/div><a href=\"https:\/\/www.feyalegria.org\/guatemala\/jornada-nacional-de-directivos-2025\/\" title=\"Jornada Nacional de Directivos 2025\"  class=\"mpc-button mpc-init mpc-transition mpc-typography--preset_3 mpc-display--block \" ><div class=\"mpc-button__content mpc-effect-type--none mpc-effect-side--none\"><span class=\"mpc-button__title mpc-transition\">Leer m\u00e1s<\/span><\/div><div class=\"mpc-button__background mpc-transition mpc-effect-type--fade mpc-effect-side--in\"><\/div><\/a><\/div><\/div><\/div><div onclick=\"\" class=\"mpc-post\"><div class=\"mpc-post__wrapper\"><div class=\"mpc-post__thumbnail\" data-mpc_src=\"https:\/\/d3pugrm67vf9n7.cloudfront.net\/wp-content\/uploads\/sites\/17\/2025\/12\/03113134\/579948062_841198542202342_2418226411117247121_n.jpg\" data-mpc_link=\"https:\/\/www.feyalegria.org\/guatemala\/jornada-de-docentes-2025\/\"><div class=\"mpc-post__overlay mpc-transition\"><div class=\"mpc-post--vertical-wrap\"><div class=\"mpc-post--vertical\" data-mpc_link=\"https:\/\/www.feyalegria.org\/guatemala\/jornada-de-docentes-2025\/\"><\/div><\/div><\/div><\/div><div class=\"mpc-post__content mpc-transition\"><span class=\"mpc-post__date mpc-date__wrapper\"><a href=\"https:\/\/www.feyalegria.org\/guatemala\/2025\/11\/13\/\"><div class=\"mpc-date__days\">13<\/div><div class=\"mpc-date__month\">Nov<\/div><\/a><\/span><div class=\"mpc-wrapper\"><h3 class=\"mpc-post__heading mpc-transition mpc-typography--preset_0\"><a href=\"https:\/\/www.feyalegria.org\/guatemala\/jornada-de-docentes-2025\/\" title=\"Jornada de Formaci\u00f3n Docente 2025\">Jornada de Formaci\u00f3n Docente 2025<\/a><\/h3><\/div><div class=\"mpc-post__description mpc-typography--preset_2\"><div style=>Espacios de compromiso y aprendizaje docente<\/div><\/div><a href=\"https:\/\/www.feyalegria.org\/guatemala\/jornada-de-docentes-2025\/\" title=\"Jornada de Formaci\u00f3n Docente 2025\"  class=\"mpc-button mpc-init mpc-transition mpc-typography--preset_3 mpc-display--block \" ><div class=\"mpc-button__content mpc-effect-type--none mpc-effect-side--none\"><span class=\"mpc-button__title mpc-transition\">Leer m\u00e1s<\/span><\/div><div class=\"mpc-button__background mpc-transition mpc-effect-type--fade mpc-effect-side--in\"><\/div><\/a><\/div><\/div><\/div><div onclick=\"\" class=\"mpc-post\"><div class=\"mpc-post__wrapper\"><div class=\"mpc-post__thumbnail\" data-mpc_src=\"https:\/\/d3pugrm67vf9n7.cloudfront.net\/wp-content\/uploads\/sites\/17\/2025\/12\/03133055\/MLDN-Tot-RRSS-6-1024x683.jpg\" data-mpc_link=\"https:\/\/www.feyalegria.org\/guatemala\/%f0%9f%8c%88fiesta-de-colores\/\"><div class=\"mpc-post__overlay mpc-transition\"><div class=\"mpc-post--vertical-wrap\"><div class=\"mpc-post--vertical\" data-mpc_link=\"https:\/\/www.feyalegria.org\/guatemala\/%f0%9f%8c%88fiesta-de-colores\/\"><\/div><\/div><\/div><\/div><div class=\"mpc-post__content mpc-transition\"><span class=\"mpc-post__date mpc-date__wrapper\"><a href=\"https:\/\/www.feyalegria.org\/guatemala\/2025\/11\/11\/\"><div class=\"mpc-date__days\">11<\/div><div class=\"mpc-date__month\">Nov<\/div><\/a><\/span><div class=\"mpc-wrapper\"><h3 class=\"mpc-post__heading mpc-transition mpc-typography--preset_0\"><a href=\"https:\/\/www.feyalegria.org\/guatemala\/%f0%9f%8c%88fiesta-de-colores\/\" title=\"\ud83c\udf08Fiesta de Colores\">\ud83c\udf08Fiesta de Colores<\/a><\/h3><\/div><div class=\"mpc-post__description mpc-typography--preset_2\"><div style=>En conmemoraci\u00f3n del d\u00eda internacional de la ni\u00f1a, ni\u00f1as de diversas comunidades de Totonicap\u00e1n pintaron murales inspiradores.<\/div><\/div><a href=\"https:\/\/www.feyalegria.org\/guatemala\/%f0%9f%8c%88fiesta-de-colores\/\" title=\"\ud83c\udf08Fiesta de Colores\"  class=\"mpc-button mpc-init mpc-transition mpc-typography--preset_3 mpc-display--block \" ><div class=\"mpc-button__content mpc-effect-type--none mpc-effect-side--none\"><span class=\"mpc-button__title mpc-transition\">Leer m\u00e1s<\/span><\/div><div class=\"mpc-button__background mpc-transition mpc-effect-type--fade mpc-effect-side--in\"><\/div><\/a><\/div><\/div><\/div><div onclick=\"\" class=\"mpc-post\"><div class=\"mpc-post__wrapper\"><div class=\"mpc-post__thumbnail\" data-mpc_src=\"https:\/\/d3pugrm67vf9n7.cloudfront.net\/wp-content\/uploads\/sites\/17\/2025\/10\/28130637\/senacyt25RRSS-29-1024x683.jpg\" data-mpc_link=\"https:\/\/www.feyalegria.org\/guatemala\/3-centros-educativos-mas-se-adhieren-a-los-clubes-de-ciencia-senacyt\/\"><div class=\"mpc-post__overlay mpc-transition\"><div class=\"mpc-post--vertical-wrap\"><div class=\"mpc-post--vertical\" data-mpc_link=\"https:\/\/www.feyalegria.org\/guatemala\/3-centros-educativos-mas-se-adhieren-a-los-clubes-de-ciencia-senacyt\/\"><\/div><\/div><\/div><\/div><div class=\"mpc-post__content mpc-transition\"><span class=\"mpc-post__date mpc-date__wrapper\"><a href=\"https:\/\/www.feyalegria.org\/guatemala\/2025\/10\/09\/\"><div class=\"mpc-date__days\">09<\/div><div class=\"mpc-date__month\">Oct<\/div><\/a><\/span><div class=\"mpc-wrapper\"><h3 class=\"mpc-post__heading mpc-transition mpc-typography--preset_0\"><a href=\"https:\/\/www.feyalegria.org\/guatemala\/3-centros-educativos-mas-se-adhieren-a-los-clubes-de-ciencia-senacyt\/\" title=\"3 Centros Educativos m\u00e1s se adhieren a los Clubes de Ciencia-SENACYT\">3 Centros Educativos m\u00e1s se adhieren a los Clubes de Ciencia-SENACYT<\/a><\/h3><\/div><div class=\"mpc-post__description mpc-typography--preset_2\">Los Clubes de Ciencia de la SENACYT llegan a Palencia a trav\u00e9s de Fe y Alegr\u00eda Guatemala<\/div><a href=\"https:\/\/www.feyalegria.org\/guatemala\/3-centros-educativos-mas-se-adhieren-a-los-clubes-de-ciencia-senacyt\/\" title=\"3 Centros Educativos m\u00e1s se adhieren a los Clubes de Ciencia-SENACYT\"  class=\"mpc-button mpc-init mpc-transition mpc-typography--preset_3 mpc-display--block \" ><div class=\"mpc-button__content mpc-effect-type--none mpc-effect-side--none\"><span class=\"mpc-button__title mpc-transition\">Leer m\u00e1s<\/span><\/div><div class=\"mpc-button__background mpc-transition mpc-effect-type--fade mpc-effect-side--in\"><\/div><\/a><\/div><\/div><\/div><div onclick=\"\" class=\"mpc-post\"><div class=\"mpc-post__wrapper\"><div class=\"mpc-post__thumbnail\" data-mpc_src=\"https:\/\/d3pugrm67vf9n7.cloudfront.net\/wp-content\/uploads\/sites\/17\/2025\/09\/30091119\/EMF25rrss-33-683x1024.jpg\" data-mpc_link=\"https:\/\/www.feyalegria.org\/guatemala\/encuentro-modflex-25\/\"><div class=\"mpc-post__overlay mpc-transition\"><div class=\"mpc-post--vertical-wrap\"><div class=\"mpc-post--vertical\" data-mpc_link=\"https:\/\/www.feyalegria.org\/guatemala\/encuentro-modflex-25\/\"><\/div><\/div><\/div><\/div><div class=\"mpc-post__content mpc-transition\"><span class=\"mpc-post__date mpc-date__wrapper\"><a href=\"https:\/\/www.feyalegria.org\/guatemala\/2025\/09\/30\/\"><div class=\"mpc-date__days\">30<\/div><div class=\"mpc-date__month\">Sep<\/div><\/a><\/span><div class=\"mpc-wrapper\"><h3 class=\"mpc-post__heading mpc-transition mpc-typography--preset_0\"><a href=\"https:\/\/www.feyalegria.org\/guatemala\/encuentro-modflex-25\/\" title=\"\u2728 Encuentro Nacional de Modalidades Educativas Flexibles 2025\">\u2728 Encuentro Nacional de Modalidades Educativas Flexibles 2025<\/a><\/h3><\/div><div class=\"mpc-post__description mpc-typography--preset_2\"><div style=\\\\\\\\\\\\\\\\\\\\\\\\\\\\\\\\\\\\\\\\\\\\\\\\\\\\\\\\\\\\\\\"height: 265px\\\\\\\\\\\\\\\\\\\\\\\\\\\\\\\\\\\\\\\\\\\\\\\\\\\\\\\\\\\\\\\">Encuentro para mejorar la ruta educativa de la educaci\u00f3n extraescolar de Fe y Alegr\u00eda Guatemala.<\/div><\/div><a href=\"https:\/\/www.feyalegria.org\/guatemala\/encuentro-modflex-25\/\" title=\"\u2728 Encuentro Nacional de Modalidades Educativas Flexibles 2025\"  class=\"mpc-button mpc-init mpc-transition mpc-typography--preset_3 mpc-display--block \" ><div class=\"mpc-button__content mpc-effect-type--none mpc-effect-side--none\"><span class=\"mpc-button__title mpc-transition\">Leer m\u00e1s<\/span><\/div><div class=\"mpc-button__background mpc-transition mpc-effect-type--fade mpc-effect-side--in\"><\/div><\/a><\/div><\/div><\/div><div onclick=\"\" class=\"mpc-post\"><div class=\"mpc-post__wrapper\"><div class=\"mpc-post__thumbnail\" data-mpc_src=\"https:\/\/d3pugrm67vf9n7.cloudfront.net\/wp-content\/uploads\/sites\/17\/2025\/09\/08113746\/AI25RS-32-1024x683.jpg\" data-mpc_link=\"https:\/\/www.feyalegria.org\/guatemala\/impulsando-la-educacion-mediante-inteligencia-artificial\/\"><div class=\"mpc-post__overlay mpc-transition\"><div class=\"mpc-post--vertical-wrap\"><div class=\"mpc-post--vertical\" data-mpc_link=\"https:\/\/www.feyalegria.org\/guatemala\/impulsando-la-educacion-mediante-inteligencia-artificial\/\"><\/div><\/div><\/div><\/div><div class=\"mpc-post__content mpc-transition\"><span class=\"mpc-post__date mpc-date__wrapper\"><a href=\"https:\/\/www.feyalegria.org\/guatemala\/2025\/09\/03\/\"><div class=\"mpc-date__days\">03<\/div><div class=\"mpc-date__month\">Sep<\/div><\/a><\/span><div class=\"mpc-wrapper\"><h3 class=\"mpc-post__heading mpc-transition mpc-typography--preset_0\"><a href=\"https:\/\/www.feyalegria.org\/guatemala\/impulsando-la-educacion-mediante-inteligencia-artificial\/\" title=\"Impulsando la educaci\u00f3n mediante Inteligencia Artificial\">Impulsando la educaci\u00f3n mediante Inteligencia Artificial<\/a><\/h3><\/div><div class=\"mpc-post__description mpc-typography--preset_2\"><div style=\\\\\\\\\\\\\\\\\\\\\\\\\\\\\\\\\\\\\\\\\\\\\\\\\\\\\\\\\\\\\\\"height: 265px\\\\\\\\\\\\\\\\\\\\\\\\\\\\\\\\\\\\\\\\\\\\\\\\\\\\\\\\\\\\\\\">M\u00e1s de 1600 estudiantes y 85 educadores demostraron como la IA puede transformar la educaci\u00f3n<\/div><\/div><a href=\"https:\/\/www.feyalegria.org\/guatemala\/impulsando-la-educacion-mediante-inteligencia-artificial\/\" title=\"Impulsando la educaci\u00f3n mediante Inteligencia Artificial\"  class=\"mpc-button mpc-init mpc-transition mpc-typography--preset_3 mpc-display--block \" ><div class=\"mpc-button__content mpc-effect-type--none mpc-effect-side--none\"><span class=\"mpc-button__title mpc-transition\">Leer m\u00e1s<\/span><\/div><div class=\"mpc-button__background mpc-transition mpc-effect-type--fade mpc-effect-side--in\"><\/div><\/a><\/div><\/div><\/div><div onclick=\"\" class=\"mpc-post\"><div class=\"mpc-post__wrapper\"><div class=\"mpc-post__thumbnail\" data-mpc_src=\"https:\/\/d3pugrm67vf9n7.cloudfront.net\/wp-content\/uploads\/sites\/17\/2025\/09\/02132925\/POST-819x1024.png\" data-mpc_link=\"https:\/\/www.feyalegria.org\/guatemala\/memoria-labores-2024\/\"><div class=\"mpc-post__overlay mpc-transition\"><div class=\"mpc-post--vertical-wrap\"><div class=\"mpc-post--vertical\" data-mpc_link=\"https:\/\/www.feyalegria.org\/guatemala\/memoria-labores-2024\/\"><\/div><\/div><\/div><\/div><div class=\"mpc-post__content mpc-transition\"><span class=\"mpc-post__date mpc-date__wrapper\"><a href=\"https:\/\/www.feyalegria.org\/guatemala\/2025\/09\/02\/\"><div class=\"mpc-date__days\">02<\/div><div class=\"mpc-date__month\">Sep<\/div><\/a><\/span><div class=\"mpc-wrapper\"><h3 class=\"mpc-post__heading mpc-transition mpc-typography--preset_0\"><a href=\"https:\/\/www.feyalegria.org\/guatemala\/memoria-labores-2024\/\" title=\"Memoria de Labores 2024\">Memoria de Labores 2024<\/a><\/h3><\/div><div class=\"mpc-post__description mpc-typography--preset_2\"><div style=>Te invitamos a conocer nuestra Memoria de Labores 2024<\/div><\/div><a href=\"https:\/\/www.feyalegria.org\/guatemala\/memoria-labores-2024\/\" title=\"Memoria de Labores 2024\"  class=\"mpc-button mpc-init mpc-transition mpc-typography--preset_3 mpc-display--block \" ><div class=\"mpc-button__content mpc-effect-type--none mpc-effect-side--none\"><span class=\"mpc-button__title mpc-transition\">Leer m\u00e1s<\/span><\/div><div class=\"mpc-button__background mpc-transition mpc-effect-type--fade mpc-effect-side--in\"><\/div><\/a><\/div><\/div><\/div><\/div><script type=\"text\/javascript\">var _mpc_grid_posts_1069f1c9a4150cb_atts = {\"cols\":\"4\",\"gap\":\"30\",\"order\":\"DESC\",\"items_number\":\"12\",\"layout\":\"style_3\",\"thumb_height\":\"300\",\"title_overflow\":\"true\",\"title_font_preset\":\"preset_0\",\"meta_layout\":\"date\",\"meta_font_preset\":\"preset_1\",\"date_font_color\":\"#aa0f16\",\"date_font_size\":\"17\",\"date_font_line_height\":\"1.5\",\"description_font_preset\":\"preset_2\",\"description_padding_divider\":\"true\",\"description_padding_css\":\"padding-top:10px;\",\"border_divider\":\"true\",\"border_css\":\"border-top:1px;border-right:1px;border-bottom:1px;border-left:1px;border-color:#e4e4e4;border-style:solid;border-radius:5px;\",\"padding_divider\":\"true\",\"padding_css\":\"padding-top:25px;padding-right:25px;padding-bottom:25px;padding-left:25px;\",\"overlay_color\":\"rgba(240,240,240,0.5)\",\"lightbox_disable\":\"true\",\"readmore_disable\":\"true\",\"mpc_button__block\":\"true\",\"mpc_button__font_preset\":\"preset_3\",\"mpc_button__font_color\":\"#3a3a3a\",\"mpc_button__title\":\"Leer m\\u00e1s\",\"mpc_button__border_css\":\"border-width:2px;border-color:#727176;border-style:solid;border-radius:4px;\",\"mpc_button__padding_divider\":\"true\",\"mpc_button__padding_css\":\"padding-top:8px;padding-right:34px;padding-bottom:8px;padding-left:34px;\",\"mpc_button__margin_divider\":\"true\",\"mpc_button__margin_css\":\"margin-top:4px;margin-right:10px;margin-bottom:4px;margin-left:10px;\",\"mpc_button__hover_font_color\":\"#ffffff\",\"mpc_button__hover_background_color\":\"#aa0f16\",\"mpc_button__hover_border_divider\":\"true\",\"mpc_button__hover_border_css\":\"border-color:#aa0f16;border-radius:4px;\",\"mpc_button__mpc_tooltip__font_color\":\"#ffffff\",\"mpc_button__mpc_tooltip__border_divider\":\"true\",\"mpc_button__mpc_tooltip__border_css\":\"border-color:undefined;border-style:undefined;\",\"mpc_button__mpc_tooltip__padding_divider\":\"true\",\"mpc_pagination__preset\":\"preset_0\",\"mpc_pagination__mpc_tooltip__border_divider\":\"true\",\"mpc_pagination__mpc_tooltip__border_css\":\"border-color:undefined;border-style:undefined;\",\"mpc_pagination__mpc_tooltip__padding_divider\":\"true\",\"mpc_pagination__mpc_tooltip__padding_unit\":\"\"}, _mpc_grid_posts_1069f1c9a4150cb_query = {\"post_type\":\"post\",\"taxonomies\":\"\",\"ids\":\"\",\"order\":\"DESC\",\"include_exclude_type\":\"include\",\"orderby\":\"date\",\"items_number\":\"12\",\"target\":\"mpc_grid_posts_1069f1c9a4150cb\",\"callback\":\"MPC_Grid_Posts\"};<\/script><div class=\"mpc-pagination mpc-init mpc-pagination--classic mpc-pagination-preset--preset_0 mpc-align--center \" data-grid=\"mpc_grid_posts_1069f1c9a4150cb\" data-current=\"1\" data-pages=\"8\" data-type=\"classic\" data-preset=\"preset_0\"><ul class=\"mpc-pagination__links\"><li data-page=\"1\" class=\"mpc-current\"><a class=\" mpc-pagination__link mpc-transition\" href=\"#\"><div class=\"mpc-pagination__content  \"><span class=\"mpc-pagination__title mpc-transition\">1<\/span><\/div><div class=\"mpc-pagination__background mpc-transition mpc-effect-type--fade mpc-effect-side--in\"><\/div><\/a><\/li><li data-page=\"2\"><a class=\" mpc-pagination__link mpc-transition\" href=\"https:\/\/www.feyalegria.org\/guatemala\/wp-json\/wp\/v2\/pages\/633\/page\/2\/\"><div class=\"mpc-pagination__content  \"><span class=\"mpc-pagination__title mpc-transition\">2<\/span><\/div><div class=\"mpc-pagination__background mpc-transition mpc-effect-type--fade mpc-effect-side--in\"><\/div><\/a><\/li><li data-page=\"dots\" class=\"mpc-dots\"><a class=\"mpc-pagination__dots\"><span class=\"mpc-pagination__title mpc-transition\">&hellip;<\/span><\/a><\/li><li data-page=\"8\"><a class=\" mpc-pagination__link mpc-transition\" href=\"https:\/\/www.feyalegria.org\/guatemala\/wp-json\/wp\/v2\/pages\/633\/page\/8\/\"><div class=\"mpc-pagination__content  \"><span class=\"mpc-pagination__title mpc-transition\">8<\/span><\/div><div class=\"mpc-pagination__background mpc-transition mpc-effect-type--fade mpc-effect-side--in\"><\/div><\/a><\/li><li data-page=\"next\" ><a class=\" mpc-pagination__next mpc-transition\" href=\"https:\/\/www.feyalegria.org\/guatemala\/wp-json\/wp\/v2\/pages\/633\/page\/2\/\"><div class=\"mpc-pagination__content mpc-effect-type--none mpc-effect-side--none\"><\/div><div class=\"mpc-pagination__background mpc-transition mpc-effect-type--fade mpc-effect-side--in\"><\/div><\/a><\/li><\/ul><\/div>[\/vc_column][\/vc_row]<\/p>\n<\/div>","protected":false},"excerpt":{"rendered":"<p>[vc_row][vc_column css=\u00bb.vc_custom_1616608411369{margin-bottom: 30px !important;}\u00bb][\/vc_column][\/vc_row]<\/p>\n","protected":false},"author":19,"featured_media":0,"parent":0,"menu_order":0,"comment_status":"closed","ping_status":"closed","template":"","meta":{"_acf_changed":false,"footnotes":""},"folder":[],"class_list":["post-633","page","type-page","status-publish","hentry"],"acf":[],"yoast_head":"<!-- This site is optimized with the Yoast SEO plugin v27.5 - https:\/\/yoast.com\/product\/yoast-seo-wordpress\/ -->\n<title>Noticias - #SomosFeyAlegr\u00eda en Guatemala<\/title>\n<meta name=\"robots\" content=\"index, follow, max-snippet:-1, max-image-preview:large, max-video-preview:-1\" \/>\n<link rel=\"canonical\" href=\"https:\/\/www.feyalegria.org\/guatemala\/noticias\/\" \/>\n<meta property=\"og:locale\" content=\"es_ES\" \/>\n<meta property=\"og:type\" content=\"article\" \/>\n<meta property=\"og:title\" content=\"Noticias - #SomosFeyAlegr\u00eda en Guatemala\" \/>\n<meta property=\"og:description\" content=\"[vc_row][vc_column css=\u00bb.vc_custom_1616608411369{margin-bottom: 30px !important;}\u00bb][\/vc_column][\/vc_row]\" \/>\n<meta property=\"og:url\" content=\"https:\/\/www.feyalegria.org\/guatemala\/noticias\/\" \/>\n<meta property=\"og:site_name\" content=\"#SomosFeyAlegr\u00eda en Guatemala\" \/>\n<meta property=\"article:modified_time\" content=\"2022-06-14T20:16:39+00:00\" \/>\n<meta name=\"twitter:card\" content=\"summary_large_image\" \/>\n<meta name=\"twitter:label1\" content=\"Tiempo de lectura\" \/>\n\t<meta name=\"twitter:data1\" content=\"1 minuto\" \/>\n<script type=\"application\/ld+json\" class=\"yoast-schema-graph\">{\"@context\":\"https:\\\/\\\/schema.org\",\"@graph\":[{\"@type\":\"WebPage\",\"@id\":\"https:\\\/\\\/www.feyalegria.org\\\/guatemala\\\/noticias\\\/\",\"url\":\"https:\\\/\\\/www.feyalegria.org\\\/guatemala\\\/noticias\\\/\",\"name\":\"Noticias - #SomosFeyAlegr\u00eda en Guatemala\",\"isPartOf\":{\"@id\":\"https:\\\/\\\/www.feyalegria.org\\\/guatemala\\\/#website\"},\"datePublished\":\"2020-07-10T02:48:32+00:00\",\"dateModified\":\"2022-06-14T20:16:39+00:00\",\"breadcrumb\":{\"@id\":\"https:\\\/\\\/www.feyalegria.org\\\/guatemala\\\/noticias\\\/#breadcrumb\"},\"inLanguage\":\"es\",\"potentialAction\":[{\"@type\":\"ReadAction\",\"target\":[\"https:\\\/\\\/www.feyalegria.org\\\/guatemala\\\/noticias\\\/\"]}]},{\"@type\":\"BreadcrumbList\",\"@id\":\"https:\\\/\\\/www.feyalegria.org\\\/guatemala\\\/noticias\\\/#breadcrumb\",\"itemListElement\":[{\"@type\":\"ListItem\",\"position\":1,\"name\":\"Home\",\"item\":\"https:\\\/\\\/www.feyalegria.org\\\/guatemala\\\/\"},{\"@type\":\"ListItem\",\"position\":2,\"name\":\"Noticias\"}]},{\"@type\":\"WebSite\",\"@id\":\"https:\\\/\\\/www.feyalegria.org\\\/guatemala\\\/#website\",\"url\":\"https:\\\/\\\/www.feyalegria.org\\\/guatemala\\\/\",\"name\":\"#SomosFeyAlegr\u00eda en Guatemala\",\"description\":\"Movimiento de Educaci\u00f3n Popular y Promoci\u00f3n Social\",\"potentialAction\":[{\"@type\":\"SearchAction\",\"target\":{\"@type\":\"EntryPoint\",\"urlTemplate\":\"https:\\\/\\\/www.feyalegria.org\\\/guatemala\\\/?s={search_term_string}\"},\"query-input\":{\"@type\":\"PropertyValueSpecification\",\"valueRequired\":true,\"valueName\":\"search_term_string\"}}],\"inLanguage\":\"es\"}]}<\/script>\n<!-- \/ Yoast SEO plugin. -->","yoast_head_json":{"title":"Noticias - #SomosFeyAlegr\u00eda en Guatemala","robots":{"index":"index","follow":"follow","max-snippet":"max-snippet:-1","max-image-preview":"max-image-preview:large","max-video-preview":"max-video-preview:-1"},"canonical":"https:\/\/www.feyalegria.org\/guatemala\/noticias\/","og_locale":"es_ES","og_type":"article","og_title":"Noticias - #SomosFeyAlegr\u00eda en Guatemala","og_description":"[vc_row][vc_column css=\u00bb.vc_custom_1616608411369{margin-bottom: 30px !important;}\u00bb][\/vc_column][\/vc_row]","og_url":"https:\/\/www.feyalegria.org\/guatemala\/noticias\/","og_site_name":"#SomosFeyAlegr\u00eda en Guatemala","article_modified_time":"2022-06-14T20:16:39+00:00","twitter_card":"summary_large_image","twitter_misc":{"Tiempo de lectura":"1 minuto"},"schema":{"@context":"https:\/\/schema.org","@graph":[{"@type":"WebPage","@id":"https:\/\/www.feyalegria.org\/guatemala\/noticias\/","url":"https:\/\/www.feyalegria.org\/guatemala\/noticias\/","name":"Noticias - #SomosFeyAlegr\u00eda en Guatemala","isPartOf":{"@id":"https:\/\/www.feyalegria.org\/guatemala\/#website"},"datePublished":"2020-07-10T02:48:32+00:00","dateModified":"2022-06-14T20:16:39+00:00","breadcrumb":{"@id":"https:\/\/www.feyalegria.org\/guatemala\/noticias\/#breadcrumb"},"inLanguage":"es","potentialAction":[{"@type":"ReadAction","target":["https:\/\/www.feyalegria.org\/guatemala\/noticias\/"]}]},{"@type":"BreadcrumbList","@id":"https:\/\/www.feyalegria.org\/guatemala\/noticias\/#breadcrumb","itemListElement":[{"@type":"ListItem","position":1,"name":"Home","item":"https:\/\/www.feyalegria.org\/guatemala\/"},{"@type":"ListItem","position":2,"name":"Noticias"}]},{"@type":"WebSite","@id":"https:\/\/www.feyalegria.org\/guatemala\/#website","url":"https:\/\/www.feyalegria.org\/guatemala\/","name":"#SomosFeyAlegr\u00eda en Guatemala","description":"Movimiento de Educaci\u00f3n Popular y Promoci\u00f3n Social","potentialAction":[{"@type":"SearchAction","target":{"@type":"EntryPoint","urlTemplate":"https:\/\/www.feyalegria.org\/guatemala\/?s={search_term_string}"},"query-input":{"@type":"PropertyValueSpecification","valueRequired":true,"valueName":"search_term_string"}}],"inLanguage":"es"}]}},"_links":{"self":[{"href":"https:\/\/www.feyalegria.org\/guatemala\/wp-json\/wp\/v2\/pages\/633","targetHints":{"allow":["GET"]}}],"collection":[{"href":"https:\/\/www.feyalegria.org\/guatemala\/wp-json\/wp\/v2\/pages"}],"about":[{"href":"https:\/\/www.feyalegria.org\/guatemala\/wp-json\/wp\/v2\/types\/page"}],"author":[{"embeddable":true,"href":"https:\/\/www.feyalegria.org\/guatemala\/wp-json\/wp\/v2\/users\/19"}],"replies":[{"embeddable":true,"href":"https:\/\/www.feyalegria.org\/guatemala\/wp-json\/wp\/v2\/comments?post=633"}],"version-history":[{"count":0,"href":"https:\/\/www.feyalegria.org\/guatemala\/wp-json\/wp\/v2\/pages\/633\/revisions"}],"wp:attachment":[{"href":"https:\/\/www.feyalegria.org\/guatemala\/wp-json\/wp\/v2\/media?parent=633"}],"wp:term":[{"taxonomy":"folder","embeddable":true,"href":"https:\/\/www.feyalegria.org\/guatemala\/wp-json\/wp\/v2\/folder?post=633"}],"curies":[{"name":"wp","href":"https:\/\/api.w.org\/{rel}","templated":true}]}}