 {"id":3034,"date":"2024-07-02T10:57:39","date_gmt":"2024-07-02T15:57:39","guid":{"rendered":"https:\/\/www.feyalegria.org\/nicaragua\/?page_id=3034"},"modified":"2024-07-02T11:23:09","modified_gmt":"2024-07-02T16:23:09","slug":"programas","status":"publish","type":"page","link":"https:\/\/www.feyalegria.org\/nicaragua\/programas\/","title":{"rendered":"Programas"},"content":{"rendered":"<div class=\"wpb-content-wrapper\"><p>[vc_row enable_first_overlay=\u00bbtrue\u00bb first_overlay_opacity=\u00bb15&#8243;][vc_column]<div style=\"background-color:;height: 40px\" class=\"nicdark_section  \"><\/div>[\/vc_column][\/vc_row][vc_row enable_first_overlay=\u00bbtrue\u00bb first_overlay_opacity=\u00bb15&#8243;][vc_column width=\u00bb1\/3&#8243;]<div data-id=\"mpc_ihover-5969f1864d6ecdc\" class=\"mpc-ihover-wrapper mpc-init \"><div class=\"mpc-ihover-item ih-item circle effect1  \" data-effect=\"effect1\"><a  href=\"https:\/\/www.feyalegria.org\/nicaragua\/educacion-popular\/\" target=\"_blank\" title=\"Educaci\u00f3n Popular\" ><div class=\"spinner\"><\/div><div class=\"img\"><div class=\"mpc-image-box\" style=\"background-image: url(https:\/\/d3pugrm67vf9n7.cloudfront.net\/wp-content\/uploads\/sites\/26\/2021\/01\/29165337\/Foto-Educaci%C3%B3n-Popular-NIC.jpg);\"><\/div><\/div><div class=\"info\"><div class=\"info-wrap\"><h3 class=\"mpc-ihover-title\">Educaci\u00f3n Popular<\/h3><\/div><\/div><\/a><\/div><\/div>[vc_empty_space][\/vc_column][vc_column width=\u00bb2\/3&#8243;][vc_column_text]<\/p>\n<h3 style=\"text-align: left\">Educaci\u00f3n Popular<\/h3>\n<p>[\/vc_column_text][vc_column_text]<\/p>\n<p align=\"justify\">Una propuesta pedag\u00f3gica, \u00e9tica, pol\u00edtica y epistemol\u00f3gica que orienta toda nuestra acci\u00f3n educativa con una intencionalidad de transformaci\u00f3n personal y social.<\/p>\n<p align=\"justify\">Implementamos un programa de mejora continua de la calidad educativa en nuestros centros, alcanzando con ello afianzar principios y valores que sean el arraigo de nuestra cultura institucional, ampliando de esta forma las oportunidades y capacidades de los sectores m\u00e1s empobrecidos.<\/p>\n<p>[\/vc_column_text][vc_row_inner][vc_column_inner width=\u00bb3\/4&#8243;][\/vc_column_inner][vc_column_inner width=\u00bb1\/4&#8243; alignment=\u00bbright\u00bb]<a href=\"\/nicaragua\/educacion-popular\/\" title=\"\"  data-id=\"mpc_button-9069f1864d6f278\" class=\"mpc-button mpc-init mpc-transition \" ><div class=\"mpc-button__content mpc-effect-type--none mpc-effect-side--none\"><span class=\"mpc-button__title mpc-transition\">Leer m\u00e1s<\/span><\/div><div class=\"mpc-button__background mpc-transition mpc-effect-type--fade mpc-effect-side--in\"><\/div><\/a>[\/vc_column_inner][\/vc_row_inner][\/vc_column][\/vc_row][vc_row enable_first_overlay=\u00bbtrue\u00bb first_overlay_opacity=\u00bb15&#8243;][vc_column]<div style=\"background-color:;height: 50px\" class=\"nicdark_section  \"><\/div>[vc_separator color=\u00bbcustom\u00bb style=\u00bbdotted\u00bb border_width=\u00bb2&#8243; accent_color=\u00bb#e4e4e4&#8243;]<div style=\"background-color:;height: 50px\" class=\"nicdark_section  \"><\/div>[\/vc_column][\/vc_row][vc_row enable_first_overlay=\u00bbtrue\u00bb first_overlay_opacity=\u00bb15&#8243;][vc_column width=\u00bb1\/3&#8243;]<div data-id=\"mpc_ihover-4569f1864d6f4f1\" class=\"mpc-ihover-wrapper mpc-init \"><div class=\"mpc-ihover-item ih-item circle effect1  \" data-effect=\"effect1\"><a  href=\"https:\/\/www.feyalegria.org\/nicaragua\/fronteras-de-la-exclusion\/\" target=\"_blank\" title=\"Fronteras de la Exclusi\u00f3n\" ><div class=\"spinner\"><\/div><div class=\"img\"><div class=\"mpc-image-box\" style=\"background-image: url(https:\/\/d3pugrm67vf9n7.cloudfront.net\/wp-content\/uploads\/sites\/26\/2021\/01\/29165328\/Foto-circulo-Fronters-de-la-exclusi%C3%B3n-NIC.jpg);\"><\/div><\/div><div class=\"info\"><div class=\"info-wrap\"><h3 class=\"mpc-ihover-title\">Fronteras de la Exclusi\u00f3n<\/h3><\/div><\/div><\/a><\/div><\/div>[vc_empty_space][\/vc_column][vc_column width=\u00bb2\/3&#8243;][vc_column_text]<\/p>\n<h3 style=\"text-align: left\">Fronteras de la Exclusi\u00f3n<\/h3>\n<p>[\/vc_column_text][vc_column_text]<\/p>\n<p align=\"justify\">\u201cFe y Alegr\u00eda empieza donde termina el asfalto, donde se acaba el cemento, donde no llega el agua potable. Es decir, donde est\u00e1n los aut\u00e9nticos olvidados de su propia sociedad\u201d P. Jos\u00e9 Mar\u00eda V\u00e9laz, S.J.<\/p>\n<p align=\"justify\">Queremos ser coherentes con nuestro carisma original, audaces y creativos, para proyectar nuevos emprendimientos socio-educativos en fronteras de mayor exclusi\u00f3n.<\/p>\n<p>[\/vc_column_text][vc_row_inner][vc_column_inner width=\u00bb3\/4&#8243;][\/vc_column_inner][vc_column_inner width=\u00bb1\/4&#8243; alignment=\u00bbright\u00bb]<a href=\"\/nicaragua\/fronteras-de-la-exclusion\/\" title=\"\"  data-id=\"mpc_button-3769f1864d6f97a\" class=\"mpc-button mpc-init mpc-transition \" ><div class=\"mpc-button__content mpc-effect-type--none mpc-effect-side--none\"><span class=\"mpc-button__title mpc-transition\">Leer m\u00e1s<\/span><\/div><div class=\"mpc-button__background mpc-transition mpc-effect-type--fade mpc-effect-side--in\"><\/div><\/a>[\/vc_column_inner][\/vc_row_inner][\/vc_column][\/vc_row][vc_row enable_first_overlay=\u00bbtrue\u00bb first_overlay_opacity=\u00bb15&#8243;][vc_column]<div style=\"background-color:;height: 50px\" class=\"nicdark_section  \"><\/div>[vc_separator color=\u00bbcustom\u00bb style=\u00bbdotted\u00bb border_width=\u00bb2&#8243; accent_color=\u00bb#e4e4e4&#8243;]<div style=\"background-color:;height: 50px\" class=\"nicdark_section  \"><\/div>[\/vc_column][\/vc_row][vc_row enable_first_overlay=\u00bbtrue\u00bb first_overlay_opacity=\u00bb15&#8243;][vc_column width=\u00bb1\/3&#8243;]<div data-id=\"mpc_ihover-4569f1864d6fbd0\" class=\"mpc-ihover-wrapper mpc-init \"><div class=\"mpc-ihover-item ih-item circle effect1  \" data-effect=\"effect1\"><a  href=\"https:\/\/www.feyalegria.org\/nicaragua\/sostenibilidad\/\" target=\"_blank\" title=\"Sostenibilidad\" ><div class=\"spinner\"><\/div><div class=\"img\"><div class=\"mpc-image-box\" style=\"background-image: url(https:\/\/d3pugrm67vf9n7.cloudfront.net\/wp-content\/uploads\/sites\/26\/2021\/01\/29165332\/Foto-circulo-sostenibilidad-NIC.jpg);\"><\/div><\/div><div class=\"info\"><div class=\"info-wrap\"><h3 class=\"mpc-ihover-title\">Sostenibilidad<\/h3><\/div><\/div><\/a><\/div><\/div>[vc_empty_space][\/vc_column][vc_column width=\u00bb2\/3&#8243;][vc_column_text]<\/p>\n<h3 style=\"text-align: left\">Sostenibilidad<\/h3>\n<p>[\/vc_column_text][vc_column_text]<\/p>\n<p align=\"justify\">En Fe y Alegr\u00eda Nicaragua desde nuestro accionar buscamos fortalecer nuestra sostenibilidad organizacional y econ\u00f3mica para asegurar una gesti\u00f3n eficaz, participativa y transparente que garantice la continuidad de nuestros proyectos educativos en beneficio de los sectores m\u00e1s empobrecido del pa\u00eds.<\/p>\n<p>[\/vc_column_text][vc_row_inner][vc_column_inner width=\u00bb3\/4&#8243;][\/vc_column_inner][vc_column_inner width=\u00bb1\/4&#8243; alignment=\u00bbright\u00bb]<a href=\"\/nicaragua\/sostenibilidad\/\" title=\"\"  data-id=\"mpc_button-1169f1864d70035\" class=\"mpc-button mpc-init mpc-transition \" ><div class=\"mpc-button__content mpc-effect-type--none mpc-effect-side--none\"><span class=\"mpc-button__title mpc-transition\">Leer m\u00e1s<\/span><\/div><div class=\"mpc-button__background mpc-transition mpc-effect-type--fade mpc-effect-side--in\"><\/div><\/a>[\/vc_column_inner][\/vc_row_inner][\/vc_column][\/vc_row][vc_row enable_first_overlay=\u00bbtrue\u00bb first_overlay_opacity=\u00bb15&#8243;][vc_column]<div style=\"background-color:;height: 50px\" class=\"nicdark_section  \"><\/div>[vc_separator color=\u00bbcustom\u00bb style=\u00bbdotted\u00bb border_width=\u00bb2&#8243; accent_color=\u00bb#e4e4e4&#8243;]<div style=\"background-color:;height: 50px\" class=\"nicdark_section  \"><\/div>[\/vc_column][\/vc_row][vc_row enable_first_overlay=\u00bbtrue\u00bb first_overlay_opacity=\u00bb15&#8243;][vc_column width=\u00bb1\/3&#8243;]<div data-id=\"mpc_ihover-9669f1864d7025e\" class=\"mpc-ihover-wrapper mpc-init \"><div class=\"mpc-ihover-item ih-item circle effect1  \" data-effect=\"effect1\"><a  href=\"https:\/\/www.feyalegria.org\/nicaragua\/accion-publica\/\" target=\"_blank\" title=\"Acci\u00f3n P\u00fablica\" ><div class=\"spinner\"><\/div><div class=\"img\"><div class=\"mpc-image-box\" style=\"background-image: url(https:\/\/d3pugrm67vf9n7.cloudfront.net\/wp-content\/uploads\/sites\/26\/2021\/01\/29165324\/Foto-c%C3%ADrculo-acci%C3%B3n-p%C3%BAblica-NIC.jpg);\"><\/div><\/div><div class=\"info\"><div class=\"info-wrap\"><h3 class=\"mpc-ihover-title\">Acci\u00f3n P\u00fablica<\/h3><\/div><\/div><\/a><\/div><\/div>[vc_empty_space][\/vc_column][vc_column width=\u00bb2\/3&#8243;][vc_column_text]<\/p>\n<h3 style=\"text-align: left\">Acci\u00f3n P\u00fablica<\/h3>\n<p>[\/vc_column_text][vc_column_text]<\/p>\n<p align=\"justify\">La Federaci\u00f3n Internacional y las Fe y Alegr\u00eda nacionales, fomentan el desarrollo y la ejecuci\u00f3n de estrategias de incidencia sobre pol\u00edticas p\u00fablicas relacionadas con el derecho humano a la educaci\u00f3n de calidad y la igualdad-equidad social. Igualmente desarrollan acciones para fortalecer la capacidad para la acci\u00f3n p\u00fablica de todo el Movimiento.<\/p>\n<p align=\"justify\">En Fe y Alegr\u00eda Nicaragua entendemos la Acci\u00f3n P\u00fablica como un proceso amplio desde nuestra identidad, espiritualidad, \u00e9tica y proceder que se complementa, vincula y tiene unidad con el trabajo educativo y de Promoci\u00f3n Social.<\/p>\n<p>[\/vc_column_text][vc_row_inner][vc_column_inner width=\u00bb3\/4&#8243;][\/vc_column_inner][vc_column_inner width=\u00bb1\/4&#8243; alignment=\u00bbright\u00bb]<a href=\"\/nicaragua\/accion-publica\/\" title=\"\"  data-id=\"mpc_button-8169f1864d706cf\" class=\"mpc-button mpc-init mpc-transition \" ><div class=\"mpc-button__content mpc-effect-type--none mpc-effect-side--none\"><span class=\"mpc-button__title mpc-transition\">Leer m\u00e1s<\/span><\/div><div class=\"mpc-button__background mpc-transition mpc-effect-type--fade mpc-effect-side--in\"><\/div><\/a>[\/vc_column_inner][\/vc_row_inner][\/vc_column][\/vc_row][vc_row][vc_column]<div style=\"background-color:;height: 20px\" class=\"nicdark_section  \"><\/div>[\/vc_column][\/vc_row][vc_row][vc_column][vc_column_text]<\/p>\n<p>[\/vc_column_text][\/vc_column][\/vc_row][vc_row][vc_column alignment=\u00bbcenter\u00bb][\/vc_column][\/vc_row]<\/p>\n<\/div>","protected":false},"excerpt":{"rendered":"<p>[vc_row enable_first_overlay=\u00bbtrue\u00bb first_overlay_opacity=\u00bb15&#8243;][vc_column][\/vc_column][\/vc_row][vc_row enable_first_overlay=\u00bbtrue\u00bb first_overlay_opacity=\u00bb15&#8243;][vc_column width=\u00bb1\/3&#8243;][vc_empty_space][\/vc_column][vc_column width=\u00bb2\/3&#8243;][vc_column_text] Educaci\u00f3n Popular [\/vc_column_text][vc_column_text] Una propuesta pedag\u00f3gica, \u00e9tica, pol\u00edtica y epistemol\u00f3gica que orienta toda nuestra acci\u00f3n educativa con una intencionalidad de transformaci\u00f3n personal y social. Implementamos un programa de mejora continua de la calidad educativa en nuestros centros, alcanzando con ello afianzar principios y valores que sean el arraigo<\/p>\n","protected":false},"author":2,"featured_media":0,"parent":0,"menu_order":0,"comment_status":"closed","ping_status":"closed","template":"","meta":{"_acf_changed":false,"footnotes":""},"folder":[],"class_list":["post-3034","page","type-page","status-publish","hentry"],"acf":[],"yoast_head":"<!-- This site is optimized with the Yoast SEO plugin v27.5 - https:\/\/yoast.com\/product\/yoast-seo-wordpress\/ -->\n<title>Programas - #SomosFeyAlegr\u00eda en Nicaragua<\/title>\n<meta name=\"robots\" content=\"index, follow, max-snippet:-1, max-image-preview:large, max-video-preview:-1\" \/>\n<link rel=\"canonical\" href=\"https:\/\/www.feyalegria.org\/nicaragua\/programas\/\" \/>\n<meta property=\"og:locale\" content=\"es_ES\" \/>\n<meta property=\"og:type\" content=\"article\" \/>\n<meta property=\"og:title\" content=\"Programas - #SomosFeyAlegr\u00eda en Nicaragua\" \/>\n<meta property=\"og:description\" content=\"[vc_row enable_first_overlay=\u00bbtrue\u00bb first_overlay_opacity=\u00bb15&#8243;][vc_column][\/vc_column][\/vc_row][vc_row enable_first_overlay=\u00bbtrue\u00bb first_overlay_opacity=\u00bb15&#8243;][vc_column width=\u00bb1\/3&#8243;][vc_empty_space][\/vc_column][vc_column width=\u00bb2\/3&#8243;][vc_column_text] Educaci\u00f3n Popular [\/vc_column_text][vc_column_text] Una propuesta pedag\u00f3gica, \u00e9tica, pol\u00edtica y epistemol\u00f3gica que orienta toda nuestra acci\u00f3n educativa con una intencionalidad de transformaci\u00f3n personal y social. Implementamos un programa de mejora continua de la calidad educativa en nuestros centros, alcanzando con ello afianzar principios y valores que sean el arraigo\" \/>\n<meta property=\"og:url\" content=\"https:\/\/www.feyalegria.org\/nicaragua\/programas\/\" \/>\n<meta property=\"og:site_name\" content=\"#SomosFeyAlegr\u00eda en Nicaragua\" \/>\n<meta property=\"article:modified_time\" content=\"2024-07-02T16:23:09+00:00\" \/>\n<meta name=\"twitter:card\" content=\"summary_large_image\" \/>\n<meta name=\"twitter:label1\" content=\"Tiempo de lectura\" \/>\n\t<meta name=\"twitter:data1\" content=\"8 minutos\" \/>\n<script type=\"application\/ld+json\" class=\"yoast-schema-graph\">{\"@context\":\"https:\\\/\\\/schema.org\",\"@graph\":[{\"@type\":\"WebPage\",\"@id\":\"https:\\\/\\\/www.feyalegria.org\\\/nicaragua\\\/programas\\\/\",\"url\":\"https:\\\/\\\/www.feyalegria.org\\\/nicaragua\\\/programas\\\/\",\"name\":\"Programas - #SomosFeyAlegr\u00eda en Nicaragua\",\"isPartOf\":{\"@id\":\"https:\\\/\\\/www.feyalegria.org\\\/nicaragua\\\/#website\"},\"datePublished\":\"2024-07-02T15:57:39+00:00\",\"dateModified\":\"2024-07-02T16:23:09+00:00\",\"breadcrumb\":{\"@id\":\"https:\\\/\\\/www.feyalegria.org\\\/nicaragua\\\/programas\\\/#breadcrumb\"},\"inLanguage\":\"es\",\"potentialAction\":[{\"@type\":\"ReadAction\",\"target\":[\"https:\\\/\\\/www.feyalegria.org\\\/nicaragua\\\/programas\\\/\"]}]},{\"@type\":\"BreadcrumbList\",\"@id\":\"https:\\\/\\\/www.feyalegria.org\\\/nicaragua\\\/programas\\\/#breadcrumb\",\"itemListElement\":[{\"@type\":\"ListItem\",\"position\":1,\"name\":\"Home\",\"item\":\"https:\\\/\\\/www.feyalegria.org\\\/nicaragua\\\/\"},{\"@type\":\"ListItem\",\"position\":2,\"name\":\"Programas\"}]},{\"@type\":\"WebSite\",\"@id\":\"https:\\\/\\\/www.feyalegria.org\\\/nicaragua\\\/#website\",\"url\":\"https:\\\/\\\/www.feyalegria.org\\\/nicaragua\\\/\",\"name\":\"#SomosFeyAlegr\u00eda en Nicaragua\",\"description\":\"Movimiento de Educaci\u00f3n Popular y Promoci\u00f3n Social\",\"publisher\":{\"@id\":\"https:\\\/\\\/www.feyalegria.org\\\/nicaragua\\\/#organization\"},\"potentialAction\":[{\"@type\":\"SearchAction\",\"target\":{\"@type\":\"EntryPoint\",\"urlTemplate\":\"https:\\\/\\\/www.feyalegria.org\\\/nicaragua\\\/?s={search_term_string}\"},\"query-input\":{\"@type\":\"PropertyValueSpecification\",\"valueRequired\":true,\"valueName\":\"search_term_string\"}}],\"inLanguage\":\"es\"},{\"@type\":\"Organization\",\"@id\":\"https:\\\/\\\/www.feyalegria.org\\\/nicaragua\\\/#organization\",\"name\":\"#SomosFeyAlegr\u00eda en Nicaragua\",\"url\":\"https:\\\/\\\/www.feyalegria.org\\\/nicaragua\\\/\",\"logo\":{\"@type\":\"ImageObject\",\"inLanguage\":\"es\",\"@id\":\"https:\\\/\\\/www.feyalegria.org\\\/nicaragua\\\/#\\\/schema\\\/logo\\\/image\\\/\",\"url\":\"https:\\\/\\\/d3pugrm67vf9n7.cloudfront.net\\\/wp-content\\\/uploads\\\/sites\\\/26\\\/2024\\\/04\\\/12160458\\\/cropped-logo_fya-.png\",\"contentUrl\":\"https:\\\/\\\/d3pugrm67vf9n7.cloudfront.net\\\/wp-content\\\/uploads\\\/sites\\\/26\\\/2024\\\/04\\\/12160458\\\/cropped-logo_fya-.png\",\"width\":512,\"height\":512,\"caption\":\"#SomosFeyAlegr\u00eda en Nicaragua\"},\"image\":{\"@id\":\"https:\\\/\\\/www.feyalegria.org\\\/nicaragua\\\/#\\\/schema\\\/logo\\\/image\\\/\"}}]}<\/script>\n<!-- \/ Yoast SEO plugin. -->","yoast_head_json":{"title":"Programas - #SomosFeyAlegr\u00eda en Nicaragua","robots":{"index":"index","follow":"follow","max-snippet":"max-snippet:-1","max-image-preview":"max-image-preview:large","max-video-preview":"max-video-preview:-1"},"canonical":"https:\/\/www.feyalegria.org\/nicaragua\/programas\/","og_locale":"es_ES","og_type":"article","og_title":"Programas - #SomosFeyAlegr\u00eda en Nicaragua","og_description":"[vc_row enable_first_overlay=\u00bbtrue\u00bb first_overlay_opacity=\u00bb15&#8243;][vc_column][\/vc_column][\/vc_row][vc_row enable_first_overlay=\u00bbtrue\u00bb first_overlay_opacity=\u00bb15&#8243;][vc_column width=\u00bb1\/3&#8243;][vc_empty_space][\/vc_column][vc_column width=\u00bb2\/3&#8243;][vc_column_text] Educaci\u00f3n Popular [\/vc_column_text][vc_column_text] Una propuesta pedag\u00f3gica, \u00e9tica, pol\u00edtica y epistemol\u00f3gica que orienta toda nuestra acci\u00f3n educativa con una intencionalidad de transformaci\u00f3n personal y social. Implementamos un programa de mejora continua de la calidad educativa en nuestros centros, alcanzando con ello afianzar principios y valores que sean el arraigo","og_url":"https:\/\/www.feyalegria.org\/nicaragua\/programas\/","og_site_name":"#SomosFeyAlegr\u00eda en Nicaragua","article_modified_time":"2024-07-02T16:23:09+00:00","twitter_card":"summary_large_image","twitter_misc":{"Tiempo de lectura":"8 minutos"},"schema":{"@context":"https:\/\/schema.org","@graph":[{"@type":"WebPage","@id":"https:\/\/www.feyalegria.org\/nicaragua\/programas\/","url":"https:\/\/www.feyalegria.org\/nicaragua\/programas\/","name":"Programas - #SomosFeyAlegr\u00eda en Nicaragua","isPartOf":{"@id":"https:\/\/www.feyalegria.org\/nicaragua\/#website"},"datePublished":"2024-07-02T15:57:39+00:00","dateModified":"2024-07-02T16:23:09+00:00","breadcrumb":{"@id":"https:\/\/www.feyalegria.org\/nicaragua\/programas\/#breadcrumb"},"inLanguage":"es","potentialAction":[{"@type":"ReadAction","target":["https:\/\/www.feyalegria.org\/nicaragua\/programas\/"]}]},{"@type":"BreadcrumbList","@id":"https:\/\/www.feyalegria.org\/nicaragua\/programas\/#breadcrumb","itemListElement":[{"@type":"ListItem","position":1,"name":"Home","item":"https:\/\/www.feyalegria.org\/nicaragua\/"},{"@type":"ListItem","position":2,"name":"Programas"}]},{"@type":"WebSite","@id":"https:\/\/www.feyalegria.org\/nicaragua\/#website","url":"https:\/\/www.feyalegria.org\/nicaragua\/","name":"#SomosFeyAlegr\u00eda en Nicaragua","description":"Movimiento de Educaci\u00f3n Popular y Promoci\u00f3n Social","publisher":{"@id":"https:\/\/www.feyalegria.org\/nicaragua\/#organization"},"potentialAction":[{"@type":"SearchAction","target":{"@type":"EntryPoint","urlTemplate":"https:\/\/www.feyalegria.org\/nicaragua\/?s={search_term_string}"},"query-input":{"@type":"PropertyValueSpecification","valueRequired":true,"valueName":"search_term_string"}}],"inLanguage":"es"},{"@type":"Organization","@id":"https:\/\/www.feyalegria.org\/nicaragua\/#organization","name":"#SomosFeyAlegr\u00eda en Nicaragua","url":"https:\/\/www.feyalegria.org\/nicaragua\/","logo":{"@type":"ImageObject","inLanguage":"es","@id":"https:\/\/www.feyalegria.org\/nicaragua\/#\/schema\/logo\/image\/","url":"https:\/\/d3pugrm67vf9n7.cloudfront.net\/wp-content\/uploads\/sites\/26\/2024\/04\/12160458\/cropped-logo_fya-.png","contentUrl":"https:\/\/d3pugrm67vf9n7.cloudfront.net\/wp-content\/uploads\/sites\/26\/2024\/04\/12160458\/cropped-logo_fya-.png","width":512,"height":512,"caption":"#SomosFeyAlegr\u00eda en Nicaragua"},"image":{"@id":"https:\/\/www.feyalegria.org\/nicaragua\/#\/schema\/logo\/image\/"}}]}},"_links":{"self":[{"href":"https:\/\/www.feyalegria.org\/nicaragua\/wp-json\/wp\/v2\/pages\/3034","targetHints":{"allow":["GET"]}}],"collection":[{"href":"https:\/\/www.feyalegria.org\/nicaragua\/wp-json\/wp\/v2\/pages"}],"about":[{"href":"https:\/\/www.feyalegria.org\/nicaragua\/wp-json\/wp\/v2\/types\/page"}],"author":[{"embeddable":true,"href":"https:\/\/www.feyalegria.org\/nicaragua\/wp-json\/wp\/v2\/users\/2"}],"replies":[{"embeddable":true,"href":"https:\/\/www.feyalegria.org\/nicaragua\/wp-json\/wp\/v2\/comments?post=3034"}],"version-history":[{"count":0,"href":"https:\/\/www.feyalegria.org\/nicaragua\/wp-json\/wp\/v2\/pages\/3034\/revisions"}],"wp:attachment":[{"href":"https:\/\/www.feyalegria.org\/nicaragua\/wp-json\/wp\/v2\/media?parent=3034"}],"wp:term":[{"taxonomy":"folder","embeddable":true,"href":"https:\/\/www.feyalegria.org\/nicaragua\/wp-json\/wp\/v2\/folder?post=3034"}],"curies":[{"name":"wp","href":"https:\/\/api.w.org\/{rel}","templated":true}]}}