 {"id":2031,"date":"2022-09-05T15:03:03","date_gmt":"2022-09-05T20:03:03","guid":{"rendered":"https:\/\/www.feyalegria.org\/paraguay2\/?page_id=2031"},"modified":"2023-02-16T11:38:50","modified_gmt":"2023-02-16T16:38:50","slug":"mision-y-vision","status":"publish","type":"page","link":"https:\/\/www.feyalegria.org\/paraguay\/mision-y-vision\/","title":{"rendered":"Misi\u00f3n y visi\u00f3n"},"content":{"rendered":"<div class=\"wpb-content-wrapper\"><p>[vc_row][vc_column offset=\u00bbvc_hidden-md vc_hidden-sm vc_hidden-xs\u00bb]<div style=\"background-color:;height: 40px\" class=\"nicdark_section  \"><\/div>[vc_column_text]<\/p>\n<h1>Somos Fe y Alegr\u00eda<\/h1>\n<p>[\/vc_column_text][\/vc_column][\/vc_row][vc_row enable_first_overlay=\u00bbtrue\u00bb first_overlay_opacity=\u00bb62&#8243; first_background_type=\u00bbgradient\u00bb first_background_gradient=\u00bb#ffffff||rgba(228,228,228,0.5)||0;50||180||linear\u00bb css=\u00bb.vc_custom_1617479957273{padding-right: 30px !important;padding-left: 30px !important;border-radius: 5px !important;}\u00bb][vc_column offset=\u00bbvc_hidden-md vc_hidden-sm vc_hidden-xs\u00bb]<div data-id=\"mpc_quote-9169f1229062e53\" class=\"mpc-quote mpc-init mpc-transition mpc-quote--style_1 mpc-icon--left \" ><div class=\"mpc-quote__wrapper\"><div class=\"mpc-quote__icon-wrapper\"><i class=\"mpc-quote__icon mpc-transition \"><\/i><\/div><div class=\"mpc-quote__content mpc-typography--preset_7\"><div class=\"mpc-quote__description\"><p>Un Movimiento de <strong>Educaci\u00f3n Popular y de Promoci\u00f3n Social <\/strong>que nacido e impulsado por la vivencia de la Fe Cristiana, frente a situaciones de injusticia, <strong>se compromete<\/strong> con el proceso hist\u00f3rico de los sectores populares en la construcci\u00f3n de <strong>una\u00a0sociedad justa y fraterna<\/strong>.<\/p>\n<\/div><div class=\"mpc-quote__signature mpc-typography--preset_8\"><span>Plan Global de Prioridades Federativas 2021 2025<\/span><\/div><\/div><\/div><\/div>[\/vc_column][\/vc_row][vc_row enable_first_overlay=\u00bbtrue\u00bb first_overlay_opacity=\u00bb62&#8243; first_background_type=\u00bbgradient\u00bb first_background_gradient=\u00bb#ffffff||rgba(228,228,228,0.5)||0;50||180||linear\u00bb css=\u00bb.vc_custom_1617479957273{padding-right: 30px !important;padding-left: 30px !important;border-radius: 5px !important;}\u00bb][vc_column offset=\u00bbvc_hidden-lg\u00bb css=\u00bb.vc_custom_1676559246811{margin-top: -90px !important;}\u00bb][vc_column_text css=\u00bb.vc_custom_1676565509666{margin-bottom: -5px !important;}\u00bb]<\/p>\n<h3>Somos Fe y Alegr\u00eda<\/h3>\n<p>[\/vc_column_text]<div data-id=\"mpc_quote-2269f1229062f7c\" class=\"mpc-quote mpc-init mpc-transition mpc-quote--style_1 mpc-icon--left \" ><div class=\"mpc-quote__wrapper\"><div class=\"mpc-quote__icon-wrapper\"><i class=\"mpc-quote__icon mpc-transition \"><\/i><\/div><div class=\"mpc-quote__content mpc-typography--preset_7\"><div class=\"mpc-quote__description\"><p>Un Movimiento de <strong>Educaci\u00f3n Popular y de Promoci\u00f3n Social <\/strong>que nacido e impulsado por la vivencia de la Fe Cristiana, frente a situaciones de injusticia, <strong>se compromete<\/strong> con el proceso hist\u00f3rico de los sectores populares en la construcci\u00f3n de <strong>una\u00a0sociedad justa y fraterna<\/strong>.<\/p>\n<\/div><div class=\"mpc-quote__signature mpc-typography--preset_8\"><span>Plan Global de Prioridades Federativas 2021 2025<\/span><\/div><\/div><\/div><\/div>[\/vc_column][\/vc_row][vc_row][vc_column]<div style=\"background-color:;height: 40px\" class=\"nicdark_section  \"><\/div>[\/vc_column][\/vc_row][vc_row content_placement=\u00bbmiddle\u00bb css=\u00bb.vc_custom_1666363816502{background-color: rgba(228,228,228,0.5) !important;*background-color: rgb(228,228,228) !important;border-radius: 5px !important;}\u00bb][vc_column width=\u00bb1\/6&#8243; css=\u00bb.vc_custom_1667915297455{margin-top: 10px !important;margin-bottom: 10px !important;padding-top: 7px !important;padding-right: 40px !important;}\u00bb offset=\u00bbvc_hidden-md vc_hidden-sm vc_hidden-xs\u00bb][vc_single_image image=\u00bb8926&#8243; alignment=\u00bbcenter\u00bb css=\u00bb.vc_custom_1675355039432{margin-top: 20px !important;margin-left: 30px !important;}\u00bb][\/vc_column][vc_column width=\u00bb5\/6&#8243; css=\u00bb.vc_custom_1667915307742{padding-top: 15px !important;padding-left: 40px !important;}\u00bb offset=\u00bbvc_hidden-md vc_hidden-sm vc_hidden-xs\u00bb][vc_row_inner content_placement=\u00bbmiddle\u00bb css=\u00bb.vc_custom_1666363770597{border-radius: 5px !important;}\u00bb][vc_column_inner width=\u00bb1\/4&#8243; css=\u00bb.vc_custom_1617155831872{margin-left: 30px !important;}\u00bb][vc_column_text css=\u00bb.vc_custom_1666363916812{margin-left: -60px !important;}\u00bb]<\/p>\n<h3>Misi\u00f3n<\/h3>\n<p>[\/vc_column_text][\/vc_column_inner][vc_column_inner width=\u00bb3\/4&#8243;][vc_column_text el_class=\u00bbnd_options_text_align_center_responsive\u00bb css=\u00bb.vc_custom_1666363901059{margin-bottom: 10px !important;margin-left: -70px !important;padding-right: 50px !important;padding-bottom: 20px !important;}\u00bb]<\/p>\n<p style=\"text-align: justify;\">Fe y Alegr\u00eda Paraguay es reconocida como referente de Educaci\u00f3n Popular en Paraguay por su contribuci\u00f3n en los procesos de transformaci\u00f3n personal y social. Situado en las fronteras de la exclusi\u00f3n orienta su proyecto socioeducativo para la formaci\u00f3n de l\u00edderes y la promoci\u00f3n social e incide en las pol\u00edticas p\u00fablicas, a fin de impulsar una sociedad justa, equitativa y solidaria. Asume una gesti\u00f3n eficaz, participativa y transparente.<\/p>\n<p>[\/vc_column_text][\/vc_column_inner][\/vc_row_inner][\/vc_column][\/vc_row][vc_row][vc_column offset=\u00bbvc_hidden-lg\u00bb css=\u00bb.vc_custom_1667915561521{background-color: rgba(228,228,228,0.5) !important;*background-color: rgb(228,228,228) !important;border-radius: 5px !important;}\u00bb][vc_single_image image=\u00bb8926&#8243; alignment=\u00bbcenter\u00bb][vc_column_text]<\/p>\n<h3 style=\"text-align: center;\">Misi\u00f3n<\/h3>\n<p>[\/vc_column_text][vc_column_text el_class=\u00bbnd_options_text_align_center_responsive\u00bb]<\/p>\n<p style=\"text-align: justify;\">Fe y Alegr\u00eda Paraguay es reconocida como referente de Educaci\u00f3n Popular en Paraguay por su contribuci\u00f3n en los procesos de transformaci\u00f3n personal y social. Situado en las fronteras de la exclusi\u00f3n orienta su proyecto socioeducativo para la formaci\u00f3n de l\u00edderes y la promoci\u00f3n social e incide en las pol\u00edticas p\u00fablicas, a fin de impulsar una sociedad justa, equitativa y solidaria. Asume una gesti\u00f3n eficaz, participativa y transparente.<\/p>\n<p>[\/vc_column_text][vc_single_image image=\u00bb9051&#8243; alignment=\u00bbcenter\u00bb][vc_column_text]<\/p>\n<h3 style=\"text-align: center;\">Visi\u00f3n<\/h3>\n<p>[\/vc_column_text][vc_column_text el_class=\u00bbnd_options_text_align_center_responsive\u00bb]<\/p>\n<p style=\"text-align: justify;\">Fe y Alegr\u00eda Paraguay es un Movimiento de Educaci\u00f3n Popular y Promoci\u00f3n Social que, inspirado en los retos del Evangelio, en colaboraci\u00f3n con diversas personas e instituciones comprometidas con la construcci\u00f3n de un mundo m\u00e1s humano, justo y compasivo, desde, con y para las comunidades, promueve el desarrollo personal y social en las diversas fronteras de exclusi\u00f3n de nuestro pa\u00eds, mediante procesos socioeducativos inclusivos y de calidad, formando l\u00edderes para la transformaci\u00f3n social, el cuidado del ambiente y la incidencia p\u00fablica.<\/p>\n<p>[\/vc_column_text][\/vc_column][\/vc_row][vc_row][vc_column]<div style=\"background-color:;height: 20px\" class=\"nicdark_section  \"><\/div>[\/vc_column][\/vc_row][vc_row content_placement=\u00bbmiddle\u00bb css=\u00bb.vc_custom_1666363816502{background-color: rgba(228,228,228,0.5) !important;*background-color: rgb(228,228,228) !important;border-radius: 5px !important;}\u00bb][vc_column width=\u00bb1\/6&#8243; css=\u00bb.vc_custom_1667915445092{margin-top: 10px !important;margin-bottom: 10px !important;padding-top: 7px !important;padding-right: 40px !important;}\u00bb offset=\u00bbvc_hidden-md vc_hidden-sm vc_hidden-xs\u00bb][vc_single_image image=\u00bb9051&#8243; alignment=\u00bbcenter\u00bb css=\u00bb.vc_custom_1675355231584{margin-top: 20px !important;margin-left: 30px !important;}\u00bb][\/vc_column][vc_column width=\u00bb5\/6&#8243; css=\u00bb.vc_custom_1667915454935{padding-top: 15px !important;padding-left: 40px !important;}\u00bb offset=\u00bbvc_hidden-md vc_hidden-sm vc_hidden-xs\u00bb][vc_row_inner content_placement=\u00bbmiddle\u00bb css=\u00bb.vc_custom_1666363770597{border-radius: 5px !important;}\u00bb][vc_column_inner width=\u00bb1\/4&#8243; css=\u00bb.vc_custom_1617155831872{margin-left: 30px !important;}\u00bb][vc_column_text css=\u00bb.vc_custom_1666363796092{margin-left: -60px !important;}\u00bb]<\/p>\n<h3>Visi\u00f3n<\/h3>\n<p>[\/vc_column_text][\/vc_column_inner][vc_column_inner width=\u00bb3\/4&#8243;][vc_column_text el_class=\u00bbnd_options_text_align_center_responsive\u00bb css=\u00bb.vc_custom_1666362548997{margin-bottom: 10px !important;margin-left: -70px !important;padding-right: 50px !important;padding-bottom: 20px !important;}\u00bb]<\/p>\n<p style=\"text-align: justify;\">Fe y Alegr\u00eda Paraguay es un Movimiento de Educaci\u00f3n Popular y Promoci\u00f3n Social que, inspirado en los retos del Evangelio, en colaboraci\u00f3n con diversas personas e instituciones comprometidas con la construcci\u00f3n de un mundo m\u00e1s humano, justo y compasivo, desde, con y para las comunidades, promueve el desarrollo personal y social en las diversas fronteras de exclusi\u00f3n de nuestro pa\u00eds, mediante procesos socioeducativos inclusivos y de calidad, formando l\u00edderes para la transformaci\u00f3n social, el cuidado del ambiente y la incidencia p\u00fablica.<\/p>\n<p>[\/vc_column_text][\/vc_column_inner][\/vc_row_inner][\/vc_column][\/vc_row][vc_row][vc_column]<div style=\"background-color:;height: 30px\" class=\"nicdark_section  \"><\/div>[\/vc_column][\/vc_row][vc_row][vc_column][vc_row_inner][vc_column_inner width=\u00bb1\/3&#8243;]<div style=\"background-color:;height: 10px\" class=\"nicdark_section  \"><\/div>[vc_single_image image=\u00bb8497&#8243; img_size=\u00bbfull\u00bb alignment=\u00bbcenter\u00bb style=\u00bbvc_box_rounded\u00bb][\/vc_column_inner][vc_column_inner width=\u00bb1\/3&#8243;]<div style=\"background-color:;height: 10px\" class=\"nicdark_section  \"><\/div>[vc_single_image image=\u00bb8542&#8243; img_size=\u00bbfull\u00bb alignment=\u00bbcenter\u00bb style=\u00bbvc_box_rounded\u00bb][\/vc_column_inner][vc_column_inner width=\u00bb1\/3&#8243;]<div style=\"background-color:;height: 10px\" class=\"nicdark_section  \"><\/div>[vc_single_image image=\u00bb9071&#8243; img_size=\u00bbfull\u00bb alignment=\u00bbcenter\u00bb style=\u00bbvc_box_rounded\u00bb][\/vc_column_inner][\/vc_row_inner][vc_row_inner][vc_column_inner offset=\u00bbvc_hidden-md vc_hidden-sm vc_hidden-xs\u00bb]<div style=\"background-color:;height: 70px\" class=\"nicdark_section  \"><\/div>[\/vc_column_inner][\/vc_row_inner][\/vc_column][\/vc_row][vc_row][vc_column][vc_column_text]<\/p>\n<h2 style=\"text-align: center;\">Educaci\u00f3n Popular integral y Promoci\u00f3n Social<\/h2>\n<p>[\/vc_column_text]<div style=\"background-color:;height: 10px\" class=\"nicdark_section  \"><\/div>[vc_video link=\u00bbhttps:\/\/youtu.be\/lJLvrw-nOgk\u00bb el_width=\u00bb80&#8243; align=\u00bbcenter\u00bb]<div style=\"background-color:;height: 10px\" class=\"nicdark_section  \"><\/div>[\/vc_column][\/vc_row]<\/p>\n<\/div>","protected":false},"excerpt":{"rendered":"<p>[vc_row][vc_column offset=\u00bbvc_hidden-md vc_hidden-sm vc_hidden-xs\u00bb][vc_column_text] Somos Fe y Alegr\u00eda [\/vc_column_text][\/vc_column][\/vc_row][vc_row enable_first_overlay=\u00bbtrue\u00bb first_overlay_opacity=\u00bb62&#8243; first_background_type=\u00bbgradient\u00bb first_background_gradient=\u00bb#ffffff||rgba(228,228,228,0.5)||0;50||180||linear\u00bb css=\u00bb.vc_custom_1617479957273{padding-right: 30px !important;padding-left: 30px !important;border-radius: 5px !important;}\u00bb][vc_column offset=\u00bbvc_hidden-md vc_hidden-sm vc_hidden-xs\u00bb][\/vc_column][\/vc_row][vc_row enable_first_overlay=\u00bbtrue\u00bb first_overlay_opacity=\u00bb62&#8243; first_background_type=\u00bbgradient\u00bb first_background_gradient=\u00bb#ffffff||rgba(228,228,228,0.5)||0;50||180||linear\u00bb css=\u00bb.vc_custom_1617479957273{padding-right: 30px !important;padding-left: 30px !important;border-radius: 5px !important;}\u00bb][vc_column offset=\u00bbvc_hidden-lg\u00bb css=\u00bb.vc_custom_1676559246811{margin-top: -90px !important;}\u00bb][vc_column_text css=\u00bb.vc_custom_1676565509666{margin-bottom: -5px !important;}\u00bb] Somos Fe y Alegr\u00eda [\/vc_column_text][\/vc_column][\/vc_row][vc_row][vc_column][\/vc_column][\/vc_row][vc_row content_placement=\u00bbmiddle\u00bb css=\u00bb.vc_custom_1666363816502{background-color: rgba(228,228,228,0.5) !important;*background-color: rgb(228,228,228) !important;border-radius: 5px !important;}\u00bb][vc_column width=\u00bb1\/6&#8243;<\/p>\n","protected":false},"author":2,"featured_media":0,"parent":0,"menu_order":0,"comment_status":"closed","ping_status":"closed","template":"","meta":{"_acf_changed":false,"footnotes":""},"folder":[],"class_list":["post-2031","page","type-page","status-publish","hentry"],"acf":[],"yoast_head":"<!-- This site is optimized with the Yoast SEO plugin v27.5 - https:\/\/yoast.com\/product\/yoast-seo-wordpress\/ -->\n<title>Misi\u00f3n y visi\u00f3n - #SomosFeyAlegria en Paraguay<\/title>\n<meta name=\"robots\" content=\"index, follow, max-snippet:-1, max-image-preview:large, max-video-preview:-1\" \/>\n<link rel=\"canonical\" href=\"https:\/\/www.feyalegria.org\/paraguay\/mision-y-vision\/\" \/>\n<meta property=\"og:locale\" content=\"es_ES\" \/>\n<meta property=\"og:type\" content=\"article\" \/>\n<meta property=\"og:title\" content=\"Misi\u00f3n y visi\u00f3n - #SomosFeyAlegria en Paraguay\" \/>\n<meta property=\"og:description\" content=\"[vc_row][vc_column offset=\u00bbvc_hidden-md vc_hidden-sm vc_hidden-xs\u00bb][vc_column_text] Somos Fe y Alegr\u00eda [\/vc_column_text][\/vc_column][\/vc_row][vc_row enable_first_overlay=\u00bbtrue\u00bb first_overlay_opacity=\u00bb62&#8243; first_background_type=\u00bbgradient\u00bb first_background_gradient=\u00bb#ffffff||rgba(228,228,228,0.5)||0;50||180||linear\u00bb css=\u00bb.vc_custom_1617479957273{padding-right: 30px !important;padding-left: 30px !important;border-radius: 5px !important;}\u00bb][vc_column offset=\u00bbvc_hidden-md vc_hidden-sm vc_hidden-xs\u00bb][\/vc_column][\/vc_row][vc_row enable_first_overlay=\u00bbtrue\u00bb first_overlay_opacity=\u00bb62&#8243; first_background_type=\u00bbgradient\u00bb first_background_gradient=\u00bb#ffffff||rgba(228,228,228,0.5)||0;50||180||linear\u00bb css=\u00bb.vc_custom_1617479957273{padding-right: 30px !important;padding-left: 30px !important;border-radius: 5px !important;}\u00bb][vc_column offset=\u00bbvc_hidden-lg\u00bb css=\u00bb.vc_custom_1676559246811{margin-top: -90px !important;}\u00bb][vc_column_text css=\u00bb.vc_custom_1676565509666{margin-bottom: -5px !important;}\u00bb] Somos Fe y Alegr\u00eda [\/vc_column_text][\/vc_column][\/vc_row][vc_row][vc_column][\/vc_column][\/vc_row][vc_row content_placement=\u00bbmiddle\u00bb css=\u00bb.vc_custom_1666363816502{background-color: rgba(228,228,228,0.5) !important;*background-color: rgb(228,228,228) !important;border-radius: 5px !important;}\u00bb][vc_column width=\u00bb1\/6&#8243;\" \/>\n<meta property=\"og:url\" content=\"https:\/\/www.feyalegria.org\/paraguay\/mision-y-vision\/\" \/>\n<meta property=\"og:site_name\" content=\"#SomosFeyAlegria en Paraguay\" \/>\n<meta property=\"article:modified_time\" content=\"2023-02-16T16:38:50+00:00\" \/>\n<meta name=\"twitter:card\" content=\"summary_large_image\" \/>\n<meta name=\"twitter:label1\" content=\"Tiempo de lectura\" \/>\n\t<meta name=\"twitter:data1\" content=\"7 minutos\" \/>\n<script type=\"application\/ld+json\" class=\"yoast-schema-graph\">{\"@context\":\"https:\\\/\\\/schema.org\",\"@graph\":[{\"@type\":\"WebPage\",\"@id\":\"https:\\\/\\\/www.feyalegria.org\\\/paraguay\\\/mision-y-vision\\\/\",\"url\":\"https:\\\/\\\/www.feyalegria.org\\\/paraguay\\\/mision-y-vision\\\/\",\"name\":\"Misi\u00f3n y visi\u00f3n - #SomosFeyAlegria en Paraguay\",\"isPartOf\":{\"@id\":\"https:\\\/\\\/www.feyalegria.org\\\/paraguay\\\/#website\"},\"datePublished\":\"2022-09-05T20:03:03+00:00\",\"dateModified\":\"2023-02-16T16:38:50+00:00\",\"breadcrumb\":{\"@id\":\"https:\\\/\\\/www.feyalegria.org\\\/paraguay\\\/mision-y-vision\\\/#breadcrumb\"},\"inLanguage\":\"es\",\"potentialAction\":[{\"@type\":\"ReadAction\",\"target\":[\"https:\\\/\\\/www.feyalegria.org\\\/paraguay\\\/mision-y-vision\\\/\"]}]},{\"@type\":\"BreadcrumbList\",\"@id\":\"https:\\\/\\\/www.feyalegria.org\\\/paraguay\\\/mision-y-vision\\\/#breadcrumb\",\"itemListElement\":[{\"@type\":\"ListItem\",\"position\":1,\"name\":\"Home\",\"item\":\"https:\\\/\\\/www.feyalegria.org\\\/paraguay\\\/\"},{\"@type\":\"ListItem\",\"position\":2,\"name\":\"Misi\u00f3n y visi\u00f3n\"}]},{\"@type\":\"WebSite\",\"@id\":\"https:\\\/\\\/www.feyalegria.org\\\/paraguay\\\/#website\",\"url\":\"https:\\\/\\\/www.feyalegria.org\\\/paraguay\\\/\",\"name\":\"#SomosFeyAlegria en Paraguay\",\"description\":\"Movimiento de Educaci\u00f3n Popular y Promoci\u00f3n Social\",\"potentialAction\":[{\"@type\":\"SearchAction\",\"target\":{\"@type\":\"EntryPoint\",\"urlTemplate\":\"https:\\\/\\\/www.feyalegria.org\\\/paraguay\\\/?s={search_term_string}\"},\"query-input\":{\"@type\":\"PropertyValueSpecification\",\"valueRequired\":true,\"valueName\":\"search_term_string\"}}],\"inLanguage\":\"es\"}]}<\/script>\n<!-- \/ Yoast SEO plugin. -->","yoast_head_json":{"title":"Misi\u00f3n y visi\u00f3n - #SomosFeyAlegria en Paraguay","robots":{"index":"index","follow":"follow","max-snippet":"max-snippet:-1","max-image-preview":"max-image-preview:large","max-video-preview":"max-video-preview:-1"},"canonical":"https:\/\/www.feyalegria.org\/paraguay\/mision-y-vision\/","og_locale":"es_ES","og_type":"article","og_title":"Misi\u00f3n y visi\u00f3n - #SomosFeyAlegria en Paraguay","og_description":"[vc_row][vc_column offset=\u00bbvc_hidden-md vc_hidden-sm vc_hidden-xs\u00bb][vc_column_text] Somos Fe y Alegr\u00eda [\/vc_column_text][\/vc_column][\/vc_row][vc_row enable_first_overlay=\u00bbtrue\u00bb first_overlay_opacity=\u00bb62&#8243; first_background_type=\u00bbgradient\u00bb first_background_gradient=\u00bb#ffffff||rgba(228,228,228,0.5)||0;50||180||linear\u00bb css=\u00bb.vc_custom_1617479957273{padding-right: 30px !important;padding-left: 30px !important;border-radius: 5px !important;}\u00bb][vc_column offset=\u00bbvc_hidden-md vc_hidden-sm vc_hidden-xs\u00bb][\/vc_column][\/vc_row][vc_row enable_first_overlay=\u00bbtrue\u00bb first_overlay_opacity=\u00bb62&#8243; first_background_type=\u00bbgradient\u00bb first_background_gradient=\u00bb#ffffff||rgba(228,228,228,0.5)||0;50||180||linear\u00bb css=\u00bb.vc_custom_1617479957273{padding-right: 30px !important;padding-left: 30px !important;border-radius: 5px !important;}\u00bb][vc_column offset=\u00bbvc_hidden-lg\u00bb css=\u00bb.vc_custom_1676559246811{margin-top: -90px !important;}\u00bb][vc_column_text css=\u00bb.vc_custom_1676565509666{margin-bottom: -5px !important;}\u00bb] Somos Fe y Alegr\u00eda [\/vc_column_text][\/vc_column][\/vc_row][vc_row][vc_column][\/vc_column][\/vc_row][vc_row content_placement=\u00bbmiddle\u00bb css=\u00bb.vc_custom_1666363816502{background-color: rgba(228,228,228,0.5) !important;*background-color: rgb(228,228,228) !important;border-radius: 5px !important;}\u00bb][vc_column width=\u00bb1\/6&#8243;","og_url":"https:\/\/www.feyalegria.org\/paraguay\/mision-y-vision\/","og_site_name":"#SomosFeyAlegria en Paraguay","article_modified_time":"2023-02-16T16:38:50+00:00","twitter_card":"summary_large_image","twitter_misc":{"Tiempo de lectura":"7 minutos"},"schema":{"@context":"https:\/\/schema.org","@graph":[{"@type":"WebPage","@id":"https:\/\/www.feyalegria.org\/paraguay\/mision-y-vision\/","url":"https:\/\/www.feyalegria.org\/paraguay\/mision-y-vision\/","name":"Misi\u00f3n y visi\u00f3n - #SomosFeyAlegria en Paraguay","isPartOf":{"@id":"https:\/\/www.feyalegria.org\/paraguay\/#website"},"datePublished":"2022-09-05T20:03:03+00:00","dateModified":"2023-02-16T16:38:50+00:00","breadcrumb":{"@id":"https:\/\/www.feyalegria.org\/paraguay\/mision-y-vision\/#breadcrumb"},"inLanguage":"es","potentialAction":[{"@type":"ReadAction","target":["https:\/\/www.feyalegria.org\/paraguay\/mision-y-vision\/"]}]},{"@type":"BreadcrumbList","@id":"https:\/\/www.feyalegria.org\/paraguay\/mision-y-vision\/#breadcrumb","itemListElement":[{"@type":"ListItem","position":1,"name":"Home","item":"https:\/\/www.feyalegria.org\/paraguay\/"},{"@type":"ListItem","position":2,"name":"Misi\u00f3n y visi\u00f3n"}]},{"@type":"WebSite","@id":"https:\/\/www.feyalegria.org\/paraguay\/#website","url":"https:\/\/www.feyalegria.org\/paraguay\/","name":"#SomosFeyAlegria en Paraguay","description":"Movimiento de Educaci\u00f3n Popular y Promoci\u00f3n Social","potentialAction":[{"@type":"SearchAction","target":{"@type":"EntryPoint","urlTemplate":"https:\/\/www.feyalegria.org\/paraguay\/?s={search_term_string}"},"query-input":{"@type":"PropertyValueSpecification","valueRequired":true,"valueName":"search_term_string"}}],"inLanguage":"es"}]}},"_links":{"self":[{"href":"https:\/\/www.feyalegria.org\/paraguay\/wp-json\/wp\/v2\/pages\/2031","targetHints":{"allow":["GET"]}}],"collection":[{"href":"https:\/\/www.feyalegria.org\/paraguay\/wp-json\/wp\/v2\/pages"}],"about":[{"href":"https:\/\/www.feyalegria.org\/paraguay\/wp-json\/wp\/v2\/types\/page"}],"author":[{"embeddable":true,"href":"https:\/\/www.feyalegria.org\/paraguay\/wp-json\/wp\/v2\/users\/2"}],"replies":[{"embeddable":true,"href":"https:\/\/www.feyalegria.org\/paraguay\/wp-json\/wp\/v2\/comments?post=2031"}],"version-history":[{"count":0,"href":"https:\/\/www.feyalegria.org\/paraguay\/wp-json\/wp\/v2\/pages\/2031\/revisions"}],"wp:attachment":[{"href":"https:\/\/www.feyalegria.org\/paraguay\/wp-json\/wp\/v2\/media?parent=2031"}],"wp:term":[{"taxonomy":"folder","embeddable":true,"href":"https:\/\/www.feyalegria.org\/paraguay\/wp-json\/wp\/v2\/folder?post=2031"}],"curies":[{"name":"wp","href":"https:\/\/api.w.org\/{rel}","templated":true}]}}