 {"id":8389,"date":"2022-10-21T15:11:39","date_gmt":"2022-10-21T20:11:39","guid":{"rendered":"https:\/\/www.feyalegria.org\/paraguay\/?page_id=2193"},"modified":"2023-02-06T17:34:38","modified_gmt":"2023-02-06T22:34:38","slug":"colegio-tecnico-augusto-roa-bastos","status":"publish","type":"page","link":"https:\/\/www.feyalegria.org\/paraguay\/colegio-tecnico-augusto-roa-bastos\/","title":{"rendered":"Colegio T\u00e9cnico Agropecuario Augusto Roa Bastos"},"content":{"rendered":"<div class=\"wpb-content-wrapper\"><p>[vc_row][vc_column width=\u00bb5\/6&#8243;]<div style=\"background-color:;height: 50px\" class=\"nicdark_section  \"><\/div>[\/vc_column][vc_column width=\u00bb1\/6&#8243;]<a href=\"https:\/\/www.feyalegria.org\/paraguay\/centros-educativos\/\" title=\"Centros educativos\"  data-id=\"mpc_button-4969ef9770b245b\" class=\"mpc-button mpc-init mpc-transition mpc-typography--default \" ><div class=\"mpc-button__content mpc-effect-type--stay mpc-effect-side--left\"><i class=\"mpc-button__icon mpc-transition  mi mi-pin_drop\"><\/i><span class=\"mpc-button__title mpc-transition\">Volver al mapa<\/span><\/div><div class=\"mpc-button__background mpc-transition mpc-effect-type--fade mpc-effect-side--in\"><\/div><\/a>[\/vc_column][\/vc_row][vc_row][vc_column width=\u00bb2\/3&#8243;][vc_column_text]El actual\u00a0\u00a0 Colegio T\u00e9cnico Agropecuario \u00ab<strong>Augusto Roa Bastos\u00bb del Movimiento de Educaci\u00f3n Popular y de Promoci\u00f3n Social Fe y Alegr\u00eda,<\/strong> reconocida como tal, con la <strong>resoluci\u00f3n de apertura N<u><sup>O<\/sup><\/u><\/strong> <strong>279,<\/strong> se encuentra ubicada en el Dto. de Arroyito, Dpto. de Concepci\u00f3n, espec\u00edficamente en la localidad denominada Asentamiento Arroyito N\u00facleo 3, distante a 11 km de la Ruta asfaltada N\u00b0 5 General Bernardino Caballero hacia la zona sur y a unos 50 km. de la ciudad de Horqueta. Estrat\u00e9gicamente la Instituci\u00f3n est\u00e1 instalada en el centro mismo del Asentamiento.<br \/>\nLa mayor\u00eda de los pobladores son de bajo nivel de ingreso econ\u00f3mico y con un alto nivel de analfabetismo. Se dedica en la explotaci\u00f3n agr\u00edcola de autoconsumo y de renta. Algunas personas se dedican a la cr\u00eda de animales mayores y la mayor\u00eda cuentan con animales menores, pero sin las t\u00e9cnicas adecuadas requeridas para el manejo de las mismas.<br \/>\nLa ocupaci\u00f3n del Asentamiento Arroyito se estableci\u00f3 a partir del a\u00f1o 1.990. Desde el a\u00f1o 1.991 en los diferentes <strong>N\u00facleos<\/strong> comenz\u00f3 a funcionar las escuelitas en forma muy precaria, algunos bajos \u00e1rboles, otras bajo ranchitos o carpas. Desde el a\u00f1o 1.992 a pedido de los pobladores comenz\u00f3 a funcionar el Programa de Educaci\u00f3n Popular Biling\u00fce Intercultural con la Asociaci\u00f3n Fe y Alegr\u00eda de la Congregaci\u00f3n Jesuita. En el a\u00f1o 1.994 cuando hubo un grupo importante de egresados\/as del sexto grado surgi\u00f3 la necesidad de implementar el <strong>Nivel B\u00e1sico<\/strong> que se implementaba en aquel tiempo. Ante esa situaci\u00f3n los propios padres de familias plantearon a la Directiva de Fe y Alegr\u00eda, e impulsaron la propuesta de implementar un programa de educaci\u00f3n con \u00e9nfasis\u00a0 agropecuario, que de inmediato tuvo una respuesta favorable y comenz\u00f3 a funcionar desde el inicio del a\u00f1o 1.995 en el local del Centro Comunitario del N\u00facleo 3 bajo \u00e1rboles, con un grupo de 50 alumnos\/as inscriptos que proven\u00edan de los seis N\u00facleos,\u00a0 con la modalidad de Programa Rural de Educaci\u00f3n Biling\u00fce Intercultural Post Primaria Agropecuaria (PREBIPPA), y con un curriculum propio elaborado por los t\u00e9cnicos de la Oficina Nacional y docentes de Fe y Alegr\u00eda, con el aporte de padres de familias de la comunidad. Posteriormente fue reconocida como Centro de Capacitaci\u00f3n Agr\u00edcola seg\u00fan resoluci\u00f3n N\u00b0 1.376 del a\u00f1o 1.996, con la modalidad Pr\u00e1ctico Agr\u00edcola (P.A), de dicho grupo egresaron70 alumnos\/as, luego a partir del a\u00f1o 1.999 se reconoci\u00f3 y funcion\u00f3 como Escuela Agr\u00edcola en la modalidad Pr\u00e1ctico Rural (P.R). Dicha Modalidad funcion\u00f3 hasta el a\u00f1o 2001. De la misma egresaron 80 alumnos\/as A partir del a\u00f1o 2002 hasta la fecha, por la cuesti\u00f3n de <strong>Reforma Educativa<\/strong> pas\u00f3 a funcionar como Educaci\u00f3n Escolar B\u00e1sica del Tercer Ciclo con \u00e9nfasis en Iniciaci\u00f3n Profesional Agropecuaria (IPA).<br \/>\nA finales del a\u00f1o 2003 en una asamblea de evaluaci\u00f3n de la <strong>Comunidad Educativa<\/strong>, surgi\u00f3 la idea de contar con un bachillerato, teniendo en cuenta la cantidad de egresados\/as del tercer ciclo de la misma instituci\u00f3n y de las otras escuelas. A ra\u00edz de esa idea y de la necesidad, se discuti\u00f3 la posibilidad y la modalidad, en donde se opt\u00f3 y se resolvi\u00f3 o formalizar la misma, siempre con la modalidad agropecuaria, dando continuidad al principio y enfoque de educaci\u00f3n que se lleva adelante. Al inicio del a\u00f1o 2004 se cre\u00f3 la <strong>Comisi\u00f3n de Padres<\/strong>, integrado por los seis N\u00facleos y comenz\u00f3 las diferentes gestiones en las instancias pertinentes.<br \/>\nEn abril del mismo a\u00f1o se realiz\u00f3 un acto de lanzamiento del proyecto BTA, donde participaron el Director Nacional de Fe y Alegr\u00eda y otros referentes importantes de la misma, tambi\u00e9n estuvo presente el Monse\u00f1or Zacar\u00edas Ortiz obispo de la Di\u00f3cesis de Concepci\u00f3n, el Intendente Municipal de Horqueta y concejales, representantes de la Gobernaci\u00f3n de Concepci\u00f3n y la comunidad Educativa en general entre otros actores. En dicha oportunidad se aprob\u00f3 el proyecto y cada una de las autoridades presentes dieron su conformidad de apoyar y llevar adelante la concreci\u00f3n del proyecto. En el resto del transcurso del a\u00f1o a trav\u00e9s de la Comisi\u00f3n de Padres se hizo las m\u00faltiples gestiones, reuniones, asambleas y debates sobre el inicio del <strong>Proyecto<\/strong>. Al inicio del a\u00f1o 2005 fueron inscriptos\/as 50 alumnos\/as, con la cual comenz\u00f3 la apertura del Primer Curso de la Media con la modalidad <strong>BTA<\/strong>, funcionando provisoriamente bajo el tinglado de la escuela Mons. An\u00edbal Maricevich. Con un plantel de docentes constituido por 13 personas.<br \/>\nActualmente la Instituci\u00f3n funciona con la modalidad agropecuaria desde el tercer ciclo hasta el Tercer Curso de la Educaci\u00f3n Media con un total de 112 estudiantes.<br \/>\nEl Asentamiento Arroyito cuenta con una poblaci\u00f3n de 6.400 habitantes totalmente rural, con 12 escuelas distribuidas en 7 N\u00facleos.<br \/>\nEl 79 % de las personas forman parte de la poblaci\u00f3n econ\u00f3micamente activa, con ingreso familiar escaso deficitario, por debajo del sueldo m\u00ednimo.<br \/>\nTodas las Escuelas de Fe y Alegr\u00eda desde Educaci\u00f3n Inicial hasta el 3\u00b0 Ciclo, implementa la formaci\u00f3n de Escuelitas B\u00e1sicas Rurales. Igualmente se encuentra la Escuela B\u00e1sica N\u00b02840 \u201cMonse\u00f1or An\u00edbal Maricevich\u201d. A su vez posee la modalidad IPA (Iniciaci\u00f3n Profesional Agropecuaria) en el 3\u00b0 Ciclo.<br \/>\nDesde el comienzo de la ocupaci\u00f3n de tierras se pens\u00f3 en un modelo alternativo de Asentamiento, que sea totalmente rural y agropecuaria con enfoque agroecol\u00f3gico. Todo ello desde una educaci\u00f3n participativa con programas y contenidos adecuados con la realidad de la zona, que preparen a la familia del futuro, ya que ellas ser\u00e1n la base de la sociedad.<br \/>\nCon el Bachillerato T\u00e9cnico Agropecuario se pretende dar oportunidad para continuar los estudios en el nivel medio, con una educaci\u00f3n adecuada a la realidad. Esta educaci\u00f3n les permitir\u00e1 una formaci\u00f3n t\u00e9cnica competente para hacer un uso racional de los recursos, viviendo una vida digna y satisfaciendo las necesidades.<br \/>\nTambi\u00e9n ayudar\u00e1 a valorar y cuidar el h\u00e1bitat, cultivando y fortaleciendo la identidad campesina sin necesidad de tener que emigrar a los Centros Urbanos. Adem\u00e1s, posibilitar\u00e1 el acompa\u00f1amiento en la recuperaci\u00f3n y revaloraci\u00f3n de la tierra, el mejoramiento de la producci\u00f3n agr\u00edcola, la calidad de vida, evitando la destrucci\u00f3n masiva y el uso irracional de todos los recursos.<br \/>\nSabiendo que el <strong>Centro<\/strong> cuenta con una parcela de 24,5 hect\u00e1reas, suficientes para desarrollar una agricultura con fines did\u00e1cticos, de consumo y renta de una forma autogestionaria con los\/as alumnos\/as, docentes y padres de familia de la comunidad.<br \/>\nAl <strong>Centro de Formaci\u00f3n<\/strong> le corresponde reorientar los modelos educativos hacia un mayor conocimiento del entorno natural, la b\u00fasqueda colectiva de tecnolog\u00edas alternativas, el conocimiento interdisciplinario de la realidad, as\u00ed como la formaci\u00f3n cr\u00edtica, propositiva y creativa de los educandos.<br \/>\nLa producci\u00f3n es un medio para desarrollar aptitudes, habilidades y conocimientos en los\/as alumnos\/as desde un enfoque pedag\u00f3gico participativo y t\u00e9cnico, en donde la teor\u00eda se llevar\u00e1 a la pr\u00e1ctica y se teorizar\u00e1n las pr\u00e1cticas adquiridas, para lograr todo estos objetivos y metas.<\/p>\n<h5 style=\"text-align: left;\"><strong><span style=\"color: #aa0f16;\">Contactos<\/span><\/strong><\/h5>\n<p><strong>Director<\/strong>: Lic. Alberto Pimentel<br \/>\n<strong>Tel\u00e9fono<\/strong>: +595981938807[\/vc_column_text][\/vc_column][vc_column width=\u00bb1\/3&#8243;][vc_gmaps link=\u00bb#E-8_JTNDaWZyYW1lJTIwc3JjJTNEJTIyaHR0cHMlM0ElMkYlMkZ3d3cuZ29vZ2xlLmNvbSUyRm1hcHMlMkZlbWJlZCUzRnBiJTNEJTIxMW0xNCUyMTFtOCUyMTFtMyUyMTFkMjI5LjEyNjk1NjUwODQzMjAyJTIxMmQtNTYuNjk1NTIwMyUyMTNkLTIzLjI0MTk0NzklMjEzbTIlMjExaTEwMjQlMjEyaTc2OCUyMTRmMTMuMSUyMTNtMyUyMTFtMiUyMTFzMHg5NDYxNTkyODA5NDg5OTI5JTI1M0EweDcyMDI3YWM4MzYxYmY1ODclMjEyc0NvbGVnaW8lMjUyMFQlMjVDMyUyNUE5Y25pY28lMjUyMEFncm9wLiUyNTIwQXVndXN0byUyNTIwUm9hJTI1MjBCYXN0b3MlMjUyMGRlJTI1MjBGZSUyNTIweSUyNTIwQWxlZ3IlMjVDMyUyNUFEYSUyMTVlMCUyMTNtMiUyMTFzZXMlMjEyc3B5JTIxNHYxNjY2MzgyNDA2ODQxJTIxNW0yJTIxMXNlcyUyMTJzcHklMjIlMjB3aWR0aCUzRCUyMjYwMCUyMiUyMGhlaWdodCUzRCUyMjQ1MCUyMiUyMGZyYW1lYm9yZGVyJTNEJTIyMCUyMiUyMHN0eWxlJTNEJTIyYm9yZGVyJTNBMCUzQiUyMiUyMGFsbG93ZnVsbHNjcmVlbiUzRCUyMiUyMiUyMGFyaWEtaGlkZGVuJTNEJTIyZmFsc2UlMjIlMjB0YWJpbmRleCUzRCUyMjAlMjIlM0UlM0MlMkZpZnJhbWUlM0U=\u00bb][\/vc_column][\/vc_row][vc_row][vc_column width=\u00bb1\/4&#8243;][vc_single_image image=\u00bb8692&#8243; img_size=\u00bbmedium\u00bb alignment=\u00bbcenter\u00bb onclick=\u00bbimg_link_large\u00bb][\/vc_column][vc_column width=\u00bb1\/4&#8243;][vc_single_image image=\u00bb8688&#8243; img_size=\u00bbmedium\u00bb alignment=\u00bbcenter\u00bb onclick=\u00bbimg_link_large\u00bb][\/vc_column][vc_column width=\u00bb1\/4&#8243;][vc_single_image image=\u00bb8689&#8243; img_size=\u00bbmedium\u00bb alignment=\u00bbcenter\u00bb onclick=\u00bbimg_link_large\u00bb][\/vc_column][vc_column width=\u00bb1\/4&#8243;][vc_single_image image=\u00bb8690&#8243; img_size=\u00bbmedium\u00bb alignment=\u00bbcenter\u00bb onclick=\u00bbimg_link_large\u00bb][\/vc_column][\/vc_row]<\/p>\n<\/div>","protected":false},"excerpt":{"rendered":"<p>[vc_row][vc_column width=\u00bb5\/6&#8243;][\/vc_column][vc_column width=\u00bb1\/6&#8243;][\/vc_column][\/vc_row][vc_row][vc_column width=\u00bb2\/3&#8243;][vc_column_text]El actual\u00a0\u00a0 Colegio T\u00e9cnico Agropecuario \u00abAugusto Roa Bastos\u00bb del Movimiento de Educaci\u00f3n Popular y de Promoci\u00f3n Social Fe y Alegr\u00eda, reconocida como tal, con la resoluci\u00f3n de apertura NO 279, se encuentra ubicada en el Dto. de Arroyito, Dpto. de Concepci\u00f3n, espec\u00edficamente en la localidad denominada Asentamiento Arroyito N\u00facleo 3, distante a<\/p>\n","protected":false},"author":2,"featured_media":0,"parent":0,"menu_order":0,"comment_status":"closed","ping_status":"closed","template":"","meta":{"_acf_changed":false,"footnotes":""},"folder":[],"class_list":["post-8389","page","type-page","status-publish","hentry"],"acf":[],"yoast_head":"<!-- This site is optimized with the Yoast SEO plugin v27.4 - https:\/\/yoast.com\/product\/yoast-seo-wordpress\/ -->\n<title>Colegio T\u00e9cnico Agropecuario Augusto Roa Bastos - #SomosFeyAlegria en Paraguay<\/title>\n<meta name=\"robots\" content=\"index, follow, max-snippet:-1, max-image-preview:large, max-video-preview:-1\" \/>\n<link rel=\"canonical\" href=\"https:\/\/www.feyalegria.org\/paraguay\/colegio-tecnico-augusto-roa-bastos\/\" \/>\n<meta property=\"og:locale\" content=\"es_ES\" \/>\n<meta property=\"og:type\" content=\"article\" \/>\n<meta property=\"og:title\" content=\"Colegio T\u00e9cnico Agropecuario Augusto Roa Bastos - #SomosFeyAlegria en Paraguay\" \/>\n<meta property=\"og:description\" content=\"[vc_row][vc_column width=\u00bb5\/6&#8243;][\/vc_column][vc_column width=\u00bb1\/6&#8243;][\/vc_column][\/vc_row][vc_row][vc_column width=\u00bb2\/3&#8243;][vc_column_text]El actual\u00a0\u00a0 Colegio T\u00e9cnico Agropecuario \u00abAugusto Roa Bastos\u00bb del Movimiento de Educaci\u00f3n Popular y de Promoci\u00f3n Social Fe y Alegr\u00eda, reconocida como tal, con la resoluci\u00f3n de apertura NO 279, se encuentra ubicada en el Dto. de Arroyito, Dpto. de Concepci\u00f3n, espec\u00edficamente en la localidad denominada Asentamiento Arroyito N\u00facleo 3, distante a\" \/>\n<meta property=\"og:url\" content=\"https:\/\/www.feyalegria.org\/paraguay\/colegio-tecnico-augusto-roa-bastos\/\" \/>\n<meta property=\"og:site_name\" content=\"#SomosFeyAlegria en Paraguay\" \/>\n<meta property=\"article:modified_time\" content=\"2023-02-06T22:34:38+00:00\" \/>\n<meta name=\"twitter:card\" content=\"summary_large_image\" \/>\n<meta name=\"twitter:label1\" content=\"Tiempo de lectura\" \/>\n\t<meta name=\"twitter:data1\" content=\"7 minutos\" \/>\n<script type=\"application\/ld+json\" class=\"yoast-schema-graph\">{\"@context\":\"https:\\\/\\\/schema.org\",\"@graph\":[{\"@type\":\"WebPage\",\"@id\":\"https:\\\/\\\/www.feyalegria.org\\\/paraguay\\\/colegio-tecnico-augusto-roa-bastos\\\/\",\"url\":\"https:\\\/\\\/www.feyalegria.org\\\/paraguay\\\/colegio-tecnico-augusto-roa-bastos\\\/\",\"name\":\"Colegio T\u00e9cnico Agropecuario Augusto Roa Bastos - #SomosFeyAlegria en Paraguay\",\"isPartOf\":{\"@id\":\"https:\\\/\\\/www.feyalegria.org\\\/paraguay\\\/#website\"},\"datePublished\":\"2022-10-21T20:11:39+00:00\",\"dateModified\":\"2023-02-06T22:34:38+00:00\",\"breadcrumb\":{\"@id\":\"https:\\\/\\\/www.feyalegria.org\\\/paraguay\\\/colegio-tecnico-augusto-roa-bastos\\\/#breadcrumb\"},\"inLanguage\":\"es\",\"potentialAction\":[{\"@type\":\"ReadAction\",\"target\":[\"https:\\\/\\\/www.feyalegria.org\\\/paraguay\\\/colegio-tecnico-augusto-roa-bastos\\\/\"]}]},{\"@type\":\"BreadcrumbList\",\"@id\":\"https:\\\/\\\/www.feyalegria.org\\\/paraguay\\\/colegio-tecnico-augusto-roa-bastos\\\/#breadcrumb\",\"itemListElement\":[{\"@type\":\"ListItem\",\"position\":1,\"name\":\"Home\",\"item\":\"https:\\\/\\\/www.feyalegria.org\\\/paraguay\\\/\"},{\"@type\":\"ListItem\",\"position\":2,\"name\":\"Colegio T\u00e9cnico Agropecuario Augusto Roa Bastos\"}]},{\"@type\":\"WebSite\",\"@id\":\"https:\\\/\\\/www.feyalegria.org\\\/paraguay\\\/#website\",\"url\":\"https:\\\/\\\/www.feyalegria.org\\\/paraguay\\\/\",\"name\":\"#SomosFeyAlegria en Paraguay\",\"description\":\"Movimiento de Educaci\u00f3n Popular y Promoci\u00f3n Social\",\"potentialAction\":[{\"@type\":\"SearchAction\",\"target\":{\"@type\":\"EntryPoint\",\"urlTemplate\":\"https:\\\/\\\/www.feyalegria.org\\\/paraguay\\\/?s={search_term_string}\"},\"query-input\":{\"@type\":\"PropertyValueSpecification\",\"valueRequired\":true,\"valueName\":\"search_term_string\"}}],\"inLanguage\":\"es\"}]}<\/script>\n<!-- \/ Yoast SEO plugin. -->","yoast_head_json":{"title":"Colegio T\u00e9cnico Agropecuario Augusto Roa Bastos - #SomosFeyAlegria en Paraguay","robots":{"index":"index","follow":"follow","max-snippet":"max-snippet:-1","max-image-preview":"max-image-preview:large","max-video-preview":"max-video-preview:-1"},"canonical":"https:\/\/www.feyalegria.org\/paraguay\/colegio-tecnico-augusto-roa-bastos\/","og_locale":"es_ES","og_type":"article","og_title":"Colegio T\u00e9cnico Agropecuario Augusto Roa Bastos - #SomosFeyAlegria en Paraguay","og_description":"[vc_row][vc_column width=\u00bb5\/6&#8243;][\/vc_column][vc_column width=\u00bb1\/6&#8243;][\/vc_column][\/vc_row][vc_row][vc_column width=\u00bb2\/3&#8243;][vc_column_text]El actual\u00a0\u00a0 Colegio T\u00e9cnico Agropecuario \u00abAugusto Roa Bastos\u00bb del Movimiento de Educaci\u00f3n Popular y de Promoci\u00f3n Social Fe y Alegr\u00eda, reconocida como tal, con la resoluci\u00f3n de apertura NO 279, se encuentra ubicada en el Dto. de Arroyito, Dpto. de Concepci\u00f3n, espec\u00edficamente en la localidad denominada Asentamiento Arroyito N\u00facleo 3, distante a","og_url":"https:\/\/www.feyalegria.org\/paraguay\/colegio-tecnico-augusto-roa-bastos\/","og_site_name":"#SomosFeyAlegria en Paraguay","article_modified_time":"2023-02-06T22:34:38+00:00","twitter_card":"summary_large_image","twitter_misc":{"Tiempo de lectura":"7 minutos"},"schema":{"@context":"https:\/\/schema.org","@graph":[{"@type":"WebPage","@id":"https:\/\/www.feyalegria.org\/paraguay\/colegio-tecnico-augusto-roa-bastos\/","url":"https:\/\/www.feyalegria.org\/paraguay\/colegio-tecnico-augusto-roa-bastos\/","name":"Colegio T\u00e9cnico Agropecuario Augusto Roa Bastos - #SomosFeyAlegria en Paraguay","isPartOf":{"@id":"https:\/\/www.feyalegria.org\/paraguay\/#website"},"datePublished":"2022-10-21T20:11:39+00:00","dateModified":"2023-02-06T22:34:38+00:00","breadcrumb":{"@id":"https:\/\/www.feyalegria.org\/paraguay\/colegio-tecnico-augusto-roa-bastos\/#breadcrumb"},"inLanguage":"es","potentialAction":[{"@type":"ReadAction","target":["https:\/\/www.feyalegria.org\/paraguay\/colegio-tecnico-augusto-roa-bastos\/"]}]},{"@type":"BreadcrumbList","@id":"https:\/\/www.feyalegria.org\/paraguay\/colegio-tecnico-augusto-roa-bastos\/#breadcrumb","itemListElement":[{"@type":"ListItem","position":1,"name":"Home","item":"https:\/\/www.feyalegria.org\/paraguay\/"},{"@type":"ListItem","position":2,"name":"Colegio T\u00e9cnico Agropecuario Augusto Roa Bastos"}]},{"@type":"WebSite","@id":"https:\/\/www.feyalegria.org\/paraguay\/#website","url":"https:\/\/www.feyalegria.org\/paraguay\/","name":"#SomosFeyAlegria en Paraguay","description":"Movimiento de Educaci\u00f3n Popular y Promoci\u00f3n Social","potentialAction":[{"@type":"SearchAction","target":{"@type":"EntryPoint","urlTemplate":"https:\/\/www.feyalegria.org\/paraguay\/?s={search_term_string}"},"query-input":{"@type":"PropertyValueSpecification","valueRequired":true,"valueName":"search_term_string"}}],"inLanguage":"es"}]}},"_links":{"self":[{"href":"https:\/\/www.feyalegria.org\/paraguay\/wp-json\/wp\/v2\/pages\/8389","targetHints":{"allow":["GET"]}}],"collection":[{"href":"https:\/\/www.feyalegria.org\/paraguay\/wp-json\/wp\/v2\/pages"}],"about":[{"href":"https:\/\/www.feyalegria.org\/paraguay\/wp-json\/wp\/v2\/types\/page"}],"author":[{"embeddable":true,"href":"https:\/\/www.feyalegria.org\/paraguay\/wp-json\/wp\/v2\/users\/2"}],"replies":[{"embeddable":true,"href":"https:\/\/www.feyalegria.org\/paraguay\/wp-json\/wp\/v2\/comments?post=8389"}],"version-history":[{"count":0,"href":"https:\/\/www.feyalegria.org\/paraguay\/wp-json\/wp\/v2\/pages\/8389\/revisions"}],"wp:attachment":[{"href":"https:\/\/www.feyalegria.org\/paraguay\/wp-json\/wp\/v2\/media?parent=8389"}],"wp:term":[{"taxonomy":"folder","embeddable":true,"href":"https:\/\/www.feyalegria.org\/paraguay\/wp-json\/wp\/v2\/folder?post=8389"}],"curies":[{"name":"wp","href":"https:\/\/api.w.org\/{rel}","templated":true}]}}