 {"id":1264,"date":"2020-07-31T15:42:49","date_gmt":"2020-07-31T20:42:49","guid":{"rendered":"https:\/\/www.feyalegria.org\/peru\/?page_id=1264"},"modified":"2020-11-23T23:52:20","modified_gmt":"2020-11-24T04:52:20","slug":"instituciones-educativas-en-lima-metropolitana-2","status":"publish","type":"page","link":"https:\/\/www.feyalegria.org\/peru\/donde-estamos\/instituciones-educativas-en-lima-metropolitana-2\/","title":{"rendered":"Instituciones Educativas en Lima Metropolitana"},"content":{"rendered":"<div class=\"wpb-content-wrapper\"><p>[vc_row][vc_column]<div style=\"background-color:;height: 40px\" class=\"nicdark_section  \"><\/div>[\/vc_column][\/vc_row][vc_row][vc_column width=\u00bb1\/5&#8243;][\/vc_column][vc_column width=\u00bb1\/5&#8243;][\/vc_column][vc_column width=\u00bb1\/5&#8243;][vc_btn title=\u00bbVolver al mapa\u00bb align=\u00bbcenter\u00bb i_icon_fontawesome=\u00bbfas fa-map-marked\u00bb button_block=\u00bbtrue\u00bb add_icon=\u00bbtrue\u00bb link=\u00bburl:https%3A%2F%2Fwww.feyalegria.org%2Fperu%2Fdonde-estamos%2F|title:El%20Coraz%C3%B3n%20puesto%20en%20Per%C3%BA||\u00bb css=\u00bb.vc_custom_1596227980837{padding-right: 30px !important;}\u00bb][\/vc_column][vc_column width=\u00bb1\/5&#8243;][vc_btn title=\u00bbAtr\u00e1s\u00bb color=\u00bbjuicy-pink\u00bb align=\u00bbcenter\u00bb i_icon_fontawesome=\u00bbfas fa-arrow-circle-left\u00bb button_block=\u00bbtrue\u00bb add_icon=\u00bbtrue\u00bb link=\u00bburl:https%3A%2F%2Fwww.feyalegria.org%2Fperu%2Fdonde-estamos%2Finstituciones-educativas-en-lima-metropolitana%2F|title:Atr%C3%A1s||\u00bb css=\u00bb.vc_custom_1596428042737{padding-right: 30px !important;}\u00bb][\/vc_column][vc_column width=\u00bb1\/5&#8243;][vc_btn title=\u00bbSiguiente\u00bb color=\u00bbjuicy-pink\u00bb align=\u00bbcenter\u00bb i_align=\u00bbright\u00bb i_icon_fontawesome=\u00bbfas fa-arrow-circle-right\u00bb button_block=\u00bbtrue\u00bb add_icon=\u00bbtrue\u00bb link=\u00bburl:https%3A%2F%2Fwww.feyalegria.org%2Fperu%2Fdonde-estamos%2Finstituciones-educativas-en-lima-metropolitana-3%2F|title:Siguiente%20||\u00bb css=\u00bb.vc_custom_1596428072066{padding-right: 30px !important;}\u00bb][\/vc_column][\/vc_row][vc_row][vc_column]<div style=\"background-color:;height: 40px\" class=\"nicdark_section  \"><\/div>[\/vc_column][\/vc_row][vc_row][vc_column width=\u00bb1\/4&#8243;]<div style=\"background-color:;height: 300px\" class=\"nicdark_section  \"><\/div>[vc_single_image image=\u00bb1193&#8243; img_size=\u00bbfull\u00bb][\/vc_column][vc_column width=\u00bb3\/4&#8243;]<div id=\"mpc_tabs-4669f0836076338\" class=\"mpc-tabs mpc-init mpc-transition mpc-tabs--left mpc-tabs--decor-line \"  data-active=\"1\"><div class=\"mpc-tabs__nav mpc-align--top\"><ul><li class=\"mpc-tabs__nav-item mpc-parent-hover mpc-active\" data-tab_id=\"1596212997121-8\"><div data-id=\"mpc_button-3169f083607650b\" class=\"mpc-button mpc-init mpc-transition \" ><div class=\"mpc-button__content mpc-effect-type--none mpc-effect-side--none\"><span class=\"mpc-button__title mpc-transition\">Fe y Alegr\u00eda N\u00ba  11<\/span><\/div><div class=\"mpc-button__background mpc-transition mpc-effect-type--fade mpc-effect-side--in\"><\/div><\/div><\/li><li class=\"mpc-tabs__nav-item mpc-parent-hover\" data-tab_id=\"1596213195330-8\"><div data-id=\"mpc_button-1869f08360765ce\" class=\"mpc-button mpc-init mpc-transition \" ><div class=\"mpc-button__content mpc-effect-type--none mpc-effect-side--none\"><span class=\"mpc-button__title mpc-transition\">Fe y Alegr\u00eda N\u00ba  12<\/span><\/div><div class=\"mpc-button__background mpc-transition mpc-effect-type--fade mpc-effect-side--in\"><\/div><\/div><\/li><li class=\"mpc-tabs__nav-item mpc-parent-hover\" data-tab_id=\"1596214160538-0\"><div data-id=\"mpc_button-569f0836076675\" class=\"mpc-button mpc-init mpc-transition \" ><div class=\"mpc-button__content mpc-effect-type--none mpc-effect-side--none\"><span class=\"mpc-button__title mpc-transition\">Fe y Alegr\u00eda N\u00ba  13<\/span><\/div><div class=\"mpc-button__background mpc-transition mpc-effect-type--fade mpc-effect-side--in\"><\/div><\/div><\/li><li class=\"mpc-tabs__nav-item mpc-parent-hover\" data-tab_id=\"1596214323675-8\"><div data-id=\"mpc_button-3369f0836076717\" class=\"mpc-button mpc-init mpc-transition \" ><div class=\"mpc-button__content mpc-effect-type--none mpc-effect-side--none\"><span class=\"mpc-button__title mpc-transition\">Fe y Alegr\u00eda N\u00ba  17<\/span><\/div><div class=\"mpc-button__background mpc-transition mpc-effect-type--fade mpc-effect-side--in\"><\/div><\/div><\/li><li class=\"mpc-tabs__nav-item mpc-parent-hover\" data-tab_id=\"1596173734237-5\"><div data-id=\"mpc_button-1169f08360767c8\" class=\"mpc-button mpc-init mpc-transition \" ><div class=\"mpc-button__content mpc-effect-type--none mpc-effect-side--none\"><span class=\"mpc-button__title mpc-transition\">Fe y Alegr\u00eda N\u00ba  23<\/span><\/div><div class=\"mpc-button__background mpc-transition mpc-effect-type--fade mpc-effect-side--in\"><\/div><\/div><\/li><li class=\"mpc-tabs__nav-item mpc-parent-hover\" data-tab_id=\"1596214530819-9\"><div data-id=\"mpc_button-6069f083607687b\" class=\"mpc-button mpc-init mpc-transition \" ><div class=\"mpc-button__content mpc-effect-type--none mpc-effect-side--none\"><span class=\"mpc-button__title mpc-transition\">Fe y Alegr\u00eda N\u00ba  24<\/span><\/div><div class=\"mpc-button__background mpc-transition mpc-effect-type--fade mpc-effect-side--in\"><\/div><\/div><\/li><li class=\"mpc-tabs__nav-item mpc-parent-hover\" data-tab_id=\"1596215137266-0\"><div data-id=\"mpc_button-3069f083607691b\" class=\"mpc-button mpc-init mpc-transition \" ><div class=\"mpc-button__content mpc-effect-type--none mpc-effect-side--none\"><span class=\"mpc-button__title mpc-transition\">Fe y Alegr\u00eda N\u00ba  25<\/span><\/div><div class=\"mpc-button__background mpc-transition mpc-effect-type--fade mpc-effect-side--in\"><\/div><\/div><\/li><li class=\"mpc-tabs__nav-item mpc-parent-hover\" data-tab_id=\"1596215297499-4\"><div data-id=\"mpc_button-269f08360769b9\" class=\"mpc-button mpc-init mpc-transition \" ><div class=\"mpc-button__content mpc-effect-type--none mpc-effect-side--none\"><span class=\"mpc-button__title mpc-transition\">Fe y Alegr\u00eda N\u00ba  26<\/span><\/div><div class=\"mpc-button__background mpc-transition mpc-effect-type--fade mpc-effect-side--in\"><\/div><\/div><\/li><\/ul><\/div><div class=\"mpc-tabs__content mpc-transition\"><div class=\"mpc-tab mpc-container mpc-transition \" id=\"1596212997121-8\" data-active=\"true\"><div class=\"mpc-tab__content\">[vc_row_inner css=\u00bb.vc_custom_1595280593655{padding-top: 15px !important;padding-right: 30px !important;padding-left: 30px !important;}\u00bb][vc_column_inner width=\u00bb3\/5&#8243; css=\u00bb.vc_custom_1595280569251{padding-left: 15px !important;}\u00bb][vc_custom_heading text=\u00bbEducaci\u00f3n B\u00e1sica Regular\u00bb font_container=\u00bbtag:h2|font_size:20|text_align:left|color:%23cc0000|line_height:1.6&#8243; use_theme_fonts=\u00bbyes\u00bb][vc_column_text]<\/p>\n<p><strong>Director:<\/strong> Hno. Cosme Salazar Mart\u00ednez<br \/>\n<strong>Promotor:<\/strong> Hno. Cosme Salazar Mart\u00ednez<br \/>\n<strong>Congregaci\u00f3n:<\/strong> Congregaci\u00f3n de los Cl\u00e9rigos de San Viator<br \/>\n<strong>Direcci\u00f3n:<\/strong> Bernardo Alcedo 400  3\u00aa Zona Collique-Comas<br \/>\n<strong> E-mail:<\/strong> feyalegria_11@yahoo.es<br \/>\n<strong>Tel\u00e9fono:<\/strong> 558-0751<\/p>\n<p>[\/vc_column_text][\/vc_column_inner][vc_column_inner width=\u00bb2\/5&#8243;][vc_gmaps link=\u00bb#E-8_JTNDaWZyYW1lJTIwc3JjJTNEJTIyaHR0cHMlM0ElMkYlMkZ3d3cuZ29vZ2xlLmNvbSUyRm1hcHMlMkZlbWJlZCUzRnBiJTNEJTIxMW0xOCUyMTFtMTIlMjExbTMlMjExZDE5NTEuOTIzNDAzMTM1Mjc3OCUyMTJkLTc3LjAyNTU5MDMxNjQxNCUyMTNkLTExLjkxNTc0NzU5MzIwMzA3NyUyMTJtMyUyMTFmMCUyMTJmMCUyMTNmMCUyMTNtMiUyMTFpMTAyNCUyMTJpNzY4JTIxNGYxMy4xJTIxM20zJTIxMW0yJTIxMXMweDkxMDVkMDY1YTBiNWQwNWQlMjUzQTB4ZDI1NmEyNzFiNGRmYWQyNSUyMTJzSS4lMjUyMEUuJTI1MjBGZSUyNTIweSUyNTIwQWxlZ3IlMjVDMyUyNUFEYSUyNTIwMTElMjUyQyUyNTIwWm9uYSUyNTIwSUlJJTI1MkMlMjUyMEJlcm5hcmRvJTI1MjBBbGNlZG8lMjUyQyUyNTIwQ29tYXMlMjUyMDE1MzI0JTIxNWUwJTIxM20yJTIxMXNlcyUyMTJzcGUlMjE0djE1OTk3NzIyMjE3MDclMjE1bTIlMjExc2VzJTIxMnNwZSUyMiUyMHdpZHRoJTNEJTIyNDAwJTIyJTIwaGVpZ2h0JTNEJTIyMzAwJTIyJTIwZnJhbWVib3JkZXIlM0QlMjIwJTIyJTIwc3R5bGUlM0QlMjJib3JkZXIlM0EwJTNCJTIyJTIwYWxsb3dmdWxsc2NyZWVuJTNEJTIyJTIyJTIwYXJpYS1oaWRkZW4lM0QlMjJmYWxzZSUyMiUyMHRhYmluZGV4JTNEJTIyMCUyMiUzRSUzQyUyRmlmcmFtZSUzRSUwQQ==\u00bb][\/vc_column_inner][\/vc_row_inner][vc_row_inner css=\u00bb.vc_custom_1595185141259{padding-top: 30px !important;padding-right: 30px !important;padding-bottom: 15px !important;padding-left: 30px !important;}\u00bb][vc_column_inner][vc_single_image image=\u00bb1233&#8243; img_size=\u00bbmedium\u00bb onclick=\u00bblink_image\u00bb][\/vc_column_inner][\/vc_row_inner]<\/div><\/div><div class=\"mpc-tab mpc-container mpc-transition \" id=\"1596213195330-8\" data-active=\"false\"><div class=\"mpc-tab__content\">[vc_row_inner css=\u00bb.vc_custom_1595280593655{padding-top: 15px !important;padding-right: 30px !important;padding-left: 30px !important;}\u00bb][vc_column_inner width=\u00bb3\/5&#8243; css=\u00bb.vc_custom_1595280569251{padding-left: 15px !important;}\u00bb][vc_custom_heading text=\u00bbEducaci\u00f3n B\u00e1sica Regular\u00bb font_container=\u00bbtag:h2|font_size:20|text_align:left|color:%23cc0000|line_height:1.6&#8243; use_theme_fonts=\u00bbyes\u00bb][vc_column_text]<\/p>\n<p><strong>Directora:<\/strong> Prof. Victoria Carmen Alcal\u00e1 Basurto<br \/>\n<strong>Promotora:<\/strong> Hna. Margarita Juanico Pons<br \/>\n<strong>Congregaci\u00f3n:<\/strong> Religiosas Terciarias Trinitarias<br \/>\n<strong>Direcci\u00f3n:<\/strong> Jr. Ayacucho s\/n &#8211; Santa Rosa-Puente Piedra<br \/>\n<strong> E-mail:<\/strong> feyalegria12@outlook.com<br \/>\n<strong>Tel\u00e9fono:<\/strong> 548-0200<\/p>\n<p>[\/vc_column_text][\/vc_column_inner][vc_column_inner width=\u00bb2\/5&#8243;][vc_gmaps link=\u00bb#E-8_JTNDaWZyYW1lJTIwc3JjJTNEJTIyaHR0cHMlM0ElMkYlMkZ3d3cuZ29vZ2xlLmNvbSUyRm1hcHMlMkZlbWJlZCUzRnBiJTNEJTIxMW0xOCUyMTFtMTIlMjExbTMlMjExZDEzODAuNDQ3ODMxMDM4NzgwOCUyMTJkLTc3LjA4NzI2Njg3MTcyNDk0JTIxM2QtMTEuODcwNTA0MzYwMzA5NTAyJTIxMm0zJTIxMWYwJTIxMmYwJTIxM2YwJTIxM20yJTIxMWkxMDI0JTIxMmk3NjglMjE0ZjEzLjElMjEzbTMlMjExbTIlMjExczB4OTEwNWQxNGMyMTJmYzJmNSUyNTNBMHg3MjJiODZiNWU3MTllODcyJTIxMnNJbnN0aXR1Y2klMjVDMyUyNUIzbiUyNTIwRWR1Y2F0aXZhJTI1MjBGZSUyNTIweSUyNTIwQWxlZ3IlMjVDMyUyNUFEYSUyNTIwMTIlMjE1ZTAlMjEzbTIlMjExc2VzJTIxMnNwZSUyMTR2MTU5OTc3MjM0MDc5MyUyMTVtMiUyMTFzZXMlMjEyc3BlJTIyJTIwd2lkdGglM0QlMjI0MDAlMjIlMjBoZWlnaHQlM0QlMjIzMDAlMjIlMjBmcmFtZWJvcmRlciUzRCUyMjAlMjIlMjBzdHlsZSUzRCUyMmJvcmRlciUzQTAlM0IlMjIlMjBhbGxvd2Z1bGxzY3JlZW4lM0QlMjIlMjIlMjBhcmlhLWhpZGRlbiUzRCUyMmZhbHNlJTIyJTIwdGFiaW5kZXglM0QlMjIwJTIyJTNFJTNDJTJGaWZyYW1lJTNF\u00bb][\/vc_column_inner][\/vc_row_inner][vc_row_inner css=\u00bb.vc_custom_1595185141259{padding-top: 30px !important;padding-right: 30px !important;padding-bottom: 15px !important;padding-left: 30px !important;}\u00bb][vc_column_inner][vc_single_image image=\u00bb1234&#8243; img_size=\u00bbmedium\u00bb onclick=\u00bblink_image\u00bb][\/vc_column_inner][\/vc_row_inner]<\/div><\/div><div class=\"mpc-tab mpc-container mpc-transition \" id=\"1596214160538-0\" data-active=\"false\"><div class=\"mpc-tab__content\">[vc_row_inner css=\u00bb.vc_custom_1595280593655{padding-top: 15px !important;padding-right: 30px !important;padding-left: 30px !important;}\u00bb][vc_column_inner width=\u00bb3\/5&#8243; css=\u00bb.vc_custom_1595280569251{padding-left: 15px !important;}\u00bb][vc_custom_heading text=\u00bbEducaci\u00f3n B\u00e1sica Regular\u00bb font_container=\u00bbtag:h2|font_size:20|text_align:left|color:%23cc0000|line_height:1.6&#8243; use_theme_fonts=\u00bbyes\u00bb][vc_column_text]<\/p>\n<p><strong>Directora:<\/strong> Prof. Clorinda Miriam Prudencio Gamarra<br \/>\n<strong>Promotora:<\/strong> Hna. F\u00e1tima Bustillo Fern\u00e1ndez<br \/>\n<strong>Congregaci\u00f3n:<\/strong> Religiosas del Ni\u00f1o Jes\u00fas<br \/>\n<strong>Direcci\u00f3n:<\/strong> Av. Revoluci\u00f3n Cdra. 30 &#8211; 5\u00aa Zona Collique-Comas<br \/>\n<strong> E-mail:<\/strong> feyalegria13@speedy.com.pe; mjbustillo@speedy.com.pe<br \/>\n<strong>Tel\u00e9fono:<\/strong> 558-0715<\/p>\n<p>[\/vc_column_text][\/vc_column_inner][vc_column_inner width=\u00bb2\/5&#8243;][vc_gmaps link=\u00bb#E-8_JTNDaWZyYW1lJTIwc3JjJTNEJTIyaHR0cHMlM0ElMkYlMkZ3d3cuZ29vZ2xlLmNvbSUyRm1hcHMlMkZlbWJlZCUzRnBiJTNEJTIxMW0xOCUyMTFtMTIlMjExbTMlMjExZDU2My43OTYzNTgzMjQ5NjkzJTIxMmQtNzcuMDA5NTM4NzM0MDYzNDQlMjEzZC0xMS45MTI2ODMwNzYyMjg4NiUyMTJtMyUyMTFmMCUyMTJmMCUyMTNmMCUyMTNtMiUyMTFpMTAyNCUyMTJpNzY4JTIxNGYxMy4xJTIxM20zJTIxMW0yJTIxMXMweDkxMDVkYTgyMGUxMzIwYzElMjUzQTB4NjM4YTkzZjkxNjRlZDc1ZiUyMTJzSW5zdGl0dWNpJTI1QzMlMjVCM24lMjUyMEVkdWNhdGl2YSUyNTIwRmUlMjUyMHklMjUyMEFsZWdyaWElMjUyMDEzJTIxNWUwJTIxM20yJTIxMXNlcyUyMTJzcGUlMjE0djE1OTk3NzIyNjM5MzElMjE1bTIlMjExc2VzJTIxMnNwZSUyMiUyMHdpZHRoJTNEJTIyNDAwJTIyJTIwaGVpZ2h0JTNEJTIyMzAwJTIyJTIwZnJhbWVib3JkZXIlM0QlMjIwJTIyJTIwc3R5bGUlM0QlMjJib3JkZXIlM0EwJTNCJTIyJTIwYWxsb3dmdWxsc2NyZWVuJTNEJTIyJTIyJTIwYXJpYS1oaWRkZW4lM0QlMjJmYWxzZSUyMiUyMHRhYmluZGV4JTNEJTIyMCUyMiUzRSUzQyUyRmlmcmFtZSUzRSUwQSUwQQ==\u00bb][\/vc_column_inner][\/vc_row_inner][vc_row_inner css=\u00bb.vc_custom_1595185141259{padding-top: 30px !important;padding-right: 30px !important;padding-bottom: 15px !important;padding-left: 30px !important;}\u00bb][vc_column_inner][vc_single_image image=\u00bb1236&#8243; img_size=\u00bbmedium\u00bb onclick=\u00bblink_image\u00bb][\/vc_column_inner][\/vc_row_inner]<\/div><\/div><div class=\"mpc-tab mpc-container mpc-transition \" id=\"1596214323675-8\" data-active=\"false\"><div class=\"mpc-tab__content\">[vc_row_inner css=\u00bb.vc_custom_1595280593655{padding-top: 15px !important;padding-right: 30px !important;padding-left: 30px !important;}\u00bb][vc_column_inner width=\u00bb3\/5&#8243; css=\u00bb.vc_custom_1595280569251{padding-left: 15px !important;}\u00bb][vc_custom_heading text=\u00bbEducaci\u00f3n B\u00e1sica Regular\u00bb font_container=\u00bbtag:h2|font_size:20|text_align:left|color:%23cc0000|line_height:1.6&#8243; use_theme_fonts=\u00bbyes\u00bb][vc_column_text]<\/p>\n<p><strong>Directora:<\/strong> Prof. Patricia Salazar Llerena<br \/>\n<strong>Promotora:<\/strong> Hna. Matilde Rituay Tafur<br \/>\n<strong>Congregaci\u00f3n:<\/strong> Hermanas de la Caridad del Sagrado Coraz\u00f3n de Jes\u00fas<br \/>\n<strong>Direcci\u00f3n:<\/strong> Av. Revoluci\u00f3n Sector 3 Grupo 15 s\/n-Villa El Salvador-Lima<br \/>\n<strong> E-mail:<\/strong> feyalegria17@hotmail.com<br \/>\n<strong>Tel\u00e9fono:<\/strong> 287-0972<\/p>\n<p>[\/vc_column_text][\/vc_column_inner][vc_column_inner width=\u00bb2\/5&#8243;][vc_gmaps link=\u00bb#E-8_JTNDaWZyYW1lJTIwc3JjJTNEJTIyaHR0cHMlM0ElMkYlMkZ3d3cuZ29vZ2xlLmNvbSUyRm1hcHMlMkZlbWJlZCUzRnBiJTNEJTIxMW0xOCUyMTFtMTIlMjExbTMlMjExZDIxODguNDc1Njg5MjY4NDg0NSUyMTJkLTc2LjkzNDYzODMwMjMwMTExJTIxM2QtMTIuMjE5Nzg5MDQ1NTk0Njg2JTIxMm0zJTIxMWYwJTIxMmYwJTIxM2YwJTIxM20yJTIxMWkxMDI0JTIxMmk3NjglMjE0ZjEzLjElMjEzbTMlMjExbTIlMjExczB4OTEwNWJiZTNlYTlmZjAxNSUyNTNBMHgxNjNiMWQ4MjMzYTgyN2VkJTIxMnNJRSUyNTIwRmUlMjUyMHklMjUyMEFsZWdyJTI1QzMlMjVBRGElMjUyMDE3JTIxNWUwJTIxM20yJTIxMXNlcyUyMTJzcGUlMjE0djE1OTk3NzIzODEzNTclMjE1bTIlMjExc2VzJTIxMnNwZSUyMiUyMHdpZHRoJTNEJTIyNDAwJTIyJTIwaGVpZ2h0JTNEJTIyMzAwJTIyJTIwZnJhbWVib3JkZXIlM0QlMjIwJTIyJTIwc3R5bGUlM0QlMjJib3JkZXIlM0EwJTNCJTIyJTIwYWxsb3dmdWxsc2NyZWVuJTNEJTIyJTIyJTIwYXJpYS1oaWRkZW4lM0QlMjJmYWxzZSUyMiUyMHRhYmluZGV4JTNEJTIyMCUyMiUzRSUzQyUyRmlmcmFtZSUzRSUwQQ==\u00bb][\/vc_column_inner][\/vc_row_inner][vc_row_inner css=\u00bb.vc_custom_1595185141259{padding-top: 30px !important;padding-right: 30px !important;padding-bottom: 15px !important;padding-left: 30px !important;}\u00bb][vc_column_inner][vc_single_image image=\u00bb1237&#8243; img_size=\u00bbmedium\u00bb onclick=\u00bblink_image\u00bb][\/vc_column_inner][\/vc_row_inner]<\/div><\/div><div class=\"mpc-tab mpc-container mpc-transition \" id=\"1596173734237-5\" data-active=\"false\"><div class=\"mpc-tab__content\">[vc_row_inner css=\u00bb.vc_custom_1595280593655{padding-top: 15px !important;padding-right: 30px !important;padding-left: 30px !important;}\u00bb][vc_column_inner width=\u00bb3\/5&#8243; css=\u00bb.vc_custom_1595280569251{padding-left: 15px !important;}\u00bb][vc_custom_heading text=\u00bbEducaci\u00f3n B\u00e1sica Regular\u00bb font_container=\u00bbtag:h2|font_size:20|text_align:left|color:%23cc0000|line_height:1.6&#8243; use_theme_fonts=\u00bbyes\u00bb][vc_column_text]<\/p>\n<p><strong>Directora:<\/strong> Prof. Anabell Cruz Pedemonte<br \/>\n<strong>Promotora:<\/strong> Hna. Judit Nogales Ot\u00e1lora<br \/>\n<strong>Congregaci\u00f3n:<\/strong> Hermanas del Amor de Dios<br \/>\n<strong>Direcci\u00f3n:<\/strong> Garcilaso de la Vega 156 &#8211; P.J. Vallecito Bajo-Villa Mar\u00eda del Triunfo<br \/>\n<strong> E-mail:<\/strong> feyalegria23@yahoo.com<br \/>\n<strong>Tel\u00e9fono:<\/strong> 283-6098<br \/>\n<strong>Facebook:<\/strong> https:\/\/www.facebook.com\/FE-Y-ALEGR%C3%8DA-23-168938639836912\/?view_public_for=168938639836912<\/p>\n<p>[\/vc_column_text][vc_custom_heading text=\u00bbCETPRO\u00bb font_container=\u00bbtag:h2|font_size:20|text_align:left|color:%23cc0000|line_height:1.6&#8243; use_theme_fonts=\u00bbyes\u00bb][vc_column_text]<\/p>\n<p><strong>Directora:<\/strong> Prof. Elizabeth P\u00edo Salsavilca<br \/>\n<strong>Direcci\u00f3n:<\/strong> Garcilaso de la Vega 156 &#8211; P.J. Vallecito Bajo-Villa Mar\u00eda del Triunfo<br \/>\n<strong> E-mail:<\/strong> feyalegria23@yahoo.com<br \/>\n<strong>Tel\u00e9fono:<\/strong> 283-6099<\/p>\n<p>[\/vc_column_text][\/vc_column_inner][vc_column_inner width=\u00bb2\/5&#8243;][vc_gmaps link=\u00bb#E-8_JTNDaWZyYW1lJTIwc3JjJTNEJTIyaHR0cHMlM0ElMkYlMkZ3d3cuZ29vZ2xlLmNvbSUyRm1hcHMlMkZlbWJlZCUzRnBiJTNEJTIxMW0xOCUyMTFtMTIlMjExbTMlMjExZDk3NS4xMTM1MDIwMDkwMjYlMjEyZC03Ni45NDQ2MDA3NDQ0ODk1NiUyMTNkLTEyLjE0OTQ2MzI2NTExOTM2NyUyMTJtMyUyMTFmMCUyMTJmMCUyMTNmMCUyMTNtMiUyMTFpMTAyNCUyMTJpNzY4JTIxNGYxMy4xJTIxM20zJTIxMW0yJTIxMXMweDkxMDViOGViMjRkZmFlMmYlMjUzQTB4MzNjZmZiMjQyZDU4MjViNyUyMTJzRmUlMjUyMHklMjUyMEFsZWdyJTI1QzMlMjVBRGElMjUyMDIzJTIxNWUwJTIxM20yJTIxMXNlcyUyMTJzcGUlMjE0djE1OTk3NzI0ODgwMzQlMjE1bTIlMjExc2VzJTIxMnNwZSUyMiUyMHdpZHRoJTNEJTIyNDAwJTIyJTIwaGVpZ2h0JTNEJTIyMzAwJTIyJTIwZnJhbWVib3JkZXIlM0QlMjIwJTIyJTIwc3R5bGUlM0QlMjJib3JkZXIlM0EwJTNCJTIyJTIwYWxsb3dmdWxsc2NyZWVuJTNEJTIyJTIyJTIwYXJpYS1oaWRkZW4lM0QlMjJmYWxzZSUyMiUyMHRhYmluZGV4JTNEJTIyMCUyMiUzRSUzQyUyRmlmcmFtZSUzRQ==\u00bb][\/vc_column_inner][\/vc_row_inner][vc_row_inner css=\u00bb.vc_custom_1595185141259{padding-top: 30px !important;padding-right: 30px !important;padding-bottom: 15px !important;padding-left: 30px !important;}\u00bb][vc_column_inner][vc_single_image image=\u00bb1196&#8243; img_size=\u00bbmedium\u00bb onclick=\u00bblink_image\u00bb][\/vc_column_inner][\/vc_row_inner]<\/div><\/div><div class=\"mpc-tab mpc-container mpc-transition \" id=\"1596214530819-9\" data-active=\"false\"><div class=\"mpc-tab__content\">[vc_row_inner css=\u00bb.vc_custom_1595280593655{padding-top: 15px !important;padding-right: 30px !important;padding-left: 30px !important;}\u00bb][vc_column_inner width=\u00bb3\/5&#8243; css=\u00bb.vc_custom_1595280569251{padding-left: 15px !important;}\u00bb][vc_custom_heading text=\u00bbEducaci\u00f3n B\u00e1sica Regular\u00bb font_container=\u00bbtag:h2|font_size:20|text_align:left|color:%23cc0000|line_height:1.6&#8243; use_theme_fonts=\u00bbyes\u00bb][vc_column_text]<\/p>\n<p>\n<strong>Directora:<\/strong> Prof. Magda Sabina Chalco Flores<br \/><strong>Promotora:<\/strong> Hna. Sadit Yalta Chuquinbalqui<br \/><strong>Congregaci\u00f3n:<\/strong> Hermanas del Amor de Dios<br \/><strong>Direcci\u00f3n:<\/strong> Av. Jos\u00e9 C. Mari\u00e1tegui Cdra. 28 &#8211; P.J. San Gabriel Alto-Villa Mar\u00eda del Triunfo<br \/><strong> E-mail:<\/strong> feyalegria24.amordedios@gmail.com<br \/><strong>Tel\u00e9fono:<\/strong> 283-3897<br \/><strong>Facebook:<\/strong> https:\/\/www.facebook.com\/fe.alegria.24<br \/><strong>Web: <\/strong> https:\/\/feyalegria24.wixsite.com\/sangabriel<\/p>\n<p>[\/vc_column_text][\/vc_column_inner][vc_column_inner width=\u00bb2\/5&#8243;][vc_gmaps link=\u00bb#E-8_JTNDaWZyYW1lJTIwc3JjJTNEJTIyaHR0cHMlM0ElMkYlMkZ3d3cuZ29vZ2xlLmNvbSUyRm1hcHMlMkZlbWJlZCUzRnBiJTNEJTIxMW0xOCUyMTFtMTIlMjExbTMlMjExZDM5MDAuNjA1NzU1MjI3MTMyNyUyMTJkLTc2Ljk0ODc4Mzk4NDU3NDQ2JTIxM2QtMTIuMTM5MTA0NzQ2OTMxNjU0JTIxMm0zJTIxMWYwJTIxMmYwJTIxM2YwJTIxM20yJTIxMWkxMDI0JTIxMmk3NjglMjE0ZjEzLjElMjEzbTMlMjExbTIlMjExczB4OTEwNWI4OTczNjkxODkxNyUyNTNBMHhhZTEyYjBiZWJmNWZmOGU0JTIxMnNJLkUlMjUyMEZlJTI1MjB5JTI1MjBBbGVncmlhJTI1MjBOJTI1QzIlMjVCMCUyNTIwMjQlMjE1ZTAlMjEzbTIlMjExc2VzJTIxMnNwZSUyMTR2MTU5OTc3MzMzOTY0MyUyMTVtMiUyMTFzZXMlMjEyc3BlJTIyJTIwd2lkdGglM0QlMjI0MDAlMjIlMjBoZWlnaHQlM0QlMjIzMDAlMjIlMjBmcmFtZWJvcmRlciUzRCUyMjAlMjIlMjBzdHlsZSUzRCUyMmJvcmRlciUzQTAlM0IlMjIlMjBhbGxvd2Z1bGxzY3JlZW4lM0QlMjIlMjIlMjBhcmlhLWhpZGRlbiUzRCUyMmZhbHNlJTIyJTIwdGFiaW5kZXglM0QlMjIwJTIyJTNFJTNDJTJGaWZyYW1lJTNF\u00bb][\/vc_column_inner][\/vc_row_inner][vc_row_inner css=\u00bb.vc_custom_1595185141259{padding-top: 30px !important;padding-right: 30px !important;padding-bottom: 15px !important;padding-left: 30px !important;}\u00bb][vc_column_inner][vc_single_image image=\u00bb1239&#8243; img_size=\u00bbmedium\u00bb onclick=\u00bblink_image\u00bb][\/vc_column_inner][\/vc_row_inner]<\/div><\/div><div class=\"mpc-tab mpc-container mpc-transition \" id=\"1596215137266-0\" data-active=\"false\"><div class=\"mpc-tab__content\">[vc_row_inner css=\u00bb.vc_custom_1595280593655{padding-top: 15px !important;padding-right: 30px !important;padding-left: 30px !important;}\u00bb][vc_column_inner width=\u00bb3\/5&#8243; css=\u00bb.vc_custom_1595280569251{padding-left: 15px !important;}\u00bb][vc_custom_heading text=\u00bbEducaci\u00f3n B\u00e1sica Regular\u00bb font_container=\u00bbtag:h2|font_size:20|text_align:left|color:%23cc0000|line_height:1.6&#8243; use_theme_fonts=\u00bbyes\u00bb][vc_column_text]<\/p>\n<p>\n<strong>Director:<\/strong> P. Jorge Mallea Mamani<br \/><strong>Promotor:<\/strong> P. Jorge Mallea Mamani<br \/><strong>Congregaci\u00f3n:<\/strong> Congregaci\u00f3n de Santa Cruz<br \/><strong>Direcci\u00f3n:<\/strong> Av. Prolongaci\u00f3n Machu Picchu s\/n Hu\u00e1scar &#8211; Canto Grande-San Juan de Lurigancho<br \/><strong> E-mail:<\/strong> instituci\u00f3n_educativa@feyalegria25.com<br \/><strong>Tel\u00e9fono:<\/strong> +51 (01) 3380413 \/ +51 991 774 770<br \/><strong>Web: <\/strong> www.feyalegria25.com<\/p>\n<p>[\/vc_column_text][vc_custom_heading text=\u00bbCETPRO\u00bb font_container=\u00bbtag:h2|font_size:20|text_align:left|color:%23cc0000|line_height:1.6&#8243; use_theme_fonts=\u00bbyes\u00bb][vc_column_text]<\/p>\n<p>\n<strong>Director:<\/strong> Prof. Wuilder Angulo Montenegro<br \/><strong>Direcci\u00f3n:<\/strong> Av. Prolongaci\u00f3n Machu Picchu s\/n Hu\u00e1scar &#8211; Canto Grande-San Juan de Lurigancho<br \/><strong> E-mail:<\/strong> willy_am@hotmail.com<br \/><strong>Tel\u00e9fono:<\/strong> 999438607<\/p>\n<p>[\/vc_column_text][\/vc_column_inner][vc_column_inner width=\u00bb2\/5&#8243;][vc_gmaps link=\u00bb#E-8_JTNDaWZyYW1lJTIwc3JjJTNEJTIyaHR0cHMlM0ElMkYlMkZ3d3cuZ29vZ2xlLmNvbSUyRm1hcHMlMkZlbWJlZCUzRnBiJTNEJTIxMW0xOCUyMTFtMTIlMjExbTMlMjExZDM5MDMuMDczNjA4MzkxMzcyNSUyMTJkLTc3LjAxMzQ3MzQ4NDU3NjMxJTIxM2QtMTEuOTY5NDA1NTQzNzI2NTk0JTIxMm0zJTIxMWYwJTIxMmYwJTIxM2YwJTIxM20yJTIxMWkxMDI0JTIxMmk3NjglMjE0ZjEzLjElMjEzbTMlMjExbTIlMjExczB4OTEwNWNmZjU5YmE4Mjc1NyUyNTNBMHg3OWY1OWM5OTdkMTY0NDhlJTIxMnNDb2xlZ2lvJTI1MjBGZSUyNTIweSUyNTIwQWxlZ3IlMjVDMyUyNUFEYSUyNTIwMjUlMjE1ZTAlMjEzbTIlMjExc2VzJTIxMnNwZSUyMTR2MTU5OTc3MzQwNTc0NyUyMTVtMiUyMTFzZXMlMjEyc3BlJTIyJTIwd2lkdGglM0QlMjI0MDAlMjIlMjBoZWlnaHQlM0QlMjIzMDAlMjIlMjBmcmFtZWJvcmRlciUzRCUyMjAlMjIlMjBzdHlsZSUzRCUyMmJvcmRlciUzQTAlM0IlMjIlMjBhbGxvd2Z1bGxzY3JlZW4lM0QlMjIlMjIlMjBhcmlhLWhpZGRlbiUzRCUyMmZhbHNlJTIyJTIwdGFiaW5kZXglM0QlMjIwJTIyJTNFJTNDJTJGaWZyYW1lJTNF\u00bb][\/vc_column_inner][\/vc_row_inner][vc_row_inner css=\u00bb.vc_custom_1595185141259{padding-top: 30px !important;padding-right: 30px !important;padding-bottom: 15px !important;padding-left: 30px !important;}\u00bb][vc_column_inner][vc_single_image image=\u00bb1240&#8243; img_size=\u00bbmedium\u00bb onclick=\u00bblink_image\u00bb][\/vc_column_inner][\/vc_row_inner]<\/div><\/div><div class=\"mpc-tab mpc-container mpc-transition \" id=\"1596215297499-4\" data-active=\"false\"><div class=\"mpc-tab__content\">[vc_row_inner css=\u00bb.vc_custom_1595280593655{padding-top: 15px !important;padding-right: 30px !important;padding-left: 30px !important;}\u00bb][vc_column_inner width=\u00bb3\/5&#8243; css=\u00bb.vc_custom_1595280569251{padding-left: 15px !important;}\u00bb][vc_custom_heading text=\u00bbEducaci\u00f3n B\u00e1sica Regular\u00bb font_container=\u00bbtag:h2|font_size:20|text_align:left|color:%23cc0000|line_height:1.6&#8243; use_theme_fonts=\u00bbyes\u00bb][vc_column_text]<\/p>\n<p>\n<strong>Directora:<\/strong> Prof. Gaby Bravo Salazar<br \/><strong>Promotor:<\/strong> Hno. Kevin Bernard<br \/><strong>Congregaci\u00f3n:<\/strong> Congregaci\u00f3n de Hermanos Cristianos<br \/><strong>Direcci\u00f3n:<\/strong> Av. Naciones Unidas Mz. 37-38  A.H. Arriba Per\u00fa-San Juan de Lurigancho<br \/><strong> E-mail:<\/strong> feyalegria26@gmail.com<br \/><strong>Tel\u00e9fono:<\/strong> 388-5852<\/p>\n<p>[\/vc_column_text][\/vc_column_inner][vc_column_inner width=\u00bb2\/5&#8243;][vc_gmaps link=\u00bb#E-8_JTNDaWZyYW1lJTIwc3JjJTNEJTIyaHR0cHMlM0ElMkYlMkZ3d3cuZ29vZ2xlLmNvbSUyRm1hcHMlMkZlbWJlZCUzRnBiJTNEJTIxMW0xOCUyMTFtMTIlMjExbTMlMjExZDM5MDMuMjI3NDUxMzYxNjUyJTIxMmQtNzYuOTk2Nzc5Nzg0NTc2NDYlMjEzZC0xMS45NTg3NDgxNDM1MjY4NjElMjEybTMlMjExZjAlMjEyZjAlMjEzZjAlMjEzbTIlMjExaTEwMjQlMjEyaTc2OCUyMTRmMTMuMSUyMTNtMyUyMTFtMiUyMTFzMHg5MTA1YzU0ZjE1YmFkNWYxJTI1M0EweGNiYTJmOTk5ODBhNmIyNTIlMjEyc0NvbGVnaW8lMjUyMEZlJTI1MjB5JTI1MjBBbGVnciUyNUMzJTI1QURhJTI1MjAyNiUyMTVlMCUyMTNtMiUyMTFzZXMlMjEyc3BlJTIxNHYxNTk5NzczNDM4ODM3JTIxNW0yJTIxMXNlcyUyMTJzcGUlMjIlMjB3aWR0aCUzRCUyMjQwMCUyMiUyMGhlaWdodCUzRCUyMjMwMCUyMiUyMGZyYW1lYm9yZGVyJTNEJTIyMCUyMiUyMHN0eWxlJTNEJTIyYm9yZGVyJTNBMCUzQiUyMiUyMGFsbG93ZnVsbHNjcmVlbiUzRCUyMiUyMiUyMGFyaWEtaGlkZGVuJTNEJTIyZmFsc2UlMjIlMjB0YWJpbmRleCUzRCUyMjAlMjIlM0UlM0MlMkZpZnJhbWUlM0UlMEE=\u00bb][\/vc_column_inner][\/vc_row_inner][vc_row_inner css=\u00bb.vc_custom_1595185141259{padding-top: 30px !important;padding-right: 30px !important;padding-bottom: 15px !important;padding-left: 30px !important;}\u00bb][vc_column_inner][vc_single_image image=\u00bb1241&#8243; img_size=\u00bbmedium\u00bb onclick=\u00bblink_image\u00bb][\/vc_column_inner][\/vc_row_inner]<\/div><\/div><\/div><\/div>[\/vc_column][\/vc_row]<\/p>\n<\/div>","protected":false},"excerpt":{"rendered":"<p>[vc_row][vc_column][\/vc_column][\/vc_row][vc_row][vc_column width=\u00bb1\/5&#8243;][\/vc_column][vc_column width=\u00bb1\/5&#8243;][\/vc_column][vc_column width=\u00bb1\/5&#8243;][vc_btn title=\u00bbVolver al mapa\u00bb align=\u00bbcenter\u00bb i_icon_fontawesome=\u00bbfas fa-map-marked\u00bb button_block=\u00bbtrue\u00bb add_icon=\u00bbtrue\u00bb link=\u00bburl:https%3A%2F%2Fwww.feyalegria.org%2Fperu%2Fdonde-estamos%2F|title:El%20Coraz%C3%B3n%20puesto%20en%20Per%C3%BA||\u00bb css=\u00bb.vc_custom_1596227980837{padding-right: 30px !important;}\u00bb][\/vc_column][vc_column width=\u00bb1\/5&#8243;][vc_btn title=\u00bbAtr\u00e1s\u00bb color=\u00bbjuicy-pink\u00bb align=\u00bbcenter\u00bb i_icon_fontawesome=\u00bbfas fa-arrow-circle-left\u00bb button_block=\u00bbtrue\u00bb add_icon=\u00bbtrue\u00bb link=\u00bburl:https%3A%2F%2Fwww.feyalegria.org%2Fperu%2Fdonde-estamos%2Finstituciones-educativas-en-lima-metropolitana%2F|title:Atr%C3%A1s||\u00bb css=\u00bb.vc_custom_1596428042737{padding-right: 30px !important;}\u00bb][\/vc_column][vc_column width=\u00bb1\/5&#8243;][vc_btn title=\u00bbSiguiente\u00bb color=\u00bbjuicy-pink\u00bb align=\u00bbcenter\u00bb i_align=\u00bbright\u00bb i_icon_fontawesome=\u00bbfas fa-arrow-circle-right\u00bb button_block=\u00bbtrue\u00bb add_icon=\u00bbtrue\u00bb link=\u00bburl:https%3A%2F%2Fwww.feyalegria.org%2Fperu%2Fdonde-estamos%2Finstituciones-educativas-en-lima-metropolitana-3%2F|title:Siguiente%20||\u00bb css=\u00bb.vc_custom_1596428072066{padding-right: 30px !important;}\u00bb][\/vc_column][\/vc_row][vc_row][vc_column][\/vc_column][\/vc_row][vc_row][vc_column width=\u00bb1\/4&#8243;][vc_single_image image=\u00bb1193&#8243; img_size=\u00bbfull\u00bb][\/vc_column][vc_column width=\u00bb3\/4&#8243;][\/vc_column][\/vc_row]<\/p>\n","protected":false},"author":19,"featured_media":0,"parent":824,"menu_order":0,"comment_status":"closed","ping_status":"closed","template":"","meta":{"_acf_changed":false,"footnotes":""},"folder":[],"class_list":["post-1264","page","type-page","status-publish","hentry"],"acf":[],"yoast_head":"<!-- This site is optimized with the Yoast SEO plugin v27.4 - https:\/\/yoast.com\/product\/yoast-seo-wordpress\/ -->\n<title>Instituciones Educativas en Lima Metropolitana - #SomosFeyAlegria en Per\u00fa<\/title>\n<meta name=\"robots\" content=\"noindex, follow, max-snippet:-1, max-image-preview:large, max-video-preview:-1\" \/>\n<meta property=\"og:locale\" content=\"es_ES\" \/>\n<meta property=\"og:type\" content=\"article\" \/>\n<meta property=\"og:title\" content=\"Instituciones Educativas en Lima Metropolitana - #SomosFeyAlegria en Per\u00fa\" \/>\n<meta property=\"og:description\" content=\"[vc_row][vc_column][\/vc_column][\/vc_row][vc_row][vc_column width=\u00bb1\/5&#8243;][\/vc_column][vc_column width=\u00bb1\/5&#8243;][\/vc_column][vc_column width=\u00bb1\/5&#8243;][vc_btn title=\u00bbVolver al mapa\u00bb align=\u00bbcenter\u00bb i_icon_fontawesome=\u00bbfas fa-map-marked\u00bb button_block=\u00bbtrue\u00bb add_icon=\u00bbtrue\u00bb link=\u00bburl:https%3A%2F%2Fwww.feyalegria.org%2Fperu%2Fdonde-estamos%2F|title:El%20Coraz%C3%B3n%20puesto%20en%20Per%C3%BA||\u00bb css=\u00bb.vc_custom_1596227980837{padding-right: 30px !important;}\u00bb][\/vc_column][vc_column width=\u00bb1\/5&#8243;][vc_btn title=\u00bbAtr\u00e1s\u00bb color=\u00bbjuicy-pink\u00bb align=\u00bbcenter\u00bb i_icon_fontawesome=\u00bbfas fa-arrow-circle-left\u00bb button_block=\u00bbtrue\u00bb add_icon=\u00bbtrue\u00bb link=\u00bburl:https%3A%2F%2Fwww.feyalegria.org%2Fperu%2Fdonde-estamos%2Finstituciones-educativas-en-lima-metropolitana%2F|title:Atr%C3%A1s||\u00bb css=\u00bb.vc_custom_1596428042737{padding-right: 30px !important;}\u00bb][\/vc_column][vc_column width=\u00bb1\/5&#8243;][vc_btn title=\u00bbSiguiente\u00bb color=\u00bbjuicy-pink\u00bb align=\u00bbcenter\u00bb i_align=\u00bbright\u00bb i_icon_fontawesome=\u00bbfas fa-arrow-circle-right\u00bb button_block=\u00bbtrue\u00bb add_icon=\u00bbtrue\u00bb link=\u00bburl:https%3A%2F%2Fwww.feyalegria.org%2Fperu%2Fdonde-estamos%2Finstituciones-educativas-en-lima-metropolitana-3%2F|title:Siguiente%20||\u00bb css=\u00bb.vc_custom_1596428072066{padding-right: 30px !important;}\u00bb][\/vc_column][\/vc_row][vc_row][vc_column][\/vc_column][\/vc_row][vc_row][vc_column width=\u00bb1\/4&#8243;][vc_single_image image=\u00bb1193&#8243; img_size=\u00bbfull\u00bb][\/vc_column][vc_column width=\u00bb3\/4&#8243;][\/vc_column][\/vc_row]\" \/>\n<meta property=\"og:url\" content=\"https:\/\/www.feyalegria.org\/peru\/donde-estamos\/instituciones-educativas-en-lima-metropolitana-2\/\" \/>\n<meta property=\"og:site_name\" content=\"#SomosFeyAlegria en Per\u00fa\" \/>\n<meta property=\"article:modified_time\" content=\"2020-11-24T04:52:20+00:00\" \/>\n<meta name=\"twitter:card\" content=\"summary_large_image\" \/>\n<meta name=\"twitter:label1\" content=\"Tiempo de lectura\" \/>\n\t<meta name=\"twitter:data1\" content=\"11 minutos\" \/>\n<script type=\"application\/ld+json\" class=\"yoast-schema-graph\">{\"@context\":\"https:\\\/\\\/schema.org\",\"@graph\":[{\"@type\":\"WebPage\",\"@id\":\"https:\\\/\\\/www.feyalegria.org\\\/peru\\\/donde-estamos\\\/instituciones-educativas-en-lima-metropolitana-2\\\/\",\"url\":\"https:\\\/\\\/www.feyalegria.org\\\/peru\\\/donde-estamos\\\/instituciones-educativas-en-lima-metropolitana-2\\\/\",\"name\":\"Instituciones Educativas en Lima Metropolitana - #SomosFeyAlegria en Per\u00fa\",\"isPartOf\":{\"@id\":\"https:\\\/\\\/www.feyalegria.org\\\/peru\\\/#website\"},\"datePublished\":\"2020-07-31T20:42:49+00:00\",\"dateModified\":\"2020-11-24T04:52:20+00:00\",\"breadcrumb\":{\"@id\":\"https:\\\/\\\/www.feyalegria.org\\\/peru\\\/donde-estamos\\\/instituciones-educativas-en-lima-metropolitana-2\\\/#breadcrumb\"},\"inLanguage\":\"es\",\"potentialAction\":[{\"@type\":\"ReadAction\",\"target\":[\"https:\\\/\\\/www.feyalegria.org\\\/peru\\\/donde-estamos\\\/instituciones-educativas-en-lima-metropolitana-2\\\/\"]}]},{\"@type\":\"BreadcrumbList\",\"@id\":\"https:\\\/\\\/www.feyalegria.org\\\/peru\\\/donde-estamos\\\/instituciones-educativas-en-lima-metropolitana-2\\\/#breadcrumb\",\"itemListElement\":[{\"@type\":\"ListItem\",\"position\":1,\"name\":\"Home\",\"item\":\"https:\\\/\\\/www.feyalegria.org\\\/peru\\\/\"},{\"@type\":\"ListItem\",\"position\":2,\"name\":\"El Coraz\u00f3n puesto en el Per\u00fa\",\"item\":\"https:\\\/\\\/www.feyalegria.org\\\/peru\\\/donde-estamos\\\/\"},{\"@type\":\"ListItem\",\"position\":3,\"name\":\"Instituciones Educativas en Lima Metropolitana\"}]},{\"@type\":\"WebSite\",\"@id\":\"https:\\\/\\\/www.feyalegria.org\\\/peru\\\/#website\",\"url\":\"https:\\\/\\\/www.feyalegria.org\\\/peru\\\/\",\"name\":\"#SomosFeyAlegria en Per\u00fa\",\"description\":\"Movimiento de Educaci\u00f3n Popular y Promoci\u00f3n Social\",\"potentialAction\":[{\"@type\":\"SearchAction\",\"target\":{\"@type\":\"EntryPoint\",\"urlTemplate\":\"https:\\\/\\\/www.feyalegria.org\\\/peru\\\/?s={search_term_string}\"},\"query-input\":{\"@type\":\"PropertyValueSpecification\",\"valueRequired\":true,\"valueName\":\"search_term_string\"}}],\"inLanguage\":\"es\"}]}<\/script>\n<!-- \/ Yoast SEO plugin. -->","yoast_head_json":{"title":"Instituciones Educativas en Lima Metropolitana - #SomosFeyAlegria en Per\u00fa","robots":{"index":"noindex","follow":"follow","max-snippet":"max-snippet:-1","max-image-preview":"max-image-preview:large","max-video-preview":"max-video-preview:-1"},"og_locale":"es_ES","og_type":"article","og_title":"Instituciones Educativas en Lima Metropolitana - #SomosFeyAlegria en Per\u00fa","og_description":"[vc_row][vc_column][\/vc_column][\/vc_row][vc_row][vc_column width=\u00bb1\/5&#8243;][\/vc_column][vc_column width=\u00bb1\/5&#8243;][\/vc_column][vc_column width=\u00bb1\/5&#8243;][vc_btn title=\u00bbVolver al mapa\u00bb align=\u00bbcenter\u00bb i_icon_fontawesome=\u00bbfas fa-map-marked\u00bb button_block=\u00bbtrue\u00bb add_icon=\u00bbtrue\u00bb link=\u00bburl:https%3A%2F%2Fwww.feyalegria.org%2Fperu%2Fdonde-estamos%2F|title:El%20Coraz%C3%B3n%20puesto%20en%20Per%C3%BA||\u00bb css=\u00bb.vc_custom_1596227980837{padding-right: 30px !important;}\u00bb][\/vc_column][vc_column width=\u00bb1\/5&#8243;][vc_btn title=\u00bbAtr\u00e1s\u00bb color=\u00bbjuicy-pink\u00bb align=\u00bbcenter\u00bb i_icon_fontawesome=\u00bbfas fa-arrow-circle-left\u00bb button_block=\u00bbtrue\u00bb add_icon=\u00bbtrue\u00bb link=\u00bburl:https%3A%2F%2Fwww.feyalegria.org%2Fperu%2Fdonde-estamos%2Finstituciones-educativas-en-lima-metropolitana%2F|title:Atr%C3%A1s||\u00bb css=\u00bb.vc_custom_1596428042737{padding-right: 30px !important;}\u00bb][\/vc_column][vc_column width=\u00bb1\/5&#8243;][vc_btn title=\u00bbSiguiente\u00bb color=\u00bbjuicy-pink\u00bb align=\u00bbcenter\u00bb i_align=\u00bbright\u00bb i_icon_fontawesome=\u00bbfas fa-arrow-circle-right\u00bb button_block=\u00bbtrue\u00bb add_icon=\u00bbtrue\u00bb link=\u00bburl:https%3A%2F%2Fwww.feyalegria.org%2Fperu%2Fdonde-estamos%2Finstituciones-educativas-en-lima-metropolitana-3%2F|title:Siguiente%20||\u00bb css=\u00bb.vc_custom_1596428072066{padding-right: 30px !important;}\u00bb][\/vc_column][\/vc_row][vc_row][vc_column][\/vc_column][\/vc_row][vc_row][vc_column width=\u00bb1\/4&#8243;][vc_single_image image=\u00bb1193&#8243; img_size=\u00bbfull\u00bb][\/vc_column][vc_column width=\u00bb3\/4&#8243;][\/vc_column][\/vc_row]","og_url":"https:\/\/www.feyalegria.org\/peru\/donde-estamos\/instituciones-educativas-en-lima-metropolitana-2\/","og_site_name":"#SomosFeyAlegria en Per\u00fa","article_modified_time":"2020-11-24T04:52:20+00:00","twitter_card":"summary_large_image","twitter_misc":{"Tiempo de lectura":"11 minutos"},"schema":{"@context":"https:\/\/schema.org","@graph":[{"@type":"WebPage","@id":"https:\/\/www.feyalegria.org\/peru\/donde-estamos\/instituciones-educativas-en-lima-metropolitana-2\/","url":"https:\/\/www.feyalegria.org\/peru\/donde-estamos\/instituciones-educativas-en-lima-metropolitana-2\/","name":"Instituciones Educativas en Lima Metropolitana - #SomosFeyAlegria en Per\u00fa","isPartOf":{"@id":"https:\/\/www.feyalegria.org\/peru\/#website"},"datePublished":"2020-07-31T20:42:49+00:00","dateModified":"2020-11-24T04:52:20+00:00","breadcrumb":{"@id":"https:\/\/www.feyalegria.org\/peru\/donde-estamos\/instituciones-educativas-en-lima-metropolitana-2\/#breadcrumb"},"inLanguage":"es","potentialAction":[{"@type":"ReadAction","target":["https:\/\/www.feyalegria.org\/peru\/donde-estamos\/instituciones-educativas-en-lima-metropolitana-2\/"]}]},{"@type":"BreadcrumbList","@id":"https:\/\/www.feyalegria.org\/peru\/donde-estamos\/instituciones-educativas-en-lima-metropolitana-2\/#breadcrumb","itemListElement":[{"@type":"ListItem","position":1,"name":"Home","item":"https:\/\/www.feyalegria.org\/peru\/"},{"@type":"ListItem","position":2,"name":"El Coraz\u00f3n puesto en el Per\u00fa","item":"https:\/\/www.feyalegria.org\/peru\/donde-estamos\/"},{"@type":"ListItem","position":3,"name":"Instituciones Educativas en Lima Metropolitana"}]},{"@type":"WebSite","@id":"https:\/\/www.feyalegria.org\/peru\/#website","url":"https:\/\/www.feyalegria.org\/peru\/","name":"#SomosFeyAlegria en Per\u00fa","description":"Movimiento de Educaci\u00f3n Popular y Promoci\u00f3n Social","potentialAction":[{"@type":"SearchAction","target":{"@type":"EntryPoint","urlTemplate":"https:\/\/www.feyalegria.org\/peru\/?s={search_term_string}"},"query-input":{"@type":"PropertyValueSpecification","valueRequired":true,"valueName":"search_term_string"}}],"inLanguage":"es"}]}},"_links":{"self":[{"href":"https:\/\/www.feyalegria.org\/peru\/wp-json\/wp\/v2\/pages\/1264","targetHints":{"allow":["GET"]}}],"collection":[{"href":"https:\/\/www.feyalegria.org\/peru\/wp-json\/wp\/v2\/pages"}],"about":[{"href":"https:\/\/www.feyalegria.org\/peru\/wp-json\/wp\/v2\/types\/page"}],"author":[{"embeddable":true,"href":"https:\/\/www.feyalegria.org\/peru\/wp-json\/wp\/v2\/users\/19"}],"replies":[{"embeddable":true,"href":"https:\/\/www.feyalegria.org\/peru\/wp-json\/wp\/v2\/comments?post=1264"}],"version-history":[{"count":0,"href":"https:\/\/www.feyalegria.org\/peru\/wp-json\/wp\/v2\/pages\/1264\/revisions"}],"up":[{"embeddable":true,"href":"https:\/\/www.feyalegria.org\/peru\/wp-json\/wp\/v2\/pages\/824"}],"wp:attachment":[{"href":"https:\/\/www.feyalegria.org\/peru\/wp-json\/wp\/v2\/media?parent=1264"}],"wp:term":[{"taxonomy":"folder","embeddable":true,"href":"https:\/\/www.feyalegria.org\/peru\/wp-json\/wp\/v2\/folder?post=1264"}],"curies":[{"name":"wp","href":"https:\/\/api.w.org\/{rel}","templated":true}]}}