 {"id":1282,"date":"2020-07-31T15:56:16","date_gmt":"2020-07-31T20:56:16","guid":{"rendered":"https:\/\/www.feyalegria.org\/peru\/?page_id=1282"},"modified":"2020-11-23T23:58:36","modified_gmt":"2020-11-24T04:58:36","slug":"instituciones-educativas-en-lima-metropolitana-3","status":"publish","type":"page","link":"https:\/\/www.feyalegria.org\/peru\/donde-estamos\/instituciones-educativas-en-lima-metropolitana-3\/","title":{"rendered":"Instituciones Educativas en Lima Metropolitana"},"content":{"rendered":"<div class=\"wpb-content-wrapper\"><p>[vc_row][vc_column]<div style=\"background-color:;height: 40px\" class=\"nicdark_section  \"><\/div>[\/vc_column][\/vc_row][vc_row][vc_column width=\u00bb1\/5&#8243;][\/vc_column][vc_column width=\u00bb1\/5&#8243;][\/vc_column][vc_column width=\u00bb1\/5&#8243;][vc_btn title=\u00bbVolver al mapa\u00bb align=\u00bbcenter\u00bb i_icon_fontawesome=\u00bbfas fa-map-marked\u00bb button_block=\u00bbtrue\u00bb add_icon=\u00bbtrue\u00bb link=\u00bburl:https%3A%2F%2Fwww.feyalegria.org%2Fperu%2Fdonde-estamos%2F|title:El%20Coraz%C3%B3n%20puesto%20en%20Per%C3%BA||\u00bb css=\u00bb.vc_custom_1596227980837{padding-right: 30px !important;}\u00bb][\/vc_column][vc_column width=\u00bb1\/5&#8243;][vc_btn title=\u00bbAtr\u00e1s\u00bb color=\u00bbjuicy-pink\u00bb align=\u00bbcenter\u00bb i_icon_fontawesome=\u00bbfas fa-arrow-circle-left\u00bb button_block=\u00bbtrue\u00bb add_icon=\u00bbtrue\u00bb link=\u00bburl:https%3A%2F%2Fwww.feyalegria.org%2Fperu%2Fdonde-estamos%2Finstituciones-educativas-en-lima-metropolitana-2%2F|title:Atr%C3%A1s||\u00bb css=\u00bb.vc_custom_1596428171900{padding-right: 30px !important;}\u00bb][\/vc_column][vc_column width=\u00bb1\/5&#8243;][vc_btn title=\u00bbSiguiente\u00bb color=\u00bbjuicy-pink\u00bb align=\u00bbcenter\u00bb i_align=\u00bbright\u00bb i_icon_fontawesome=\u00bbfas fa-arrow-circle-right\u00bb button_block=\u00bbtrue\u00bb add_icon=\u00bbtrue\u00bb link=\u00bburl:https%3A%2F%2Fwww.feyalegria.org%2Fperu%2Fdonde-estamos%2Finstituciones-educativas-en-lima-metropolitana-4%2F|title:Siguiente%20||\u00bb css=\u00bb.vc_custom_1596428187018{padding-right: 30px !important;}\u00bb][\/vc_column][\/vc_row][vc_row][vc_column]<div style=\"background-color:;height: 40px\" class=\"nicdark_section  \"><\/div>[\/vc_column][\/vc_row][vc_row][vc_column width=\u00bb1\/4&#8243;]<div style=\"background-color:;height: 300px\" class=\"nicdark_section  \"><\/div>[vc_single_image image=\u00bb1193&#8243; img_size=\u00bbfull\u00bb][\/vc_column][vc_column width=\u00bb3\/4&#8243;]<div id=\"mpc_tabs-6669f0b08700fb5\" class=\"mpc-tabs mpc-init mpc-transition mpc-tabs--left mpc-tabs--decor-line \"  data-active=\"1\"><div class=\"mpc-tabs__nav mpc-align--top\"><ul><li class=\"mpc-tabs__nav-item mpc-parent-hover mpc-active\" data-tab_id=\"1596215659565-7\"><div data-id=\"mpc_button-7269f0b087011bc\" class=\"mpc-button mpc-init mpc-transition \" ><div class=\"mpc-button__content mpc-effect-type--none mpc-effect-side--none\"><span class=\"mpc-button__title mpc-transition\">Fe y Alegr\u00eda N\u00ba  32<\/span><\/div><div class=\"mpc-button__background mpc-transition mpc-effect-type--fade mpc-effect-side--in\"><\/div><\/div><\/li><li class=\"mpc-tabs__nav-item mpc-parent-hover\" data-tab_id=\"1596216050061-4\"><div data-id=\"mpc_button-9269f0b08701284\" class=\"mpc-button mpc-init mpc-transition \" ><div class=\"mpc-button__content mpc-effect-type--none mpc-effect-side--none\"><span class=\"mpc-button__title mpc-transition\">Fe y Alegr\u00eda N\u00ba  34<\/span><\/div><div class=\"mpc-button__background mpc-transition mpc-effect-type--fade mpc-effect-side--in\"><\/div><\/div><\/li><li class=\"mpc-tabs__nav-item mpc-parent-hover\" data-tab_id=\"1596216221052-8\"><div data-id=\"mpc_button-1669f0b0870132b\" class=\"mpc-button mpc-init mpc-transition \" ><div class=\"mpc-button__content mpc-effect-type--none mpc-effect-side--none\"><span class=\"mpc-button__title mpc-transition\">Fe y Alegr\u00eda N\u00ba  37<\/span><\/div><div class=\"mpc-button__background mpc-transition mpc-effect-type--fade mpc-effect-side--in\"><\/div><\/div><\/li><li class=\"mpc-tabs__nav-item mpc-parent-hover\" data-tab_id=\"1596216377036-3\"><div data-id=\"mpc_button-5569f0b087013cd\" class=\"mpc-button mpc-init mpc-transition \" ><div class=\"mpc-button__content mpc-effect-type--none mpc-effect-side--none\"><span class=\"mpc-button__title mpc-transition\">Fe y Alegr\u00eda N\u00ba  39<\/span><\/div><div class=\"mpc-button__background mpc-transition mpc-effect-type--fade mpc-effect-side--in\"><\/div><\/div><\/li><li class=\"mpc-tabs__nav-item mpc-parent-hover\" data-tab_id=\"1596209884424-2\"><div data-id=\"mpc_button-3969f0b0870146d\" class=\"mpc-button mpc-init mpc-transition \" ><div class=\"mpc-button__content mpc-effect-type--none mpc-effect-side--none\"><span class=\"mpc-button__title mpc-transition\">Fe y Alegr\u00eda N\u00ba  41<\/span><\/div><div class=\"mpc-button__background mpc-transition mpc-effect-type--fade mpc-effect-side--in\"><\/div><\/div><\/li><li class=\"mpc-tabs__nav-item mpc-parent-hover\" data-tab_id=\"1596211176367-5\"><div data-id=\"mpc_button-3169f0b08701518\" class=\"mpc-button mpc-init mpc-transition \" ><div class=\"mpc-button__content mpc-effect-type--none mpc-effect-side--none\"><span class=\"mpc-button__title mpc-transition\">Fe y Alegr\u00eda N\u00ba 53<\/span><\/div><div class=\"mpc-button__background mpc-transition mpc-effect-type--fade mpc-effect-side--in\"><\/div><\/div><\/li><li class=\"mpc-tabs__nav-item mpc-parent-hover\" data-tab_id=\"1596210183156-4\"><div data-id=\"mpc_button-8169f0b087015b9\" class=\"mpc-button mpc-init mpc-transition \" ><div class=\"mpc-button__content mpc-effect-type--none mpc-effect-side--none\"><span class=\"mpc-button__title mpc-transition\">Fe y Alegr\u00eda N\u00ba  58<\/span><\/div><div class=\"mpc-button__background mpc-transition mpc-effect-type--fade mpc-effect-side--in\"><\/div><\/div><\/li><li class=\"mpc-tabs__nav-item mpc-parent-hover\" data-tab_id=\"1596264452027-6\"><div data-id=\"mpc_button-4769f0b08701658\" class=\"mpc-button mpc-init mpc-transition \" ><div class=\"mpc-button__content mpc-effect-type--none mpc-effect-side--none\"><span class=\"mpc-button__title mpc-transition\">Fe y Alegr\u00eda N\u00ba  61<\/span><\/div><div class=\"mpc-button__background mpc-transition mpc-effect-type--fade mpc-effect-side--in\"><\/div><\/div><\/li><\/ul><\/div><div class=\"mpc-tabs__content mpc-transition\"><div class=\"mpc-tab mpc-container mpc-transition \" id=\"1596215659565-7\" data-active=\"true\"><div class=\"mpc-tab__content\">[vc_row_inner css=\u00bb.vc_custom_1595280593655{padding-top: 15px !important;padding-right: 30px !important;padding-left: 30px !important;}\u00bb][vc_column_inner width=\u00bb3\/5&#8243; css=\u00bb.vc_custom_1595280569251{padding-left: 15px !important;}\u00bb][vc_custom_heading text=\u00bbEducaci\u00f3n B\u00e1sica Regular\u00bb font_container=\u00bbtag:h2|font_size:20|text_align:left|color:%23cc0000|line_height:1.6&#8243; use_theme_fonts=\u00bbyes\u00bb][vc_column_text]<\/p>\n<p>\n<strong>Director:<\/strong> Hno. Alfonso Ortiz de Apodaca Idiaz\u00e1bal<br \/><strong>Promotora:<\/strong> Hna. Mar\u00eda de Jes\u00fas Ortiz de Apodaca Idiaz\u00e1bal<br \/><strong>Congregaci\u00f3n:<\/strong> Hermanos del Sagrado Coraz\u00f3n<br \/><strong>Direcci\u00f3n:<\/strong> Av. El Mercado s\/n &#8211; A.H. S.S. Juan Pablo II-San Juan de Lurigancho<br \/><strong> E-mail:<\/strong> fape32@hotmail.com<br \/><strong>Tel\u00e9fono:<\/strong> 392-1063<\/p>\n<p>[\/vc_column_text][vc_custom_heading text=\u00bbCETPRO\u00bb font_container=\u00bbtag:h2|font_size:20|text_align:left|color:%23cc0000|line_height:1.6&#8243; use_theme_fonts=\u00bbyes\u00bb][vc_column_text]<\/p>\n<p>\n<strong>Directora:<\/strong> Prof. Sully Alvarado Pereyra<br \/><strong>Direcci\u00f3n:<\/strong> Av. El Mercado s\/n &#8211; A.H. S.S. Juan Pablo II-San Juan de Lurigancho<br \/><strong> E-mail:<\/strong> fape32@hotmail.com<br \/><strong>Tel\u00e9fono:<\/strong> 392-1064<\/p>\n<p>[\/vc_column_text][\/vc_column_inner][vc_column_inner width=\u00bb2\/5&#8243;][vc_gmaps link=\u00bb#E-8_JTNDaWZyYW1lJTIwc3JjJTNEJTIyaHR0cHMlM0ElMkYlMkZ3d3cuZ29vZ2xlLmNvbSUyRm1hcHMlMkZlbWJlZCUzRnBiJTNEJTIxMW0xOCUyMTFtMTIlMjExbTMlMjExZDM5MDMuNDg4MjE1OTEyNDQzJTIxMmQtNzYuOTkzNTUxMDg1MTg4NSUyMTNkLTExLjk0MDY2MjM5MTUzODA1OSUyMTJtMyUyMTFmMCUyMTJmMCUyMTNmMCUyMTNtMiUyMTFpMTAyNCUyMTJpNzY4JTIxNGYxMy4xJTIxM20zJTIxMW0yJTIxMXMweDkxMDVkYWI3MjIzYjI3YjMlMjUzQTB4YTM4ZjZmNjNjYjE5MzQxZiUyMTJzQ29sZWdpbyUyNTIwRmUlMjUyMHklMjUyMEFsZWdyJTI1QzMlMjVBRGElMjUyMDMyJTIxNWUwJTIxM20yJTIxMXNlcyUyMTJzcGUlMjE0djE1OTk3NzM1MTgwNTElMjE1bTIlMjExc2VzJTIxMnNwZSUyMiUyMHdpZHRoJTNEJTIyNDAwJTIyJTIwaGVpZ2h0JTNEJTIyMzAwJTIyJTIwZnJhbWVib3JkZXIlM0QlMjIwJTIyJTIwc3R5bGUlM0QlMjJib3JkZXIlM0EwJTNCJTIyJTIwYWxsb3dmdWxsc2NyZWVuJTNEJTIyJTIyJTIwYXJpYS1oaWRkZW4lM0QlMjJmYWxzZSUyMiUyMHRhYmluZGV4JTNEJTIyMCUyMiUzRSUzQyUyRmlmcmFtZSUzRSUwQQ==\u00bb][\/vc_column_inner][\/vc_row_inner][vc_row_inner css=\u00bb.vc_custom_1595185141259{padding-top: 30px !important;padding-right: 30px !important;padding-bottom: 15px !important;padding-left: 30px !important;}\u00bb][vc_column_inner][vc_single_image image=\u00bb1242&#8243; img_size=\u00bbmedium\u00bb onclick=\u00bblink_image\u00bb][\/vc_column_inner][\/vc_row_inner]<\/div><\/div><div class=\"mpc-tab mpc-container mpc-transition \" id=\"1596216050061-4\" data-active=\"false\"><div class=\"mpc-tab__content\">[vc_row_inner css=\u00bb.vc_custom_1595280593655{padding-top: 15px !important;padding-right: 30px !important;padding-left: 30px !important;}\u00bb][vc_column_inner width=\u00bb3\/5&#8243; css=\u00bb.vc_custom_1595280569251{padding-left: 15px !important;}\u00bb][vc_custom_heading text=\u00bbEducaci\u00f3n B\u00e1sica Regular\u00bb font_container=\u00bbtag:h2|font_size:20|text_align:left|color:%23cc0000|line_height:1.6&#8243; use_theme_fonts=\u00bbyes\u00bb][vc_column_text]<\/p>\n<p>\n<strong>Directora:<\/strong> Prof. Rosa Ana Crist\u00f3bal Castillo<br \/><strong>Promotora:<\/strong> Hna. Juana Jaqueline Castillo Salvador<br \/><strong>Congregaci\u00f3n:<\/strong> Hermanas de Notre Dame de Namur<br \/><strong>Direcci\u00f3n:<\/strong> Av. Vilcabamba Mz G8-2\u00aa zona Delicias de Villa-Chorrillos<br \/><strong> E-mail:<\/strong> feyalegria34@gmail.com<br \/><strong>Tel\u00e9fono:<\/strong> 258-4978<\/p>\n<p>[\/vc_column_text][\/vc_column_inner][vc_column_inner width=\u00bb2\/5&#8243;][vc_gmaps link=\u00bb#E-8_JTNDaWZyYW1lJTIwc3JjJTNEJTIyaHR0cHMlM0ElMkYlMkZ3d3cuZ29vZ2xlLmNvbSUyRm1hcHMlMkZlbWJlZCUzRnBiJTNEJTIxMW0xOCUyMTFtMTIlMjExbTMlMjExZDE5NDkuOTA1OTA1MzgzNDE3MyUyMTJkLTc2Ljk5MDY5MzUxODc0NjcxJTIxM2QtMTIuMTkzMjA0NzY5NjYzOTgyJTIxMm0zJTIxMWYwJTIxMmYwJTIxM2YwJTIxM20yJTIxMWkxMDI0JTIxMmk3NjglMjE0ZjEzLjElMjEzbTMlMjExbTIlMjExczB4OTEwNWI5YzA1M2EzODliYiUyNTNBMHg3NTZjZmE4ZGFhNGUzY2Q1JTIxMnNJLkUuJTI1MjBGZSUyNTIweSUyNTIwQWxlZ3IlMjVDMyUyNUFEYSUyNTIwTiUyNUMyJTI1QjAlMjUyMDM0JTIxNWUwJTIxM20yJTIxMXNlcyUyMTJzcGUlMjE0djE1OTk3NzM1NjA1NDAlMjE1bTIlMjExc2VzJTIxMnNwZSUyMiUyMHdpZHRoJTNEJTIyNDAwJTIyJTIwaGVpZ2h0JTNEJTIyMzAwJTIyJTIwZnJhbWVib3JkZXIlM0QlMjIwJTIyJTIwc3R5bGUlM0QlMjJib3JkZXIlM0EwJTNCJTIyJTIwYWxsb3dmdWxsc2NyZWVuJTNEJTIyJTIyJTIwYXJpYS1oaWRkZW4lM0QlMjJmYWxzZSUyMiUyMHRhYmluZGV4JTNEJTIyMCUyMiUzRSUzQyUyRmlmcmFtZSUzRQ==\u00bb][\/vc_column_inner][\/vc_row_inner][vc_row_inner css=\u00bb.vc_custom_1595185141259{padding-top: 30px !important;padding-right: 30px !important;padding-bottom: 15px !important;padding-left: 30px !important;}\u00bb][vc_column_inner][vc_single_image image=\u00bb1243&#8243; img_size=\u00bbmedium\u00bb onclick=\u00bblink_image\u00bb][\/vc_column_inner][\/vc_row_inner]<\/div><\/div><div class=\"mpc-tab mpc-container mpc-transition \" id=\"1596216221052-8\" data-active=\"false\"><div class=\"mpc-tab__content\">[vc_row_inner css=\u00bb.vc_custom_1595280593655{padding-top: 15px !important;padding-right: 30px !important;padding-left: 30px !important;}\u00bb][vc_column_inner width=\u00bb3\/5&#8243; css=\u00bb.vc_custom_1595280569251{padding-left: 15px !important;}\u00bb][vc_custom_heading text=\u00bbEducaci\u00f3n B\u00e1sica Regular\u00bb font_container=\u00bbtag:h2|font_size:20|text_align:left|color:%23cc0000|line_height:1.6&#8243; use_theme_fonts=\u00bbyes\u00bb][vc_column_text]<\/p>\n<p>\n<strong>Director:<\/strong> Prof. Marino Bustamante Gil<br \/><strong>Promotora:<\/strong> Hna. Leonor Sequeiros Letona<br \/><strong>Congregaci\u00f3n:<\/strong> Congregaci\u00f3n de Misioneras de San Vicente de Paul<br \/><strong>Direcci\u00f3n:<\/strong> A.H. E. Montenegro, Sector 5 &#8211; Frente a la Mz. P1-San Juan de Lurigancho<br \/><strong> E-mail:<\/strong> feyalegria37@yahoo.es<br \/><strong>Tel\u00e9fono:<\/strong> 392-3766<\/p>\n<p>[\/vc_column_text][\/vc_column_inner][vc_column_inner width=\u00bb2\/5&#8243;][vc_gmaps link=\u00bb#E-8_JTNDaWZyYW1lJTIwc3JjJTNEJTIyaHR0cHMlM0ElMkYlMkZ3d3cuZ29vZ2xlLmNvbSUyRm1hcHMlMkZlbWJlZCUzRnBiJTNEJTIxMW0xOCUyMTFtMTIlMjExbTMlMjExZDE5NTEuNzY4Mjk1OTUyNzI2MiUyMTJkLTc2Ljk3NDIxNTA2NDI5MzI4JTIxM2QtMTEuOTM3MzA0MjI2MDM5ODQ0JTIxMm0zJTIxMWYwJTIxMmYwJTIxM2YwJTIxM20yJTIxMWkxMDI0JTIxMmk3NjglMjE0ZjEzLjElMjEzbTMlMjExbTIlMjExczB4OTEwNWRhZGE4Nzg0NTRlMyUyNTNBMHg4YjJmNWQ2OWEyZGVkNDYxJTIxMnNDb2xlZ2lvJTI1MjBGZSUyNTIweSUyNTIwQWxlZ3IlMjVDMyUyNUFEYSUyNTIwMzclMjE1ZTAlMjEzbTIlMjExc2VzJTIxMnNwZSUyMTR2MTU5OTc3MzcxODc5NyUyMTVtMiUyMTFzZXMlMjEyc3BlJTIyJTIwd2lkdGglM0QlMjI0MDAlMjIlMjBoZWlnaHQlM0QlMjIzMDAlMjIlMjBmcmFtZWJvcmRlciUzRCUyMjAlMjIlMjBzdHlsZSUzRCUyMmJvcmRlciUzQTAlM0IlMjIlMjBhbGxvd2Z1bGxzY3JlZW4lM0QlMjIlMjIlMjBhcmlhLWhpZGRlbiUzRCUyMmZhbHNlJTIyJTIwdGFiaW5kZXglM0QlMjIwJTIyJTNFJTNDJTJGaWZyYW1lJTNFJTBB\u00bb][\/vc_column_inner][\/vc_row_inner][vc_row_inner css=\u00bb.vc_custom_1595185141259{padding-top: 30px !important;padding-right: 30px !important;padding-bottom: 15px !important;padding-left: 30px !important;}\u00bb][vc_column_inner][vc_single_image image=\u00bb1244&#8243; img_size=\u00bbmedium\u00bb onclick=\u00bblink_image\u00bb][\/vc_column_inner][\/vc_row_inner]<\/div><\/div><div class=\"mpc-tab mpc-container mpc-transition \" id=\"1596216377036-3\" data-active=\"false\"><div class=\"mpc-tab__content\">[vc_row_inner css=\u00bb.vc_custom_1595280593655{padding-top: 15px !important;padding-right: 30px !important;padding-left: 30px !important;}\u00bb][vc_column_inner width=\u00bb3\/5&#8243; css=\u00bb.vc_custom_1595280569251{padding-left: 15px !important;}\u00bb][vc_custom_heading text=\u00bbEducaci\u00f3n B\u00e1sica Regular\u00bb font_container=\u00bbtag:h2|font_size:20|text_align:left|color:%23cc0000|line_height:1.6&#8243; use_theme_fonts=\u00bbyes\u00bb][vc_column_text]<\/p>\n<p>\n<strong>Directora:<\/strong> Prof. Fanny Carmela Chamilco Reyes<br \/><strong>Promotora:<\/strong> Hna. Elsa Ang\u00e9lica Arechaga Vela<br \/><strong>Congregaci\u00f3n:<\/strong> Hermanas Dominicas de la Anunciata<br \/><strong>Direcci\u00f3n:<\/strong> Jr. Chep\u00e9n 321 &#8211; Villa Hermosa-El Agustino<br \/><strong> E-mail:<\/strong> feyalegria39@hotmail.com<br \/><strong>Tel\u00e9fono:<\/strong> 362-0621<\/p>\n<p>[\/vc_column_text][\/vc_column_inner][vc_column_inner width=\u00bb2\/5&#8243;][vc_gmaps link=\u00bb#E-8_JTNDaWZyYW1lJTIwc3JjJTNEJTIyaHR0cHMlM0ElMkYlMkZ3d3cuZ29vZ2xlLmNvbSUyRm1hcHMlMkZlbWJlZCUzRnBiJTNEJTIxMW0xOCUyMTFtMTIlMjExbTMlMjExZDM5MDIuMDAxNzc2OTczNjQzNyUyMTJkLTc2Ljk5MjE3MTM4NDU3NTQ5JTIxM2QtMTIuMDQzMzk4MjQ1MTE4Mzc3JTIxMm0zJTIxMWYwJTIxMmYwJTIxM2YwJTIxM20yJTIxMWkxMDI0JTIxMmk3NjglMjE0ZjEzLjElMjEzbTMlMjExbTIlMjExczB4OTEwNWM2MGI3NzgyMTcwMSUyNTNBMHhjMmFjNzg1M2U5MjFlODUyJTIxMnNJLkUuJTI1MjBGRSUyNTIwWSUyNTIwQUxFR1JJQSUyNTIwTiUyNUMyJTI1QjAlMjUyMDM5JTIxNWUwJTIxM20yJTIxMXNlcyUyMTJzcGUlMjE0djE1OTk3NzM3NTk3NzElMjE1bTIlMjExc2VzJTIxMnNwZSUyMiUyMHdpZHRoJTNEJTIyNDAwJTIyJTIwaGVpZ2h0JTNEJTIyMzAwJTIyJTIwZnJhbWVib3JkZXIlM0QlMjIwJTIyJTIwc3R5bGUlM0QlMjJib3JkZXIlM0EwJTNCJTIyJTIwYWxsb3dmdWxsc2NyZWVuJTNEJTIyJTIyJTIwYXJpYS1oaWRkZW4lM0QlMjJmYWxzZSUyMiUyMHRhYmluZGV4JTNEJTIyMCUyMiUzRSUzQyUyRmlmcmFtZSUzRQ==\u00bb][\/vc_column_inner][\/vc_row_inner][vc_row_inner css=\u00bb.vc_custom_1595185141259{padding-top: 30px !important;padding-right: 30px !important;padding-bottom: 15px !important;padding-left: 30px !important;}\u00bb][vc_column_inner][vc_single_image image=\u00bb1245&#8243; img_size=\u00bbmedium\u00bb onclick=\u00bblink_image\u00bb][\/vc_column_inner][\/vc_row_inner]<\/div><\/div><div class=\"mpc-tab mpc-container mpc-transition \" id=\"1596209884424-2\" data-active=\"false\"><div class=\"mpc-tab__content\">[vc_row_inner css=\u00bb.vc_custom_1595280593655{padding-top: 15px !important;padding-right: 30px !important;padding-left: 30px !important;}\u00bb][vc_column_inner width=\u00bb3\/5&#8243; css=\u00bb.vc_custom_1595280569251{padding-left: 15px !important;}\u00bb][vc_custom_heading text=\u00bbEducaci\u00f3n B\u00e1sica Regular\u00bb font_container=\u00bbtag:h2|font_size:20|text_align:left|color:%23cc0000|line_height:1.6&#8243; use_theme_fonts=\u00bbyes\u00bb][vc_column_text]<\/p>\n<p>\n<strong>Directora:<\/strong> Prof. Beatriz Graciela Flores Tupalaya<br \/><strong>Promotor:<\/strong> P. Julio C\u00e9sar Mart\u00ednez Chaparro<br \/><strong>Congregaci\u00f3n:<\/strong> Orden de los Cl\u00e9rigos Regulares Pobres de la Madre de Dios de las Escuelas P\u00edas (Padres Escolapios)<br \/><strong>Direcci\u00f3n:<\/strong> Av. Virgen del Carmen s\/n La Era &#8211; \u00d1a\u00f1a-Lurigancho<br \/><strong> E-mail:<\/strong> fya41@live.com<br \/><strong>Tel\u00e9fono:<\/strong> 359-2552<\/p>\n<p>[\/vc_column_text][\/vc_column_inner][vc_column_inner width=\u00bb2\/5&#8243;][vc_gmaps link=\u00bb#E-8_JTNDaWZyYW1lJTIwc3JjJTNEJTIyaHR0cHMlM0ElMkYlMkZ3d3cuZ29vZ2xlLmNvbSUyRm1hcHMlMkZlbWJlZCUzRnBiJTNEJTIxMW0xOCUyMTFtMTIlMjExbTMlMjExZDE1OTQuMjU0MzkwNzAwMjI5OCUyMTJkLTc2LjgzODU4NjY0NTg0NjM4JTIxM2QtMTEuOTgxMDQ0MzA3NzE4MzQ3JTIxMm0zJTIxMWYwJTIxMmYwJTIxM2YwJTIxM20yJTIxMWkxMDI0JTIxMmk3NjglMjE0ZjEzLjElMjEzbTMlMjExbTIlMjExczB4OTEwNWMyOGY1M2E4ZjkyMSUyNTNBMHhkMWI1YWE0NDRiYmM3MWIlMjEyc0lFJTI1MjBGZSUyNTIweSUyNTIwQWxlZ3IlMjVDMyUyNUFEYSUyNTIwNDElMjE1ZTAlMjEzbTIlMjExc2VzJTIxMnNwZSUyMTR2MTU5OTc3MzgxMjg3NSUyMTVtMiUyMTFzZXMlMjEyc3BlJTIyJTIwd2lkdGglM0QlMjI0MDAlMjIlMjBoZWlnaHQlM0QlMjIzMDAlMjIlMjBmcmFtZWJvcmRlciUzRCUyMjAlMjIlMjBzdHlsZSUzRCUyMmJvcmRlciUzQTAlM0IlMjIlMjBhbGxvd2Z1bGxzY3JlZW4lM0QlMjIlMjIlMjBhcmlhLWhpZGRlbiUzRCUyMmZhbHNlJTIyJTIwdGFiaW5kZXglM0QlMjIwJTIyJTNFJTNDJTJGaWZyYW1lJTNFJTBBJTBB\u00bb][\/vc_column_inner][\/vc_row_inner][vc_row_inner css=\u00bb.vc_custom_1595185141259{padding-top: 30px !important;padding-right: 30px !important;padding-bottom: 15px !important;padding-left: 30px !important;}\u00bb][vc_column_inner][vc_single_image image=\u00bb1343&#8243; img_size=\u00bbmedium\u00bb onclick=\u00bblink_image\u00bb][\/vc_column_inner][\/vc_row_inner]<\/div><\/div><div class=\"mpc-tab mpc-container mpc-transition \" id=\"1596211176367-5\" data-active=\"false\"><div class=\"mpc-tab__content\">[vc_row_inner css=\u00bb.vc_custom_1595280593655{padding-top: 15px !important;padding-right: 30px !important;padding-left: 30px !important;}\u00bb][vc_column_inner width=\u00bb3\/5&#8243; css=\u00bb.vc_custom_1595280569251{padding-left: 15px !important;}\u00bb][vc_custom_heading text=\u00bbEducaci\u00f3n B\u00e1sica Regular\u00bb font_container=\u00bbtag:h2|font_size:20|text_align:left|color:%23cc0000|line_height:1.6&#8243; use_theme_fonts=\u00bbyes\u00bb][vc_column_text]<\/p>\n<p>\n<strong>Directora:<\/strong> Prof. Ana Z\u00fa\u00f1iga Esteban<br \/><strong>Promotora:<\/strong> Hna. Edilene da Silva<br \/><strong>Congregaci\u00f3n:<\/strong> Clarisas Franciscanas Misioneras del Sant\u00edsimo Sacramento<br \/><strong>Direcci\u00f3n:<\/strong> Unidad Comunal de Vivienda 56- Lote 43-Zona C, Huayc\u00e1n-Ate<br \/><strong> E-mail:<\/strong> bartito_09@yahoo.es<br \/><strong>Tel\u00e9fono:<\/strong> 371-7149<\/p>\n<p>[\/vc_column_text][\/vc_column_inner][vc_column_inner width=\u00bb2\/5&#8243;][vc_gmaps link=\u00bb#E-8_JTNDaWZyYW1lJTIwc3JjJTNEJTIyaHR0cHMlM0ElMkYlMkZ3d3cuZ29vZ2xlLmNvbSUyRm1hcHMlMkZlbWJlZCUzRnBiJTNEJTIxMW0xOCUyMTFtMTIlMjExbTMlMjExZDgyMC40MDkzNzUxNDgxMTY5JTIxMmQtNzYuODIwNTMwMTY1MzkyNiUyMTNkLTEyLjAwNTgzODY4MDY5OTc5JTIxMm0zJTIxMWYwJTIxMmYwJTIxM2YwJTIxM20yJTIxMWkxMDI0JTIxMmk3NjglMjE0ZjEzLjElMjEzbTMlMjExbTIlMjExczB4OTEwNWU5ZGU3MWNhOGI3MSUyNTNBMHg0OThhODNlYjBlYmUxY2JiJTIxMnNDb2xlZ2lvJTI1MjBGZSUyNTIwWSUyNTIwQWxlZ3JpYSUyNTIwNTMlMjE1ZTAlMjEzbTIlMjExc2VzJTIxMnNwZSUyMTR2MTU5OTc3Mzg3NzgyMiUyMTVtMiUyMTFzZXMlMjEyc3BlJTIyJTIwd2lkdGglM0QlMjI0MDAlMjIlMjBoZWlnaHQlM0QlMjIzMDAlMjIlMjBmcmFtZWJvcmRlciUzRCUyMjAlMjIlMjBzdHlsZSUzRCUyMmJvcmRlciUzQTAlM0IlMjIlMjBhbGxvd2Z1bGxzY3JlZW4lM0QlMjIlMjIlMjBhcmlhLWhpZGRlbiUzRCUyMmZhbHNlJTIyJTIwdGFiaW5kZXglM0QlMjIwJTIyJTNFJTNDJTJGaWZyYW1lJTNFJTBB\u00bb][\/vc_column_inner][\/vc_row_inner][vc_row_inner css=\u00bb.vc_custom_1595185141259{padding-top: 30px !important;padding-right: 30px !important;padding-bottom: 15px !important;padding-left: 30px !important;}\u00bb][vc_column_inner][vc_single_image image=\u00bb1344&#8243; img_size=\u00bbmedium\u00bb onclick=\u00bblink_image\u00bb][\/vc_column_inner][\/vc_row_inner]<\/div><\/div><div class=\"mpc-tab mpc-container mpc-transition \" id=\"1596210183156-4\" data-active=\"false\"><div class=\"mpc-tab__content\">[vc_row_inner css=\u00bb.vc_custom_1595280593655{padding-top: 15px !important;padding-right: 30px !important;padding-left: 30px !important;}\u00bb][vc_column_inner width=\u00bb3\/5&#8243; css=\u00bb.vc_custom_1595280569251{padding-left: 15px !important;}\u00bb][vc_custom_heading text=\u00bbEducaci\u00f3n B\u00e1sica Regular\u00bb font_container=\u00bbtag:h2|font_size:20|text_align:left|color:%23cc0000|line_height:1.6&#8243; use_theme_fonts=\u00bbyes\u00bb][vc_column_text]<\/p>\n<p>\n<strong>Directora:<\/strong> Prof. Guillermina Quispe Ccollana<br \/><strong>Promotora:<\/strong> Hna. Patricia Mc Laughlin Traynor<br \/><strong>Congregaci\u00f3n:<\/strong> Instituto de la Bienaventurada Virgen Mar\u00eda<br \/><strong>Direcci\u00f3n:<\/strong> Av. Modesto Reynoso s\/n Jicamarca-Lurigancho<br \/><strong> E-mail:<\/strong> fya58_maryward@hotmail.com<br \/><strong>Tel\u00e9fono:<\/strong> 371-0793<\/p>\n<p>[\/vc_column_text][\/vc_column_inner][vc_column_inner width=\u00bb2\/5&#8243;][vc_gmaps link=\u00bb#E-8_JTNDaWZyYW1lJTIwc3JjJTNEJTIyaHR0cHMlM0ElMkYlMkZ3d3cuZ29vZ2xlLmNvbSUyRm1hcHMlMkZlbWJlZCUzRnBiJTNEJTIxMW0xOCUyMTFtMTIlMjExbTMlMjExZDM5MDMuMDg0OTEyOTU0NDM4NiUyMTJkLTc2Ljk0NDI1NzY4NDU3NjQlMjEzZC0xMS45Njg2MjI3NDM3MTE5MyUyMTJtMyUyMTFmMCUyMTJmMCUyMTNmMCUyMTNtMiUyMTFpMTAyNCUyMTJpNzY4JTIxNGYxMy4xJTIxM20zJTIxMW0yJTIxMXMweDkxMDVjNGMwMTAzNWY5N2QlMjUzQTB4NGI4MzU0NGM5ODdhNTIyMSUyMTJzQ29sZWdpbyUyNTIwRmUlMjUyMHklMjUyMEFsZWdyaWElMjUyME4lMjVDMiUyNUIwNTglMjE1ZTAlMjEzbTIlMjExc2VzJTIxMnNwZSUyMTR2MTU5OTc3Mzk4MjEzOSUyMTVtMiUyMTFzZXMlMjEyc3BlJTIyJTIwd2lkdGglM0QlMjI0MDAlMjIlMjBoZWlnaHQlM0QlMjIzMDAlMjIlMjBmcmFtZWJvcmRlciUzRCUyMjAlMjIlMjBzdHlsZSUzRCUyMmJvcmRlciUzQTAlM0IlMjIlMjBhbGxvd2Z1bGxzY3JlZW4lM0QlMjIlMjIlMjBhcmlhLWhpZGRlbiUzRCUyMmZhbHNlJTIyJTIwdGFiaW5kZXglM0QlMjIwJTIyJTNFJTNDJTJGaWZyYW1lJTNFJTBB\u00bb][\/vc_column_inner][\/vc_row_inner][vc_row_inner css=\u00bb.vc_custom_1595185141259{padding-top: 30px !important;padding-right: 30px !important;padding-bottom: 15px !important;padding-left: 30px !important;}\u00bb][vc_column_inner][vc_single_image image=\u00bb1345&#8243; img_size=\u00bbmedium\u00bb onclick=\u00bblink_image\u00bb][\/vc_column_inner][\/vc_row_inner]<\/div><\/div><div class=\"mpc-tab mpc-container mpc-transition \" id=\"1596264452027-6\" data-active=\"false\"><div class=\"mpc-tab__content\">[vc_row_inner css=\u00bb.vc_custom_1595280593655{padding-top: 15px !important;padding-right: 30px !important;padding-left: 30px !important;}\u00bb][vc_column_inner width=\u00bb3\/5&#8243; css=\u00bb.vc_custom_1595280569251{padding-left: 15px !important;}\u00bb][vc_custom_heading text=\u00bbCETPRO\u00bb font_container=\u00bbtag:h2|font_size:20|text_align:left|color:%23cc0000|line_height:1.6&#8243; use_theme_fonts=\u00bbyes\u00bb][vc_column_text]<\/p>\n<p>\n<strong>Directora:<\/strong> Prof. Betsy Loren Torres Gallo<br \/><strong>Promotora:<\/strong> Hna. Carla Mar\u00eda P\u00e9rez Flores<br \/><strong>Congregaci\u00f3n:<\/strong> Esclavas del Sagrado Coraz\u00f3n<br \/><strong>Direcci\u00f3n:<\/strong> Av. Revoluci\u00f3n Sector 3 Grupo 15 s\/n-Villa El Salvador<br \/><strong> E-mail:<\/strong> fya.61.srm@hotmail.com<br \/><strong>Tel\u00e9fono:<\/strong> 287-0193<\/p>\n<p>[\/vc_column_text][vc_custom_heading text=\u00bbIESTP\u00bb font_container=\u00bbtag:h2|font_size:20|text_align:left|color:%23cc0000|line_height:1.6&#8243; use_theme_fonts=\u00bbyes\u00bb][vc_column_text]<\/p>\n<p>\n<strong>Director:<\/strong> Prof. Jos\u00e9 Alejandro Rocha Paredes<br \/><strong>Promotora:<\/strong> Hna. Carla Mar\u00eda P\u00e9rez Flores<br \/><strong>Congregaci\u00f3n:<\/strong> Esclavas del Sagrado Coraz\u00f3n<br \/><strong>Direcci\u00f3n:<\/strong> Av. Revoluci\u00f3n Sector 3 Grupo 15 s\/n-Villa El Salvador<br \/><strong> E-mail:<\/strong> joserocha87@hotmail.com<br \/><strong>Tel\u00e9fono:<\/strong> 994941585<\/p>\n<p>[\/vc_column_text][\/vc_column_inner][vc_column_inner width=\u00bb2\/5&#8243;][vc_gmaps link=\u00bb#E-8_JTNDaWZyYW1lJTIwc3JjJTNEJTIyaHR0cHMlM0ElMkYlMkZ3d3cuZ29vZ2xlLmNvbSUyRm1hcHMlMkZlbWJlZCUzRnBiJTNEJTIxMW0xOCUyMTFtMTIlMjExbTMlMjExZDk3NC44NTUwNzA1NTQxMTQ0JTIxMmQtNzYuOTMzNDQ1NTM1OTUyOTYlMjEzZC0xMi4yMTk3OTY5OTI3ODYxNiUyMTJtMyUyMTFmMCUyMTJmMCUyMTNmMCUyMTNtMiUyMTFpMTAyNCUyMTJpNzY4JTIxNGYxMy4xJTIxM20zJTIxMW0yJTIxMXMweDkxMDViYmUzOWEzNzk1M2YlMjUzQTB4MzU2Y2NkYTFhNGY4M2I2YyUyMTJzRkUlMjUyMFklMjUyMEFMRUdSJTI1QzMlMjU4REElMjUyMDYxJTI1MjAtJTI1MjBTQU5UQSUyNTIwUkFGQUVMQSUyNTIwTUFSJTI1QzMlMjU4REElMjE1ZTAlMjEzbTIlMjExc2VzJTIxMnNwZSUyMTR2MTU5OTc3MjQzNjgwMyUyMTVtMiUyMTFzZXMlMjEyc3BlJTIyJTIwd2lkdGglM0QlMjI0MDAlMjIlMjBoZWlnaHQlM0QlMjIzMDAlMjIlMjBmcmFtZWJvcmRlciUzRCUyMjAlMjIlMjBzdHlsZSUzRCUyMmJvcmRlciUzQTAlM0IlMjIlMjBhbGxvd2Z1bGxzY3JlZW4lM0QlMjIlMjIlMjBhcmlhLWhpZGRlbiUzRCUyMmZhbHNlJTIyJTIwdGFiaW5kZXglM0QlMjIwJTIyJTNFJTNDJTJGaWZyYW1lJTNFJTBB\u00bb][\/vc_column_inner][\/vc_row_inner][vc_row_inner css=\u00bb.vc_custom_1595185141259{padding-top: 30px !important;padding-right: 30px !important;padding-bottom: 15px !important;padding-left: 30px !important;}\u00bb][vc_column_inner][vc_single_image image=\u00bb1224&#8243; img_size=\u00bbmedium\u00bb onclick=\u00bblink_image\u00bb][\/vc_column_inner][\/vc_row_inner]<\/div><\/div><\/div><\/div>[\/vc_column][\/vc_row]<\/p>\n<\/div>","protected":false},"excerpt":{"rendered":"<p>[vc_row][vc_column][\/vc_column][\/vc_row][vc_row][vc_column width=\u00bb1\/5&#8243;][\/vc_column][vc_column width=\u00bb1\/5&#8243;][\/vc_column][vc_column width=\u00bb1\/5&#8243;][vc_btn title=\u00bbVolver al mapa\u00bb align=\u00bbcenter\u00bb i_icon_fontawesome=\u00bbfas fa-map-marked\u00bb button_block=\u00bbtrue\u00bb add_icon=\u00bbtrue\u00bb link=\u00bburl:https%3A%2F%2Fwww.feyalegria.org%2Fperu%2Fdonde-estamos%2F|title:El%20Coraz%C3%B3n%20puesto%20en%20Per%C3%BA||\u00bb css=\u00bb.vc_custom_1596227980837{padding-right: 30px !important;}\u00bb][\/vc_column][vc_column width=\u00bb1\/5&#8243;][vc_btn title=\u00bbAtr\u00e1s\u00bb color=\u00bbjuicy-pink\u00bb align=\u00bbcenter\u00bb i_icon_fontawesome=\u00bbfas fa-arrow-circle-left\u00bb button_block=\u00bbtrue\u00bb add_icon=\u00bbtrue\u00bb link=\u00bburl:https%3A%2F%2Fwww.feyalegria.org%2Fperu%2Fdonde-estamos%2Finstituciones-educativas-en-lima-metropolitana-2%2F|title:Atr%C3%A1s||\u00bb css=\u00bb.vc_custom_1596428171900{padding-right: 30px !important;}\u00bb][\/vc_column][vc_column width=\u00bb1\/5&#8243;][vc_btn title=\u00bbSiguiente\u00bb color=\u00bbjuicy-pink\u00bb align=\u00bbcenter\u00bb i_align=\u00bbright\u00bb i_icon_fontawesome=\u00bbfas fa-arrow-circle-right\u00bb button_block=\u00bbtrue\u00bb add_icon=\u00bbtrue\u00bb link=\u00bburl:https%3A%2F%2Fwww.feyalegria.org%2Fperu%2Fdonde-estamos%2Finstituciones-educativas-en-lima-metropolitana-4%2F|title:Siguiente%20||\u00bb css=\u00bb.vc_custom_1596428187018{padding-right: 30px !important;}\u00bb][\/vc_column][\/vc_row][vc_row][vc_column][\/vc_column][\/vc_row][vc_row][vc_column width=\u00bb1\/4&#8243;][vc_single_image image=\u00bb1193&#8243; img_size=\u00bbfull\u00bb][\/vc_column][vc_column width=\u00bb3\/4&#8243;][\/vc_column][\/vc_row]<\/p>\n","protected":false},"author":19,"featured_media":0,"parent":824,"menu_order":0,"comment_status":"closed","ping_status":"closed","template":"","meta":{"_acf_changed":false,"footnotes":""},"folder":[],"class_list":["post-1282","page","type-page","status-publish","hentry"],"acf":[],"yoast_head":"<!-- This site is optimized with the Yoast SEO plugin v27.4 - https:\/\/yoast.com\/product\/yoast-seo-wordpress\/ -->\n<title>Instituciones Educativas en Lima Metropolitana - #SomosFeyAlegria en Per\u00fa<\/title>\n<meta name=\"robots\" content=\"noindex, follow, max-snippet:-1, max-image-preview:large, max-video-preview:-1\" \/>\n<meta property=\"og:locale\" content=\"es_ES\" \/>\n<meta property=\"og:type\" content=\"article\" \/>\n<meta property=\"og:title\" content=\"Instituciones Educativas en Lima Metropolitana - #SomosFeyAlegria en Per\u00fa\" \/>\n<meta property=\"og:description\" content=\"[vc_row][vc_column][\/vc_column][\/vc_row][vc_row][vc_column width=\u00bb1\/5&#8243;][\/vc_column][vc_column width=\u00bb1\/5&#8243;][\/vc_column][vc_column width=\u00bb1\/5&#8243;][vc_btn title=\u00bbVolver al mapa\u00bb align=\u00bbcenter\u00bb i_icon_fontawesome=\u00bbfas fa-map-marked\u00bb button_block=\u00bbtrue\u00bb add_icon=\u00bbtrue\u00bb link=\u00bburl:https%3A%2F%2Fwww.feyalegria.org%2Fperu%2Fdonde-estamos%2F|title:El%20Coraz%C3%B3n%20puesto%20en%20Per%C3%BA||\u00bb css=\u00bb.vc_custom_1596227980837{padding-right: 30px !important;}\u00bb][\/vc_column][vc_column width=\u00bb1\/5&#8243;][vc_btn title=\u00bbAtr\u00e1s\u00bb color=\u00bbjuicy-pink\u00bb align=\u00bbcenter\u00bb i_icon_fontawesome=\u00bbfas fa-arrow-circle-left\u00bb button_block=\u00bbtrue\u00bb add_icon=\u00bbtrue\u00bb link=\u00bburl:https%3A%2F%2Fwww.feyalegria.org%2Fperu%2Fdonde-estamos%2Finstituciones-educativas-en-lima-metropolitana-2%2F|title:Atr%C3%A1s||\u00bb css=\u00bb.vc_custom_1596428171900{padding-right: 30px !important;}\u00bb][\/vc_column][vc_column width=\u00bb1\/5&#8243;][vc_btn title=\u00bbSiguiente\u00bb color=\u00bbjuicy-pink\u00bb align=\u00bbcenter\u00bb i_align=\u00bbright\u00bb i_icon_fontawesome=\u00bbfas fa-arrow-circle-right\u00bb button_block=\u00bbtrue\u00bb add_icon=\u00bbtrue\u00bb link=\u00bburl:https%3A%2F%2Fwww.feyalegria.org%2Fperu%2Fdonde-estamos%2Finstituciones-educativas-en-lima-metropolitana-4%2F|title:Siguiente%20||\u00bb css=\u00bb.vc_custom_1596428187018{padding-right: 30px !important;}\u00bb][\/vc_column][\/vc_row][vc_row][vc_column][\/vc_column][\/vc_row][vc_row][vc_column width=\u00bb1\/4&#8243;][vc_single_image image=\u00bb1193&#8243; img_size=\u00bbfull\u00bb][\/vc_column][vc_column width=\u00bb3\/4&#8243;][\/vc_column][\/vc_row]\" \/>\n<meta property=\"og:url\" content=\"https:\/\/www.feyalegria.org\/peru\/donde-estamos\/instituciones-educativas-en-lima-metropolitana-3\/\" \/>\n<meta property=\"og:site_name\" content=\"#SomosFeyAlegria en Per\u00fa\" \/>\n<meta property=\"article:modified_time\" content=\"2020-11-24T04:58:36+00:00\" \/>\n<meta name=\"twitter:card\" content=\"summary_large_image\" \/>\n<meta name=\"twitter:label1\" content=\"Tiempo de lectura\" \/>\n\t<meta name=\"twitter:data1\" content=\"11 minutos\" \/>\n<script type=\"application\/ld+json\" class=\"yoast-schema-graph\">{\"@context\":\"https:\\\/\\\/schema.org\",\"@graph\":[{\"@type\":\"WebPage\",\"@id\":\"https:\\\/\\\/www.feyalegria.org\\\/peru\\\/donde-estamos\\\/instituciones-educativas-en-lima-metropolitana-3\\\/\",\"url\":\"https:\\\/\\\/www.feyalegria.org\\\/peru\\\/donde-estamos\\\/instituciones-educativas-en-lima-metropolitana-3\\\/\",\"name\":\"Instituciones Educativas en Lima Metropolitana - #SomosFeyAlegria en Per\u00fa\",\"isPartOf\":{\"@id\":\"https:\\\/\\\/www.feyalegria.org\\\/peru\\\/#website\"},\"datePublished\":\"2020-07-31T20:56:16+00:00\",\"dateModified\":\"2020-11-24T04:58:36+00:00\",\"breadcrumb\":{\"@id\":\"https:\\\/\\\/www.feyalegria.org\\\/peru\\\/donde-estamos\\\/instituciones-educativas-en-lima-metropolitana-3\\\/#breadcrumb\"},\"inLanguage\":\"es\",\"potentialAction\":[{\"@type\":\"ReadAction\",\"target\":[\"https:\\\/\\\/www.feyalegria.org\\\/peru\\\/donde-estamos\\\/instituciones-educativas-en-lima-metropolitana-3\\\/\"]}]},{\"@type\":\"BreadcrumbList\",\"@id\":\"https:\\\/\\\/www.feyalegria.org\\\/peru\\\/donde-estamos\\\/instituciones-educativas-en-lima-metropolitana-3\\\/#breadcrumb\",\"itemListElement\":[{\"@type\":\"ListItem\",\"position\":1,\"name\":\"Home\",\"item\":\"https:\\\/\\\/www.feyalegria.org\\\/peru\\\/\"},{\"@type\":\"ListItem\",\"position\":2,\"name\":\"El Coraz\u00f3n puesto en el Per\u00fa\",\"item\":\"https:\\\/\\\/www.feyalegria.org\\\/peru\\\/donde-estamos\\\/\"},{\"@type\":\"ListItem\",\"position\":3,\"name\":\"Instituciones Educativas en Lima Metropolitana\"}]},{\"@type\":\"WebSite\",\"@id\":\"https:\\\/\\\/www.feyalegria.org\\\/peru\\\/#website\",\"url\":\"https:\\\/\\\/www.feyalegria.org\\\/peru\\\/\",\"name\":\"#SomosFeyAlegria en Per\u00fa\",\"description\":\"Movimiento de Educaci\u00f3n Popular y Promoci\u00f3n Social\",\"potentialAction\":[{\"@type\":\"SearchAction\",\"target\":{\"@type\":\"EntryPoint\",\"urlTemplate\":\"https:\\\/\\\/www.feyalegria.org\\\/peru\\\/?s={search_term_string}\"},\"query-input\":{\"@type\":\"PropertyValueSpecification\",\"valueRequired\":true,\"valueName\":\"search_term_string\"}}],\"inLanguage\":\"es\"}]}<\/script>\n<!-- \/ Yoast SEO plugin. -->","yoast_head_json":{"title":"Instituciones Educativas en Lima Metropolitana - #SomosFeyAlegria en Per\u00fa","robots":{"index":"noindex","follow":"follow","max-snippet":"max-snippet:-1","max-image-preview":"max-image-preview:large","max-video-preview":"max-video-preview:-1"},"og_locale":"es_ES","og_type":"article","og_title":"Instituciones Educativas en Lima Metropolitana - #SomosFeyAlegria en Per\u00fa","og_description":"[vc_row][vc_column][\/vc_column][\/vc_row][vc_row][vc_column width=\u00bb1\/5&#8243;][\/vc_column][vc_column width=\u00bb1\/5&#8243;][\/vc_column][vc_column width=\u00bb1\/5&#8243;][vc_btn title=\u00bbVolver al mapa\u00bb align=\u00bbcenter\u00bb i_icon_fontawesome=\u00bbfas fa-map-marked\u00bb button_block=\u00bbtrue\u00bb add_icon=\u00bbtrue\u00bb link=\u00bburl:https%3A%2F%2Fwww.feyalegria.org%2Fperu%2Fdonde-estamos%2F|title:El%20Coraz%C3%B3n%20puesto%20en%20Per%C3%BA||\u00bb css=\u00bb.vc_custom_1596227980837{padding-right: 30px !important;}\u00bb][\/vc_column][vc_column width=\u00bb1\/5&#8243;][vc_btn title=\u00bbAtr\u00e1s\u00bb color=\u00bbjuicy-pink\u00bb align=\u00bbcenter\u00bb i_icon_fontawesome=\u00bbfas fa-arrow-circle-left\u00bb button_block=\u00bbtrue\u00bb add_icon=\u00bbtrue\u00bb link=\u00bburl:https%3A%2F%2Fwww.feyalegria.org%2Fperu%2Fdonde-estamos%2Finstituciones-educativas-en-lima-metropolitana-2%2F|title:Atr%C3%A1s||\u00bb css=\u00bb.vc_custom_1596428171900{padding-right: 30px !important;}\u00bb][\/vc_column][vc_column width=\u00bb1\/5&#8243;][vc_btn title=\u00bbSiguiente\u00bb color=\u00bbjuicy-pink\u00bb align=\u00bbcenter\u00bb i_align=\u00bbright\u00bb i_icon_fontawesome=\u00bbfas fa-arrow-circle-right\u00bb button_block=\u00bbtrue\u00bb add_icon=\u00bbtrue\u00bb link=\u00bburl:https%3A%2F%2Fwww.feyalegria.org%2Fperu%2Fdonde-estamos%2Finstituciones-educativas-en-lima-metropolitana-4%2F|title:Siguiente%20||\u00bb css=\u00bb.vc_custom_1596428187018{padding-right: 30px !important;}\u00bb][\/vc_column][\/vc_row][vc_row][vc_column][\/vc_column][\/vc_row][vc_row][vc_column width=\u00bb1\/4&#8243;][vc_single_image image=\u00bb1193&#8243; img_size=\u00bbfull\u00bb][\/vc_column][vc_column width=\u00bb3\/4&#8243;][\/vc_column][\/vc_row]","og_url":"https:\/\/www.feyalegria.org\/peru\/donde-estamos\/instituciones-educativas-en-lima-metropolitana-3\/","og_site_name":"#SomosFeyAlegria en Per\u00fa","article_modified_time":"2020-11-24T04:58:36+00:00","twitter_card":"summary_large_image","twitter_misc":{"Tiempo de lectura":"11 minutos"},"schema":{"@context":"https:\/\/schema.org","@graph":[{"@type":"WebPage","@id":"https:\/\/www.feyalegria.org\/peru\/donde-estamos\/instituciones-educativas-en-lima-metropolitana-3\/","url":"https:\/\/www.feyalegria.org\/peru\/donde-estamos\/instituciones-educativas-en-lima-metropolitana-3\/","name":"Instituciones Educativas en Lima Metropolitana - #SomosFeyAlegria en Per\u00fa","isPartOf":{"@id":"https:\/\/www.feyalegria.org\/peru\/#website"},"datePublished":"2020-07-31T20:56:16+00:00","dateModified":"2020-11-24T04:58:36+00:00","breadcrumb":{"@id":"https:\/\/www.feyalegria.org\/peru\/donde-estamos\/instituciones-educativas-en-lima-metropolitana-3\/#breadcrumb"},"inLanguage":"es","potentialAction":[{"@type":"ReadAction","target":["https:\/\/www.feyalegria.org\/peru\/donde-estamos\/instituciones-educativas-en-lima-metropolitana-3\/"]}]},{"@type":"BreadcrumbList","@id":"https:\/\/www.feyalegria.org\/peru\/donde-estamos\/instituciones-educativas-en-lima-metropolitana-3\/#breadcrumb","itemListElement":[{"@type":"ListItem","position":1,"name":"Home","item":"https:\/\/www.feyalegria.org\/peru\/"},{"@type":"ListItem","position":2,"name":"El Coraz\u00f3n puesto en el Per\u00fa","item":"https:\/\/www.feyalegria.org\/peru\/donde-estamos\/"},{"@type":"ListItem","position":3,"name":"Instituciones Educativas en Lima Metropolitana"}]},{"@type":"WebSite","@id":"https:\/\/www.feyalegria.org\/peru\/#website","url":"https:\/\/www.feyalegria.org\/peru\/","name":"#SomosFeyAlegria en Per\u00fa","description":"Movimiento de Educaci\u00f3n Popular y Promoci\u00f3n Social","potentialAction":[{"@type":"SearchAction","target":{"@type":"EntryPoint","urlTemplate":"https:\/\/www.feyalegria.org\/peru\/?s={search_term_string}"},"query-input":{"@type":"PropertyValueSpecification","valueRequired":true,"valueName":"search_term_string"}}],"inLanguage":"es"}]}},"_links":{"self":[{"href":"https:\/\/www.feyalegria.org\/peru\/wp-json\/wp\/v2\/pages\/1282","targetHints":{"allow":["GET"]}}],"collection":[{"href":"https:\/\/www.feyalegria.org\/peru\/wp-json\/wp\/v2\/pages"}],"about":[{"href":"https:\/\/www.feyalegria.org\/peru\/wp-json\/wp\/v2\/types\/page"}],"author":[{"embeddable":true,"href":"https:\/\/www.feyalegria.org\/peru\/wp-json\/wp\/v2\/users\/19"}],"replies":[{"embeddable":true,"href":"https:\/\/www.feyalegria.org\/peru\/wp-json\/wp\/v2\/comments?post=1282"}],"version-history":[{"count":0,"href":"https:\/\/www.feyalegria.org\/peru\/wp-json\/wp\/v2\/pages\/1282\/revisions"}],"up":[{"embeddable":true,"href":"https:\/\/www.feyalegria.org\/peru\/wp-json\/wp\/v2\/pages\/824"}],"wp:attachment":[{"href":"https:\/\/www.feyalegria.org\/peru\/wp-json\/wp\/v2\/media?parent=1282"}],"wp:term":[{"taxonomy":"folder","embeddable":true,"href":"https:\/\/www.feyalegria.org\/peru\/wp-json\/wp\/v2\/folder?post=1282"}],"curies":[{"name":"wp","href":"https:\/\/api.w.org\/{rel}","templated":true}]}}