 {"id":299,"date":"2020-06-30T15:50:24","date_gmt":"2020-06-30T20:50:24","guid":{"rendered":"https:\/\/www.feyalegria.org\/peru\/?page_id=299"},"modified":"2020-10-21T12:17:36","modified_gmt":"2020-10-21T17:17:36","slug":"nuestra-historia","status":"publish","type":"page","link":"https:\/\/www.feyalegria.org\/peru\/nuestra-historia\/","title":{"rendered":"Nuestra Historia"},"content":{"rendered":"<div class=\"wpb-content-wrapper\"><p>[vc_row][vc_column][vc_separator color=\u00bbcustom\u00bb style=\u00bbshadow\u00bb accent_color=\u00bb#cc0000&#8243;]<div style=\"background-color:;height: 30px\" class=\"nicdark_section  \"><\/div>[vc_column_text]<\/p>\n<h3 style=\"text-align: left\">Fe y Alegr\u00eda comienza donde termina el asfalto\u2026<\/h3>\n<p>[\/vc_column_text]<div style=\"background-color:;height: 30px\" class=\"nicdark_section  \"><\/div>[\/vc_column][\/vc_row][vc_row][vc_column width=\u00bb1\/3&#8243;][vc_single_image image=\u00bb416&#8243; img_size=\u00bbfull\u00bb alignment=\u00bbright\u00bb][\/vc_column][vc_column width=\u00bb2\/3&#8243;][vc_column_text css=\u00bb.vc_custom_1603299961402{padding-right: 10px !important;padding-left: 10px !important;background-color: #f3f3f3 !important;border-radius: 10px !important;}\u00bb]<\/p>\n<p>\n&nbsp;<\/p>\n<p style=\"text-align:justify\">En el Per\u00fa, Fe y Alegr\u00eda inicia sus actividades en 1966 con la creaci\u00f3n de cinco escuelas p\u00fablicas en las zonas pobres que circundaban el per\u00edmetro de Lima: San Mart\u00edn de Porres (Fe y Alegr\u00eda 1 y 2), San Juan de Miraflores (Fe y Alegr\u00eda 3) y San Juan de Lurigancho (Fe y Alegr\u00eda 4 y 5).<br \/>Desde entonces, cada a\u00f1o Fe y Alegr\u00eda ha crecido gracias al esfuerzo, trabajo y apoyo de miles de peruanos y peruanas, quienes, a trav\u00e9s de diferentes medios, han hecho posible educar con calidad a miles de ni\u00f1os, ni\u00f1as, adolescentes y adultos de escasos recursos.<\/p>\n<p>&nbsp;<\/p>\n<p>[\/vc_column_text][\/vc_column][\/vc_row][vc_row][vc_column]<div style=\"background-color:;height: 30px\" class=\"nicdark_section  \"><\/div>[vc_column_text]<\/p>\n<h3 style=\"text-align: left\">En la d\u00e9cada de 1970<\/h3>\n<p>[\/vc_column_text]<div style=\"background-color:;height: 30px\" class=\"nicdark_section  \"><\/div>[\/vc_column][\/vc_row][vc_row][vc_column width=\u00bb2\/3&#8243;][vc_column_text css=\u00bb.vc_custom_1603300107536{padding-right: 10px !important;padding-left: 10px !important;background-color: #f3f3f3 !important;border-radius: 10px !important;}\u00bb]<\/p>\n<p>\n&nbsp;<\/p>\n<p style=\"text-align:justify\">En Fe y Alegr\u00eda se fortalece el sentido de identidad y pertenencia al movimiento de educaci\u00f3n popular a trav\u00e9s de la profundizaci\u00f3n del sentido de la Misi\u00f3n y el Ideario de la Federaci\u00f3n Fe y Alegr\u00eda.<br \/>\nComo respuesta a las necesidades del pa\u00eds, se crean los primeros colegios en otras regiones:\n<\/p>\n<p>&nbsp;<\/p>\n<p style=\"text-align:justify\"> Fe y Alegr\u00eda 14, en el Asentamiento Humano 3 de octubre en Chimbote (\u00c1ncash)<br \/>Fe y Alegr\u00eda 15, en el caser\u00edo El Indio (Piura)<br \/>Fe y Alegr\u00eda 16, en el Pueblo Joven San Juan de Chimbote (\u00c1ncash)<\/p>\n<p>&nbsp;<\/p>\n<p>[\/vc_column_text][\/vc_column][vc_column width=\u00bb1\/3&#8243;][vc_single_image image=\u00bb415&#8243; img_size=\u00bbfull\u00bb css=\u00bb.vc_custom_1593710567800{border-radius: 10px !important;}\u00bb][\/vc_column][\/vc_row][vc_row][vc_column]<div style=\"background-color:;height: 30px\" class=\"nicdark_section  \"><\/div>[vc_column_text]<\/p>\n<h3 style=\"text-align: left\">En la d\u00e9cada de 1980<\/h3>\n<p>[\/vc_column_text]<div style=\"background-color:;height: 30px\" class=\"nicdark_section  \"><\/div>[\/vc_column][\/vc_row][vc_row][vc_column width=\u00bb1\/3&#8243;][vc_single_image image=\u00bb414&#8243; img_size=\u00bbfull\u00bb alignment=\u00bbright\u00bb][\/vc_column][vc_column width=\u00bb2\/3&#8243;][vc_column_text css=\u00bb.vc_custom_1603300230881{padding-right: 10px !important;padding-left: 10px !important;background-color: #f3f3f3 !important;border-radius: 10px !important;}\u00bb]<\/p>\n<p>\n&nbsp;<\/p>\n<p style=\"text-align:justify\">Se refuerza la calidad educativa desde la formaci\u00f3n y el acompa\u00f1amiento de los directivos y docentes.<br \/>\nSe inicia un camino de desarrollo personal y profesional permanente para un mejor servicio educativo.<\/p>\n<p>&nbsp;<\/p>\n<p>Se prioriza la formaci\u00f3n en y para el trabajo desde la creaci\u00f3n e implementaci\u00f3n de talleres.<br \/>\nFe y Alegr\u00eda va tomando forma paulatinamente para responder de manera efectiva a las necesidades concretas de las comunidades desarrollando propuestas curriculares alternativas a las propuestas tradicionales.<\/p>\n<p>&nbsp;<\/p>\n<p>[\/vc_column_text][\/vc_column][\/vc_row][vc_row][vc_column]<div style=\"background-color:;height: 30px\" class=\"nicdark_section  \"><\/div>[vc_column_text]<\/p>\n<h3 style=\"text-align: left\">En la d\u00e9cada de 1990<\/h3>\n<p>[\/vc_column_text]<div style=\"background-color:;height: 30px\" class=\"nicdark_section  \"><\/div>[\/vc_column][\/vc_row][vc_row][vc_column width=\u00bb2\/3&#8243;][vc_column_text css=\u00bb.vc_custom_1603300326665{padding-right: 10px !important;padding-left: 10px !important;background-color: #f3f3f3 !important;border-radius: 10px !important;}\u00bb]<\/p>\n<p>\n&nbsp;<\/p>\n<p style=\"text-align:justify\">Fe y Alegr\u00eda asume el desaf\u00edo de hacerse presente m\u00e1s all\u00e1 de las zonas urbanas perif\u00e9ricas y emprende una pol\u00edtica de diversificaci\u00f3n de los proyectos educativos. Se fundan colegios en la selva peruana y se crean redes educativas rurales en zonas andinas y amaz\u00f3nicas.<\/p>\n<p>&nbsp;<\/p>\n<p style=\"text-align:justify\">Ante la demanda poco atendida a estudiantes con necesidades educativas diferentes, Fe y Alegr\u00eda asume la Educaci\u00f3n B\u00e1sica Especial al crear el Centro de Educaci\u00f3n B\u00e1sica Especial Fe y Alegr\u00eda 42 en la ciudad de Chimbote (\u00c1ncash).<\/p>\n<p>&nbsp;<\/p>\n<p>[\/vc_column_text][\/vc_column][vc_column width=\u00bb1\/3&#8243;][vc_single_image image=\u00bb413&#8243; img_size=\u00bbfull\u00bb][\/vc_column][\/vc_row][vc_row][vc_column]<div style=\"background-color:;height: 30px\" class=\"nicdark_section  \"><\/div>[vc_column_text]<\/p>\n<h3 style=\"text-align: left\">En la d\u00e9cada del 2000<\/h3>\n<p>[\/vc_column_text]<div style=\"background-color:;height: 30px\" class=\"nicdark_section  \"><\/div>[\/vc_column][\/vc_row][vc_row][vc_column width=\u00bb1\/3&#8243;][vc_single_image image=\u00bb412&#8243; img_size=\u00bbfull\u00bb alignment=\u00bbright\u00bb][\/vc_column][vc_column width=\u00bb2\/3&#8243;][vc_column_text css=\u00bb.vc_custom_1603300452979{padding-right: 10px !important;padding-left: 10px !important;background-color: #f3f3f3 !important;border-radius: 10px !important;}\u00bb]<\/p>\n<p>\n&nbsp;<\/p>\n<p style=\"text-align:justify\">En el marco de una pol\u00edtica de inclusi\u00f3n, Fe y Alegr\u00eda impulsa la atenci\u00f3n de j\u00f3venes y adultos que no pudieron culminar sus estudios de educaci\u00f3n b\u00e1sica a trav\u00e9s del Instituto Radiof\u00f3nico Fe y Alegr\u00eda (IRFA), interactuando a trav\u00e9s de clases radiales apoyadas con material autoinstructivo impreso, adem\u00e1s de reuniones presenciales y a distancia.<\/p>\n<p style=\"text-align:justify\">Fe y Alegr\u00eda se incorpora a la Educaci\u00f3n Superior al crear los primeros Institutos Superiores Tecnol\u00f3gicos, donde forma profesionales t\u00e9cnicos en carreras acordes a la demanda laboral, el mundo productivo y el desarrollo regional donde se ubican, lo mismo que al conjunto del pa\u00eds.<\/p>\n<p style=\"text-align:justify\">De acuerdo con las nuevas corrientes pedag\u00f3gicas, Fe y Alegr\u00eda elabora su propuesta pedag\u00f3gica orientada a la transformaci\u00f3n de las pr\u00e1cticas docentes y a lograr aprendizajes para la vida.<br \/>\nSe inaugura en las instituciones educativas una etapa de reflexi\u00f3n en torno a la propuesta de formaci\u00f3n en valores y aprendizajes esenciales en el marco de una formaci\u00f3n integral ciudadana.<\/p>\n<p>&nbsp;<\/p>\n<p>[\/vc_column_text][\/vc_column][\/vc_row][vc_row][vc_column]<div style=\"background-color:;height: 30px\" class=\"nicdark_section  \"><\/div>[vc_column_text]<\/p>\n<h3 style=\"text-align: left\">Desde el a\u00f1o 2010 hasta la actualidad<\/h3>\n<p>[\/vc_column_text]<div style=\"background-color:;height: 30px\" class=\"nicdark_section  \"><\/div>[\/vc_column][\/vc_row][vc_row][vc_column width=\u00bb2\/3&#8243;][vc_column_text css=\u00bb.vc_custom_1603300573265{padding-right: 10px !important;padding-left: 10px !important;background-color: #f3f3f3 !important;border-radius: 10px !important;}\u00bb]<\/p>\n<p>\n&nbsp;<\/p>\n<p style=\"text-align:justify\">Se pone un \u00e9nfasis importante en la gesti\u00f3n con liderazgo pedag\u00f3gico de las instituciones educativas, capacitando y especializando a los directivos.<br \/>Se fomenta la comunicaci\u00f3n e intercambio de experiencias entre directivos en redes educativas por regiones.<\/p>\n<p style=\"text-align:justify\">Fe y Alegr\u00eda fortalece la relaci\u00f3n con el Ministerio de Educaci\u00f3n, las Direcciones Regionales de Educaci\u00f3n y las Unidades de Gesti\u00f3n Educativa Local para aportar su experiencia y las innovaciones de sus instituciones educativas.<br \/>Fe y Alegr\u00eda consolida su imagen como educaci\u00f3n p\u00fablica de calidad.<\/p>\n<p>&nbsp;<\/p>\n<p>[\/vc_column_text][\/vc_column][vc_column width=\u00bb1\/3&#8243;][vc_single_image image=\u00bb757&#8243; img_size=\u00bbfull\u00bb][\/vc_column][\/vc_row][vc_row][vc_column][vc_column_text]<\/p>\n<p style=\"text-align:justify\">A lo largo de sus 54 a\u00f1os, Fe y Alegr\u00eda del Per\u00fa ha crecido y se ha fortalecido, ampliando su \u00e1mbito de acci\u00f3n en 21 regiones del pa\u00eds en las tres modalidades del sistema educativo (B\u00e1sica Regular, tanto urbana como rural; B\u00e1sica Especial y B\u00e1sica Alternativa) y en los diferentes niveles (b\u00e1sico y superior).<br \/>Gracias al trabajo conjunto de docentes, padres y madres de familia, de 48 congregaciones religiosas y del Estado peruano, Fe y Alegr\u00eda del Per\u00fa sigue trabajando con la misma ilusi\u00f3n y entusiasmo para cumplir con la misi\u00f3n iniciada por el Padre Jos\u00e9 Mar\u00eda V\u00e9laz: \u201cFormar ciudadanos justos, solidarios y comprometidos con la transformaci\u00f3n de su sociedad\u201d.<\/p>\n<p>[\/vc_column_text][\/vc_column][\/vc_row]<\/p>\n<\/div>","protected":false},"excerpt":{"rendered":"<p>[vc_row][vc_column][vc_separator color=\u00bbcustom\u00bb style=\u00bbshadow\u00bb accent_color=\u00bb#cc0000&#8243;][vc_column_text] Fe y Alegr\u00eda comienza donde termina el asfalto\u2026 [\/vc_column_text][\/vc_column][\/vc_row][vc_row][vc_column width=\u00bb1\/3&#8243;][vc_single_image image=\u00bb416&#8243; img_size=\u00bbfull\u00bb alignment=\u00bbright\u00bb][\/vc_column][vc_column width=\u00bb2\/3&#8243;][vc_column_text css=\u00bb.vc_custom_1603299961402{padding-right: 10px !important;padding-left: 10px !important;background-color: #f3f3f3 !important;border-radius: 10px !important;}\u00bb] &nbsp; En el Per\u00fa, Fe y Alegr\u00eda inicia sus actividades en 1966 con la creaci\u00f3n de cinco escuelas p\u00fablicas en las zonas pobres que circundaban el per\u00edmetro de<\/p>\n","protected":false},"author":11,"featured_media":0,"parent":0,"menu_order":0,"comment_status":"closed","ping_status":"closed","template":"","meta":{"_acf_changed":false,"footnotes":""},"folder":[],"class_list":["post-299","page","type-page","status-publish","hentry"],"acf":[],"yoast_head":"<!-- This site is optimized with the Yoast SEO plugin v27.4 - https:\/\/yoast.com\/product\/yoast-seo-wordpress\/ -->\n<title>Nuestra Historia - #SomosFeyAlegria en Per\u00fa<\/title>\n<meta name=\"robots\" content=\"noindex, follow, max-snippet:-1, max-image-preview:large, max-video-preview:-1\" \/>\n<meta property=\"og:locale\" content=\"es_ES\" \/>\n<meta property=\"og:type\" content=\"article\" \/>\n<meta property=\"og:title\" content=\"Nuestra Historia - #SomosFeyAlegria en Per\u00fa\" \/>\n<meta property=\"og:description\" content=\"[vc_row][vc_column][vc_separator color=\u00bbcustom\u00bb style=\u00bbshadow\u00bb accent_color=\u00bb#cc0000&#8243;][vc_column_text] Fe y Alegr\u00eda comienza donde termina el asfalto\u2026 [\/vc_column_text][\/vc_column][\/vc_row][vc_row][vc_column width=\u00bb1\/3&#8243;][vc_single_image image=\u00bb416&#8243; img_size=\u00bbfull\u00bb alignment=\u00bbright\u00bb][\/vc_column][vc_column width=\u00bb2\/3&#8243;][vc_column_text css=\u00bb.vc_custom_1603299961402{padding-right: 10px !important;padding-left: 10px !important;background-color: #f3f3f3 !important;border-radius: 10px !important;}\u00bb] &nbsp; En el Per\u00fa, Fe y Alegr\u00eda inicia sus actividades en 1966 con la creaci\u00f3n de cinco escuelas p\u00fablicas en las zonas pobres que circundaban el per\u00edmetro de\" \/>\n<meta property=\"og:url\" content=\"https:\/\/www.feyalegria.org\/peru\/nuestra-historia\/\" \/>\n<meta property=\"og:site_name\" content=\"#SomosFeyAlegria en Per\u00fa\" \/>\n<meta property=\"article:modified_time\" content=\"2020-10-21T17:17:36+00:00\" \/>\n<meta name=\"twitter:card\" content=\"summary_large_image\" \/>\n<meta name=\"twitter:label1\" content=\"Tiempo de lectura\" \/>\n\t<meta name=\"twitter:data1\" content=\"6 minutos\" \/>\n<script type=\"application\/ld+json\" class=\"yoast-schema-graph\">{\"@context\":\"https:\\\/\\\/schema.org\",\"@graph\":[{\"@type\":\"WebPage\",\"@id\":\"https:\\\/\\\/www.feyalegria.org\\\/peru\\\/nuestra-historia\\\/\",\"url\":\"https:\\\/\\\/www.feyalegria.org\\\/peru\\\/nuestra-historia\\\/\",\"name\":\"Nuestra Historia - #SomosFeyAlegria en Per\u00fa\",\"isPartOf\":{\"@id\":\"https:\\\/\\\/www.feyalegria.org\\\/peru\\\/#website\"},\"datePublished\":\"2020-06-30T20:50:24+00:00\",\"dateModified\":\"2020-10-21T17:17:36+00:00\",\"breadcrumb\":{\"@id\":\"https:\\\/\\\/www.feyalegria.org\\\/peru\\\/nuestra-historia\\\/#breadcrumb\"},\"inLanguage\":\"es\",\"potentialAction\":[{\"@type\":\"ReadAction\",\"target\":[\"https:\\\/\\\/www.feyalegria.org\\\/peru\\\/nuestra-historia\\\/\"]}]},{\"@type\":\"BreadcrumbList\",\"@id\":\"https:\\\/\\\/www.feyalegria.org\\\/peru\\\/nuestra-historia\\\/#breadcrumb\",\"itemListElement\":[{\"@type\":\"ListItem\",\"position\":1,\"name\":\"Home\",\"item\":\"https:\\\/\\\/www.feyalegria.org\\\/peru\\\/\"},{\"@type\":\"ListItem\",\"position\":2,\"name\":\"Nuestra Historia\"}]},{\"@type\":\"WebSite\",\"@id\":\"https:\\\/\\\/www.feyalegria.org\\\/peru\\\/#website\",\"url\":\"https:\\\/\\\/www.feyalegria.org\\\/peru\\\/\",\"name\":\"#SomosFeyAlegria en Per\u00fa\",\"description\":\"Movimiento de Educaci\u00f3n Popular y Promoci\u00f3n Social\",\"potentialAction\":[{\"@type\":\"SearchAction\",\"target\":{\"@type\":\"EntryPoint\",\"urlTemplate\":\"https:\\\/\\\/www.feyalegria.org\\\/peru\\\/?s={search_term_string}\"},\"query-input\":{\"@type\":\"PropertyValueSpecification\",\"valueRequired\":true,\"valueName\":\"search_term_string\"}}],\"inLanguage\":\"es\"}]}<\/script>\n<!-- \/ Yoast SEO plugin. -->","yoast_head_json":{"title":"Nuestra Historia - #SomosFeyAlegria en Per\u00fa","robots":{"index":"noindex","follow":"follow","max-snippet":"max-snippet:-1","max-image-preview":"max-image-preview:large","max-video-preview":"max-video-preview:-1"},"og_locale":"es_ES","og_type":"article","og_title":"Nuestra Historia - #SomosFeyAlegria en Per\u00fa","og_description":"[vc_row][vc_column][vc_separator color=\u00bbcustom\u00bb style=\u00bbshadow\u00bb accent_color=\u00bb#cc0000&#8243;][vc_column_text] Fe y Alegr\u00eda comienza donde termina el asfalto\u2026 [\/vc_column_text][\/vc_column][\/vc_row][vc_row][vc_column width=\u00bb1\/3&#8243;][vc_single_image image=\u00bb416&#8243; img_size=\u00bbfull\u00bb alignment=\u00bbright\u00bb][\/vc_column][vc_column width=\u00bb2\/3&#8243;][vc_column_text css=\u00bb.vc_custom_1603299961402{padding-right: 10px !important;padding-left: 10px !important;background-color: #f3f3f3 !important;border-radius: 10px !important;}\u00bb] &nbsp; En el Per\u00fa, Fe y Alegr\u00eda inicia sus actividades en 1966 con la creaci\u00f3n de cinco escuelas p\u00fablicas en las zonas pobres que circundaban el per\u00edmetro de","og_url":"https:\/\/www.feyalegria.org\/peru\/nuestra-historia\/","og_site_name":"#SomosFeyAlegria en Per\u00fa","article_modified_time":"2020-10-21T17:17:36+00:00","twitter_card":"summary_large_image","twitter_misc":{"Tiempo de lectura":"6 minutos"},"schema":{"@context":"https:\/\/schema.org","@graph":[{"@type":"WebPage","@id":"https:\/\/www.feyalegria.org\/peru\/nuestra-historia\/","url":"https:\/\/www.feyalegria.org\/peru\/nuestra-historia\/","name":"Nuestra Historia - #SomosFeyAlegria en Per\u00fa","isPartOf":{"@id":"https:\/\/www.feyalegria.org\/peru\/#website"},"datePublished":"2020-06-30T20:50:24+00:00","dateModified":"2020-10-21T17:17:36+00:00","breadcrumb":{"@id":"https:\/\/www.feyalegria.org\/peru\/nuestra-historia\/#breadcrumb"},"inLanguage":"es","potentialAction":[{"@type":"ReadAction","target":["https:\/\/www.feyalegria.org\/peru\/nuestra-historia\/"]}]},{"@type":"BreadcrumbList","@id":"https:\/\/www.feyalegria.org\/peru\/nuestra-historia\/#breadcrumb","itemListElement":[{"@type":"ListItem","position":1,"name":"Home","item":"https:\/\/www.feyalegria.org\/peru\/"},{"@type":"ListItem","position":2,"name":"Nuestra Historia"}]},{"@type":"WebSite","@id":"https:\/\/www.feyalegria.org\/peru\/#website","url":"https:\/\/www.feyalegria.org\/peru\/","name":"#SomosFeyAlegria en Per\u00fa","description":"Movimiento de Educaci\u00f3n Popular y Promoci\u00f3n Social","potentialAction":[{"@type":"SearchAction","target":{"@type":"EntryPoint","urlTemplate":"https:\/\/www.feyalegria.org\/peru\/?s={search_term_string}"},"query-input":{"@type":"PropertyValueSpecification","valueRequired":true,"valueName":"search_term_string"}}],"inLanguage":"es"}]}},"_links":{"self":[{"href":"https:\/\/www.feyalegria.org\/peru\/wp-json\/wp\/v2\/pages\/299","targetHints":{"allow":["GET"]}}],"collection":[{"href":"https:\/\/www.feyalegria.org\/peru\/wp-json\/wp\/v2\/pages"}],"about":[{"href":"https:\/\/www.feyalegria.org\/peru\/wp-json\/wp\/v2\/types\/page"}],"author":[{"embeddable":true,"href":"https:\/\/www.feyalegria.org\/peru\/wp-json\/wp\/v2\/users\/11"}],"replies":[{"embeddable":true,"href":"https:\/\/www.feyalegria.org\/peru\/wp-json\/wp\/v2\/comments?post=299"}],"version-history":[{"count":0,"href":"https:\/\/www.feyalegria.org\/peru\/wp-json\/wp\/v2\/pages\/299\/revisions"}],"wp:attachment":[{"href":"https:\/\/www.feyalegria.org\/peru\/wp-json\/wp\/v2\/media?parent=299"}],"wp:term":[{"taxonomy":"folder","embeddable":true,"href":"https:\/\/www.feyalegria.org\/peru\/wp-json\/wp\/v2\/folder?post=299"}],"curies":[{"name":"wp","href":"https:\/\/api.w.org\/{rel}","templated":true}]}}