 {"id":982,"date":"2020-07-22T17:51:59","date_gmt":"2020-07-22T22:51:59","guid":{"rendered":"https:\/\/www.feyalegria.org\/peru\/?page_id=982"},"modified":"2020-11-23T23:32:21","modified_gmt":"2020-11-24T04:32:21","slug":"instituciones-educativas-en-cusco","status":"publish","type":"page","link":"https:\/\/www.feyalegria.org\/peru\/donde-estamos\/instituciones-educativas-en-cusco\/","title":{"rendered":"Instituciones Educativas en Cusco"},"content":{"rendered":"<div class=\"wpb-content-wrapper\"><p>[vc_row][vc_column]<div style=\"background-color:;height: 40px\" class=\"nicdark_section  \"><\/div>[\/vc_column][\/vc_row][vc_row][vc_column width=\u00bb1\/4&#8243;]<div style=\"background-color:;height: 300px\" class=\"nicdark_section  \"><\/div>[vc_single_image image=\u00bb1012&#8243; img_size=\u00bbfull\u00bb][\/vc_column][vc_column width=\u00bb3\/4&#8243;][vc_btn title=\u00bbVolver al mapa\u00bb align=\u00bbright\u00bb i_icon_fontawesome=\u00bbfas fa-map-marked\u00bb add_icon=\u00bbtrue\u00bb link=\u00bburl:https%3A%2F%2Fwww.feyalegria.org%2Fperu%2Fdonde-estamos%2F|title:El%20Coraz%C3%B3n%20puesto%20en%20Per%C3%BA||\u00bb css=\u00bb.vc_custom_1595280386834{padding-right: 30px !important;}\u00bb]<div id=\"mpc_tabs-2369f06a7ce6ccd\" class=\"mpc-tabs mpc-init mpc-transition mpc-tabs--left mpc-tabs--decor-line \"  data-active=\"1\"><div class=\"mpc-tabs__nav mpc-align--top\"><ul><li class=\"mpc-tabs__nav-item mpc-parent-hover mpc-active\" data-tab_id=\"AcordionItem46\"><div data-id=\"mpc_button-6369f06a7ce6e80\" class=\"mpc-button mpc-init mpc-transition \" ><div class=\"mpc-button__content mpc-effect-type--none mpc-effect-side--none\"><span class=\"mpc-button__title mpc-transition\">Fe y Alegr\u00eda N\u00ba 20<\/span><\/div><div class=\"mpc-button__background mpc-transition mpc-effect-type--fade mpc-effect-side--in\"><\/div><\/div><\/li><li class=\"mpc-tabs__nav-item mpc-parent-hover\" data-tab_id=\"1596086029468-0\"><div data-id=\"mpc_button-3069f06a7ce6f4c\" class=\"mpc-button mpc-init mpc-transition \" ><div class=\"mpc-button__content mpc-effect-type--none mpc-effect-side--none\"><span class=\"mpc-button__title mpc-transition\">Fe y Alegr\u00eda N\u00ba 21<\/span><\/div><div class=\"mpc-button__background mpc-transition mpc-effect-type--fade mpc-effect-side--in\"><\/div><\/div><\/li><li class=\"mpc-tabs__nav-item mpc-parent-hover\" data-tab_id=\"1596090112688-4\"><div data-id=\"mpc_button-5169f06a7ce6ffe\" class=\"mpc-button mpc-init mpc-transition \" ><div class=\"mpc-button__content mpc-effect-type--none mpc-effect-side--none\"><span class=\"mpc-button__title mpc-transition\">Fe y Alegr\u00eda N\u00ba 44<\/span><\/div><div class=\"mpc-button__background mpc-transition mpc-effect-type--fade mpc-effect-side--in\"><\/div><\/div><\/li><\/ul><\/div><div class=\"mpc-tabs__content mpc-transition\"><div class=\"mpc-tab mpc-container mpc-transition \" id=\"AcordionItem46\" data-active=\"true\"><div class=\"mpc-tab__content\">[vc_row_inner css=\u00bb.vc_custom_1595280593655{padding-top: 15px !important;padding-right: 30px !important;padding-left: 30px !important;}\u00bb][vc_column_inner width=\u00bb3\/5&#8243; css=\u00bb.vc_custom_1595280569251{padding-left: 15px !important;}\u00bb][vc_custom_heading text=\u00bbEducaci\u00f3n B\u00e1sica Regular\u00bb font_container=\u00bbtag:h2|font_size:20|text_align:left|color:%23cc0000|line_height:1.6&#8243; use_theme_fonts=\u00bbyes\u00bb][vc_column_text]<\/p>\n<p>\n<strong>Directora:<\/strong> Hna. Luc\u00eda Zubileta Alegre<br \/><strong>Promotora:<\/strong> Hna. Luc\u00eda Zubileta Alegre<br \/><strong>Congregaci\u00f3n:<\/strong> Instituto de Franciscanas Misioneras de Mar\u00eda<br \/><strong>Direcci\u00f3n:<\/strong> Calle Rocopata 451 Santiago-Santiago-Cusco<br \/><strong> E-mail:<\/strong> feyalegria20@yahoo.es<br \/><strong>Tel\u00e9fono:<\/strong> 084 22-2997<br \/><strong>Facebook:<\/strong> https:\/\/www.facebook.com\/feyalegria20cusco\/<\/p>\n<p>[\/vc_column_text][\/vc_column_inner][vc_column_inner width=\u00bb2\/5&#8243;][vc_gmaps link=\u00bb#E-8_JTNDaWZyYW1lJTIwc3JjJTNEJTIyaHR0cHMlM0ElMkYlMkZ3d3cuZ29vZ2xlLmNvbSUyRm1hcHMlMkZlbWJlZCUzRnBiJTNEJTIxMW0xOCUyMTFtMTIlMjExbTMlMjExZDE5MzkuNTcwMzcwOTg3NTUlMjEyZC03MS45ODE4MDA3Mjk1OTU2NiUyMTNkLTEzLjUyNjk1MzA3OTQ3MDIyOCUyMTJtMyUyMTFmMCUyMTJmMCUyMTNmMCUyMTNtMiUyMTFpMTAyNCUyMTJpNzY4JTIxNGYxMy4xJTIxM20zJTIxMW0yJTIxMXMweDkxNmRkNWQ5MmQ3NWIyZWYlMjUzQTB4YzVhZGVlN2Y2MjU2YWU2NiUyMTJzSS5FLiUyNTIwRmUlMjUyMHklMjUyMEFsZWdyJTI1QzMlMjVBRGElMjUyME4lMjVDMiUyNUIwJTI1MjAyMCUyMTVlMCUyMTNtMiUyMTFzZXMlMjEyc3BlJTIxNHYxNTk5NzYyNTQ2Mjc1JTIxNW0yJTIxMXNlcyUyMTJzcGUlMjIlMjB3aWR0aCUzRCUyMjQwMCUyMiUyMGhlaWdodCUzRCUyMjMwMCUyMiUyMGZyYW1lYm9yZGVyJTNEJTIyMCUyMiUyMHN0eWxlJTNEJTIyYm9yZGVyJTNBMCUzQiUyMiUyMGFsbG93ZnVsbHNjcmVlbiUzRCUyMiUyMiUyMGFyaWEtaGlkZGVuJTNEJTIyZmFsc2UlMjIlMjB0YWJpbmRleCUzRCUyMjAlMjIlM0UlM0MlMkZpZnJhbWUlM0U=\u00bb][\/vc_column_inner][\/vc_row_inner][vc_row_inner css=\u00bb.vc_custom_1595185141259{padding-top: 30px !important;padding-right: 30px !important;padding-bottom: 15px !important;padding-left: 30px !important;}\u00bb][vc_column_inner][vc_single_image image=\u00bb2559&#8243; img_size=\u00bbmedium\u00bb onclick=\u00bblink_image\u00bb][\/vc_column_inner][\/vc_row_inner]<\/div><\/div><div class=\"mpc-tab mpc-container mpc-transition \" id=\"1596086029468-0\" data-active=\"false\"><div class=\"mpc-tab__content\">[vc_row_inner css=\u00bb.vc_custom_1595280593655{padding-top: 15px !important;padding-right: 30px !important;padding-left: 30px !important;}\u00bb][vc_column_inner width=\u00bb3\/5&#8243; css=\u00bb.vc_custom_1595280569251{padding-left: 15px !important;}\u00bb][vc_custom_heading text=\u00bbEducaci\u00f3n B\u00e1sica Regular\u00bb font_container=\u00bbtag:h2|font_size:20|text_align:left|color:%23cc0000|line_height:1.6&#8243; use_theme_fonts=\u00bbyes\u00bb][vc_column_text]<\/p>\n<p>\n<strong>Directora:<\/strong> Prof. Eleonora Morales Azur\u00edn<br \/><strong>Promotora:<\/strong> Hna. Luisa Cayo Ttito<br \/><strong>Congregaci\u00f3n:<\/strong> Religiosas del Ni\u00f1o Jes\u00fas<br \/><strong>Direcci\u00f3n:<\/strong> Calle Arica s\/n-San Jer\u00f3nimo-Cusco<br \/><strong> E-mail:<\/strong> feyalegria21cusco@yahoo.es<br \/><strong>Tel\u00e9fono:<\/strong> 084 27-7191<\/p>\n<p>[\/vc_column_text][vc_custom_heading text=\u00bbCETPRO\u00bb font_container=\u00bbtag:h2|font_size:20|text_align:left|color:%23cc0000|line_height:1.6&#8243; use_theme_fonts=\u00bbyes\u00bb][vc_column_text]<\/p>\n<p>\n<strong>Coordinadora:<\/strong> Prof. Hilda Jord\u00e1n Baca<br \/><strong>Direcci\u00f3n:<\/strong> Calle Arica s\/n-San Jer\u00f3nimo-Cusco<br \/><strong> E-mail:<\/strong> feyalegria21cusco@yahoo.es<br \/><strong>Tel\u00e9fono:<\/strong> 085 27-7191<\/p>\n<p>[\/vc_column_text][\/vc_column_inner][vc_column_inner width=\u00bb2\/5&#8243;][vc_gmaps link=\u00bb#E-8_JTNDaWZyYW1lJTIwc3JjJTNEJTIyaHR0cHMlM0ElMkYlMkZ3d3cuZ29vZ2xlLmNvbSUyRm1hcHMlMkZlbWJlZCUzRnBiJTNEJTIxMW0xOCUyMTFtMTIlMjExbTMlMjExZDQ4NC44NTYyMDA0MzYyNzA0NiUyMTJkLTcxLjg4MTI5NTM5MzAzNjQyJTIxM2QtMTMuNTQ0ODE2MDAwNDI4ODElMjEybTMlMjExZjAlMjEyZjAlMjEzZjAlMjEzbTIlMjExaTEwMjQlMjEyaTc2OCUyMTRmMTMuMSUyMTNtMyUyMTFtMiUyMTFzMHg5MTZlN2VlY2I1ZThhMzZmJTI1M0EweDQ4YjAyMjJlNGM0ZGVhYjElMjEyc0kuRS4lMjUyMEZlJTI1MjB5JTI1MjBBbGVnciUyNUMzJTI1QURhJTI1MjBOJTI1QzIlMjVCMCUyNTIwMjElMjE1ZTAlMjEzbTIlMjExc2VzJTIxMnNwZSUyMTR2MTU5OTc2MjQ2NDg3OCUyMTVtMiUyMTFzZXMlMjEyc3BlJTIyJTIwd2lkdGglM0QlMjI0MDAlMjIlMjBoZWlnaHQlM0QlMjIzMDAlMjIlMjBmcmFtZWJvcmRlciUzRCUyMjAlMjIlMjBzdHlsZSUzRCUyMmJvcmRlciUzQTAlM0IlMjIlMjBhbGxvd2Z1bGxzY3JlZW4lM0QlMjIlMjIlMjBhcmlhLWhpZGRlbiUzRCUyMmZhbHNlJTIyJTIwdGFiaW5kZXglM0QlMjIwJTIyJTNFJTNDJTJGaWZyYW1lJTNF\u00bb][\/vc_column_inner][\/vc_row_inner][vc_row_inner css=\u00bb.vc_custom_1595185141259{padding-top: 30px !important;padding-right: 30px !important;padding-bottom: 15px !important;padding-left: 30px !important;}\u00bb][vc_column_inner][vc_single_image image=\u00bb1146&#8243; img_size=\u00bbmedium\u00bb onclick=\u00bblink_image\u00bb][\/vc_column_inner][\/vc_row_inner]<\/div><\/div><div class=\"mpc-tab mpc-container mpc-transition \" id=\"1596090112688-4\" data-active=\"false\"><div class=\"mpc-tab__content\">[vc_row_inner css=\u00bb.vc_custom_1595280593655{padding-top: 15px !important;padding-right: 30px !important;padding-left: 30px !important;}\u00bb][vc_column_inner width=\u00bb3\/5&#8243; css=\u00bb.vc_custom_1595280569251{padding-left: 15px !important;}\u00bb][vc_custom_heading text=\u00bbEducaci\u00f3n B\u00e1sica Regular\u00bb font_container=\u00bbtag:h2|font_size:20|text_align:left|color:%23cc0000|line_height:1.6&#8243; use_theme_fonts=\u00bbyes\u00bb][vc_column_text]<\/p>\n<p>\n<strong>Directora:<\/strong> Prof. Karina Milagros Anaya Quispe<br \/><strong>Promotor:<\/strong> P. Eddy Eduardo Fern\u00e1ndez Ladera, SJ<br \/><strong>Congregaci\u00f3n:<\/strong> Compa\u00f1\u00eda de Jes\u00fas<br \/><strong>Direcci\u00f3n:<\/strong> Colegio San Ignacio de Loyola-Andahuaylillas-Quispicanchi<br \/><strong>Tel\u00e9fono:<\/strong> 997-482-376<\/p>\n<p>[\/vc_column_text][vc_custom_heading text=\u00bbRED RURAL\u00bb font_container=\u00bbtag:h2|font_size:20|text_align:left|color:%23cc0000|line_height:1.6&#8243; use_theme_fonts=\u00bbyes\u00bb][vc_column_text]<\/p>\n<p>\n<strong>Director:<\/strong> P. Eddy Eduardo Fern\u00e1ndez Ladera, SJ<br \/><strong>Promotor:<\/strong> P. Eddy Eduardo Fern\u00e1ndez Ladera, SJ<br \/><strong>Congregaci\u00f3n:<\/strong> Compa\u00f1\u00eda de Jes\u00fas<br \/><strong>Direcci\u00f3n:<\/strong> Programa Rural-Andahuaylillas-Quispicanchi<br \/><strong> E-mail:<\/strong> perfalfeyalegria44@gmail.com<br \/><strong>Tel\u00e9fono:<\/strong> 084 61-3198<\/p>\n<p>[\/vc_column_text][\/vc_column_inner][vc_column_inner width=\u00bb2\/5&#8243;][vc_gmaps link=\u00bb#E-8_JTNDaWZyYW1lJTIwc3JjJTNEJTIyaHR0cHMlM0ElMkYlMkZ3d3cuZ29vZ2xlLmNvbSUyRm1hcHMlMkZlbWJlZCUzRnBiJTNEJTIxMW0xNCUyMTFtOCUyMTFtMyUyMTFkMzg3Ni42NTI1NTkxODA5Nzg2JTIxMmQtNzEuNjc4MzcyOCUyMTNkLTEzLjY3ODg3ODQlMjEzbTIlMjExaTEwMjQlMjEyaTc2OCUyMTRmMTMuMSUyMTNtMyUyMTFtMiUyMTFzMHgwJTI1M0EweDk2MDQxYjdhMDkxNGQ2YTElMjEyc0ZlJTI1MjB5JTI1MjBBbGVnciUyNUMzJTI1QURhJTI1MjA0NCUyMTVlMCUyMTNtMiUyMTFzZXMlMjEyc3BlJTIxNHYxNTk5NzYyNjY5MjEwJTIxNW0yJTIxMXNlcyUyMTJzcGUlMjIlMjB3aWR0aCUzRCUyMjQwMCUyMiUyMGhlaWdodCUzRCUyMjMwMCUyMiUyMGZyYW1lYm9yZGVyJTNEJTIyMCUyMiUyMHN0eWxlJTNEJTIyYm9yZGVyJTNBMCUzQiUyMiUyMGFsbG93ZnVsbHNjcmVlbiUzRCUyMiUyMiUyMGFyaWEtaGlkZGVuJTNEJTIyZmFsc2UlMjIlMjB0YWJpbmRleCUzRCUyMjAlMjIlM0UlM0MlMkZpZnJhbWUlM0UlMEE=\u00bb][\/vc_column_inner][\/vc_row_inner][vc_row_inner css=\u00bb.vc_custom_1595185141259{padding-top: 30px !important;padding-right: 30px !important;padding-bottom: 15px !important;padding-left: 30px !important;}\u00bb][vc_column_inner][vc_single_image image=\u00bb1147&#8243; img_size=\u00bbmedium\u00bb onclick=\u00bblink_image\u00bb][\/vc_column_inner][\/vc_row_inner]<\/div><\/div><\/div><\/div>[\/vc_column][\/vc_row]<\/p>\n<\/div>","protected":false},"excerpt":{"rendered":"<p>[vc_row][vc_column][\/vc_column][\/vc_row][vc_row][vc_column width=\u00bb1\/4&#8243;][vc_single_image image=\u00bb1012&#8243; img_size=\u00bbfull\u00bb][\/vc_column][vc_column width=\u00bb3\/4&#8243;][vc_btn title=\u00bbVolver al mapa\u00bb align=\u00bbright\u00bb i_icon_fontawesome=\u00bbfas fa-map-marked\u00bb add_icon=\u00bbtrue\u00bb link=\u00bburl:https%3A%2F%2Fwww.feyalegria.org%2Fperu%2Fdonde-estamos%2F|title:El%20Coraz%C3%B3n%20puesto%20en%20Per%C3%BA||\u00bb css=\u00bb.vc_custom_1595280386834{padding-right: 30px !important;}\u00bb][\/vc_column][\/vc_row]<\/p>\n","protected":false},"author":19,"featured_media":0,"parent":824,"menu_order":0,"comment_status":"closed","ping_status":"closed","template":"","meta":{"_acf_changed":false,"footnotes":""},"folder":[],"class_list":["post-982","page","type-page","status-publish","hentry"],"acf":[],"yoast_head":"<!-- This site is optimized with the Yoast SEO plugin v27.4 - https:\/\/yoast.com\/product\/yoast-seo-wordpress\/ -->\n<title>Instituciones Educativas en Cusco - #SomosFeyAlegria en Per\u00fa<\/title>\n<meta name=\"robots\" content=\"noindex, follow, max-snippet:-1, max-image-preview:large, max-video-preview:-1\" \/>\n<meta property=\"og:locale\" content=\"es_ES\" \/>\n<meta property=\"og:type\" content=\"article\" \/>\n<meta property=\"og:title\" content=\"Instituciones Educativas en Cusco - #SomosFeyAlegria en Per\u00fa\" \/>\n<meta property=\"og:description\" content=\"[vc_row][vc_column][\/vc_column][\/vc_row][vc_row][vc_column width=\u00bb1\/4&#8243;][vc_single_image image=\u00bb1012&#8243; img_size=\u00bbfull\u00bb][\/vc_column][vc_column width=\u00bb3\/4&#8243;][vc_btn title=\u00bbVolver al mapa\u00bb align=\u00bbright\u00bb i_icon_fontawesome=\u00bbfas fa-map-marked\u00bb add_icon=\u00bbtrue\u00bb link=\u00bburl:https%3A%2F%2Fwww.feyalegria.org%2Fperu%2Fdonde-estamos%2F|title:El%20Coraz%C3%B3n%20puesto%20en%20Per%C3%BA||\u00bb css=\u00bb.vc_custom_1595280386834{padding-right: 30px !important;}\u00bb][\/vc_column][\/vc_row]\" \/>\n<meta property=\"og:url\" content=\"https:\/\/www.feyalegria.org\/peru\/donde-estamos\/instituciones-educativas-en-cusco\/\" \/>\n<meta property=\"og:site_name\" content=\"#SomosFeyAlegria en Per\u00fa\" \/>\n<meta property=\"article:modified_time\" content=\"2020-11-24T04:32:21+00:00\" \/>\n<meta name=\"twitter:card\" content=\"summary_large_image\" \/>\n<meta name=\"twitter:label1\" content=\"Tiempo de lectura\" \/>\n\t<meta name=\"twitter:data1\" content=\"5 minutos\" \/>\n<script type=\"application\/ld+json\" class=\"yoast-schema-graph\">{\"@context\":\"https:\\\/\\\/schema.org\",\"@graph\":[{\"@type\":\"WebPage\",\"@id\":\"https:\\\/\\\/www.feyalegria.org\\\/peru\\\/donde-estamos\\\/instituciones-educativas-en-cusco\\\/\",\"url\":\"https:\\\/\\\/www.feyalegria.org\\\/peru\\\/donde-estamos\\\/instituciones-educativas-en-cusco\\\/\",\"name\":\"Instituciones Educativas en Cusco - #SomosFeyAlegria en Per\u00fa\",\"isPartOf\":{\"@id\":\"https:\\\/\\\/www.feyalegria.org\\\/peru\\\/#website\"},\"datePublished\":\"2020-07-22T22:51:59+00:00\",\"dateModified\":\"2020-11-24T04:32:21+00:00\",\"breadcrumb\":{\"@id\":\"https:\\\/\\\/www.feyalegria.org\\\/peru\\\/donde-estamos\\\/instituciones-educativas-en-cusco\\\/#breadcrumb\"},\"inLanguage\":\"es\",\"potentialAction\":[{\"@type\":\"ReadAction\",\"target\":[\"https:\\\/\\\/www.feyalegria.org\\\/peru\\\/donde-estamos\\\/instituciones-educativas-en-cusco\\\/\"]}]},{\"@type\":\"BreadcrumbList\",\"@id\":\"https:\\\/\\\/www.feyalegria.org\\\/peru\\\/donde-estamos\\\/instituciones-educativas-en-cusco\\\/#breadcrumb\",\"itemListElement\":[{\"@type\":\"ListItem\",\"position\":1,\"name\":\"Home\",\"item\":\"https:\\\/\\\/www.feyalegria.org\\\/peru\\\/\"},{\"@type\":\"ListItem\",\"position\":2,\"name\":\"El Coraz\u00f3n puesto en el Per\u00fa\",\"item\":\"https:\\\/\\\/www.feyalegria.org\\\/peru\\\/donde-estamos\\\/\"},{\"@type\":\"ListItem\",\"position\":3,\"name\":\"Instituciones Educativas en Cusco\"}]},{\"@type\":\"WebSite\",\"@id\":\"https:\\\/\\\/www.feyalegria.org\\\/peru\\\/#website\",\"url\":\"https:\\\/\\\/www.feyalegria.org\\\/peru\\\/\",\"name\":\"#SomosFeyAlegria en Per\u00fa\",\"description\":\"Movimiento de Educaci\u00f3n Popular y Promoci\u00f3n Social\",\"potentialAction\":[{\"@type\":\"SearchAction\",\"target\":{\"@type\":\"EntryPoint\",\"urlTemplate\":\"https:\\\/\\\/www.feyalegria.org\\\/peru\\\/?s={search_term_string}\"},\"query-input\":{\"@type\":\"PropertyValueSpecification\",\"valueRequired\":true,\"valueName\":\"search_term_string\"}}],\"inLanguage\":\"es\"}]}<\/script>\n<!-- \/ Yoast SEO plugin. -->","yoast_head_json":{"title":"Instituciones Educativas en Cusco - #SomosFeyAlegria en Per\u00fa","robots":{"index":"noindex","follow":"follow","max-snippet":"max-snippet:-1","max-image-preview":"max-image-preview:large","max-video-preview":"max-video-preview:-1"},"og_locale":"es_ES","og_type":"article","og_title":"Instituciones Educativas en Cusco - #SomosFeyAlegria en Per\u00fa","og_description":"[vc_row][vc_column][\/vc_column][\/vc_row][vc_row][vc_column width=\u00bb1\/4&#8243;][vc_single_image image=\u00bb1012&#8243; img_size=\u00bbfull\u00bb][\/vc_column][vc_column width=\u00bb3\/4&#8243;][vc_btn title=\u00bbVolver al mapa\u00bb align=\u00bbright\u00bb i_icon_fontawesome=\u00bbfas fa-map-marked\u00bb add_icon=\u00bbtrue\u00bb link=\u00bburl:https%3A%2F%2Fwww.feyalegria.org%2Fperu%2Fdonde-estamos%2F|title:El%20Coraz%C3%B3n%20puesto%20en%20Per%C3%BA||\u00bb css=\u00bb.vc_custom_1595280386834{padding-right: 30px !important;}\u00bb][\/vc_column][\/vc_row]","og_url":"https:\/\/www.feyalegria.org\/peru\/donde-estamos\/instituciones-educativas-en-cusco\/","og_site_name":"#SomosFeyAlegria en Per\u00fa","article_modified_time":"2020-11-24T04:32:21+00:00","twitter_card":"summary_large_image","twitter_misc":{"Tiempo de lectura":"5 minutos"},"schema":{"@context":"https:\/\/schema.org","@graph":[{"@type":"WebPage","@id":"https:\/\/www.feyalegria.org\/peru\/donde-estamos\/instituciones-educativas-en-cusco\/","url":"https:\/\/www.feyalegria.org\/peru\/donde-estamos\/instituciones-educativas-en-cusco\/","name":"Instituciones Educativas en Cusco - #SomosFeyAlegria en Per\u00fa","isPartOf":{"@id":"https:\/\/www.feyalegria.org\/peru\/#website"},"datePublished":"2020-07-22T22:51:59+00:00","dateModified":"2020-11-24T04:32:21+00:00","breadcrumb":{"@id":"https:\/\/www.feyalegria.org\/peru\/donde-estamos\/instituciones-educativas-en-cusco\/#breadcrumb"},"inLanguage":"es","potentialAction":[{"@type":"ReadAction","target":["https:\/\/www.feyalegria.org\/peru\/donde-estamos\/instituciones-educativas-en-cusco\/"]}]},{"@type":"BreadcrumbList","@id":"https:\/\/www.feyalegria.org\/peru\/donde-estamos\/instituciones-educativas-en-cusco\/#breadcrumb","itemListElement":[{"@type":"ListItem","position":1,"name":"Home","item":"https:\/\/www.feyalegria.org\/peru\/"},{"@type":"ListItem","position":2,"name":"El Coraz\u00f3n puesto en el Per\u00fa","item":"https:\/\/www.feyalegria.org\/peru\/donde-estamos\/"},{"@type":"ListItem","position":3,"name":"Instituciones Educativas en Cusco"}]},{"@type":"WebSite","@id":"https:\/\/www.feyalegria.org\/peru\/#website","url":"https:\/\/www.feyalegria.org\/peru\/","name":"#SomosFeyAlegria en Per\u00fa","description":"Movimiento de Educaci\u00f3n Popular y Promoci\u00f3n Social","potentialAction":[{"@type":"SearchAction","target":{"@type":"EntryPoint","urlTemplate":"https:\/\/www.feyalegria.org\/peru\/?s={search_term_string}"},"query-input":{"@type":"PropertyValueSpecification","valueRequired":true,"valueName":"search_term_string"}}],"inLanguage":"es"}]}},"_links":{"self":[{"href":"https:\/\/www.feyalegria.org\/peru\/wp-json\/wp\/v2\/pages\/982","targetHints":{"allow":["GET"]}}],"collection":[{"href":"https:\/\/www.feyalegria.org\/peru\/wp-json\/wp\/v2\/pages"}],"about":[{"href":"https:\/\/www.feyalegria.org\/peru\/wp-json\/wp\/v2\/types\/page"}],"author":[{"embeddable":true,"href":"https:\/\/www.feyalegria.org\/peru\/wp-json\/wp\/v2\/users\/19"}],"replies":[{"embeddable":true,"href":"https:\/\/www.feyalegria.org\/peru\/wp-json\/wp\/v2\/comments?post=982"}],"version-history":[{"count":0,"href":"https:\/\/www.feyalegria.org\/peru\/wp-json\/wp\/v2\/pages\/982\/revisions"}],"up":[{"embeddable":true,"href":"https:\/\/www.feyalegria.org\/peru\/wp-json\/wp\/v2\/pages\/824"}],"wp:attachment":[{"href":"https:\/\/www.feyalegria.org\/peru\/wp-json\/wp\/v2\/media?parent=982"}],"wp:term":[{"taxonomy":"folder","embeddable":true,"href":"https:\/\/www.feyalegria.org\/peru\/wp-json\/wp\/v2\/folder?post=982"}],"curies":[{"name":"wp","href":"https:\/\/api.w.org\/{rel}","templated":true}]}}