 {"id":592,"date":"2017-04-20T09:13:42","date_gmt":"2017-04-20T09:13:42","guid":{"rendered":"http:\/\/www.nicdarkthemes.com\/themes\/charity\/wp\/demo\/charity-foundation\/?page_id=592"},"modified":"2020-06-04T21:12:02","modified_gmt":"2020-06-05T02:12:02","slug":"storia","status":"publish","type":"page","link":"https:\/\/www.feyalegria.org\/rdcongo\/it\/storia\/","title":{"rendered":"Storia"},"content":{"rendered":"<div class=\"wpb-content-wrapper\"><p>[vc_row][vc_column][vc_column_text]<\/p>\n<p style=\"text-align:rigth\"><strong class=\"tt_map\">LA NOSTRA STORIA<\/strong><\/p>\n<p> [\/vc_column_text][\/vc_column][\/vc_row][vc_row][vc_column width=\u00bb2\/3&#8243;][vc_row_inner][vc_column_inner][vc_column_text]<strong>Ecco come \u00e8 nato Fe y Alegr\u00eda<\/strong><br \/>\n[\/vc_column_text][vc_column_text css=\u00bb.vc_custom_1591322649186{padding-right: -120px !important;}\u00bb]<\/p>\n<p align=\"justify\">Tutte le grandi opere nascono da processi che hanno mosso le fibre intime dell&#8217;essere umano. Jos\u00e9 Mar\u00eda V\u00e9laz non \u00e8 l&#8217;eccezione. Cileno di nascita e di famiglia spagnola, essendo piccolo doveva partire con la madre nella penisola e l\u00ec la sua formazione fu legata ai collegi della Compagnia di Ges\u00f9.<\/p>\n<p>&nbsp;<\/p>\n<p align=\"justify\">In giovent\u00f9, dopo alcuni anni all&#8217;universit\u00e0, ha scelto di diventare membro di quella Congregazione religiosa e da allora, come il fondatore dell&#8217;ordine (Sant&#8217;Ignazio di Loyola), divent\u00f2 un pellegrino e un costruttore di speranza. Nel 1946 fu mandato a Venezuela, quando aveva 36 anni di vita e 18 anni di gesuiti.<\/p>\n<p>&nbsp;<\/p>\n<p align=\"justify\">La realt\u00e0 latinoamericana avrebbe presto segnato un nuovo itinerario nella sua missione. Il contatto con la povert\u00e0 e le condizioni scandalose di emarginazione ed esclusione delle maggioranze del paese le interpellerebbero definitivamente. Quando lavorava alla scuola di San Jos\u00e9 de M\u00e9rida, inizi\u00f2 a condurre i primi esperimenti, che alla fine avrebbero portato alla creazione di una rete di scuole nelle periferie delle citt\u00e0 e nelle aree rurali.[\/vc_column_text][\/vc_column_inner][\/vc_row_inner][\/vc_column][vc_column width=\u00bb1\/3&#8243;][vc_single_image image=\u00bb4549&#8243; img_size=\u00bbfull\u00bb alignment=\u00bbcenter\u00bb][vc_single_image image=\u00bb4551&#8243; img_size=\u00bbfull\u00bb alignment=\u00bbcenter\u00bb][\/vc_column][\/vc_row][vc_row][vc_column width=\u00bb1\/4&#8243;][vc_single_image image=\u00bb4550&#8243; img_size=\u00bbmedium\u00bb alignment=\u00bbcenter\u00bb css=\u00bb.vc_custom_1591322873638{padding-top: 60px !important;}\u00bb][vc_column_text]<\/p>\n<p><em><\/p>\n<p style=\"text-align:center\">Foto: Abraham Reyes e sua moglie Patricia Garc\u00eda de Reyes<\/em><\/p>\n<p>[\/vc_column_text][\/vc_column][vc_column width=\u00bb3\/4&#8243;][vc_tta_accordion][vc_tta_section title=\u00bbSarebbe nel 1960 quando quella rete fu battezzata con il nome di \u00abFe y Alegr\u00eda\u00ab.\u00bb tab_id=\u00bb1591238778927-e077c9a4-1de6&#8243;][vc_row_inner][vc_column_inner][vc_column_text]<\/p>\n<p align=\"justify\">Ovviamente, le cronache e le storie degli eventi di solito devono esaltare la figura dell&#8217;eroe. V\u00e9laz si adatta facilmente al profilo dell&#8217;uomo e del salvatore degli emarginati. Tuttavia, il lavoro di questo gesuita era incanalare le richieste e i desideri legittimi dei poveri. Allo stesso modo, non c&#8217;\u00e8 dubbio che i contrasti con la popolazione pi\u00f9 benestante abbiano anche reso pi\u00f9 udibili i bisogni di migliaia di persone che vivono fuori dagli occhi dello Stato. Nessuna di queste scuole sarebbe stata possibile senza la determinazione dei beneficiari a portare a termine il progetto.<\/p>\n<p>&nbsp;<\/p>\n<p align=\"justify\">Tutti quei genitori e tutti quei bambini erano i veri gestori di una delle pi\u00f9 importanti opere educative in America Latina e che oggi si estende ad altre latitudini del mondo. Infatti, nella memoria di questa affascinante storia, il nome di chi potremmo considerare l&#8217;autentico fondatore di Fe y Alegr\u00eda, un operaio di nome Abraham Reyes \u00e8 conservato. V\u00e9laz e il suo gruppo di collaboratori hanno visitato la periferia cercando un posto dove installare la prima scuola, fino a quando hanno incontrato questo personaggio.<\/p>\n<p>[\/vc_column_text][\/vc_column_inner][\/vc_row_inner][\/vc_tta_section][vc_tta_section title=\u00bbLeggi di pi\u00f9\u00bb tab_id=\u00bb1591236033806-be4c4c76-fbed\u00bb][vc_column_text]<\/p>\n<p style=\"text-align:justify\"> Si racconta che Reyes e sua moglie avessero alzato le mura della loro casa per otto lunghi anni e il giorno in cui sentirono parlare di una scuola e di un&#8217;istruzione per i bambini, consegnarono quelle mura e quel soffitto senza maggiori cerimonie che la loro stessa felicit\u00e0. Non c&#8217;era cerimonia di apertura, n\u00e9 un nastro rosso da tagliare, n\u00e9 una targa commemorativa.<\/p>\n<p>&nbsp;<\/p>\n<p style=\"text-align:justify\"> Sebbene sia difficile per noi crederci, \u00e8 cos\u00ec che la storia ci regala i suoi episodi pi\u00f9 commoventi e rivoluzionari. Come non fare un confronto tra questa coppia venezuelana e quella di Nazareth. Un falegname e una giovane donna umile che hanno avuto sotto le loro spalle la meravigliosa responsabilit\u00e0 di dare alla luce e innalzare Ges\u00f9 Cristo. Colui che finirebbe appeso alla croce, depositerebbe nel cuore dei suoi discepoli la Buona Novella di Dio; la promessa di un \u00abRegno\u00bb fondato sulla giustizia, l&#8217;amore e la solidariet\u00e0.<\/p>\n<p>&nbsp;<\/p>\n<p style=\"text-align:justify\"> Il gesto dei Reyes era solo l&#8217;inizio, perch\u00e9 altre famiglie si univano all&#8217;epopea. La volont\u00e0 di uscire dal buco, i desideri incontenibili di sovvertire le condizioni di sfruttamento, il desiderio di sconfiggere il sistema e di essere proprietari di almeno la propria vita, hanno reso possibile possibile Fe y Alegr\u00eda. Un esercito di uomini e donne, lavoratori e sacrificati, determinati a dare ai propri figli un domani diverso e fondato sul superamento.<\/p>\n<p>&nbsp;<\/p>\n<p>Una risposta forte a una societ\u00e0 e uno Stato che li aveva dimenticati. Un impegno per la libert\u00e0 basato sull&#8217;educazione, il pi\u00f9 grande e potente patrimonio che i bambini possano ricevere. \u00c8 importante sottolineare che i primi anni hanno richiesto un lavoro MANCOMUNADO e solidale.<\/p>\n<p>&nbsp;<\/p>\n<p style=\"text-align:justify\"> V\u00e9laz, che era stato collegato all&#8217;Universit\u00e0 Cattolica, form\u00f2 con un gruppo di studenti universitari il primo contingente di persone disposte a sognare con la gente. Questa \u00e8 l&#8217;altra met\u00e0 di una storia di successo. Nulla \u00e8 realmente possibile e duraturo se la maggior parte degli attori non \u00e8 stata coinvolta in una profonda trasformazione della realt\u00e0.<\/p>\n<p>&nbsp;<\/p>\n<p style=\"text-align:justify\"> I primi anni di Fe y Alegr\u00eda avrebbero il merito di convocare tutti coloro che si lasciarono influenzare dai compiti di un servizio cristiano. Segno autentico della concrezione del Regno di Dio ora e in mezzo a noi.<\/p>\n<p>&nbsp;<\/p>\n<p style=\"text-align:justify\"> Nel 1964 c&#8217;erano gi\u00e0 10 mila studenti in Venezuela e l&#8217;accettazione dell&#8217;esperienza rese possibile replicare il modello in altri paesi con una simile risposta. Nell&#8217;arco di due anni Ecuador, Panam\u00e0, Per\u00f9, Bolivia, America centrale e Colombia si sarebbero uniti all&#8217;avventura.<\/p>\n<p>&nbsp;<\/p>\n<p style=\"text-align:justify\"> Da quel momento in poi l&#8217;esperienza continuerebbe a crescere e moltiplicare le speranze negli angoli pi\u00f9 segreti e profondi dell&#8217;America. Da l\u00ec sarebbe stata coniata una delle frasi pi\u00f9 famose del movimento educativo: \u00abFe y Alegr\u00eda inizia dove finisce l&#8217;asfalto, dove l&#8217;acqua potabile non gocciola, dove la citt\u00e0 perde il suo nome\u00bb.<\/p>\n<p>&nbsp;<\/p>\n<p style=\"text-align:justify\"> In questo modo, il movimento ha definito la sua azione come un impegno per l&#8217;educazione popolare integrale. Educazione per i poveri e soprattutto educazione di qualit\u00e0. \u00c8 cos\u00ec che Fe y Alegr\u00eda non vuole essere solo una toppa in un bucco gigantesco, n\u00e9 una pezza per truccare una realt\u00e0 desolante.<\/p>\n<p>&nbsp;<\/p>\n<p style=\"text-align:justify\"> Il movimento ha scelto di dotare le persone, che hanno minori opportunit\u00e0 e risorse, di un&#8217;educazione che garantisce loro di essere i protagonisti della trasformazione della realt\u00e0. Nella linea di Freire, l&#8217;educazione di Fe y Alegr\u00eda pu\u00f2 essere considerata un&#8217;educazione per la liberazione.<\/p>\n<p>&nbsp;<\/p>\n<p style=\"text-align:justify\"> Una chiara espressione delle sue radici cristiane e delle scommesse della Chiesa latinoamericana in quegli anni e nel presente. L&#8217;opzione preferenziale per i poveri \u00e8 la road map. Un&#8217;opzione che \u00e8 giocata per la dignit\u00e0 degli esseri umani e cerca di stabilire un nuovo ordine basato sull&#8217;equit\u00e0 e sul rispetto.<\/p>\n<p>&nbsp;<\/p>\n<p style=\"text-align:justify\"> Sono trascorsi pi\u00f9 di 58 anni da quando Fe y Alegr\u00eda continua ad essere un riferimento ai nostri giorni in particolare nell&#8217;educazione alternativa. Dopo la nascita della Federaci\u00f3n Internacional de Fe y Alegr\u00eda nel 1987, \u00e8 iniziato il compito di consolidare un lavoro molto pi\u00f9 coordinato, contrassegnando e mantenendo una linea d&#8217;azione comune.<\/p>\n<p>&nbsp;<\/p>\n<p style=\"text-align:justify\"> La fedelt\u00e0 alle origini \u00e8 una premessa vitale e da questa prospettiva Fe y Alegr\u00eda continua a crescere in tutto il mondo. Nel 1985 inizi\u00f2 a lavorare in Spagna, nel 2001 in Italia e nel 2007 entra nel continente africano con la fondazione di Fe y Alegr\u00eda Chad. Sono non meno di 19 paesi sparsi su tre continenti.<\/p>\n<p>&nbsp;<\/p>\n<p style=\"text-align:justify\"> I dati statistici (2011) sono davvero sorprendenti e senza dubbio esprimono la portata del progetto e le enormi sfide che affronter\u00e0 in questo nuovo millennio.<\/p>\n<p>&nbsp;<\/p>\n<p style=\"text-align:justify\"> A ci\u00f2 si aggiunge la partecipazione di 930 religiosi, condividendo con i gesuiti l&#8217;impegno a svolgere questa missione. \u00c8 mezzo secolo pieno di speranza e impegno; un tempo in cui abbiamo visto molti luoghi trasformarsi intorno alla scuola. Quartieri senza fognatura, con strade sterrate, case di mattoni e migliaia di persone che vivono ai margini della vita;  si sono trasformati in comunit\u00e0 organizzate, con infrastrutture urbane, con migliori condizioni economiche e, soprattutto, vediamo persone che portano nei loro volti i segni della dignit\u00e0.<\/p>\n<p>&nbsp;<\/p>\n<p style=\"text-align:justify\"> Sarebbe ridicolo attribuire tutti questi cambiamenti a Fe y Alegr\u00eda, ma non c&#8217;\u00e8 dubbio che la scuola fosse un meccanismo cruciale per rendere possibile tutto questo cambiamento.<\/p>\n<p>[\/vc_column_text][\/vc_tta_section][\/vc_tta_accordion][\/vc_column][\/vc_row][vc_row][vc_column width=\u00bb3\/4&#8243;][vc_tta_accordion][vc_tta_section title=\u00bbFe y Alegr\u00eda in Italia\u00bb tab_id=\u00bb1591237739674-119358eb-77d2&#8243;][\/vc_tta_section][vc_tta_section title=\u00bbSezione 2&#8243; tab_id=\u00bb1591237739688-cf1e9724-b525&#8243;][\/vc_tta_section][\/vc_tta_accordion][\/vc_column][vc_column width=\u00bb1\/4&#8243;][vc_single_image image=\u00bb4552&#8243; img_size=\u00bbfull\u00bb][\/vc_column][\/vc_row]<\/p>\n<\/div>","protected":false},"excerpt":{"rendered":"<p>[vc_row][vc_column][vc_column_text] LA NOSTRA STORIA [\/vc_column_text][\/vc_column][\/vc_row][vc_row][vc_column width=\u00bb2\/3&#8243;][vc_row_inner][vc_column_inner][vc_column_text]Ecco come \u00e8 nato Fe y Alegr\u00eda [\/vc_column_text][vc_column_text css=\u00bb.vc_custom_1591322649186{padding-right: -120px !important;}\u00bb] Tutte le grandi opere nascono da processi che hanno mosso le fibre intime dell&#8217;essere umano. Jos\u00e9 Mar\u00eda V\u00e9laz non \u00e8 l&#8217;eccezione. Cileno di nascita e di famiglia spagnola, essendo piccolo doveva partire con la madre nella penisola e l\u00ec<\/p>\n","protected":false},"author":2,"featured_media":0,"parent":0,"menu_order":0,"comment_status":"closed","ping_status":"closed","template":"","meta":{"_acf_changed":false,"footnotes":""},"folder":[],"class_list":["post-592","page","type-page","status-publish","hentry"],"acf":[],"yoast_head":"<!-- This site is optimized with the Yoast SEO plugin v27.4 - https:\/\/yoast.com\/product\/yoast-seo-wordpress\/ -->\n<title>Storia - #SomosFeyAlegria en la Rep\u00fablica Democr\u00e1tica del Congo<\/title>\n<meta name=\"robots\" content=\"index, follow, max-snippet:-1, max-image-preview:large, max-video-preview:-1\" \/>\n<link rel=\"canonical\" href=\"https:\/\/www.feyalegria.org\/rdcongo\/it\/storia\/\" \/>\n<meta property=\"og:locale\" content=\"es_ES\" \/>\n<meta property=\"og:type\" content=\"article\" \/>\n<meta property=\"og:title\" content=\"Storia - #SomosFeyAlegria en la Rep\u00fablica Democr\u00e1tica del Congo\" \/>\n<meta property=\"og:description\" content=\"[vc_row][vc_column][vc_column_text] LA NOSTRA STORIA [\/vc_column_text][\/vc_column][\/vc_row][vc_row][vc_column width=\u00bb2\/3&#8243;][vc_row_inner][vc_column_inner][vc_column_text]Ecco come \u00e8 nato Fe y Alegr\u00eda [\/vc_column_text][vc_column_text css=\u00bb.vc_custom_1591322649186{padding-right: -120px !important;}\u00bb] Tutte le grandi opere nascono da processi che hanno mosso le fibre intime dell&#8217;essere umano. Jos\u00e9 Mar\u00eda V\u00e9laz non \u00e8 l&#8217;eccezione. Cileno di nascita e di famiglia spagnola, essendo piccolo doveva partire con la madre nella penisola e l\u00ec\" \/>\n<meta property=\"og:url\" content=\"https:\/\/www.feyalegria.org\/rdcongo\/it\/storia\/\" \/>\n<meta property=\"og:site_name\" content=\"#SomosFeyAlegria en la Rep\u00fablica Democr\u00e1tica del Congo\" \/>\n<meta property=\"article:modified_time\" content=\"2020-06-05T02:12:02+00:00\" \/>\n<meta name=\"twitter:card\" content=\"summary_large_image\" \/>\n<meta name=\"twitter:label1\" content=\"Tiempo de lectura\" \/>\n\t<meta name=\"twitter:data1\" content=\"7 minutos\" \/>\n<script type=\"application\/ld+json\" class=\"yoast-schema-graph\">{\"@context\":\"https:\\\/\\\/schema.org\",\"@graph\":[{\"@type\":\"WebPage\",\"@id\":\"https:\\\/\\\/www.feyalegria.org\\\/rdcongo\\\/it\\\/storia\\\/\",\"url\":\"https:\\\/\\\/www.feyalegria.org\\\/rdcongo\\\/it\\\/storia\\\/\",\"name\":\"Storia - #SomosFeyAlegria en la Rep\u00fablica Democr\u00e1tica del Congo\",\"isPartOf\":{\"@id\":\"https:\\\/\\\/www.feyalegria.org\\\/rdcongo\\\/#website\"},\"datePublished\":\"2017-04-20T09:13:42+00:00\",\"dateModified\":\"2020-06-05T02:12:02+00:00\",\"breadcrumb\":{\"@id\":\"https:\\\/\\\/www.feyalegria.org\\\/rdcongo\\\/it\\\/storia\\\/#breadcrumb\"},\"inLanguage\":\"es\",\"potentialAction\":[{\"@type\":\"ReadAction\",\"target\":[\"https:\\\/\\\/www.feyalegria.org\\\/rdcongo\\\/it\\\/storia\\\/\"]}]},{\"@type\":\"BreadcrumbList\",\"@id\":\"https:\\\/\\\/www.feyalegria.org\\\/rdcongo\\\/it\\\/storia\\\/#breadcrumb\",\"itemListElement\":[{\"@type\":\"ListItem\",\"position\":1,\"name\":\"Home\",\"item\":\"https:\\\/\\\/www.feyalegria.org\\\/rdcongo\\\/\"},{\"@type\":\"ListItem\",\"position\":2,\"name\":\"Storia\"}]},{\"@type\":\"WebSite\",\"@id\":\"https:\\\/\\\/www.feyalegria.org\\\/rdcongo\\\/#website\",\"url\":\"https:\\\/\\\/www.feyalegria.org\\\/rdcongo\\\/\",\"name\":\"#SomosFeyAlegria en la Rep\u00fablica Democr\u00e1tica del Congo\",\"description\":\"Movimiento de Educaci\u00f3n Popular y Promoci\u00f3n Social\",\"potentialAction\":[{\"@type\":\"SearchAction\",\"target\":{\"@type\":\"EntryPoint\",\"urlTemplate\":\"https:\\\/\\\/www.feyalegria.org\\\/rdcongo\\\/?s={search_term_string}\"},\"query-input\":{\"@type\":\"PropertyValueSpecification\",\"valueRequired\":true,\"valueName\":\"search_term_string\"}}],\"inLanguage\":\"es\"}]}<\/script>\n<!-- \/ Yoast SEO plugin. -->","yoast_head_json":{"title":"Storia - #SomosFeyAlegria en la Rep\u00fablica Democr\u00e1tica del Congo","robots":{"index":"index","follow":"follow","max-snippet":"max-snippet:-1","max-image-preview":"max-image-preview:large","max-video-preview":"max-video-preview:-1"},"canonical":"https:\/\/www.feyalegria.org\/rdcongo\/it\/storia\/","og_locale":"es_ES","og_type":"article","og_title":"Storia - #SomosFeyAlegria en la Rep\u00fablica Democr\u00e1tica del Congo","og_description":"[vc_row][vc_column][vc_column_text] LA NOSTRA STORIA [\/vc_column_text][\/vc_column][\/vc_row][vc_row][vc_column width=\u00bb2\/3&#8243;][vc_row_inner][vc_column_inner][vc_column_text]Ecco come \u00e8 nato Fe y Alegr\u00eda [\/vc_column_text][vc_column_text css=\u00bb.vc_custom_1591322649186{padding-right: -120px !important;}\u00bb] Tutte le grandi opere nascono da processi che hanno mosso le fibre intime dell&#8217;essere umano. Jos\u00e9 Mar\u00eda V\u00e9laz non \u00e8 l&#8217;eccezione. Cileno di nascita e di famiglia spagnola, essendo piccolo doveva partire con la madre nella penisola e l\u00ec","og_url":"https:\/\/www.feyalegria.org\/rdcongo\/it\/storia\/","og_site_name":"#SomosFeyAlegria en la Rep\u00fablica Democr\u00e1tica del Congo","article_modified_time":"2020-06-05T02:12:02+00:00","twitter_card":"summary_large_image","twitter_misc":{"Tiempo de lectura":"7 minutos"},"schema":{"@context":"https:\/\/schema.org","@graph":[{"@type":"WebPage","@id":"https:\/\/www.feyalegria.org\/rdcongo\/it\/storia\/","url":"https:\/\/www.feyalegria.org\/rdcongo\/it\/storia\/","name":"Storia - #SomosFeyAlegria en la Rep\u00fablica Democr\u00e1tica del Congo","isPartOf":{"@id":"https:\/\/www.feyalegria.org\/rdcongo\/#website"},"datePublished":"2017-04-20T09:13:42+00:00","dateModified":"2020-06-05T02:12:02+00:00","breadcrumb":{"@id":"https:\/\/www.feyalegria.org\/rdcongo\/it\/storia\/#breadcrumb"},"inLanguage":"es","potentialAction":[{"@type":"ReadAction","target":["https:\/\/www.feyalegria.org\/rdcongo\/it\/storia\/"]}]},{"@type":"BreadcrumbList","@id":"https:\/\/www.feyalegria.org\/rdcongo\/it\/storia\/#breadcrumb","itemListElement":[{"@type":"ListItem","position":1,"name":"Home","item":"https:\/\/www.feyalegria.org\/rdcongo\/"},{"@type":"ListItem","position":2,"name":"Storia"}]},{"@type":"WebSite","@id":"https:\/\/www.feyalegria.org\/rdcongo\/#website","url":"https:\/\/www.feyalegria.org\/rdcongo\/","name":"#SomosFeyAlegria en la Rep\u00fablica Democr\u00e1tica del Congo","description":"Movimiento de Educaci\u00f3n Popular y Promoci\u00f3n Social","potentialAction":[{"@type":"SearchAction","target":{"@type":"EntryPoint","urlTemplate":"https:\/\/www.feyalegria.org\/rdcongo\/?s={search_term_string}"},"query-input":{"@type":"PropertyValueSpecification","valueRequired":true,"valueName":"search_term_string"}}],"inLanguage":"es"}]}},"_links":{"self":[{"href":"https:\/\/www.feyalegria.org\/rdcongo\/wp-json\/wp\/v2\/pages\/592","targetHints":{"allow":["GET"]}}],"collection":[{"href":"https:\/\/www.feyalegria.org\/rdcongo\/wp-json\/wp\/v2\/pages"}],"about":[{"href":"https:\/\/www.feyalegria.org\/rdcongo\/wp-json\/wp\/v2\/types\/page"}],"author":[{"embeddable":true,"href":"https:\/\/www.feyalegria.org\/rdcongo\/wp-json\/wp\/v2\/users\/2"}],"replies":[{"embeddable":true,"href":"https:\/\/www.feyalegria.org\/rdcongo\/wp-json\/wp\/v2\/comments?post=592"}],"version-history":[{"count":0,"href":"https:\/\/www.feyalegria.org\/rdcongo\/wp-json\/wp\/v2\/pages\/592\/revisions"}],"wp:attachment":[{"href":"https:\/\/www.feyalegria.org\/rdcongo\/wp-json\/wp\/v2\/media?parent=592"}],"wp:term":[{"taxonomy":"folder","embeddable":true,"href":"https:\/\/www.feyalegria.org\/rdcongo\/wp-json\/wp\/v2\/folder?post=592"}],"curies":[{"name":"wp","href":"https:\/\/api.w.org\/{rel}","templated":true}]}}