 {"id":2957,"date":"2021-06-30T10:02:33","date_gmt":"2021-06-30T15:02:33","guid":{"rendered":"https:\/\/www.feyalegria.org\/uruguay\/?page_id=2957"},"modified":"2025-08-26T14:41:32","modified_gmt":"2025-08-26T19:41:32","slug":"centros-educativos-2","status":"publish","type":"page","link":"https:\/\/www.feyalegria.org\/uruguay\/centros-educativos-2\/","title":{"rendered":"Centros Educativos"},"content":{"rendered":"<div class=\"wpb-content-wrapper\"><p>[vc_row][vc_column width=\u00bb2\/3&#8243;][vc_column_text]<\/p>\n<p align=\"justify\"><strong>En Fe y Alegr\u00eda educamos para la trascendencia<\/strong> que permite ampliar la mirada y la perspectiva, que alienta a ser m\u00e1s, amar m\u00e1s y a buscar m\u00e1s all\u00e1 de la realidad concreta. Formamos personas capaces de so\u00f1ar con un mundo m\u00e1s justo y de ser parte de \u00e9l, ni\u00f1os, ni\u00f1as y adolescentes capaces, conscientes, comprometidos y entusiastas.<\/p>\n<p>&nbsp;<\/p>\n<p align=\"justify\"><strong>Buscamos desarrollar la propuesta integral<\/strong> de cada uno de nuestros centros educativos mejorando los diferentes \u00e1mbitos que hacen a la calidad de la educaci\u00f3n.<\/p>\n<p>&nbsp;<\/p>\n<p align=\"justify\"><strong>Contribuimos a la formaci\u00f3n t\u00e9cnica y humana de los educadores<\/strong> apostando a su motivaci\u00f3n y capacitaci\u00f3n a trav\u00e9s de actividades formativas, jornadas t\u00e9cnicas y espacios de reflexi\u00f3n para su desarrollo humano y espiritual.<\/p>\n<p>&nbsp;<\/p>\n<p align=\"justify\"><strong>Fortalecemos las capacidades de aprendizaje<\/strong> a trav\u00e9s del trabajo de equipos t\u00e9cnicos que trabajan en cada centro con los educadores y con estudiantes tanto a nivel individual como grupal.<\/p>\n<p>&nbsp;<\/p>\n<p align=\"justify\"><strong>Fomentamos la vivencia de valores cristianos<\/strong> como parte del trabajo cotidiano.<\/p>\n<p>&nbsp;<\/p>\n<p>[\/vc_column_text][\/vc_column][vc_column width=\u00bb1\/3&#8243;][vc_single_image image=\u00bb1910&#8243; img_size=\u00bbmedium\u00bb alignment=\u00bbcenter\u00bb style=\u00bbvc_box_circle_2&#8243; css=\u00bb.vc_custom_1602805700947{padding-top: 30px !important;}\u00bb][\/vc_column][\/vc_row][vc_row][vc_column][vc_column_text]<\/p>\n<h2 style=\"text-align: center;\"><strong>Un coraz\u00f3n que crece en Uruguay<\/strong><\/h2>\n<p>[\/vc_column_text][\/vc_column][\/vc_row][vc_row][vc_column]<div id=\"mpc_interactive_image-5169f16cb23a5e2\" class=\"mpc-interactive_image mpc-init \"><img loading=\"lazy\" decoding=\"async\" src=\"https:\/\/d3pugrm67vf9n7.cloudfront.net\/wp-content\/uploads\/sites\/16\/2025\/08\/26143017\/mapa2024.png\" width=\"1117\" height=\"790\" alt=\"Image\" class=\"mpc-interactive_image__image\" \/><div class=\"mpc-interactive_image-wrap\"><a href=\"https:\/\/www.feyalegria.org\/uruguay\/club-de-ninos-taity\/\" target=\"_blank\" title=\"Club de ni\u00f1os Taity\"  id=\"mpc_hotspot-76369f16cb23af3a\" class=\"mpc-hotspot mpc-init mpc-transition \"  data-position='[\"38.345\",\"73.802\"]'><i class=\"mpc-hotspot__icon mpc-transition  mpc-init mpc-icon-type--image\"><img loading=\"lazy\" decoding=\"async\" width=\"30\" height=\"30\" src=\"https:\/\/d3pugrm67vf9n7.cloudfront.net\/wp-content\/uploads\/sites\/16\/2020\/07\/22095227\/logoFyA-30-x-30.png\" class=\"attachment-thumbnail\" alt=\"\" title=\"logoFyA 30 x 30\" \/><\/i><\/a><a href=\"https:\/\/www.feyalegria.org\/uruguay\/club-de-ninos-nuestro-lugar\/\" target=\"_blank\" title=\"Club de ni\u00f1os Nuestro Lugar\"  id=\"mpc_hotspot-36169f16cb23b47d\" class=\"mpc-hotspot mpc-init mpc-transition \"  data-position='[\"40.541\",\"70.936\"]'><i class=\"mpc-hotspot__icon mpc-transition  mpc-init mpc-icon-type--image\"><img loading=\"lazy\" decoding=\"async\" width=\"30\" height=\"30\" src=\"https:\/\/d3pugrm67vf9n7.cloudfront.net\/wp-content\/uploads\/sites\/16\/2020\/07\/22095227\/logoFyA-30-x-30.png\" class=\"attachment-thumbnail\" alt=\"\" title=\"logoFyA 30 x 30\" \/><\/i><\/a><a href=\"https:\/\/www.feyalegria.org\/uruguay\/club-de-ninos-unidos\/\" target=\"_blank\" title=\"Club de Ni\u00f1os Unidos\"  id=\"mpc_hotspot-3869f16cb23b9bc\" class=\"mpc-hotspot mpc-init mpc-transition \"  data-position='[\"44.764\",\"73.563\"]'><i class=\"mpc-hotspot__icon mpc-transition  mpc-init mpc-icon-type--image\"><img loading=\"lazy\" decoding=\"async\" width=\"30\" height=\"30\" src=\"https:\/\/d3pugrm67vf9n7.cloudfront.net\/wp-content\/uploads\/sites\/16\/2020\/07\/22095227\/logoFyA-30-x-30.png\" class=\"attachment-thumbnail\" alt=\"\" title=\"logoFyA 30 x 30\" \/><\/i><\/a><a href=\"https:\/\/www.feyalegria.org\/uruguay\/club-de-ninos-rincon-de-todos\/\" target=\"_blank\" title=\"Club de ni\u00f1os Rinc\u00f3n de Todos\"  id=\"mpc_hotspot-35869f16cb23bed5\" class=\"mpc-hotspot mpc-init mpc-transition \"  data-position='[\"43.919\",\"77.862\"]'><i class=\"mpc-hotspot__icon mpc-transition  mpc-init mpc-icon-type--image\"><img loading=\"lazy\" decoding=\"async\" width=\"30\" height=\"30\" src=\"https:\/\/d3pugrm67vf9n7.cloudfront.net\/wp-content\/uploads\/sites\/16\/2020\/07\/22095227\/logoFyA-30-x-30.png\" class=\"attachment-thumbnail\" alt=\"\" title=\"logoFyA 30 x 30\" \/><\/i><\/a><a href=\"https:\/\/www.feyalegria.org\/uruguay\/club-de-ninos-casturu\/\" target=\"_blank\" title=\"Club de ni\u00f1os Castur\u00fa\"  id=\"mpc_hotspot-33469f16cb23c3ce\" class=\"mpc-hotspot mpc-init mpc-transition \"  data-position='[\"40.372\",\"86.222\"]'><i class=\"mpc-hotspot__icon mpc-transition  mpc-init mpc-icon-type--image\"><img loading=\"lazy\" decoding=\"async\" width=\"30\" height=\"30\" src=\"https:\/\/d3pugrm67vf9n7.cloudfront.net\/wp-content\/uploads\/sites\/16\/2020\/07\/22095227\/logoFyA-30-x-30.png\" class=\"attachment-thumbnail\" alt=\"\" title=\"logoFyA 30 x 30\" \/><\/i><\/a><a href=\"https:\/\/www.feyalegria.org\/uruguay\/caif-padre-novoa\/\" target=\"_blank\" title=\"CAIF Padre Novoa\"  id=\"mpc_hotspot-83069f16cb23c8b8\" class=\"mpc-hotspot mpc-init mpc-transition \"  data-position='[\"38.851\",\"88.849\"]'><i class=\"mpc-hotspot__icon mpc-transition  mpc-init mpc-icon-type--image\"><img loading=\"lazy\" decoding=\"async\" width=\"30\" height=\"30\" src=\"https:\/\/d3pugrm67vf9n7.cloudfront.net\/wp-content\/uploads\/sites\/16\/2020\/07\/22095227\/logoFyA-30-x-30.png\" class=\"attachment-thumbnail\" alt=\"\" title=\"logoFyA 30 x 30\" \/><\/i><\/a><a href=\"https:\/\/www.feyalegria.org\/uruguay\/fe-y-alegria-tacuarembo\/\" target=\"_blank\" title=\"Fe y Alegr\u00eda Tacuaremb\u00f3\"  id=\"mpc_hotspot-69869f16cb23cd8b\" class=\"mpc-hotspot mpc-init mpc-transition \"  data-position='[\"71.284\",\"14.330\"]'><i class=\"mpc-hotspot__icon mpc-transition  mpc-init mpc-icon-type--image\"><img loading=\"lazy\" decoding=\"async\" width=\"30\" height=\"30\" src=\"https:\/\/d3pugrm67vf9n7.cloudfront.net\/wp-content\/uploads\/sites\/16\/2020\/07\/22095227\/logoFyA-30-x-30.png\" class=\"attachment-thumbnail\" alt=\"\" title=\"logoFyA 30 x 30\" \/><\/i><\/a><a href=\"https:\/\/www.feyalegria.org\/uruguay\/parque-educativo-padre-novoa\/\" target=\"_blank\" title=\"Parque Educativo Padre Novoa\"  id=\"mpc_hotspot-24569f16cb23d283\" class=\"mpc-hotspot mpc-init mpc-transition \"  data-position='[\"33.953\",\"28.661\"]'><i class=\"mpc-hotspot__icon mpc-transition  mpc-init mpc-icon-type--image\"><img loading=\"lazy\" decoding=\"async\" width=\"30\" height=\"30\" src=\"https:\/\/d3pugrm67vf9n7.cloudfront.net\/wp-content\/uploads\/sites\/16\/2020\/07\/22095227\/logoFyA-30-x-30.png\" class=\"attachment-thumbnail\" alt=\"\" title=\"logoFyA 30 x 30\" \/><\/i><\/a><a href=\"https:\/\/www.feyalegria.org\/uruguay\/caif-fatima\/\" target=\"_blank\" title=\"CAIF F\u00e1tima\"  id=\"mpc_hotspot-64769f16cb23d774\" class=\"mpc-hotspot mpc-init mpc-transition \"  data-position='[\"25.845\",\"29.139\"]'><i class=\"mpc-hotspot__icon mpc-transition  mpc-init mpc-icon-type--image\"><img loading=\"lazy\" decoding=\"async\" width=\"30\" height=\"30\" src=\"https:\/\/d3pugrm67vf9n7.cloudfront.net\/wp-content\/uploads\/sites\/16\/2020\/07\/22095227\/logoFyA-30-x-30.png\" class=\"attachment-thumbnail\" alt=\"\" title=\"logoFyA 30 x 30\" \/><\/i><\/a><a href=\"https:\/\/www.feyalegria.org\/uruguay\/la-huella\/\" target=\"_blank\" title=\"La Huella\"  id=\"mpc_hotspot-43469f16cb23dc5e\" class=\"mpc-hotspot mpc-init mpc-transition \"  data-position='[\"29.561\",\"38.215\"]'><i class=\"mpc-hotspot__icon mpc-transition  mpc-init mpc-icon-type--image\"><img loading=\"lazy\" decoding=\"async\" width=\"30\" height=\"30\" src=\"https:\/\/d3pugrm67vf9n7.cloudfront.net\/wp-content\/uploads\/sites\/16\/2020\/07\/22095227\/logoFyA-30-x-30.png\" class=\"attachment-thumbnail\" alt=\"\" title=\"logoFyA 30 x 30\" \/><\/i><\/a><a href=\"https:\/\/www.feyalegria.org\/uruguay\/la-esperanza\/\" target=\"_blank\" title=\"La Esperanza\"  id=\"mpc_hotspot-45769f16cb23e12a\" class=\"mpc-hotspot mpc-init mpc-transition \"  data-position='[\"67.061\",\"58.038\"]'><i class=\"mpc-hotspot__icon mpc-transition  mpc-init mpc-icon-type--image\"><img loading=\"lazy\" decoding=\"async\" width=\"30\" height=\"30\" src=\"https:\/\/d3pugrm67vf9n7.cloudfront.net\/wp-content\/uploads\/sites\/16\/2020\/07\/22095227\/logoFyA-30-x-30.png\" class=\"attachment-thumbnail\" alt=\"\" title=\"logoFyA 30 x 30\" \/><\/i><\/a><a href=\"https:\/\/www.feyalegria.org\/uruguay\/caif-villa-guadalupe\/\" target=\"_blank\" title=\"CAIF Villa Guadalupe\"  id=\"mpc_hotspot-70569f16cb23e62b\" class=\"mpc-hotspot mpc-init mpc-transition \"  data-position='[\"64.865\",\"71.652\"]'><i class=\"mpc-hotspot__icon mpc-transition  mpc-init mpc-icon-type--image\"><img loading=\"lazy\" decoding=\"async\" width=\"30\" height=\"30\" src=\"https:\/\/d3pugrm67vf9n7.cloudfront.net\/wp-content\/uploads\/sites\/16\/2020\/07\/22095227\/logoFyA-30-x-30.png\" class=\"attachment-thumbnail\" alt=\"\" title=\"logoFyA 30 x 30\" \/><\/i><\/a><\/div><\/div>[\/vc_column][\/vc_row][vc_row][vc_column]<div style=\"background-color:;height: 50px\" class=\"nicdark_section  \"><\/div>[\/vc_column][\/vc_row]<\/p>\n<\/div>","protected":false},"excerpt":{"rendered":"<p>[vc_row][vc_column width=\u00bb2\/3&#8243;][vc_column_text] En Fe y Alegr\u00eda educamos para la trascendencia que permite ampliar la mirada y la perspectiva, que alienta a ser m\u00e1s, amar m\u00e1s y a buscar m\u00e1s all\u00e1 de la realidad concreta. Formamos personas capaces de so\u00f1ar con un mundo m\u00e1s justo y de ser parte de \u00e9l, ni\u00f1os, ni\u00f1as y adolescentes capaces,<\/p>\n","protected":false},"author":12,"featured_media":0,"parent":0,"menu_order":0,"comment_status":"closed","ping_status":"closed","template":"","meta":{"_acf_changed":false,"footnotes":""},"folder":[],"class_list":["post-2957","page","type-page","status-publish","hentry"],"acf":[],"yoast_head":"<!-- This site is optimized with the Yoast SEO plugin v27.5 - https:\/\/yoast.com\/product\/yoast-seo-wordpress\/ -->\n<title>Centros Educativos - #SomosFeyAlegria en Uruguay<\/title>\n<meta name=\"robots\" content=\"index, follow, max-snippet:-1, max-image-preview:large, max-video-preview:-1\" \/>\n<link rel=\"canonical\" href=\"https:\/\/www.feyalegria.org\/uruguay\/centros-educativos-2\/\" \/>\n<meta property=\"og:locale\" content=\"es_ES\" \/>\n<meta property=\"og:type\" content=\"article\" \/>\n<meta property=\"og:title\" content=\"Centros Educativos - #SomosFeyAlegria en Uruguay\" \/>\n<meta property=\"og:description\" content=\"[vc_row][vc_column width=\u00bb2\/3&#8243;][vc_column_text] En Fe y Alegr\u00eda educamos para la trascendencia que permite ampliar la mirada y la perspectiva, que alienta a ser m\u00e1s, amar m\u00e1s y a buscar m\u00e1s all\u00e1 de la realidad concreta. Formamos personas capaces de so\u00f1ar con un mundo m\u00e1s justo y de ser parte de \u00e9l, ni\u00f1os, ni\u00f1as y adolescentes capaces,\" \/>\n<meta property=\"og:url\" content=\"https:\/\/www.feyalegria.org\/uruguay\/centros-educativos-2\/\" \/>\n<meta property=\"og:site_name\" content=\"#SomosFeyAlegria en Uruguay\" \/>\n<meta property=\"article:modified_time\" content=\"2025-08-26T19:41:32+00:00\" \/>\n<meta name=\"twitter:card\" content=\"summary_large_image\" \/>\n<meta name=\"twitter:label1\" content=\"Tiempo de lectura\" \/>\n\t<meta name=\"twitter:data1\" content=\"5 minutos\" \/>\n<script type=\"application\/ld+json\" class=\"yoast-schema-graph\">{\"@context\":\"https:\\\/\\\/schema.org\",\"@graph\":[{\"@type\":\"WebPage\",\"@id\":\"https:\\\/\\\/www.feyalegria.org\\\/uruguay\\\/centros-educativos-2\\\/\",\"url\":\"https:\\\/\\\/www.feyalegria.org\\\/uruguay\\\/centros-educativos-2\\\/\",\"name\":\"Centros Educativos - #SomosFeyAlegria en Uruguay\",\"isPartOf\":{\"@id\":\"https:\\\/\\\/www.feyalegria.org\\\/uruguay\\\/#website\"},\"datePublished\":\"2021-06-30T15:02:33+00:00\",\"dateModified\":\"2025-08-26T19:41:32+00:00\",\"breadcrumb\":{\"@id\":\"https:\\\/\\\/www.feyalegria.org\\\/uruguay\\\/centros-educativos-2\\\/#breadcrumb\"},\"inLanguage\":\"es\",\"potentialAction\":[{\"@type\":\"ReadAction\",\"target\":[\"https:\\\/\\\/www.feyalegria.org\\\/uruguay\\\/centros-educativos-2\\\/\"]}]},{\"@type\":\"BreadcrumbList\",\"@id\":\"https:\\\/\\\/www.feyalegria.org\\\/uruguay\\\/centros-educativos-2\\\/#breadcrumb\",\"itemListElement\":[{\"@type\":\"ListItem\",\"position\":1,\"name\":\"Home\",\"item\":\"https:\\\/\\\/www.feyalegria.org\\\/uruguay\\\/\"},{\"@type\":\"ListItem\",\"position\":2,\"name\":\"Centros Educativos\"}]},{\"@type\":\"WebSite\",\"@id\":\"https:\\\/\\\/www.feyalegria.org\\\/uruguay\\\/#website\",\"url\":\"https:\\\/\\\/www.feyalegria.org\\\/uruguay\\\/\",\"name\":\"#SomosFeyAlegria en Uruguay\",\"description\":\"Movimiento de Educaci\u00f3n Popular y Promoci\u00f3n Social\",\"potentialAction\":[{\"@type\":\"SearchAction\",\"target\":{\"@type\":\"EntryPoint\",\"urlTemplate\":\"https:\\\/\\\/www.feyalegria.org\\\/uruguay\\\/?s={search_term_string}\"},\"query-input\":{\"@type\":\"PropertyValueSpecification\",\"valueRequired\":true,\"valueName\":\"search_term_string\"}}],\"inLanguage\":\"es\"}]}<\/script>\n<!-- \/ Yoast SEO plugin. -->","yoast_head_json":{"title":"Centros Educativos - #SomosFeyAlegria en Uruguay","robots":{"index":"index","follow":"follow","max-snippet":"max-snippet:-1","max-image-preview":"max-image-preview:large","max-video-preview":"max-video-preview:-1"},"canonical":"https:\/\/www.feyalegria.org\/uruguay\/centros-educativos-2\/","og_locale":"es_ES","og_type":"article","og_title":"Centros Educativos - #SomosFeyAlegria en Uruguay","og_description":"[vc_row][vc_column width=\u00bb2\/3&#8243;][vc_column_text] En Fe y Alegr\u00eda educamos para la trascendencia que permite ampliar la mirada y la perspectiva, que alienta a ser m\u00e1s, amar m\u00e1s y a buscar m\u00e1s all\u00e1 de la realidad concreta. Formamos personas capaces de so\u00f1ar con un mundo m\u00e1s justo y de ser parte de \u00e9l, ni\u00f1os, ni\u00f1as y adolescentes capaces,","og_url":"https:\/\/www.feyalegria.org\/uruguay\/centros-educativos-2\/","og_site_name":"#SomosFeyAlegria en Uruguay","article_modified_time":"2025-08-26T19:41:32+00:00","twitter_card":"summary_large_image","twitter_misc":{"Tiempo de lectura":"5 minutos"},"schema":{"@context":"https:\/\/schema.org","@graph":[{"@type":"WebPage","@id":"https:\/\/www.feyalegria.org\/uruguay\/centros-educativos-2\/","url":"https:\/\/www.feyalegria.org\/uruguay\/centros-educativos-2\/","name":"Centros Educativos - #SomosFeyAlegria en Uruguay","isPartOf":{"@id":"https:\/\/www.feyalegria.org\/uruguay\/#website"},"datePublished":"2021-06-30T15:02:33+00:00","dateModified":"2025-08-26T19:41:32+00:00","breadcrumb":{"@id":"https:\/\/www.feyalegria.org\/uruguay\/centros-educativos-2\/#breadcrumb"},"inLanguage":"es","potentialAction":[{"@type":"ReadAction","target":["https:\/\/www.feyalegria.org\/uruguay\/centros-educativos-2\/"]}]},{"@type":"BreadcrumbList","@id":"https:\/\/www.feyalegria.org\/uruguay\/centros-educativos-2\/#breadcrumb","itemListElement":[{"@type":"ListItem","position":1,"name":"Home","item":"https:\/\/www.feyalegria.org\/uruguay\/"},{"@type":"ListItem","position":2,"name":"Centros Educativos"}]},{"@type":"WebSite","@id":"https:\/\/www.feyalegria.org\/uruguay\/#website","url":"https:\/\/www.feyalegria.org\/uruguay\/","name":"#SomosFeyAlegria en Uruguay","description":"Movimiento de Educaci\u00f3n Popular y Promoci\u00f3n Social","potentialAction":[{"@type":"SearchAction","target":{"@type":"EntryPoint","urlTemplate":"https:\/\/www.feyalegria.org\/uruguay\/?s={search_term_string}"},"query-input":{"@type":"PropertyValueSpecification","valueRequired":true,"valueName":"search_term_string"}}],"inLanguage":"es"}]}},"_links":{"self":[{"href":"https:\/\/www.feyalegria.org\/uruguay\/wp-json\/wp\/v2\/pages\/2957","targetHints":{"allow":["GET"]}}],"collection":[{"href":"https:\/\/www.feyalegria.org\/uruguay\/wp-json\/wp\/v2\/pages"}],"about":[{"href":"https:\/\/www.feyalegria.org\/uruguay\/wp-json\/wp\/v2\/types\/page"}],"author":[{"embeddable":true,"href":"https:\/\/www.feyalegria.org\/uruguay\/wp-json\/wp\/v2\/users\/12"}],"replies":[{"embeddable":true,"href":"https:\/\/www.feyalegria.org\/uruguay\/wp-json\/wp\/v2\/comments?post=2957"}],"version-history":[{"count":2,"href":"https:\/\/www.feyalegria.org\/uruguay\/wp-json\/wp\/v2\/pages\/2957\/revisions"}],"predecessor-version":[{"id":4090,"href":"https:\/\/www.feyalegria.org\/uruguay\/wp-json\/wp\/v2\/pages\/2957\/revisions\/4090"}],"wp:attachment":[{"href":"https:\/\/www.feyalegria.org\/uruguay\/wp-json\/wp\/v2\/media?parent=2957"}],"wp:term":[{"taxonomy":"folder","embeddable":true,"href":"https:\/\/www.feyalegria.org\/uruguay\/wp-json\/wp\/v2\/folder?post=2957"}],"curies":[{"name":"wp","href":"https:\/\/api.w.org\/{rel}","templated":true}]}}