 {"id":4302,"date":"2023-12-07T22:53:23","date_gmt":"2023-12-07T22:53:23","guid":{"rendered":"https:\/\/www.feyalegria.org\/venezuela\/?page_id=4302"},"modified":"2025-05-19T19:26:45","modified_gmt":"2025-05-19T19:26:45","slug":"directorio-fe-y-alegria-capacitacion","status":"publish","type":"page","link":"https:\/\/www.feyalegria.org\/venezuela\/directorio-fe-y-alegria-capacitacion\/","title":{"rendered":"Directorio Fe y Alegr\u00eda Capacitaci\u00f3n"},"content":{"rendered":"<div class=\"wpb-content-wrapper\"><p>[vc_row full_width=\u00bbstretch_row_content\u00bb][vc_column][vc_single_image image=\u00bb5212&#8243; img_size=\u00bbfull\u00bb alignment=\u00bbcenter\u00bb][\/vc_column][\/vc_row][vc_row][vc_column]<div style=\"background-color:;height: 50px\" class=\"nicdark_section  \"><\/div>[vc_column_text]<\/p>\n<h1>Directorio Fe y Alegr\u00eda Capacitaci\u00f3n<\/h1>\n<p>[\/vc_column_text]<div style=\"background-color:;height: 50px\" class=\"nicdark_section  \"><\/div>[vc_column_text]<\/p>\n<h2 style=\"text-align: center;font-weight: normal\">Direcci\u00f3n Nacional<\/h2>\n<p>[\/vc_column_text]<div style=\"background-color:;height: 20px\" class=\"nicdark_section  \"><\/div>[\/vc_column][\/vc_row][vc_row][vc_column width=\u00bb1\/6&#8243;][vc_single_image image=\u00bb4251&#8243; alignment=\u00bbcenter\u00bb style=\u00bbvc_box_border\u00bb][\/vc_column][vc_column width=\u00bb1\/6&#8243;][vc_column_text css=\u00bb.vc_custom_1701987434451{margin-top: 75px !important;margin-left: -15px !important;}\u00bb]<\/p>\n<h4 style=\"font-weight: normal;text-align: left\">Directora<\/h4>\n<p>&nbsp;<\/p>\n<h4 style=\"font-weight: normal;text-align: left\"><strong>Sandra Chac\u00f3n<\/strong><br \/>\n<a href=\"mailto:s.chacon@feyalegria.edu.ve\">s.chacon@feyalegria.edu.ve<\/a><\/h4>\n<p>[\/vc_column_text][\/vc_column][vc_column width=\u00bb1\/6&#8243;][\/vc_column][vc_column width=\u00bb1\/2&#8243; css=\u00bb.vc_custom_1700228093811{background-color: rgba(228,228,228,0.5) !important;*background-color: rgb(228,228,228) !important;border-radius: 5px !important;}\u00bb][vc_column_text css=\u00bb.vc_custom_1701987389805{padding-top: 10px !important;padding-bottom: 0px !important;padding-left: 0px !important;}\u00bb]<img loading=\"lazy\" decoding=\"async\" class=\"size-full wp-image-4132 alignleft\" src=\"https:\/\/www.feyalegria.org\/wp-content\/uploads\/sites\/4\/2023\/11\/5-2.png\" alt=\"\" width=\"80\" height=\"80\" \/><\/p>\n<p style=\"text-align: left\" align=\"center\">Complejo Educativo Fe y Alegr\u00eda, 8\u00aa carrera Sur entre 2\u00aa y 3\u00aa calle. El Tigre, estado Anzo\u00e1tegui.<br \/>\nTel\u00e9fono: (0283) 231 5005 | 231 0935<\/p>\n<p>[\/vc_column_text][\/vc_column][\/vc_row][vc_row][vc_column]<div style=\"background-color:;height: 60px\" class=\"nicdark_section  \"><\/div>[\/vc_column][\/vc_row][vc_row][vc_column][vc_row_inner][vc_column_inner width=\u00bb1\/3&#8243;][vc_column_text]<\/p>\n<div class=\"wpb_text_column wpb_content_element \">\n<div class=\"wpb_wrapper\">\n<h4 style=\"font-weight: normal;text-align: left\">Pedagog\u00eda e Investigaci\u00f3n<\/h4>\n<p>&nbsp;<\/p>\n<p><strong>Diana Reyes<\/strong><\/p>\n<p style=\"text-align: left\" align=\"center\">Tel\u00e9fono (0251) 441 6751<\/p>\n<p style=\"text-align: left\" align=\"center\"><a href=\"mailto:d.reyes@feyalegria.edu.ve\">d.reyes@feyalegria.edu.ve<\/a><\/p>\n<\/div>\n<\/div>\n<p>[\/vc_column_text][\/vc_column_inner][vc_column_inner width=\u00bb1\/3&#8243;][vc_column_text]<\/p>\n<div class=\"wpb_text_column wpb_content_element \">\n<div class=\"wpb_wrapper\">\n<h4 style=\"font-weight: normal;text-align: left\">Productividad y Emprendimiento<\/h4>\n<p>&nbsp;<\/p>\n<p style=\"text-align: left\" align=\"center\"><strong>Lisbeth Rodr\u00edguez<\/strong><\/p>\n<p style=\"text-align: left\" align=\"center\">Tel\u00e9fono (0251) 441 6751<\/p>\n<p style=\"text-align: left\" align=\"center\"><a href=\"mailto:l.rodriguez@feyalegria.edu.ve\">l.rodriguez@feyalegria.edu.ve\u00a0<\/a><\/p>\n<\/div>\n<\/div>\n<p>[\/vc_column_text][\/vc_column_inner][vc_column_inner width=\u00bb1\/3&#8243;][vc_column_text]<\/p>\n<div class=\"wpb_text_column wpb_content_element \">\n<div class=\"wpb_wrapper\">\n<h4 style=\"font-weight: normal;text-align: left\">Pastoral y Formaci\u00f3n<\/h4>\n<p>&nbsp;<\/p>\n<p><strong>Eliner Solano<\/strong><\/p>\n<p style=\"text-align: left\" align=\"center\">Tel\u00e9fono (0283) 231 5005<\/p>\n<p><a href=\"mailto:elinercristina@feyalegria.edu.ve\">elinercristina@feyalegria.edu.ve\u00a0<\/a><\/p>\n<\/div>\n<\/div>\n<div class=\"vc_separator wpb_content_element vc_separator_align_center vc_sep_width_50 vc_sep_shadow vc_sep_pos_align_center vc_separator_no_text vc_sep_color_mulled_wine\"><\/div>\n<p>[\/vc_column_text][\/vc_column_inner][\/vc_row_inner]<div style=\"background-color:;height: 20px\" class=\"nicdark_section  \"><\/div>[vc_row_inner][vc_column_inner width=\u00bb1\/6&#8243;][\/vc_column_inner][vc_column_inner width=\u00bb1\/3&#8243;][vc_column_text]<\/p>\n<div class=\"wpb_text_column wpb_content_element \">\n<div class=\"wpb_wrapper\">\n<h4 style=\"font-weight: normal;text-align: left\">Planificaci\u00f3n y Proyectos<\/h4>\n<p>&nbsp;<\/p>\n<\/div>\n<p><strong>Mar\u00eda C. Ram\u00edrez<\/strong><\/p>\n<p style=\"text-align: left\" align=\"center\">Tel\u00e9fono (0274) 251 0247<\/p>\n<p><a href=\"mailto:m.ramirez@feyalegria.edu.ve\">m.ramirez@feyalegria.edu.ve\u00a0<\/a><\/p>\n<div class=\"wpb_wrapper\"><\/div>\n<\/div>\n<div class=\"vc_separator wpb_content_element vc_separator_align_center vc_sep_width_50 vc_sep_shadow vc_sep_pos_align_center vc_separator_no_text vc_sep_color_mulled_wine\" style=\"text-align: left\"><\/div>\n<p>[\/vc_column_text][\/vc_column_inner][vc_column_inner width=\u00bb1\/3&#8243;][vc_column_text]<\/p>\n<div class=\"wpb_text_column wpb_content_element \">\n<div class=\"wpb_wrapper\">\n<h4 style=\"font-weight: normal;text-align: left\">Administraci\u00f3n y Finanzas<\/h4>\n<p>&nbsp;<\/p>\n<\/div>\n<p><strong>Yosaida Lugo<\/strong><\/p>\n<p style=\"text-align: left\" align=\"center\">Tel\u00e9fono (0282) 422 6053<\/p>\n<p style=\"text-align: left\" align=\"center\"><a href=\"mailto:y.lugo@feyalegria.edu.ve\">y.lugo@feyalegria.edu.ve\u00a0<\/a><\/p>\n<div class=\"wpb_wrapper\">\n<p style=\"text-align: left\" align=\"center\">\n<\/div>\n<\/div>\n<p>[\/vc_column_text][\/vc_column_inner][vc_column_inner width=\u00bb1\/6&#8243;][\/vc_column_inner][\/vc_row_inner]<div style=\"background-color:;height: 20px\" class=\"nicdark_section  \"><\/div>[\/vc_column][\/vc_row][vc_row full_width=\u00bbstretch_row_content\u00bb enable_first_overlay=\u00bbtrue\u00bb first_overlay_opacity=\u00bb25&#8243; first_background_color=\u00bb#e4e4e4&#8243;][vc_column]<div style=\"background-color:;height: 50px\" class=\"nicdark_section  \"><\/div>[vc_column_text]<\/p>\n<h2 style=\"text-align: center;font-weight: normal\">Centros de Capacitaci\u00f3n<\/h2>\n<p>[\/vc_column_text]<div style=\"background-color:;height: 30px\" class=\"nicdark_section  \"><\/div>[vc_row_inner css=\u00bb.vc_custom_1700232258517{margin-right: 100px !important;margin-left: 100px !important;}\u00bb][vc_column_inner width=\u00bb1\/3&#8243;][vc_column_text]<\/p>\n<h4>Anzo\u00e1tegui<\/h4>\n<p>&nbsp;<\/p>\n<p><b>Yosaida Lugo<\/b><\/p>\n<p style=\"text-align: left\" align=\"center\">(0282) 442 6053<\/p>\n<p style=\"text-align: left\" align=\"center\"><a href=\"mailto:y.lugo@feyalegria.edu.ve\">y.lugo@feyalegria.edu.ve<\/a><\/p>\n<p>[\/vc_column_text][\/vc_column_inner][vc_column_inner width=\u00bb1\/3&#8243;][vc_column_text]<\/p>\n<h4 style=\"text-align: left\">Apure<\/h4>\n<p>&nbsp;<\/p>\n<p style=\"text-align: left\"><b>Yulis Orasmas<\/b><br \/>\n(0412) 982 2527<\/p>\n<p style=\"text-align: left\"><a href=\"mailto:y.orasmas@feyalegria.edu.ve\">y.orasmas@feyalegria.edu.ve<\/a><\/p>\n<p>[\/vc_column_text][\/vc_column_inner][vc_column_inner width=\u00bb1\/3&#8243;][vc_column_text]<\/p>\n<h4>Aragua<\/h4>\n<p>&nbsp;<\/p>\n<p><b>Jhonathan Mar\u00edn<\/b><br \/>\n(0424) 344 9113<\/p>\n<p><a href=\"mailto:j.silva@feyalegria.edu.ve\">j.silva@feyalegria.edu.ve<\/a>[\/vc_column_text][\/vc_column_inner][\/vc_row_inner]<div style=\"background-color:;height: 40px\" class=\"nicdark_section  \"><\/div>[vc_row_inner css=\u00bb.vc_custom_1700232299465{margin-right: 100px !important;margin-left: 100px !important;}\u00bb][vc_column_inner width=\u00bb1\/3&#8243;][vc_column_text]<\/p>\n<h4>Barinas<\/h4>\n<p>&nbsp;<\/p>\n<p><b>Eliner Solano<\/b><\/p>\n<p>Tel\u00e9fonos (0283) 231 5005<\/p>\n<p><a href=\"mailto:elinercristina@feyalegria.edu.ve\">elinercristina@feyalegria.edu.ve<\/a>[\/vc_column_text][\/vc_column_inner][vc_column_inner width=\u00bb1\/3&#8243;][vc_column_text]<\/p>\n<h4>Bol\u00edvar<\/h4>\n<p>&nbsp;<\/p>\n<p><b>Camejo Kandibel<\/b><br \/>\n(0285) 651 6944<\/p>\n<p><a href=\"mailto:c.kandibel@feyalegria.edu.ve\">c.kandibel@feyalegria.edu.ve<\/a>[\/vc_column_text][\/vc_column_inner][vc_column_inner width=\u00bb1\/3&#8243;][vc_column_text]<\/p>\n<h4>Carabobo<\/h4>\n<p>&nbsp;<\/p>\n<p><b>Jos\u00e9 Ponz\u00f3n<\/b><br \/>\n(0412) 742 0904<\/p>\n<p><a href=\"mailto:j.ponzon@feyalegria.edu.ve\">j.ponzon@feyalegria.edu.ve<\/a>[\/vc_column_text][\/vc_column_inner][\/vc_row_inner]<div style=\"background-color:;height: 40px\" class=\"nicdark_section  \"><\/div>[vc_row_inner css=\u00bb.vc_custom_1700232299465{margin-right: 100px !important;margin-left: 100px !important;}\u00bb][vc_column_inner width=\u00bb1\/3&#8243;][vc_column_text]<\/p>\n<h4>Delta Amacuro<\/h4>\n<p>&nbsp;<\/p>\n<p><b>Carmen Morantes<\/b><br \/>\n(0414) 879 6580<\/p>\n<p><a href=\"mailto:c.kandibel@feyalegria.edu.ve\">c.kandibel@feyalegria.edu.ve<\/a>[\/vc_column_text][\/vc_column_inner][vc_column_inner width=\u00bb1\/3&#8243;][vc_column_text]<\/p>\n<h4>Distrito Capital<\/h4>\n<p>&nbsp;<\/p>\n<p><b>Glaymer Bello<\/b><br \/>\n(0212) 564 7423<\/p>\n<p><a href=\"mailto:g.bello@feyalegria.edu.ve\">g.bello@feyalegria.edu.ve<\/a>[\/vc_column_text][\/vc_column_inner][vc_column_inner width=\u00bb1\/3&#8243;][vc_column_text]<\/p>\n<h4>Gu\u00e1rico<\/h4>\n<p>&nbsp;<\/p>\n<p><b>Katiuska Garc\u00eda<\/b><br \/>\n(0426) 3959952<\/p>\n<p><a href=\"mailto:garcia.y@feyalegria.edu.ve\">garcia.y@feyalegria.edu.ve<\/a>[\/vc_column_text][\/vc_column_inner][\/vc_row_inner]<div style=\"background-color:;height: 40px\" class=\"nicdark_section  \"><\/div>[vc_row_inner css=\u00bb.vc_custom_1700232299465{margin-right: 100px !important;margin-left: 100px !important;}\u00bb][vc_column_inner width=\u00bb1\/3&#8243;][vc_column_text]<\/p>\n<h4>La Guaira<\/h4>\n<p>&nbsp;<\/p>\n<p><b>Glaymer Bello<\/b><br \/>\n(0212) 564 7423<\/p>\n<p><a href=\"mailto:g.bello@feyalegria.edu.ve\">g.bello@feyalegria.edu.ve<\/a>[\/vc_column_text][\/vc_column_inner][vc_column_inner width=\u00bb1\/3&#8243;][vc_column_text]<\/p>\n<h4>Lara<\/h4>\n<p>&nbsp;<\/p>\n<p><b>Alsy Alexander Rivero P\u00e9rez<\/b><br \/>\n(0251) 441 1215<\/p>\n<p><a href=\"mailto:a.rivero@feyalegria.edu.ve\">a.rivero@feyalegria.edu.ve<\/a>[\/vc_column_text][\/vc_column_inner][vc_column_inner width=\u00bb1\/3&#8243;][vc_column_text]<\/p>\n<h4>M\u00e9rida<\/h4>\n<p>&nbsp;<\/p>\n<p><b>Doris Boueiri<\/b><\/p>\n<p>(0274) 251 0247<\/p>\n<p><a href=\"mailto:d.boueiri@feyalegria.edu.ve\">d.boueiri@feyalegria.edu.ve<\/a>[\/vc_column_text][\/vc_column_inner][\/vc_row_inner]<div style=\"background-color:;height: 40px\" class=\"nicdark_section  \"><\/div>[vc_row_inner css=\u00bb.vc_custom_1700232299465{margin-right: 100px !important;margin-left: 100px !important;}\u00bb][vc_column_inner width=\u00bb1\/3&#8243;][vc_column_text]<\/p>\n<h4>Miranda<\/h4>\n<p>&nbsp;<\/p>\n<p><b>Odalis Camacho<\/b><\/p>\n<p>(0424) 254 1591<\/p>\n<p><a href=\"mailto:o.camacho@feyalegria.edu.ve\">o.camacho@feyalegria.edu.ve<\/a>[\/vc_column_text][\/vc_column_inner][vc_column_inner width=\u00bb1\/3&#8243;][vc_column_text]<\/p>\n<h4>Monagas<\/h4>\n<p>&nbsp;<\/p>\n<p><b>Elionay Rodr\u00edguez<\/b><\/p>\n<p>(0291) 642 5016 | 642 1081<\/p>\n<p><a href=\"mailto:elionay.r@feyalegria.edu.ve\">elionay.r@feyalegria.edu.ve<\/a>[\/vc_column_text][\/vc_column_inner][vc_column_inner width=\u00bb1\/3&#8243;][vc_column_text]<\/p>\n<h4>Nueva Esparta<\/h4>\n<p>&nbsp;<\/p>\n<p><b>Yumely Hern\u00e1ndez<\/b><\/p>\n<p>(0295) 253 5248<\/p>\n<p><a href=\"mailto:fyacapacitacion20c007@feyalegria.edu.ve\">fyacapacitacion20c007@feyalegria.edu.ve<\/a>[\/vc_column_text][\/vc_column_inner][\/vc_row_inner]<div style=\"background-color:;height: 40px\" class=\"nicdark_section  \"><\/div>[vc_row_inner css=\u00bb.vc_custom_1700232299465{margin-right: 100px !important;margin-left: 100px !important;}\u00bb][vc_column_inner width=\u00bb1\/3&#8243;][vc_column_text]<\/p>\n<h4>Portuguesa<\/h4>\n<p>&nbsp;<\/p>\n<p><b>Yorge Pi\u00f1a<\/b><\/p>\n<p>(0424) 563 5639<\/p>\n<p><a href=\"mailto:y.pina@feyalegria.edu.ve\">y.pina@feyalegria.edu.ve<\/a>[\/vc_column_text][\/vc_column_inner][vc_column_inner width=\u00bb1\/3&#8243;][vc_column_text]<\/p>\n<h4>Sucre<\/h4>\n<p>&nbsp;<\/p>\n<p><b>Carlos Pe\u00f1a<\/b><\/p>\n<p>(0424) 840 0566<\/p>\n<p><a href=\"mailto:c.pena@feyalegria.edu.ve\">c.pena@feyalegria.edu.ve<\/a>[\/vc_column_text][\/vc_column_inner][vc_column_inner width=\u00bb1\/3&#8243;][vc_column_text]<\/p>\n<h4>T\u00e1chira<\/h4>\n<p>&nbsp;<\/p>\n<p><b>Alix Chac\u00f3n<\/b><\/p>\n<p>(0424) 729 4363<\/p>\n<p><a href=\"mailto:chacon.a@feyalegria.edu.ve\">chacon.a@feyalegria.edu.ve<\/a>[\/vc_column_text][\/vc_column_inner][\/vc_row_inner]<div style=\"background-color:;height: 40px\" class=\"nicdark_section  \"><\/div>[vc_row_inner css=\u00bb.vc_custom_1700232299465{margin-right: 100px !important;margin-left: 100px !important;}\u00bb][vc_column_inner width=\u00bb1\/3&#8243;][vc_column_text]<\/p>\n<h4>Trujillo<\/h4>\n<p>&nbsp;<\/p>\n<p><b>Dalmar Gim\u00e9nez<\/b><\/p>\n<p>(0424) 7495 685<\/p>\n<p><a href=\"mailto:d.gimenez@feyalegria.edu.ve\">d.gimenez@feyalegria.edu.ve<\/a>[\/vc_column_text][\/vc_column_inner][vc_column_inner width=\u00bb1\/3&#8243;][vc_column_text]<\/p>\n<h4>Zulia<\/h4>\n<p>&nbsp;<\/p>\n<p><b>Francisco Valbuena<\/b><br \/>\n(0261) 729 1301 | 729 1498<\/p>\n<p><a href=\"mailto:valbuena.f@feyalegria.edu.ve\">valbuena.f@feyalegria.edu.ve<\/a>[\/vc_column_text][\/vc_column_inner][vc_column_inner width=\u00bb1\/3&#8243;][\/vc_column_inner][\/vc_row_inner][\/vc_column][\/vc_row][vc_row][vc_column]<div style=\"background-color:;height: 20px\" class=\"nicdark_section  \"><\/div>[vc_btn title=\u00bbVolver al Directorio\u00bb style=\u00bbcustom\u00bb custom_background=\u00bb#d10a10&#8243; custom_text=\u00bb#ffffff\u00bb align=\u00bbright\u00bb link=\u00bburl:https%3A%2F%2Fwww.feyalegria.org%2Fvenezuela%2Fdirectorio%2F\u00bb]<div style=\"background-color:;height: 20px\" class=\"nicdark_section  \"><\/div>[\/vc_column][\/vc_row]<\/p>\n<\/div>","protected":false},"excerpt":{"rendered":"<p>[vc_row full_width=\u00bbstretch_row_content\u00bb][vc_column][vc_single_image image=\u00bb5212&#8243; img_size=\u00bbfull\u00bb alignment=\u00bbcenter\u00bb][\/vc_column][\/vc_row][vc_row][vc_column][vc_column_text] Directorio Fe y Alegr\u00eda Capacitaci\u00f3n [\/vc_column_text][vc_column_text] Direcci\u00f3n Nacional [\/vc_column_text][\/vc_column][\/vc_row][vc_row][vc_column width=\u00bb1\/6&#8243;][vc_single_image image=\u00bb4251&#8243; alignment=\u00bbcenter\u00bb style=\u00bbvc_box_border\u00bb][\/vc_column][vc_column width=\u00bb1\/6&#8243;][vc_column_text css=\u00bb.vc_custom_1701987434451{margin-top: 75px !important;margin-left: -15px !important;}\u00bb] Directora &nbsp; Sandra Chac\u00f3n s.chacon@feyalegria.edu.ve [\/vc_column_text][\/vc_column][vc_column width=\u00bb1\/6&#8243;][\/vc_column][vc_column width=\u00bb1\/2&#8243; css=\u00bb.vc_custom_1700228093811{background-color: rgba(228,228,228,0.5) !important;*background-color: rgb(228,228,228) !important;border-radius: 5px !important;}\u00bb][vc_column_text css=\u00bb.vc_custom_1701987389805{padding-top: 10px !important;padding-bottom: 0px !important;padding-left: 0px !important;}\u00bb] Complejo Educativo Fe y Alegr\u00eda, 8\u00aa carrera Sur entre<\/p>\n","protected":false},"author":6,"featured_media":0,"parent":0,"menu_order":0,"comment_status":"closed","ping_status":"closed","template":"","meta":{"_acf_changed":false,"footnotes":""},"folder":[],"class_list":["post-4302","page","type-page","status-publish","hentry"],"acf":[],"yoast_head":"<!-- This site is optimized with the Yoast SEO plugin v27.4 - https:\/\/yoast.com\/product\/yoast-seo-wordpress\/ -->\n<title>Directorio Fe y Alegr\u00eda Capacitaci\u00f3n - Fe y Alegr\u00eda en Venezuela<\/title>\n<meta name=\"robots\" content=\"index, follow, max-snippet:-1, max-image-preview:large, max-video-preview:-1\" \/>\n<link rel=\"canonical\" href=\"https:\/\/www.feyalegria.org\/venezuela\/directorio-fe-y-alegria-capacitacion\/\" \/>\n<meta property=\"og:locale\" content=\"es_ES\" \/>\n<meta property=\"og:type\" content=\"article\" \/>\n<meta property=\"og:title\" content=\"Directorio Fe y Alegr\u00eda Capacitaci\u00f3n - Fe y Alegr\u00eda en Venezuela\" \/>\n<meta property=\"og:description\" content=\"[vc_row full_width=\u00bbstretch_row_content\u00bb][vc_column][vc_single_image image=\u00bb5212&#8243; img_size=\u00bbfull\u00bb alignment=\u00bbcenter\u00bb][\/vc_column][\/vc_row][vc_row][vc_column][vc_column_text] Directorio Fe y Alegr\u00eda Capacitaci\u00f3n [\/vc_column_text][vc_column_text] Direcci\u00f3n Nacional [\/vc_column_text][\/vc_column][\/vc_row][vc_row][vc_column width=\u00bb1\/6&#8243;][vc_single_image image=\u00bb4251&#8243; alignment=\u00bbcenter\u00bb style=\u00bbvc_box_border\u00bb][\/vc_column][vc_column width=\u00bb1\/6&#8243;][vc_column_text css=\u00bb.vc_custom_1701987434451{margin-top: 75px !important;margin-left: -15px !important;}\u00bb] Directora &nbsp; Sandra Chac\u00f3n s.chacon@feyalegria.edu.ve [\/vc_column_text][\/vc_column][vc_column width=\u00bb1\/6&#8243;][\/vc_column][vc_column width=\u00bb1\/2&#8243; css=\u00bb.vc_custom_1700228093811{background-color: rgba(228,228,228,0.5) !important;*background-color: rgb(228,228,228) !important;border-radius: 5px !important;}\u00bb][vc_column_text css=\u00bb.vc_custom_1701987389805{padding-top: 10px !important;padding-bottom: 0px !important;padding-left: 0px !important;}\u00bb] Complejo Educativo Fe y Alegr\u00eda, 8\u00aa carrera Sur entre\" \/>\n<meta property=\"og:url\" content=\"https:\/\/www.feyalegria.org\/venezuela\/directorio-fe-y-alegria-capacitacion\/\" \/>\n<meta property=\"og:site_name\" content=\"Fe y Alegr\u00eda en Venezuela\" \/>\n<meta property=\"article:modified_time\" content=\"2025-05-19T19:26:45+00:00\" \/>\n<meta property=\"og:image\" content=\"https:\/\/d3pugrm67vf9n7.cloudfront.net\/wp-content\/uploads\/sites\/4\/2023\/11\/17115843\/5-2.png\" \/>\n\t<meta property=\"og:image:width\" content=\"80\" \/>\n\t<meta property=\"og:image:height\" content=\"80\" \/>\n\t<meta property=\"og:image:type\" content=\"image\/png\" \/>\n<meta name=\"twitter:card\" content=\"summary_large_image\" \/>\n<meta name=\"twitter:label1\" content=\"Tiempo de lectura\" \/>\n\t<meta name=\"twitter:data1\" content=\"3 minutos\" \/>\n<script type=\"application\/ld+json\" class=\"yoast-schema-graph\">{\"@context\":\"https:\\\/\\\/schema.org\",\"@graph\":[{\"@type\":\"WebPage\",\"@id\":\"https:\\\/\\\/www.feyalegria.org\\\/venezuela\\\/directorio-fe-y-alegria-capacitacion\\\/\",\"url\":\"https:\\\/\\\/www.feyalegria.org\\\/venezuela\\\/directorio-fe-y-alegria-capacitacion\\\/\",\"name\":\"Directorio Fe y Alegr\u00eda Capacitaci\u00f3n - Fe y Alegr\u00eda en Venezuela\",\"isPartOf\":{\"@id\":\"https:\\\/\\\/www.feyalegria.org\\\/venezuela\\\/#website\"},\"primaryImageOfPage\":{\"@id\":\"https:\\\/\\\/www.feyalegria.org\\\/venezuela\\\/directorio-fe-y-alegria-capacitacion\\\/#primaryimage\"},\"image\":{\"@id\":\"https:\\\/\\\/www.feyalegria.org\\\/venezuela\\\/directorio-fe-y-alegria-capacitacion\\\/#primaryimage\"},\"thumbnailUrl\":\"https:\\\/\\\/www.feyalegria.org\\\/wp-content\\\/uploads\\\/sites\\\/4\\\/2023\\\/11\\\/5-2.png\",\"datePublished\":\"2023-12-07T22:53:23+00:00\",\"dateModified\":\"2025-05-19T19:26:45+00:00\",\"inLanguage\":\"es\",\"potentialAction\":[{\"@type\":\"ReadAction\",\"target\":[\"https:\\\/\\\/www.feyalegria.org\\\/venezuela\\\/directorio-fe-y-alegria-capacitacion\\\/\"]}]},{\"@type\":\"ImageObject\",\"inLanguage\":\"es\",\"@id\":\"https:\\\/\\\/www.feyalegria.org\\\/venezuela\\\/directorio-fe-y-alegria-capacitacion\\\/#primaryimage\",\"url\":\"https:\\\/\\\/www.feyalegria.org\\\/wp-content\\\/uploads\\\/sites\\\/4\\\/2023\\\/11\\\/5-2.png\",\"contentUrl\":\"https:\\\/\\\/www.feyalegria.org\\\/wp-content\\\/uploads\\\/sites\\\/4\\\/2023\\\/11\\\/5-2.png\"},{\"@type\":\"WebSite\",\"@id\":\"https:\\\/\\\/www.feyalegria.org\\\/venezuela\\\/#website\",\"url\":\"https:\\\/\\\/www.feyalegria.org\\\/venezuela\\\/\",\"name\":\"Fe y Alegr\u00eda en Venezuela\",\"description\":\"\",\"potentialAction\":[{\"@type\":\"SearchAction\",\"target\":{\"@type\":\"EntryPoint\",\"urlTemplate\":\"https:\\\/\\\/www.feyalegria.org\\\/venezuela\\\/?s={search_term_string}\"},\"query-input\":{\"@type\":\"PropertyValueSpecification\",\"valueRequired\":true,\"valueName\":\"search_term_string\"}}],\"inLanguage\":\"es\"}]}<\/script>\n<!-- \/ Yoast SEO plugin. -->","yoast_head_json":{"title":"Directorio Fe y Alegr\u00eda Capacitaci\u00f3n - Fe y Alegr\u00eda en Venezuela","robots":{"index":"index","follow":"follow","max-snippet":"max-snippet:-1","max-image-preview":"max-image-preview:large","max-video-preview":"max-video-preview:-1"},"canonical":"https:\/\/www.feyalegria.org\/venezuela\/directorio-fe-y-alegria-capacitacion\/","og_locale":"es_ES","og_type":"article","og_title":"Directorio Fe y Alegr\u00eda Capacitaci\u00f3n - Fe y Alegr\u00eda en Venezuela","og_description":"[vc_row full_width=\u00bbstretch_row_content\u00bb][vc_column][vc_single_image image=\u00bb5212&#8243; img_size=\u00bbfull\u00bb alignment=\u00bbcenter\u00bb][\/vc_column][\/vc_row][vc_row][vc_column][vc_column_text] Directorio Fe y Alegr\u00eda Capacitaci\u00f3n [\/vc_column_text][vc_column_text] Direcci\u00f3n Nacional [\/vc_column_text][\/vc_column][\/vc_row][vc_row][vc_column width=\u00bb1\/6&#8243;][vc_single_image image=\u00bb4251&#8243; alignment=\u00bbcenter\u00bb style=\u00bbvc_box_border\u00bb][\/vc_column][vc_column width=\u00bb1\/6&#8243;][vc_column_text css=\u00bb.vc_custom_1701987434451{margin-top: 75px !important;margin-left: -15px !important;}\u00bb] Directora &nbsp; Sandra Chac\u00f3n s.chacon@feyalegria.edu.ve [\/vc_column_text][\/vc_column][vc_column width=\u00bb1\/6&#8243;][\/vc_column][vc_column width=\u00bb1\/2&#8243; css=\u00bb.vc_custom_1700228093811{background-color: rgba(228,228,228,0.5) !important;*background-color: rgb(228,228,228) !important;border-radius: 5px !important;}\u00bb][vc_column_text css=\u00bb.vc_custom_1701987389805{padding-top: 10px !important;padding-bottom: 0px !important;padding-left: 0px !important;}\u00bb] Complejo Educativo Fe y Alegr\u00eda, 8\u00aa carrera Sur entre","og_url":"https:\/\/www.feyalegria.org\/venezuela\/directorio-fe-y-alegria-capacitacion\/","og_site_name":"Fe y Alegr\u00eda en Venezuela","article_modified_time":"2025-05-19T19:26:45+00:00","og_image":[{"width":80,"height":80,"url":"https:\/\/d3pugrm67vf9n7.cloudfront.net\/wp-content\/uploads\/sites\/4\/2023\/11\/17115843\/5-2.png","type":"image\/png"}],"twitter_card":"summary_large_image","twitter_misc":{"Tiempo de lectura":"3 minutos"},"schema":{"@context":"https:\/\/schema.org","@graph":[{"@type":"WebPage","@id":"https:\/\/www.feyalegria.org\/venezuela\/directorio-fe-y-alegria-capacitacion\/","url":"https:\/\/www.feyalegria.org\/venezuela\/directorio-fe-y-alegria-capacitacion\/","name":"Directorio Fe y Alegr\u00eda Capacitaci\u00f3n - Fe y Alegr\u00eda en Venezuela","isPartOf":{"@id":"https:\/\/www.feyalegria.org\/venezuela\/#website"},"primaryImageOfPage":{"@id":"https:\/\/www.feyalegria.org\/venezuela\/directorio-fe-y-alegria-capacitacion\/#primaryimage"},"image":{"@id":"https:\/\/www.feyalegria.org\/venezuela\/directorio-fe-y-alegria-capacitacion\/#primaryimage"},"thumbnailUrl":"https:\/\/www.feyalegria.org\/wp-content\/uploads\/sites\/4\/2023\/11\/5-2.png","datePublished":"2023-12-07T22:53:23+00:00","dateModified":"2025-05-19T19:26:45+00:00","inLanguage":"es","potentialAction":[{"@type":"ReadAction","target":["https:\/\/www.feyalegria.org\/venezuela\/directorio-fe-y-alegria-capacitacion\/"]}]},{"@type":"ImageObject","inLanguage":"es","@id":"https:\/\/www.feyalegria.org\/venezuela\/directorio-fe-y-alegria-capacitacion\/#primaryimage","url":"https:\/\/www.feyalegria.org\/wp-content\/uploads\/sites\/4\/2023\/11\/5-2.png","contentUrl":"https:\/\/www.feyalegria.org\/wp-content\/uploads\/sites\/4\/2023\/11\/5-2.png"},{"@type":"WebSite","@id":"https:\/\/www.feyalegria.org\/venezuela\/#website","url":"https:\/\/www.feyalegria.org\/venezuela\/","name":"Fe y Alegr\u00eda en Venezuela","description":"","potentialAction":[{"@type":"SearchAction","target":{"@type":"EntryPoint","urlTemplate":"https:\/\/www.feyalegria.org\/venezuela\/?s={search_term_string}"},"query-input":{"@type":"PropertyValueSpecification","valueRequired":true,"valueName":"search_term_string"}}],"inLanguage":"es"}]}},"_links":{"self":[{"href":"https:\/\/www.feyalegria.org\/venezuela\/wp-json\/wp\/v2\/pages\/4302","targetHints":{"allow":["GET"]}}],"collection":[{"href":"https:\/\/www.feyalegria.org\/venezuela\/wp-json\/wp\/v2\/pages"}],"about":[{"href":"https:\/\/www.feyalegria.org\/venezuela\/wp-json\/wp\/v2\/types\/page"}],"author":[{"embeddable":true,"href":"https:\/\/www.feyalegria.org\/venezuela\/wp-json\/wp\/v2\/users\/6"}],"replies":[{"embeddable":true,"href":"https:\/\/www.feyalegria.org\/venezuela\/wp-json\/wp\/v2\/comments?post=4302"}],"version-history":[{"count":0,"href":"https:\/\/www.feyalegria.org\/venezuela\/wp-json\/wp\/v2\/pages\/4302\/revisions"}],"wp:attachment":[{"href":"https:\/\/www.feyalegria.org\/venezuela\/wp-json\/wp\/v2\/media?parent=4302"}],"wp:term":[{"taxonomy":"folder","embeddable":true,"href":"https:\/\/www.feyalegria.org\/venezuela\/wp-json\/wp\/v2\/folder?post=4302"}],"curies":[{"name":"wp","href":"https:\/\/api.w.org\/{rel}","templated":true}]}}