{"id":7620,"date":"2024-10-13T18:42:34","date_gmt":"2024-10-13T18:42:34","guid":{"rendered":"https:\/\/www.feyalegria.org\/venezuela\/?page_id=7620"},"modified":"2025-06-16T19:46:46","modified_gmt":"2025-06-16T19:46:46","slug":"financiamiento-y-gestion","status":"publish","type":"page","link":"https:\/\/www.feyalegria.org\/venezuela\/financiamiento-y-gestion\/","title":{"rendered":"Financiamiento y gesti\u00f3n"},"content":{"rendered":"<div class=\"wpb-content-wrapper\"><p>[vc_row full_width=\u00bbstretch_row_content\u00bb css=\u00bb.vc_custom_1721778500560{background-color: #aa0f16 !important;}\u00bb][vc_column][vc_column_text css=\u00bb\u00bb]<\/p>\n<h1 style=\"text-align: center;\"><span style=\"color: #ffffff;\">Financiamiento y gesti\u00f3n<\/span><\/h1>\n<p>[\/vc_column_text][\/vc_column][\/vc_row][vc_row full_width=\u00bbstretch_row_content\u00bb][vc_column]<div style=\"background-color:;height: 15px\" class=\"nicdark_section  \"><\/div>[\/vc_column][\/vc_row][vc_row][vc_column width=\u00bb1\/5&#8243; alignment=\u00bbcenter\u00bb][vc_btn title=\u00bbPreguntas frecuentes\u00bb style=\u00bboutline-custom\u00bb outline_custom_color=\u00bb#6f8c2b\u00bb outline_custom_hover_background=\u00bb#6f8c2b\u00bb outline_custom_hover_text=\u00bb#ffffff\u00bb align=\u00bbcenter\u00bb css=\u00bb\u00bb link=\u00bburl:https%3A%2F%2Fwww.feyalegria.org%2Fvenezuela%2Fpreguntas-frecuentes-2%2F|title:Preguntas%20frecuentes|target:_blank\u00bb][\/vc_column][vc_column width=\u00bb1\/5&#8243; alignment=\u00bbcenter\u00bb][vc_btn title=\u00bbEscuela Virtual\u00bb style=\u00bboutline-custom\u00bb outline_custom_color=\u00bb#a53580&#8243; outline_custom_hover_background=\u00bb#a53580&#8243; outline_custom_hover_text=\u00bb#ffffff\u00bb align=\u00bbcenter\u00bb css=\u00bb\u00bb link=\u00bburl:https%3A%2F%2Fescuelavirtual.feyalegria.org%2Faulas%2Fcourse%2Findex.php%3Fcategoryid%3D88|title:Cursos%20Pedagog%C3%ADa|target:_blank\u00bb][\/vc_column][vc_column width=\u00bb1\/5&#8243; alignment=\u00bbcenter\u00bb][vc_btn title=\u00bbEnConFyAnza\u00bb style=\u00bboutline-custom\u00bb outline_custom_color=\u00bb#d7ac14&#8243; outline_custom_hover_background=\u00bb#d7ac14&#8243; outline_custom_hover_text=\u00bb#ffffff\u00bb align=\u00bbcenter\u00bb css=\u00bb\u00bb link=\u00bburl:https%3A%2F%2Fwww.feyalegria.org%2Fvenezuela%2Fnoticias-enconfyanza%2F|target:_blank\u00bb][\/vc_column][vc_column width=\u00bb1\/5&#8243; alignment=\u00bbcenter\u00bb][vc_btn title=\u00bbCont\u00e1ctanos\u00bb style=\u00bboutline-custom\u00bb outline_custom_color=\u00bb#c7662a\u00bb outline_custom_hover_background=\u00bb#c7662a\u00bb outline_custom_hover_text=\u00bb#ffffff\u00bb align=\u00bbcenter\u00bb css=\u00bb\u00bb link=\u00bburl:https%3A%2F%2Fwww.feyalegria.org%2Fvenezuela%2Fcontactanos-2%2F|title:Cont%C3%A1ctanos|target:_blank\u00bb][\/vc_column][vc_column width=\u00bb1\/5&#8243;][vc_btn title=\u00bbP\u00e1gina principal\u00bb style=\u00bboutline-custom\u00bb outline_custom_color=\u00bb#1b878f\u00bb outline_custom_hover_background=\u00bb#1b878f\u00bb outline_custom_hover_text=\u00bb#ffffff\u00bb align=\u00bbcenter\u00bb css=\u00bb\u00bb link=\u00bburl:https%3A%2F%2Fwww.feyalegria.org%2Fvenezuela%2Ffe-y-alegria-educomunicacion%2F|title:Volver%20a%20la%20p%C3%A1gina%20principal|target:_blank\u00bb][\/vc_column][\/vc_row][vc_row content_placement=\u00bbmiddle\u00bb][vc_column][vc_separator color=\u00bbmulled_wine\u00bb style=\u00bbshadow\u00bb css=\u00bb\u00bb][\/vc_column][\/vc_row][vc_row gap=\u00bb35&#8243;][vc_column width=\u00bb1\/4&#8243;][vc_images_carousel images=\u00bb10176,10177&#8243; img_size=\u00bbmedium\u00bb autoplay=\u00bbyes\u00bb hide_pagination_control=\u00bbyes\u00bb wrap=\u00bbyes\u00bb css=\u00bb\u00bb][\/vc_column][vc_column width=\u00bb1\/4&#8243;][vc_images_carousel images=\u00bb10178,10179&#8243; img_size=\u00bbmedium\u00bb autoplay=\u00bbyes\u00bb hide_pagination_control=\u00bbyes\u00bb wrap=\u00bbyes\u00bb css=\u00bb\u00bb][\/vc_column][vc_column width=\u00bb1\/4&#8243;][vc_images_carousel images=\u00bb10180,10181&#8243; img_size=\u00bbmedium\u00bb autoplay=\u00bbyes\u00bb hide_pagination_control=\u00bbyes\u00bb wrap=\u00bbyes\u00bb css=\u00bb\u00bb][\/vc_column][vc_column width=\u00bb1\/4&#8243;][vc_images_carousel images=\u00bb10182,10183&#8243; img_size=\u00bbmedium\u00bb autoplay=\u00bbyes\u00bb hide_pagination_control=\u00bbyes\u00bb wrap=\u00bbyes\u00bb css=\u00bb\u00bb][\/vc_column][\/vc_row][vc_row content_placement=\u00bbmiddle\u00bb][vc_column][vc_separator color=\u00bbmulled_wine\u00bb style=\u00bbshadow\u00bb css=\u00bb\u00bb]<div style=\"background-color:;height: 30px\" class=\"nicdark_section  \"><\/div>[accordion_father active=\u00bb0&#8243; animation=\u00bb500&#8243; titlemargin=\u00bb20&#8243; icon=\u00bbfas fa-chevron-circle-right\u00bb icon_mblsize=\u00bb20&#8243; title_mblsize=\u00bb30&#8243; desc_mblsize=\u00bb16&#8243; activeicon=\u00bbfas fa-chevron-circle-down\u00bb][accordion_son title_padding=\u00bb20&#8243; title=\u00bbGesti\u00f3n de proyectos\u00bb clr=\u00bb#FFFFFF\u00bb titleradius=\u00bb30&#8243; bodybg=\u00bb#00000000&#8243; bgclr=\u00bb#1B878F\u00bb][\/accordion_son][\/accordion_father][vc_column_text css=\u00bb\u00bb]<img loading=\"lazy\" decoding=\"async\" class=\"alignleft wp-image-7630\" src=\"https:\/\/d3pugrm67vf9n7.cloudfront.net\/wp-content\/uploads\/sites\/4\/2024\/10\/13201948\/Banner-ProyectosyFinanzas-150x150.jpg\" alt=\"\" width=\"100\" height=\"67\" srcset=\"https:\/\/d3pugrm67vf9n7.cloudfront.net\/wp-content\/uploads\/sites\/4\/2024\/10\/13201948\/Banner-ProyectosyFinanzas-300x200.jpg 300w, https:\/\/d3pugrm67vf9n7.cloudfront.net\/wp-content\/uploads\/sites\/4\/2024\/10\/13201948\/Banner-ProyectosyFinanzas-1024x683.jpg 1024w, https:\/\/d3pugrm67vf9n7.cloudfront.net\/wp-content\/uploads\/sites\/4\/2024\/10\/13201948\/Banner-ProyectosyFinanzas-768x512.jpg 768w, https:\/\/d3pugrm67vf9n7.cloudfront.net\/wp-content\/uploads\/sites\/4\/2024\/10\/13201948\/Banner-ProyectosyFinanzas-1536x1024.jpg 1536w, https:\/\/d3pugrm67vf9n7.cloudfront.net\/wp-content\/uploads\/sites\/4\/2024\/10\/13201948\/Banner-ProyectosyFinanzas.jpg 1920w\" sizes=\"auto, (max-width: 100px) 100vw, 100px\" \/><\/p>\n<p>Fe y alegr\u00eda Educomunicacion tiene un compromiso de transparencia e integridad con los colaboradores que aportan en el tejido de redes y vinculaciones para garantizar el derecho a la comunicaci\u00f3n y a la educaci\u00f3n de personas j\u00f3venes y adultas.[\/vc_column_text][vc_row_inner][vc_column_inner width=\u00bb1\/3&#8243;][vc_single_image image=\u00bb10187&#8243; img_size=\u00bbfull\u00bb alignment=\u00bbcenter\u00bb style=\u00bbvc_box_rounded\u00bb css=\u00bb\u00bb][vc_column_text css=\u00bb\u00bb]<\/p>\n<h4><strong>Wauya wakuwaipamajatu &#8211; Semillas de nuestra Identidad<\/strong><\/h4>\n<p><strong>Periodo de ejecuci\u00f3n: noviembre 2023 \u2013 agosto 2024<\/strong><\/p>\n<p><strong>Organizaci\u00f3n financiadora<\/strong>: Cultural Survival[\/vc_column_text]<div style=\"background-color:;height: 40px\" class=\"nicdark_section  \"><\/div>[vc_toggle title=\u00bbDescripci\u00f3n del proyecto:\u00bb css=\u00bb\u00bb]Las mujeres y hombres wayuu ubicados en la guajira venezolana, que tienen entre 15 y 25 a\u00f1os de edad, se han venido enfrentando a situaciones de contexto socio-econ\u00f3mico que vulneran la espiritualidad, idioma e identidad \u00e9tnica afectando, entre otras pr\u00e1cticas, la transmisi\u00f3n de costumbres culturales y la apropiaci\u00f3n del significado del tejido con formas geom\u00e9tricas <em>kanas\u00fc e&#8217;inuush<\/em>. Las figuras geom\u00e9tricas son fajas tejidas decoradas de vistosos colores presentes en chinchorros, bolsos, cinturones, tapices, sombreros, cotizas, rostros, entre otros, que se usan para resaltar e identificar a la sociedad wayuu desde su sitio de origen, cosmovisi\u00f3n, espiritualidad y clase social. Se trata de un sentir po\u00e9tico que habla por s\u00ed solo, un modo de comunicar la identidad a trav\u00e9s del arte.<\/p>\n<p>Los procesos de transmisi\u00f3n en la etnia wayuu se dan a trav\u00e9s de la oralidad por lo que, en dos talleres presenciales, se brindaron estos primeros aprendizajes, con la participaci\u00f3n de varias comunidades de la zona. Para lograr un mayor impacto y cobertura, se elaboraron productos comunicacionales con el apoyo y testimonio de los participantes en los talleres. Estas producciones se han difundido por diferentes medios: Radios del municipio Guajira, radios de la frontera colombo-venezolana, Red de Radios de Fe y Alegr\u00eda y redes sociales, entre otros.[\/vc_toggle][vc_toggle title=\u00bbProductos\u00bb css=\u00bb\u00bb]<\/p>\n<ul>\n<li>Dos (2) talleres de formaci\u00f3n sobre figuras geom\u00e9tricas <em>kanas\u00fa<\/em>: el primero en Paraguaipoa, parroquia Guajira y el segundo en la poblaci\u00f3n de Guarero, con la participaci\u00f3n de 35 personas en cada uno.<\/li>\n<li>Seis (6) c\u00e1psulas radiales sobre las t\u00e9cnicas del tejido en figuras geom\u00e9tricas: <em>kanas\u00fc<\/em> <em>e&#8217;inuush<\/em>, y su significado en la identidad y cultura wayuu, en idiomas wayuunaiki y espa\u00f1ol.<\/li>\n<li>Cuatro (4) programas informativos, con una duraci\u00f3n aproximada de 15 minutos cada uno, que abordaron las siguientes tem\u00e1ticas: <em>Kanas\u00fc e\u2019inuush<\/em> como expresi\u00f3n cultural, significado del arte y los colores, significado de las figuras en el pueblo wayuu y sentir po\u00e9tico del <em>kanas\u00fc e\u2019inuush<\/em>.<\/li>\n<\/ul>\n<p>[\/vc_toggle][vc_column_text css=\u00bb\u00bb]<a href=\"https:\/\/www.radiofeyalegrianoticias.com\/tejido-wayuu-kanasu-einuush\/\" target=\"_blank\" rel=\"noopener\"><strong>Conoce m\u00e1s detalles\u00a0<\/strong><\/a>[\/vc_column_text][\/vc_column_inner][vc_column_inner width=\u00bb1\/3&#8243;][vc_single_image image=\u00bb10184&#8243; img_size=\u00bbfull\u00bb alignment=\u00bbcenter\u00bb style=\u00bbvc_box_rounded\u00bb css=\u00bb\u00bb][vc_column_text css=\u00bb\u00bb]<\/p>\n<h4><strong>Fortalecer capacidades de producci\u00f3n comunicacional en j\u00f3venes de la comunidad ind\u00edgena wayuu en Paraguaipoa &#8211; Guajira &#8211; Venezuela<\/strong><\/h4>\n<p><strong>Periodo de ejecuci\u00f3n: marzo 2023 &#8211; marzo 2024<\/strong><\/p>\n<p><strong>Organizaci\u00f3n financiadora<\/strong>: Pan para el mundo[\/vc_column_text][vc_toggle title=\u00bbDescripci\u00f3n del proyecto:\u00bb css=\u00bb\u00bb]El pueblo wayuu es la poblaci\u00f3n originaria del territorio que hoy conocemos como la Guajira, el cual toma su nombre del lugar ancestral del pueblo ind\u00edgena americano Wayuu, que en su lengua materna es llamada <em>Wo&#8217;umain<\/em>, pero en lengua castellana se ha denominado Guajira. Entre los wayuu la Pen\u00ednsula de La Guajira es considerada como el cuerpo existencial de <em>MMA<\/em> (la Tierra). Esta forma originaria yace en los territorios ancestrales y se considera como la ra\u00edz y origen de cada clan familiar. Como esencia vital est\u00e1 asociada a una espiritualidad primaria, cuya forma de existir se da a trav\u00e9s de la memoria colectiva de los individuos. Los ancianos y su oralidad forman parte fundamental para la transmisi\u00f3n de costumbres, modos y tradiciones acerca del cuidado de la tierra como esencia asociada a la espiritualidad wayuu.<\/p>\n<p><strong>Objetivos del proyecto: <\/strong><\/p>\n<ul>\n<li>Fortalecer capacidades de producci\u00f3n comunicacional a trav\u00e9s de talleres dirigidos a j\u00f3venes de la comunidad ind\u00edgena wayuu entre 13 y 17 a\u00f1os sobre temas de cuidado de territorio y las tres \u201cR\u201d (Reducir, Reutilizar y Reciclar) de la ecolog\u00eda.<\/li>\n<li>Producir contenidos comunicacionales sobre temas de cuidado del territorio y las tres \u201cR\u201d (Reducir, Reutilizar y Reciclar) de la ecolog\u00eda.<\/li>\n<li>Visibilizar a trav\u00e9s de una estrategia comunicacional contenidos sobre temas de cuidado del territorio y las tres \u201cR\u201d (Reducir, Reutilizar y Reciclar) de la ecolog\u00eda.<\/li>\n<\/ul>\n<p>[\/vc_toggle][vc_toggle title=\u00bbProductos\u00bb css=\u00bb\u00bb]<\/p>\n<ul>\n<li>Tres (3) encuentros de formaci\u00f3n en tres (3) centros educativos, con la participaci\u00f3n de (veinte) 20 j\u00f3venes por cada escuela para reflexionar sobre la tem\u00e1tica ambiental de la zona y organizar actividades comunitarias.<\/li>\n<li>Campa\u00f1a: \u201cEl cuidado de la casa com\u00fan\u201d, un seriado de cuentos ind\u00edgenas, con 12 micros de 1 a 2 minutos cada uno, en lengua originaria, sobre el cuidado de la madre tierra y las tres \u201cR\u201d (Reducir, Reutilizar y Reciclar) de la ecolog\u00eda.<\/li>\n<\/ul>\n<p>[\/vc_toggle][vc_column_text css=\u00bb\u00bb]<a href=\"https:\/\/www.radiofeyalegrianoticias.com\/el-cuidado-de-la-casa-comun-contaminacion-en-mi-comunidad\/\" target=\"_blank\" rel=\"noopener\"><strong>Conoce m\u00e1s detalles\u00a0<\/strong><\/a>[\/vc_column_text][\/vc_column_inner][vc_column_inner width=\u00bb1\/3&#8243;][vc_single_image image=\u00bb10189&#8243; img_size=\u00bbfull\u00bb alignment=\u00bbcenter\u00bb style=\u00bbvc_box_rounded\u00bb css=\u00bb\u00bb][vc_column_text css=\u00bb\u00bb]<\/p>\n<h4><strong>Promover en medios de comunicaci\u00f3n narrativas con enfoque de g\u00e9nero sobre el cuidado ambiental y resiliencia provocada por la crisis migratoria forzada<\/strong><\/h4>\n<p><strong>Periodo de ejecuci\u00f3n: marzo 2022 &#8211; febrero 2023<\/strong><\/p>\n<p><strong>Organizaci\u00f3n financiadora<\/strong>: WACC[\/vc_column_text][vc_toggle title=\u00bbDescripci\u00f3n del proyecto:\u00bb css=\u00bb\u00bb]El estado M\u00e9rida se ubica en el centro de la regi\u00f3n de los Andes venezolanos, con una poblaci\u00f3n estimada de 873.591 habitantes y 23 municipios aut\u00f3nomos. Los pocos espacios comunitarios y comunicacionales para promover la conciencia sobre el cuidado y la gesti\u00f3n sostenible de los recursos naturales, especialmente en las comunidades rurales y campesinas ubicadas en Tabay y El Valle del estado M\u00e9rida, ha acelerado algunos procesos en favor del cambio clim\u00e1tico. Para hacer frente a esta realidad se ha buscado promover espacios a fin de fortalecer habilidades en el cuidado y gesti\u00f3n de los recursos naturales y de la resiliencia provocada por la crisis migratoria forzada.<\/p>\n<p><strong>Objetivos del proyecto: <\/strong><\/p>\n<ul>\n<li>Conformaci\u00f3n y articulaci\u00f3n de una red de voceros comunitarios con participaci\u00f3n igualitaria de mujeres y hombres.<\/li>\n<li>Generaci\u00f3n de capacidades en tem\u00e1ticas agroambientales, comunicacionales y de resiliencia provocada por la crisis migratoria forzada.<\/li>\n<li>Producci\u00f3n y difusi\u00f3n de contenidos comunicacionales con enfoque de g\u00e9nero para radio, web y redes sociales en formato testimonios\/experiencias.<\/li>\n<\/ul>\n<p>[\/vc_toggle][vc_toggle title=\u00bbProductos\u00bb css=\u00bb\u00bb]<\/p>\n<ul>\n<li>Una (1) red de voceros en comunidades de Tabay y El Valle ubicadas en el estado M\u00e9rida, conformada por l\u00edderes comunitarios y j\u00f3venes, en su mayor\u00eda mujeres.<\/li>\n<li>Siete (7) encuentros formativos de reflexi\u00f3n, formaci\u00f3n y acci\u00f3n, dirigidos a mujeres lideresas, j\u00f3venes y hombres campesinos.<\/li>\n<li>Doce (12) contenidos comunicacionales con enfoque de g\u00e9nero, de 1 a 3 minutos para radio, web y redes sociales en formato de testimonios\/experiencias sobre conocimientos locales y tradicionales de cultivos y testimonios de resiliencia, superaci\u00f3n y progreso individual y colectivo.<\/li>\n<li>Doce (12) contenidos comunicacionales trasmitidos durante 3 meses a trav\u00e9s de la plataforma de radio y web: 23 radios de Fe y Alegr\u00eda y 5 emisoras aliadas en el estado M\u00e9rida.<\/li>\n<\/ul>\n<p>[\/vc_toggle][vc_column_text css=\u00bb\u00bb]<a href=\"https:\/\/www.radiofeyalegrianoticias.com\/la-resiliencia-verde-para-salvar-la-vida\/\" target=\"_blank\" rel=\"noopener\"><strong>Conoce m\u00e1s detalles\u00a0<\/strong><\/a>[\/vc_column_text][\/vc_column_inner][\/vc_row_inner][vc_separator color=\u00bbmulled_wine\u00bb style=\u00bbshadow\u00bb css=\u00bb\u00bb][vc_column_text css=\u00bb\u00bb]<\/p>\n<h2 style=\"text-align: center;\">Otros proyectos<\/h2>\n<p>[\/vc_column_text][vc_separator color=\u00bbmulled_wine\u00bb style=\u00bbshadow\u00bb css=\u00bb\u00bb][vc_row_inner][vc_column_inner width=\u00bb1\/4&#8243;][vc_single_image image=\u00bb10330&#8243; img_size=\u00bbfull\u00bb css=\u00bb\u00bb][\/vc_column_inner][vc_column_inner width=\u00bb1\/4&#8243;][vc_column_text css=\u00bb\u00bb]<\/p>\n<h4><strong>Formaci\u00f3n de j\u00f3venes para la democracia y solidaridad<\/strong><\/h4>\n<p><strong>Periodo de ejecuci\u00f3n: junio 2022 &#8211; mayo 2024<\/strong><\/p>\n<p><strong>Organizaci\u00f3n financiadora<\/strong>: Misereor<\/p>\n<p>El objetivo del proyecto fue propiciar la construcci\u00f3n de relaciones democr\u00e1ticas y solidarias en el entorno familiar y comunitario de los j\u00f3venes de poblaciones vulnerables en Venezuela.[\/vc_column_text][vc_toggle title=\u00bbDescripci\u00f3n del proyecto y productos\u00bb css=\u00bb\u00bb]Se organiz\u00f3 la formaci\u00f3n en ciudadan\u00eda de unos 700 j\u00f3venes de 8 centros educativos del Instituto Radiof\u00f3nico Fe y Alegr\u00eda (IRFA) en Venezuela logrando que tomaran conciencia de sus gustos, roles y metas a alcanzar a lo largo de su vida. De estos, unos 300 participantes del IRFA con formaci\u00f3n en ciudadan\u00eda se sumaron a organizaciones comunitarias y juveniles para la promoci\u00f3n de relaciones democr\u00e1ticas y solidarias.<\/p>\n<p><strong>Productos<\/strong>:<\/p>\n<ul>\n<li>Gu\u00edas, material did\u00e1ctico y radiof\u00f3nico para acompa\u00f1ar la formaci\u00f3n de j\u00f3venes incluyendo medios digitales y radio, a base de censos y diagn\u00f3sticos.<\/li>\n<li>Propuestas para la participaci\u00f3n en la comunidad.<\/li>\n<\/ul>\n<p>[\/vc_toggle][\/vc_column_inner][vc_column_inner width=\u00bb1\/4&#8243;][vc_raw_html css=\u00bb\u00bb]JTNDaWZyYW1lJTIwd2lkdGglM0QlMjIyMzAlMjIlMjBoZWlnaHQlM0QlMjIzNzUlMjIlMjBzcmMlM0QlMjJodHRwcyUzQSUyRiUyRnd3dy55b3V0dWJlLmNvbSUyRmVtYmVkJTJGMDNGR1I4TFpGV0ElMjIlMjB0aXRsZSUzRCUyMlJhZGlvJTIwRmUlMjB5JTIwQWxlZ3IlQzMlQURhJTIwQmFycXVpc2ltZXRvJTIwJTdDJTIwRXN0dWRpbyUyMGFsJTIwYWlyZSUyMHklMjB0cmFuc21pc29yJTIyJTIwZnJhbWVib3JkZXIlM0QlMjIwJTIyJTIwYWxsb3clM0QlMjJhY2NlbGVyb21ldGVyJTNCJTIwYXV0b3BsYXklM0IlMjBjbGlwYm9hcmQtd3JpdGUlM0IlMjBlbmNyeXB0ZWQtbWVkaWElM0IlMjBneXJvc2NvcGUlM0IlMjBwaWN0dXJlLWluLXBpY3R1cmUlM0IlMjB3ZWItc2hhcmUlMjIlMjByZWZlcnJlcnBvbGljeSUzRCUyMnN0cmljdC1vcmlnaW4td2hlbi1jcm9zcy1vcmlnaW4lMjIlMjBhbGxvd2Z1bGxzY3JlZW4lM0UlM0MlMkZpZnJhbWUlM0U=[\/vc_raw_html][\/vc_column_inner][vc_column_inner width=\u00bb1\/4&#8243;][vc_column_text css=\u00bb\u00bb]<\/p>\n<h4><strong>Fortalecimiento comunicacional de la red de radio Fe y Alegr\u00eda con el uso de energ\u00eda alternativa<\/strong><\/h4>\n<p><strong>Periodo de ejecuci\u00f3n: <\/strong>julio 2024 &#8211; febrero 2025<\/p>\n<p><strong>Organizaci\u00f3n financiadora<\/strong>: Di\u00f3cesis Colonia<\/p>\n<p>El objetivos es fortalecer el uso de la energ\u00eda alternativa y energ\u00eda verde a trav\u00e9s de la Red de Radio Fe y Alegr\u00eda.[\/vc_column_text][vc_toggle title=\u00bbDescripci\u00f3n del proyecto\u00bb css=\u00bb\u00bb]<strong>Descripci\u00f3n del proyecto: <\/strong>Se realiz\u00f3 una dotaci\u00f3n de equipos de paneles solares y bater\u00edas a tres radios de la red, ubicadas en las ciudades de Barquisimeto, Guasdualito y Maracaibo, brindado una inducci\u00f3n al personal en cada radio sobre el uso adecuado y mantenimiento de los equipos instalados.[\/vc_toggle][\/vc_column_inner][\/vc_row_inner][\/vc_column][\/vc_row][vc_row content_placement=\u00bbmiddle\u00bb][vc_column][vc_separator color=\u00bbmulled_wine\u00bb style=\u00bbshadow\u00bb css=\u00bb\u00bb][vc_row_inner][vc_column_inner width=\u00bb1\/2&#8243;][accordion_father animation=\u00bb500&#8243; titlemargin=\u00bb20&#8243; icon=\u00bbfas fa-chevron-circle-right\u00bb icon_mblsize=\u00bb20&#8243; title_mblsize=\u00bb30&#8243; desc_mblsize=\u00bb16&#8243; activeicon=\u00bbfas fa-chevron-circle-down\u00bb caption_url=\u00bb\u00bb][accordion_son title_padding=\u00bb20&#8243; title=\u00bbSubvenci\u00f3n\u00bb clr=\u00bb#FFFFFF\u00bb bodybg=\u00bb#F7F6F6&#8243; bgclr=\u00bb#AA0F77&#8243; titleradius=\u00bb30&#8243;]<img loading=\"lazy\" decoding=\"async\" class=\"alignleft wp-image-7629 size-thumbnail\" src=\"https:\/\/d3pugrm67vf9n7.cloudfront.net\/wp-content\/uploads\/sites\/4\/2024\/10\/13200259\/Banner-Subvenciones-150x150.jpg\" alt=\"\" width=\"150\" height=\"150\" \/><\/p>\n<p><span style=\"font-weight: 400;\">Fe y Alegr\u00eda es parte del convenio establecido entre la Asociaci\u00f3n Venezolana de Educaci\u00f3n Cat\u00f3lica (AVEC) y el Ministerio del Poder Popular para la Educaci\u00f3n desde el a\u00f1o escolar 1989-1990. Este acuerdo garantiza el funcionamiento eficiente de cada uno de los servicios que ofrece el Movimiento.<\/span><\/p>\n<p><span style=\"font-weight: 400;\">El aporte del convenio asegura que los trabajadores de Fe y Alegr\u00eda EduComunicaci\u00f3n reciban un salario justo y otros beneficios laborales. Adem\u00e1s, los recursos generados se destinan al mantenimiento de la infraestructura y a la mejora de otros servicios, fortaleciendo as\u00ed nuestra capacidad de respuesta y sostenibilidad.<\/span>[\/accordion_son][accordion_son title_padding=\u00bb20&#8243; title=\u00bbMedioambiente\u00bb clr=\u00bb#FFFFFF\u00bb bodybg=\u00bb#F7F6F6&#8243; bgclr=\u00bb#6F8C2B\u00bb titleradius=\u00bb30&#8243;]<img loading=\"lazy\" decoding=\"async\" class=\"wp-image-7632 size-thumbnail alignleft\" src=\"https:\/\/d3pugrm67vf9n7.cloudfront.net\/wp-content\/uploads\/sites\/4\/2024\/10\/13201955\/Banner-medioambiente-150x150.jpg\" alt=\"\" width=\"150\" height=\"150\" \/><\/p>\n<p><span style=\"font-weight: 400;\">Conscientes del compromiso que tenemos con nuestro entorno, nos dedicamos a la producci\u00f3n y promoci\u00f3n de campa\u00f1as educativas radiales y digitales que colocan el cuidado de la casa com\u00fan en la agenda colectiva.<\/span><\/p>\n<p><span style=\"font-weight: 400;\">Nuestras acciones se alinean con un plan estrat\u00e9gico y reflejan los valores sociales inspirados por el Movimiento y la Compa\u00f1\u00eda de Jes\u00fas, buscando generar un impacto positivo en la comunidad.<\/span>[\/accordion_son][\/accordion_father][\/vc_column_inner][vc_column_inner width=\u00bb1\/2&#8243;][accordion_father animation=\u00bb500&#8243; titlemargin=\u00bb20&#8243;][accordion_son title_padding=\u00bb20&#8243; title=\u00bbOrganizativa\u00bb clr=\u00bb#FFFFFF\u00bb bodybg=\u00bb#F7F6F6&#8243; bgclr=\u00bb#C7662A\u00bb titleradius=\u00bb30&#8243;]<img loading=\"lazy\" decoding=\"async\" class=\"wp-image-7631 size-thumbnail alignleft\" src=\"https:\/\/d3pugrm67vf9n7.cloudfront.net\/wp-content\/uploads\/sites\/4\/2024\/10\/13201952\/Banner-Organizativa-150x150.jpg\" alt=\"\" width=\"150\" height=\"150\" \/><\/p>\n<p><span style=\"font-weight: 400; color: #333333;\">El programa Fe y Alegr\u00eda EduComunicaci\u00f3n tiene como misi\u00f3n proporcionar educaci\u00f3n de calidad a j\u00f3venes y adultos que no han completado su escolaridad. Nuestra propuesta abarca desde la etapa de alfabetizaci\u00f3n hasta la educaci\u00f3n media t\u00e9cnica, garantizando que todo el proceso sea supervisado por especialistas en Espacios Presenciales de Aprendizaje (EPA).<\/span><\/p>\n<p><span style=\"font-weight: 400; color: #333333;\">Nuestro enfoque asegura la creaci\u00f3n de espacios seguros, regulados por un marco institucional que se fundamenta en los valores de la Compa\u00f1\u00eda de Jes\u00fas, promoviendo principios de igualdad y democracia. Adem\u00e1s, contamos con protocolos y procedimientos estandarizados que ofrecen seguridad tanto a los participantes como a voluntarios y trabajadores.<\/span><\/p>\n<p>Con\u00f3ce nuestro <a href=\"https:\/\/www.canva.com\/design\/DAGT79Vx5hI\/C5Y4ozlWb1KrzmrOUJUsVQ\/view?utm_content=DAGT79Vx5hI&amp;utm_campaign=designshare&amp;utm_medium=link&amp;utm_source=editor\" target=\"_blank\" rel=\"noopener\"><span style=\"color: #003366;\"><strong>Organigrama equipo EduComunicaci\u00f3n<\/strong><\/span><\/a>[\/accordion_son][accordion_son title_padding=\u00bb20&#8243; title=\u00bbNuestros valores\u00bb clr=\u00bb#FFFFFF\u00bb bodybg=\u00bb#F7F6F6&#8243; bgclr=\u00bb#EDBB0D\u00bb titleradius=\u00bb30&#8243;]<img loading=\"lazy\" decoding=\"async\" class=\"alignleft wp-image-7628 size-thumbnail\" src=\"https:\/\/d3pugrm67vf9n7.cloudfront.net\/wp-content\/uploads\/sites\/4\/2024\/10\/13193218\/BannerValores-150x150.jpeg\" alt=\"\" width=\"150\" height=\"150\" \/><\/p>\n<p><span style=\"font-weight: 400;\">Creemos firmemente en nuestro compromiso con y por el pr\u00f3jimo, formando parte del Movimiento de Educaci\u00f3n Popular y Promoci\u00f3n Social Fe y Alegr\u00eda Venezuela.<\/span><\/p>\n<p><span style=\"font-weight: 400;\">Toda nuestra acci\u00f3n se inspira en los valores de la Compa\u00f1\u00eda de Jes\u00fas y en la misi\u00f3n transformadora de la Iglesia Cat\u00f3lica. En este sentido, las Preferencias Apost\u00f3licas sirven como un punto de referencia que nos gu\u00eda en nuestra labor de mostrar el camino hacia Dios, acompa\u00f1ar a los excluidos, apoyar a los j\u00f3venes en su desarrollo y cuidar de nuestra casa com\u00fan.<\/span>[\/accordion_son][\/accordion_father][\/vc_column_inner][\/vc_row_inner]<div style=\"background-color:;height: 50px\" class=\"nicdark_section  \"><\/div>[vc_separator color=\u00bbmulled_wine\u00bb style=\u00bbshadow\u00bb css=\u00bb\u00bb][\/vc_column][\/vc_row][vc_row][vc_column]<div style=\"background-color:;height: 50px\" class=\"nicdark_section  \"><\/div>[vc_column_text]<\/p>\n<h3 style=\"text-align: center;\">Hazte aliado de Fe y Alegr\u00eda<\/h3>\n<p>[\/vc_column_text][vc_row_inner][vc_column_inner width=\u00bb1\/12&#8243; alignment=\u00bbcenter\u00bb][\/vc_column_inner][vc_column_inner width=\u00bb1\/5&#8243; alignment=\u00bbcenter\u00bb][mvc_flip_box style=\u00bbvertical\u00bb border_st=\u00bbcustom_border\u00bb link_st=\u00bbcustom_link\u00bb info_opt=\u00bbshow_icon\u00bb size=\u00bb25&#8243; descrsize=\u00bb\u00bb front_bg=\u00bb#ffffff\u00bb border_clr=\u00bb#aa0f16&#8243; url=\u00bburl:https%3A%2F%2Fwww.feyalegria.org%2Fvenezuela%2Fdonar-en-venezuela%2F\u00bb url_txt=\u00bbAqu\u00ed\u00bb url_clr=\u00bb#aa0f16&#8243; url_bg=\u00bb#e4e4e4&#8243; font_icon=\u00bbfas fa-heart\u00bb icon_size=\u00bb60&#8243; icon_color=\u00bb#aa0f16&#8243; title=\u00bbDonar\u00bb color=\u00bb#aa0f16&#8243; bgcolor=\u00bb#aa0f16&#8243; border_width=\u00bb3&#8243;]<\/p>\n<h2 style=\"text-align: center;\"><span style=\"color: #ffffff; font-size: 18px;\">Tu aporte a la educaci\u00f3n<\/span><\/h2>\n<p>[\/mvc_flip_box][\/vc_column_inner][vc_column_inner width=\u00bb1\/12&#8243; alignment=\u00bbcenter\u00bb][\/vc_column_inner][vc_column_inner width=\u00bb1\/5&#8243;][mvc_flip_box style=\u00bbvertical\u00bb border_st=\u00bbcustom_border\u00bb link_st=\u00bbcustom_link\u00bb info_opt=\u00bbshow_icon\u00bb size=\u00bb25&#8243; descrsize=\u00bb\u00bb front_bg=\u00bb#ffffff\u00bb border_clr=\u00bb#aa0f16&#8243; url=\u00bburl:https%3A%2F%2Fwww.feyalegria.org%2Fvenezuela%2Fvoluntariado%2F\u00bb url_txt=\u00bbAqu\u00ed\u00bb url_clr=\u00bb#aa0f16&#8243; url_bg=\u00bb#e4e4e4&#8243; font_icon=\u00bbfas fa-sign-language\u00bb icon_size=\u00bb60&#8243; icon_color=\u00bb#aa0f16&#8243; title=\u00bbSer voluntario\u00bb color=\u00bb#aa0f16&#8243; bgcolor=\u00bb#aa0f16&#8243; border_width=\u00bb3&#8243;]<\/p>\n<h2 style=\"text-align: center;\"><span style=\"color: #ffffff; font-size: 18px;\">\u00danete por\u00a0 la educaci\u00f3n<\/span><\/h2>\n<p>[\/mvc_flip_box][\/vc_column_inner][vc_column_inner width=\u00bb1\/12&#8243;][\/vc_column_inner][vc_column_inner width=\u00bb1\/5&#8243;][mvc_flip_box style=\u00bbvertical\u00bb border_st=\u00bbcustom_border\u00bb link_st=\u00bbcustom_link\u00bb info_opt=\u00bbshow_icon\u00bb size=\u00bb25&#8243; descrsize=\u00bb\u00bb front_bg=\u00bb#ffffff\u00bb border_clr=\u00bb#aa0f16&#8243; url=\u00bburl:https%3A%2F%2Fwww.feyalegria.org%2Fvenezuela%2Fempresas-aliadas%2F\u00bb url_txt=\u00bbAqu\u00ed\u00bb url_clr=\u00bb#aa0f16&#8243; url_bg=\u00bb#e4e4e4&#8243; font_icon=\u00bbfas fa-american-sign-language-interpreting\u00bb icon_size=\u00bb60&#8243; icon_color=\u00bb#aa0f16&#8243; title=\u00bbEmpresas aliadas\u00bb color=\u00bb#aa0f16&#8243; bgcolor=\u00bb#aa0f16&#8243; border_width=\u00bb3&#8243;]<\/p>\n<h2 style=\"text-align: center;\"><span style=\"color: #ffffff; font-size: 18px;\">Hazte aliado por la educaci\u00f3n<\/span><\/h2>\n<p>[\/mvc_flip_box][\/vc_column_inner][vc_column_inner width=\u00bb1\/12&#8243;][\/vc_column_inner][\/vc_row_inner]<div style=\"background-color:;height: 50px\" class=\"nicdark_section  \"><\/div>[\/vc_column][\/vc_row]<\/p>\n<\/div>","protected":false},"excerpt":{"rendered":"<p>[vc_row full_width=\u00bbstretch_row_content\u00bb css=\u00bb.vc_custom_1721778500560{background-color: #aa0f16 !important;}\u00bb][vc_column][vc_column_text css=\u00bb\u00bb] Financiamiento y gesti\u00f3n [\/vc_column_text][\/vc_column][\/vc_row][vc_row full_width=\u00bbstretch_row_content\u00bb][vc_column][\/vc_column][\/vc_row][vc_row][vc_column width=\u00bb1\/5&#8243; alignment=\u00bbcenter\u00bb][vc_btn title=\u00bbPreguntas frecuentes\u00bb style=\u00bboutline-custom\u00bb outline_custom_color=\u00bb#6f8c2b\u00bb outline_custom_hover_background=\u00bb#6f8c2b\u00bb outline_custom_hover_text=\u00bb#ffffff\u00bb align=\u00bbcenter\u00bb css=\u00bb\u00bb link=\u00bburl:https%3A%2F%2Fwww.feyalegria.org%2Fvenezuela%2Fpreguntas-frecuentes-2%2F|title:Preguntas%20frecuentes|target:_blank\u00bb][\/vc_column][vc_column width=\u00bb1\/5&#8243; alignment=\u00bbcenter\u00bb][vc_btn title=\u00bbEscuela Virtual\u00bb style=\u00bboutline-custom\u00bb outline_custom_color=\u00bb#a53580&#8243; outline_custom_hover_background=\u00bb#a53580&#8243; outline_custom_hover_text=\u00bb#ffffff\u00bb align=\u00bbcenter\u00bb css=\u00bb\u00bb link=\u00bburl:https%3A%2F%2Fescuelavirtual.feyalegria.org%2Faulas%2Fcourse%2Findex.php%3Fcategoryid%3D88|title:Cursos%20Pedagog%C3%ADa|target:_blank\u00bb][\/vc_column][vc_column width=\u00bb1\/5&#8243; alignment=\u00bbcenter\u00bb][vc_btn title=\u00bbEnConFyAnza\u00bb style=\u00bboutline-custom\u00bb outline_custom_color=\u00bb#d7ac14&#8243; outline_custom_hover_background=\u00bb#d7ac14&#8243; outline_custom_hover_text=\u00bb#ffffff\u00bb align=\u00bbcenter\u00bb css=\u00bb\u00bb link=\u00bburl:https%3A%2F%2Fwww.feyalegria.org%2Fvenezuela%2Fnoticias-enconfyanza%2F|target:_blank\u00bb][\/vc_column][vc_column width=\u00bb1\/5&#8243; alignment=\u00bbcenter\u00bb][vc_btn title=\u00bbCont\u00e1ctanos\u00bb style=\u00bboutline-custom\u00bb outline_custom_color=\u00bb#c7662a\u00bb outline_custom_hover_background=\u00bb#c7662a\u00bb outline_custom_hover_text=\u00bb#ffffff\u00bb align=\u00bbcenter\u00bb css=\u00bb\u00bb link=\u00bburl:https%3A%2F%2Fwww.feyalegria.org%2Fvenezuela%2Fcontactanos-2%2F|title:Cont%C3%A1ctanos|target:_blank\u00bb][\/vc_column][vc_column width=\u00bb1\/5&#8243;][vc_btn title=\u00bbP\u00e1gina<\/p>\n","protected":false},"author":47,"featured_media":0,"parent":0,"menu_order":0,"comment_status":"closed","ping_status":"closed","template":"","meta":{"_acf_changed":false,"footnotes":""},"folder":[],"class_list":["post-7620","page","type-page","status-publish","hentry"],"acf":[],"yoast_head":"<!-- This site is optimized with the Yoast SEO plugin v27.5 - https:\/\/yoast.com\/product\/yoast-seo-wordpress\/ -->\n<title>Financiamiento y gesti\u00f3n - Fe y Alegr\u00eda en Venezuela<\/title>\n<meta name=\"robots\" content=\"index, follow, max-snippet:-1, max-image-preview:large, max-video-preview:-1\" \/>\n<link rel=\"canonical\" href=\"https:\/\/www.feyalegria.org\/venezuela\/financiamiento-y-gestion\/\" \/>\n<meta property=\"og:locale\" content=\"es_ES\" \/>\n<meta property=\"og:type\" content=\"article\" \/>\n<meta property=\"og:title\" content=\"Financiamiento y gesti\u00f3n - Fe y Alegr\u00eda en Venezuela\" \/>\n<meta property=\"og:description\" content=\"[vc_row full_width=\u00bbstretch_row_content\u00bb css=\u00bb.vc_custom_1721778500560{background-color: #aa0f16 !important;}\u00bb][vc_column][vc_column_text css=\u00bb\u00bb] Financiamiento y gesti\u00f3n [\/vc_column_text][\/vc_column][\/vc_row][vc_row full_width=\u00bbstretch_row_content\u00bb][vc_column][\/vc_column][\/vc_row][vc_row][vc_column width=\u00bb1\/5&#8243; alignment=\u00bbcenter\u00bb][vc_btn title=\u00bbPreguntas frecuentes\u00bb style=\u00bboutline-custom\u00bb outline_custom_color=\u00bb#6f8c2b\u00bb outline_custom_hover_background=\u00bb#6f8c2b\u00bb outline_custom_hover_text=\u00bb#ffffff\u00bb align=\u00bbcenter\u00bb css=\u00bb\u00bb link=\u00bburl:https%3A%2F%2Fwww.feyalegria.org%2Fvenezuela%2Fpreguntas-frecuentes-2%2F|title:Preguntas%20frecuentes|target:_blank\u00bb][\/vc_column][vc_column width=\u00bb1\/5&#8243; alignment=\u00bbcenter\u00bb][vc_btn title=\u00bbEscuela Virtual\u00bb style=\u00bboutline-custom\u00bb outline_custom_color=\u00bb#a53580&#8243; outline_custom_hover_background=\u00bb#a53580&#8243; outline_custom_hover_text=\u00bb#ffffff\u00bb align=\u00bbcenter\u00bb css=\u00bb\u00bb link=\u00bburl:https%3A%2F%2Fescuelavirtual.feyalegria.org%2Faulas%2Fcourse%2Findex.php%3Fcategoryid%3D88|title:Cursos%20Pedagog%C3%ADa|target:_blank\u00bb][\/vc_column][vc_column width=\u00bb1\/5&#8243; alignment=\u00bbcenter\u00bb][vc_btn title=\u00bbEnConFyAnza\u00bb style=\u00bboutline-custom\u00bb outline_custom_color=\u00bb#d7ac14&#8243; outline_custom_hover_background=\u00bb#d7ac14&#8243; outline_custom_hover_text=\u00bb#ffffff\u00bb align=\u00bbcenter\u00bb css=\u00bb\u00bb link=\u00bburl:https%3A%2F%2Fwww.feyalegria.org%2Fvenezuela%2Fnoticias-enconfyanza%2F|target:_blank\u00bb][\/vc_column][vc_column width=\u00bb1\/5&#8243; alignment=\u00bbcenter\u00bb][vc_btn title=\u00bbCont\u00e1ctanos\u00bb style=\u00bboutline-custom\u00bb outline_custom_color=\u00bb#c7662a\u00bb outline_custom_hover_background=\u00bb#c7662a\u00bb outline_custom_hover_text=\u00bb#ffffff\u00bb align=\u00bbcenter\u00bb css=\u00bb\u00bb link=\u00bburl:https%3A%2F%2Fwww.feyalegria.org%2Fvenezuela%2Fcontactanos-2%2F|title:Cont%C3%A1ctanos|target:_blank\u00bb][\/vc_column][vc_column width=\u00bb1\/5&#8243;][vc_btn title=\u00bbP\u00e1gina\" \/>\n<meta property=\"og:url\" content=\"https:\/\/www.feyalegria.org\/venezuela\/financiamiento-y-gestion\/\" \/>\n<meta property=\"og:site_name\" content=\"Fe y Alegr\u00eda en Venezuela\" \/>\n<meta property=\"article:modified_time\" content=\"2025-06-16T19:46:46+00:00\" \/>\n<meta property=\"og:image\" content=\"https:\/\/www.feyalegria.org\/venezuela\/wp-content\/uploads\/sites\/4\/2024\/10\/Banner-ProyectosyFinanzas-150x150.jpg\" \/>\n<meta name=\"twitter:card\" content=\"summary_large_image\" \/>\n<meta name=\"twitter:label1\" content=\"Tiempo de lectura\" \/>\n\t<meta name=\"twitter:data1\" content=\"10 minutos\" \/>\n<script type=\"application\/ld+json\" class=\"yoast-schema-graph\">{\"@context\":\"https:\\\/\\\/schema.org\",\"@graph\":[{\"@type\":\"WebPage\",\"@id\":\"https:\\\/\\\/www.feyalegria.org\\\/venezuela\\\/financiamiento-y-gestion\\\/\",\"url\":\"https:\\\/\\\/www.feyalegria.org\\\/venezuela\\\/financiamiento-y-gestion\\\/\",\"name\":\"Financiamiento y gesti\u00f3n - Fe y Alegr\u00eda en Venezuela\",\"isPartOf\":{\"@id\":\"https:\\\/\\\/www.feyalegria.org\\\/venezuela\\\/#website\"},\"primaryImageOfPage\":{\"@id\":\"https:\\\/\\\/www.feyalegria.org\\\/venezuela\\\/financiamiento-y-gestion\\\/#primaryimage\"},\"image\":{\"@id\":\"https:\\\/\\\/www.feyalegria.org\\\/venezuela\\\/financiamiento-y-gestion\\\/#primaryimage\"},\"thumbnailUrl\":\"https:\\\/\\\/www.feyalegria.org\\\/venezuela\\\/wp-content\\\/uploads\\\/sites\\\/4\\\/2024\\\/10\\\/Banner-ProyectosyFinanzas-150x150.jpg\",\"datePublished\":\"2024-10-13T18:42:34+00:00\",\"dateModified\":\"2025-06-16T19:46:46+00:00\",\"inLanguage\":\"es\",\"potentialAction\":[{\"@type\":\"ReadAction\",\"target\":[\"https:\\\/\\\/www.feyalegria.org\\\/venezuela\\\/financiamiento-y-gestion\\\/\"]}]},{\"@type\":\"ImageObject\",\"inLanguage\":\"es\",\"@id\":\"https:\\\/\\\/www.feyalegria.org\\\/venezuela\\\/financiamiento-y-gestion\\\/#primaryimage\",\"url\":\"https:\\\/\\\/d3pugrm67vf9n7.cloudfront.net\\\/wp-content\\\/uploads\\\/sites\\\/4\\\/2024\\\/10\\\/13201948\\\/Banner-ProyectosyFinanzas.jpg\",\"contentUrl\":\"https:\\\/\\\/d3pugrm67vf9n7.cloudfront.net\\\/wp-content\\\/uploads\\\/sites\\\/4\\\/2024\\\/10\\\/13201948\\\/Banner-ProyectosyFinanzas.jpg\",\"width\":1920,\"height\":1280},{\"@type\":\"WebSite\",\"@id\":\"https:\\\/\\\/www.feyalegria.org\\\/venezuela\\\/#website\",\"url\":\"https:\\\/\\\/www.feyalegria.org\\\/venezuela\\\/\",\"name\":\"Fe y Alegr\u00eda en Venezuela\",\"description\":\"\",\"potentialAction\":[{\"@type\":\"SearchAction\",\"target\":{\"@type\":\"EntryPoint\",\"urlTemplate\":\"https:\\\/\\\/www.feyalegria.org\\\/venezuela\\\/?s={search_term_string}\"},\"query-input\":{\"@type\":\"PropertyValueSpecification\",\"valueRequired\":true,\"valueName\":\"search_term_string\"}}],\"inLanguage\":\"es\"}]}<\/script>\n<!-- \/ Yoast SEO plugin. -->","yoast_head_json":{"title":"Financiamiento y gesti\u00f3n - Fe y Alegr\u00eda en Venezuela","robots":{"index":"index","follow":"follow","max-snippet":"max-snippet:-1","max-image-preview":"max-image-preview:large","max-video-preview":"max-video-preview:-1"},"canonical":"https:\/\/www.feyalegria.org\/venezuela\/financiamiento-y-gestion\/","og_locale":"es_ES","og_type":"article","og_title":"Financiamiento y gesti\u00f3n - Fe y Alegr\u00eda en Venezuela","og_description":"[vc_row full_width=\u00bbstretch_row_content\u00bb css=\u00bb.vc_custom_1721778500560{background-color: #aa0f16 !important;}\u00bb][vc_column][vc_column_text css=\u00bb\u00bb] Financiamiento y gesti\u00f3n [\/vc_column_text][\/vc_column][\/vc_row][vc_row full_width=\u00bbstretch_row_content\u00bb][vc_column][\/vc_column][\/vc_row][vc_row][vc_column width=\u00bb1\/5&#8243; alignment=\u00bbcenter\u00bb][vc_btn title=\u00bbPreguntas frecuentes\u00bb style=\u00bboutline-custom\u00bb outline_custom_color=\u00bb#6f8c2b\u00bb outline_custom_hover_background=\u00bb#6f8c2b\u00bb outline_custom_hover_text=\u00bb#ffffff\u00bb align=\u00bbcenter\u00bb css=\u00bb\u00bb link=\u00bburl:https%3A%2F%2Fwww.feyalegria.org%2Fvenezuela%2Fpreguntas-frecuentes-2%2F|title:Preguntas%20frecuentes|target:_blank\u00bb][\/vc_column][vc_column width=\u00bb1\/5&#8243; alignment=\u00bbcenter\u00bb][vc_btn title=\u00bbEscuela Virtual\u00bb style=\u00bboutline-custom\u00bb outline_custom_color=\u00bb#a53580&#8243; outline_custom_hover_background=\u00bb#a53580&#8243; outline_custom_hover_text=\u00bb#ffffff\u00bb align=\u00bbcenter\u00bb css=\u00bb\u00bb link=\u00bburl:https%3A%2F%2Fescuelavirtual.feyalegria.org%2Faulas%2Fcourse%2Findex.php%3Fcategoryid%3D88|title:Cursos%20Pedagog%C3%ADa|target:_blank\u00bb][\/vc_column][vc_column width=\u00bb1\/5&#8243; alignment=\u00bbcenter\u00bb][vc_btn title=\u00bbEnConFyAnza\u00bb style=\u00bboutline-custom\u00bb outline_custom_color=\u00bb#d7ac14&#8243; outline_custom_hover_background=\u00bb#d7ac14&#8243; outline_custom_hover_text=\u00bb#ffffff\u00bb align=\u00bbcenter\u00bb css=\u00bb\u00bb link=\u00bburl:https%3A%2F%2Fwww.feyalegria.org%2Fvenezuela%2Fnoticias-enconfyanza%2F|target:_blank\u00bb][\/vc_column][vc_column width=\u00bb1\/5&#8243; alignment=\u00bbcenter\u00bb][vc_btn title=\u00bbCont\u00e1ctanos\u00bb style=\u00bboutline-custom\u00bb outline_custom_color=\u00bb#c7662a\u00bb outline_custom_hover_background=\u00bb#c7662a\u00bb outline_custom_hover_text=\u00bb#ffffff\u00bb align=\u00bbcenter\u00bb css=\u00bb\u00bb link=\u00bburl:https%3A%2F%2Fwww.feyalegria.org%2Fvenezuela%2Fcontactanos-2%2F|title:Cont%C3%A1ctanos|target:_blank\u00bb][\/vc_column][vc_column width=\u00bb1\/5&#8243;][vc_btn title=\u00bbP\u00e1gina","og_url":"https:\/\/www.feyalegria.org\/venezuela\/financiamiento-y-gestion\/","og_site_name":"Fe y Alegr\u00eda en Venezuela","article_modified_time":"2025-06-16T19:46:46+00:00","og_image":[{"url":"https:\/\/www.feyalegria.org\/venezuela\/wp-content\/uploads\/sites\/4\/2024\/10\/Banner-ProyectosyFinanzas-150x150.jpg","type":"","width":"","height":""}],"twitter_card":"summary_large_image","twitter_misc":{"Tiempo de lectura":"10 minutos"},"schema":{"@context":"https:\/\/schema.org","@graph":[{"@type":"WebPage","@id":"https:\/\/www.feyalegria.org\/venezuela\/financiamiento-y-gestion\/","url":"https:\/\/www.feyalegria.org\/venezuela\/financiamiento-y-gestion\/","name":"Financiamiento y gesti\u00f3n - Fe y Alegr\u00eda en Venezuela","isPartOf":{"@id":"https:\/\/www.feyalegria.org\/venezuela\/#website"},"primaryImageOfPage":{"@id":"https:\/\/www.feyalegria.org\/venezuela\/financiamiento-y-gestion\/#primaryimage"},"image":{"@id":"https:\/\/www.feyalegria.org\/venezuela\/financiamiento-y-gestion\/#primaryimage"},"thumbnailUrl":"https:\/\/www.feyalegria.org\/venezuela\/wp-content\/uploads\/sites\/4\/2024\/10\/Banner-ProyectosyFinanzas-150x150.jpg","datePublished":"2024-10-13T18:42:34+00:00","dateModified":"2025-06-16T19:46:46+00:00","inLanguage":"es","potentialAction":[{"@type":"ReadAction","target":["https:\/\/www.feyalegria.org\/venezuela\/financiamiento-y-gestion\/"]}]},{"@type":"ImageObject","inLanguage":"es","@id":"https:\/\/www.feyalegria.org\/venezuela\/financiamiento-y-gestion\/#primaryimage","url":"https:\/\/d3pugrm67vf9n7.cloudfront.net\/wp-content\/uploads\/sites\/4\/2024\/10\/13201948\/Banner-ProyectosyFinanzas.jpg","contentUrl":"https:\/\/d3pugrm67vf9n7.cloudfront.net\/wp-content\/uploads\/sites\/4\/2024\/10\/13201948\/Banner-ProyectosyFinanzas.jpg","width":1920,"height":1280},{"@type":"WebSite","@id":"https:\/\/www.feyalegria.org\/venezuela\/#website","url":"https:\/\/www.feyalegria.org\/venezuela\/","name":"Fe y Alegr\u00eda en Venezuela","description":"","potentialAction":[{"@type":"SearchAction","target":{"@type":"EntryPoint","urlTemplate":"https:\/\/www.feyalegria.org\/venezuela\/?s={search_term_string}"},"query-input":{"@type":"PropertyValueSpecification","valueRequired":true,"valueName":"search_term_string"}}],"inLanguage":"es"}]}},"_links":{"self":[{"href":"https:\/\/www.feyalegria.org\/venezuela\/wp-json\/wp\/v2\/pages\/7620","targetHints":{"allow":["GET"]}}],"collection":[{"href":"https:\/\/www.feyalegria.org\/venezuela\/wp-json\/wp\/v2\/pages"}],"about":[{"href":"https:\/\/www.feyalegria.org\/venezuela\/wp-json\/wp\/v2\/types\/page"}],"author":[{"embeddable":true,"href":"https:\/\/www.feyalegria.org\/venezuela\/wp-json\/wp\/v2\/users\/47"}],"replies":[{"embeddable":true,"href":"https:\/\/www.feyalegria.org\/venezuela\/wp-json\/wp\/v2\/comments?post=7620"}],"version-history":[{"count":0,"href":"https:\/\/www.feyalegria.org\/venezuela\/wp-json\/wp\/v2\/pages\/7620\/revisions"}],"wp:attachment":[{"href":"https:\/\/www.feyalegria.org\/venezuela\/wp-json\/wp\/v2\/media?parent=7620"}],"wp:term":[{"taxonomy":"folder","embeddable":true,"href":"https:\/\/www.feyalegria.org\/venezuela\/wp-json\/wp\/v2\/folder?post=7620"}],"curies":[{"name":"wp","href":"https:\/\/api.w.org\/{rel}","templated":true}]}}