{"id":7675,"date":"2024-10-14T19:20:02","date_gmt":"2024-10-14T19:20:02","guid":{"rendered":"https:\/\/www.feyalegria.org\/venezuela\/?page_id=7675"},"modified":"2025-05-19T19:39:40","modified_gmt":"2025-05-19T19:39:40","slug":"nuestra-oferta-formativa","status":"publish","type":"page","link":"https:\/\/www.feyalegria.org\/venezuela\/nuestra-oferta-formativa\/","title":{"rendered":"Nuestra oferta formativa"},"content":{"rendered":"<div class=\"wpb-content-wrapper\"><p>[vc_row full_width=\u00bbstretch_row_content\u00bb css=\u00bb.vc_custom_1721778500560{background-color: #aa0f16 !important;}\u00bb][vc_column][vc_column_text css=\u00bb\u00bb]<\/p>\n<h1 style=\"text-align: center\"><span style=\"color: #ffffff\">Nuestra oferta formativa<\/span><\/h1>\n<p>[\/vc_column_text][\/vc_column][\/vc_row][vc_row full_width=\u00bbstretch_row_content\u00bb][vc_column]<div style=\"background-color:;height: 15px\" class=\"nicdark_section  \"><\/div>[\/vc_column][\/vc_row][vc_row][vc_column width=\u00bb1\/5&#8243;][vc_btn title=\u00bbPreguntas frecuentes\u00bb style=\u00bboutline-custom\u00bb outline_custom_color=\u00bb#6f8c2b\u00bb outline_custom_hover_background=\u00bb#6f8c2b\u00bb outline_custom_hover_text=\u00bb#ffffff\u00bb align=\u00bbcenter\u00bb css=\u00bb.vc_custom_1728937046465{padding-left: -10px !important;}\u00bb link=\u00bburl:https%3A%2F%2Fwww.feyalegria.org%2Fvenezuela%2Fpreguntas-frecuentes-2%2F|title:Preguntas%20frecuentes|target:_blank\u00bb][\/vc_column][vc_column width=\u00bb1\/5&#8243; alignment=\u00bbcenter\u00bb css=\u00bb.vc_custom_1728937083752{padding-right: -30px !important;}\u00bb][vc_btn title=\u00bbEscuela Virtual\u00bb style=\u00bboutline-custom\u00bb outline_custom_color=\u00bb#a53580&#8243; outline_custom_hover_background=\u00bb#a53580&#8243; outline_custom_hover_text=\u00bb#ffffff\u00bb align=\u00bbcenter\u00bb css=\u00bb\u00bb link=\u00bburl:https%3A%2F%2Fescuelavirtual.feyalegria.org%2Faulas%2Fcourse%2Findex.php%3Fcategoryid%3D88|title:Cursos%20Pedagog%C3%ADa|target:_blank\u00bb][\/vc_column][vc_column width=\u00bb1\/5&#8243; alignment=\u00bbcenter\u00bb][vc_btn title=\u00bbEnConFyAnza\u00bb style=\u00bboutline-custom\u00bb outline_custom_color=\u00bb#d7ac14&#8243; outline_custom_hover_background=\u00bb#d7ac14&#8243; outline_custom_hover_text=\u00bb#ffffff\u00bb align=\u00bbcenter\u00bb css=\u00bb\u00bb link=\u00bburl:https%3A%2F%2Fwww.feyalegria.org%2Fvenezuela%2Fnoticias-enconfyanza%2F|target:_blank\u00bb][\/vc_column][vc_column width=\u00bb1\/5&#8243; alignment=\u00bbcenter\u00bb][vc_btn title=\u00bbCont\u00e1ctanos\u00bb style=\u00bboutline-custom\u00bb outline_custom_color=\u00bb#c7662a\u00bb outline_custom_hover_background=\u00bb#c7662a\u00bb outline_custom_hover_text=\u00bb#ffffff\u00bb align=\u00bbcenter\u00bb css=\u00bb\u00bb link=\u00bburl:https%3A%2F%2Fwww.feyalegria.org%2Fvenezuela%2Fcontactanos-2%2F|title:Cont%C3%A1ctanos|target:_blank\u00bb][\/vc_column][vc_column width=\u00bb1\/5&#8243; alignment=\u00bbcenter\u00bb][vc_btn title=\u00bbP\u00e1gina principal\u00bb style=\u00bboutline-custom\u00bb outline_custom_color=\u00bb#AA0F16&#8243; outline_custom_hover_background=\u00bb#AA0F16&#8243; outline_custom_hover_text=\u00bb#ffffff\u00bb align=\u00bbcenter\u00bb css=\u00bb\u00bb link=\u00bburl:https%3A%2F%2Fwww.feyalegria.org%2Fvenezuela%2Ffe-y-alegria-educomunicacion%2F|title:Volver%20a%20la%20p%C3%A1gina%20principal|target:_blank\u00bb][\/vc_column][\/vc_row][vc_row content_placement=\u00bbmiddle\u00bb][vc_column]<div style=\"background-color:;height: 50px\" class=\"nicdark_section  \"><\/div>[vc_row_inner][vc_column_inner width=\u00bb1\/2&#8243;][accordion_father active=\u00bb0&#8243; animation=\u00bb500&#8243; titlemargin=\u00bb20&#8243; icon=\u00bbfas fa-chevron-circle-right\u00bb icon_mblsize=\u00bb20&#8243; title_mblsize=\u00bb30&#8243; desc_mblsize=\u00bb16&#8243; activeicon=\u00bbfas fa-chevron-circle-down\u00bb][accordion_son title_padding=\u00bb20&#8243; title=\u00bbTelem\u00e1tica\u00bb clr=\u00bb#FFFFFF\u00bb bodybg=\u00bb#FFFFFF\u00bb bgclr=\u00bb#1B878F\u00bb titleradius=\u00bb30&#8243;]<img loading=\"lazy\" decoding=\"async\" class=\"alignleft wp-image-8299 size-thumbnail\" src=\"https:\/\/d3pugrm67vf9n7.cloudfront.net\/wp-content\/uploads\/sites\/4\/2024\/11\/27220542\/Telematica-150x150.png\" alt=\"\" width=\"150\" height=\"150\" srcset=\"https:\/\/d3pugrm67vf9n7.cloudfront.net\/wp-content\/uploads\/sites\/4\/2024\/11\/27220542\/Telematica-150x150.png 150w, https:\/\/d3pugrm67vf9n7.cloudfront.net\/wp-content\/uploads\/sites\/4\/2024\/11\/27220542\/Telematica-300x300.png 300w, https:\/\/d3pugrm67vf9n7.cloudfront.net\/wp-content\/uploads\/sites\/4\/2024\/11\/27220542\/Telematica-1024x1024.png 1024w, https:\/\/d3pugrm67vf9n7.cloudfront.net\/wp-content\/uploads\/sites\/4\/2024\/11\/27220542\/Telematica-768x768.png 768w, https:\/\/d3pugrm67vf9n7.cloudfront.net\/wp-content\/uploads\/sites\/4\/2024\/11\/27220542\/Telematica.png 1080w\" sizes=\"auto, (max-width: 150px) 100vw, 150px\" \/><\/p>\n<h4><strong>Al estudiar con\u00a0 nosotros Telem\u00e1tica<\/strong><\/h4>\n<p>Tendr\u00e1 habilidades y destrezas para dise\u00f1ar e implementar sistemas de comunicaci\u00f3n de datos\u00a0 y redes inform\u00e1ticas bajo supervisi\u00f3n de:<\/p>\n<p><strong>&gt;&gt; Empresa de telecomunicaci\u00f3n e inform\u00e1tica<\/strong><\/p>\n<p><strong>&gt;&gt; Dise\u00f1o de implementaci\u00f3n de programas y redes<\/strong><\/p>\n<p style=\"padding-left: 160px\"><strong>\u00a0&gt;&gt; Procesamiento de datos voz y video.<\/strong><\/p>\n<p>[\/accordion_son][accordion_son title_padding=\u00bb20&#8243; title=\u00bbComunicaci\u00f3n educativa\u00bb clr=\u00bb#FFFFFF\u00bb titleradius=\u00bb30&#8243; bodybg=\u00bb#FFFFFF\u00bb bgclr=\u00bb#1B878F\u00bb]<img loading=\"lazy\" decoding=\"async\" class=\"wp-image-8294 size-thumbnail alignleft\" src=\"https:\/\/d3pugrm67vf9n7.cloudfront.net\/wp-content\/uploads\/sites\/4\/2024\/11\/27220455\/Comunicacion-educativa-150x150.png\" alt=\"\" width=\"150\" height=\"150\" srcset=\"https:\/\/d3pugrm67vf9n7.cloudfront.net\/wp-content\/uploads\/sites\/4\/2024\/11\/27220455\/Comunicacion-educativa-150x150.png 150w, https:\/\/d3pugrm67vf9n7.cloudfront.net\/wp-content\/uploads\/sites\/4\/2024\/11\/27220455\/Comunicacion-educativa-300x300.png 300w, https:\/\/d3pugrm67vf9n7.cloudfront.net\/wp-content\/uploads\/sites\/4\/2024\/11\/27220455\/Comunicacion-educativa-1024x1024.png 1024w, https:\/\/d3pugrm67vf9n7.cloudfront.net\/wp-content\/uploads\/sites\/4\/2024\/11\/27220455\/Comunicacion-educativa-768x768.png 768w, https:\/\/d3pugrm67vf9n7.cloudfront.net\/wp-content\/uploads\/sites\/4\/2024\/11\/27220455\/Comunicacion-educativa.png 1080w\" sizes=\"auto, (max-width: 150px) 100vw, 150px\" \/><\/p>\n<h4><strong>Al estudiar con nosotros Comunicaci\u00f3n Educativa<\/strong><\/h4>\n<p><span style=\"font-weight: 400\">El T\u00e9cnico Profesional podr\u00e1 prestar asistencia en producciones radiales, gr\u00e1ficas y audiovisuales, focalizadas en las comunidades y en procesos participativos y alternativos, entre los grupos sociales y personas de:<\/span><\/p>\n<p><strong>&gt;&gt; Radio comunitaria y comercial.<\/strong><\/p>\n<p><strong>&gt;&gt; Televisoras privadas y comunitarias.<\/strong><\/p>\n<p><strong>&gt;&gt; Peri\u00f3dicos impresos y digitales.<\/strong><\/p>\n<p><strong>&gt;&gt; Oficinas de prensa institucionales y privadas<\/strong>[\/accordion_son][accordion_son title_padding=\u00bb20&#8243; title=\u00bbSoporte t\u00e9cnico\u00bb clr=\u00bb#FFFFFF\u00bb titleradius=\u00bb30&#8243; bodybg=\u00bb#FFFFFF\u00bb bgclr=\u00bb#1B878F\u00bb]<img loading=\"lazy\" decoding=\"async\" class=\"wp-image-8298 size-thumbnail alignleft\" src=\"https:\/\/d3pugrm67vf9n7.cloudfront.net\/wp-content\/uploads\/sites\/4\/2024\/11\/27220534\/Soporte-tecnico-150x150.png\" alt=\"\" width=\"150\" height=\"150\" srcset=\"https:\/\/d3pugrm67vf9n7.cloudfront.net\/wp-content\/uploads\/sites\/4\/2024\/11\/27220534\/Soporte-tecnico-150x150.png 150w, https:\/\/d3pugrm67vf9n7.cloudfront.net\/wp-content\/uploads\/sites\/4\/2024\/11\/27220534\/Soporte-tecnico-300x300.png 300w, https:\/\/d3pugrm67vf9n7.cloudfront.net\/wp-content\/uploads\/sites\/4\/2024\/11\/27220534\/Soporte-tecnico-1024x1024.png 1024w, https:\/\/d3pugrm67vf9n7.cloudfront.net\/wp-content\/uploads\/sites\/4\/2024\/11\/27220534\/Soporte-tecnico-768x768.png 768w, https:\/\/d3pugrm67vf9n7.cloudfront.net\/wp-content\/uploads\/sites\/4\/2024\/11\/27220534\/Soporte-tecnico.png 1080w\" sizes=\"auto, (max-width: 150px) 100vw, 150px\" \/><\/p>\n<h4><strong>Al estudiar con nosotros Soporte t\u00e9cnico<\/strong><\/h4>\n<p>El T\u00e9cnico Profesional en Soporte T\u00e9cnico Inform\u00e1tico estar\u00e1 en capacidad de instalar y configurar equipos inform\u00e1ticos y software siguiendo las normas y procedimientos establecidos.<\/p>\n<p>&nbsp;<\/p>\n<p><strong>&gt;&gt; Empresa de mantenimiento de reparaci\u00f3n de pc y equipos electr\u00f3nicos.<\/strong><br \/>\n<strong>&gt;&gt; Empresa de telecomunicaciones e inform\u00e1tica.<\/strong><br \/>\n<strong>&gt;&gt; Centro de servicios t\u00e9cnicos.<\/strong><br \/>\n<strong>&gt;&gt; Mantenimiento independientemente de equipos inform\u00e1ticos.<\/strong>[\/accordion_son][accordion_son title_padding=\u00bb20&#8243; title=\u00bbServicios administrativos, contables y financieros\u00bb clr=\u00bb#FFFFFF\u00bb titleradius=\u00bb30&#8243; bodybg=\u00bb#FFFFFF\u00bb bgclr=\u00bb#1B878F\u00bb]<img loading=\"lazy\" decoding=\"async\" class=\"wp-image-8297 size-thumbnail alignleft\" src=\"https:\/\/d3pugrm67vf9n7.cloudfront.net\/wp-content\/uploads\/sites\/4\/2024\/11\/27220525\/Servicios-administrativos-150x150.png\" alt=\"\" width=\"150\" height=\"150\" srcset=\"https:\/\/d3pugrm67vf9n7.cloudfront.net\/wp-content\/uploads\/sites\/4\/2024\/11\/27220525\/Servicios-administrativos-150x150.png 150w, https:\/\/d3pugrm67vf9n7.cloudfront.net\/wp-content\/uploads\/sites\/4\/2024\/11\/27220525\/Servicios-administrativos-300x300.png 300w, https:\/\/d3pugrm67vf9n7.cloudfront.net\/wp-content\/uploads\/sites\/4\/2024\/11\/27220525\/Servicios-administrativos-1024x1024.png 1024w, https:\/\/d3pugrm67vf9n7.cloudfront.net\/wp-content\/uploads\/sites\/4\/2024\/11\/27220525\/Servicios-administrativos-768x768.png 768w, https:\/\/d3pugrm67vf9n7.cloudfront.net\/wp-content\/uploads\/sites\/4\/2024\/11\/27220525\/Servicios-administrativos.png 1080w\" sizes=\"auto, (max-width: 150px) 100vw, 150px\" \/><\/p>\n<h4><strong>Al estudiar con nosotros Servicios administrativos, contables y financieros<\/strong><\/h4>\n<p>Tendr\u00e1 habilidades y destrezas para realizar actividades de asistencia administrativa en el \u00e1mbito comercial,<br \/>\nfinanciero, laboral y contable, tanto en empresas p\u00fablicas como privadas<\/p>\n<p><strong>&gt;&gt; Auxiliar Contable.<\/strong><\/p>\n<p><strong>&gt;&gt; Asistente Administrativo.<\/strong><\/p>\n<p><strong>&gt;&gt; Asistente Financiero.<\/strong>[\/accordion_son][\/accordion_father][\/vc_column_inner][vc_column_inner width=\u00bb1\/2&#8243;][accordion_father active=\u00bb0&#8243; animation=\u00bb500&#8243; titlemargin=\u00bb20&#8243; icon=\u00bbfas fa-chevron-circle-right\u00bb activeicon=\u00bbfas fa-chevron-circle-down\u00bb icon_mblsize=\u00bb20&#8243; title_mblsize=\u00bb30&#8243; desc_mblsize=\u00bb16&#8243;][accordion_son title_padding=\u00bb20&#8243; title=\u00bbMantenimiento mec\u00e1nico\u00bb clr=\u00bb#FFFFFF\u00bb bodybg=\u00bb#FFFFFF\u00bb bgclr=\u00bb#C7662A\u00bb titleradius=\u00bb30&#8243;]<img loading=\"lazy\" decoding=\"async\" class=\"wp-image-8296 size-thumbnail alignleft\" src=\"https:\/\/d3pugrm67vf9n7.cloudfront.net\/wp-content\/uploads\/sites\/4\/2024\/11\/27220515\/Mantenimiento-mecanico-150x150.png\" alt=\"\" width=\"150\" height=\"150\" srcset=\"https:\/\/d3pugrm67vf9n7.cloudfront.net\/wp-content\/uploads\/sites\/4\/2024\/11\/27220515\/Mantenimiento-mecanico-150x150.png 150w, https:\/\/d3pugrm67vf9n7.cloudfront.net\/wp-content\/uploads\/sites\/4\/2024\/11\/27220515\/Mantenimiento-mecanico-300x300.png 300w, https:\/\/d3pugrm67vf9n7.cloudfront.net\/wp-content\/uploads\/sites\/4\/2024\/11\/27220515\/Mantenimiento-mecanico-1024x1024.png 1024w, https:\/\/d3pugrm67vf9n7.cloudfront.net\/wp-content\/uploads\/sites\/4\/2024\/11\/27220515\/Mantenimiento-mecanico-768x768.png 768w, https:\/\/d3pugrm67vf9n7.cloudfront.net\/wp-content\/uploads\/sites\/4\/2024\/11\/27220515\/Mantenimiento-mecanico.png 1080w\" sizes=\"auto, (max-width: 150px) 100vw, 150px\" \/><\/p>\n<h4><strong>Al estudiar con nosotros Mantenimiento mec\u00e1nico<\/strong><\/h4>\n<p>El T\u00e9cnico Profesional en Mantenimiento Mec\u00e1nico estar\u00e1 en capacidad de diagnosticar y ejecutar el mantenimiento b\u00e1sico, bajo supervisi\u00f3n, de veh\u00edculos automotrices y maquinaria di\u00e9sel.<\/p>\n<p>&nbsp;<\/p>\n<p><strong>&gt;&gt; Ayudante de mec\u00e1nico en la industria de hidrocarburos.<\/strong><\/p>\n<p><strong>&gt;&gt; Ayudante de mec\u00e1nico en la industria metal mec\u00e1nica.&gt;<\/strong><\/p>\n<p><strong>&gt;&gt; Ayudante de mec\u00e1nico en la industria automotriz diesel y gasolina<\/strong><\/p>\n<p><strong>&gt;&gt; Ayudante de mec\u00e1nico en la industria de la construcci\u00f3n.<\/strong>[\/accordion_son][accordion_son title_padding=\u00bb20&#8243; title=\u00bbAgroecolog\u00eda\u00bb clr=\u00bb#FFFFFF\u00bb bodybg=\u00bb#FFFFFF\u00bb bgclr=\u00bb#6F8C2B\u00bb titleradius=\u00bb30&#8243;]<img loading=\"lazy\" decoding=\"async\" class=\"wp-image-8293 size-thumbnail alignleft\" src=\"https:\/\/d3pugrm67vf9n7.cloudfront.net\/wp-content\/uploads\/sites\/4\/2024\/11\/27220443\/Agroecologia-150x150.png\" alt=\"\" width=\"150\" height=\"150\" srcset=\"https:\/\/d3pugrm67vf9n7.cloudfront.net\/wp-content\/uploads\/sites\/4\/2024\/11\/27220443\/Agroecologia-150x150.png 150w, https:\/\/d3pugrm67vf9n7.cloudfront.net\/wp-content\/uploads\/sites\/4\/2024\/11\/27220443\/Agroecologia-300x300.png 300w, https:\/\/d3pugrm67vf9n7.cloudfront.net\/wp-content\/uploads\/sites\/4\/2024\/11\/27220443\/Agroecologia-1024x1024.png 1024w, https:\/\/d3pugrm67vf9n7.cloudfront.net\/wp-content\/uploads\/sites\/4\/2024\/11\/27220443\/Agroecologia-768x768.png 768w, https:\/\/d3pugrm67vf9n7.cloudfront.net\/wp-content\/uploads\/sites\/4\/2024\/11\/27220443\/Agroecologia.png 1080w\" sizes=\"auto, (max-width: 150px) 100vw, 150px\" \/><\/p>\n<h4><strong>Al estudiar con\u00a0 nosotros Agroecolog\u00eda<\/strong><\/h4>\n<p>Desarrolla habilidades y destrezas para obtener productos agropecuarios ecol\u00f3gicos con t\u00e9cnicas agr\u00edcolas, ganaderas mejorar la biodiversidad y estabilidad del medio, as\u00ed como la fertilidad del suelo.<\/p>\n<p>&nbsp;<\/p>\n<p><strong>&gt;&gt; Asistente cualificado por cuenta ajena en cultivos y ganader\u00eda <\/strong><strong>ecol\u00f3gica.<\/strong><\/p>\n<p><strong>&gt;&gt; Asistente cualificado por cuenta propia en cultivos y ganader\u00eda ecol\u00f3gica.<\/strong><\/p>\n<p><strong>&gt;&gt; Asistente de agricultor ecol\u00f3gico.<\/strong><\/p>\n<p><strong>&gt;&gt; Ayudante criador de ganado ecol\u00f3gico.<\/strong><\/p>\n<p><strong>&gt;&gt; Ayudante avicultor ecol\u00f3gico.<\/strong>[\/accordion_son][accordion_son title_padding=\u00bb20&#8243; title=\u00bbFarmacia\u00bb clr=\u00bb#FFFFFF\u00bb bodybg=\u00bb#F7F6F6&#8243; bgclr=\u00bb#EDBB0D\u00bb titleradius=\u00bb30&#8243;]<img loading=\"lazy\" decoding=\"async\" class=\"wp-image-8295 size-thumbnail alignleft\" src=\"https:\/\/d3pugrm67vf9n7.cloudfront.net\/wp-content\/uploads\/sites\/4\/2024\/11\/27220506\/Farmacia-150x150.png\" alt=\"\" width=\"150\" height=\"150\" srcset=\"https:\/\/d3pugrm67vf9n7.cloudfront.net\/wp-content\/uploads\/sites\/4\/2024\/11\/27220506\/Farmacia-150x150.png 150w, https:\/\/d3pugrm67vf9n7.cloudfront.net\/wp-content\/uploads\/sites\/4\/2024\/11\/27220506\/Farmacia-300x300.png 300w, https:\/\/d3pugrm67vf9n7.cloudfront.net\/wp-content\/uploads\/sites\/4\/2024\/11\/27220506\/Farmacia-1024x1024.png 1024w, https:\/\/d3pugrm67vf9n7.cloudfront.net\/wp-content\/uploads\/sites\/4\/2024\/11\/27220506\/Farmacia-768x768.png 768w, https:\/\/d3pugrm67vf9n7.cloudfront.net\/wp-content\/uploads\/sites\/4\/2024\/11\/27220506\/Farmacia.png 1080w\" sizes=\"auto, (max-width: 150px) 100vw, 150px\" \/><\/p>\n<h4><strong>Al estudiar con\u00a0 nosotros Farmacia<\/strong><\/h4>\n<p><span style=\"font-weight: 400\">T\u00e9cnico Profesional en farmacia tendr\u00e1 la capacidad de dispensar productos farmac\u00e9uticos, sanitarios y parafarmac\u00e9uticos de forma proactiva y responsable, bajo la supervisi\u00f3n de un profesional del \u00e1rea.\u00a0<\/span><\/p>\n<p>&nbsp;<\/p>\n<p><strong>&gt;&gt; Farmacias Hospitalarias.<\/strong><\/p>\n<p><strong>&gt;&gt; Centros de Atenci\u00f3n Primaria.<\/strong><\/p>\n<p><strong>&gt;&gt; Ventas de cosm\u00e9ticos y cuidado personal.<\/strong><\/p>\n<p><strong>&gt;&gt; Establecimientos de Parafarmacias.<\/strong><\/p>\n<p><strong>&gt;&gt; Almacenes de Medicamentos (Droguer\u00eda\/ farmacias)<\/strong>[\/accordion_son][\/accordion_father][\/vc_column_inner][\/vc_row_inner][\/vc_column][\/vc_row][vc_row][vc_column]<div style=\"background-color:;height: 50px\" class=\"nicdark_section  \"><\/div>[vc_separator color=\u00bbmulled_wine\u00bb style=\u00bbshadow\u00bb css=\u00bb\u00bb][vc_column_text]<\/p>\n<h3 style=\"text-align: center\">Hazte aliado de Fe y Alegr\u00eda<\/h3>\n<p>[\/vc_column_text][vc_row_inner][vc_column_inner width=\u00bb1\/12&#8243; alignment=\u00bbcenter\u00bb][\/vc_column_inner][vc_column_inner width=\u00bb1\/5&#8243; alignment=\u00bbcenter\u00bb][mvc_flip_box style=\u00bbvertical\u00bb border_st=\u00bbcustom_border\u00bb link_st=\u00bbcustom_link\u00bb info_opt=\u00bbshow_icon\u00bb size=\u00bb25&#8243; descrsize=\u00bb\u00bb front_bg=\u00bb#ffffff\u00bb border_clr=\u00bb#aa0f16&#8243; url=\u00bburl:https%3A%2F%2Fwww.feyalegria.org%2Fvenezuela%2Fdonar-en-venezuela%2F\u00bb url_txt=\u00bbAqu\u00ed\u00bb url_clr=\u00bb#aa0f16&#8243; url_bg=\u00bb#e4e4e4&#8243; font_icon=\u00bbfas fa-heart\u00bb icon_size=\u00bb60&#8243; icon_color=\u00bb#aa0f16&#8243; title=\u00bbDonar\u00bb color=\u00bb#aa0f16&#8243; bgcolor=\u00bb#aa0f16&#8243; border_width=\u00bb3&#8243;]<\/p>\n<h2 style=\"text-align: center\"><span style=\"color: #ffffff;font-size: 18px\">Tu aporte a la educaci\u00f3n<\/span><\/h2>\n<p>[\/mvc_flip_box][\/vc_column_inner][vc_column_inner width=\u00bb1\/12&#8243; alignment=\u00bbcenter\u00bb][\/vc_column_inner][vc_column_inner width=\u00bb1\/5&#8243;][mvc_flip_box style=\u00bbvertical\u00bb border_st=\u00bbcustom_border\u00bb link_st=\u00bbcustom_link\u00bb info_opt=\u00bbshow_icon\u00bb size=\u00bb25&#8243; descrsize=\u00bb\u00bb front_bg=\u00bb#ffffff\u00bb border_clr=\u00bb#aa0f16&#8243; url=\u00bburl:https%3A%2F%2Fwww.feyalegria.org%2Fvenezuela%2Fvoluntariado%2F\u00bb url_txt=\u00bbAqu\u00ed\u00bb url_clr=\u00bb#aa0f16&#8243; url_bg=\u00bb#e4e4e4&#8243; font_icon=\u00bbfas fa-sign-language\u00bb icon_size=\u00bb60&#8243; icon_color=\u00bb#aa0f16&#8243; title=\u00bbSer voluntario\u00bb color=\u00bb#aa0f16&#8243; bgcolor=\u00bb#aa0f16&#8243; border_width=\u00bb3&#8243;]<\/p>\n<h2 style=\"text-align: center\"><span style=\"color: #ffffff;font-size: 18px\">\u00danete por\u00a0 la educaci\u00f3n<\/span><\/h2>\n<p>[\/mvc_flip_box][\/vc_column_inner][vc_column_inner width=\u00bb1\/12&#8243;][\/vc_column_inner][vc_column_inner width=\u00bb1\/5&#8243;][mvc_flip_box style=\u00bbvertical\u00bb border_st=\u00bbcustom_border\u00bb link_st=\u00bbcustom_link\u00bb info_opt=\u00bbshow_icon\u00bb size=\u00bb25&#8243; descrsize=\u00bb\u00bb front_bg=\u00bb#ffffff\u00bb border_clr=\u00bb#aa0f16&#8243; url=\u00bburl:https%3A%2F%2Fwww.feyalegria.org%2Fvenezuela%2Fempresas-aliadas%2F\u00bb url_txt=\u00bbAqu\u00ed\u00bb url_clr=\u00bb#aa0f16&#8243; url_bg=\u00bb#e4e4e4&#8243; font_icon=\u00bbfas fa-american-sign-language-interpreting\u00bb icon_size=\u00bb60&#8243; icon_color=\u00bb#aa0f16&#8243; title=\u00bbEmpresas aliadas\u00bb color=\u00bb#aa0f16&#8243; bgcolor=\u00bb#aa0f16&#8243; border_width=\u00bb3&#8243;]<\/p>\n<h2 style=\"text-align: center\"><span style=\"color: #ffffff;font-size: 18px\">Hazte aliado por la educaci\u00f3n<\/span><\/h2>\n<p>[\/mvc_flip_box][\/vc_column_inner][vc_column_inner width=\u00bb1\/12&#8243;][\/vc_column_inner][\/vc_row_inner]<div style=\"background-color:;height: 50px\" class=\"nicdark_section  \"><\/div>[\/vc_column][\/vc_row]<\/p>\n<\/div>","protected":false},"excerpt":{"rendered":"<p>[vc_row full_width=\u00bbstretch_row_content\u00bb css=\u00bb.vc_custom_1721778500560{background-color: #aa0f16 !important;}\u00bb][vc_column][vc_column_text css=\u00bb\u00bb] Nuestra oferta formativa [\/vc_column_text][\/vc_column][\/vc_row][vc_row full_width=\u00bbstretch_row_content\u00bb][vc_column][\/vc_column][\/vc_row][vc_row][vc_column width=\u00bb1\/5&#8243;][vc_btn title=\u00bbPreguntas frecuentes\u00bb style=\u00bboutline-custom\u00bb outline_custom_color=\u00bb#6f8c2b\u00bb outline_custom_hover_background=\u00bb#6f8c2b\u00bb outline_custom_hover_text=\u00bb#ffffff\u00bb align=\u00bbcenter\u00bb css=\u00bb.vc_custom_1728937046465{padding-left: -10px !important;}\u00bb link=\u00bburl:https%3A%2F%2Fwww.feyalegria.org%2Fvenezuela%2Fpreguntas-frecuentes-2%2F|title:Preguntas%20frecuentes|target:_blank\u00bb][\/vc_column][vc_column width=\u00bb1\/5&#8243; alignment=\u00bbcenter\u00bb css=\u00bb.vc_custom_1728937083752{padding-right: -30px !important;}\u00bb][vc_btn title=\u00bbEscuela Virtual\u00bb style=\u00bboutline-custom\u00bb outline_custom_color=\u00bb#a53580&#8243; outline_custom_hover_background=\u00bb#a53580&#8243; outline_custom_hover_text=\u00bb#ffffff\u00bb align=\u00bbcenter\u00bb css=\u00bb\u00bb link=\u00bburl:https%3A%2F%2Fescuelavirtual.feyalegria.org%2Faulas%2Fcourse%2Findex.php%3Fcategoryid%3D88|title:Cursos%20Pedagog%C3%ADa|target:_blank\u00bb][\/vc_column][vc_column width=\u00bb1\/5&#8243; alignment=\u00bbcenter\u00bb][vc_btn title=\u00bbEnConFyAnza\u00bb style=\u00bboutline-custom\u00bb outline_custom_color=\u00bb#d7ac14&#8243; outline_custom_hover_background=\u00bb#d7ac14&#8243; outline_custom_hover_text=\u00bb#ffffff\u00bb align=\u00bbcenter\u00bb css=\u00bb\u00bb link=\u00bburl:https%3A%2F%2Fwww.feyalegria.org%2Fvenezuela%2Fnoticias-enconfyanza%2F|target:_blank\u00bb][\/vc_column][vc_column width=\u00bb1\/5&#8243; alignment=\u00bbcenter\u00bb][vc_btn title=\u00bbCont\u00e1ctanos\u00bb style=\u00bboutline-custom\u00bb outline_custom_color=\u00bb#c7662a\u00bb outline_custom_hover_background=\u00bb#c7662a\u00bb outline_custom_hover_text=\u00bb#ffffff\u00bb align=\u00bbcenter\u00bb<\/p>\n","protected":false},"author":47,"featured_media":0,"parent":0,"menu_order":0,"comment_status":"closed","ping_status":"closed","template":"","meta":{"_acf_changed":false,"footnotes":""},"folder":[],"class_list":["post-7675","page","type-page","status-publish","hentry"],"acf":[],"yoast_head":"<!-- This site is optimized with the Yoast SEO plugin v27.5 - https:\/\/yoast.com\/product\/yoast-seo-wordpress\/ -->\n<title>Nuestra oferta formativa - Fe y Alegr\u00eda en Venezuela<\/title>\n<meta name=\"robots\" content=\"index, follow, max-snippet:-1, max-image-preview:large, max-video-preview:-1\" \/>\n<link rel=\"canonical\" href=\"https:\/\/www.feyalegria.org\/venezuela\/nuestra-oferta-formativa\/\" \/>\n<meta property=\"og:locale\" content=\"es_ES\" \/>\n<meta property=\"og:type\" content=\"article\" \/>\n<meta property=\"og:title\" content=\"Nuestra oferta formativa - Fe y Alegr\u00eda en Venezuela\" \/>\n<meta property=\"og:description\" content=\"[vc_row full_width=\u00bbstretch_row_content\u00bb css=\u00bb.vc_custom_1721778500560{background-color: #aa0f16 !important;}\u00bb][vc_column][vc_column_text css=\u00bb\u00bb] Nuestra oferta formativa [\/vc_column_text][\/vc_column][\/vc_row][vc_row full_width=\u00bbstretch_row_content\u00bb][vc_column][\/vc_column][\/vc_row][vc_row][vc_column width=\u00bb1\/5&#8243;][vc_btn title=\u00bbPreguntas frecuentes\u00bb style=\u00bboutline-custom\u00bb outline_custom_color=\u00bb#6f8c2b\u00bb outline_custom_hover_background=\u00bb#6f8c2b\u00bb outline_custom_hover_text=\u00bb#ffffff\u00bb align=\u00bbcenter\u00bb css=\u00bb.vc_custom_1728937046465{padding-left: -10px !important;}\u00bb link=\u00bburl:https%3A%2F%2Fwww.feyalegria.org%2Fvenezuela%2Fpreguntas-frecuentes-2%2F|title:Preguntas%20frecuentes|target:_blank\u00bb][\/vc_column][vc_column width=\u00bb1\/5&#8243; alignment=\u00bbcenter\u00bb css=\u00bb.vc_custom_1728937083752{padding-right: -30px !important;}\u00bb][vc_btn title=\u00bbEscuela Virtual\u00bb style=\u00bboutline-custom\u00bb outline_custom_color=\u00bb#a53580&#8243; outline_custom_hover_background=\u00bb#a53580&#8243; outline_custom_hover_text=\u00bb#ffffff\u00bb align=\u00bbcenter\u00bb css=\u00bb\u00bb link=\u00bburl:https%3A%2F%2Fescuelavirtual.feyalegria.org%2Faulas%2Fcourse%2Findex.php%3Fcategoryid%3D88|title:Cursos%20Pedagog%C3%ADa|target:_blank\u00bb][\/vc_column][vc_column width=\u00bb1\/5&#8243; alignment=\u00bbcenter\u00bb][vc_btn title=\u00bbEnConFyAnza\u00bb style=\u00bboutline-custom\u00bb outline_custom_color=\u00bb#d7ac14&#8243; outline_custom_hover_background=\u00bb#d7ac14&#8243; outline_custom_hover_text=\u00bb#ffffff\u00bb align=\u00bbcenter\u00bb css=\u00bb\u00bb link=\u00bburl:https%3A%2F%2Fwww.feyalegria.org%2Fvenezuela%2Fnoticias-enconfyanza%2F|target:_blank\u00bb][\/vc_column][vc_column width=\u00bb1\/5&#8243; alignment=\u00bbcenter\u00bb][vc_btn title=\u00bbCont\u00e1ctanos\u00bb style=\u00bboutline-custom\u00bb outline_custom_color=\u00bb#c7662a\u00bb outline_custom_hover_background=\u00bb#c7662a\u00bb outline_custom_hover_text=\u00bb#ffffff\u00bb align=\u00bbcenter\u00bb\" \/>\n<meta property=\"og:url\" content=\"https:\/\/www.feyalegria.org\/venezuela\/nuestra-oferta-formativa\/\" \/>\n<meta property=\"og:site_name\" content=\"Fe y Alegr\u00eda en Venezuela\" \/>\n<meta property=\"article:modified_time\" content=\"2025-05-19T19:39:40+00:00\" \/>\n<meta property=\"og:image\" content=\"https:\/\/www.feyalegria.org\/venezuela\/wp-content\/uploads\/sites\/4\/2024\/11\/Telematica-150x150.png\" \/>\n<meta name=\"twitter:card\" content=\"summary_large_image\" \/>\n<meta name=\"twitter:label1\" content=\"Tiempo de lectura\" \/>\n\t<meta name=\"twitter:data1\" content=\"5 minutos\" \/>\n<script type=\"application\/ld+json\" class=\"yoast-schema-graph\">{\"@context\":\"https:\\\/\\\/schema.org\",\"@graph\":[{\"@type\":\"WebPage\",\"@id\":\"https:\\\/\\\/www.feyalegria.org\\\/venezuela\\\/nuestra-oferta-formativa\\\/\",\"url\":\"https:\\\/\\\/www.feyalegria.org\\\/venezuela\\\/nuestra-oferta-formativa\\\/\",\"name\":\"Nuestra oferta formativa - Fe y Alegr\u00eda en Venezuela\",\"isPartOf\":{\"@id\":\"https:\\\/\\\/www.feyalegria.org\\\/venezuela\\\/#website\"},\"primaryImageOfPage\":{\"@id\":\"https:\\\/\\\/www.feyalegria.org\\\/venezuela\\\/nuestra-oferta-formativa\\\/#primaryimage\"},\"image\":{\"@id\":\"https:\\\/\\\/www.feyalegria.org\\\/venezuela\\\/nuestra-oferta-formativa\\\/#primaryimage\"},\"thumbnailUrl\":\"https:\\\/\\\/www.feyalegria.org\\\/venezuela\\\/wp-content\\\/uploads\\\/sites\\\/4\\\/2024\\\/11\\\/Telematica-150x150.png\",\"datePublished\":\"2024-10-14T19:20:02+00:00\",\"dateModified\":\"2025-05-19T19:39:40+00:00\",\"inLanguage\":\"es\",\"potentialAction\":[{\"@type\":\"ReadAction\",\"target\":[\"https:\\\/\\\/www.feyalegria.org\\\/venezuela\\\/nuestra-oferta-formativa\\\/\"]}]},{\"@type\":\"ImageObject\",\"inLanguage\":\"es\",\"@id\":\"https:\\\/\\\/www.feyalegria.org\\\/venezuela\\\/nuestra-oferta-formativa\\\/#primaryimage\",\"url\":\"https:\\\/\\\/d3pugrm67vf9n7.cloudfront.net\\\/wp-content\\\/uploads\\\/sites\\\/4\\\/2024\\\/11\\\/27220542\\\/Telematica.png\",\"contentUrl\":\"https:\\\/\\\/d3pugrm67vf9n7.cloudfront.net\\\/wp-content\\\/uploads\\\/sites\\\/4\\\/2024\\\/11\\\/27220542\\\/Telematica.png\",\"width\":1080,\"height\":1080},{\"@type\":\"WebSite\",\"@id\":\"https:\\\/\\\/www.feyalegria.org\\\/venezuela\\\/#website\",\"url\":\"https:\\\/\\\/www.feyalegria.org\\\/venezuela\\\/\",\"name\":\"Fe y Alegr\u00eda en Venezuela\",\"description\":\"\",\"potentialAction\":[{\"@type\":\"SearchAction\",\"target\":{\"@type\":\"EntryPoint\",\"urlTemplate\":\"https:\\\/\\\/www.feyalegria.org\\\/venezuela\\\/?s={search_term_string}\"},\"query-input\":{\"@type\":\"PropertyValueSpecification\",\"valueRequired\":true,\"valueName\":\"search_term_string\"}}],\"inLanguage\":\"es\"}]}<\/script>\n<!-- \/ Yoast SEO plugin. -->","yoast_head_json":{"title":"Nuestra oferta formativa - Fe y Alegr\u00eda en Venezuela","robots":{"index":"index","follow":"follow","max-snippet":"max-snippet:-1","max-image-preview":"max-image-preview:large","max-video-preview":"max-video-preview:-1"},"canonical":"https:\/\/www.feyalegria.org\/venezuela\/nuestra-oferta-formativa\/","og_locale":"es_ES","og_type":"article","og_title":"Nuestra oferta formativa - Fe y Alegr\u00eda en Venezuela","og_description":"[vc_row full_width=\u00bbstretch_row_content\u00bb css=\u00bb.vc_custom_1721778500560{background-color: #aa0f16 !important;}\u00bb][vc_column][vc_column_text css=\u00bb\u00bb] Nuestra oferta formativa [\/vc_column_text][\/vc_column][\/vc_row][vc_row full_width=\u00bbstretch_row_content\u00bb][vc_column][\/vc_column][\/vc_row][vc_row][vc_column width=\u00bb1\/5&#8243;][vc_btn title=\u00bbPreguntas frecuentes\u00bb style=\u00bboutline-custom\u00bb outline_custom_color=\u00bb#6f8c2b\u00bb outline_custom_hover_background=\u00bb#6f8c2b\u00bb outline_custom_hover_text=\u00bb#ffffff\u00bb align=\u00bbcenter\u00bb css=\u00bb.vc_custom_1728937046465{padding-left: -10px !important;}\u00bb link=\u00bburl:https%3A%2F%2Fwww.feyalegria.org%2Fvenezuela%2Fpreguntas-frecuentes-2%2F|title:Preguntas%20frecuentes|target:_blank\u00bb][\/vc_column][vc_column width=\u00bb1\/5&#8243; alignment=\u00bbcenter\u00bb css=\u00bb.vc_custom_1728937083752{padding-right: -30px !important;}\u00bb][vc_btn title=\u00bbEscuela Virtual\u00bb style=\u00bboutline-custom\u00bb outline_custom_color=\u00bb#a53580&#8243; outline_custom_hover_background=\u00bb#a53580&#8243; outline_custom_hover_text=\u00bb#ffffff\u00bb align=\u00bbcenter\u00bb css=\u00bb\u00bb link=\u00bburl:https%3A%2F%2Fescuelavirtual.feyalegria.org%2Faulas%2Fcourse%2Findex.php%3Fcategoryid%3D88|title:Cursos%20Pedagog%C3%ADa|target:_blank\u00bb][\/vc_column][vc_column width=\u00bb1\/5&#8243; alignment=\u00bbcenter\u00bb][vc_btn title=\u00bbEnConFyAnza\u00bb style=\u00bboutline-custom\u00bb outline_custom_color=\u00bb#d7ac14&#8243; outline_custom_hover_background=\u00bb#d7ac14&#8243; outline_custom_hover_text=\u00bb#ffffff\u00bb align=\u00bbcenter\u00bb css=\u00bb\u00bb link=\u00bburl:https%3A%2F%2Fwww.feyalegria.org%2Fvenezuela%2Fnoticias-enconfyanza%2F|target:_blank\u00bb][\/vc_column][vc_column width=\u00bb1\/5&#8243; alignment=\u00bbcenter\u00bb][vc_btn title=\u00bbCont\u00e1ctanos\u00bb style=\u00bboutline-custom\u00bb outline_custom_color=\u00bb#c7662a\u00bb outline_custom_hover_background=\u00bb#c7662a\u00bb outline_custom_hover_text=\u00bb#ffffff\u00bb align=\u00bbcenter\u00bb","og_url":"https:\/\/www.feyalegria.org\/venezuela\/nuestra-oferta-formativa\/","og_site_name":"Fe y Alegr\u00eda en Venezuela","article_modified_time":"2025-05-19T19:39:40+00:00","og_image":[{"url":"https:\/\/www.feyalegria.org\/venezuela\/wp-content\/uploads\/sites\/4\/2024\/11\/Telematica-150x150.png","type":"","width":"","height":""}],"twitter_card":"summary_large_image","twitter_misc":{"Tiempo de lectura":"5 minutos"},"schema":{"@context":"https:\/\/schema.org","@graph":[{"@type":"WebPage","@id":"https:\/\/www.feyalegria.org\/venezuela\/nuestra-oferta-formativa\/","url":"https:\/\/www.feyalegria.org\/venezuela\/nuestra-oferta-formativa\/","name":"Nuestra oferta formativa - Fe y Alegr\u00eda en Venezuela","isPartOf":{"@id":"https:\/\/www.feyalegria.org\/venezuela\/#website"},"primaryImageOfPage":{"@id":"https:\/\/www.feyalegria.org\/venezuela\/nuestra-oferta-formativa\/#primaryimage"},"image":{"@id":"https:\/\/www.feyalegria.org\/venezuela\/nuestra-oferta-formativa\/#primaryimage"},"thumbnailUrl":"https:\/\/www.feyalegria.org\/venezuela\/wp-content\/uploads\/sites\/4\/2024\/11\/Telematica-150x150.png","datePublished":"2024-10-14T19:20:02+00:00","dateModified":"2025-05-19T19:39:40+00:00","inLanguage":"es","potentialAction":[{"@type":"ReadAction","target":["https:\/\/www.feyalegria.org\/venezuela\/nuestra-oferta-formativa\/"]}]},{"@type":"ImageObject","inLanguage":"es","@id":"https:\/\/www.feyalegria.org\/venezuela\/nuestra-oferta-formativa\/#primaryimage","url":"https:\/\/d3pugrm67vf9n7.cloudfront.net\/wp-content\/uploads\/sites\/4\/2024\/11\/27220542\/Telematica.png","contentUrl":"https:\/\/d3pugrm67vf9n7.cloudfront.net\/wp-content\/uploads\/sites\/4\/2024\/11\/27220542\/Telematica.png","width":1080,"height":1080},{"@type":"WebSite","@id":"https:\/\/www.feyalegria.org\/venezuela\/#website","url":"https:\/\/www.feyalegria.org\/venezuela\/","name":"Fe y Alegr\u00eda en Venezuela","description":"","potentialAction":[{"@type":"SearchAction","target":{"@type":"EntryPoint","urlTemplate":"https:\/\/www.feyalegria.org\/venezuela\/?s={search_term_string}"},"query-input":{"@type":"PropertyValueSpecification","valueRequired":true,"valueName":"search_term_string"}}],"inLanguage":"es"}]}},"_links":{"self":[{"href":"https:\/\/www.feyalegria.org\/venezuela\/wp-json\/wp\/v2\/pages\/7675","targetHints":{"allow":["GET"]}}],"collection":[{"href":"https:\/\/www.feyalegria.org\/venezuela\/wp-json\/wp\/v2\/pages"}],"about":[{"href":"https:\/\/www.feyalegria.org\/venezuela\/wp-json\/wp\/v2\/types\/page"}],"author":[{"embeddable":true,"href":"https:\/\/www.feyalegria.org\/venezuela\/wp-json\/wp\/v2\/users\/47"}],"replies":[{"embeddable":true,"href":"https:\/\/www.feyalegria.org\/venezuela\/wp-json\/wp\/v2\/comments?post=7675"}],"version-history":[{"count":0,"href":"https:\/\/www.feyalegria.org\/venezuela\/wp-json\/wp\/v2\/pages\/7675\/revisions"}],"wp:attachment":[{"href":"https:\/\/www.feyalegria.org\/venezuela\/wp-json\/wp\/v2\/media?parent=7675"}],"wp:term":[{"taxonomy":"folder","embeddable":true,"href":"https:\/\/www.feyalegria.org\/venezuela\/wp-json\/wp\/v2\/folder?post=7675"}],"curies":[{"name":"wp","href":"https:\/\/api.w.org\/{rel}","templated":true}]}}