{"id":8326,"date":"2024-11-29T19:55:58","date_gmt":"2024-11-29T19:55:58","guid":{"rendered":"https:\/\/www.feyalegria.org\/venezuela\/?page_id=8326"},"modified":"2024-11-29T19:57:31","modified_gmt":"2024-11-29T19:57:31","slug":"noticias-de-fe-y-alegria-esculeas","status":"publish","type":"page","link":"https:\/\/www.feyalegria.org\/venezuela\/noticias-de-fe-y-alegria-esculeas\/","title":{"rendered":"Noticias de Fe y Alegr\u00eda Escuelas"},"content":{"rendered":"<div class=\"wpb-content-wrapper\"><p>[vc_row][vc_column]<div style=\"background-color:;height: 15px\" class=\"nicdark_section  \"><\/div>[vc_btn title=\u00bbBoletines\u00bb style=\u00bbcustom\u00bb custom_background=\u00bb#aa0f16&#8243; custom_text=\u00bb#ffffff\u00bb size=\u00bblg\u00bb align=\u00bbright\u00bb css=\u00bb\u00bb link=\u00bburl:https%3A%2F%2Fwww.feyalegria.org%2Fvenezuela%2Fboletin-enconfyanza%2F|target:_blank\u00bb]<div style=\"background-color:;height: 25px\" class=\"nicdark_section  \"><\/div>[\/vc_column][\/vc_row][vc_row][vc_column]<div id=\"mpc_grid_posts_2269f4a64caf5f2\" class=\"mpc-grid-posts mpc-init mpc-init mpc-transition mpc-overlay--slide-right mpc-item--fade mpc-layout--style_6  \"  data-grid-cols=\"3\"><div class=\"mpc-grid-sizer\"><\/div><div onclick=\"\" class=\"mpc-post\"><div class=\"mpc-post__wrapper\"><div class=\"mpc-post__thumbnail\" data-mpc_src=\"https:\/\/d3pugrm67vf9n7.cloudfront.net\/wp-content\/uploads\/sites\/4\/2026\/04\/14184604\/1000994530-1024x768.jpg\" data-mpc_link=\"https:\/\/www.feyalegria.org\/venezuela\/fe-y-alegria-resalto-el-liderazgo-humano-en-el-iv-encuentro-de-alianza-por-la-educacion\/\"><div class=\"mpc-post__overlay mpc-transition\"><div class=\"mpc-post__content mpc-transition\"><span class=\"mpc-post__date mpc-date__wrapper\"><a href=\"https:\/\/www.feyalegria.org\/venezuela\/2026\/04\/14\/\"><div class=\"mpc-date__days\">14<\/div><div class=\"mpc-date__month\">Abr<\/div><\/a><\/span><div class=\"mpc-wrapper\"><h3 class=\"mpc-post__heading mpc-transition mpc-typography--preset_1\"><a href=\"https:\/\/www.feyalegria.org\/venezuela\/fe-y-alegria-resalto-el-liderazgo-humano-en-el-iv-encuentro-de-alianza-por-la-educacion\/\" title=\"Fe y Alegr\u00eda resalt\u00f3 el liderazgo humano en el IV Encuentro de Alianza por la Educaci\u00f3n\">Fe y Alegr\u00eda resalt\u00f3 el liderazgo humano en el IV Encuentro de Alianza por la Educaci\u00f3n<\/a><\/h3><div class=\"mpc-post__description mpc-typography--preset_4\"><div style=\"height: 265px\">Fe y Alegr\u00eda manifest\u00f3 el liderazgo transformador que ejercen los directores en 176 centros educativos desde lo humano y t\u00e9cnico.<\/div><\/div><\/div><\/div><\/div><\/div><div class=\"mpc-post__content mpc-transition\"><div class=\"mpc-wrapper\"><span class=\"mpc-post__date mpc-date__wrapper\"><a href=\"https:\/\/www.feyalegria.org\/venezuela\/2026\/04\/14\/\"><div class=\"mpc-date__days\">14<\/div><div class=\"mpc-date__month\">Abr<\/div><\/a><\/span><\/div><h3 class=\"mpc-post__heading mpc-transition mpc-typography--preset_1\"><a href=\"https:\/\/www.feyalegria.org\/venezuela\/fe-y-alegria-resalto-el-liderazgo-humano-en-el-iv-encuentro-de-alianza-por-la-educacion\/\" title=\"Fe y Alegr\u00eda resalt\u00f3 el liderazgo humano en el IV Encuentro de Alianza por la Educaci\u00f3n\">Fe y Alegr\u00eda resalt\u00f3 el liderazgo humano en el IV Encuentro de Alianza por la Educaci\u00f3n<\/a><\/h3><\/div><\/div><\/div><div onclick=\"\" class=\"mpc-post\"><div class=\"mpc-post__wrapper\"><div class=\"mpc-post__thumbnail\" data-mpc_src=\"https:\/\/d3pugrm67vf9n7.cloudfront.net\/wp-content\/uploads\/sites\/4\/2026\/04\/13201035\/alvaroperezmiranda_feyalegria-1-1024x768.jpg\" data-mpc_link=\"https:\/\/www.feyalegria.org\/venezuela\/mi-camino-a-venezuela-el-nuevo-libro-de-alvaro-perez-miranda-a-beneficio-de-fe-y-alegria\/\"><div class=\"mpc-post__overlay mpc-transition\"><div class=\"mpc-post__content mpc-transition\"><span class=\"mpc-post__date mpc-date__wrapper\"><a href=\"https:\/\/www.feyalegria.org\/venezuela\/2026\/04\/13\/\"><div class=\"mpc-date__days\">13<\/div><div class=\"mpc-date__month\">Abr<\/div><\/a><\/span><div class=\"mpc-wrapper\"><h3 class=\"mpc-post__heading mpc-transition mpc-typography--preset_1\"><a href=\"https:\/\/www.feyalegria.org\/venezuela\/mi-camino-a-venezuela-el-nuevo-libro-de-alvaro-perez-miranda-a-beneficio-de-fe-y-alegria\/\" title=\"\u201cMi camino a Venezuela\u201d: El nuevo libro de \u00c1lvaro P\u00e9rez Miranda a beneficio de Fe y Alegr\u00eda\">\u201cMi camino a Venezuela\u201d: El nuevo libro de \u00c1lvaro P\u00e9rez Miranda a beneficio de Fe y Alegr\u00eda<\/a><\/h3><div class=\"mpc-post__description mpc-typography--preset_4\"><div style=\"height: 265px\">P\u00e9rez Miranda reafirma su compromiso con la educaci\u00f3n popular venezolana logrando ser ese puente que conecta lo invisible con lo posible. <\/div><\/div><\/div><\/div><\/div><\/div><div class=\"mpc-post__content mpc-transition\"><div class=\"mpc-wrapper\"><span class=\"mpc-post__date mpc-date__wrapper\"><a href=\"https:\/\/www.feyalegria.org\/venezuela\/2026\/04\/13\/\"><div class=\"mpc-date__days\">13<\/div><div class=\"mpc-date__month\">Abr<\/div><\/a><\/span><\/div><h3 class=\"mpc-post__heading mpc-transition mpc-typography--preset_1\"><a href=\"https:\/\/www.feyalegria.org\/venezuela\/mi-camino-a-venezuela-el-nuevo-libro-de-alvaro-perez-miranda-a-beneficio-de-fe-y-alegria\/\" title=\"\u201cMi camino a Venezuela\u201d: El nuevo libro de \u00c1lvaro P\u00e9rez Miranda a beneficio de Fe y Alegr\u00eda\">\u201cMi camino a Venezuela\u201d: El nuevo libro de \u00c1lvaro P\u00e9rez Miranda a beneficio de Fe y Alegr\u00eda<\/a><\/h3><\/div><\/div><\/div><div onclick=\"\" class=\"mpc-post\"><div class=\"mpc-post__wrapper\"><div class=\"mpc-post__thumbnail\" data-mpc_src=\"https:\/\/d3pugrm67vf9n7.cloudfront.net\/wp-content\/uploads\/sites\/4\/2026\/04\/13192315\/kurio_1-1024x768.jpg\" data-mpc_link=\"https:\/\/www.feyalegria.org\/venezuela\/orgullo-nacional-el-exito-de-nuestros-estudiantes-recorre-el-mundo\/\"><div class=\"mpc-post__overlay mpc-transition\"><div class=\"mpc-post__content mpc-transition\"><span class=\"mpc-post__date mpc-date__wrapper\"><a href=\"https:\/\/www.feyalegria.org\/venezuela\/2026\/04\/13\/\"><div class=\"mpc-date__days\">13<\/div><div class=\"mpc-date__month\">Abr<\/div><\/a><\/span><div class=\"mpc-wrapper\"><h3 class=\"mpc-post__heading mpc-transition mpc-typography--preset_1\"><a href=\"https:\/\/www.feyalegria.org\/venezuela\/orgullo-nacional-el-exito-de-nuestros-estudiantes-recorre-el-mundo\/\" title=\"Orgullo nacional: el \u00e9xito de nuestros estudiantes recorre el mundo\">Orgullo nacional: el \u00e9xito de nuestros estudiantes recorre el mundo<\/a><\/h3><div class=\"mpc-post__description mpc-typography--preset_4\"><div style=\"height: 265px\">Estudiantes de Fe y Alegr\u00eda brillan en diversas competencias a nivel nacional e internacional logrando impactar en \u00e1reas de aprendizaje clave. <\/div><\/div><\/div><\/div><\/div><\/div><div class=\"mpc-post__content mpc-transition\"><div class=\"mpc-wrapper\"><span class=\"mpc-post__date mpc-date__wrapper\"><a href=\"https:\/\/www.feyalegria.org\/venezuela\/2026\/04\/13\/\"><div class=\"mpc-date__days\">13<\/div><div class=\"mpc-date__month\">Abr<\/div><\/a><\/span><\/div><h3 class=\"mpc-post__heading mpc-transition mpc-typography--preset_1\"><a href=\"https:\/\/www.feyalegria.org\/venezuela\/orgullo-nacional-el-exito-de-nuestros-estudiantes-recorre-el-mundo\/\" title=\"Orgullo nacional: el \u00e9xito de nuestros estudiantes recorre el mundo\">Orgullo nacional: el \u00e9xito de nuestros estudiantes recorre el mundo<\/a><\/h3><\/div><\/div><\/div><div onclick=\"\" class=\"mpc-post\"><div class=\"mpc-post__wrapper\"><div class=\"mpc-post__thumbnail\" data-mpc_src=\"https:\/\/d3pugrm67vf9n7.cloudfront.net\/wp-content\/uploads\/sites\/4\/2026\/01\/29190032\/WhatsApp-Image-2025-01-31-at-8.19.53-AM.jpeg\" data-mpc_link=\"https:\/\/www.feyalegria.org\/venezuela\/hagamos-las-paces-dia-escolar-de-la-no-violencia\/\"><div class=\"mpc-post__overlay mpc-transition\"><div class=\"mpc-post__content mpc-transition\"><span class=\"mpc-post__date mpc-date__wrapper\"><a href=\"https:\/\/www.feyalegria.org\/venezuela\/2026\/01\/30\/\"><div class=\"mpc-date__days\">30<\/div><div class=\"mpc-date__month\">Ene<\/div><\/a><\/span><div class=\"mpc-wrapper\"><h3 class=\"mpc-post__heading mpc-transition mpc-typography--preset_1\"><a href=\"https:\/\/www.feyalegria.org\/venezuela\/hagamos-las-paces-dia-escolar-de-la-no-violencia\/\" title=\"Hagamos las paces D\u00eda escolar de la no violencia\">Hagamos las paces D\u00eda escolar de la no violencia<\/a><\/h3><div class=\"mpc-post__description mpc-typography--preset_4\"><div style=\"height: 265px\">Con motivo de este d\u00eda mundial, revisar si estamos ense\u00f1ando en las escuelas la no-violencia como modo de proceder.<\/div><\/div><\/div><\/div><\/div><\/div><div class=\"mpc-post__content mpc-transition\"><div class=\"mpc-wrapper\"><span class=\"mpc-post__date mpc-date__wrapper\"><a href=\"https:\/\/www.feyalegria.org\/venezuela\/2026\/01\/30\/\"><div class=\"mpc-date__days\">30<\/div><div class=\"mpc-date__month\">Ene<\/div><\/a><\/span><\/div><h3 class=\"mpc-post__heading mpc-transition mpc-typography--preset_1\"><a href=\"https:\/\/www.feyalegria.org\/venezuela\/hagamos-las-paces-dia-escolar-de-la-no-violencia\/\" title=\"Hagamos las paces D\u00eda escolar de la no violencia\">Hagamos las paces D\u00eda escolar de la no violencia<\/a><\/h3><\/div><\/div><\/div><div onclick=\"\" class=\"mpc-post\"><div class=\"mpc-post__wrapper\"><div class=\"mpc-post__thumbnail\" data-mpc_src=\"https:\/\/d3pugrm67vf9n7.cloudfront.net\/wp-content\/uploads\/sites\/4\/2025\/11\/28024737\/Fernando-Contreras-1024x768.jpg\" data-mpc_link=\"https:\/\/www.feyalegria.org\/venezuela\/25-escuelas-pilotos-de-fe-y-alegria-remodelan-espacios-para-el-desarrollo-del-aprendizaje-de-los-estudiantes-de-preescolar\/\"><div class=\"mpc-post__overlay mpc-transition\"><div class=\"mpc-post__content mpc-transition\"><span class=\"mpc-post__date mpc-date__wrapper\"><a href=\"https:\/\/www.feyalegria.org\/venezuela\/2025\/11\/28\/\"><div class=\"mpc-date__days\">28<\/div><div class=\"mpc-date__month\">Nov<\/div><\/a><\/span><div class=\"mpc-wrapper\"><h3 class=\"mpc-post__heading mpc-transition mpc-typography--preset_1\"><a href=\"https:\/\/www.feyalegria.org\/venezuela\/25-escuelas-pilotos-de-fe-y-alegria-remodelan-espacios-para-el-desarrollo-del-aprendizaje-de-los-estudiantes-de-preescolar\/\" title=\"25 Escuelas pilotos de Fe y Alegr\u00eda remodelan espacios para el desarrollo del aprendizaje de los estudiantes de preescolar\">25 Escuelas pilotos de Fe y Alegr\u00eda remodelan espacios para el desarrollo del aprendizaje de los estudiantes de preescolar<\/a><\/h3><div class=\"mpc-post__description mpc-typography--preset_4\"><div style=\"height: 265px\">25 escuelas se sumaron al proyecto 3.3, donde involucra al equipo de Docentes y Directores con el fin de inaugurar espacios creativos que potencien el aprendizaje de los estudiantes de preescolar. \r\n<\/div><\/div><\/div><\/div><\/div><\/div><div class=\"mpc-post__content mpc-transition\"><div class=\"mpc-wrapper\"><span class=\"mpc-post__date mpc-date__wrapper\"><a href=\"https:\/\/www.feyalegria.org\/venezuela\/2025\/11\/28\/\"><div class=\"mpc-date__days\">28<\/div><div class=\"mpc-date__month\">Nov<\/div><\/a><\/span><\/div><h3 class=\"mpc-post__heading mpc-transition mpc-typography--preset_1\"><a href=\"https:\/\/www.feyalegria.org\/venezuela\/25-escuelas-pilotos-de-fe-y-alegria-remodelan-espacios-para-el-desarrollo-del-aprendizaje-de-los-estudiantes-de-preescolar\/\" title=\"25 Escuelas pilotos de Fe y Alegr\u00eda remodelan espacios para el desarrollo del aprendizaje de los estudiantes de preescolar\">25 Escuelas pilotos de Fe y Alegr\u00eda remodelan espacios para el desarrollo del aprendizaje de los estudiantes de preescolar<\/a><\/h3><\/div><\/div><\/div><div onclick=\"\" class=\"mpc-post\"><div class=\"mpc-post__wrapper\"><div class=\"mpc-post__thumbnail\" data-mpc_src=\"https:\/\/d3pugrm67vf9n7.cloudfront.net\/wp-content\/uploads\/sites\/4\/2025\/11\/28015935\/4-1-1024x768.jpg\" data-mpc_link=\"https:\/\/www.feyalegria.org\/venezuela\/e-t-i-san-jose-obrero-y-movistar-inauguran-sala-digital-para-fortalecer-competencias-digitales\/\"><div class=\"mpc-post__overlay mpc-transition\"><div class=\"mpc-post__content mpc-transition\"><span class=\"mpc-post__date mpc-date__wrapper\"><a href=\"https:\/\/www.feyalegria.org\/venezuela\/2025\/11\/28\/\"><div class=\"mpc-date__days\">28<\/div><div class=\"mpc-date__month\">Nov<\/div><\/a><\/span><div class=\"mpc-wrapper\"><h3 class=\"mpc-post__heading mpc-transition mpc-typography--preset_1\"><a href=\"https:\/\/www.feyalegria.org\/venezuela\/e-t-i-san-jose-obrero-y-movistar-inauguran-sala-digital-para-fortalecer-competencias-digitales\/\" title=\"E.T.I. San Jos\u00e9 Obrero y Movistar inauguran Sala Digital para fortalecer competencias digitales\">E.T.I. San Jos\u00e9 Obrero y Movistar inauguran Sala Digital para fortalecer competencias digitales<\/a><\/h3><div class=\"mpc-post__description mpc-typography--preset_4\"><div style=\"height: 265px\">Con el apoyo de la Fundaci\u00f3n Telef\u00f3nica Movistar, Fe y Alegr\u00eda contin\u00faa avanzando en la transformaci\u00f3n de su modelo educativo al inaugurar un innovador \u00abEspacio Creador\u00bb \r\n<\/div><\/div><\/div><\/div><\/div><\/div><div class=\"mpc-post__content mpc-transition\"><div class=\"mpc-wrapper\"><span class=\"mpc-post__date mpc-date__wrapper\"><a href=\"https:\/\/www.feyalegria.org\/venezuela\/2025\/11\/28\/\"><div class=\"mpc-date__days\">28<\/div><div class=\"mpc-date__month\">Nov<\/div><\/a><\/span><\/div><h3 class=\"mpc-post__heading mpc-transition mpc-typography--preset_1\"><a href=\"https:\/\/www.feyalegria.org\/venezuela\/e-t-i-san-jose-obrero-y-movistar-inauguran-sala-digital-para-fortalecer-competencias-digitales\/\" title=\"E.T.I. San Jos\u00e9 Obrero y Movistar inauguran Sala Digital para fortalecer competencias digitales\">E.T.I. San Jos\u00e9 Obrero y Movistar inauguran Sala Digital para fortalecer competencias digitales<\/a><\/h3><\/div><\/div><\/div><div onclick=\"\" class=\"mpc-post\"><div class=\"mpc-post__wrapper\"><div class=\"mpc-post__thumbnail\" data-mpc_src=\"https:\/\/d3pugrm67vf9n7.cloudfront.net\/wp-content\/uploads\/sites\/4\/2025\/11\/28012140\/CERT-VERT-ESP-1.2024.png\" data-mpc_link=\"https:\/\/www.feyalegria.org\/venezuela\/fe-y-alegria-venezuela-un-ano-de-compromiso-certificado-con-la-proteccion-de-ninos-ninas-y-adolescentes\/\"><div class=\"mpc-post__overlay mpc-transition\"><div class=\"mpc-post__content mpc-transition\"><span class=\"mpc-post__date mpc-date__wrapper\"><a href=\"https:\/\/www.feyalegria.org\/venezuela\/2025\/11\/28\/\"><div class=\"mpc-date__days\">28<\/div><div class=\"mpc-date__month\">Nov<\/div><\/a><\/span><div class=\"mpc-wrapper\"><h3 class=\"mpc-post__heading mpc-transition mpc-typography--preset_1\"><a href=\"https:\/\/www.feyalegria.org\/venezuela\/fe-y-alegria-venezuela-un-ano-de-compromiso-certificado-con-la-proteccion-de-ninos-ninas-y-adolescentes\/\" title=\"Fe y Alegr\u00eda Venezuela: un a\u00f1o de compromiso certificado con la protecci\u00f3n de ni\u00f1os, ni\u00f1as y adolescentes\">Fe y Alegr\u00eda Venezuela: un a\u00f1o de compromiso certificado con la protecci\u00f3n de ni\u00f1os, ni\u00f1as y adolescentes<\/a><\/h3><div class=\"mpc-post__description mpc-typography--preset_4\"><div style=\"height: 265px\">se cumple exactamente un a\u00f1o desde que Fe y Alegr\u00eda Venezuela fue reconocida y certificada en Nivel 1 por Keeping Children Safe (KCS). Este logro significativo avala a nuestra organizaci\u00f3n educativa como una instituci\u00f3n que ha alcanzado rigurosos est\u00e1ndares de protecci\u00f3n para Ni\u00f1os, Ni\u00f1as y Adolescentes (NNA).\r\n<\/div><\/div><\/div><\/div><\/div><\/div><div class=\"mpc-post__content mpc-transition\"><div class=\"mpc-wrapper\"><span class=\"mpc-post__date mpc-date__wrapper\"><a href=\"https:\/\/www.feyalegria.org\/venezuela\/2025\/11\/28\/\"><div class=\"mpc-date__days\">28<\/div><div class=\"mpc-date__month\">Nov<\/div><\/a><\/span><\/div><h3 class=\"mpc-post__heading mpc-transition mpc-typography--preset_1\"><a href=\"https:\/\/www.feyalegria.org\/venezuela\/fe-y-alegria-venezuela-un-ano-de-compromiso-certificado-con-la-proteccion-de-ninos-ninas-y-adolescentes\/\" title=\"Fe y Alegr\u00eda Venezuela: un a\u00f1o de compromiso certificado con la protecci\u00f3n de ni\u00f1os, ni\u00f1as y adolescentes\">Fe y Alegr\u00eda Venezuela: un a\u00f1o de compromiso certificado con la protecci\u00f3n de ni\u00f1os, ni\u00f1as y adolescentes<\/a><\/h3><\/div><\/div><\/div><div onclick=\"\" class=\"mpc-post\"><div class=\"mpc-post__wrapper\"><div class=\"mpc-post__thumbnail\" data-mpc_src=\"https:\/\/d3pugrm67vf9n7.cloudfront.net\/wp-content\/uploads\/sites\/4\/2025\/11\/27204911\/1-1024x768.jpg\" data-mpc_link=\"https:\/\/www.feyalegria.org\/venezuela\/mas-de-mil-empresas-reciben-a-estudiantes-de-fe-y-alegria-para-iniciar-practicas-profesionales\/\"><div class=\"mpc-post__overlay mpc-transition\"><div class=\"mpc-post__content mpc-transition\"><span class=\"mpc-post__date mpc-date__wrapper\"><a href=\"https:\/\/www.feyalegria.org\/venezuela\/2025\/11\/27\/\"><div class=\"mpc-date__days\">27<\/div><div class=\"mpc-date__month\">Nov<\/div><\/a><\/span><div class=\"mpc-wrapper\"><h3 class=\"mpc-post__heading mpc-transition mpc-typography--preset_1\"><a href=\"https:\/\/www.feyalegria.org\/venezuela\/mas-de-mil-empresas-reciben-a-estudiantes-de-fe-y-alegria-para-iniciar-practicas-profesionales\/\" title=\"M\u00e1s de mil empresas reciben a estudiantes de Fe y Alegr\u00eda para iniciar pr\u00e1cticas profesionales\">M\u00e1s de mil empresas reciben a estudiantes de Fe y Alegr\u00eda para iniciar pr\u00e1cticas profesionales<\/a><\/h3><div class=\"mpc-post__description mpc-typography--preset_4\"><div style=\"height: 265px\">Un total de 4.108 estudiantes de sexto a\u00f1o fueron incorporados a sus pr\u00e1cticas profesionales como parte del \u00e1rea de aprendizaje \"Pr\u00e1ctica Vocacional y Profesional\". <\/div><\/div><\/div><\/div><\/div><\/div><div class=\"mpc-post__content mpc-transition\"><div class=\"mpc-wrapper\"><span class=\"mpc-post__date mpc-date__wrapper\"><a href=\"https:\/\/www.feyalegria.org\/venezuela\/2025\/11\/27\/\"><div class=\"mpc-date__days\">27<\/div><div class=\"mpc-date__month\">Nov<\/div><\/a><\/span><\/div><h3 class=\"mpc-post__heading mpc-transition mpc-typography--preset_1\"><a href=\"https:\/\/www.feyalegria.org\/venezuela\/mas-de-mil-empresas-reciben-a-estudiantes-de-fe-y-alegria-para-iniciar-practicas-profesionales\/\" title=\"M\u00e1s de mil empresas reciben a estudiantes de Fe y Alegr\u00eda para iniciar pr\u00e1cticas profesionales\">M\u00e1s de mil empresas reciben a estudiantes de Fe y Alegr\u00eda para iniciar pr\u00e1cticas profesionales<\/a><\/h3><\/div><\/div><\/div><div onclick=\"\" class=\"mpc-post\"><div class=\"mpc-post__wrapper\"><div class=\"mpc-post__thumbnail\" data-mpc_src=\"https:\/\/d3pugrm67vf9n7.cloudfront.net\/wp-content\/uploads\/sites\/4\/2025\/11\/27212313\/Fernando-Contreras-11-1024x768.png\" data-mpc_link=\"https:\/\/www.feyalegria.org\/venezuela\/fe-y-alegria-convoca-a-un-foro-pedagogico-nacional-sobre-retos-educativos-con-proyeccion-al-futuro\/\"><div class=\"mpc-post__overlay mpc-transition\"><div class=\"mpc-post__content mpc-transition\"><span class=\"mpc-post__date mpc-date__wrapper\"><a href=\"https:\/\/www.feyalegria.org\/venezuela\/2025\/11\/27\/\"><div class=\"mpc-date__days\">27<\/div><div class=\"mpc-date__month\">Nov<\/div><\/a><\/span><div class=\"mpc-wrapper\"><h3 class=\"mpc-post__heading mpc-transition mpc-typography--preset_1\"><a href=\"https:\/\/www.feyalegria.org\/venezuela\/fe-y-alegria-convoca-a-un-foro-pedagogico-nacional-sobre-retos-educativos-con-proyeccion-al-futuro\/\" title=\"Fe y Alegr\u00eda convoca a un Foro Pedag\u00f3gico Nacional sobre retos educativos con proyecci\u00f3n al futuro\">Fe y Alegr\u00eda convoca a un Foro Pedag\u00f3gico Nacional sobre retos educativos con proyecci\u00f3n al futuro<\/a><\/h3><div class=\"mpc-post__description mpc-typography--preset_4\"><div style=\"height: 265px\">Fe y Alegr\u00eda convoca a un Foro Pedag\u00f3gico Nacional sobre retos educativos con proyecci\u00f3n al futuro \r\n<\/div><\/div><\/div><\/div><\/div><\/div><div class=\"mpc-post__content mpc-transition\"><div class=\"mpc-wrapper\"><span class=\"mpc-post__date mpc-date__wrapper\"><a href=\"https:\/\/www.feyalegria.org\/venezuela\/2025\/11\/27\/\"><div class=\"mpc-date__days\">27<\/div><div class=\"mpc-date__month\">Nov<\/div><\/a><\/span><\/div><h3 class=\"mpc-post__heading mpc-transition mpc-typography--preset_1\"><a href=\"https:\/\/www.feyalegria.org\/venezuela\/fe-y-alegria-convoca-a-un-foro-pedagogico-nacional-sobre-retos-educativos-con-proyeccion-al-futuro\/\" title=\"Fe y Alegr\u00eda convoca a un Foro Pedag\u00f3gico Nacional sobre retos educativos con proyecci\u00f3n al futuro\">Fe y Alegr\u00eda convoca a un Foro Pedag\u00f3gico Nacional sobre retos educativos con proyecci\u00f3n al futuro<\/a><\/h3><\/div><\/div><\/div><div onclick=\"\" class=\"mpc-post\"><div class=\"mpc-post__wrapper\"><div class=\"mpc-post__thumbnail\" data-mpc_src=\"https:\/\/d3pugrm67vf9n7.cloudfront.net\/wp-content\/uploads\/sites\/4\/2025\/11\/28153636\/WhatsApp-Image-2025-11-21-at-4.25.07-PM-1024x576.jpeg\" data-mpc_link=\"https:\/\/www.feyalegria.org\/venezuela\/alianza-con-alsi-foundation-beneficia-a-la-escuela-monsenor-oscar-arnulfo-romero-con-salas-telematicas\/\"><div class=\"mpc-post__overlay mpc-transition\"><div class=\"mpc-post__content mpc-transition\"><span class=\"mpc-post__date mpc-date__wrapper\"><a href=\"https:\/\/www.feyalegria.org\/venezuela\/2025\/11\/27\/\"><div class=\"mpc-date__days\">27<\/div><div class=\"mpc-date__month\">Nov<\/div><\/a><\/span><div class=\"mpc-wrapper\"><h3 class=\"mpc-post__heading mpc-transition mpc-typography--preset_1\"><a href=\"https:\/\/www.feyalegria.org\/venezuela\/alianza-con-alsi-foundation-beneficia-a-la-escuela-monsenor-oscar-arnulfo-romero-con-salas-telematicas\/\" title=\"Alianza con ALSI Foundation beneficia a la Escuela Monse\u00f1or \u00d3scar Arnulfo Romero con salas telem\u00e1ticas\">Alianza con ALSI Foundation beneficia a la Escuela Monse\u00f1or \u00d3scar Arnulfo Romero con salas telem\u00e1ticas<\/a><\/h3><div class=\"mpc-post__description mpc-typography--preset_4\"><div style=\"height: 265px\">se inaugur\u00f3 la Sala Telem\u00e1tica Mar\u00eda Teresa Finol de Urdaneta en la Unidad Educativa Fe y Alegr\u00eda Monse\u00f1or \u00d3scar Arnulfo Romero, ubicada en el municipio Valmore Rodr\u00edguez, estado Zulia. <\/div><\/div><\/div><\/div><\/div><\/div><div class=\"mpc-post__content mpc-transition\"><div class=\"mpc-wrapper\"><span class=\"mpc-post__date mpc-date__wrapper\"><a href=\"https:\/\/www.feyalegria.org\/venezuela\/2025\/11\/27\/\"><div class=\"mpc-date__days\">27<\/div><div class=\"mpc-date__month\">Nov<\/div><\/a><\/span><\/div><h3 class=\"mpc-post__heading mpc-transition mpc-typography--preset_1\"><a href=\"https:\/\/www.feyalegria.org\/venezuela\/alianza-con-alsi-foundation-beneficia-a-la-escuela-monsenor-oscar-arnulfo-romero-con-salas-telematicas\/\" title=\"Alianza con ALSI Foundation beneficia a la Escuela Monse\u00f1or \u00d3scar Arnulfo Romero con salas telem\u00e1ticas\">Alianza con ALSI Foundation beneficia a la Escuela Monse\u00f1or \u00d3scar Arnulfo Romero con salas telem\u00e1ticas<\/a><\/h3><\/div><\/div><\/div><div onclick=\"\" class=\"mpc-post\"><div class=\"mpc-post__wrapper\"><div class=\"mpc-post__thumbnail\" data-mpc_src=\"https:\/\/d3pugrm67vf9n7.cloudfront.net\/wp-content\/uploads\/sites\/4\/2025\/11\/27142317\/photo_4927148025294031701_y-1024x576.jpg\" data-mpc_link=\"https:\/\/www.feyalegria.org\/venezuela\/estudiantes-de-fe-y-alegria-iniciaran-pasantias-agricolas-con-purolomo\/\"><div class=\"mpc-post__overlay mpc-transition\"><div class=\"mpc-post__content mpc-transition\"><span class=\"mpc-post__date mpc-date__wrapper\"><a href=\"https:\/\/www.feyalegria.org\/venezuela\/2025\/11\/27\/\"><div class=\"mpc-date__days\">27<\/div><div class=\"mpc-date__month\">Nov<\/div><\/a><\/span><div class=\"mpc-wrapper\"><h3 class=\"mpc-post__heading mpc-transition mpc-typography--preset_1\"><a href=\"https:\/\/www.feyalegria.org\/venezuela\/estudiantes-de-fe-y-alegria-iniciaran-pasantias-agricolas-con-purolomo\/\" title=\"Estudiantes de Fe y Alegr\u00eda iniciar\u00e1n pasant\u00edas agr\u00edcolas con Purolomo\">Estudiantes de Fe y Alegr\u00eda iniciar\u00e1n pasant\u00edas agr\u00edcolas con Purolomo<\/a><\/h3><div class=\"mpc-post__description mpc-typography--preset_4\"><div style=\"height: 265px\">Purolomo, una empresa con sello venezolano y 60 a\u00f1os de trayectoria comprometida con la agroindustria, forj\u00f3 una alianza con el programa Fe y Alegr\u00eda Escuelas con el fin de potenciar las habilidades de los j\u00f3venes de 6.\u00ba a\u00f1o.\r\n<\/div><\/div><\/div><\/div><\/div><\/div><div class=\"mpc-post__content mpc-transition\"><div class=\"mpc-wrapper\"><span class=\"mpc-post__date mpc-date__wrapper\"><a href=\"https:\/\/www.feyalegria.org\/venezuela\/2025\/11\/27\/\"><div class=\"mpc-date__days\">27<\/div><div class=\"mpc-date__month\">Nov<\/div><\/a><\/span><\/div><h3 class=\"mpc-post__heading mpc-transition mpc-typography--preset_1\"><a href=\"https:\/\/www.feyalegria.org\/venezuela\/estudiantes-de-fe-y-alegria-iniciaran-pasantias-agricolas-con-purolomo\/\" title=\"Estudiantes de Fe y Alegr\u00eda iniciar\u00e1n pasant\u00edas agr\u00edcolas con Purolomo\">Estudiantes de Fe y Alegr\u00eda iniciar\u00e1n pasant\u00edas agr\u00edcolas con Purolomo<\/a><\/h3><\/div><\/div><\/div><div onclick=\"\" class=\"mpc-post\"><div class=\"mpc-post__wrapper\"><div class=\"mpc-post__thumbnail\" data-mpc_src=\"https:\/\/d3pugrm67vf9n7.cloudfront.net\/wp-content\/uploads\/sites\/4\/2025\/11\/12195746\/ormieres-2.png\" data-mpc_link=\"https:\/\/www.feyalegria.org\/venezuela\/manos-a-la-tierra-estudiantes-embellecen-su-colegio-y-fomentan-la-conciencia-ambiental\/\"><div class=\"mpc-post__overlay mpc-transition\"><div class=\"mpc-post__content mpc-transition\"><span class=\"mpc-post__date mpc-date__wrapper\"><a href=\"https:\/\/www.feyalegria.org\/venezuela\/2025\/11\/13\/\"><div class=\"mpc-date__days\">13<\/div><div class=\"mpc-date__month\">Nov<\/div><\/a><\/span><div class=\"mpc-wrapper\"><h3 class=\"mpc-post__heading mpc-transition mpc-typography--preset_1\"><a href=\"https:\/\/www.feyalegria.org\/venezuela\/manos-a-la-tierra-estudiantes-embellecen-su-colegio-y-fomentan-la-conciencia-ambiental\/\" title=\"Manos a la tierra: estudiantes embellecen su colegio y fomentan la conciencia ambiental\">Manos a la tierra: estudiantes embellecen su colegio y fomentan la conciencia ambiental<\/a><\/h3><div class=\"mpc-post__description mpc-typography--preset_4\"><div style=\"height: 265px\">El cuidado de la casa com\u00fan es un ejemplo de vida para las nuevas generaciones, en Fe y Alegr\u00eda formamos l\u00edderes ecol\u00f3gico que inspiran.<\/div><\/div><\/div><\/div><\/div><\/div><div class=\"mpc-post__content mpc-transition\"><div class=\"mpc-wrapper\"><span class=\"mpc-post__date mpc-date__wrapper\"><a href=\"https:\/\/www.feyalegria.org\/venezuela\/2025\/11\/13\/\"><div class=\"mpc-date__days\">13<\/div><div class=\"mpc-date__month\">Nov<\/div><\/a><\/span><\/div><h3 class=\"mpc-post__heading mpc-transition mpc-typography--preset_1\"><a href=\"https:\/\/www.feyalegria.org\/venezuela\/manos-a-la-tierra-estudiantes-embellecen-su-colegio-y-fomentan-la-conciencia-ambiental\/\" title=\"Manos a la tierra: estudiantes embellecen su colegio y fomentan la conciencia ambiental\">Manos a la tierra: estudiantes embellecen su colegio y fomentan la conciencia ambiental<\/a><\/h3><\/div><\/div><\/div><div onclick=\"\" class=\"mpc-post\"><div class=\"mpc-post__wrapper\"><div class=\"mpc-post__thumbnail\" data-mpc_src=\"https:\/\/d3pugrm67vf9n7.cloudfront.net\/wp-content\/uploads\/sites\/4\/2025\/11\/13140835\/23_6-1024x768.jpg\" data-mpc_link=\"https:\/\/www.feyalegria.org\/venezuela\/uniendo-corazones-el-proyecto-de-fe-y-alegria-que-transforma-una-tonelada-de-plastico-en-esperanza-comunitaria\/\"><div class=\"mpc-post__overlay mpc-transition\"><div class=\"mpc-post__content mpc-transition\"><span class=\"mpc-post__date mpc-date__wrapper\"><a href=\"https:\/\/www.feyalegria.org\/venezuela\/2025\/11\/13\/\"><div class=\"mpc-date__days\">13<\/div><div class=\"mpc-date__month\">Nov<\/div><\/a><\/span><div class=\"mpc-wrapper\"><h3 class=\"mpc-post__heading mpc-transition mpc-typography--preset_1\"><a href=\"https:\/\/www.feyalegria.org\/venezuela\/uniendo-corazones-el-proyecto-de-fe-y-alegria-que-transforma-una-tonelada-de-plastico-en-esperanza-comunitaria\/\" title=\"Uniendo Corazones: el proyecto de Fe y Alegr\u00eda que transforma una tonelada de pl\u00e1stico en esperanza comunitaria\">Uniendo Corazones: el proyecto de Fe y Alegr\u00eda que transforma una tonelada de pl\u00e1stico en esperanza comunitaria<\/a><\/h3><div class=\"mpc-post__description mpc-typography--preset_4\"><div style=\"height: 265px\">J\u00f3venes de Fe y Alegr\u00eda Luis Ca\u00f1izales Verdes realizan proyectos ecol\u00f3gico que beneficia al sector del 23 de Enero<\/div><\/div><\/div><\/div><\/div><\/div><div class=\"mpc-post__content mpc-transition\"><div class=\"mpc-wrapper\"><span class=\"mpc-post__date mpc-date__wrapper\"><a href=\"https:\/\/www.feyalegria.org\/venezuela\/2025\/11\/13\/\"><div class=\"mpc-date__days\">13<\/div><div class=\"mpc-date__month\">Nov<\/div><\/a><\/span><\/div><h3 class=\"mpc-post__heading mpc-transition mpc-typography--preset_1\"><a href=\"https:\/\/www.feyalegria.org\/venezuela\/uniendo-corazones-el-proyecto-de-fe-y-alegria-que-transforma-una-tonelada-de-plastico-en-esperanza-comunitaria\/\" title=\"Uniendo Corazones: el proyecto de Fe y Alegr\u00eda que transforma una tonelada de pl\u00e1stico en esperanza comunitaria\">Uniendo Corazones: el proyecto de Fe y Alegr\u00eda que transforma una tonelada de pl\u00e1stico en esperanza comunitaria<\/a><\/h3><\/div><\/div><\/div><div onclick=\"\" class=\"mpc-post\"><div class=\"mpc-post__wrapper\"><div class=\"mpc-post__thumbnail\" data-mpc_src=\"https:\/\/d3pugrm67vf9n7.cloudfront.net\/wp-content\/uploads\/sites\/4\/2025\/10\/28131650\/2-La-religiosa-que-enfrento-las-balas-con-sabiduria.jpg\" data-mpc_link=\"https:\/\/www.feyalegria.org\/venezuela\/la-religiosa-que-enfrento-las-balas-con-sabiduria\/\"><div class=\"mpc-post__overlay mpc-transition\"><div class=\"mpc-post__content mpc-transition\"><span class=\"mpc-post__date mpc-date__wrapper\"><a href=\"https:\/\/www.feyalegria.org\/venezuela\/2025\/10\/28\/\"><div class=\"mpc-date__days\">28<\/div><div class=\"mpc-date__month\">Oct<\/div><\/a><\/span><div class=\"mpc-wrapper\"><h3 class=\"mpc-post__heading mpc-transition mpc-typography--preset_1\"><a href=\"https:\/\/www.feyalegria.org\/venezuela\/la-religiosa-que-enfrento-las-balas-con-sabiduria\/\" title=\"La religiosa que enfrent\u00f3 las balas con sabidur\u00eda\">La religiosa que enfrent\u00f3 las balas con sabidur\u00eda<\/a><\/h3><div class=\"mpc-post__description mpc-typography--preset_4\"><div style=\"height: 265px\">M\u00e1s de 60 participantes se reunieron en Santa Elena de Uair\u00e9n para vivir una experiencia formativa integral.<\/div><\/div><\/div><\/div><\/div><\/div><div class=\"mpc-post__content mpc-transition\"><div class=\"mpc-wrapper\"><span class=\"mpc-post__date mpc-date__wrapper\"><a href=\"https:\/\/www.feyalegria.org\/venezuela\/2025\/10\/28\/\"><div class=\"mpc-date__days\">28<\/div><div class=\"mpc-date__month\">Oct<\/div><\/a><\/span><\/div><h3 class=\"mpc-post__heading mpc-transition mpc-typography--preset_1\"><a href=\"https:\/\/www.feyalegria.org\/venezuela\/la-religiosa-que-enfrento-las-balas-con-sabiduria\/\" title=\"La religiosa que enfrent\u00f3 las balas con sabidur\u00eda\">La religiosa que enfrent\u00f3 las balas con sabidur\u00eda<\/a><\/h3><\/div><\/div><\/div><div onclick=\"\" class=\"mpc-post\"><div class=\"mpc-post__wrapper\"><div class=\"mpc-post__thumbnail\" data-mpc_src=\"https:\/\/d3pugrm67vf9n7.cloudfront.net\/wp-content\/uploads\/sites\/4\/2025\/10\/23164231\/wayuu-1-1024x768.jpg\" data-mpc_link=\"https:\/\/www.feyalegria.org\/venezuela\/estudiantes-de-paraguaipoa-fortalecen-su-arraigo-cultural-wayuu-en-las-aulas-de-fe-y-alegria\/\"><div class=\"mpc-post__overlay mpc-transition\"><div class=\"mpc-post__content mpc-transition\"><span class=\"mpc-post__date mpc-date__wrapper\"><a href=\"https:\/\/www.feyalegria.org\/venezuela\/2025\/10\/23\/\"><div class=\"mpc-date__days\">23<\/div><div class=\"mpc-date__month\">Oct<\/div><\/a><\/span><div class=\"mpc-wrapper\"><h3 class=\"mpc-post__heading mpc-transition mpc-typography--preset_1\"><a href=\"https:\/\/www.feyalegria.org\/venezuela\/estudiantes-de-paraguaipoa-fortalecen-su-arraigo-cultural-wayuu-en-las-aulas-de-fe-y-alegria\/\" title=\"Estudiantes de Paraguaipoa fortalecen su arraigo cultural wayuu en las aulas de Fe y Alegr\u00eda\">Estudiantes de Paraguaipoa fortalecen su arraigo cultural wayuu en las aulas de Fe y Alegr\u00eda<\/a><\/h3><div class=\"mpc-post__description mpc-typography--preset_4\"><div style=\"height: 265px\">Estudiantes de Paraguaipoa fortalecen su arraigo cultural wayuu en las aulas de Fe y Alegr\u00eda<\/div><\/div><\/div><\/div><\/div><\/div><div class=\"mpc-post__content mpc-transition\"><div class=\"mpc-wrapper\"><span class=\"mpc-post__date mpc-date__wrapper\"><a href=\"https:\/\/www.feyalegria.org\/venezuela\/2025\/10\/23\/\"><div class=\"mpc-date__days\">23<\/div><div class=\"mpc-date__month\">Oct<\/div><\/a><\/span><\/div><h3 class=\"mpc-post__heading mpc-transition mpc-typography--preset_1\"><a href=\"https:\/\/www.feyalegria.org\/venezuela\/estudiantes-de-paraguaipoa-fortalecen-su-arraigo-cultural-wayuu-en-las-aulas-de-fe-y-alegria\/\" title=\"Estudiantes de Paraguaipoa fortalecen su arraigo cultural wayuu en las aulas de Fe y Alegr\u00eda\">Estudiantes de Paraguaipoa fortalecen su arraigo cultural wayuu en las aulas de Fe y Alegr\u00eda<\/a><\/h3><\/div><\/div><\/div><\/div><script type=\"text\/javascript\">var _mpc_grid_posts_2269f4a64caf5f2_atts = {\"preset\":\"default\",\"cols\":\"3\",\"gap\":\"20\",\"taxonomies\":\"11\",\"order\":\"DESC\",\"items_number\":\"15\",\"layout\":\"style_6\",\"thumb_height\":\"300\",\"title_overflow\":\"true\",\"title_font_preset\":\"preset_1\",\"title_font_color\":\"#aa0f16\",\"meta_layout\":\"date\",\"meta_font_preset\":\"preset_2\",\"meta_font_align\":\"left\",\"meta_margin_divider\":\"true\",\"date_font_color\":\"#aa0f16\",\"date_font_size\":\"16\",\"date_font_line_height\":\"1.5\",\"date_font_align\":\"left\",\"date_padding_divider\":\"true\",\"date_padding_css\":\"padding-top:40px;padding-right:10px;padding-bottom:10px;padding-left:25px;\",\"date_margin_divider\":\"true\",\"date_margin_css\":\"margin-top:-30px;margin-right:5px;margin-left:-20px;\",\"description_font_preset\":\"preset_4\",\"description_padding_divider\":\"true\",\"description_padding_css\":\"padding-top:10px;\",\"background_color\":\"rgba(228,228,228,0.6)\",\"border_divider\":\"true\",\"border_css\":\"border-top:1px;border-right:1px;border-bottom:1px;border-left:1px;border-color:rgba(228,228,228,0.66);border-style:solid;border-radius:5px;\",\"padding_divider\":\"true\",\"padding_css\":\"padding-top:15px;padding-right:20px;padding-bottom:20px;padding-left:45px;\",\"overlay_effect\":\"slide-right\",\"overlay_color\":\"#ffffff\",\"overlay_title_align\":\"inherit\",\"overlay_date_padding_divider\":\"true\",\"overlay_date_padding_css\":\"padding-top:30px;padding-right:5px;padding-left:10px;\",\"mpc_pagination__preset\":\"preset_0\",\"mpc_pagination__padding_divider\":\"true\",\"mpc_pagination__pag_margin_divider\":\"true\",\"mpc_button__mpc_tooltip__border_divider\":\"true\",\"mpc_button__mpc_tooltip__border_css\":\"border-color:undefined;border-style:undefined;\",\"mpc_button__mpc_tooltip__padding_divider\":\"true\",\"mpc_pagination__mpc_tooltip__border_divider\":\"true\",\"mpc_pagination__mpc_tooltip__border_css\":\"border-color:undefined;border-style:undefined;\",\"mpc_pagination__mpc_tooltip__padding_divider\":\"true\",\"mpc_pagination__mpc_tooltip__padding_unit\":\"\"}, _mpc_grid_posts_2269f4a64caf5f2_query = {\"post_type\":\"post\",\"taxonomies\":\"11\",\"ids\":\"\",\"order\":\"DESC\",\"include_exclude_type\":\"include\",\"orderby\":\"date\",\"items_number\":\"15\",\"target\":\"mpc_grid_posts_2269f4a64caf5f2\",\"callback\":\"MPC_Grid_Posts\"};<\/script><div class=\"mpc-pagination mpc-init mpc-pagination--load-more mpc-pagination-preset--preset_0 mpc-align--center \" data-grid=\"mpc_grid_posts_2269f4a64caf5f2\" data-current=\"1\" data-pages=\"7\" data-type=\"load-more\" data-preset=\"preset_0\"><a class=\"mpc-typography--default mpc-pagination__link mpc-transition\" href=\"#load-more\"><div class=\"mpc-pagination__content mpc-effect-type--stay mpc-effect-side--right\"><span class=\"mpc-pagination__title mpc-transition\">M\u00c1S NOTICIAS<\/span><i class=\"mpc-pagination__icon mpc-transition  mi mi-chevron_right\"><\/i><\/div><div class=\"mpc-pagination__background mpc-transition mpc-effect-type--fade mpc-effect-side--in\"><\/div><\/a><\/div>[\/vc_column][\/vc_row]<\/p>\n<\/div>","protected":false},"excerpt":{"rendered":"<p>[vc_row][vc_column][vc_btn title=\u00bbBoletines\u00bb style=\u00bbcustom\u00bb custom_background=\u00bb#aa0f16&#8243; custom_text=\u00bb#ffffff\u00bb size=\u00bblg\u00bb align=\u00bbright\u00bb css=\u00bb\u00bb link=\u00bburl:https%3A%2F%2Fwww.feyalegria.org%2Fvenezuela%2Fboletin-enconfyanza%2F|target:_blank\u00bb][\/vc_column][\/vc_row][vc_row][vc_column][\/vc_column][\/vc_row]<\/p>\n","protected":false},"author":6,"featured_media":0,"parent":0,"menu_order":0,"comment_status":"closed","ping_status":"closed","template":"","meta":{"_acf_changed":false,"footnotes":""},"folder":[],"class_list":["post-8326","page","type-page","status-publish","hentry"],"acf":[],"yoast_head":"<!-- This site is optimized with the Yoast SEO plugin v27.5 - https:\/\/yoast.com\/product\/yoast-seo-wordpress\/ -->\n<title>Noticias de Fe y Alegr\u00eda Escuelas - Fe y Alegr\u00eda en Venezuela<\/title>\n<meta name=\"robots\" content=\"index, follow, max-snippet:-1, max-image-preview:large, max-video-preview:-1\" \/>\n<link rel=\"canonical\" href=\"https:\/\/www.feyalegria.org\/venezuela\/noticias-de-fe-y-alegria-esculeas\/\" \/>\n<meta property=\"og:locale\" content=\"es_ES\" \/>\n<meta property=\"og:type\" content=\"article\" \/>\n<meta property=\"og:title\" content=\"Noticias de Fe y Alegr\u00eda Escuelas - Fe y Alegr\u00eda en Venezuela\" \/>\n<meta property=\"og:description\" content=\"[vc_row][vc_column][vc_btn title=\u00bbBoletines\u00bb style=\u00bbcustom\u00bb custom_background=\u00bb#aa0f16&#8243; custom_text=\u00bb#ffffff\u00bb size=\u00bblg\u00bb align=\u00bbright\u00bb css=\u00bb\u00bb link=\u00bburl:https%3A%2F%2Fwww.feyalegria.org%2Fvenezuela%2Fboletin-enconfyanza%2F|target:_blank\u00bb][\/vc_column][\/vc_row][vc_row][vc_column][\/vc_column][\/vc_row]\" \/>\n<meta property=\"og:url\" content=\"https:\/\/www.feyalegria.org\/venezuela\/noticias-de-fe-y-alegria-esculeas\/\" \/>\n<meta property=\"og:site_name\" content=\"Fe y Alegr\u00eda en Venezuela\" \/>\n<meta property=\"article:modified_time\" content=\"2024-11-29T19:57:31+00:00\" \/>\n<meta name=\"twitter:card\" content=\"summary_large_image\" \/>\n<meta name=\"twitter:label1\" content=\"Tiempo de lectura\" \/>\n\t<meta name=\"twitter:data1\" content=\"1 minuto\" \/>\n<script type=\"application\/ld+json\" class=\"yoast-schema-graph\">{\"@context\":\"https:\\\/\\\/schema.org\",\"@graph\":[{\"@type\":\"WebPage\",\"@id\":\"https:\\\/\\\/www.feyalegria.org\\\/venezuela\\\/noticias-de-fe-y-alegria-esculeas\\\/\",\"url\":\"https:\\\/\\\/www.feyalegria.org\\\/venezuela\\\/noticias-de-fe-y-alegria-esculeas\\\/\",\"name\":\"Noticias de Fe y Alegr\u00eda Escuelas - Fe y Alegr\u00eda en Venezuela\",\"isPartOf\":{\"@id\":\"https:\\\/\\\/www.feyalegria.org\\\/venezuela\\\/#website\"},\"datePublished\":\"2024-11-29T19:55:58+00:00\",\"dateModified\":\"2024-11-29T19:57:31+00:00\",\"inLanguage\":\"es\",\"potentialAction\":[{\"@type\":\"ReadAction\",\"target\":[\"https:\\\/\\\/www.feyalegria.org\\\/venezuela\\\/noticias-de-fe-y-alegria-esculeas\\\/\"]}]},{\"@type\":\"WebSite\",\"@id\":\"https:\\\/\\\/www.feyalegria.org\\\/venezuela\\\/#website\",\"url\":\"https:\\\/\\\/www.feyalegria.org\\\/venezuela\\\/\",\"name\":\"Fe y Alegr\u00eda en Venezuela\",\"description\":\"\",\"potentialAction\":[{\"@type\":\"SearchAction\",\"target\":{\"@type\":\"EntryPoint\",\"urlTemplate\":\"https:\\\/\\\/www.feyalegria.org\\\/venezuela\\\/?s={search_term_string}\"},\"query-input\":{\"@type\":\"PropertyValueSpecification\",\"valueRequired\":true,\"valueName\":\"search_term_string\"}}],\"inLanguage\":\"es\"}]}<\/script>\n<!-- \/ Yoast SEO plugin. -->","yoast_head_json":{"title":"Noticias de Fe y Alegr\u00eda Escuelas - Fe y Alegr\u00eda en Venezuela","robots":{"index":"index","follow":"follow","max-snippet":"max-snippet:-1","max-image-preview":"max-image-preview:large","max-video-preview":"max-video-preview:-1"},"canonical":"https:\/\/www.feyalegria.org\/venezuela\/noticias-de-fe-y-alegria-esculeas\/","og_locale":"es_ES","og_type":"article","og_title":"Noticias de Fe y Alegr\u00eda Escuelas - Fe y Alegr\u00eda en Venezuela","og_description":"[vc_row][vc_column][vc_btn title=\u00bbBoletines\u00bb style=\u00bbcustom\u00bb custom_background=\u00bb#aa0f16&#8243; custom_text=\u00bb#ffffff\u00bb size=\u00bblg\u00bb align=\u00bbright\u00bb css=\u00bb\u00bb link=\u00bburl:https%3A%2F%2Fwww.feyalegria.org%2Fvenezuela%2Fboletin-enconfyanza%2F|target:_blank\u00bb][\/vc_column][\/vc_row][vc_row][vc_column][\/vc_column][\/vc_row]","og_url":"https:\/\/www.feyalegria.org\/venezuela\/noticias-de-fe-y-alegria-esculeas\/","og_site_name":"Fe y Alegr\u00eda en Venezuela","article_modified_time":"2024-11-29T19:57:31+00:00","twitter_card":"summary_large_image","twitter_misc":{"Tiempo de lectura":"1 minuto"},"schema":{"@context":"https:\/\/schema.org","@graph":[{"@type":"WebPage","@id":"https:\/\/www.feyalegria.org\/venezuela\/noticias-de-fe-y-alegria-esculeas\/","url":"https:\/\/www.feyalegria.org\/venezuela\/noticias-de-fe-y-alegria-esculeas\/","name":"Noticias de Fe y Alegr\u00eda Escuelas - Fe y Alegr\u00eda en Venezuela","isPartOf":{"@id":"https:\/\/www.feyalegria.org\/venezuela\/#website"},"datePublished":"2024-11-29T19:55:58+00:00","dateModified":"2024-11-29T19:57:31+00:00","inLanguage":"es","potentialAction":[{"@type":"ReadAction","target":["https:\/\/www.feyalegria.org\/venezuela\/noticias-de-fe-y-alegria-esculeas\/"]}]},{"@type":"WebSite","@id":"https:\/\/www.feyalegria.org\/venezuela\/#website","url":"https:\/\/www.feyalegria.org\/venezuela\/","name":"Fe y Alegr\u00eda en Venezuela","description":"","potentialAction":[{"@type":"SearchAction","target":{"@type":"EntryPoint","urlTemplate":"https:\/\/www.feyalegria.org\/venezuela\/?s={search_term_string}"},"query-input":{"@type":"PropertyValueSpecification","valueRequired":true,"valueName":"search_term_string"}}],"inLanguage":"es"}]}},"_links":{"self":[{"href":"https:\/\/www.feyalegria.org\/venezuela\/wp-json\/wp\/v2\/pages\/8326","targetHints":{"allow":["GET"]}}],"collection":[{"href":"https:\/\/www.feyalegria.org\/venezuela\/wp-json\/wp\/v2\/pages"}],"about":[{"href":"https:\/\/www.feyalegria.org\/venezuela\/wp-json\/wp\/v2\/types\/page"}],"author":[{"embeddable":true,"href":"https:\/\/www.feyalegria.org\/venezuela\/wp-json\/wp\/v2\/users\/6"}],"replies":[{"embeddable":true,"href":"https:\/\/www.feyalegria.org\/venezuela\/wp-json\/wp\/v2\/comments?post=8326"}],"version-history":[{"count":0,"href":"https:\/\/www.feyalegria.org\/venezuela\/wp-json\/wp\/v2\/pages\/8326\/revisions"}],"wp:attachment":[{"href":"https:\/\/www.feyalegria.org\/venezuela\/wp-json\/wp\/v2\/media?parent=8326"}],"wp:term":[{"taxonomy":"folder","embeddable":true,"href":"https:\/\/www.feyalegria.org\/venezuela\/wp-json\/wp\/v2\/folder?post=8326"}],"curies":[{"name":"wp","href":"https:\/\/api.w.org\/{rel}","templated":true}]}}